{"id":37459,"date":"2026-06-16T18:09:36","date_gmt":"2026-06-16T16:09:36","guid":{"rendered":"https:\/\/spainfilmcommission.com\/?post_type=localizacion&#038;p=37459"},"modified":"2026-06-16T18:09:36","modified_gmt":"2026-06-16T16:09:36","slug":"parque-del-laberint-dhorta","status":"publish","type":"localizacion","link":"https:\/\/spainfilmcommission.com\/en\/ai-locations\/parque-del-laberint-dhorta\/","title":{"rendered":"Parque del Laberint d\u2019Horta"},"content":{"rendered":"","protected":false},"author":2,"template":"","meta":[],"class_list":["post-37459","localizacion","type-localizacion","status-publish","hentry"],"yoast_head":"<!-- This site is optimized with the Yoast SEO plugin v28.3 - https:\/\/yoast.com\/product\/yoast-seo-wordpress\/ -->\n<title>Rodar en Parque del Laberint d\u2019Horta - Spain Film Commission<\/title>\n<meta name=\"description\" content=\"En esta p\u00e1gina encontrar\u00e1s una peque\u00f1a descripci\u00f3n, m\u00e1genes e informaci\u00f3n relevante para que te hagas una idea de c\u00f3mo es rodar en Parque del Laberint d\u2019Horta\" \/>\n<meta name=\"robots\" content=\"index, follow, max-snippet:-1, max-image-preview:large, max-video-preview:-1\" \/>\n<link rel=\"canonical\" href=\"https:\/\/spainfilmcommission.com\/en\/ai-locations\/parque-del-laberint-dhorta\/\" \/>\n<meta property=\"og:locale\" content=\"en_US\" \/>\n<meta property=\"og:type\" content=\"article\" \/>\n<meta property=\"og:title\" content=\"Rodar en Parque del Laberint d\u2019Horta - Spain Film Commission\" \/>\n<meta property=\"og:description\" content=\"En esta p\u00e1gina encontrar\u00e1s una peque\u00f1a descripci\u00f3n, m\u00e1genes e informaci\u00f3n relevante para que te hagas una idea de c\u00f3mo es rodar en Parque del Laberint d\u2019Horta\" \/>\n<meta property=\"og:url\" content=\"https:\/\/spainfilmcommission.com\/en\/ai-locations\/parque-del-laberint-dhorta\/\" \/>\n<meta property=\"og:site_name\" content=\"Spain Film Commission\" \/>\n<meta name=\"twitter:card\" content=\"summary_large_image\" \/>\n<script type=\"application\/ld+json\" class=\"yoast-schema-graph\">{\"@context\":\"https:\\\/\\\/schema.org\",\"@graph\":[{\"@type\":\"WebPage\",\"@id\":\"https:\\\/\\\/spainfilmcommission.com\\\/en\\\/ai-locations\\\/parque-del-laberint-dhorta\\\/\",\"url\":\"https:\\\/\\\/spainfilmcommission.com\\\/en\\\/ai-locations\\\/parque-del-laberint-dhorta\\\/\",\"name\":\"Rodar en Parque del Laberint d\u2019Horta - Spain Film Commission\",\"isPartOf\":{\"@id\":\"https:\\\/\\\/spainfilmcommission.com\\\/en\\\/#website\"},\"datePublished\":\"2026-06-16T16:09:36+00:00\",\"description\":\"En esta p\u00e1gina encontrar\u00e1s una peque\u00f1a descripci\u00f3n, m\u00e1genes e informaci\u00f3n relevante para que te hagas una idea de c\u00f3mo es rodar en Parque del Laberint d\u2019Horta\",\"breadcrumb\":{\"@id\":\"https:\\\/\\\/spainfilmcommission.com\\\/en\\\/ai-locations\\\/parque-del-laberint-dhorta\\\/#breadcrumb\"},\"inLanguage\":\"en-US\",\"potentialAction\":[{\"@type\":\"ReadAction\",\"target\":[\"https:\\\/\\\/spainfilmcommission.com\\\/en\\\/ai-locations\\\/parque-del-laberint-dhorta\\\/\"]}]},{\"@type\":\"BreadcrumbList\",\"@id\":\"https:\\\/\\\/spainfilmcommission.com\\\/en\\\/ai-locations\\\/parque-del-laberint-dhorta\\\/#breadcrumb\",\"itemListElement\":[{\"@type\":\"ListItem\",\"position\":1,\"name\":\"Portada\",\"item\":\"https:\\\/\\\/spainfilmcommission.com\\\/en\\\/\"},{\"@type\":\"ListItem\",\"position\":2,\"name\":\"Parque del Laberint d\u2019Horta\"}]},{\"@type\":\"WebSite\",\"@id\":\"https:\\\/\\\/spainfilmcommission.com\\\/en\\\/#website\",\"url\":\"https:\\\/\\\/spainfilmcommission.com\\\/en\\\/\",\"name\":\"Spain Film Commission\",\"description\":\"\",\"publisher\":{\"@id\":\"https:\\\/\\\/spainfilmcommission.com\\\/en\\\/#organization\"},\"potentialAction\":[{\"@type\":\"SearchAction\",\"target\":{\"@type\":\"EntryPoint\",\"urlTemplate\":\"https:\\\/\\\/spainfilmcommission.com\\\/en\\\/?s={search_term_string}\"},\"query-input\":{\"@type\":\"PropertyValueSpecification\",\"valueRequired\":true,\"valueName\":\"search_term_string\"}}],\"inLanguage\":\"en-US\"},{\"@type\":\"Organization\",\"@id\":\"https:\\\/\\\/spainfilmcommission.com\\\/en\\\/#organization\",\"name\":\"Spain Film Commission\",\"url\":\"https:\\\/\\\/spainfilmcommission.com\\\/en\\\/\",\"logo\":{\"@type\":\"ImageObject\",\"inLanguage\":\"en-US\",\"@id\":\"https:\\\/\\\/spainfilmcommission.com\\\/en\\\/#\\\/schema\\\/logo\\\/image\\\/\",\"url\":\"https:\\\/\\\/spainfilmcommission.com\\\/wp-content\\\/uploads\\\/2024\\\/07\\\/SPC_COLOR.png\",\"contentUrl\":\"https:\\\/\\\/spainfilmcommission.com\\\/wp-content\\\/uploads\\\/2024\\\/07\\\/SPC_COLOR.png\",\"width\":1665,\"height\":1665,\"caption\":\"Spain Film Commission\"},\"image\":{\"@id\":\"https:\\\/\\\/spainfilmcommission.com\\\/en\\\/#\\\/schema\\\/logo\\\/image\\\/\"}}]}<\/script>\n<!-- \/ Yoast SEO plugin. -->","yoast_head_json":{"title":"Rodar en Parque del Laberint d\u2019Horta - Spain Film Commission","description":"En esta p\u00e1gina encontrar\u00e1s una peque\u00f1a descripci\u00f3n, m\u00e1genes e informaci\u00f3n relevante para que te hagas una idea de c\u00f3mo es rodar en Parque del Laberint d\u2019Horta","robots":{"index":"index","follow":"follow","max-snippet":"max-snippet:-1","max-image-preview":"max-image-preview:large","max-video-preview":"max-video-preview:-1"},"canonical":"https:\/\/spainfilmcommission.com\/en\/ai-locations\/parque-del-laberint-dhorta\/","og_locale":"en_US","og_type":"article","og_title":"Rodar en Parque del Laberint d\u2019Horta - Spain Film Commission","og_description":"En esta p\u00e1gina encontrar\u00e1s una peque\u00f1a descripci\u00f3n, m\u00e1genes e informaci\u00f3n relevante para que te hagas una idea de c\u00f3mo es rodar en Parque del Laberint d\u2019Horta","og_url":"https:\/\/spainfilmcommission.com\/en\/ai-locations\/parque-del-laberint-dhorta\/","og_site_name":"Spain Film Commission","twitter_card":"summary_large_image","schema":{"@context":"https:\/\/schema.org","@graph":[{"@type":"WebPage","@id":"https:\/\/spainfilmcommission.com\/en\/ai-locations\/parque-del-laberint-dhorta\/","url":"https:\/\/spainfilmcommission.com\/en\/ai-locations\/parque-del-laberint-dhorta\/","name":"Rodar en Parque del Laberint d\u2019Horta - Spain Film Commission","isPartOf":{"@id":"https:\/\/spainfilmcommission.com\/en\/#website"},"datePublished":"2026-06-16T16:09:36+00:00","description":"En esta p\u00e1gina encontrar\u00e1s una peque\u00f1a descripci\u00f3n, m\u00e1genes e informaci\u00f3n relevante para que te hagas una idea de c\u00f3mo es rodar en Parque del Laberint d\u2019Horta","breadcrumb":{"@id":"https:\/\/spainfilmcommission.com\/en\/ai-locations\/parque-del-laberint-dhorta\/#breadcrumb"},"inLanguage":"en-US","potentialAction":[{"@type":"ReadAction","target":["https:\/\/spainfilmcommission.com\/en\/ai-locations\/parque-del-laberint-dhorta\/"]}]},{"@type":"BreadcrumbList","@id":"https:\/\/spainfilmcommission.com\/en\/ai-locations\/parque-del-laberint-dhorta\/#breadcrumb","itemListElement":[{"@type":"ListItem","position":1,"name":"Portada","item":"https:\/\/spainfilmcommission.com\/en\/"},{"@type":"ListItem","position":2,"name":"Parque del Laberint d\u2019Horta"}]},{"@type":"WebSite","@id":"https:\/\/spainfilmcommission.com\/en\/#website","url":"https:\/\/spainfilmcommission.com\/en\/","name":"Spain Film Commission","description":"","publisher":{"@id":"https:\/\/spainfilmcommission.com\/en\/#organization"},"potentialAction":[{"@type":"SearchAction","target":{"@type":"EntryPoint","urlTemplate":"https:\/\/spainfilmcommission.com\/en\/?s={search_term_string}"},"query-input":{"@type":"PropertyValueSpecification","valueRequired":true,"valueName":"search_term_string"}}],"inLanguage":"en-US"},{"@type":"Organization","@id":"https:\/\/spainfilmcommission.com\/en\/#organization","name":"Spain Film Commission","url":"https:\/\/spainfilmcommission.com\/en\/","logo":{"@type":"ImageObject","inLanguage":"en-US","@id":"https:\/\/spainfilmcommission.com\/en\/#\/schema\/logo\/image\/","url":"https:\/\/spainfilmcommission.com\/wp-content\/uploads\/2024\/07\/SPC_COLOR.png","contentUrl":"https:\/\/spainfilmcommission.com\/wp-content\/uploads\/2024\/07\/SPC_COLOR.png","width":1665,"height":1665,"caption":"Spain Film Commission"},"image":{"@id":"https:\/\/spainfilmcommission.com\/en\/#\/schema\/logo\/image\/"}}]}},"socio":[{"ID":"20","user_login":"barcelona-film-commission","user_nicename":"barcelona-film-commission","display_name":"barcelona-film-commission","user_pass":"****************","user_email":"cmelus@bcn.cat","user_url":"","user_registered":"2024-12-19 13:54:03","id":20}],"nombrees":"Parque del Laberint d\u2019Horta","nombreen":"Laberint d\u2019Horta Park","localidad":"Barcelona","provincia":"Barcelona","coordenadas_maps":"41.4401335784514, 2.1462612560378753","latitud":"41.4401335784514","longitud":"2.1462612560378753","direcciones":"Passeig dels Castanyers, 1-17","direccionen":"Passeig dels Castanyers, 1-17","cod_postal":"8035","telefono":"934548066","fax":"","mail":"filmcommission@bcn.cat","web":"https:\/\/www.bcncatfilmcommission.com\/ca\/location\/parc-del-laberint","descripciones":"<div class=\"contact-info\">\r\n<div class=\"field field-name-field-contact-information field-type-text-long field-label-hidden\">\r\n<div class=\"field-items\">\r\n<div class=\"field-item even\">\r\n<p class=\"rtejustify\"><strong>\u00a1ALERTA!\u00a0<\/strong>A partir de marzo de 2025, el Laberinto Vegetal cerrar\u00e1 sus puertas durante 12 meses, aproximadamente, por obres.<\/p>\r\n\r\n<\/div>\r\n<\/div>\r\n<\/div>\r\n<div class=\"field field-name-field-website field-type-text field-label-hidden\">\r\n<div class=\"field-items\">\r\n<div class=\"field-item even\">\r\n\r\n<a href=\"http:\/\/goo.gl\/MSxPUO\">http:\/\/goo.gl\/MSxPUO<\/a>\r\n\r\n<\/div>\r\n<\/div>\r\n<\/div>\r\n<\/div>\r\n<div class=\"description\">\r\n<div class=\"field field-name-body field-type-text-with-summary field-label-hidden\">\r\n<div class=\"field-items\">\r\n<div class=\"field-item even\">\r\n<p class=\"rtejustify\">El parque del Laberint d'Horta incluye el jard\u00edn m\u00e1s antiguo conservado en la ciudad. Nacido como un jard\u00edn neocl\u00e1sico con un toque de fisonom\u00eda italiana, se acab\u00f3 como jard\u00edn rom\u00e1ntico.<\/p>\r\n<p class=\"rtejustify\">El parque del Laberint d\u2019Horta es un jard\u00edn museo. Su discurso museogr\u00e1fico constituye el recorrido por la dualidad entre el neoclasicismo y el romanticismo.<\/p>\r\n\r\n<\/div>\r\n<\/div>\r\n<\/div>\r\n<\/div>","descripcionen":"<div class=\"contact-info\">\r\n<div class=\"field field-name-field-contact-information field-type-text-long field-label-hidden\">\r\n<div class=\"field-items\">\r\n<div class=\"field-item even\">\r\n<p class=\"rtejustify\"><strong>NOTICE:\u00a0<\/strong>Beginning in March 2025, the Hedge Maze will be closed for approximately 12 months due to maintenance and construction work.<\/p>\r\n\r\n<\/div>\r\n<\/div>\r\n<\/div>\r\n<div class=\"field field-name-field-website field-type-text field-label-hidden\">\r\n<div class=\"field-items\">\r\n<div class=\"field-item even\">\r\n\r\n<a href=\"http:\/\/goo.gl\/MSxPUO\">http:\/\/goo.gl\/MSxPUO<\/a>\r\n\r\n<\/div>\r\n<\/div>\r\n<\/div>\r\n<\/div>\r\n<div class=\"description\">\r\n<div class=\"field field-name-body field-type-text-with-summary field-label-hidden\">\r\n<div class=\"field-items\">\r\n<div class=\"field-item even\">\r\n<p class=\"rtejustify\">Horta's Labyrinth Park has the city's oldest conserved garden. Once Neoclassical, with a slightly Italian look, it later adopted a Romantic style.<\/p>\r\n<p class=\"rtejustify\">The Laberint d\u2019Horta park is actually a museum garden. This museum approach is reflected in the dual Neoclassical-Romantic route. A journey that begins at the Chinese gate, a relic of a long-gone oriental garden.<\/p>\r\n\r\n<\/div>\r\n<\/div>\r\n<\/div>\r\n<\/div>","galeria":[{"ID":"37457","post_author":"20","post_date":"2026-02-23 13:09:53","post_date_gmt":"2026-02-23 12:09:53","post_content":"","post_title":"laberint park","post_excerpt":"","post_status":"inherit","comment_status":"","ping_status":"closed","post_password":"","post_name":"laberint-park-2","to_ping":"","pinged":"","post_modified":"2026-02-23 13:09:53","post_modified_gmt":"2026-02-23 12:09:53","post_content_filtered":"","post_parent":"32874","guid":"https:\/\/spainfilmcommission.com\/wp-content\/uploads\/2026\/02\/laberint-park-1.jpg","menu_order":"0","post_type":"attachment","post_mime_type":"image\/jpeg","comment_count":"0","pod_item_id":"37457"},{"ID":"37453","post_author":"20","post_date":"2026-02-23 13:09:42","post_date_gmt":"2026-02-23 12:09:42","post_content":"","post_title":"materiabcn.com_","post_excerpt":"","post_status":"inherit","comment_status":"","ping_status":"closed","post_password":"","post_name":"materiabcn-com_-2","to_ping":"","pinged":"","post_modified":"2026-02-23 13:09:42","post_modified_gmt":"2026-02-23 12:09:42","post_content_filtered":"","post_parent":"32874","guid":"https:\/\/spainfilmcommission.com\/wp-content\/uploads\/2026\/02\/materiabcn.com_-1.jpg","menu_order":"0","post_type":"attachment","post_mime_type":"image\/jpeg","comment_count":"0","pod_item_id":"37453"},{"ID":"37451","post_author":"20","post_date":"2026-02-23 13:09:32","post_date_gmt":"2026-02-23 12:09:32","post_content":"","post_title":"glaberint14.987","post_excerpt":"","post_status":"inherit","comment_status":"","ping_status":"closed","post_password":"","post_name":"glaberint14-987-2","to_ping":"","pinged":"","post_modified":"2026-02-23 13:09:32","post_modified_gmt":"2026-02-23 12:09:32","post_content_filtered":"","post_parent":"32874","guid":"https:\/\/spainfilmcommission.com\/wp-content\/uploads\/2026\/02\/glaberint14.987-1.jpg","menu_order":"0","post_type":"attachment","post_mime_type":"image\/jpeg","comment_count":"0","pod_item_id":"37451"},{"ID":"37455","post_author":"20","post_date":"2026-02-23 13:09:48","post_date_gmt":"2026-02-23 12:09:48","post_content":"","post_title":"AZ8Q6417-760x428","post_excerpt":"","post_status":"inherit","comment_status":"","ping_status":"closed","post_password":"","post_name":"az8q6417-760x428-2","to_ping":"","pinged":"","post_modified":"2026-02-23 13:09:48","post_modified_gmt":"2026-02-23 12:09:48","post_content_filtered":"","post_parent":"32874","guid":"https:\/\/spainfilmcommission.com\/wp-content\/uploads\/2026\/02\/AZ8Q6417-760x428-2.jpg","menu_order":"0","post_type":"attachment","post_mime_type":"image\/jpeg","comment_count":"0","pod_item_id":"37455"},{"ID":"37449","post_author":"20","post_date":"2026-02-23 13:09:27","post_date_gmt":"2026-02-23 12:09:27","post_content":"","post_title":"glaberint17.473","post_excerpt":"","post_status":"inherit","comment_status":"","ping_status":"closed","post_password":"","post_name":"glaberint17-473-2","to_ping":"","pinged":"","post_modified":"2026-02-23 13:09:27","post_modified_gmt":"2026-02-23 12:09:27","post_content_filtered":"","post_parent":"32874","guid":"https:\/\/spainfilmcommission.com\/wp-content\/uploads\/2026\/02\/glaberint17.473-1.jpg","menu_order":"0","post_type":"attachment","post_mime_type":"image\/jpeg","comment_count":"0","pod_item_id":"37449"},{"ID":"37443","post_author":"20","post_date":"2026-02-23 13:09:04","post_date_gmt":"2026-02-23 12:09:04","post_content":"","post_title":"glaberint10.557","post_excerpt":"","post_status":"inherit","comment_status":"","ping_status":"closed","post_password":"","post_name":"glaberint10-557-2","to_ping":"","pinged":"","post_modified":"2026-02-23 13:09:04","post_modified_gmt":"2026-02-23 12:09:04","post_content_filtered":"","post_parent":"32874","guid":"https:\/\/spainfilmcommission.com\/wp-content\/uploads\/2026\/02\/glaberint10.557-1.jpg","menu_order":"0","post_type":"attachment","post_mime_type":"image\/jpeg","comment_count":"0","pod_item_id":"37443"},{"ID":"37445","post_author":"20","post_date":"2026-02-23 13:09:16","post_date_gmt":"2026-02-23 12:09:16","post_content":"","post_title":"glaberint8.659","post_excerpt":"","post_status":"inherit","comment_status":"","ping_status":"closed","post_password":"","post_name":"glaberint8-659-2","to_ping":"","pinged":"","post_modified":"2026-02-23 13:09:16","post_modified_gmt":"2026-02-23 12:09:16","post_content_filtered":"","post_parent":"32874","guid":"https:\/\/spainfilmcommission.com\/wp-content\/uploads\/2026\/02\/glaberint8.659-1.jpg","menu_order":"0","post_type":"attachment","post_mime_type":"image\/jpeg","comment_count":"0","pod_item_id":"37445"},{"ID":"37447","post_author":"20","post_date":"2026-02-23 13:09:22","post_date_gmt":"2026-02-23 12:09:22","post_content":"","post_title":"glaberint3.734","post_excerpt":"","post_status":"inherit","comment_status":"","ping_status":"closed","post_password":"","post_name":"glaberint3-734-2","to_ping":"","pinged":"","post_modified":"2026-02-23 13:09:22","post_modified_gmt":"2026-02-23 12:09:22","post_content_filtered":"","post_parent":"32874","guid":"https:\/\/spainfilmcommission.com\/wp-content\/uploads\/2026\/02\/glaberint3.734-1.jpg","menu_order":"0","post_type":"attachment","post_mime_type":"image\/jpeg","comment_count":"0","pod_item_id":"37447"}],"nombrepaginaes":"Parque del Laberint d\u2019Horta","nombrepaginaen":"Laberint d\u2019Horta Park","latitud_gps":"","longitud_gps":"","adicionaleses":"","adicionalesen":"","videoes":"","videoen":"","video2es":"","video2en":"","_links":{"self":[{"href":"https:\/\/spainfilmcommission.com\/en\/wp-json\/wp\/v2\/localizaciones\/localizacion\/37459","targetHints":{"allow":["GET"]}}],"collection":[{"href":"https:\/\/spainfilmcommission.com\/en\/wp-json\/wp\/v2\/localizaciones\/localizacion"}],"about":[{"href":"https:\/\/spainfilmcommission.com\/en\/wp-json\/wp\/v2\/types\/localizacion"}],"author":[{"embeddable":true,"href":"https:\/\/spainfilmcommission.com\/en\/wp-json\/wp\/v2\/users\/2"}],"wp:attachment":[{"href":"https:\/\/spainfilmcommission.com\/en\/wp-json\/wp\/v2\/media?parent=37459"}],"curies":[{"name":"wp","href":"https:\/\/api.w.org\/{rel}","templated":true}]}}