{"id":37426,"date":"2026-06-16T18:09:36","date_gmt":"2026-06-16T16:09:36","guid":{"rendered":"https:\/\/spainfilmcommission.com\/?post_type=localizacion&#038;p=37426"},"modified":"2026-06-16T18:09:36","modified_gmt":"2026-06-16T16:09:36","slug":"jardines-de-ca-laranyo","status":"publish","type":"localizacion","link":"https:\/\/spainfilmcommission.com\/en\/ai-locations\/jardines-de-ca-laranyo\/","title":{"rendered":"Jardines de Ca l&#8217;Arany\u00f3"},"content":{"rendered":"","protected":false},"author":2,"template":"","meta":[],"class_list":["post-37426","localizacion","type-localizacion","status-publish","hentry"],"yoast_head":"<!-- This site is optimized with the Yoast SEO plugin v28.3 - https:\/\/yoast.com\/product\/yoast-seo-wordpress\/ -->\n<title>Rodar en Jardines de Ca l&#039;Arany\u00f3 - Spain Film Commission<\/title>\n<meta name=\"description\" content=\"En esta p\u00e1gina encontrar\u00e1s una peque\u00f1a descripci\u00f3n, m\u00e1genes e informaci\u00f3n relevante para que te hagas una idea de c\u00f3mo es rodar en Jardines de Ca l&#039;Arany\u00f3\" \/>\n<meta name=\"robots\" content=\"index, follow, max-snippet:-1, max-image-preview:large, max-video-preview:-1\" \/>\n<link rel=\"canonical\" href=\"https:\/\/spainfilmcommission.com\/en\/ai-locations\/jardines-de-ca-laranyo\/\" \/>\n<meta property=\"og:locale\" content=\"en_US\" \/>\n<meta property=\"og:type\" content=\"article\" \/>\n<meta property=\"og:title\" content=\"Rodar en Jardines de Ca l&#039;Arany\u00f3 - Spain Film Commission\" \/>\n<meta property=\"og:description\" content=\"En esta p\u00e1gina encontrar\u00e1s una peque\u00f1a descripci\u00f3n, m\u00e1genes e informaci\u00f3n relevante para que te hagas una idea de c\u00f3mo es rodar en Jardines de Ca l&#039;Arany\u00f3\" \/>\n<meta property=\"og:url\" content=\"https:\/\/spainfilmcommission.com\/en\/ai-locations\/jardines-de-ca-laranyo\/\" \/>\n<meta property=\"og:site_name\" content=\"Spain Film Commission\" \/>\n<meta name=\"twitter:card\" content=\"summary_large_image\" \/>\n<script type=\"application\/ld+json\" class=\"yoast-schema-graph\">{\"@context\":\"https:\\\/\\\/schema.org\",\"@graph\":[{\"@type\":\"WebPage\",\"@id\":\"https:\\\/\\\/spainfilmcommission.com\\\/en\\\/ai-locations\\\/jardines-de-ca-laranyo\\\/\",\"url\":\"https:\\\/\\\/spainfilmcommission.com\\\/en\\\/ai-locations\\\/jardines-de-ca-laranyo\\\/\",\"name\":\"Rodar en Jardines de Ca l'Arany\u00f3 - Spain Film Commission\",\"isPartOf\":{\"@id\":\"https:\\\/\\\/spainfilmcommission.com\\\/en\\\/#website\"},\"datePublished\":\"2026-06-16T16:09:36+00:00\",\"description\":\"En esta p\u00e1gina encontrar\u00e1s una peque\u00f1a descripci\u00f3n, m\u00e1genes e informaci\u00f3n relevante para que te hagas una idea de c\u00f3mo es rodar en Jardines de Ca l'Arany\u00f3\",\"breadcrumb\":{\"@id\":\"https:\\\/\\\/spainfilmcommission.com\\\/en\\\/ai-locations\\\/jardines-de-ca-laranyo\\\/#breadcrumb\"},\"inLanguage\":\"en-US\",\"potentialAction\":[{\"@type\":\"ReadAction\",\"target\":[\"https:\\\/\\\/spainfilmcommission.com\\\/en\\\/ai-locations\\\/jardines-de-ca-laranyo\\\/\"]}]},{\"@type\":\"BreadcrumbList\",\"@id\":\"https:\\\/\\\/spainfilmcommission.com\\\/en\\\/ai-locations\\\/jardines-de-ca-laranyo\\\/#breadcrumb\",\"itemListElement\":[{\"@type\":\"ListItem\",\"position\":1,\"name\":\"Portada\",\"item\":\"https:\\\/\\\/spainfilmcommission.com\\\/en\\\/\"},{\"@type\":\"ListItem\",\"position\":2,\"name\":\"Jardines de Ca l&#8217;Arany\u00f3\"}]},{\"@type\":\"WebSite\",\"@id\":\"https:\\\/\\\/spainfilmcommission.com\\\/en\\\/#website\",\"url\":\"https:\\\/\\\/spainfilmcommission.com\\\/en\\\/\",\"name\":\"Spain Film Commission\",\"description\":\"\",\"publisher\":{\"@id\":\"https:\\\/\\\/spainfilmcommission.com\\\/en\\\/#organization\"},\"potentialAction\":[{\"@type\":\"SearchAction\",\"target\":{\"@type\":\"EntryPoint\",\"urlTemplate\":\"https:\\\/\\\/spainfilmcommission.com\\\/en\\\/?s={search_term_string}\"},\"query-input\":{\"@type\":\"PropertyValueSpecification\",\"valueRequired\":true,\"valueName\":\"search_term_string\"}}],\"inLanguage\":\"en-US\"},{\"@type\":\"Organization\",\"@id\":\"https:\\\/\\\/spainfilmcommission.com\\\/en\\\/#organization\",\"name\":\"Spain Film Commission\",\"url\":\"https:\\\/\\\/spainfilmcommission.com\\\/en\\\/\",\"logo\":{\"@type\":\"ImageObject\",\"inLanguage\":\"en-US\",\"@id\":\"https:\\\/\\\/spainfilmcommission.com\\\/en\\\/#\\\/schema\\\/logo\\\/image\\\/\",\"url\":\"https:\\\/\\\/spainfilmcommission.com\\\/wp-content\\\/uploads\\\/2024\\\/07\\\/SPC_COLOR.png\",\"contentUrl\":\"https:\\\/\\\/spainfilmcommission.com\\\/wp-content\\\/uploads\\\/2024\\\/07\\\/SPC_COLOR.png\",\"width\":1665,\"height\":1665,\"caption\":\"Spain Film Commission\"},\"image\":{\"@id\":\"https:\\\/\\\/spainfilmcommission.com\\\/en\\\/#\\\/schema\\\/logo\\\/image\\\/\"}}]}<\/script>\n<!-- \/ Yoast SEO plugin. -->","yoast_head_json":{"title":"Rodar en Jardines de Ca l'Arany\u00f3 - Spain Film Commission","description":"En esta p\u00e1gina encontrar\u00e1s una peque\u00f1a descripci\u00f3n, m\u00e1genes e informaci\u00f3n relevante para que te hagas una idea de c\u00f3mo es rodar en Jardines de Ca l'Arany\u00f3","robots":{"index":"index","follow":"follow","max-snippet":"max-snippet:-1","max-image-preview":"max-image-preview:large","max-video-preview":"max-video-preview:-1"},"canonical":"https:\/\/spainfilmcommission.com\/en\/ai-locations\/jardines-de-ca-laranyo\/","og_locale":"en_US","og_type":"article","og_title":"Rodar en Jardines de Ca l'Arany\u00f3 - Spain Film Commission","og_description":"En esta p\u00e1gina encontrar\u00e1s una peque\u00f1a descripci\u00f3n, m\u00e1genes e informaci\u00f3n relevante para que te hagas una idea de c\u00f3mo es rodar en Jardines de Ca l'Arany\u00f3","og_url":"https:\/\/spainfilmcommission.com\/en\/ai-locations\/jardines-de-ca-laranyo\/","og_site_name":"Spain Film Commission","twitter_card":"summary_large_image","schema":{"@context":"https:\/\/schema.org","@graph":[{"@type":"WebPage","@id":"https:\/\/spainfilmcommission.com\/en\/ai-locations\/jardines-de-ca-laranyo\/","url":"https:\/\/spainfilmcommission.com\/en\/ai-locations\/jardines-de-ca-laranyo\/","name":"Rodar en Jardines de Ca l'Arany\u00f3 - Spain Film Commission","isPartOf":{"@id":"https:\/\/spainfilmcommission.com\/en\/#website"},"datePublished":"2026-06-16T16:09:36+00:00","description":"En esta p\u00e1gina encontrar\u00e1s una peque\u00f1a descripci\u00f3n, m\u00e1genes e informaci\u00f3n relevante para que te hagas una idea de c\u00f3mo es rodar en Jardines de Ca l'Arany\u00f3","breadcrumb":{"@id":"https:\/\/spainfilmcommission.com\/en\/ai-locations\/jardines-de-ca-laranyo\/#breadcrumb"},"inLanguage":"en-US","potentialAction":[{"@type":"ReadAction","target":["https:\/\/spainfilmcommission.com\/en\/ai-locations\/jardines-de-ca-laranyo\/"]}]},{"@type":"BreadcrumbList","@id":"https:\/\/spainfilmcommission.com\/en\/ai-locations\/jardines-de-ca-laranyo\/#breadcrumb","itemListElement":[{"@type":"ListItem","position":1,"name":"Portada","item":"https:\/\/spainfilmcommission.com\/en\/"},{"@type":"ListItem","position":2,"name":"Jardines de Ca l&#8217;Arany\u00f3"}]},{"@type":"WebSite","@id":"https:\/\/spainfilmcommission.com\/en\/#website","url":"https:\/\/spainfilmcommission.com\/en\/","name":"Spain Film Commission","description":"","publisher":{"@id":"https:\/\/spainfilmcommission.com\/en\/#organization"},"potentialAction":[{"@type":"SearchAction","target":{"@type":"EntryPoint","urlTemplate":"https:\/\/spainfilmcommission.com\/en\/?s={search_term_string}"},"query-input":{"@type":"PropertyValueSpecification","valueRequired":true,"valueName":"search_term_string"}}],"inLanguage":"en-US"},{"@type":"Organization","@id":"https:\/\/spainfilmcommission.com\/en\/#organization","name":"Spain Film Commission","url":"https:\/\/spainfilmcommission.com\/en\/","logo":{"@type":"ImageObject","inLanguage":"en-US","@id":"https:\/\/spainfilmcommission.com\/en\/#\/schema\/logo\/image\/","url":"https:\/\/spainfilmcommission.com\/wp-content\/uploads\/2024\/07\/SPC_COLOR.png","contentUrl":"https:\/\/spainfilmcommission.com\/wp-content\/uploads\/2024\/07\/SPC_COLOR.png","width":1665,"height":1665,"caption":"Spain Film Commission"},"image":{"@id":"https:\/\/spainfilmcommission.com\/en\/#\/schema\/logo\/image\/"}}]}},"socio":[{"ID":"20","user_login":"barcelona-film-commission","user_nicename":"barcelona-film-commission","display_name":"barcelona-film-commission","user_pass":"****************","user_email":"cmelus@bcn.cat","user_url":"","user_registered":"2024-12-19 13:54:03","id":20}],"nombrees":"Jardines de Ca l'Arany\u00f3","nombreen":"Ca l'Arany\u00f3 Gardens","localidad":"Barcelona","provincia":"Barcelona","coordenadas_maps":"41.40372626077874, 2.193463857885155","latitud":"41.40372626077874","longitud":"2.193463857885155","direcciones":"C\/ de la Ciutat de Granada, 142","direccionen":"C\/ de la Ciutat de Granada, 142","cod_postal":"8018","telefono":"934548066","fax":"","mail":"filmcommission@bcn.cat","web":"https:\/\/www.barcelona.cat\/surveyfotografic\/es\/proyecto\/jardins_ca_laranyo.html","descripciones":"<div class=\"text-base my-auto mx-auto pt-12 [--thread-content-margin:--spacing(4)] @w-sm\/main:[--thread-content-margin:--spacing(6)] @w-lg\/main:[--thread-content-margin:--spacing(16)] px-(--thread-content-margin)\">\r\n<div class=\"[--thread-content-max-width:40rem] @w-lg\/main:[--thread-content-max-width:48rem] mx-auto max-w-(--thread-content-max-width) flex-1 group\/turn-messages focus-visible:outline-hidden relative flex w-full min-w-0 flex-col\" tabindex=\"-1\">\r\n<div class=\"flex max-w-full flex-col grow\">\r\n<div class=\"min-h-8 text-message relative flex w-full flex-col items-end gap-2 text-start break-words whitespace-normal [.text-message+&amp;]:mt-1\" dir=\"auto\" data-message-author-role=\"user\" data-message-id=\"b21d4005-9b3d-4194-94ba-029c02f75651\">\r\n<div class=\"flex w-full flex-col gap-1 empty:hidden items-end rtl:items-start\">\r\n<div class=\"user-message-bubble-color corner-superellipse\/1.1 relative rounded-[18px] px-4 py-1.5 data-[multiline]:py-3 max-w-[var(--user-chat-width,70%)]\" data-multiline=\"\">\r\n<div class=\"whitespace-pre-wrap\">Los jardines de Ca l\u2019Arany\u00f3 est\u00e1n ubicados entre las calles de Roc Boronat, T\u00e0nger y la Ciutat de Granada. Esta zona verde es un gran interior de manzana que ocupa, adem\u00e1s, el recorrido de la calle de Bol\u00edvia en este tramo. Los jardines est\u00e1n distribuidos seg\u00fan la ordenaci\u00f3n de dos elementos: por una parte, la zona de estancia y, por otra parte, la de vegetaci\u00f3n. Se combinan con grandes jardineras que funcionan como bancos que contienen las tierras de plantaci\u00f3n y su topograf\u00eda.<\/div>\r\n<\/div>\r\n<\/div>\r\n<\/div>\r\n<\/div>\r\n<div class=\"z-0 flex justify-end\"><\/div>\r\n<\/div>\r\n<\/div>","descripcionen":"<div class=\"flex flex-col text-sm pb-25\"><article class=\"text-token-text-primary w-full focus:outline-none [--shadow-height:45px] has-data-writing-block:pointer-events-none has-data-writing-block:-mt-(--shadow-height) has-data-writing-block:pt-(--shadow-height) [&amp;:has([data-writing-block])&gt;*]:pointer-events-auto scroll-mt-[calc(var(--header-height)+min(200px,max(70px,20svh)))]\" dir=\"auto\" tabindex=\"-1\" data-turn-id=\"request-WEB:4ef428bb-a436-42f5-9691-d940a065cd64-4\" data-testid=\"conversation-turn-10\" data-scroll-anchor=\"true\" data-turn=\"assistant\">\r\n<div class=\"text-base my-auto mx-auto pb-10 [--thread-content-margin:--spacing(4)] @w-sm\/main:[--thread-content-margin:--spacing(6)] @w-lg\/main:[--thread-content-margin:--spacing(16)] px-(--thread-content-margin)\">\r\n<div class=\"[--thread-content-max-width:40rem] @w-lg\/main:[--thread-content-max-width:48rem] mx-auto max-w-(--thread-content-max-width) flex-1 group\/turn-messages focus-visible:outline-hidden relative flex w-full min-w-0 flex-col agent-turn\" tabindex=\"-1\">\r\n<div class=\"flex max-w-full flex-col grow\">\r\n<div class=\"min-h-8 text-message relative flex w-full flex-col items-end gap-2 text-start break-words whitespace-normal [.text-message+&amp;]:mt-1\" dir=\"auto\" data-message-author-role=\"assistant\" data-message-id=\"ff9ac50f-c0f9-4bc0-9fc4-103b1c769d35\" data-message-model-slug=\"gpt-5-2\">\r\n<div class=\"flex w-full flex-col gap-1 empty:hidden first:pt-[1px]\">\r\n<div class=\"markdown prose dark:prose-invert w-full wrap-break-word light markdown-new-styling\">\r\n<p data-start=\"18\" data-end=\"490\" data-is-last-node=\"\" data-is-only-node=\"\">The Ca l\u2019Arany\u00f3 Gardens are located between Roc Boronat, T\u00e0nger, and Ciutat de Granada streets. This green area is a large inner block courtyard that also occupies the route of Bol\u00edvia Street along this section. The gardens are arranged according to the layout of two elements: on the one hand, the seating area and, on the other, the vegetation area. They are combined with large planters that function as benches, containing the planting soil and shaping its topography.<\/p>\r\n\r\n<\/div>\r\n<\/div>\r\n<\/div>\r\n<\/div>\r\n<div class=\"z-0 flex min-h-[46px] justify-start\"><\/div>\r\n<\/div>\r\n<\/div>\r\n<\/article><\/div>\r\n<div class=\"pointer-events-none h-px w-px absolute bottom-0\" aria-hidden=\"true\" data-edge=\"true\"><\/div>","galeria":[{"ID":"37418","post_author":"20","post_date":"2026-02-23 12:39:00","post_date_gmt":"2026-02-23 11:39:00","post_content":"","post_title":"afu_jardins-cal-aranyo_04_34","post_excerpt":"","post_status":"inherit","comment_status":"","ping_status":"closed","post_password":"","post_name":"afu_jardins-cal-aranyo_04_34","to_ping":"","pinged":"","post_modified":"2026-02-23 12:39:00","post_modified_gmt":"2026-02-23 11:39:00","post_content_filtered":"","post_parent":"32874","guid":"https:\/\/spainfilmcommission.com\/wp-content\/uploads\/2026\/02\/afu_jardins-cal-aranyo_04_34.jpg","menu_order":"0","post_type":"attachment","post_mime_type":"image\/jpeg","comment_count":"0","pod_item_id":"37418"},{"ID":"37416","post_author":"20","post_date":"2026-02-23 12:38:49","post_date_gmt":"2026-02-23 11:38:49","post_content":"","post_title":"afu_jardins-cal-aranyo_05_35","post_excerpt":"","post_status":"inherit","comment_status":"","ping_status":"closed","post_password":"","post_name":"afu_jardins-cal-aranyo_05_35","to_ping":"","pinged":"","post_modified":"2026-02-23 12:38:49","post_modified_gmt":"2026-02-23 11:38:49","post_content_filtered":"","post_parent":"32874","guid":"https:\/\/spainfilmcommission.com\/wp-content\/uploads\/2026\/02\/afu_jardins-cal-aranyo_05_35.jpg","menu_order":"0","post_type":"attachment","post_mime_type":"image\/jpeg","comment_count":"0","pod_item_id":"37416"},{"ID":"37420","post_author":"20","post_date":"2026-02-23 12:39:10","post_date_gmt":"2026-02-23 11:39:10","post_content":"","post_title":"afu_jardins-cal-aranyo_32","post_excerpt":"","post_status":"inherit","comment_status":"","ping_status":"closed","post_password":"","post_name":"afu_jardins-cal-aranyo_32","to_ping":"","pinged":"","post_modified":"2026-02-23 12:39:10","post_modified_gmt":"2026-02-23 11:39:10","post_content_filtered":"","post_parent":"32874","guid":"https:\/\/spainfilmcommission.com\/wp-content\/uploads\/2026\/02\/afu_jardins-cal-aranyo_32.jpg","menu_order":"0","post_type":"attachment","post_mime_type":"image\/jpeg","comment_count":"0","pod_item_id":"37420"},{"ID":"37422","post_author":"20","post_date":"2026-02-23 12:39:17","post_date_gmt":"2026-02-23 11:39:17","post_content":"","post_title":"afu_jardins_de_ca_l_aranyo__31","post_excerpt":"","post_status":"inherit","comment_status":"","ping_status":"closed","post_password":"","post_name":"afu_jardins_de_ca_l_aranyo__31","to_ping":"","pinged":"","post_modified":"2026-02-23 12:39:17","post_modified_gmt":"2026-02-23 11:39:17","post_content_filtered":"","post_parent":"32874","guid":"https:\/\/spainfilmcommission.com\/wp-content\/uploads\/2026\/02\/afu_jardins_de_ca_l_aranyo__31.jpg","menu_order":"0","post_type":"attachment","post_mime_type":"image\/jpeg","comment_count":"0","pod_item_id":"37422"},{"ID":"37424","post_author":"20","post_date":"2026-02-23 12:39:22","post_date_gmt":"2026-02-23 11:39:22","post_content":"","post_title":"Jardins Ca L'Arany\u00f3","post_excerpt":"","post_status":"inherit","comment_status":"","ping_status":"closed","post_password":"","post_name":"jardins-ca-laranyo","to_ping":"","pinged":"","post_modified":"2026-02-23 12:39:22","post_modified_gmt":"2026-02-23 11:39:22","post_content_filtered":"","post_parent":"32874","guid":"https:\/\/spainfilmcommission.com\/wp-content\/uploads\/2026\/02\/Jardins-Ca-LAranyo.jpg","menu_order":"0","post_type":"attachment","post_mime_type":"image\/jpeg","comment_count":"0","pod_item_id":"37424"}],"nombrepaginaes":"Jardines de Ca l'Arany\u00f3","nombrepaginaen":"Ca l'Arany\u00f3 Gardens","latitud_gps":"","longitud_gps":"","adicionaleses":"","adicionalesen":"","videoes":"","videoen":"","video2es":"","video2en":"","_links":{"self":[{"href":"https:\/\/spainfilmcommission.com\/en\/wp-json\/wp\/v2\/localizaciones\/localizacion\/37426","targetHints":{"allow":["GET"]}}],"collection":[{"href":"https:\/\/spainfilmcommission.com\/en\/wp-json\/wp\/v2\/localizaciones\/localizacion"}],"about":[{"href":"https:\/\/spainfilmcommission.com\/en\/wp-json\/wp\/v2\/types\/localizacion"}],"author":[{"embeddable":true,"href":"https:\/\/spainfilmcommission.com\/en\/wp-json\/wp\/v2\/users\/2"}],"wp:attachment":[{"href":"https:\/\/spainfilmcommission.com\/en\/wp-json\/wp\/v2\/media?parent=37426"}],"curies":[{"name":"wp","href":"https:\/\/api.w.org\/{rel}","templated":true}]}}