{"id":37000,"date":"2026-06-24T10:56:42","date_gmt":"2026-06-24T08:56:42","guid":{"rendered":"https:\/\/spainfilmcommission.com\/?post_type=localizacion&#038;p=37000"},"modified":"2026-06-24T10:56:44","modified_gmt":"2026-06-24T08:56:44","slug":"via-ferrata-silanes","status":"publish","type":"localizacion","link":"https:\/\/spainfilmcommission.com\/en\/ai-locations\/via-ferrata-silanes\/","title":{"rendered":"V\u00eda Ferrata Silanes"},"content":{"rendered":"","protected":false},"author":66,"template":"","meta":[],"class_list":["post-37000","localizacion","type-localizacion","status-publish","hentry"],"yoast_head":"<!-- This site is optimized with the Yoast SEO plugin v28.3 - https:\/\/yoast.com\/product\/yoast-seo-wordpress\/ -->\n<title>Rodar en V\u00eda Ferrata Silanes - Spain Film Commission<\/title>\n<meta name=\"description\" content=\"En esta p\u00e1gina encontrar\u00e1s una peque\u00f1a descripci\u00f3n, m\u00e1genes e informaci\u00f3n relevante para que te hagas una idea de c\u00f3mo es rodar en V\u00eda Ferrata Silanes\" \/>\n<meta name=\"robots\" content=\"index, follow, max-snippet:-1, max-image-preview:large, max-video-preview:-1\" \/>\n<link rel=\"canonical\" href=\"https:\/\/spainfilmcommission.com\/en\/ai-locations\/via-ferrata-silanes\/\" \/>\n<meta property=\"og:locale\" content=\"en_US\" \/>\n<meta property=\"og:type\" content=\"article\" \/>\n<meta property=\"og:title\" content=\"Rodar en V\u00eda Ferrata Silanes - Spain Film Commission\" \/>\n<meta property=\"og:description\" content=\"En esta p\u00e1gina encontrar\u00e1s una peque\u00f1a descripci\u00f3n, m\u00e1genes e informaci\u00f3n relevante para que te hagas una idea de c\u00f3mo es rodar en V\u00eda Ferrata Silanes\" \/>\n<meta property=\"og:url\" content=\"https:\/\/spainfilmcommission.com\/en\/ai-locations\/via-ferrata-silanes\/\" \/>\n<meta property=\"og:site_name\" content=\"Spain Film Commission\" \/>\n<meta property=\"article:modified_time\" content=\"2026-06-24T08:56:44+00:00\" \/>\n<meta name=\"twitter:card\" content=\"summary_large_image\" \/>\n<script type=\"application\/ld+json\" class=\"yoast-schema-graph\">{\"@context\":\"https:\\\/\\\/schema.org\",\"@graph\":[{\"@type\":\"WebPage\",\"@id\":\"https:\\\/\\\/spainfilmcommission.com\\\/en\\\/ai-locations\\\/via-ferrata-silanes\\\/\",\"url\":\"https:\\\/\\\/spainfilmcommission.com\\\/en\\\/ai-locations\\\/via-ferrata-silanes\\\/\",\"name\":\"Rodar en V\u00eda Ferrata Silanes - Spain Film Commission\",\"isPartOf\":{\"@id\":\"https:\\\/\\\/spainfilmcommission.com\\\/en\\\/#website\"},\"datePublished\":\"2026-06-24T08:56:42+00:00\",\"dateModified\":\"2026-06-24T08:56:44+00:00\",\"description\":\"En esta p\u00e1gina encontrar\u00e1s una peque\u00f1a descripci\u00f3n, m\u00e1genes e informaci\u00f3n relevante para que te hagas una idea de c\u00f3mo es rodar en V\u00eda Ferrata Silanes\",\"breadcrumb\":{\"@id\":\"https:\\\/\\\/spainfilmcommission.com\\\/en\\\/ai-locations\\\/via-ferrata-silanes\\\/#breadcrumb\"},\"inLanguage\":\"en-US\",\"potentialAction\":[{\"@type\":\"ReadAction\",\"target\":[\"https:\\\/\\\/spainfilmcommission.com\\\/en\\\/ai-locations\\\/via-ferrata-silanes\\\/\"]}]},{\"@type\":\"BreadcrumbList\",\"@id\":\"https:\\\/\\\/spainfilmcommission.com\\\/en\\\/ai-locations\\\/via-ferrata-silanes\\\/#breadcrumb\",\"itemListElement\":[{\"@type\":\"ListItem\",\"position\":1,\"name\":\"Portada\",\"item\":\"https:\\\/\\\/spainfilmcommission.com\\\/en\\\/\"},{\"@type\":\"ListItem\",\"position\":2,\"name\":\"V\u00eda Ferrata Silanes\"}]},{\"@type\":\"WebSite\",\"@id\":\"https:\\\/\\\/spainfilmcommission.com\\\/en\\\/#website\",\"url\":\"https:\\\/\\\/spainfilmcommission.com\\\/en\\\/\",\"name\":\"Spain Film Commission\",\"description\":\"\",\"publisher\":{\"@id\":\"https:\\\/\\\/spainfilmcommission.com\\\/en\\\/#organization\"},\"potentialAction\":[{\"@type\":\"SearchAction\",\"target\":{\"@type\":\"EntryPoint\",\"urlTemplate\":\"https:\\\/\\\/spainfilmcommission.com\\\/en\\\/?s={search_term_string}\"},\"query-input\":{\"@type\":\"PropertyValueSpecification\",\"valueRequired\":true,\"valueName\":\"search_term_string\"}}],\"inLanguage\":\"en-US\"},{\"@type\":\"Organization\",\"@id\":\"https:\\\/\\\/spainfilmcommission.com\\\/en\\\/#organization\",\"name\":\"Spain Film Commission\",\"url\":\"https:\\\/\\\/spainfilmcommission.com\\\/en\\\/\",\"logo\":{\"@type\":\"ImageObject\",\"inLanguage\":\"en-US\",\"@id\":\"https:\\\/\\\/spainfilmcommission.com\\\/en\\\/#\\\/schema\\\/logo\\\/image\\\/\",\"url\":\"https:\\\/\\\/spainfilmcommission.com\\\/wp-content\\\/uploads\\\/2024\\\/07\\\/SPC_COLOR.png\",\"contentUrl\":\"https:\\\/\\\/spainfilmcommission.com\\\/wp-content\\\/uploads\\\/2024\\\/07\\\/SPC_COLOR.png\",\"width\":1665,\"height\":1665,\"caption\":\"Spain Film Commission\"},\"image\":{\"@id\":\"https:\\\/\\\/spainfilmcommission.com\\\/en\\\/#\\\/schema\\\/logo\\\/image\\\/\"}}]}<\/script>\n<!-- \/ Yoast SEO plugin. -->","yoast_head_json":{"title":"Rodar en V\u00eda Ferrata Silanes - Spain Film Commission","description":"En esta p\u00e1gina encontrar\u00e1s una peque\u00f1a descripci\u00f3n, m\u00e1genes e informaci\u00f3n relevante para que te hagas una idea de c\u00f3mo es rodar en V\u00eda Ferrata Silanes","robots":{"index":"index","follow":"follow","max-snippet":"max-snippet:-1","max-image-preview":"max-image-preview:large","max-video-preview":"max-video-preview:-1"},"canonical":"https:\/\/spainfilmcommission.com\/en\/ai-locations\/via-ferrata-silanes\/","og_locale":"en_US","og_type":"article","og_title":"Rodar en V\u00eda Ferrata Silanes - Spain Film Commission","og_description":"En esta p\u00e1gina encontrar\u00e1s una peque\u00f1a descripci\u00f3n, m\u00e1genes e informaci\u00f3n relevante para que te hagas una idea de c\u00f3mo es rodar en V\u00eda Ferrata Silanes","og_url":"https:\/\/spainfilmcommission.com\/en\/ai-locations\/via-ferrata-silanes\/","og_site_name":"Spain Film Commission","article_modified_time":"2026-06-24T08:56:44+00:00","twitter_card":"summary_large_image","schema":{"@context":"https:\/\/schema.org","@graph":[{"@type":"WebPage","@id":"https:\/\/spainfilmcommission.com\/en\/ai-locations\/via-ferrata-silanes\/","url":"https:\/\/spainfilmcommission.com\/en\/ai-locations\/via-ferrata-silanes\/","name":"Rodar en V\u00eda Ferrata Silanes - Spain Film Commission","isPartOf":{"@id":"https:\/\/spainfilmcommission.com\/en\/#website"},"datePublished":"2026-06-24T08:56:42+00:00","dateModified":"2026-06-24T08:56:44+00:00","description":"En esta p\u00e1gina encontrar\u00e1s una peque\u00f1a descripci\u00f3n, m\u00e1genes e informaci\u00f3n relevante para que te hagas una idea de c\u00f3mo es rodar en V\u00eda Ferrata Silanes","breadcrumb":{"@id":"https:\/\/spainfilmcommission.com\/en\/ai-locations\/via-ferrata-silanes\/#breadcrumb"},"inLanguage":"en-US","potentialAction":[{"@type":"ReadAction","target":["https:\/\/spainfilmcommission.com\/en\/ai-locations\/via-ferrata-silanes\/"]}]},{"@type":"BreadcrumbList","@id":"https:\/\/spainfilmcommission.com\/en\/ai-locations\/via-ferrata-silanes\/#breadcrumb","itemListElement":[{"@type":"ListItem","position":1,"name":"Portada","item":"https:\/\/spainfilmcommission.com\/en\/"},{"@type":"ListItem","position":2,"name":"V\u00eda Ferrata Silanes"}]},{"@type":"WebSite","@id":"https:\/\/spainfilmcommission.com\/en\/#website","url":"https:\/\/spainfilmcommission.com\/en\/","name":"Spain Film Commission","description":"","publisher":{"@id":"https:\/\/spainfilmcommission.com\/en\/#organization"},"potentialAction":[{"@type":"SearchAction","target":{"@type":"EntryPoint","urlTemplate":"https:\/\/spainfilmcommission.com\/en\/?s={search_term_string}"},"query-input":{"@type":"PropertyValueSpecification","valueRequired":true,"valueName":"search_term_string"}}],"inLanguage":"en-US"},{"@type":"Organization","@id":"https:\/\/spainfilmcommission.com\/en\/#organization","name":"Spain Film Commission","url":"https:\/\/spainfilmcommission.com\/en\/","logo":{"@type":"ImageObject","inLanguage":"en-US","@id":"https:\/\/spainfilmcommission.com\/en\/#\/schema\/logo\/image\/","url":"https:\/\/spainfilmcommission.com\/wp-content\/uploads\/2024\/07\/SPC_COLOR.png","contentUrl":"https:\/\/spainfilmcommission.com\/wp-content\/uploads\/2024\/07\/SPC_COLOR.png","width":1665,"height":1665,"caption":"Spain Film Commission"},"image":{"@id":"https:\/\/spainfilmcommission.com\/en\/#\/schema\/logo\/image\/"}}]}},"socio":[{"ID":"32","user_login":"burgos-film-commission","user_nicename":"burgos-film-commission","display_name":"burgos-film-commission","user_pass":"****************","user_email":"info@burgosfilmcommission.org","user_url":"","user_registered":"2024-12-19 16:05:18","id":32}],"nombrees":"V\u00cdA FERRATA SILANES","nombreen":"V\u00cdA FERRATA SILANES","localidad":"SILANES","provincia":"BURGOS","coordenadas_maps":"42.674034897148665, -3.1755419743698363","latitud":"42.674031","longitud":"-3.175209","direcciones":"Barrio Silanes Arriba, 11, 09219 Silanes, Burgos","direccionen":"Barrio Silanes Arriba, 11, 09219 Silanes, Burgos","cod_postal":"9219","telefono":"686112902","fax":"","mail":"info@burgosfilmcommission.org","web":"","descripciones":"<p data-start=\"42\" data-end=\"404\">La <strong data-start=\"45\" data-end=\"86\"><span class=\"hover:entity-accent entity-underline inline cursor-pointer align-baseline\"><span class=\"whitespace-normal\">V\u00eda Ferrata de Silanes<\/span><\/span><\/strong> es una localizaci\u00f3n cinematogr\u00e1fica de <strong data-start=\"126\" data-end=\"149\">alto impacto visual<\/strong>, perfecta para rodajes que buscan <strong data-start=\"184\" data-end=\"240\">adrenalina, verticalidad y naturaleza en estado puro<\/strong>. Enclavada en un entorno rocoso espectacular, combina paredes escarpadas, pasos a\u00e9reos y un paisaje abrupto que transmite tensi\u00f3n, reto y emoci\u00f3n real ante c\u00e1mara.<\/p>\r\n<p data-start=\"406\" data-end=\"783\">Su trazado permite rodar escenas de acci\u00f3n, aventura, superaci\u00f3n personal o thriller con un <strong data-start=\"498\" data-end=\"536\">realismo dif\u00edcil de recrear en set<\/strong>, aprovechando la fuerza del entorno natural y la espectacularidad de las alturas. La ferrata ofrece m\u00faltiples \u00e1ngulos y puntos de vista, ideales para secuencias din\u00e1micas, planos abiertos de gran escala o tomas m\u00e1s \u00edntimas cargadas de intensidad.<\/p>\r\n<p data-start=\"785\" data-end=\"1048\">Ubicada en la provincia de Burgos, la V\u00eda Ferrata de Silanes se integra en un territorio con experiencia en rodajes y con el acompa\u00f1amiento de la Burgos Film Commission, facilitando la coordinaci\u00f3n y el desarrollo de producciones en entornos naturales singulares.<\/p>\r\n<p data-start=\"1050\" data-end=\"1182\" data-is-last-node=\"\" data-is-only-node=\"\">Un escenario extremo, aut\u00e9ntico y poderoso, preparado para historias que necesitan emoci\u00f3n real y paisajes que dejan huella.<\/p>","descripcionen":"The Silanes Via Ferrata is a visually stunning film location, perfect for shoots seeking adrenaline, verticality, and pure nature. Nestled in a spectacular rocky setting, it combines steep walls, aerial passages, and rugged terrain that conveys tension, challenge, and real excitement on camera.\r\n\r\nIts layout allows for the filming of action, adventure, personal achievement, or thriller scenes with a realism that is difficult to recreate on set, taking advantage of the power of the natural environment and the spectacular heights. The via ferrata offers multiple angles and viewpoints, ideal for dynamic sequences, large-scale open shots, or more intimate shots charged with intensity.\r\n\r\nLocated in the province of Burgos, the Silanes Via Ferrata is part of a region with experience in film shoots and is supported by the Burgos Film Commission, facilitating the coordination and development of productions in unique natural environments.\r\n\r\nAn extreme, authentic, and powerful setting, ready for stories that need real emotion and landscapes that leave a lasting impression.","galeria":[{"ID":"36980","post_author":"32","post_date":"2026-02-04 10:31:48","post_date_gmt":"2026-02-04 09:31:48","post_content":"","post_title":"DCIM100MEDIADJI_0074.JPG","post_excerpt":"DCIM100MEDIADJI_0074.JPG","post_status":"inherit","comment_status":"","ping_status":"closed","post_password":"","post_name":"dcim100mediadji_0074-jpg","to_ping":"","pinged":"","post_modified":"2026-02-04 10:31:48","post_modified_gmt":"2026-02-04 09:31:48","post_content_filtered":"","post_parent":"32874","guid":"https:\/\/spainfilmcommission.com\/wp-content\/uploads\/2026\/02\/DJI_0074.jpeg","menu_order":"0","post_type":"attachment","post_mime_type":"image\/jpeg","comment_count":"0","pod_item_id":"36980"},{"ID":"36982","post_author":"32","post_date":"2026-02-04 10:31:59","post_date_gmt":"2026-02-04 09:31:59","post_content":"","post_title":"DCIM100MEDIADJI_0069.JPG","post_excerpt":"DCIM100MEDIADJI_0069.JPG","post_status":"inherit","comment_status":"","ping_status":"closed","post_password":"","post_name":"dcim100mediadji_0069-jpg","to_ping":"","pinged":"","post_modified":"2026-02-04 10:31:59","post_modified_gmt":"2026-02-04 09:31:59","post_content_filtered":"","post_parent":"32874","guid":"https:\/\/spainfilmcommission.com\/wp-content\/uploads\/2026\/02\/DJI_0069-1.jpeg","menu_order":"0","post_type":"attachment","post_mime_type":"image\/jpeg","comment_count":"0","pod_item_id":"36982"},{"ID":"36984","post_author":"32","post_date":"2026-02-04 10:32:05","post_date_gmt":"2026-02-04 09:32:05","post_content":"","post_title":"DCIM100MEDIADJI_0070.JPG","post_excerpt":"DCIM100MEDIADJI_0070.JPG","post_status":"inherit","comment_status":"","ping_status":"closed","post_password":"","post_name":"dcim100mediadji_0070-jpg","to_ping":"","pinged":"","post_modified":"2026-02-04 10:32:05","post_modified_gmt":"2026-02-04 09:32:05","post_content_filtered":"","post_parent":"32874","guid":"https:\/\/spainfilmcommission.com\/wp-content\/uploads\/2026\/02\/DJI_0070.jpeg","menu_order":"0","post_type":"attachment","post_mime_type":"image\/jpeg","comment_count":"0","pod_item_id":"36984"},{"ID":"36986","post_author":"32","post_date":"2026-02-04 10:32:11","post_date_gmt":"2026-02-04 09:32:11","post_content":"","post_title":"DCIM100MEDIADJI_0064.JPG","post_excerpt":"DCIM100MEDIADJI_0064.JPG","post_status":"inherit","comment_status":"","ping_status":"closed","post_password":"","post_name":"dcim100mediadji_0064-jpg","to_ping":"","pinged":"","post_modified":"2026-02-04 10:32:11","post_modified_gmt":"2026-02-04 09:32:11","post_content_filtered":"","post_parent":"32874","guid":"https:\/\/spainfilmcommission.com\/wp-content\/uploads\/2026\/02\/DJI_0064.jpeg","menu_order":"0","post_type":"attachment","post_mime_type":"image\/jpeg","comment_count":"0","pod_item_id":"36986"},{"ID":"36988","post_author":"32","post_date":"2026-02-04 10:32:17","post_date_gmt":"2026-02-04 09:32:17","post_content":"","post_title":"DCIM100MEDIADJI_0059.JPG","post_excerpt":"DCIM100MEDIADJI_0059.JPG","post_status":"inherit","comment_status":"","ping_status":"closed","post_password":"","post_name":"dcim100mediadji_0059-jpg","to_ping":"","pinged":"","post_modified":"2026-02-04 10:32:17","post_modified_gmt":"2026-02-04 09:32:17","post_content_filtered":"","post_parent":"32874","guid":"https:\/\/spainfilmcommission.com\/wp-content\/uploads\/2026\/02\/DJI_0059.jpeg","menu_order":"0","post_type":"attachment","post_mime_type":"image\/jpeg","comment_count":"0","pod_item_id":"36988"},{"ID":"36990","post_author":"32","post_date":"2026-02-04 10:32:29","post_date_gmt":"2026-02-04 09:32:29","post_content":"","post_title":"_DSC3359","post_excerpt":"","post_status":"inherit","comment_status":"","ping_status":"closed","post_password":"","post_name":"_dsc3359","to_ping":"","pinged":"","post_modified":"2026-02-04 10:32:29","post_modified_gmt":"2026-02-04 09:32:29","post_content_filtered":"","post_parent":"32874","guid":"https:\/\/spainfilmcommission.com\/wp-content\/uploads\/2026\/02\/DSC3359.jpeg","menu_order":"0","post_type":"attachment","post_mime_type":"image\/jpeg","comment_count":"0","pod_item_id":"36990"},{"ID":"36992","post_author":"32","post_date":"2026-02-04 10:32:35","post_date_gmt":"2026-02-04 09:32:35","post_content":"","post_title":"_DSC3350","post_excerpt":"","post_status":"inherit","comment_status":"","ping_status":"closed","post_password":"","post_name":"_dsc3350","to_ping":"","pinged":"","post_modified":"2026-02-04 10:32:35","post_modified_gmt":"2026-02-04 09:32:35","post_content_filtered":"","post_parent":"32874","guid":"https:\/\/spainfilmcommission.com\/wp-content\/uploads\/2026\/02\/DSC3350.jpeg","menu_order":"0","post_type":"attachment","post_mime_type":"image\/jpeg","comment_count":"0","pod_item_id":"36992"},{"ID":"36994","post_author":"32","post_date":"2026-02-04 10:32:42","post_date_gmt":"2026-02-04 09:32:42","post_content":"","post_title":"_DSC3352","post_excerpt":"","post_status":"inherit","comment_status":"","ping_status":"closed","post_password":"","post_name":"_dsc3352","to_ping":"","pinged":"","post_modified":"2026-02-04 10:32:42","post_modified_gmt":"2026-02-04 09:32:42","post_content_filtered":"","post_parent":"32874","guid":"https:\/\/spainfilmcommission.com\/wp-content\/uploads\/2026\/02\/DSC3352.jpeg","menu_order":"0","post_type":"attachment","post_mime_type":"image\/jpeg","comment_count":"0","pod_item_id":"36994"},{"ID":"36996","post_author":"32","post_date":"2026-02-04 10:32:54","post_date_gmt":"2026-02-04 09:32:54","post_content":"","post_title":"_DSC3353","post_excerpt":"","post_status":"inherit","comment_status":"","ping_status":"closed","post_password":"","post_name":"_dsc3353","to_ping":"","pinged":"","post_modified":"2026-02-04 10:32:54","post_modified_gmt":"2026-02-04 09:32:54","post_content_filtered":"","post_parent":"32874","guid":"https:\/\/spainfilmcommission.com\/wp-content\/uploads\/2026\/02\/DSC3353.jpeg","menu_order":"0","post_type":"attachment","post_mime_type":"image\/jpeg","comment_count":"0","pod_item_id":"36996"},{"ID":"36998","post_author":"32","post_date":"2026-02-04 10:33:02","post_date_gmt":"2026-02-04 09:33:02","post_content":"","post_title":"_DSC3351 (1)","post_excerpt":"","post_status":"inherit","comment_status":"","ping_status":"closed","post_password":"","post_name":"_dsc3351-1","to_ping":"","pinged":"","post_modified":"2026-02-04 10:33:02","post_modified_gmt":"2026-02-04 09:33:02","post_content_filtered":"","post_parent":"32874","guid":"https:\/\/spainfilmcommission.com\/wp-content\/uploads\/2026\/02\/DSC3351-1.jpeg","menu_order":"0","post_type":"attachment","post_mime_type":"image\/jpeg","comment_count":"0","pod_item_id":"36998"}],"nombrepaginaes":"V\u00cdA FERRATA SILANES","nombrepaginaen":"V\u00cdA FERRATA SILANES","latitud_gps":"","longitud_gps":"","adicionaleses":"","adicionalesen":"","videoes":"","videoen":"","video2es":"","video2en":"","_links":{"self":[{"href":"https:\/\/spainfilmcommission.com\/en\/wp-json\/wp\/v2\/localizaciones\/localizacion\/37000","targetHints":{"allow":["GET"]}}],"collection":[{"href":"https:\/\/spainfilmcommission.com\/en\/wp-json\/wp\/v2\/localizaciones\/localizacion"}],"about":[{"href":"https:\/\/spainfilmcommission.com\/en\/wp-json\/wp\/v2\/types\/localizacion"}],"author":[{"embeddable":true,"href":"https:\/\/spainfilmcommission.com\/en\/wp-json\/wp\/v2\/users\/66"}],"wp:attachment":[{"href":"https:\/\/spainfilmcommission.com\/en\/wp-json\/wp\/v2\/media?parent=37000"}],"curies":[{"name":"wp","href":"https:\/\/api.w.org\/{rel}","templated":true}]}}