{"id":12255,"date":"2025-02-27T19:51:46","date_gmt":"2025-02-27T18:51:46","guid":{"rendered":"https:\/\/spainfilmcommission.com\/?post_type=localizacion&#038;p=12255"},"modified":"2025-04-21T20:29:14","modified_gmt":"2025-04-21T18:29:14","slug":"centro-cultural-calendaria-guirado","status":"publish","type":"localizacion","link":"https:\/\/spainfilmcommission.com\/en\/ai-locations\/centro-cultural-calendaria-guirado\/","title":{"rendered":"Centro Cultural Calendaria Guirado"},"content":{"rendered":"","protected":false},"author":2,"template":"","meta":[],"class_list":["post-12255","localizacion","type-localizacion","status-publish","hentry"],"yoast_head":"<!-- This site is optimized with the Yoast SEO plugin v28.3 - https:\/\/yoast.com\/product\/yoast-seo-wordpress\/ -->\n<title>Rodar en Centro Cultural Calendaria Guirado - Spain Film Commission<\/title>\n<meta name=\"description\" content=\"En esta p\u00e1gina encontrar\u00e1s una peque\u00f1a descripci\u00f3n, m\u00e1genes e informaci\u00f3n relevante para que te hagas una idea de c\u00f3mo es rodar en Centro Cultural Calendaria Guirado\" \/>\n<meta name=\"robots\" content=\"index, follow, max-snippet:-1, max-image-preview:large, max-video-preview:-1\" \/>\n<link rel=\"canonical\" href=\"https:\/\/spainfilmcommission.com\/en\/ai-locations\/centro-cultural-calendaria-guirado\/\" \/>\n<meta property=\"og:locale\" content=\"en_US\" \/>\n<meta property=\"og:type\" content=\"article\" \/>\n<meta property=\"og:title\" content=\"Rodar en Centro Cultural Calendaria Guirado - Spain Film Commission\" \/>\n<meta property=\"og:description\" content=\"En esta p\u00e1gina encontrar\u00e1s una peque\u00f1a descripci\u00f3n, m\u00e1genes e informaci\u00f3n relevante para que te hagas una idea de c\u00f3mo es rodar en Centro Cultural Calendaria Guirado\" \/>\n<meta property=\"og:url\" content=\"https:\/\/spainfilmcommission.com\/en\/ai-locations\/centro-cultural-calendaria-guirado\/\" \/>\n<meta property=\"og:site_name\" content=\"Spain Film Commission\" \/>\n<meta property=\"article:modified_time\" content=\"2025-04-21T18:29:14+00:00\" \/>\n<meta name=\"twitter:card\" content=\"summary_large_image\" \/>\n<script type=\"application\/ld+json\" class=\"yoast-schema-graph\">{\"@context\":\"https:\\\/\\\/schema.org\",\"@graph\":[{\"@type\":\"WebPage\",\"@id\":\"https:\\\/\\\/spainfilmcommission.com\\\/en\\\/ai-locations\\\/centro-cultural-calendaria-guirado\\\/\",\"url\":\"https:\\\/\\\/spainfilmcommission.com\\\/en\\\/ai-locations\\\/centro-cultural-calendaria-guirado\\\/\",\"name\":\"Rodar en Centro Cultural Calendaria Guirado - Spain Film Commission\",\"isPartOf\":{\"@id\":\"https:\\\/\\\/spainfilmcommission.com\\\/en\\\/#website\"},\"datePublished\":\"2025-02-27T18:51:46+00:00\",\"dateModified\":\"2025-04-21T18:29:14+00:00\",\"description\":\"En esta p\u00e1gina encontrar\u00e1s una peque\u00f1a descripci\u00f3n, m\u00e1genes e informaci\u00f3n relevante para que te hagas una idea de c\u00f3mo es rodar en Centro Cultural Calendaria Guirado\",\"breadcrumb\":{\"@id\":\"https:\\\/\\\/spainfilmcommission.com\\\/en\\\/ai-locations\\\/centro-cultural-calendaria-guirado\\\/#breadcrumb\"},\"inLanguage\":\"en-US\",\"potentialAction\":[{\"@type\":\"ReadAction\",\"target\":[\"https:\\\/\\\/spainfilmcommission.com\\\/en\\\/ai-locations\\\/centro-cultural-calendaria-guirado\\\/\"]}]},{\"@type\":\"BreadcrumbList\",\"@id\":\"https:\\\/\\\/spainfilmcommission.com\\\/en\\\/ai-locations\\\/centro-cultural-calendaria-guirado\\\/#breadcrumb\",\"itemListElement\":[{\"@type\":\"ListItem\",\"position\":1,\"name\":\"Portada\",\"item\":\"https:\\\/\\\/spainfilmcommission.com\\\/en\\\/\"},{\"@type\":\"ListItem\",\"position\":2,\"name\":\"Centro Cultural Calendaria Guirado\"}]},{\"@type\":\"WebSite\",\"@id\":\"https:\\\/\\\/spainfilmcommission.com\\\/en\\\/#website\",\"url\":\"https:\\\/\\\/spainfilmcommission.com\\\/en\\\/\",\"name\":\"Spain Film Commission\",\"description\":\"\",\"publisher\":{\"@id\":\"https:\\\/\\\/spainfilmcommission.com\\\/en\\\/#organization\"},\"potentialAction\":[{\"@type\":\"SearchAction\",\"target\":{\"@type\":\"EntryPoint\",\"urlTemplate\":\"https:\\\/\\\/spainfilmcommission.com\\\/en\\\/?s={search_term_string}\"},\"query-input\":{\"@type\":\"PropertyValueSpecification\",\"valueRequired\":true,\"valueName\":\"search_term_string\"}}],\"inLanguage\":\"en-US\"},{\"@type\":\"Organization\",\"@id\":\"https:\\\/\\\/spainfilmcommission.com\\\/en\\\/#organization\",\"name\":\"Spain Film Commission\",\"url\":\"https:\\\/\\\/spainfilmcommission.com\\\/en\\\/\",\"logo\":{\"@type\":\"ImageObject\",\"inLanguage\":\"en-US\",\"@id\":\"https:\\\/\\\/spainfilmcommission.com\\\/en\\\/#\\\/schema\\\/logo\\\/image\\\/\",\"url\":\"https:\\\/\\\/spainfilmcommission.com\\\/wp-content\\\/uploads\\\/2024\\\/07\\\/SPC_COLOR.png\",\"contentUrl\":\"https:\\\/\\\/spainfilmcommission.com\\\/wp-content\\\/uploads\\\/2024\\\/07\\\/SPC_COLOR.png\",\"width\":1665,\"height\":1665,\"caption\":\"Spain Film Commission\"},\"image\":{\"@id\":\"https:\\\/\\\/spainfilmcommission.com\\\/en\\\/#\\\/schema\\\/logo\\\/image\\\/\"}}]}<\/script>\n<!-- \/ Yoast SEO plugin. -->","yoast_head_json":{"title":"Rodar en Centro Cultural Calendaria Guirado - Spain Film Commission","description":"En esta p\u00e1gina encontrar\u00e1s una peque\u00f1a descripci\u00f3n, m\u00e1genes e informaci\u00f3n relevante para que te hagas una idea de c\u00f3mo es rodar en Centro Cultural Calendaria Guirado","robots":{"index":"index","follow":"follow","max-snippet":"max-snippet:-1","max-image-preview":"max-image-preview:large","max-video-preview":"max-video-preview:-1"},"canonical":"https:\/\/spainfilmcommission.com\/en\/ai-locations\/centro-cultural-calendaria-guirado\/","og_locale":"en_US","og_type":"article","og_title":"Rodar en Centro Cultural Calendaria Guirado - Spain Film Commission","og_description":"En esta p\u00e1gina encontrar\u00e1s una peque\u00f1a descripci\u00f3n, m\u00e1genes e informaci\u00f3n relevante para que te hagas una idea de c\u00f3mo es rodar en Centro Cultural Calendaria Guirado","og_url":"https:\/\/spainfilmcommission.com\/en\/ai-locations\/centro-cultural-calendaria-guirado\/","og_site_name":"Spain Film Commission","article_modified_time":"2025-04-21T18:29:14+00:00","twitter_card":"summary_large_image","schema":{"@context":"https:\/\/schema.org","@graph":[{"@type":"WebPage","@id":"https:\/\/spainfilmcommission.com\/en\/ai-locations\/centro-cultural-calendaria-guirado\/","url":"https:\/\/spainfilmcommission.com\/en\/ai-locations\/centro-cultural-calendaria-guirado\/","name":"Rodar en Centro Cultural Calendaria Guirado - Spain Film Commission","isPartOf":{"@id":"https:\/\/spainfilmcommission.com\/en\/#website"},"datePublished":"2025-02-27T18:51:46+00:00","dateModified":"2025-04-21T18:29:14+00:00","description":"En esta p\u00e1gina encontrar\u00e1s una peque\u00f1a descripci\u00f3n, m\u00e1genes e informaci\u00f3n relevante para que te hagas una idea de c\u00f3mo es rodar en Centro Cultural Calendaria Guirado","breadcrumb":{"@id":"https:\/\/spainfilmcommission.com\/en\/ai-locations\/centro-cultural-calendaria-guirado\/#breadcrumb"},"inLanguage":"en-US","potentialAction":[{"@type":"ReadAction","target":["https:\/\/spainfilmcommission.com\/en\/ai-locations\/centro-cultural-calendaria-guirado\/"]}]},{"@type":"BreadcrumbList","@id":"https:\/\/spainfilmcommission.com\/en\/ai-locations\/centro-cultural-calendaria-guirado\/#breadcrumb","itemListElement":[{"@type":"ListItem","position":1,"name":"Portada","item":"https:\/\/spainfilmcommission.com\/en\/"},{"@type":"ListItem","position":2,"name":"Centro Cultural Calendaria Guirado"}]},{"@type":"WebSite","@id":"https:\/\/spainfilmcommission.com\/en\/#website","url":"https:\/\/spainfilmcommission.com\/en\/","name":"Spain Film Commission","description":"","publisher":{"@id":"https:\/\/spainfilmcommission.com\/en\/#organization"},"potentialAction":[{"@type":"SearchAction","target":{"@type":"EntryPoint","urlTemplate":"https:\/\/spainfilmcommission.com\/en\/?s={search_term_string}"},"query-input":{"@type":"PropertyValueSpecification","valueRequired":true,"valueName":"search_term_string"}}],"inLanguage":"en-US"},{"@type":"Organization","@id":"https:\/\/spainfilmcommission.com\/en\/#organization","name":"Spain Film Commission","url":"https:\/\/spainfilmcommission.com\/en\/","logo":{"@type":"ImageObject","inLanguage":"en-US","@id":"https:\/\/spainfilmcommission.com\/en\/#\/schema\/logo\/image\/","url":"https:\/\/spainfilmcommission.com\/wp-content\/uploads\/2024\/07\/SPC_COLOR.png","contentUrl":"https:\/\/spainfilmcommission.com\/wp-content\/uploads\/2024\/07\/SPC_COLOR.png","width":1665,"height":1665,"caption":"Spain Film Commission"},"image":{"@id":"https:\/\/spainfilmcommission.com\/en\/#\/schema\/logo\/image\/"}}]}},"socio":[{"ID":"54","user_login":"castilla-la-mancha-film-commission","user_nicename":"castilla-la-mancha-film-commission","display_name":"castilla-la-mancha-film-commission","user_pass":"****************","user_email":"info@castillalamanchafilm.com","user_url":"","user_registered":"2024-12-19 18:53:18","id":54}],"nombrees":"Centro Cultural Calendaria Guirado","nombreen":"Calendaria Guirado Cultural Center","localidad":"Li\u00e9tor","provincia":"Albacete","coordenadas_maps":",","latitud":[],"longitud":[],"direcciones":"","direccionen":"","cod_postal":[],"telefono":"","fax":"","mail":"","web":"","descripciones":"Mansi\u00f3n modernista construida en 1890, residencia de la familia Guirado, hasta la segregaci\u00f3n de casi la mitad de la casa y jard\u00edn para dedicarla a residencia de ancianos, en 1957. Tiene un patio interior con fuente y pasillos. Una gran escalera con forma helicoidal conecta las diferentes estancias que se distribuyen en las tres alturas del edificio. Presenta decoraci\u00f3n mural de principios del siglo XX, en el corredor superior del patio, algunas de sus habitaciones y techos. Hoy es propiedad municipal y luego de su remodelaci\u00f3n se dedica a Centro Cultural, hay salas dedicadas a exposiciones, inform\u00e1tica, m\u00fasica y otras donde se imparten cursos de capacitaci\u00f3n. Tambi\u00e9n es sede del archivo municipal y Juzgado de Paz. En su jard\u00edn se encuentra el telescopio municipal.","descripcionen":"Modernist mansion built in 1890, residence of the Guirado family, until the segregation of almost half of the house and garden to dedicate it to a nursing home, in 1957. It has an interior patio with a fountain and corridors. Large staircase with a helical shape connects the different rooms that are distributed in the three heights of the building. It has mural decoration from the early 20th century, in the upper corridor of the patio, some of its rooms and ceilings. Today it is municipal property and after its remodeling it is dedicated to a Cultural Center, there are rooms dedicated to exhibitions, computing, music and others where training courses are given. It is also the headquarters of the municipal archive and Peace Court. The municipal telescope is located in its garden.","galeria":[{"ID":"27585","post_author":"2","post_date":"2025-03-08 12:16:45","post_date_gmt":"2025-03-08 11:16:45","post_content":"","post_title":"foto-1234_10339","post_excerpt":"","post_status":"inherit","comment_status":"closed","ping_status":"closed","post_password":"","post_name":"foto-1234_10339","to_ping":"","pinged":"","post_modified":"2025-04-21 20:29:14","post_modified_gmt":"2025-04-21 18:29:14","post_content_filtered":"","post_parent":"12255","guid":"https:\/\/spainfilmcommission.com\/wp-content\/uploads\/2025\/03\/foto-1234_10339.jpg","menu_order":"0","post_type":"attachment","post_mime_type":"image\/jpeg","comment_count":"0","pod_item_id":"27585"},{"ID":"27587","post_author":"2","post_date":"2025-03-08 12:16:47","post_date_gmt":"2025-03-08 11:16:47","post_content":"","post_title":"foto-1234_10340","post_excerpt":"","post_status":"inherit","comment_status":"closed","ping_status":"closed","post_password":"","post_name":"foto-1234_10340","to_ping":"","pinged":"","post_modified":"2025-04-21 20:29:14","post_modified_gmt":"2025-04-21 18:29:14","post_content_filtered":"","post_parent":"12255","guid":"https:\/\/spainfilmcommission.com\/wp-content\/uploads\/2025\/03\/foto-1234_10340.jpg","menu_order":"0","post_type":"attachment","post_mime_type":"image\/jpeg","comment_count":"0","pod_item_id":"27587"},{"ID":"27589","post_author":"2","post_date":"2025-03-08 12:16:49","post_date_gmt":"2025-03-08 11:16:49","post_content":"","post_title":"foto-1234_10341","post_excerpt":"","post_status":"inherit","comment_status":"closed","ping_status":"closed","post_password":"","post_name":"foto-1234_10341","to_ping":"","pinged":"","post_modified":"2025-04-21 20:29:14","post_modified_gmt":"2025-04-21 18:29:14","post_content_filtered":"","post_parent":"12255","guid":"https:\/\/spainfilmcommission.com\/wp-content\/uploads\/2025\/03\/foto-1234_10341.jpg","menu_order":"0","post_type":"attachment","post_mime_type":"image\/jpeg","comment_count":"0","pod_item_id":"27589"},{"ID":"27591","post_author":"2","post_date":"2025-03-08 12:16:51","post_date_gmt":"2025-03-08 11:16:51","post_content":"","post_title":"foto-1234_10342","post_excerpt":"","post_status":"inherit","comment_status":"closed","ping_status":"closed","post_password":"","post_name":"foto-1234_10342","to_ping":"","pinged":"","post_modified":"2025-04-21 20:29:14","post_modified_gmt":"2025-04-21 18:29:14","post_content_filtered":"","post_parent":"12255","guid":"https:\/\/spainfilmcommission.com\/wp-content\/uploads\/2025\/03\/foto-1234_10342.jpg","menu_order":"0","post_type":"attachment","post_mime_type":"image\/jpeg","comment_count":"0","pod_item_id":"27591"},{"ID":"27593","post_author":"2","post_date":"2025-03-08 12:16:53","post_date_gmt":"2025-03-08 11:16:53","post_content":"","post_title":"foto-1234_10343","post_excerpt":"","post_status":"inherit","comment_status":"closed","ping_status":"closed","post_password":"","post_name":"foto-1234_10343","to_ping":"","pinged":"","post_modified":"2025-04-21 20:29:14","post_modified_gmt":"2025-04-21 18:29:14","post_content_filtered":"","post_parent":"12255","guid":"https:\/\/spainfilmcommission.com\/wp-content\/uploads\/2025\/03\/foto-1234_10343.jpg","menu_order":"0","post_type":"attachment","post_mime_type":"image\/jpeg","comment_count":"0","pod_item_id":"27593"},{"ID":"27595","post_author":"2","post_date":"2025-03-08 12:16:55","post_date_gmt":"2025-03-08 11:16:55","post_content":"","post_title":"foto-1234_10344","post_excerpt":"","post_status":"inherit","comment_status":"closed","ping_status":"closed","post_password":"","post_name":"foto-1234_10344","to_ping":"","pinged":"","post_modified":"2025-04-21 20:29:14","post_modified_gmt":"2025-04-21 18:29:14","post_content_filtered":"","post_parent":"12255","guid":"https:\/\/spainfilmcommission.com\/wp-content\/uploads\/2025\/03\/foto-1234_10344.jpg","menu_order":"0","post_type":"attachment","post_mime_type":"image\/jpeg","comment_count":"0","pod_item_id":"27595"},{"ID":"27597","post_author":"2","post_date":"2025-03-08 12:16:58","post_date_gmt":"2025-03-08 11:16:58","post_content":"","post_title":"foto-1234_10345","post_excerpt":"","post_status":"inherit","comment_status":"closed","ping_status":"closed","post_password":"","post_name":"foto-1234_10345","to_ping":"","pinged":"","post_modified":"2025-04-21 20:29:14","post_modified_gmt":"2025-04-21 18:29:14","post_content_filtered":"","post_parent":"12255","guid":"https:\/\/spainfilmcommission.com\/wp-content\/uploads\/2025\/03\/foto-1234_10345.jpg","menu_order":"0","post_type":"attachment","post_mime_type":"image\/jpeg","comment_count":"0","pod_item_id":"27597"},{"ID":"27599","post_author":"2","post_date":"2025-03-08 12:17:00","post_date_gmt":"2025-03-08 11:17:00","post_content":"","post_title":"foto-1234_10346","post_excerpt":"","post_status":"inherit","comment_status":"closed","ping_status":"closed","post_password":"","post_name":"foto-1234_10346","to_ping":"","pinged":"","post_modified":"2025-04-21 20:29:14","post_modified_gmt":"2025-04-21 18:29:14","post_content_filtered":"","post_parent":"12255","guid":"https:\/\/spainfilmcommission.com\/wp-content\/uploads\/2025\/03\/foto-1234_10346.jpg","menu_order":"0","post_type":"attachment","post_mime_type":"image\/jpeg","comment_count":"0","pod_item_id":"27599"},{"ID":"27601","post_author":"2","post_date":"2025-03-08 12:17:02","post_date_gmt":"2025-03-08 11:17:02","post_content":"","post_title":"foto-1234_10347","post_excerpt":"","post_status":"inherit","comment_status":"closed","ping_status":"closed","post_password":"","post_name":"foto-1234_10347","to_ping":"","pinged":"","post_modified":"2025-04-21 20:29:14","post_modified_gmt":"2025-04-21 18:29:14","post_content_filtered":"","post_parent":"12255","guid":"https:\/\/spainfilmcommission.com\/wp-content\/uploads\/2025\/03\/foto-1234_10347.jpg","menu_order":"0","post_type":"attachment","post_mime_type":"image\/jpeg","comment_count":"0","pod_item_id":"27601"},{"ID":"27603","post_author":"2","post_date":"2025-03-08 12:17:04","post_date_gmt":"2025-03-08 11:17:04","post_content":"","post_title":"foto-1234_10348","post_excerpt":"","post_status":"inherit","comment_status":"closed","ping_status":"closed","post_password":"","post_name":"foto-1234_10348","to_ping":"","pinged":"","post_modified":"2025-04-21 20:29:14","post_modified_gmt":"2025-04-21 18:29:14","post_content_filtered":"","post_parent":"12255","guid":"https:\/\/spainfilmcommission.com\/wp-content\/uploads\/2025\/03\/foto-1234_10348.jpg","menu_order":"0","post_type":"attachment","post_mime_type":"image\/jpeg","comment_count":"0","pod_item_id":"27603"},{"ID":"27605","post_author":"2","post_date":"2025-03-08 12:17:06","post_date_gmt":"2025-03-08 11:17:06","post_content":"","post_title":"foto-1234_10349","post_excerpt":"","post_status":"inherit","comment_status":"closed","ping_status":"closed","post_password":"","post_name":"foto-1234_10349","to_ping":"","pinged":"","post_modified":"2025-04-21 20:29:14","post_modified_gmt":"2025-04-21 18:29:14","post_content_filtered":"","post_parent":"12255","guid":"https:\/\/spainfilmcommission.com\/wp-content\/uploads\/2025\/03\/foto-1234_10349.jpg","menu_order":"0","post_type":"attachment","post_mime_type":"image\/jpeg","comment_count":"0","pod_item_id":"27605"},{"ID":"27607","post_author":"2","post_date":"2025-03-08 12:17:08","post_date_gmt":"2025-03-08 11:17:08","post_content":"","post_title":"foto-1234_10350","post_excerpt":"","post_status":"inherit","comment_status":"closed","ping_status":"closed","post_password":"","post_name":"foto-1234_10350","to_ping":"","pinged":"","post_modified":"2025-04-21 20:29:14","post_modified_gmt":"2025-04-21 18:29:14","post_content_filtered":"","post_parent":"12255","guid":"https:\/\/spainfilmcommission.com\/wp-content\/uploads\/2025\/03\/foto-1234_10350.jpg","menu_order":"0","post_type":"attachment","post_mime_type":"image\/jpeg","comment_count":"0","pod_item_id":"27607"},{"ID":"27609","post_author":"2","post_date":"2025-03-08 12:17:10","post_date_gmt":"2025-03-08 11:17:10","post_content":"","post_title":"foto-1234_10351","post_excerpt":"","post_status":"inherit","comment_status":"closed","ping_status":"closed","post_password":"","post_name":"foto-1234_10351","to_ping":"","pinged":"","post_modified":"2025-04-21 20:29:14","post_modified_gmt":"2025-04-21 18:29:14","post_content_filtered":"","post_parent":"12255","guid":"https:\/\/spainfilmcommission.com\/wp-content\/uploads\/2025\/03\/foto-1234_10351.jpg","menu_order":"0","post_type":"attachment","post_mime_type":"image\/jpeg","comment_count":"0","pod_item_id":"27609"},{"ID":"27611","post_author":"2","post_date":"2025-03-08 12:17:12","post_date_gmt":"2025-03-08 11:17:12","post_content":"","post_title":"foto-1234_10352","post_excerpt":"","post_status":"inherit","comment_status":"closed","ping_status":"closed","post_password":"","post_name":"foto-1234_10352","to_ping":"","pinged":"","post_modified":"2025-04-21 20:29:14","post_modified_gmt":"2025-04-21 18:29:14","post_content_filtered":"","post_parent":"12255","guid":"https:\/\/spainfilmcommission.com\/wp-content\/uploads\/2025\/03\/foto-1234_10352.jpg","menu_order":"0","post_type":"attachment","post_mime_type":"image\/jpeg","comment_count":"0","pod_item_id":"27611"},{"ID":"27613","post_author":"2","post_date":"2025-03-08 12:17:14","post_date_gmt":"2025-03-08 11:17:14","post_content":"","post_title":"foto-1234_10353","post_excerpt":"","post_status":"inherit","comment_status":"closed","ping_status":"closed","post_password":"","post_name":"foto-1234_10353","to_ping":"","pinged":"","post_modified":"2025-04-21 20:29:14","post_modified_gmt":"2025-04-21 18:29:14","post_content_filtered":"","post_parent":"12255","guid":"https:\/\/spainfilmcommission.com\/wp-content\/uploads\/2025\/03\/foto-1234_10353.jpg","menu_order":"0","post_type":"attachment","post_mime_type":"image\/jpeg","comment_count":"0","pod_item_id":"27613"},{"ID":"27615","post_author":"2","post_date":"2025-03-08 12:17:17","post_date_gmt":"2025-03-08 11:17:17","post_content":"","post_title":"foto-1234_10354","post_excerpt":"","post_status":"inherit","comment_status":"closed","ping_status":"closed","post_password":"","post_name":"foto-1234_10354","to_ping":"","pinged":"","post_modified":"2025-04-21 20:29:14","post_modified_gmt":"2025-04-21 18:29:14","post_content_filtered":"","post_parent":"12255","guid":"https:\/\/spainfilmcommission.com\/wp-content\/uploads\/2025\/03\/foto-1234_10354.jpg","menu_order":"0","post_type":"attachment","post_mime_type":"image\/jpeg","comment_count":"0","pod_item_id":"27615"},{"ID":"27617","post_author":"2","post_date":"2025-03-08 12:17:19","post_date_gmt":"2025-03-08 11:17:19","post_content":"","post_title":"foto-1234_10355","post_excerpt":"","post_status":"inherit","comment_status":"closed","ping_status":"closed","post_password":"","post_name":"foto-1234_10355","to_ping":"","pinged":"","post_modified":"2025-04-21 20:29:14","post_modified_gmt":"2025-04-21 18:29:14","post_content_filtered":"","post_parent":"12255","guid":"https:\/\/spainfilmcommission.com\/wp-content\/uploads\/2025\/03\/foto-1234_10355.jpg","menu_order":"0","post_type":"attachment","post_mime_type":"image\/jpeg","comment_count":"0","pod_item_id":"27617"},{"ID":"27619","post_author":"2","post_date":"2025-03-08 12:17:21","post_date_gmt":"2025-03-08 11:17:21","post_content":"","post_title":"foto-1234_10356","post_excerpt":"","post_status":"inherit","comment_status":"closed","ping_status":"closed","post_password":"","post_name":"foto-1234_10356","to_ping":"","pinged":"","post_modified":"2025-04-21 20:29:14","post_modified_gmt":"2025-04-21 18:29:14","post_content_filtered":"","post_parent":"12255","guid":"https:\/\/spainfilmcommission.com\/wp-content\/uploads\/2025\/03\/foto-1234_10356.jpg","menu_order":"0","post_type":"attachment","post_mime_type":"image\/jpeg","comment_count":"0","pod_item_id":"27619"},{"ID":"27621","post_author":"2","post_date":"2025-03-08 12:17:23","post_date_gmt":"2025-03-08 11:17:23","post_content":"","post_title":"foto-1234_10357","post_excerpt":"","post_status":"inherit","comment_status":"closed","ping_status":"closed","post_password":"","post_name":"foto-1234_10357","to_ping":"","pinged":"","post_modified":"2025-04-21 20:29:14","post_modified_gmt":"2025-04-21 18:29:14","post_content_filtered":"","post_parent":"12255","guid":"https:\/\/spainfilmcommission.com\/wp-content\/uploads\/2025\/03\/foto-1234_10357.jpg","menu_order":"0","post_type":"attachment","post_mime_type":"image\/jpeg","comment_count":"0","pod_item_id":"27621"},{"ID":"27623","post_author":"2","post_date":"2025-03-08 12:17:27","post_date_gmt":"2025-03-08 11:17:27","post_content":"","post_title":"foto-1234_10358","post_excerpt":"","post_status":"inherit","comment_status":"closed","ping_status":"closed","post_password":"","post_name":"foto-1234_10358","to_ping":"","pinged":"","post_modified":"2025-04-21 20:29:14","post_modified_gmt":"2025-04-21 18:29:14","post_content_filtered":"","post_parent":"12255","guid":"https:\/\/spainfilmcommission.com\/wp-content\/uploads\/2025\/03\/foto-1234_10358.jpg","menu_order":"0","post_type":"attachment","post_mime_type":"image\/jpeg","comment_count":"0","pod_item_id":"27623"},{"ID":"27625","post_author":"2","post_date":"2025-03-08 12:17:29","post_date_gmt":"2025-03-08 11:17:29","post_content":"","post_title":"foto-1234_10359","post_excerpt":"","post_status":"inherit","comment_status":"closed","ping_status":"closed","post_password":"","post_name":"foto-1234_10359","to_ping":"","pinged":"","post_modified":"2025-04-21 20:29:14","post_modified_gmt":"2025-04-21 18:29:14","post_content_filtered":"","post_parent":"12255","guid":"https:\/\/spainfilmcommission.com\/wp-content\/uploads\/2025\/03\/foto-1234_10359.jpg","menu_order":"0","post_type":"attachment","post_mime_type":"image\/jpeg","comment_count":"0","pod_item_id":"27625"},{"ID":"27627","post_author":"2","post_date":"2025-03-08 12:17:31","post_date_gmt":"2025-03-08 11:17:31","post_content":"","post_title":"foto-1234_10360","post_excerpt":"","post_status":"inherit","comment_status":"closed","ping_status":"closed","post_password":"","post_name":"foto-1234_10360","to_ping":"","pinged":"","post_modified":"2025-04-21 20:29:14","post_modified_gmt":"2025-04-21 18:29:14","post_content_filtered":"","post_parent":"12255","guid":"https:\/\/spainfilmcommission.com\/wp-content\/uploads\/2025\/03\/foto-1234_10360.jpg","menu_order":"0","post_type":"attachment","post_mime_type":"image\/jpeg","comment_count":"0","pod_item_id":"27627"},{"ID":"27629","post_author":"2","post_date":"2025-03-08 12:17:33","post_date_gmt":"2025-03-08 11:17:33","post_content":"","post_title":"foto-1234_10361","post_excerpt":"","post_status":"inherit","comment_status":"closed","ping_status":"closed","post_password":"","post_name":"foto-1234_10361","to_ping":"","pinged":"","post_modified":"2025-04-21 20:29:14","post_modified_gmt":"2025-04-21 18:29:14","post_content_filtered":"","post_parent":"12255","guid":"https:\/\/spainfilmcommission.com\/wp-content\/uploads\/2025\/03\/foto-1234_10361.jpg","menu_order":"0","post_type":"attachment","post_mime_type":"image\/jpeg","comment_count":"0","pod_item_id":"27629"},{"ID":"27631","post_author":"2","post_date":"2025-03-08 12:17:36","post_date_gmt":"2025-03-08 11:17:36","post_content":"","post_title":"foto-1234_10362","post_excerpt":"","post_status":"inherit","comment_status":"closed","ping_status":"closed","post_password":"","post_name":"foto-1234_10362","to_ping":"","pinged":"","post_modified":"2025-04-21 20:29:14","post_modified_gmt":"2025-04-21 18:29:14","post_content_filtered":"","post_parent":"12255","guid":"https:\/\/spainfilmcommission.com\/wp-content\/uploads\/2025\/03\/foto-1234_10362.jpg","menu_order":"0","post_type":"attachment","post_mime_type":"image\/jpeg","comment_count":"0","pod_item_id":"27631"},{"ID":"27633","post_author":"2","post_date":"2025-03-08 12:17:38","post_date_gmt":"2025-03-08 11:17:38","post_content":"","post_title":"foto-1234_10363","post_excerpt":"","post_status":"inherit","comment_status":"closed","ping_status":"closed","post_password":"","post_name":"foto-1234_10363","to_ping":"","pinged":"","post_modified":"2025-04-21 20:29:14","post_modified_gmt":"2025-04-21 18:29:14","post_content_filtered":"","post_parent":"12255","guid":"https:\/\/spainfilmcommission.com\/wp-content\/uploads\/2025\/03\/foto-1234_10363.jpg","menu_order":"0","post_type":"attachment","post_mime_type":"image\/jpeg","comment_count":"0","pod_item_id":"27633"},{"ID":"27635","post_author":"2","post_date":"2025-03-08 12:17:40","post_date_gmt":"2025-03-08 11:17:40","post_content":"","post_title":"foto-1234_10364","post_excerpt":"","post_status":"inherit","comment_status":"closed","ping_status":"closed","post_password":"","post_name":"foto-1234_10364","to_ping":"","pinged":"","post_modified":"2025-04-21 20:29:15","post_modified_gmt":"2025-04-21 18:29:15","post_content_filtered":"","post_parent":"12255","guid":"https:\/\/spainfilmcommission.com\/wp-content\/uploads\/2025\/03\/foto-1234_10364.jpg","menu_order":"0","post_type":"attachment","post_mime_type":"image\/jpeg","comment_count":"0","pod_item_id":"27635"},{"ID":"27637","post_author":"2","post_date":"2025-03-08 12:17:42","post_date_gmt":"2025-03-08 11:17:42","post_content":"","post_title":"foto-1234_10365","post_excerpt":"","post_status":"inherit","comment_status":"closed","ping_status":"closed","post_password":"","post_name":"foto-1234_10365","to_ping":"","pinged":"","post_modified":"2025-04-21 20:29:15","post_modified_gmt":"2025-04-21 18:29:15","post_content_filtered":"","post_parent":"12255","guid":"https:\/\/spainfilmcommission.com\/wp-content\/uploads\/2025\/03\/foto-1234_10365.jpg","menu_order":"0","post_type":"attachment","post_mime_type":"image\/jpeg","comment_count":"0","pod_item_id":"27637"},{"ID":"27639","post_author":"2","post_date":"2025-03-08 12:17:44","post_date_gmt":"2025-03-08 11:17:44","post_content":"","post_title":"foto-1234_10366","post_excerpt":"","post_status":"inherit","comment_status":"closed","ping_status":"closed","post_password":"","post_name":"foto-1234_10366","to_ping":"","pinged":"","post_modified":"2025-04-21 20:29:15","post_modified_gmt":"2025-04-21 18:29:15","post_content_filtered":"","post_parent":"12255","guid":"https:\/\/spainfilmcommission.com\/wp-content\/uploads\/2025\/03\/foto-1234_10366.jpg","menu_order":"0","post_type":"attachment","post_mime_type":"image\/jpeg","comment_count":"0","pod_item_id":"27639"}],"nombrepaginaes":"centro-cultural-calendaria-guirado","nombrepaginaen":"calendaria-guirado-cultural-center","latitud_gps":"3.854.149.015.104.380","longitud_gps":"-195.315.054.300.679","adicionaleses":"","adicionalesen":"","videoes":"","videoen":"","video2es":"","video2en":"","_links":{"self":[{"href":"https:\/\/spainfilmcommission.com\/en\/wp-json\/wp\/v2\/localizaciones\/localizacion\/12255","targetHints":{"allow":["GET"]}}],"collection":[{"href":"https:\/\/spainfilmcommission.com\/en\/wp-json\/wp\/v2\/localizaciones\/localizacion"}],"about":[{"href":"https:\/\/spainfilmcommission.com\/en\/wp-json\/wp\/v2\/types\/localizacion"}],"author":[{"embeddable":true,"href":"https:\/\/spainfilmcommission.com\/en\/wp-json\/wp\/v2\/users\/2"}],"wp:attachment":[{"href":"https:\/\/spainfilmcommission.com\/en\/wp-json\/wp\/v2\/media?parent=12255"}],"curies":[{"name":"wp","href":"https:\/\/api.w.org\/{rel}","templated":true}]}}