{"id":12193,"date":"2025-02-27T19:51:46","date_gmt":"2025-02-27T18:51:46","guid":{"rendered":"https:\/\/spainfilmcommission.com\/?post_type=localizacion&#038;p=12193"},"modified":"2025-04-21T12:26:53","modified_gmt":"2025-04-21T10:26:53","slug":"rio-ter-aguait-docells-ardeis","status":"publish","type":"localizacion","link":"https:\/\/spainfilmcommission.com\/en\/ai-locations\/rio-ter-aguait-docells-ardeis\/","title":{"rendered":"R\u00edo Ter &#8211; Aguait dOcells Ardeis"},"content":{"rendered":"","protected":false},"author":2,"template":"","meta":[],"class_list":["post-12193","localizacion","type-localizacion","status-publish","hentry"],"yoast_head":"<!-- This site is optimized with the Yoast SEO plugin v28.3 - https:\/\/yoast.com\/product\/yoast-seo-wordpress\/ -->\n<title>Rodar en R\u00edo Ter - Aguait dOcells Ardeis - Spain Film Commission<\/title>\n<meta name=\"description\" content=\"En esta p\u00e1gina encontrar\u00e1s una peque\u00f1a descripci\u00f3n, m\u00e1genes e informaci\u00f3n relevante para que te hagas una idea de c\u00f3mo es rodar en R\u00edo Ter - Aguait dOcells Ardeis\" \/>\n<meta name=\"robots\" content=\"index, follow, max-snippet:-1, max-image-preview:large, max-video-preview:-1\" \/>\n<link rel=\"canonical\" href=\"https:\/\/spainfilmcommission.com\/en\/ai-locations\/rio-ter-aguait-docells-ardeis\/\" \/>\n<meta property=\"og:locale\" content=\"en_US\" \/>\n<meta property=\"og:type\" content=\"article\" \/>\n<meta property=\"og:title\" content=\"Rodar en R\u00edo Ter - Aguait dOcells Ardeis - Spain Film Commission\" \/>\n<meta property=\"og:description\" content=\"En esta p\u00e1gina encontrar\u00e1s una peque\u00f1a descripci\u00f3n, m\u00e1genes e informaci\u00f3n relevante para que te hagas una idea de c\u00f3mo es rodar en R\u00edo Ter - Aguait dOcells Ardeis\" \/>\n<meta property=\"og:url\" content=\"https:\/\/spainfilmcommission.com\/en\/ai-locations\/rio-ter-aguait-docells-ardeis\/\" \/>\n<meta property=\"og:site_name\" content=\"Spain Film Commission\" \/>\n<meta property=\"article:modified_time\" content=\"2025-04-21T10:26:53+00:00\" \/>\n<meta name=\"twitter:card\" content=\"summary_large_image\" \/>\n<script type=\"application\/ld+json\" class=\"yoast-schema-graph\">{\"@context\":\"https:\\\/\\\/schema.org\",\"@graph\":[{\"@type\":\"WebPage\",\"@id\":\"https:\\\/\\\/spainfilmcommission.com\\\/en\\\/ai-locations\\\/rio-ter-aguait-docells-ardeis\\\/\",\"url\":\"https:\\\/\\\/spainfilmcommission.com\\\/en\\\/ai-locations\\\/rio-ter-aguait-docells-ardeis\\\/\",\"name\":\"Rodar en R\u00edo Ter - Aguait dOcells Ardeis - Spain Film Commission\",\"isPartOf\":{\"@id\":\"https:\\\/\\\/spainfilmcommission.com\\\/en\\\/#website\"},\"datePublished\":\"2025-02-27T18:51:46+00:00\",\"dateModified\":\"2025-04-21T10:26:53+00:00\",\"description\":\"En esta p\u00e1gina encontrar\u00e1s una peque\u00f1a descripci\u00f3n, m\u00e1genes e informaci\u00f3n relevante para que te hagas una idea de c\u00f3mo es rodar en R\u00edo Ter - Aguait dOcells Ardeis\",\"breadcrumb\":{\"@id\":\"https:\\\/\\\/spainfilmcommission.com\\\/en\\\/ai-locations\\\/rio-ter-aguait-docells-ardeis\\\/#breadcrumb\"},\"inLanguage\":\"en-US\",\"potentialAction\":[{\"@type\":\"ReadAction\",\"target\":[\"https:\\\/\\\/spainfilmcommission.com\\\/en\\\/ai-locations\\\/rio-ter-aguait-docells-ardeis\\\/\"]}]},{\"@type\":\"BreadcrumbList\",\"@id\":\"https:\\\/\\\/spainfilmcommission.com\\\/en\\\/ai-locations\\\/rio-ter-aguait-docells-ardeis\\\/#breadcrumb\",\"itemListElement\":[{\"@type\":\"ListItem\",\"position\":1,\"name\":\"Portada\",\"item\":\"https:\\\/\\\/spainfilmcommission.com\\\/en\\\/\"},{\"@type\":\"ListItem\",\"position\":2,\"name\":\"R\u00edo Ter &#8211; Aguait dOcells Ardeis\"}]},{\"@type\":\"WebSite\",\"@id\":\"https:\\\/\\\/spainfilmcommission.com\\\/en\\\/#website\",\"url\":\"https:\\\/\\\/spainfilmcommission.com\\\/en\\\/\",\"name\":\"Spain Film Commission\",\"description\":\"\",\"publisher\":{\"@id\":\"https:\\\/\\\/spainfilmcommission.com\\\/en\\\/#organization\"},\"potentialAction\":[{\"@type\":\"SearchAction\",\"target\":{\"@type\":\"EntryPoint\",\"urlTemplate\":\"https:\\\/\\\/spainfilmcommission.com\\\/en\\\/?s={search_term_string}\"},\"query-input\":{\"@type\":\"PropertyValueSpecification\",\"valueRequired\":true,\"valueName\":\"search_term_string\"}}],\"inLanguage\":\"en-US\"},{\"@type\":\"Organization\",\"@id\":\"https:\\\/\\\/spainfilmcommission.com\\\/en\\\/#organization\",\"name\":\"Spain Film Commission\",\"url\":\"https:\\\/\\\/spainfilmcommission.com\\\/en\\\/\",\"logo\":{\"@type\":\"ImageObject\",\"inLanguage\":\"en-US\",\"@id\":\"https:\\\/\\\/spainfilmcommission.com\\\/en\\\/#\\\/schema\\\/logo\\\/image\\\/\",\"url\":\"https:\\\/\\\/spainfilmcommission.com\\\/wp-content\\\/uploads\\\/2024\\\/07\\\/SPC_COLOR.png\",\"contentUrl\":\"https:\\\/\\\/spainfilmcommission.com\\\/wp-content\\\/uploads\\\/2024\\\/07\\\/SPC_COLOR.png\",\"width\":1665,\"height\":1665,\"caption\":\"Spain Film Commission\"},\"image\":{\"@id\":\"https:\\\/\\\/spainfilmcommission.com\\\/en\\\/#\\\/schema\\\/logo\\\/image\\\/\"}}]}<\/script>\n<!-- \/ Yoast SEO plugin. -->","yoast_head_json":{"title":"Rodar en R\u00edo Ter - Aguait dOcells Ardeis - Spain Film Commission","description":"En esta p\u00e1gina encontrar\u00e1s una peque\u00f1a descripci\u00f3n, m\u00e1genes e informaci\u00f3n relevante para que te hagas una idea de c\u00f3mo es rodar en R\u00edo Ter - Aguait dOcells Ardeis","robots":{"index":"index","follow":"follow","max-snippet":"max-snippet:-1","max-image-preview":"max-image-preview:large","max-video-preview":"max-video-preview:-1"},"canonical":"https:\/\/spainfilmcommission.com\/en\/ai-locations\/rio-ter-aguait-docells-ardeis\/","og_locale":"en_US","og_type":"article","og_title":"Rodar en R\u00edo Ter - Aguait dOcells Ardeis - Spain Film Commission","og_description":"En esta p\u00e1gina encontrar\u00e1s una peque\u00f1a descripci\u00f3n, m\u00e1genes e informaci\u00f3n relevante para que te hagas una idea de c\u00f3mo es rodar en R\u00edo Ter - Aguait dOcells Ardeis","og_url":"https:\/\/spainfilmcommission.com\/en\/ai-locations\/rio-ter-aguait-docells-ardeis\/","og_site_name":"Spain Film Commission","article_modified_time":"2025-04-21T10:26:53+00:00","twitter_card":"summary_large_image","schema":{"@context":"https:\/\/schema.org","@graph":[{"@type":"WebPage","@id":"https:\/\/spainfilmcommission.com\/en\/ai-locations\/rio-ter-aguait-docells-ardeis\/","url":"https:\/\/spainfilmcommission.com\/en\/ai-locations\/rio-ter-aguait-docells-ardeis\/","name":"Rodar en R\u00edo Ter - Aguait dOcells Ardeis - Spain Film Commission","isPartOf":{"@id":"https:\/\/spainfilmcommission.com\/en\/#website"},"datePublished":"2025-02-27T18:51:46+00:00","dateModified":"2025-04-21T10:26:53+00:00","description":"En esta p\u00e1gina encontrar\u00e1s una peque\u00f1a descripci\u00f3n, m\u00e1genes e informaci\u00f3n relevante para que te hagas una idea de c\u00f3mo es rodar en R\u00edo Ter - Aguait dOcells Ardeis","breadcrumb":{"@id":"https:\/\/spainfilmcommission.com\/en\/ai-locations\/rio-ter-aguait-docells-ardeis\/#breadcrumb"},"inLanguage":"en-US","potentialAction":[{"@type":"ReadAction","target":["https:\/\/spainfilmcommission.com\/en\/ai-locations\/rio-ter-aguait-docells-ardeis\/"]}]},{"@type":"BreadcrumbList","@id":"https:\/\/spainfilmcommission.com\/en\/ai-locations\/rio-ter-aguait-docells-ardeis\/#breadcrumb","itemListElement":[{"@type":"ListItem","position":1,"name":"Portada","item":"https:\/\/spainfilmcommission.com\/en\/"},{"@type":"ListItem","position":2,"name":"R\u00edo Ter &#8211; Aguait dOcells Ardeis"}]},{"@type":"WebSite","@id":"https:\/\/spainfilmcommission.com\/en\/#website","url":"https:\/\/spainfilmcommission.com\/en\/","name":"Spain Film Commission","description":"","publisher":{"@id":"https:\/\/spainfilmcommission.com\/en\/#organization"},"potentialAction":[{"@type":"SearchAction","target":{"@type":"EntryPoint","urlTemplate":"https:\/\/spainfilmcommission.com\/en\/?s={search_term_string}"},"query-input":{"@type":"PropertyValueSpecification","valueRequired":true,"valueName":"search_term_string"}}],"inLanguage":"en-US"},{"@type":"Organization","@id":"https:\/\/spainfilmcommission.com\/en\/#organization","name":"Spain Film Commission","url":"https:\/\/spainfilmcommission.com\/en\/","logo":{"@type":"ImageObject","inLanguage":"en-US","@id":"https:\/\/spainfilmcommission.com\/en\/#\/schema\/logo\/image\/","url":"https:\/\/spainfilmcommission.com\/wp-content\/uploads\/2024\/07\/SPC_COLOR.png","contentUrl":"https:\/\/spainfilmcommission.com\/wp-content\/uploads\/2024\/07\/SPC_COLOR.png","width":1665,"height":1665,"caption":"Spain Film Commission"},"image":{"@id":"https:\/\/spainfilmcommission.com\/en\/#\/schema\/logo\/image\/"}}]}},"socio":[{"ID":"48","user_login":"catalunya-film-commission","user_nicename":"catalunya-film-commission","display_name":"catalunya-film-commission","user_pass":"****************","user_email":"cfc@gencat.cat","user_url":"","user_registered":"2024-12-19 18:19:08","id":48}],"nombrees":"R\u00edo Ter - Aguait d'Ocells Ardeis","nombreen":"Ter River - Aguait d'Ocells Ardeis","localidad":"Les Masies de Voltreg\u00e0","provincia":"Barcelona","coordenadas_maps":"42.01909536327483, 2.251459337912724","latitud":"42.019095363275","longitud":"2.251459337913","direcciones":"","direccionen":"","cod_postal":[],"telefono":"","fax":"","mail":"","web":"https:\/\/www.bcncatfilmcommission.com\/es\/location\/vora-ter-aguait-docells-ardeids","descripciones":"Ruta agradable y muy recomendable a orillas del r\u00edo Ter que tiene inicio en el Despujol, una preciosa casa se\u00f1orial que actualmente es la sede del Ayuntamiento de Les Masies de Voltreg\u00e0. Saliendo de la finca, que tiene unos jardines privilegiados, hay que caminar junto a campos que conforman el t\u00edpico paisaje de Osona, pasando por encima del canal que se dirige hacia las hilaturas Gallifa, un antiguo asentamiento industrial del s. XIX, hasta llegar al r\u00edo Ter. Se puede observar una de las pocas islas fluviales que tiene el Ter en su curso medio-alto, la isla de Gallifa. Es una maravilla seguir el r\u00edo durante varios kil\u00f3metros gozando de su bosque de ribera y su fauna. Al alejarse del r\u00edo se puede observar la mas\u00eda de Gallifa y la Font del Peret\u00f3, donde vale la pena parar para fijarse con su vegetaci\u00f3n fontinal. Habr\u00e1 que subirse a la ermita de la Virgen de F\u00e1tima para obtener unas grandes vistas del pueblo y de las monta\u00f1as que rodean la llanura de Osona. Por \u00faltimo, antes de volver al Despujol, es imprescindible detenerse en el mirador de una de las colonias de p\u00e1jaros ardeidos m\u00e1s importantes de Europa...","descripcionen":"A pleasant and highly recommended route on the banks of the river Ter that begins at the Despujol, a beautiful manor house that is currently the headquarters of the Town Hall of Les Masies de Voltreg\u00e0. Leaving the estate, which has privileged gardens, you have to walk along fields that make up the typical Osona landscape, passing over the canal that leads to the Gallifa spinning mills, an old industrial settlement of the s. XIX, until reaching the river Ter. One of the few river islands in the Ter in its middle-high course, the island of Gallifa, can be seen. It is wonderful to follow the river for a few kilometers, enjoying its riparian forest and its fauna. As you move away from the river, you can see the Gallifa farmhouse and the Font del Peret\u00f3, where it is worth stopping to pay attention to its fountain vegetation. You will have to climb to the hermitage of Our Lady of Fatima to get great views of the village and the mountains that surround the Osona plain. Finally, before returning to the Despujol, it is essential to stop at the viewpoint of one of the most important...","galeria":[{"ID":"26247","post_author":"2","post_date":"2025-03-08 11:52:09","post_date_gmt":"2025-03-08 10:52:09","post_content":"","post_title":"foto-1172_9662","post_excerpt":"","post_status":"inherit","comment_status":"closed","ping_status":"closed","post_password":"","post_name":"foto-1172_9662","to_ping":"","pinged":"","post_modified":"2025-04-21 12:26:53","post_modified_gmt":"2025-04-21 10:26:53","post_content_filtered":"","post_parent":"12193","guid":"https:\/\/spainfilmcommission.com\/wp-content\/uploads\/2025\/03\/foto-1172_9662.jpg","menu_order":"0","post_type":"attachment","post_mime_type":"image\/jpeg","comment_count":"0","pod_item_id":"26247"},{"ID":"26249","post_author":"2","post_date":"2025-03-08 11:52:11","post_date_gmt":"2025-03-08 10:52:11","post_content":"","post_title":"foto-1172_9663","post_excerpt":"","post_status":"inherit","comment_status":"closed","ping_status":"closed","post_password":"","post_name":"foto-1172_9663","to_ping":"","pinged":"","post_modified":"2025-04-21 12:26:53","post_modified_gmt":"2025-04-21 10:26:53","post_content_filtered":"","post_parent":"12193","guid":"https:\/\/spainfilmcommission.com\/wp-content\/uploads\/2025\/03\/foto-1172_9663.jpg","menu_order":"0","post_type":"attachment","post_mime_type":"image\/jpeg","comment_count":"0","pod_item_id":"26249"},{"ID":"26251","post_author":"2","post_date":"2025-03-08 11:52:12","post_date_gmt":"2025-03-08 10:52:12","post_content":"","post_title":"foto-1172_9664","post_excerpt":"","post_status":"inherit","comment_status":"closed","ping_status":"closed","post_password":"","post_name":"foto-1172_9664","to_ping":"","pinged":"","post_modified":"2025-04-21 12:26:53","post_modified_gmt":"2025-04-21 10:26:53","post_content_filtered":"","post_parent":"12193","guid":"https:\/\/spainfilmcommission.com\/wp-content\/uploads\/2025\/03\/foto-1172_9664.jpg","menu_order":"0","post_type":"attachment","post_mime_type":"image\/jpeg","comment_count":"0","pod_item_id":"26251"},{"ID":"26253","post_author":"2","post_date":"2025-03-08 11:52:14","post_date_gmt":"2025-03-08 10:52:14","post_content":"","post_title":"foto-1172_9665","post_excerpt":"","post_status":"inherit","comment_status":"closed","ping_status":"closed","post_password":"","post_name":"foto-1172_9665","to_ping":"","pinged":"","post_modified":"2025-04-21 12:26:53","post_modified_gmt":"2025-04-21 10:26:53","post_content_filtered":"","post_parent":"12193","guid":"https:\/\/spainfilmcommission.com\/wp-content\/uploads\/2025\/03\/foto-1172_9665.jpg","menu_order":"0","post_type":"attachment","post_mime_type":"image\/jpeg","comment_count":"0","pod_item_id":"26253"}],"nombrepaginaes":"rio-ter-aguait-docells-ardeis","nombrepaginaen":"ter-river-aguait-docells-ardeis","latitud_gps":"","longitud_gps":"","adicionaleses":"","adicionalesen":"","videoes":"","videoen":"","video2es":"","video2en":"","_links":{"self":[{"href":"https:\/\/spainfilmcommission.com\/en\/wp-json\/wp\/v2\/localizaciones\/localizacion\/12193","targetHints":{"allow":["GET"]}}],"collection":[{"href":"https:\/\/spainfilmcommission.com\/en\/wp-json\/wp\/v2\/localizaciones\/localizacion"}],"about":[{"href":"https:\/\/spainfilmcommission.com\/en\/wp-json\/wp\/v2\/types\/localizacion"}],"author":[{"embeddable":true,"href":"https:\/\/spainfilmcommission.com\/en\/wp-json\/wp\/v2\/users\/2"}],"wp:attachment":[{"href":"https:\/\/spainfilmcommission.com\/en\/wp-json\/wp\/v2\/media?parent=12193"}],"curies":[{"name":"wp","href":"https:\/\/api.w.org\/{rel}","templated":true}]}}