{"id":12056,"date":"2025-02-27T19:49:16","date_gmt":"2025-02-27T18:49:16","guid":{"rendered":"https:\/\/spainfilmcommission.com\/?post_type=localizacion&#038;p=12056"},"modified":"2025-04-21T12:42:21","modified_gmt":"2025-04-21T10:42:21","slug":"san-pedro-cultural","status":"publish","type":"localizacion","link":"https:\/\/spainfilmcommission.com\/en\/ai-locations\/san-pedro-cultural\/","title":{"rendered":"San Pedro Cultural"},"content":{"rendered":"","protected":false},"author":2,"template":"","meta":[],"class_list":["post-12056","localizacion","type-localizacion","status-publish","hentry"],"yoast_head":"<!-- This site is optimized with the Yoast SEO plugin v28.3 - https:\/\/yoast.com\/product\/yoast-seo-wordpress\/ -->\n<title>Rodar en San Pedro Cultural - Spain Film Commission<\/title>\n<meta name=\"description\" content=\"En esta p\u00e1gina encontrar\u00e1s una peque\u00f1a descripci\u00f3n, m\u00e1genes e informaci\u00f3n relevante para que te hagas una idea de c\u00f3mo es rodar en San Pedro Cultural\" \/>\n<meta name=\"robots\" content=\"index, follow, max-snippet:-1, max-image-preview:large, max-video-preview:-1\" \/>\n<link rel=\"canonical\" href=\"https:\/\/spainfilmcommission.com\/en\/ai-locations\/san-pedro-cultural\/\" \/>\n<meta property=\"og:locale\" content=\"en_US\" \/>\n<meta property=\"og:type\" content=\"article\" \/>\n<meta property=\"og:title\" content=\"Rodar en San Pedro Cultural - Spain Film Commission\" \/>\n<meta property=\"og:description\" content=\"En esta p\u00e1gina encontrar\u00e1s una peque\u00f1a descripci\u00f3n, m\u00e1genes e informaci\u00f3n relevante para que te hagas una idea de c\u00f3mo es rodar en San Pedro Cultural\" \/>\n<meta property=\"og:url\" content=\"https:\/\/spainfilmcommission.com\/en\/ai-locations\/san-pedro-cultural\/\" \/>\n<meta property=\"og:site_name\" content=\"Spain Film Commission\" \/>\n<meta property=\"article:modified_time\" content=\"2025-04-21T10:42:21+00:00\" \/>\n<meta name=\"twitter:card\" content=\"summary_large_image\" \/>\n<script type=\"application\/ld+json\" class=\"yoast-schema-graph\">{\"@context\":\"https:\\\/\\\/schema.org\",\"@graph\":[{\"@type\":\"WebPage\",\"@id\":\"https:\\\/\\\/spainfilmcommission.com\\\/en\\\/ai-locations\\\/san-pedro-cultural\\\/\",\"url\":\"https:\\\/\\\/spainfilmcommission.com\\\/en\\\/ai-locations\\\/san-pedro-cultural\\\/\",\"name\":\"Rodar en San Pedro Cultural - Spain Film Commission\",\"isPartOf\":{\"@id\":\"https:\\\/\\\/spainfilmcommission.com\\\/en\\\/#website\"},\"datePublished\":\"2025-02-27T18:49:16+00:00\",\"dateModified\":\"2025-04-21T10:42:21+00:00\",\"description\":\"En esta p\u00e1gina encontrar\u00e1s una peque\u00f1a descripci\u00f3n, m\u00e1genes e informaci\u00f3n relevante para que te hagas una idea de c\u00f3mo es rodar en San Pedro Cultural\",\"breadcrumb\":{\"@id\":\"https:\\\/\\\/spainfilmcommission.com\\\/en\\\/ai-locations\\\/san-pedro-cultural\\\/#breadcrumb\"},\"inLanguage\":\"en-US\",\"potentialAction\":[{\"@type\":\"ReadAction\",\"target\":[\"https:\\\/\\\/spainfilmcommission.com\\\/en\\\/ai-locations\\\/san-pedro-cultural\\\/\"]}]},{\"@type\":\"BreadcrumbList\",\"@id\":\"https:\\\/\\\/spainfilmcommission.com\\\/en\\\/ai-locations\\\/san-pedro-cultural\\\/#breadcrumb\",\"itemListElement\":[{\"@type\":\"ListItem\",\"position\":1,\"name\":\"Portada\",\"item\":\"https:\\\/\\\/spainfilmcommission.com\\\/en\\\/\"},{\"@type\":\"ListItem\",\"position\":2,\"name\":\"San Pedro Cultural\"}]},{\"@type\":\"WebSite\",\"@id\":\"https:\\\/\\\/spainfilmcommission.com\\\/en\\\/#website\",\"url\":\"https:\\\/\\\/spainfilmcommission.com\\\/en\\\/\",\"name\":\"Spain Film Commission\",\"description\":\"\",\"publisher\":{\"@id\":\"https:\\\/\\\/spainfilmcommission.com\\\/en\\\/#organization\"},\"potentialAction\":[{\"@type\":\"SearchAction\",\"target\":{\"@type\":\"EntryPoint\",\"urlTemplate\":\"https:\\\/\\\/spainfilmcommission.com\\\/en\\\/?s={search_term_string}\"},\"query-input\":{\"@type\":\"PropertyValueSpecification\",\"valueRequired\":true,\"valueName\":\"search_term_string\"}}],\"inLanguage\":\"en-US\"},{\"@type\":\"Organization\",\"@id\":\"https:\\\/\\\/spainfilmcommission.com\\\/en\\\/#organization\",\"name\":\"Spain Film Commission\",\"url\":\"https:\\\/\\\/spainfilmcommission.com\\\/en\\\/\",\"logo\":{\"@type\":\"ImageObject\",\"inLanguage\":\"en-US\",\"@id\":\"https:\\\/\\\/spainfilmcommission.com\\\/en\\\/#\\\/schema\\\/logo\\\/image\\\/\",\"url\":\"https:\\\/\\\/spainfilmcommission.com\\\/wp-content\\\/uploads\\\/2024\\\/07\\\/SPC_COLOR.png\",\"contentUrl\":\"https:\\\/\\\/spainfilmcommission.com\\\/wp-content\\\/uploads\\\/2024\\\/07\\\/SPC_COLOR.png\",\"width\":1665,\"height\":1665,\"caption\":\"Spain Film Commission\"},\"image\":{\"@id\":\"https:\\\/\\\/spainfilmcommission.com\\\/en\\\/#\\\/schema\\\/logo\\\/image\\\/\"}}]}<\/script>\n<!-- \/ Yoast SEO plugin. -->","yoast_head_json":{"title":"Rodar en San Pedro Cultural - Spain Film Commission","description":"En esta p\u00e1gina encontrar\u00e1s una peque\u00f1a descripci\u00f3n, m\u00e1genes e informaci\u00f3n relevante para que te hagas una idea de c\u00f3mo es rodar en San Pedro Cultural","robots":{"index":"index","follow":"follow","max-snippet":"max-snippet:-1","max-image-preview":"max-image-preview:large","max-video-preview":"max-video-preview:-1"},"canonical":"https:\/\/spainfilmcommission.com\/en\/ai-locations\/san-pedro-cultural\/","og_locale":"en_US","og_type":"article","og_title":"Rodar en San Pedro Cultural - Spain Film Commission","og_description":"En esta p\u00e1gina encontrar\u00e1s una peque\u00f1a descripci\u00f3n, m\u00e1genes e informaci\u00f3n relevante para que te hagas una idea de c\u00f3mo es rodar en San Pedro Cultural","og_url":"https:\/\/spainfilmcommission.com\/en\/ai-locations\/san-pedro-cultural\/","og_site_name":"Spain Film Commission","article_modified_time":"2025-04-21T10:42:21+00:00","twitter_card":"summary_large_image","schema":{"@context":"https:\/\/schema.org","@graph":[{"@type":"WebPage","@id":"https:\/\/spainfilmcommission.com\/en\/ai-locations\/san-pedro-cultural\/","url":"https:\/\/spainfilmcommission.com\/en\/ai-locations\/san-pedro-cultural\/","name":"Rodar en San Pedro Cultural - Spain Film Commission","isPartOf":{"@id":"https:\/\/spainfilmcommission.com\/en\/#website"},"datePublished":"2025-02-27T18:49:16+00:00","dateModified":"2025-04-21T10:42:21+00:00","description":"En esta p\u00e1gina encontrar\u00e1s una peque\u00f1a descripci\u00f3n, m\u00e1genes e informaci\u00f3n relevante para que te hagas una idea de c\u00f3mo es rodar en San Pedro Cultural","breadcrumb":{"@id":"https:\/\/spainfilmcommission.com\/en\/ai-locations\/san-pedro-cultural\/#breadcrumb"},"inLanguage":"en-US","potentialAction":[{"@type":"ReadAction","target":["https:\/\/spainfilmcommission.com\/en\/ai-locations\/san-pedro-cultural\/"]}]},{"@type":"BreadcrumbList","@id":"https:\/\/spainfilmcommission.com\/en\/ai-locations\/san-pedro-cultural\/#breadcrumb","itemListElement":[{"@type":"ListItem","position":1,"name":"Portada","item":"https:\/\/spainfilmcommission.com\/en\/"},{"@type":"ListItem","position":2,"name":"San Pedro Cultural"}]},{"@type":"WebSite","@id":"https:\/\/spainfilmcommission.com\/en\/#website","url":"https:\/\/spainfilmcommission.com\/en\/","name":"Spain Film Commission","description":"","publisher":{"@id":"https:\/\/spainfilmcommission.com\/en\/#organization"},"potentialAction":[{"@type":"SearchAction","target":{"@type":"EntryPoint","urlTemplate":"https:\/\/spainfilmcommission.com\/en\/?s={search_term_string}"},"query-input":{"@type":"PropertyValueSpecification","valueRequired":true,"valueName":"search_term_string"}}],"inLanguage":"en-US"},{"@type":"Organization","@id":"https:\/\/spainfilmcommission.com\/en\/#organization","name":"Spain Film Commission","url":"https:\/\/spainfilmcommission.com\/en\/","logo":{"@type":"ImageObject","inLanguage":"en-US","@id":"https:\/\/spainfilmcommission.com\/en\/#\/schema\/logo\/image\/","url":"https:\/\/spainfilmcommission.com\/wp-content\/uploads\/2024\/07\/SPC_COLOR.png","contentUrl":"https:\/\/spainfilmcommission.com\/wp-content\/uploads\/2024\/07\/SPC_COLOR.png","width":1665,"height":1665,"caption":"Spain Film Commission"},"image":{"@id":"https:\/\/spainfilmcommission.com\/en\/#\/schema\/logo\/image\/"}}]}},"socio":[{"ID":"28","user_login":"castilla-y-leon-film-commission","user_nicename":"castilla-y-leon-film-commission","display_name":"castilla-y-leon-film-commission","user_pass":"****************","user_email":"kristine.guzman@jcyl.es","user_url":"","user_registered":"2024-12-19 15:53:09","id":28}],"nombrees":"San Pedro Cultural","nombreen":"Cultural San Pedro","localidad":"Becerril de Campos","provincia":"Palencia","coordenadas_maps":"42.107924, -4.642996","latitud":"42.107924000000","longitud":"-4.642996000000","direcciones":"","direccionen":"","cod_postal":[],"telefono":"","fax":"","mail":"","web":"https:\/\/www.sanpedrocultural.es\/","descripciones":"Antigua iglesia rom\u00e1nica del siglo XII que en el a\u00f1o 2015 se convirti\u00f3 en un centro astron\u00f3mico. La \u00fanica L\u00ednea Meridiana visitable de Espa\u00f1a que funciona a trav\u00e9s de las diferentes entradas de luz, indicando el mediod\u00eda solar y los meses del a\u00f1o. El Estelarium, con una recreaci\u00f3n de las constelaciones visibles sobre el cielo de Becerril de Campos, a trav\u00e9s de la b\u00f3veda con una reproducci\u00f3n del firmamento. Un P\u00e9ndulo de Foucault instalado en el \u00e1bside de San Pedro, que muestra el movimiento de rotaci\u00f3n terrestre. Relojes solares declinantes que dan la hora solar durante el d\u00eda. Varios Estenopos, entre ellos uno Austral, por el que entra el Sol y se proyecta sobre la L\u00ednea Meridiana marcando el mediod\u00eda exacto a lo largo del a\u00f1o. A las 12:00 del mediod\u00eda, se observa c\u00f3mo la luz solar discurre por el meridiano de Becerril, que atraviesa la comarca castellana de Tierra de Campos.","descripcionen":"Old Romanesque church from the 12th century that in 2015 became an astronomical center. The only Meridian Line that can be visited in Spain that works through the different light inputs, indicating the solar noon and the months of the year. The Estelarium, with a recreation of the constellations visible on the sky of Becerril de Campos, through the vault with a reproduction of the firmament. A Foucault Pendulum installed in the apse of Saint Peter, showing the movement of the earth's rotation. Declining sundials that tell the solar time during the day. Several Pinholes, including one Austral, through which the Sun enters and is projected on the Meridian Line marking the exact noon throughout the year. At 12:00 noon, it is observed how sunlight flows through the Becerril meridian, which crosses the Castilian region of Tierra de Campos.","galeria":[{"ID":"25067","post_author":"2","post_date":"2025-03-08 04:09:06","post_date_gmt":"2025-03-08 03:09:06","post_content":"","post_title":"foto-1031_9022","post_excerpt":"","post_status":"inherit","comment_status":"closed","ping_status":"closed","post_password":"","post_name":"foto-1031_9022","to_ping":"","pinged":"","post_modified":"2025-04-21 12:42:21","post_modified_gmt":"2025-04-21 10:42:21","post_content_filtered":"","post_parent":"12056","guid":"https:\/\/spainfilmcommission.com\/wp-content\/uploads\/2025\/03\/foto-1031_9022.jpg","menu_order":"0","post_type":"attachment","post_mime_type":"image\/jpeg","comment_count":"0","pod_item_id":"25067"},{"ID":"25069","post_author":"2","post_date":"2025-03-08 04:09:08","post_date_gmt":"2025-03-08 03:09:08","post_content":"","post_title":"foto-1031_9023","post_excerpt":"","post_status":"inherit","comment_status":"closed","ping_status":"closed","post_password":"","post_name":"foto-1031_9023","to_ping":"","pinged":"","post_modified":"2025-04-21 12:42:21","post_modified_gmt":"2025-04-21 10:42:21","post_content_filtered":"","post_parent":"12056","guid":"https:\/\/spainfilmcommission.com\/wp-content\/uploads\/2025\/03\/foto-1031_9023.jpg","menu_order":"0","post_type":"attachment","post_mime_type":"image\/jpeg","comment_count":"0","pod_item_id":"25069"},{"ID":"25071","post_author":"2","post_date":"2025-03-08 04:09:09","post_date_gmt":"2025-03-08 03:09:09","post_content":"","post_title":"foto-1031_9024","post_excerpt":"","post_status":"inherit","comment_status":"closed","ping_status":"closed","post_password":"","post_name":"foto-1031_9024","to_ping":"","pinged":"","post_modified":"2025-04-21 12:42:21","post_modified_gmt":"2025-04-21 10:42:21","post_content_filtered":"","post_parent":"12056","guid":"https:\/\/spainfilmcommission.com\/wp-content\/uploads\/2025\/03\/foto-1031_9024.jpg","menu_order":"0","post_type":"attachment","post_mime_type":"image\/jpeg","comment_count":"0","pod_item_id":"25071"},{"ID":"25073","post_author":"2","post_date":"2025-03-08 04:09:11","post_date_gmt":"2025-03-08 03:09:11","post_content":"","post_title":"foto-1031_9025","post_excerpt":"","post_status":"inherit","comment_status":"closed","ping_status":"closed","post_password":"","post_name":"foto-1031_9025","to_ping":"","pinged":"","post_modified":"2025-04-21 12:42:21","post_modified_gmt":"2025-04-21 10:42:21","post_content_filtered":"","post_parent":"12056","guid":"https:\/\/spainfilmcommission.com\/wp-content\/uploads\/2025\/03\/foto-1031_9025.jpg","menu_order":"0","post_type":"attachment","post_mime_type":"image\/jpeg","comment_count":"0","pod_item_id":"25073"},{"ID":"25075","post_author":"2","post_date":"2025-03-08 04:09:13","post_date_gmt":"2025-03-08 03:09:13","post_content":"","post_title":"foto-1031_9026","post_excerpt":"","post_status":"inherit","comment_status":"closed","ping_status":"closed","post_password":"","post_name":"foto-1031_9026","to_ping":"","pinged":"","post_modified":"2025-04-21 12:42:21","post_modified_gmt":"2025-04-21 10:42:21","post_content_filtered":"","post_parent":"12056","guid":"https:\/\/spainfilmcommission.com\/wp-content\/uploads\/2025\/03\/foto-1031_9026.jpg","menu_order":"0","post_type":"attachment","post_mime_type":"image\/jpeg","comment_count":"0","pod_item_id":"25075"},{"ID":"25077","post_author":"2","post_date":"2025-03-08 04:09:16","post_date_gmt":"2025-03-08 03:09:16","post_content":"","post_title":"foto-1031_9027","post_excerpt":"","post_status":"inherit","comment_status":"closed","ping_status":"closed","post_password":"","post_name":"foto-1031_9027","to_ping":"","pinged":"","post_modified":"2025-04-21 12:42:21","post_modified_gmt":"2025-04-21 10:42:21","post_content_filtered":"","post_parent":"12056","guid":"https:\/\/spainfilmcommission.com\/wp-content\/uploads\/2025\/03\/foto-1031_9027.jpg","menu_order":"0","post_type":"attachment","post_mime_type":"image\/jpeg","comment_count":"0","pod_item_id":"25077"},{"ID":"25079","post_author":"2","post_date":"2025-03-08 04:09:18","post_date_gmt":"2025-03-08 03:09:18","post_content":"","post_title":"foto-1031_9028","post_excerpt":"","post_status":"inherit","comment_status":"closed","ping_status":"closed","post_password":"","post_name":"foto-1031_9028","to_ping":"","pinged":"","post_modified":"2025-04-21 12:42:21","post_modified_gmt":"2025-04-21 10:42:21","post_content_filtered":"","post_parent":"12056","guid":"https:\/\/spainfilmcommission.com\/wp-content\/uploads\/2025\/03\/foto-1031_9028.jpg","menu_order":"0","post_type":"attachment","post_mime_type":"image\/jpeg","comment_count":"0","pod_item_id":"25079"},{"ID":"25081","post_author":"2","post_date":"2025-03-08 04:09:20","post_date_gmt":"2025-03-08 03:09:20","post_content":"","post_title":"foto-1031_9029","post_excerpt":"","post_status":"inherit","comment_status":"closed","ping_status":"closed","post_password":"","post_name":"foto-1031_9029","to_ping":"","pinged":"","post_modified":"2025-04-21 12:42:21","post_modified_gmt":"2025-04-21 10:42:21","post_content_filtered":"","post_parent":"12056","guid":"https:\/\/spainfilmcommission.com\/wp-content\/uploads\/2025\/03\/foto-1031_9029.jpg","menu_order":"0","post_type":"attachment","post_mime_type":"image\/jpeg","comment_count":"0","pod_item_id":"25081"},{"ID":"25083","post_author":"2","post_date":"2025-03-08 04:09:22","post_date_gmt":"2025-03-08 03:09:22","post_content":"","post_title":"foto-1031_9030","post_excerpt":"","post_status":"inherit","comment_status":"closed","ping_status":"closed","post_password":"","post_name":"foto-1031_9030","to_ping":"","pinged":"","post_modified":"2025-04-21 12:42:21","post_modified_gmt":"2025-04-21 10:42:21","post_content_filtered":"","post_parent":"12056","guid":"https:\/\/spainfilmcommission.com\/wp-content\/uploads\/2025\/03\/foto-1031_9030.jpg","menu_order":"0","post_type":"attachment","post_mime_type":"image\/jpeg","comment_count":"0","pod_item_id":"25083"},{"ID":"25085","post_author":"2","post_date":"2025-03-08 04:09:24","post_date_gmt":"2025-03-08 03:09:24","post_content":"","post_title":"foto-1031_9031","post_excerpt":"","post_status":"inherit","comment_status":"closed","ping_status":"closed","post_password":"","post_name":"foto-1031_9031","to_ping":"","pinged":"","post_modified":"2025-04-21 12:42:21","post_modified_gmt":"2025-04-21 10:42:21","post_content_filtered":"","post_parent":"12056","guid":"https:\/\/spainfilmcommission.com\/wp-content\/uploads\/2025\/03\/foto-1031_9031.jpg","menu_order":"0","post_type":"attachment","post_mime_type":"image\/jpeg","comment_count":"0","pod_item_id":"25085"},{"ID":"25087","post_author":"2","post_date":"2025-03-08 04:09:26","post_date_gmt":"2025-03-08 03:09:26","post_content":"","post_title":"foto-1031_9032","post_excerpt":"","post_status":"inherit","comment_status":"closed","ping_status":"closed","post_password":"","post_name":"foto-1031_9032","to_ping":"","pinged":"","post_modified":"2025-04-21 12:42:21","post_modified_gmt":"2025-04-21 10:42:21","post_content_filtered":"","post_parent":"12056","guid":"https:\/\/spainfilmcommission.com\/wp-content\/uploads\/2025\/03\/foto-1031_9032.jpg","menu_order":"0","post_type":"attachment","post_mime_type":"image\/jpeg","comment_count":"0","pod_item_id":"25087"},{"ID":"25089","post_author":"2","post_date":"2025-03-08 04:09:28","post_date_gmt":"2025-03-08 03:09:28","post_content":"","post_title":"foto-1031_9033","post_excerpt":"","post_status":"inherit","comment_status":"closed","ping_status":"closed","post_password":"","post_name":"foto-1031_9033","to_ping":"","pinged":"","post_modified":"2025-04-21 12:42:21","post_modified_gmt":"2025-04-21 10:42:21","post_content_filtered":"","post_parent":"12056","guid":"https:\/\/spainfilmcommission.com\/wp-content\/uploads\/2025\/03\/foto-1031_9033.jpg","menu_order":"0","post_type":"attachment","post_mime_type":"image\/jpeg","comment_count":"0","pod_item_id":"25089"},{"ID":"25091","post_author":"2","post_date":"2025-03-08 04:09:30","post_date_gmt":"2025-03-08 03:09:30","post_content":"","post_title":"foto-1031_9034","post_excerpt":"","post_status":"inherit","comment_status":"closed","ping_status":"closed","post_password":"","post_name":"foto-1031_9034","to_ping":"","pinged":"","post_modified":"2025-04-21 12:42:21","post_modified_gmt":"2025-04-21 10:42:21","post_content_filtered":"","post_parent":"12056","guid":"https:\/\/spainfilmcommission.com\/wp-content\/uploads\/2025\/03\/foto-1031_9034.jpg","menu_order":"0","post_type":"attachment","post_mime_type":"image\/jpeg","comment_count":"0","pod_item_id":"25091"},{"ID":"25093","post_author":"2","post_date":"2025-03-08 04:09:32","post_date_gmt":"2025-03-08 03:09:32","post_content":"","post_title":"foto-1031_9035","post_excerpt":"","post_status":"inherit","comment_status":"closed","ping_status":"closed","post_password":"","post_name":"foto-1031_9035","to_ping":"","pinged":"","post_modified":"2025-04-21 12:42:21","post_modified_gmt":"2025-04-21 10:42:21","post_content_filtered":"","post_parent":"12056","guid":"https:\/\/spainfilmcommission.com\/wp-content\/uploads\/2025\/03\/foto-1031_9035.jpg","menu_order":"0","post_type":"attachment","post_mime_type":"image\/jpeg","comment_count":"0","pod_item_id":"25093"},{"ID":"25095","post_author":"2","post_date":"2025-03-08 04:09:34","post_date_gmt":"2025-03-08 03:09:34","post_content":"","post_title":"foto-1031_9036","post_excerpt":"","post_status":"inherit","comment_status":"closed","ping_status":"closed","post_password":"","post_name":"foto-1031_9036","to_ping":"","pinged":"","post_modified":"2025-04-21 12:42:21","post_modified_gmt":"2025-04-21 10:42:21","post_content_filtered":"","post_parent":"12056","guid":"https:\/\/spainfilmcommission.com\/wp-content\/uploads\/2025\/03\/foto-1031_9036.jpg","menu_order":"0","post_type":"attachment","post_mime_type":"image\/jpeg","comment_count":"0","pod_item_id":"25095"},{"ID":"25097","post_author":"2","post_date":"2025-03-08 04:09:37","post_date_gmt":"2025-03-08 03:09:37","post_content":"","post_title":"foto-1031_9037","post_excerpt":"","post_status":"inherit","comment_status":"closed","ping_status":"closed","post_password":"","post_name":"foto-1031_9037","to_ping":"","pinged":"","post_modified":"2025-04-21 12:42:21","post_modified_gmt":"2025-04-21 10:42:21","post_content_filtered":"","post_parent":"12056","guid":"https:\/\/spainfilmcommission.com\/wp-content\/uploads\/2025\/03\/foto-1031_9037.jpg","menu_order":"0","post_type":"attachment","post_mime_type":"image\/jpeg","comment_count":"0","pod_item_id":"25097"},{"ID":"25099","post_author":"2","post_date":"2025-03-08 04:09:39","post_date_gmt":"2025-03-08 03:09:39","post_content":"","post_title":"foto-1031_9038","post_excerpt":"","post_status":"inherit","comment_status":"closed","ping_status":"closed","post_password":"","post_name":"foto-1031_9038","to_ping":"","pinged":"","post_modified":"2025-04-21 12:42:21","post_modified_gmt":"2025-04-21 10:42:21","post_content_filtered":"","post_parent":"12056","guid":"https:\/\/spainfilmcommission.com\/wp-content\/uploads\/2025\/03\/foto-1031_9038.jpg","menu_order":"0","post_type":"attachment","post_mime_type":"image\/jpeg","comment_count":"0","pod_item_id":"25099"},{"ID":"25101","post_author":"2","post_date":"2025-03-08 04:09:41","post_date_gmt":"2025-03-08 03:09:41","post_content":"","post_title":"foto-1031_9039","post_excerpt":"","post_status":"inherit","comment_status":"closed","ping_status":"closed","post_password":"","post_name":"foto-1031_9039","to_ping":"","pinged":"","post_modified":"2025-04-21 12:42:21","post_modified_gmt":"2025-04-21 10:42:21","post_content_filtered":"","post_parent":"12056","guid":"https:\/\/spainfilmcommission.com\/wp-content\/uploads\/2025\/03\/foto-1031_9039.jpg","menu_order":"0","post_type":"attachment","post_mime_type":"image\/jpeg","comment_count":"0","pod_item_id":"25101"},{"ID":"25103","post_author":"2","post_date":"2025-03-08 04:09:43","post_date_gmt":"2025-03-08 03:09:43","post_content":"","post_title":"foto-1031_9057","post_excerpt":"","post_status":"inherit","comment_status":"closed","ping_status":"closed","post_password":"","post_name":"foto-1031_9057","to_ping":"","pinged":"","post_modified":"2025-04-21 12:42:21","post_modified_gmt":"2025-04-21 10:42:21","post_content_filtered":"","post_parent":"12056","guid":"https:\/\/spainfilmcommission.com\/wp-content\/uploads\/2025\/03\/foto-1031_9057.jpg","menu_order":"0","post_type":"attachment","post_mime_type":"image\/jpeg","comment_count":"0","pod_item_id":"25103"}],"nombrepaginaes":"san-pedro-cultural","nombrepaginaen":"cultural-san-pedro","latitud_gps":"42\u00b006'28.5","longitud_gps":"4\u00b038'34.8","adicionaleses":"","adicionalesen":"","videoes":"","videoen":"","video2es":"","video2en":"","_links":{"self":[{"href":"https:\/\/spainfilmcommission.com\/en\/wp-json\/wp\/v2\/localizaciones\/localizacion\/12056","targetHints":{"allow":["GET"]}}],"collection":[{"href":"https:\/\/spainfilmcommission.com\/en\/wp-json\/wp\/v2\/localizaciones\/localizacion"}],"about":[{"href":"https:\/\/spainfilmcommission.com\/en\/wp-json\/wp\/v2\/types\/localizacion"}],"author":[{"embeddable":true,"href":"https:\/\/spainfilmcommission.com\/en\/wp-json\/wp\/v2\/users\/2"}],"wp:attachment":[{"href":"https:\/\/spainfilmcommission.com\/en\/wp-json\/wp\/v2\/media?parent=12056"}],"curies":[{"name":"wp","href":"https:\/\/api.w.org\/{rel}","templated":true}]}}