{"id":12052,"date":"2025-02-27T19:49:16","date_gmt":"2025-02-27T18:49:16","guid":{"rendered":"https:\/\/spainfilmcommission.com\/?post_type=localizacion&#038;p=12052"},"modified":"2025-04-21T13:02:32","modified_gmt":"2025-04-21T11:02:32","slug":"teatro-albeniz","status":"publish","type":"localizacion","link":"https:\/\/spainfilmcommission.com\/en\/ai-locations\/teatro-albeniz\/","title":{"rendered":"Teatro Alb\u00e9niz"},"content":{"rendered":"","protected":false},"author":2,"template":"","meta":[],"class_list":["post-12052","localizacion","type-localizacion","status-publish","hentry"],"yoast_head":"<!-- This site is optimized with the Yoast SEO plugin v28.3 - https:\/\/yoast.com\/product\/yoast-seo-wordpress\/ -->\n<title>Rodar en Teatro Alb\u00e9niz - Spain Film Commission<\/title>\n<meta name=\"description\" content=\"En esta p\u00e1gina encontrar\u00e1s una peque\u00f1a descripci\u00f3n, m\u00e1genes e informaci\u00f3n relevante para que te hagas una idea de c\u00f3mo es rodar en Teatro Alb\u00e9niz\" \/>\n<meta name=\"robots\" content=\"index, follow, max-snippet:-1, max-image-preview:large, max-video-preview:-1\" \/>\n<link rel=\"canonical\" href=\"https:\/\/spainfilmcommission.com\/en\/ai-locations\/teatro-albeniz\/\" \/>\n<meta property=\"og:locale\" content=\"en_US\" \/>\n<meta property=\"og:type\" content=\"article\" \/>\n<meta property=\"og:title\" content=\"Rodar en Teatro Alb\u00e9niz - Spain Film Commission\" \/>\n<meta property=\"og:description\" content=\"En esta p\u00e1gina encontrar\u00e1s una peque\u00f1a descripci\u00f3n, m\u00e1genes e informaci\u00f3n relevante para que te hagas una idea de c\u00f3mo es rodar en Teatro Alb\u00e9niz\" \/>\n<meta property=\"og:url\" content=\"https:\/\/spainfilmcommission.com\/en\/ai-locations\/teatro-albeniz\/\" \/>\n<meta property=\"og:site_name\" content=\"Spain Film Commission\" \/>\n<meta property=\"article:modified_time\" content=\"2025-04-21T11:02:32+00:00\" \/>\n<meta name=\"twitter:card\" content=\"summary_large_image\" \/>\n<script type=\"application\/ld+json\" class=\"yoast-schema-graph\">{\"@context\":\"https:\\\/\\\/schema.org\",\"@graph\":[{\"@type\":\"WebPage\",\"@id\":\"https:\\\/\\\/spainfilmcommission.com\\\/en\\\/ai-locations\\\/teatro-albeniz\\\/\",\"url\":\"https:\\\/\\\/spainfilmcommission.com\\\/en\\\/ai-locations\\\/teatro-albeniz\\\/\",\"name\":\"Rodar en Teatro Alb\u00e9niz - Spain Film Commission\",\"isPartOf\":{\"@id\":\"https:\\\/\\\/spainfilmcommission.com\\\/en\\\/#website\"},\"datePublished\":\"2025-02-27T18:49:16+00:00\",\"dateModified\":\"2025-04-21T11:02:32+00:00\",\"description\":\"En esta p\u00e1gina encontrar\u00e1s una peque\u00f1a descripci\u00f3n, m\u00e1genes e informaci\u00f3n relevante para que te hagas una idea de c\u00f3mo es rodar en Teatro Alb\u00e9niz\",\"breadcrumb\":{\"@id\":\"https:\\\/\\\/spainfilmcommission.com\\\/en\\\/ai-locations\\\/teatro-albeniz\\\/#breadcrumb\"},\"inLanguage\":\"en-US\",\"potentialAction\":[{\"@type\":\"ReadAction\",\"target\":[\"https:\\\/\\\/spainfilmcommission.com\\\/en\\\/ai-locations\\\/teatro-albeniz\\\/\"]}]},{\"@type\":\"BreadcrumbList\",\"@id\":\"https:\\\/\\\/spainfilmcommission.com\\\/en\\\/ai-locations\\\/teatro-albeniz\\\/#breadcrumb\",\"itemListElement\":[{\"@type\":\"ListItem\",\"position\":1,\"name\":\"Portada\",\"item\":\"https:\\\/\\\/spainfilmcommission.com\\\/en\\\/\"},{\"@type\":\"ListItem\",\"position\":2,\"name\":\"Teatro Alb\u00e9niz\"}]},{\"@type\":\"WebSite\",\"@id\":\"https:\\\/\\\/spainfilmcommission.com\\\/en\\\/#website\",\"url\":\"https:\\\/\\\/spainfilmcommission.com\\\/en\\\/\",\"name\":\"Spain Film Commission\",\"description\":\"\",\"publisher\":{\"@id\":\"https:\\\/\\\/spainfilmcommission.com\\\/en\\\/#organization\"},\"potentialAction\":[{\"@type\":\"SearchAction\",\"target\":{\"@type\":\"EntryPoint\",\"urlTemplate\":\"https:\\\/\\\/spainfilmcommission.com\\\/en\\\/?s={search_term_string}\"},\"query-input\":{\"@type\":\"PropertyValueSpecification\",\"valueRequired\":true,\"valueName\":\"search_term_string\"}}],\"inLanguage\":\"en-US\"},{\"@type\":\"Organization\",\"@id\":\"https:\\\/\\\/spainfilmcommission.com\\\/en\\\/#organization\",\"name\":\"Spain Film Commission\",\"url\":\"https:\\\/\\\/spainfilmcommission.com\\\/en\\\/\",\"logo\":{\"@type\":\"ImageObject\",\"inLanguage\":\"en-US\",\"@id\":\"https:\\\/\\\/spainfilmcommission.com\\\/en\\\/#\\\/schema\\\/logo\\\/image\\\/\",\"url\":\"https:\\\/\\\/spainfilmcommission.com\\\/wp-content\\\/uploads\\\/2024\\\/07\\\/SPC_COLOR.png\",\"contentUrl\":\"https:\\\/\\\/spainfilmcommission.com\\\/wp-content\\\/uploads\\\/2024\\\/07\\\/SPC_COLOR.png\",\"width\":1665,\"height\":1665,\"caption\":\"Spain Film Commission\"},\"image\":{\"@id\":\"https:\\\/\\\/spainfilmcommission.com\\\/en\\\/#\\\/schema\\\/logo\\\/image\\\/\"}}]}<\/script>\n<!-- \/ Yoast SEO plugin. -->","yoast_head_json":{"title":"Rodar en Teatro Alb\u00e9niz - Spain Film Commission","description":"En esta p\u00e1gina encontrar\u00e1s una peque\u00f1a descripci\u00f3n, m\u00e1genes e informaci\u00f3n relevante para que te hagas una idea de c\u00f3mo es rodar en Teatro Alb\u00e9niz","robots":{"index":"index","follow":"follow","max-snippet":"max-snippet:-1","max-image-preview":"max-image-preview:large","max-video-preview":"max-video-preview:-1"},"canonical":"https:\/\/spainfilmcommission.com\/en\/ai-locations\/teatro-albeniz\/","og_locale":"en_US","og_type":"article","og_title":"Rodar en Teatro Alb\u00e9niz - Spain Film Commission","og_description":"En esta p\u00e1gina encontrar\u00e1s una peque\u00f1a descripci\u00f3n, m\u00e1genes e informaci\u00f3n relevante para que te hagas una idea de c\u00f3mo es rodar en Teatro Alb\u00e9niz","og_url":"https:\/\/spainfilmcommission.com\/en\/ai-locations\/teatro-albeniz\/","og_site_name":"Spain Film Commission","article_modified_time":"2025-04-21T11:02:32+00:00","twitter_card":"summary_large_image","schema":{"@context":"https:\/\/schema.org","@graph":[{"@type":"WebPage","@id":"https:\/\/spainfilmcommission.com\/en\/ai-locations\/teatro-albeniz\/","url":"https:\/\/spainfilmcommission.com\/en\/ai-locations\/teatro-albeniz\/","name":"Rodar en Teatro Alb\u00e9niz - Spain Film Commission","isPartOf":{"@id":"https:\/\/spainfilmcommission.com\/en\/#website"},"datePublished":"2025-02-27T18:49:16+00:00","dateModified":"2025-04-21T11:02:32+00:00","description":"En esta p\u00e1gina encontrar\u00e1s una peque\u00f1a descripci\u00f3n, m\u00e1genes e informaci\u00f3n relevante para que te hagas una idea de c\u00f3mo es rodar en Teatro Alb\u00e9niz","breadcrumb":{"@id":"https:\/\/spainfilmcommission.com\/en\/ai-locations\/teatro-albeniz\/#breadcrumb"},"inLanguage":"en-US","potentialAction":[{"@type":"ReadAction","target":["https:\/\/spainfilmcommission.com\/en\/ai-locations\/teatro-albeniz\/"]}]},{"@type":"BreadcrumbList","@id":"https:\/\/spainfilmcommission.com\/en\/ai-locations\/teatro-albeniz\/#breadcrumb","itemListElement":[{"@type":"ListItem","position":1,"name":"Portada","item":"https:\/\/spainfilmcommission.com\/en\/"},{"@type":"ListItem","position":2,"name":"Teatro Alb\u00e9niz"}]},{"@type":"WebSite","@id":"https:\/\/spainfilmcommission.com\/en\/#website","url":"https:\/\/spainfilmcommission.com\/en\/","name":"Spain Film Commission","description":"","publisher":{"@id":"https:\/\/spainfilmcommission.com\/en\/#organization"},"potentialAction":[{"@type":"SearchAction","target":{"@type":"EntryPoint","urlTemplate":"https:\/\/spainfilmcommission.com\/en\/?s={search_term_string}"},"query-input":{"@type":"PropertyValueSpecification","valueRequired":true,"valueName":"search_term_string"}}],"inLanguage":"en-US"},{"@type":"Organization","@id":"https:\/\/spainfilmcommission.com\/en\/#organization","name":"Spain Film Commission","url":"https:\/\/spainfilmcommission.com\/en\/","logo":{"@type":"ImageObject","inLanguage":"en-US","@id":"https:\/\/spainfilmcommission.com\/en\/#\/schema\/logo\/image\/","url":"https:\/\/spainfilmcommission.com\/wp-content\/uploads\/2024\/07\/SPC_COLOR.png","contentUrl":"https:\/\/spainfilmcommission.com\/wp-content\/uploads\/2024\/07\/SPC_COLOR.png","width":1665,"height":1665,"caption":"Spain Film Commission"},"image":{"@id":"https:\/\/spainfilmcommission.com\/en\/#\/schema\/logo\/image\/"}}]}},"socio":[{"ID":"48","user_login":"catalunya-film-commission","user_nicename":"catalunya-film-commission","display_name":"catalunya-film-commission","user_pass":"****************","user_email":"cfc@gencat.cat","user_url":"","user_registered":"2024-12-19 18:19:08","id":48}],"nombrees":"Teatro Alb\u00e9niz","nombreen":"Alb\u00e9niz theater","localidad":"Tiana","provincia":"Barcelona","coordenadas_maps":"41.482001, 2.268066","latitud":"41.482001000000","longitud":"2.268066000000","direcciones":"","direccionen":"","cod_postal":[],"telefono":"","fax":"","mail":"","web":"https:\/\/www.bcncatfilmcommission.com\/es\/location\/teatro-lbeniz","descripciones":"La Sala Alb\u00e9niz es un teatro modernista dise\u00f1ado por el arquitecto Ram\u00f3n M\u00aa Riudor Capilla. Fue inaugurado en 1911 y hasta el a\u00f1o 1978 fue propiedad del Casino de Tiana, entidad que impuls\u00f3 la construcci\u00f3n. El nombre del teatro es un homenaje a la memoria de Isaac Alb\u00e9niz con motivo de sus estancias en el pueblo. En 1978, el Ayuntamiento de Tiana compr\u00f3 el teatro convirti\u00e9ndolo en el centro del pueblo. Nueve a\u00f1os despu\u00e9s, en 1987, empezaron las obras de rehabilitaci\u00f3n. Actualmente es el escenario por excelencia de las actividades en el pueblo.","descripcionen":"The Alb\u00e9niz Room is a modernist theater designed by the architect Ram\u00f3n M\u00aa Riudor Capilla. It was inaugurated in 1911 and until 1978 it was owned by the Casino de Tiana, the entity that promoted the construction. The name of the theater is a tribute to the memory of Isaac Alb\u00e9niz on the occasion of his stays in the town. In 1978, the Tiana City Council bought the theater making it the center of town. Nine years later, in 1987, the rehabilitation works began. Currently it is the setting par excellence for activities in the town.","galeria":[{"ID":"24949","post_author":"2","post_date":"2025-03-08 04:07:07","post_date_gmt":"2025-03-08 03:07:07","post_content":"","post_title":"foto-1027_8884","post_excerpt":"","post_status":"inherit","comment_status":"closed","ping_status":"closed","post_password":"","post_name":"foto-1027_8884","to_ping":"","pinged":"","post_modified":"2025-04-21 13:02:32","post_modified_gmt":"2025-04-21 11:02:32","post_content_filtered":"","post_parent":"12052","guid":"https:\/\/spainfilmcommission.com\/wp-content\/uploads\/2025\/03\/foto-1027_8884.jpg","menu_order":"0","post_type":"attachment","post_mime_type":"image\/jpeg","comment_count":"0","pod_item_id":"24949"},{"ID":"24951","post_author":"2","post_date":"2025-03-08 04:07:09","post_date_gmt":"2025-03-08 03:07:09","post_content":"","post_title":"foto-1027_8885","post_excerpt":"","post_status":"inherit","comment_status":"closed","ping_status":"closed","post_password":"","post_name":"foto-1027_8885","to_ping":"","pinged":"","post_modified":"2025-04-21 13:02:32","post_modified_gmt":"2025-04-21 11:02:32","post_content_filtered":"","post_parent":"12052","guid":"https:\/\/spainfilmcommission.com\/wp-content\/uploads\/2025\/03\/foto-1027_8885.jpg","menu_order":"0","post_type":"attachment","post_mime_type":"image\/jpeg","comment_count":"0","pod_item_id":"24951"},{"ID":"24953","post_author":"2","post_date":"2025-03-08 04:07:11","post_date_gmt":"2025-03-08 03:07:11","post_content":"","post_title":"foto-1027_8886","post_excerpt":"","post_status":"inherit","comment_status":"closed","ping_status":"closed","post_password":"","post_name":"foto-1027_8886","to_ping":"","pinged":"","post_modified":"2025-04-21 13:02:32","post_modified_gmt":"2025-04-21 11:02:32","post_content_filtered":"","post_parent":"12052","guid":"https:\/\/spainfilmcommission.com\/wp-content\/uploads\/2025\/03\/foto-1027_8886.jpg","menu_order":"0","post_type":"attachment","post_mime_type":"image\/jpeg","comment_count":"0","pod_item_id":"24953"},{"ID":"24955","post_author":"2","post_date":"2025-03-08 04:07:13","post_date_gmt":"2025-03-08 03:07:13","post_content":"","post_title":"foto-1027_8887","post_excerpt":"","post_status":"inherit","comment_status":"closed","ping_status":"closed","post_password":"","post_name":"foto-1027_8887","to_ping":"","pinged":"","post_modified":"2025-04-21 13:02:32","post_modified_gmt":"2025-04-21 11:02:32","post_content_filtered":"","post_parent":"12052","guid":"https:\/\/spainfilmcommission.com\/wp-content\/uploads\/2025\/03\/foto-1027_8887.jpg","menu_order":"0","post_type":"attachment","post_mime_type":"image\/jpeg","comment_count":"0","pod_item_id":"24955"},{"ID":"24957","post_author":"2","post_date":"2025-03-08 04:07:15","post_date_gmt":"2025-03-08 03:07:15","post_content":"","post_title":"foto-1027_8888","post_excerpt":"","post_status":"inherit","comment_status":"closed","ping_status":"closed","post_password":"","post_name":"foto-1027_8888","to_ping":"","pinged":"","post_modified":"2025-04-21 13:02:32","post_modified_gmt":"2025-04-21 11:02:32","post_content_filtered":"","post_parent":"12052","guid":"https:\/\/spainfilmcommission.com\/wp-content\/uploads\/2025\/03\/foto-1027_8888.jpg","menu_order":"0","post_type":"attachment","post_mime_type":"image\/jpeg","comment_count":"0","pod_item_id":"24957"},{"ID":"24959","post_author":"2","post_date":"2025-03-08 04:07:17","post_date_gmt":"2025-03-08 03:07:17","post_content":"","post_title":"foto-1027_8889","post_excerpt":"","post_status":"inherit","comment_status":"closed","ping_status":"closed","post_password":"","post_name":"foto-1027_8889","to_ping":"","pinged":"","post_modified":"2025-04-21 13:02:32","post_modified_gmt":"2025-04-21 11:02:32","post_content_filtered":"","post_parent":"12052","guid":"https:\/\/spainfilmcommission.com\/wp-content\/uploads\/2025\/03\/foto-1027_8889.jpg","menu_order":"0","post_type":"attachment","post_mime_type":"image\/jpeg","comment_count":"0","pod_item_id":"24959"},{"ID":"24961","post_author":"2","post_date":"2025-03-08 04:07:18","post_date_gmt":"2025-03-08 03:07:18","post_content":"","post_title":"foto-1027_8890","post_excerpt":"","post_status":"inherit","comment_status":"closed","ping_status":"closed","post_password":"","post_name":"foto-1027_8890","to_ping":"","pinged":"","post_modified":"2025-04-21 13:02:32","post_modified_gmt":"2025-04-21 11:02:32","post_content_filtered":"","post_parent":"12052","guid":"https:\/\/spainfilmcommission.com\/wp-content\/uploads\/2025\/03\/foto-1027_8890.jpg","menu_order":"0","post_type":"attachment","post_mime_type":"image\/jpeg","comment_count":"0","pod_item_id":"24961"},{"ID":"24963","post_author":"2","post_date":"2025-03-08 04:07:20","post_date_gmt":"2025-03-08 03:07:20","post_content":"","post_title":"foto-1027_8891","post_excerpt":"","post_status":"inherit","comment_status":"closed","ping_status":"closed","post_password":"","post_name":"foto-1027_8891","to_ping":"","pinged":"","post_modified":"2025-04-21 13:02:32","post_modified_gmt":"2025-04-21 11:02:32","post_content_filtered":"","post_parent":"12052","guid":"https:\/\/spainfilmcommission.com\/wp-content\/uploads\/2025\/03\/foto-1027_8891.jpg","menu_order":"0","post_type":"attachment","post_mime_type":"image\/jpeg","comment_count":"0","pod_item_id":"24963"}],"nombrepaginaes":"teatro-albeniz","nombrepaginaen":"albeniz-theater","latitud_gps":"41\u00b028'55.2","longitud_gps":"2\u00b016'05.0","adicionaleses":"","adicionalesen":"","videoes":"","videoen":"","video2es":"","video2en":"","_links":{"self":[{"href":"https:\/\/spainfilmcommission.com\/en\/wp-json\/wp\/v2\/localizaciones\/localizacion\/12052","targetHints":{"allow":["GET"]}}],"collection":[{"href":"https:\/\/spainfilmcommission.com\/en\/wp-json\/wp\/v2\/localizaciones\/localizacion"}],"about":[{"href":"https:\/\/spainfilmcommission.com\/en\/wp-json\/wp\/v2\/types\/localizacion"}],"author":[{"embeddable":true,"href":"https:\/\/spainfilmcommission.com\/en\/wp-json\/wp\/v2\/users\/2"}],"wp:attachment":[{"href":"https:\/\/spainfilmcommission.com\/en\/wp-json\/wp\/v2\/media?parent=12052"}],"curies":[{"name":"wp","href":"https:\/\/api.w.org\/{rel}","templated":true}]}}