{"id":12045,"date":"2025-02-27T19:49:16","date_gmt":"2025-02-27T18:49:16","guid":{"rendered":"https:\/\/spainfilmcommission.com\/?post_type=localizacion&#038;p=12045"},"modified":"2025-04-22T09:24:00","modified_gmt":"2025-04-22T07:24:00","slug":"la-farinera","status":"publish","type":"localizacion","link":"https:\/\/spainfilmcommission.com\/en\/ai-locations\/la-farinera\/","title":{"rendered":"La Farinera"},"content":{"rendered":"","protected":false},"author":2,"template":"","meta":[],"class_list":["post-12045","localizacion","type-localizacion","status-publish","hentry"],"yoast_head":"<!-- This site is optimized with the Yoast SEO plugin v28.3 - https:\/\/yoast.com\/product\/yoast-seo-wordpress\/ -->\n<title>Rodar en La Farinera - Spain Film Commission<\/title>\n<meta name=\"description\" content=\"En esta p\u00e1gina encontrar\u00e1s una peque\u00f1a descripci\u00f3n, m\u00e1genes e informaci\u00f3n relevante para que te hagas una idea de c\u00f3mo es rodar en La Farinera\" \/>\n<meta name=\"robots\" content=\"index, follow, max-snippet:-1, max-image-preview:large, max-video-preview:-1\" \/>\n<link rel=\"canonical\" href=\"https:\/\/spainfilmcommission.com\/en\/ai-locations\/la-farinera\/\" \/>\n<meta property=\"og:locale\" content=\"en_US\" \/>\n<meta property=\"og:type\" content=\"article\" \/>\n<meta property=\"og:title\" content=\"Rodar en La Farinera - Spain Film Commission\" \/>\n<meta property=\"og:description\" content=\"En esta p\u00e1gina encontrar\u00e1s una peque\u00f1a descripci\u00f3n, m\u00e1genes e informaci\u00f3n relevante para que te hagas una idea de c\u00f3mo es rodar en La Farinera\" \/>\n<meta property=\"og:url\" content=\"https:\/\/spainfilmcommission.com\/en\/ai-locations\/la-farinera\/\" \/>\n<meta property=\"og:site_name\" content=\"Spain Film Commission\" \/>\n<meta property=\"article:modified_time\" content=\"2025-04-22T07:24:00+00:00\" \/>\n<meta name=\"twitter:card\" content=\"summary_large_image\" \/>\n<script type=\"application\/ld+json\" class=\"yoast-schema-graph\">{\"@context\":\"https:\\\/\\\/schema.org\",\"@graph\":[{\"@type\":\"WebPage\",\"@id\":\"https:\\\/\\\/spainfilmcommission.com\\\/en\\\/ai-locations\\\/la-farinera\\\/\",\"url\":\"https:\\\/\\\/spainfilmcommission.com\\\/en\\\/ai-locations\\\/la-farinera\\\/\",\"name\":\"Rodar en La Farinera - Spain Film Commission\",\"isPartOf\":{\"@id\":\"https:\\\/\\\/spainfilmcommission.com\\\/en\\\/#website\"},\"datePublished\":\"2025-02-27T18:49:16+00:00\",\"dateModified\":\"2025-04-22T07:24:00+00:00\",\"description\":\"En esta p\u00e1gina encontrar\u00e1s una peque\u00f1a descripci\u00f3n, m\u00e1genes e informaci\u00f3n relevante para que te hagas una idea de c\u00f3mo es rodar en La Farinera\",\"breadcrumb\":{\"@id\":\"https:\\\/\\\/spainfilmcommission.com\\\/en\\\/ai-locations\\\/la-farinera\\\/#breadcrumb\"},\"inLanguage\":\"en-US\",\"potentialAction\":[{\"@type\":\"ReadAction\",\"target\":[\"https:\\\/\\\/spainfilmcommission.com\\\/en\\\/ai-locations\\\/la-farinera\\\/\"]}]},{\"@type\":\"BreadcrumbList\",\"@id\":\"https:\\\/\\\/spainfilmcommission.com\\\/en\\\/ai-locations\\\/la-farinera\\\/#breadcrumb\",\"itemListElement\":[{\"@type\":\"ListItem\",\"position\":1,\"name\":\"Portada\",\"item\":\"https:\\\/\\\/spainfilmcommission.com\\\/en\\\/\"},{\"@type\":\"ListItem\",\"position\":2,\"name\":\"La Farinera\"}]},{\"@type\":\"WebSite\",\"@id\":\"https:\\\/\\\/spainfilmcommission.com\\\/en\\\/#website\",\"url\":\"https:\\\/\\\/spainfilmcommission.com\\\/en\\\/\",\"name\":\"Spain Film Commission\",\"description\":\"\",\"publisher\":{\"@id\":\"https:\\\/\\\/spainfilmcommission.com\\\/en\\\/#organization\"},\"potentialAction\":[{\"@type\":\"SearchAction\",\"target\":{\"@type\":\"EntryPoint\",\"urlTemplate\":\"https:\\\/\\\/spainfilmcommission.com\\\/en\\\/?s={search_term_string}\"},\"query-input\":{\"@type\":\"PropertyValueSpecification\",\"valueRequired\":true,\"valueName\":\"search_term_string\"}}],\"inLanguage\":\"en-US\"},{\"@type\":\"Organization\",\"@id\":\"https:\\\/\\\/spainfilmcommission.com\\\/en\\\/#organization\",\"name\":\"Spain Film Commission\",\"url\":\"https:\\\/\\\/spainfilmcommission.com\\\/en\\\/\",\"logo\":{\"@type\":\"ImageObject\",\"inLanguage\":\"en-US\",\"@id\":\"https:\\\/\\\/spainfilmcommission.com\\\/en\\\/#\\\/schema\\\/logo\\\/image\\\/\",\"url\":\"https:\\\/\\\/spainfilmcommission.com\\\/wp-content\\\/uploads\\\/2024\\\/07\\\/SPC_COLOR.png\",\"contentUrl\":\"https:\\\/\\\/spainfilmcommission.com\\\/wp-content\\\/uploads\\\/2024\\\/07\\\/SPC_COLOR.png\",\"width\":1665,\"height\":1665,\"caption\":\"Spain Film Commission\"},\"image\":{\"@id\":\"https:\\\/\\\/spainfilmcommission.com\\\/en\\\/#\\\/schema\\\/logo\\\/image\\\/\"}}]}<\/script>\n<!-- \/ Yoast SEO plugin. -->","yoast_head_json":{"title":"Rodar en La Farinera - Spain Film Commission","description":"En esta p\u00e1gina encontrar\u00e1s una peque\u00f1a descripci\u00f3n, m\u00e1genes e informaci\u00f3n relevante para que te hagas una idea de c\u00f3mo es rodar en La Farinera","robots":{"index":"index","follow":"follow","max-snippet":"max-snippet:-1","max-image-preview":"max-image-preview:large","max-video-preview":"max-video-preview:-1"},"canonical":"https:\/\/spainfilmcommission.com\/en\/ai-locations\/la-farinera\/","og_locale":"en_US","og_type":"article","og_title":"Rodar en La Farinera - Spain Film Commission","og_description":"En esta p\u00e1gina encontrar\u00e1s una peque\u00f1a descripci\u00f3n, m\u00e1genes e informaci\u00f3n relevante para que te hagas una idea de c\u00f3mo es rodar en La Farinera","og_url":"https:\/\/spainfilmcommission.com\/en\/ai-locations\/la-farinera\/","og_site_name":"Spain Film Commission","article_modified_time":"2025-04-22T07:24:00+00:00","twitter_card":"summary_large_image","schema":{"@context":"https:\/\/schema.org","@graph":[{"@type":"WebPage","@id":"https:\/\/spainfilmcommission.com\/en\/ai-locations\/la-farinera\/","url":"https:\/\/spainfilmcommission.com\/en\/ai-locations\/la-farinera\/","name":"Rodar en La Farinera - Spain Film Commission","isPartOf":{"@id":"https:\/\/spainfilmcommission.com\/en\/#website"},"datePublished":"2025-02-27T18:49:16+00:00","dateModified":"2025-04-22T07:24:00+00:00","description":"En esta p\u00e1gina encontrar\u00e1s una peque\u00f1a descripci\u00f3n, m\u00e1genes e informaci\u00f3n relevante para que te hagas una idea de c\u00f3mo es rodar en La Farinera","breadcrumb":{"@id":"https:\/\/spainfilmcommission.com\/en\/ai-locations\/la-farinera\/#breadcrumb"},"inLanguage":"en-US","potentialAction":[{"@type":"ReadAction","target":["https:\/\/spainfilmcommission.com\/en\/ai-locations\/la-farinera\/"]}]},{"@type":"BreadcrumbList","@id":"https:\/\/spainfilmcommission.com\/en\/ai-locations\/la-farinera\/#breadcrumb","itemListElement":[{"@type":"ListItem","position":1,"name":"Portada","item":"https:\/\/spainfilmcommission.com\/en\/"},{"@type":"ListItem","position":2,"name":"La Farinera"}]},{"@type":"WebSite","@id":"https:\/\/spainfilmcommission.com\/en\/#website","url":"https:\/\/spainfilmcommission.com\/en\/","name":"Spain Film Commission","description":"","publisher":{"@id":"https:\/\/spainfilmcommission.com\/en\/#organization"},"potentialAction":[{"@type":"SearchAction","target":{"@type":"EntryPoint","urlTemplate":"https:\/\/spainfilmcommission.com\/en\/?s={search_term_string}"},"query-input":{"@type":"PropertyValueSpecification","valueRequired":true,"valueName":"search_term_string"}}],"inLanguage":"en-US"},{"@type":"Organization","@id":"https:\/\/spainfilmcommission.com\/en\/#organization","name":"Spain Film Commission","url":"https:\/\/spainfilmcommission.com\/en\/","logo":{"@type":"ImageObject","inLanguage":"en-US","@id":"https:\/\/spainfilmcommission.com\/en\/#\/schema\/logo\/image\/","url":"https:\/\/spainfilmcommission.com\/wp-content\/uploads\/2024\/07\/SPC_COLOR.png","contentUrl":"https:\/\/spainfilmcommission.com\/wp-content\/uploads\/2024\/07\/SPC_COLOR.png","width":1665,"height":1665,"caption":"Spain Film Commission"},"image":{"@id":"https:\/\/spainfilmcommission.com\/en\/#\/schema\/logo\/image\/"}}]}},"socio":[{"ID":"48","user_login":"catalunya-film-commission","user_nicename":"catalunya-film-commission","display_name":"catalunya-film-commission","user_pass":"****************","user_email":"cfc@gencat.cat","user_url":"","user_registered":"2024-12-19 18:19:08","id":48}],"nombrees":"La Farinera","nombreen":"The Farinera","localidad":"Matar\u00f3","provincia":"Barcelona","coordenadas_maps":"41.531866, 2.441831","latitud":"41.531866000000","longitud":"2.441831000000","direcciones":"","direccionen":"","cod_postal":[],"telefono":"","fax":"","mail":"","web":"https:\/\/www.bcncatfilmcommission.com\/es\/municipios\/matar-maresme-film-commission","descripciones":"La antigua harinera, un edificio de planta baja y cuatro pisos, fue construido en 1948 por el arquitecto mataron\u00e9s Llu\u00eds Gallifa. Su principal valor es el exterior que pertenece al novecentismo tard\u00edo, y los arcos parab\u00f3licos del interior de estilo expresionista.","descripcionen":"The old flour mill, a building with a ground floor and four floors, was built in 1948 by the Matar\u00f3 architect Llu\u00eds Gallifa. Its main value is the exterior that belongs to the late nineteenth century, and the parabolic arches of the expressionist style interior.","galeria":[{"ID":"24711","post_author":"2","post_date":"2025-03-08 04:02:55","post_date_gmt":"2025-03-08 03:02:55","post_content":"","post_title":"foto-1020_8727","post_excerpt":"","post_status":"inherit","comment_status":"closed","ping_status":"closed","post_password":"","post_name":"foto-1020_8727","to_ping":"","pinged":"","post_modified":"2025-04-22 09:24:00","post_modified_gmt":"2025-04-22 07:24:00","post_content_filtered":"","post_parent":"12045","guid":"https:\/\/spainfilmcommission.com\/wp-content\/uploads\/2025\/03\/foto-1020_8727.jpg","menu_order":"0","post_type":"attachment","post_mime_type":"image\/jpeg","comment_count":"0","pod_item_id":"24711"},{"ID":"24713","post_author":"2","post_date":"2025-03-08 04:02:57","post_date_gmt":"2025-03-08 03:02:57","post_content":"","post_title":"foto-1020_8728","post_excerpt":"","post_status":"inherit","comment_status":"closed","ping_status":"closed","post_password":"","post_name":"foto-1020_8728","to_ping":"","pinged":"","post_modified":"2025-04-22 09:24:00","post_modified_gmt":"2025-04-22 07:24:00","post_content_filtered":"","post_parent":"12045","guid":"https:\/\/spainfilmcommission.com\/wp-content\/uploads\/2025\/03\/foto-1020_8728.jpg","menu_order":"0","post_type":"attachment","post_mime_type":"image\/jpeg","comment_count":"0","pod_item_id":"24713"},{"ID":"24715","post_author":"2","post_date":"2025-03-08 04:02:59","post_date_gmt":"2025-03-08 03:02:59","post_content":"","post_title":"foto-1020_8729","post_excerpt":"","post_status":"inherit","comment_status":"closed","ping_status":"closed","post_password":"","post_name":"foto-1020_8729","to_ping":"","pinged":"","post_modified":"2025-04-22 09:24:00","post_modified_gmt":"2025-04-22 07:24:00","post_content_filtered":"","post_parent":"12045","guid":"https:\/\/spainfilmcommission.com\/wp-content\/uploads\/2025\/03\/foto-1020_8729.jpg","menu_order":"0","post_type":"attachment","post_mime_type":"image\/jpeg","comment_count":"0","pod_item_id":"24715"},{"ID":"24717","post_author":"2","post_date":"2025-03-08 04:03:01","post_date_gmt":"2025-03-08 03:03:01","post_content":"","post_title":"foto-1020_8730","post_excerpt":"","post_status":"inherit","comment_status":"closed","ping_status":"closed","post_password":"","post_name":"foto-1020_8730","to_ping":"","pinged":"","post_modified":"2025-04-22 09:24:00","post_modified_gmt":"2025-04-22 07:24:00","post_content_filtered":"","post_parent":"12045","guid":"https:\/\/spainfilmcommission.com\/wp-content\/uploads\/2025\/03\/foto-1020_8730.jpg","menu_order":"0","post_type":"attachment","post_mime_type":"image\/jpeg","comment_count":"0","pod_item_id":"24717"},{"ID":"24719","post_author":"2","post_date":"2025-03-08 04:03:03","post_date_gmt":"2025-03-08 03:03:03","post_content":"","post_title":"foto-1020_8731","post_excerpt":"","post_status":"inherit","comment_status":"closed","ping_status":"closed","post_password":"","post_name":"foto-1020_8731","to_ping":"","pinged":"","post_modified":"2025-04-22 09:24:00","post_modified_gmt":"2025-04-22 07:24:00","post_content_filtered":"","post_parent":"12045","guid":"https:\/\/spainfilmcommission.com\/wp-content\/uploads\/2025\/03\/foto-1020_8731.jpg","menu_order":"0","post_type":"attachment","post_mime_type":"image\/jpeg","comment_count":"0","pod_item_id":"24719"},{"ID":"24721","post_author":"2","post_date":"2025-03-08 04:03:05","post_date_gmt":"2025-03-08 03:03:05","post_content":"","post_title":"foto-1020_8732","post_excerpt":"","post_status":"inherit","comment_status":"closed","ping_status":"closed","post_password":"","post_name":"foto-1020_8732","to_ping":"","pinged":"","post_modified":"2025-04-22 09:24:00","post_modified_gmt":"2025-04-22 07:24:00","post_content_filtered":"","post_parent":"12045","guid":"https:\/\/spainfilmcommission.com\/wp-content\/uploads\/2025\/03\/foto-1020_8732.jpg","menu_order":"0","post_type":"attachment","post_mime_type":"image\/jpeg","comment_count":"0","pod_item_id":"24721"},{"ID":"24723","post_author":"2","post_date":"2025-03-08 04:03:07","post_date_gmt":"2025-03-08 03:03:07","post_content":"","post_title":"foto-1020_8733","post_excerpt":"","post_status":"inherit","comment_status":"closed","ping_status":"closed","post_password":"","post_name":"foto-1020_8733","to_ping":"","pinged":"","post_modified":"2025-04-22 09:24:00","post_modified_gmt":"2025-04-22 07:24:00","post_content_filtered":"","post_parent":"12045","guid":"https:\/\/spainfilmcommission.com\/wp-content\/uploads\/2025\/03\/foto-1020_8733.jpg","menu_order":"0","post_type":"attachment","post_mime_type":"image\/jpeg","comment_count":"0","pod_item_id":"24723"},{"ID":"24725","post_author":"2","post_date":"2025-03-08 04:03:10","post_date_gmt":"2025-03-08 03:03:10","post_content":"","post_title":"foto-1020_8734","post_excerpt":"","post_status":"inherit","comment_status":"closed","ping_status":"closed","post_password":"","post_name":"foto-1020_8734","to_ping":"","pinged":"","post_modified":"2025-04-22 09:24:00","post_modified_gmt":"2025-04-22 07:24:00","post_content_filtered":"","post_parent":"12045","guid":"https:\/\/spainfilmcommission.com\/wp-content\/uploads\/2025\/03\/foto-1020_8734.jpg","menu_order":"0","post_type":"attachment","post_mime_type":"image\/jpeg","comment_count":"0","pod_item_id":"24725"},{"ID":"24727","post_author":"2","post_date":"2025-03-08 04:03:12","post_date_gmt":"2025-03-08 03:03:12","post_content":"","post_title":"foto-1020_8735","post_excerpt":"","post_status":"inherit","comment_status":"closed","ping_status":"closed","post_password":"","post_name":"foto-1020_8735","to_ping":"","pinged":"","post_modified":"2025-04-22 09:24:00","post_modified_gmt":"2025-04-22 07:24:00","post_content_filtered":"","post_parent":"12045","guid":"https:\/\/spainfilmcommission.com\/wp-content\/uploads\/2025\/03\/foto-1020_8735.jpg","menu_order":"0","post_type":"attachment","post_mime_type":"image\/jpeg","comment_count":"0","pod_item_id":"24727"},{"ID":"24729","post_author":"2","post_date":"2025-03-08 04:03:14","post_date_gmt":"2025-03-08 03:03:14","post_content":"","post_title":"foto-1020_8736","post_excerpt":"","post_status":"inherit","comment_status":"closed","ping_status":"closed","post_password":"","post_name":"foto-1020_8736","to_ping":"","pinged":"","post_modified":"2025-04-22 09:24:00","post_modified_gmt":"2025-04-22 07:24:00","post_content_filtered":"","post_parent":"12045","guid":"https:\/\/spainfilmcommission.com\/wp-content\/uploads\/2025\/03\/foto-1020_8736.jpg","menu_order":"0","post_type":"attachment","post_mime_type":"image\/jpeg","comment_count":"0","pod_item_id":"24729"},{"ID":"24731","post_author":"2","post_date":"2025-03-08 04:03:16","post_date_gmt":"2025-03-08 03:03:16","post_content":"","post_title":"foto-1020_8737","post_excerpt":"","post_status":"inherit","comment_status":"closed","ping_status":"closed","post_password":"","post_name":"foto-1020_8737","to_ping":"","pinged":"","post_modified":"2025-04-22 09:24:00","post_modified_gmt":"2025-04-22 07:24:00","post_content_filtered":"","post_parent":"12045","guid":"https:\/\/spainfilmcommission.com\/wp-content\/uploads\/2025\/03\/foto-1020_8737.jpg","menu_order":"0","post_type":"attachment","post_mime_type":"image\/jpeg","comment_count":"0","pod_item_id":"24731"},{"ID":"24733","post_author":"2","post_date":"2025-03-08 04:03:18","post_date_gmt":"2025-03-08 03:03:18","post_content":"","post_title":"foto-1020_8738","post_excerpt":"","post_status":"inherit","comment_status":"closed","ping_status":"closed","post_password":"","post_name":"foto-1020_8738","to_ping":"","pinged":"","post_modified":"2025-04-22 09:24:00","post_modified_gmt":"2025-04-22 07:24:00","post_content_filtered":"","post_parent":"12045","guid":"https:\/\/spainfilmcommission.com\/wp-content\/uploads\/2025\/03\/foto-1020_8738.jpg","menu_order":"0","post_type":"attachment","post_mime_type":"image\/jpeg","comment_count":"0","pod_item_id":"24733"},{"ID":"24735","post_author":"2","post_date":"2025-03-08 04:03:20","post_date_gmt":"2025-03-08 03:03:20","post_content":"","post_title":"foto-1020_8796","post_excerpt":"","post_status":"inherit","comment_status":"closed","ping_status":"closed","post_password":"","post_name":"foto-1020_8796","to_ping":"","pinged":"","post_modified":"2025-04-22 09:24:00","post_modified_gmt":"2025-04-22 07:24:00","post_content_filtered":"","post_parent":"12045","guid":"https:\/\/spainfilmcommission.com\/wp-content\/uploads\/2025\/03\/foto-1020_8796.jpg","menu_order":"0","post_type":"attachment","post_mime_type":"image\/jpeg","comment_count":"0","pod_item_id":"24735"}],"nombrepaginaes":"la-farinera","nombrepaginaen":"the-farinera","latitud_gps":"41\u00b031'54.7","longitud_gps":"2\u00b026'30.6","adicionaleses":"","adicionalesen":"","videoes":"","videoen":"","video2es":"","video2en":"","_links":{"self":[{"href":"https:\/\/spainfilmcommission.com\/en\/wp-json\/wp\/v2\/localizaciones\/localizacion\/12045","targetHints":{"allow":["GET"]}}],"collection":[{"href":"https:\/\/spainfilmcommission.com\/en\/wp-json\/wp\/v2\/localizaciones\/localizacion"}],"about":[{"href":"https:\/\/spainfilmcommission.com\/en\/wp-json\/wp\/v2\/types\/localizacion"}],"author":[{"embeddable":true,"href":"https:\/\/spainfilmcommission.com\/en\/wp-json\/wp\/v2\/users\/2"}],"wp:attachment":[{"href":"https:\/\/spainfilmcommission.com\/en\/wp-json\/wp\/v2\/media?parent=12045"}],"curies":[{"name":"wp","href":"https:\/\/api.w.org\/{rel}","templated":true}]}}