{"id":12037,"date":"2025-02-27T19:49:16","date_gmt":"2025-02-27T18:49:16","guid":{"rendered":"https:\/\/spainfilmcommission.com\/?post_type=localizacion&#038;p=12037"},"modified":"2025-04-21T11:54:41","modified_gmt":"2025-04-21T09:54:41","slug":"prision-de-mataro","status":"publish","type":"localizacion","link":"https:\/\/spainfilmcommission.com\/en\/ai-locations\/prision-de-mataro\/","title":{"rendered":"Prisi\u00f3n de Matar\u00f3"},"content":{"rendered":"","protected":false},"author":2,"template":"","meta":[],"class_list":["post-12037","localizacion","type-localizacion","status-publish","hentry"],"yoast_head":"<!-- This site is optimized with the Yoast SEO plugin v28.3 - https:\/\/yoast.com\/product\/yoast-seo-wordpress\/ -->\n<title>Rodar en Prisi\u00f3n de Matar\u00f3 - Spain Film Commission<\/title>\n<meta name=\"description\" content=\"En esta p\u00e1gina encontrar\u00e1s una peque\u00f1a descripci\u00f3n, m\u00e1genes e informaci\u00f3n relevante para que te hagas una idea de c\u00f3mo es rodar en Prisi\u00f3n de Matar\u00f3\" \/>\n<meta name=\"robots\" content=\"index, follow, max-snippet:-1, max-image-preview:large, max-video-preview:-1\" \/>\n<link rel=\"canonical\" href=\"https:\/\/spainfilmcommission.com\/en\/ai-locations\/prision-de-mataro\/\" \/>\n<meta property=\"og:locale\" content=\"en_US\" \/>\n<meta property=\"og:type\" content=\"article\" \/>\n<meta property=\"og:title\" content=\"Rodar en Prisi\u00f3n de Matar\u00f3 - Spain Film Commission\" \/>\n<meta property=\"og:description\" content=\"En esta p\u00e1gina encontrar\u00e1s una peque\u00f1a descripci\u00f3n, m\u00e1genes e informaci\u00f3n relevante para que te hagas una idea de c\u00f3mo es rodar en Prisi\u00f3n de Matar\u00f3\" \/>\n<meta property=\"og:url\" content=\"https:\/\/spainfilmcommission.com\/en\/ai-locations\/prision-de-mataro\/\" \/>\n<meta property=\"og:site_name\" content=\"Spain Film Commission\" \/>\n<meta property=\"article:modified_time\" content=\"2025-04-21T09:54:41+00:00\" \/>\n<meta name=\"twitter:card\" content=\"summary_large_image\" \/>\n<script type=\"application\/ld+json\" class=\"yoast-schema-graph\">{\"@context\":\"https:\\\/\\\/schema.org\",\"@graph\":[{\"@type\":\"WebPage\",\"@id\":\"https:\\\/\\\/spainfilmcommission.com\\\/en\\\/ai-locations\\\/prision-de-mataro\\\/\",\"url\":\"https:\\\/\\\/spainfilmcommission.com\\\/en\\\/ai-locations\\\/prision-de-mataro\\\/\",\"name\":\"Rodar en Prisi\u00f3n de Matar\u00f3 - Spain Film Commission\",\"isPartOf\":{\"@id\":\"https:\\\/\\\/spainfilmcommission.com\\\/en\\\/#website\"},\"datePublished\":\"2025-02-27T18:49:16+00:00\",\"dateModified\":\"2025-04-21T09:54:41+00:00\",\"description\":\"En esta p\u00e1gina encontrar\u00e1s una peque\u00f1a descripci\u00f3n, m\u00e1genes e informaci\u00f3n relevante para que te hagas una idea de c\u00f3mo es rodar en Prisi\u00f3n de Matar\u00f3\",\"breadcrumb\":{\"@id\":\"https:\\\/\\\/spainfilmcommission.com\\\/en\\\/ai-locations\\\/prision-de-mataro\\\/#breadcrumb\"},\"inLanguage\":\"en-US\",\"potentialAction\":[{\"@type\":\"ReadAction\",\"target\":[\"https:\\\/\\\/spainfilmcommission.com\\\/en\\\/ai-locations\\\/prision-de-mataro\\\/\"]}]},{\"@type\":\"BreadcrumbList\",\"@id\":\"https:\\\/\\\/spainfilmcommission.com\\\/en\\\/ai-locations\\\/prision-de-mataro\\\/#breadcrumb\",\"itemListElement\":[{\"@type\":\"ListItem\",\"position\":1,\"name\":\"Portada\",\"item\":\"https:\\\/\\\/spainfilmcommission.com\\\/en\\\/\"},{\"@type\":\"ListItem\",\"position\":2,\"name\":\"Prisi\u00f3n de Matar\u00f3\"}]},{\"@type\":\"WebSite\",\"@id\":\"https:\\\/\\\/spainfilmcommission.com\\\/en\\\/#website\",\"url\":\"https:\\\/\\\/spainfilmcommission.com\\\/en\\\/\",\"name\":\"Spain Film Commission\",\"description\":\"\",\"publisher\":{\"@id\":\"https:\\\/\\\/spainfilmcommission.com\\\/en\\\/#organization\"},\"potentialAction\":[{\"@type\":\"SearchAction\",\"target\":{\"@type\":\"EntryPoint\",\"urlTemplate\":\"https:\\\/\\\/spainfilmcommission.com\\\/en\\\/?s={search_term_string}\"},\"query-input\":{\"@type\":\"PropertyValueSpecification\",\"valueRequired\":true,\"valueName\":\"search_term_string\"}}],\"inLanguage\":\"en-US\"},{\"@type\":\"Organization\",\"@id\":\"https:\\\/\\\/spainfilmcommission.com\\\/en\\\/#organization\",\"name\":\"Spain Film Commission\",\"url\":\"https:\\\/\\\/spainfilmcommission.com\\\/en\\\/\",\"logo\":{\"@type\":\"ImageObject\",\"inLanguage\":\"en-US\",\"@id\":\"https:\\\/\\\/spainfilmcommission.com\\\/en\\\/#\\\/schema\\\/logo\\\/image\\\/\",\"url\":\"https:\\\/\\\/spainfilmcommission.com\\\/wp-content\\\/uploads\\\/2024\\\/07\\\/SPC_COLOR.png\",\"contentUrl\":\"https:\\\/\\\/spainfilmcommission.com\\\/wp-content\\\/uploads\\\/2024\\\/07\\\/SPC_COLOR.png\",\"width\":1665,\"height\":1665,\"caption\":\"Spain Film Commission\"},\"image\":{\"@id\":\"https:\\\/\\\/spainfilmcommission.com\\\/en\\\/#\\\/schema\\\/logo\\\/image\\\/\"}}]}<\/script>\n<!-- \/ Yoast SEO plugin. -->","yoast_head_json":{"title":"Rodar en Prisi\u00f3n de Matar\u00f3 - Spain Film Commission","description":"En esta p\u00e1gina encontrar\u00e1s una peque\u00f1a descripci\u00f3n, m\u00e1genes e informaci\u00f3n relevante para que te hagas una idea de c\u00f3mo es rodar en Prisi\u00f3n de Matar\u00f3","robots":{"index":"index","follow":"follow","max-snippet":"max-snippet:-1","max-image-preview":"max-image-preview:large","max-video-preview":"max-video-preview:-1"},"canonical":"https:\/\/spainfilmcommission.com\/en\/ai-locations\/prision-de-mataro\/","og_locale":"en_US","og_type":"article","og_title":"Rodar en Prisi\u00f3n de Matar\u00f3 - Spain Film Commission","og_description":"En esta p\u00e1gina encontrar\u00e1s una peque\u00f1a descripci\u00f3n, m\u00e1genes e informaci\u00f3n relevante para que te hagas una idea de c\u00f3mo es rodar en Prisi\u00f3n de Matar\u00f3","og_url":"https:\/\/spainfilmcommission.com\/en\/ai-locations\/prision-de-mataro\/","og_site_name":"Spain Film Commission","article_modified_time":"2025-04-21T09:54:41+00:00","twitter_card":"summary_large_image","schema":{"@context":"https:\/\/schema.org","@graph":[{"@type":"WebPage","@id":"https:\/\/spainfilmcommission.com\/en\/ai-locations\/prision-de-mataro\/","url":"https:\/\/spainfilmcommission.com\/en\/ai-locations\/prision-de-mataro\/","name":"Rodar en Prisi\u00f3n de Matar\u00f3 - Spain Film Commission","isPartOf":{"@id":"https:\/\/spainfilmcommission.com\/en\/#website"},"datePublished":"2025-02-27T18:49:16+00:00","dateModified":"2025-04-21T09:54:41+00:00","description":"En esta p\u00e1gina encontrar\u00e1s una peque\u00f1a descripci\u00f3n, m\u00e1genes e informaci\u00f3n relevante para que te hagas una idea de c\u00f3mo es rodar en Prisi\u00f3n de Matar\u00f3","breadcrumb":{"@id":"https:\/\/spainfilmcommission.com\/en\/ai-locations\/prision-de-mataro\/#breadcrumb"},"inLanguage":"en-US","potentialAction":[{"@type":"ReadAction","target":["https:\/\/spainfilmcommission.com\/en\/ai-locations\/prision-de-mataro\/"]}]},{"@type":"BreadcrumbList","@id":"https:\/\/spainfilmcommission.com\/en\/ai-locations\/prision-de-mataro\/#breadcrumb","itemListElement":[{"@type":"ListItem","position":1,"name":"Portada","item":"https:\/\/spainfilmcommission.com\/en\/"},{"@type":"ListItem","position":2,"name":"Prisi\u00f3n de Matar\u00f3"}]},{"@type":"WebSite","@id":"https:\/\/spainfilmcommission.com\/en\/#website","url":"https:\/\/spainfilmcommission.com\/en\/","name":"Spain Film Commission","description":"","publisher":{"@id":"https:\/\/spainfilmcommission.com\/en\/#organization"},"potentialAction":[{"@type":"SearchAction","target":{"@type":"EntryPoint","urlTemplate":"https:\/\/spainfilmcommission.com\/en\/?s={search_term_string}"},"query-input":{"@type":"PropertyValueSpecification","valueRequired":true,"valueName":"search_term_string"}}],"inLanguage":"en-US"},{"@type":"Organization","@id":"https:\/\/spainfilmcommission.com\/en\/#organization","name":"Spain Film Commission","url":"https:\/\/spainfilmcommission.com\/en\/","logo":{"@type":"ImageObject","inLanguage":"en-US","@id":"https:\/\/spainfilmcommission.com\/en\/#\/schema\/logo\/image\/","url":"https:\/\/spainfilmcommission.com\/wp-content\/uploads\/2024\/07\/SPC_COLOR.png","contentUrl":"https:\/\/spainfilmcommission.com\/wp-content\/uploads\/2024\/07\/SPC_COLOR.png","width":1665,"height":1665,"caption":"Spain Film Commission"},"image":{"@id":"https:\/\/spainfilmcommission.com\/en\/#\/schema\/logo\/image\/"}}]}},"socio":[{"ID":"48","user_login":"catalunya-film-commission","user_nicename":"catalunya-film-commission","display_name":"catalunya-film-commission","user_pass":"****************","user_email":"cfc@gencat.cat","user_url":"","user_registered":"2024-12-19 18:19:08","id":48}],"nombrees":"Prisi\u00f3n de Matar\u00f3","nombreen":"The Matar\u00f3 Prison","localidad":"Matar\u00f3","provincia":"Barcelona","coordenadas_maps":"41.541777, 2.443537","latitud":"41.541777000000","longitud":"2.443537000000","direcciones":"","direccionen":"","cod_postal":[],"telefono":"","fax":"","mail":"","web":"https:\/\/www.bcncatfilmcommission.com\/es\/location\/prisin","descripciones":"La Prisi\u00f3n de Matar\u00f3 es una construcci\u00f3n de gran relevancia en la historia de la arquitectura penitenciaria contempor\u00e1nea. Construida por el arquitecto Elies Rogent, constituye el primer ejemplo de aplicaci\u00f3n del modelo pan\u00f3ptico en Espa\u00f1a, que sigue de forma directa las corrientes penitenciarias reformistas europeas de la \u00e9poca.","descripcionen":"The Matar\u00f3 Prison is a construction of great relevance in the history of contemporary prison architecture. Built by the architect Elies Rogent, it constitutes the first example of the application of the panoptic model in Spain, which directly follows the European reformist penitentiary currents of the time.","galeria":[{"ID":"24433","post_author":"2","post_date":"2025-03-08 03:57:51","post_date_gmt":"2025-03-08 02:57:51","post_content":"","post_title":"foto-1012_8964","post_excerpt":"","post_status":"inherit","comment_status":"closed","ping_status":"closed","post_password":"","post_name":"foto-1012_8964","to_ping":"","pinged":"","post_modified":"2025-04-21 11:54:41","post_modified_gmt":"2025-04-21 09:54:41","post_content_filtered":"","post_parent":"12037","guid":"https:\/\/spainfilmcommission.com\/wp-content\/uploads\/2025\/03\/foto-1012_8964.jpg","menu_order":"0","post_type":"attachment","post_mime_type":"image\/jpeg","comment_count":"0","pod_item_id":"24433"},{"ID":"24435","post_author":"2","post_date":"2025-03-08 03:57:53","post_date_gmt":"2025-03-08 02:57:53","post_content":"","post_title":"foto-1012_8967","post_excerpt":"","post_status":"inherit","comment_status":"closed","ping_status":"closed","post_password":"","post_name":"foto-1012_8967","to_ping":"","pinged":"","post_modified":"2025-04-21 11:54:41","post_modified_gmt":"2025-04-21 09:54:41","post_content_filtered":"","post_parent":"12037","guid":"https:\/\/spainfilmcommission.com\/wp-content\/uploads\/2025\/03\/foto-1012_8967.jpg","menu_order":"0","post_type":"attachment","post_mime_type":"image\/jpeg","comment_count":"0","pod_item_id":"24435"},{"ID":"24437","post_author":"2","post_date":"2025-03-08 03:57:54","post_date_gmt":"2025-03-08 02:57:54","post_content":"","post_title":"foto-1012_8968","post_excerpt":"","post_status":"inherit","comment_status":"closed","ping_status":"closed","post_password":"","post_name":"foto-1012_8968","to_ping":"","pinged":"","post_modified":"2025-04-21 11:54:41","post_modified_gmt":"2025-04-21 09:54:41","post_content_filtered":"","post_parent":"12037","guid":"https:\/\/spainfilmcommission.com\/wp-content\/uploads\/2025\/03\/foto-1012_8968.jpg","menu_order":"0","post_type":"attachment","post_mime_type":"image\/jpeg","comment_count":"0","pod_item_id":"24437"},{"ID":"24439","post_author":"2","post_date":"2025-03-08 03:57:56","post_date_gmt":"2025-03-08 02:57:56","post_content":"","post_title":"foto-1012_8969","post_excerpt":"","post_status":"inherit","comment_status":"closed","ping_status":"closed","post_password":"","post_name":"foto-1012_8969","to_ping":"","pinged":"","post_modified":"2025-04-21 11:54:41","post_modified_gmt":"2025-04-21 09:54:41","post_content_filtered":"","post_parent":"12037","guid":"https:\/\/spainfilmcommission.com\/wp-content\/uploads\/2025\/03\/foto-1012_8969.jpg","menu_order":"0","post_type":"attachment","post_mime_type":"image\/jpeg","comment_count":"0","pod_item_id":"24439"},{"ID":"24441","post_author":"2","post_date":"2025-03-08 03:57:58","post_date_gmt":"2025-03-08 02:57:58","post_content":"","post_title":"foto-1012_8970","post_excerpt":"","post_status":"inherit","comment_status":"closed","ping_status":"closed","post_password":"","post_name":"foto-1012_8970","to_ping":"","pinged":"","post_modified":"2025-04-21 11:54:41","post_modified_gmt":"2025-04-21 09:54:41","post_content_filtered":"","post_parent":"12037","guid":"https:\/\/spainfilmcommission.com\/wp-content\/uploads\/2025\/03\/foto-1012_8970.jpg","menu_order":"0","post_type":"attachment","post_mime_type":"image\/jpeg","comment_count":"0","pod_item_id":"24441"},{"ID":"24443","post_author":"2","post_date":"2025-03-08 03:58:00","post_date_gmt":"2025-03-08 02:58:00","post_content":"","post_title":"foto-1012_8971","post_excerpt":"","post_status":"inherit","comment_status":"closed","ping_status":"closed","post_password":"","post_name":"foto-1012_8971","to_ping":"","pinged":"","post_modified":"2025-04-21 11:54:41","post_modified_gmt":"2025-04-21 09:54:41","post_content_filtered":"","post_parent":"12037","guid":"https:\/\/spainfilmcommission.com\/wp-content\/uploads\/2025\/03\/foto-1012_8971.jpg","menu_order":"0","post_type":"attachment","post_mime_type":"image\/jpeg","comment_count":"0","pod_item_id":"24443"},{"ID":"24445","post_author":"2","post_date":"2025-03-08 03:58:02","post_date_gmt":"2025-03-08 02:58:02","post_content":"","post_title":"foto-1012_8972","post_excerpt":"","post_status":"inherit","comment_status":"closed","ping_status":"closed","post_password":"","post_name":"foto-1012_8972","to_ping":"","pinged":"","post_modified":"2025-04-21 11:54:41","post_modified_gmt":"2025-04-21 09:54:41","post_content_filtered":"","post_parent":"12037","guid":"https:\/\/spainfilmcommission.com\/wp-content\/uploads\/2025\/03\/foto-1012_8972.jpg","menu_order":"0","post_type":"attachment","post_mime_type":"image\/jpeg","comment_count":"0","pod_item_id":"24445"},{"ID":"24447","post_author":"2","post_date":"2025-03-08 03:58:04","post_date_gmt":"2025-03-08 02:58:04","post_content":"","post_title":"foto-1012_8973","post_excerpt":"","post_status":"inherit","comment_status":"closed","ping_status":"closed","post_password":"","post_name":"foto-1012_8973","to_ping":"","pinged":"","post_modified":"2025-04-21 11:54:41","post_modified_gmt":"2025-04-21 09:54:41","post_content_filtered":"","post_parent":"12037","guid":"https:\/\/spainfilmcommission.com\/wp-content\/uploads\/2025\/03\/foto-1012_8973.jpg","menu_order":"0","post_type":"attachment","post_mime_type":"image\/jpeg","comment_count":"0","pod_item_id":"24447"},{"ID":"24449","post_author":"2","post_date":"2025-03-08 03:58:06","post_date_gmt":"2025-03-08 02:58:06","post_content":"","post_title":"foto-1012_8974","post_excerpt":"","post_status":"inherit","comment_status":"closed","ping_status":"closed","post_password":"","post_name":"foto-1012_8974","to_ping":"","pinged":"","post_modified":"2025-04-21 11:54:41","post_modified_gmt":"2025-04-21 09:54:41","post_content_filtered":"","post_parent":"12037","guid":"https:\/\/spainfilmcommission.com\/wp-content\/uploads\/2025\/03\/foto-1012_8974.jpg","menu_order":"0","post_type":"attachment","post_mime_type":"image\/jpeg","comment_count":"0","pod_item_id":"24449"},{"ID":"24451","post_author":"2","post_date":"2025-03-08 03:58:08","post_date_gmt":"2025-03-08 02:58:08","post_content":"","post_title":"foto-1012_8975","post_excerpt":"","post_status":"inherit","comment_status":"closed","ping_status":"closed","post_password":"","post_name":"foto-1012_8975","to_ping":"","pinged":"","post_modified":"2025-04-21 11:54:41","post_modified_gmt":"2025-04-21 09:54:41","post_content_filtered":"","post_parent":"12037","guid":"https:\/\/spainfilmcommission.com\/wp-content\/uploads\/2025\/03\/foto-1012_8975.jpg","menu_order":"0","post_type":"attachment","post_mime_type":"image\/jpeg","comment_count":"0","pod_item_id":"24451"},{"ID":"24453","post_author":"2","post_date":"2025-03-08 03:58:10","post_date_gmt":"2025-03-08 02:58:10","post_content":"","post_title":"foto-1012_8976","post_excerpt":"","post_status":"inherit","comment_status":"closed","ping_status":"closed","post_password":"","post_name":"foto-1012_8976","to_ping":"","pinged":"","post_modified":"2025-04-21 11:54:41","post_modified_gmt":"2025-04-21 09:54:41","post_content_filtered":"","post_parent":"12037","guid":"https:\/\/spainfilmcommission.com\/wp-content\/uploads\/2025\/03\/foto-1012_8976.jpg","menu_order":"0","post_type":"attachment","post_mime_type":"image\/jpeg","comment_count":"0","pod_item_id":"24453"},{"ID":"24455","post_author":"2","post_date":"2025-03-08 03:58:12","post_date_gmt":"2025-03-08 02:58:12","post_content":"","post_title":"foto-1012_8977","post_excerpt":"","post_status":"inherit","comment_status":"closed","ping_status":"closed","post_password":"","post_name":"foto-1012_8977","to_ping":"","pinged":"","post_modified":"2025-04-21 11:54:41","post_modified_gmt":"2025-04-21 09:54:41","post_content_filtered":"","post_parent":"12037","guid":"https:\/\/spainfilmcommission.com\/wp-content\/uploads\/2025\/03\/foto-1012_8977.jpg","menu_order":"0","post_type":"attachment","post_mime_type":"image\/jpeg","comment_count":"0","pod_item_id":"24455"},{"ID":"24457","post_author":"2","post_date":"2025-03-08 03:58:14","post_date_gmt":"2025-03-08 02:58:14","post_content":"","post_title":"foto-1012_8978","post_excerpt":"","post_status":"inherit","comment_status":"closed","ping_status":"closed","post_password":"","post_name":"foto-1012_8978","to_ping":"","pinged":"","post_modified":"2025-04-21 11:54:41","post_modified_gmt":"2025-04-21 09:54:41","post_content_filtered":"","post_parent":"12037","guid":"https:\/\/spainfilmcommission.com\/wp-content\/uploads\/2025\/03\/foto-1012_8978.jpg","menu_order":"0","post_type":"attachment","post_mime_type":"image\/jpeg","comment_count":"0","pod_item_id":"24457"},{"ID":"24459","post_author":"2","post_date":"2025-03-08 03:58:16","post_date_gmt":"2025-03-08 02:58:16","post_content":"","post_title":"foto-1012_8979","post_excerpt":"","post_status":"inherit","comment_status":"closed","ping_status":"closed","post_password":"","post_name":"foto-1012_8979","to_ping":"","pinged":"","post_modified":"2025-04-21 11:54:41","post_modified_gmt":"2025-04-21 09:54:41","post_content_filtered":"","post_parent":"12037","guid":"https:\/\/spainfilmcommission.com\/wp-content\/uploads\/2025\/03\/foto-1012_8979.jpg","menu_order":"0","post_type":"attachment","post_mime_type":"image\/jpeg","comment_count":"0","pod_item_id":"24459"},{"ID":"24461","post_author":"2","post_date":"2025-03-08 03:58:18","post_date_gmt":"2025-03-08 02:58:18","post_content":"","post_title":"foto-1012_8980","post_excerpt":"","post_status":"inherit","comment_status":"closed","ping_status":"closed","post_password":"","post_name":"foto-1012_8980","to_ping":"","pinged":"","post_modified":"2025-04-21 11:54:41","post_modified_gmt":"2025-04-21 09:54:41","post_content_filtered":"","post_parent":"12037","guid":"https:\/\/spainfilmcommission.com\/wp-content\/uploads\/2025\/03\/foto-1012_8980.jpg","menu_order":"0","post_type":"attachment","post_mime_type":"image\/jpeg","comment_count":"0","pod_item_id":"24461"},{"ID":"24463","post_author":"2","post_date":"2025-03-08 03:58:20","post_date_gmt":"2025-03-08 02:58:20","post_content":"","post_title":"foto-1012_8981","post_excerpt":"","post_status":"inherit","comment_status":"closed","ping_status":"closed","post_password":"","post_name":"foto-1012_8981","to_ping":"","pinged":"","post_modified":"2025-04-21 11:54:41","post_modified_gmt":"2025-04-21 09:54:41","post_content_filtered":"","post_parent":"12037","guid":"https:\/\/spainfilmcommission.com\/wp-content\/uploads\/2025\/03\/foto-1012_8981.jpg","menu_order":"0","post_type":"attachment","post_mime_type":"image\/jpeg","comment_count":"0","pod_item_id":"24463"}],"nombrepaginaes":"prision-de-mataro","nombrepaginaen":"the-mataro-prison","latitud_gps":"41\u00b032'30.4","longitud_gps":"2\u00b026'36.7","adicionaleses":"","adicionalesen":"","videoes":"","videoen":"","video2es":"","video2en":"","_links":{"self":[{"href":"https:\/\/spainfilmcommission.com\/en\/wp-json\/wp\/v2\/localizaciones\/localizacion\/12037","targetHints":{"allow":["GET"]}}],"collection":[{"href":"https:\/\/spainfilmcommission.com\/en\/wp-json\/wp\/v2\/localizaciones\/localizacion"}],"about":[{"href":"https:\/\/spainfilmcommission.com\/en\/wp-json\/wp\/v2\/types\/localizacion"}],"author":[{"embeddable":true,"href":"https:\/\/spainfilmcommission.com\/en\/wp-json\/wp\/v2\/users\/2"}],"wp:attachment":[{"href":"https:\/\/spainfilmcommission.com\/en\/wp-json\/wp\/v2\/media?parent=12037"}],"curies":[{"name":"wp","href":"https:\/\/api.w.org\/{rel}","templated":true}]}}