{"id":12022,"date":"2025-02-27T19:49:16","date_gmt":"2025-02-27T18:49:16","guid":{"rendered":"https:\/\/spainfilmcommission.com\/?post_type=localizacion&#038;p=12022"},"modified":"2025-04-22T08:23:59","modified_gmt":"2025-04-22T06:23:59","slug":"museo-internacional-de-radiocomunicacion-inocencio-bocanegra","status":"publish","type":"localizacion","link":"https:\/\/spainfilmcommission.com\/en\/ai-locations\/museo-internacional-de-radiocomunicacion-inocencio-bocanegra\/","title":{"rendered":"Museo Internacional de Radiocomunicaci\u00f3n Inocencio Bocanegra"},"content":{"rendered":"","protected":false},"author":2,"template":"","meta":[],"class_list":["post-12022","localizacion","type-localizacion","status-publish","hentry"],"yoast_head":"<!-- This site is optimized with the Yoast SEO plugin v28.3 - https:\/\/yoast.com\/product\/yoast-seo-wordpress\/ -->\n<title>Rodar en Museo Internacional de Radiocomunicaci\u00f3n Inocencio Bocanegra - Spain Film Commission<\/title>\n<meta name=\"description\" content=\"En esta p\u00e1gina encontrar\u00e1s una peque\u00f1a descripci\u00f3n, m\u00e1genes e informaci\u00f3n relevante para que te hagas una idea de c\u00f3mo es rodar en Museo Internacional de Radiocomunicaci\u00f3n Inocencio Bocanegra\" \/>\n<meta name=\"robots\" content=\"index, follow, max-snippet:-1, max-image-preview:large, max-video-preview:-1\" \/>\n<link rel=\"canonical\" href=\"https:\/\/spainfilmcommission.com\/en\/ai-locations\/museo-internacional-de-radiocomunicacion-inocencio-bocanegra\/\" \/>\n<meta property=\"og:locale\" content=\"en_US\" \/>\n<meta property=\"og:type\" content=\"article\" \/>\n<meta property=\"og:title\" content=\"Rodar en Museo Internacional de Radiocomunicaci\u00f3n Inocencio Bocanegra - Spain Film Commission\" \/>\n<meta property=\"og:description\" content=\"En esta p\u00e1gina encontrar\u00e1s una peque\u00f1a descripci\u00f3n, m\u00e1genes e informaci\u00f3n relevante para que te hagas una idea de c\u00f3mo es rodar en Museo Internacional de Radiocomunicaci\u00f3n Inocencio Bocanegra\" \/>\n<meta property=\"og:url\" content=\"https:\/\/spainfilmcommission.com\/en\/ai-locations\/museo-internacional-de-radiocomunicacion-inocencio-bocanegra\/\" \/>\n<meta property=\"og:site_name\" content=\"Spain Film Commission\" \/>\n<meta property=\"article:modified_time\" content=\"2025-04-22T06:23:59+00:00\" \/>\n<meta name=\"twitter:card\" content=\"summary_large_image\" \/>\n<script type=\"application\/ld+json\" class=\"yoast-schema-graph\">{\"@context\":\"https:\\\/\\\/schema.org\",\"@graph\":[{\"@type\":\"WebPage\",\"@id\":\"https:\\\/\\\/spainfilmcommission.com\\\/en\\\/ai-locations\\\/museo-internacional-de-radiocomunicacion-inocencio-bocanegra\\\/\",\"url\":\"https:\\\/\\\/spainfilmcommission.com\\\/en\\\/ai-locations\\\/museo-internacional-de-radiocomunicacion-inocencio-bocanegra\\\/\",\"name\":\"Rodar en Museo Internacional de Radiocomunicaci\u00f3n Inocencio Bocanegra - Spain Film Commission\",\"isPartOf\":{\"@id\":\"https:\\\/\\\/spainfilmcommission.com\\\/en\\\/#website\"},\"datePublished\":\"2025-02-27T18:49:16+00:00\",\"dateModified\":\"2025-04-22T06:23:59+00:00\",\"description\":\"En esta p\u00e1gina encontrar\u00e1s una peque\u00f1a descripci\u00f3n, m\u00e1genes e informaci\u00f3n relevante para que te hagas una idea de c\u00f3mo es rodar en Museo Internacional de Radiocomunicaci\u00f3n Inocencio Bocanegra\",\"breadcrumb\":{\"@id\":\"https:\\\/\\\/spainfilmcommission.com\\\/en\\\/ai-locations\\\/museo-internacional-de-radiocomunicacion-inocencio-bocanegra\\\/#breadcrumb\"},\"inLanguage\":\"en-US\",\"potentialAction\":[{\"@type\":\"ReadAction\",\"target\":[\"https:\\\/\\\/spainfilmcommission.com\\\/en\\\/ai-locations\\\/museo-internacional-de-radiocomunicacion-inocencio-bocanegra\\\/\"]}]},{\"@type\":\"BreadcrumbList\",\"@id\":\"https:\\\/\\\/spainfilmcommission.com\\\/en\\\/ai-locations\\\/museo-internacional-de-radiocomunicacion-inocencio-bocanegra\\\/#breadcrumb\",\"itemListElement\":[{\"@type\":\"ListItem\",\"position\":1,\"name\":\"Portada\",\"item\":\"https:\\\/\\\/spainfilmcommission.com\\\/en\\\/\"},{\"@type\":\"ListItem\",\"position\":2,\"name\":\"Museo Internacional de Radiocomunicaci\u00f3n Inocencio Bocanegra\"}]},{\"@type\":\"WebSite\",\"@id\":\"https:\\\/\\\/spainfilmcommission.com\\\/en\\\/#website\",\"url\":\"https:\\\/\\\/spainfilmcommission.com\\\/en\\\/\",\"name\":\"Spain Film Commission\",\"description\":\"\",\"publisher\":{\"@id\":\"https:\\\/\\\/spainfilmcommission.com\\\/en\\\/#organization\"},\"potentialAction\":[{\"@type\":\"SearchAction\",\"target\":{\"@type\":\"EntryPoint\",\"urlTemplate\":\"https:\\\/\\\/spainfilmcommission.com\\\/en\\\/?s={search_term_string}\"},\"query-input\":{\"@type\":\"PropertyValueSpecification\",\"valueRequired\":true,\"valueName\":\"search_term_string\"}}],\"inLanguage\":\"en-US\"},{\"@type\":\"Organization\",\"@id\":\"https:\\\/\\\/spainfilmcommission.com\\\/en\\\/#organization\",\"name\":\"Spain Film Commission\",\"url\":\"https:\\\/\\\/spainfilmcommission.com\\\/en\\\/\",\"logo\":{\"@type\":\"ImageObject\",\"inLanguage\":\"en-US\",\"@id\":\"https:\\\/\\\/spainfilmcommission.com\\\/en\\\/#\\\/schema\\\/logo\\\/image\\\/\",\"url\":\"https:\\\/\\\/spainfilmcommission.com\\\/wp-content\\\/uploads\\\/2024\\\/07\\\/SPC_COLOR.png\",\"contentUrl\":\"https:\\\/\\\/spainfilmcommission.com\\\/wp-content\\\/uploads\\\/2024\\\/07\\\/SPC_COLOR.png\",\"width\":1665,\"height\":1665,\"caption\":\"Spain Film Commission\"},\"image\":{\"@id\":\"https:\\\/\\\/spainfilmcommission.com\\\/en\\\/#\\\/schema\\\/logo\\\/image\\\/\"}}]}<\/script>\n<!-- \/ Yoast SEO plugin. -->","yoast_head_json":{"title":"Rodar en Museo Internacional de Radiocomunicaci\u00f3n Inocencio Bocanegra - Spain Film Commission","description":"En esta p\u00e1gina encontrar\u00e1s una peque\u00f1a descripci\u00f3n, m\u00e1genes e informaci\u00f3n relevante para que te hagas una idea de c\u00f3mo es rodar en Museo Internacional de Radiocomunicaci\u00f3n Inocencio Bocanegra","robots":{"index":"index","follow":"follow","max-snippet":"max-snippet:-1","max-image-preview":"max-image-preview:large","max-video-preview":"max-video-preview:-1"},"canonical":"https:\/\/spainfilmcommission.com\/en\/ai-locations\/museo-internacional-de-radiocomunicacion-inocencio-bocanegra\/","og_locale":"en_US","og_type":"article","og_title":"Rodar en Museo Internacional de Radiocomunicaci\u00f3n Inocencio Bocanegra - Spain Film Commission","og_description":"En esta p\u00e1gina encontrar\u00e1s una peque\u00f1a descripci\u00f3n, m\u00e1genes e informaci\u00f3n relevante para que te hagas una idea de c\u00f3mo es rodar en Museo Internacional de Radiocomunicaci\u00f3n Inocencio Bocanegra","og_url":"https:\/\/spainfilmcommission.com\/en\/ai-locations\/museo-internacional-de-radiocomunicacion-inocencio-bocanegra\/","og_site_name":"Spain Film Commission","article_modified_time":"2025-04-22T06:23:59+00:00","twitter_card":"summary_large_image","schema":{"@context":"https:\/\/schema.org","@graph":[{"@type":"WebPage","@id":"https:\/\/spainfilmcommission.com\/en\/ai-locations\/museo-internacional-de-radiocomunicacion-inocencio-bocanegra\/","url":"https:\/\/spainfilmcommission.com\/en\/ai-locations\/museo-internacional-de-radiocomunicacion-inocencio-bocanegra\/","name":"Rodar en Museo Internacional de Radiocomunicaci\u00f3n Inocencio Bocanegra - Spain Film Commission","isPartOf":{"@id":"https:\/\/spainfilmcommission.com\/en\/#website"},"datePublished":"2025-02-27T18:49:16+00:00","dateModified":"2025-04-22T06:23:59+00:00","description":"En esta p\u00e1gina encontrar\u00e1s una peque\u00f1a descripci\u00f3n, m\u00e1genes e informaci\u00f3n relevante para que te hagas una idea de c\u00f3mo es rodar en Museo Internacional de Radiocomunicaci\u00f3n Inocencio Bocanegra","breadcrumb":{"@id":"https:\/\/spainfilmcommission.com\/en\/ai-locations\/museo-internacional-de-radiocomunicacion-inocencio-bocanegra\/#breadcrumb"},"inLanguage":"en-US","potentialAction":[{"@type":"ReadAction","target":["https:\/\/spainfilmcommission.com\/en\/ai-locations\/museo-internacional-de-radiocomunicacion-inocencio-bocanegra\/"]}]},{"@type":"BreadcrumbList","@id":"https:\/\/spainfilmcommission.com\/en\/ai-locations\/museo-internacional-de-radiocomunicacion-inocencio-bocanegra\/#breadcrumb","itemListElement":[{"@type":"ListItem","position":1,"name":"Portada","item":"https:\/\/spainfilmcommission.com\/en\/"},{"@type":"ListItem","position":2,"name":"Museo Internacional de Radiocomunicaci\u00f3n Inocencio Bocanegra"}]},{"@type":"WebSite","@id":"https:\/\/spainfilmcommission.com\/en\/#website","url":"https:\/\/spainfilmcommission.com\/en\/","name":"Spain Film Commission","description":"","publisher":{"@id":"https:\/\/spainfilmcommission.com\/en\/#organization"},"potentialAction":[{"@type":"SearchAction","target":{"@type":"EntryPoint","urlTemplate":"https:\/\/spainfilmcommission.com\/en\/?s={search_term_string}"},"query-input":{"@type":"PropertyValueSpecification","valueRequired":true,"valueName":"search_term_string"}}],"inLanguage":"en-US"},{"@type":"Organization","@id":"https:\/\/spainfilmcommission.com\/en\/#organization","name":"Spain Film Commission","url":"https:\/\/spainfilmcommission.com\/en\/","logo":{"@type":"ImageObject","inLanguage":"en-US","@id":"https:\/\/spainfilmcommission.com\/en\/#\/schema\/logo\/image\/","url":"https:\/\/spainfilmcommission.com\/wp-content\/uploads\/2024\/07\/SPC_COLOR.png","contentUrl":"https:\/\/spainfilmcommission.com\/wp-content\/uploads\/2024\/07\/SPC_COLOR.png","width":1665,"height":1665,"caption":"Spain Film Commission"},"image":{"@id":"https:\/\/spainfilmcommission.com\/en\/#\/schema\/logo\/image\/"}}]}},"socio":[{"ID":"28","user_login":"castilla-y-leon-film-commission","user_nicename":"castilla-y-leon-film-commission","display_name":"castilla-y-leon-film-commission","user_pass":"****************","user_email":"kristine.guzman@jcyl.es","user_url":"","user_registered":"2024-12-19 15:53:09","id":28}],"nombrees":"Museo Internacional de Radiocomunicaci\u00f3n Inocencio Bocanegra","nombreen":"International Radio Communication Museum Inocencio Bocanegra","localidad":"Belorado","provincia":"Burgos","coordenadas_maps":"42.417622, -3.193043","latitud":"42.417622000000","longitud":"-3.193043000000","direcciones":"","direccionen":"","cod_postal":[],"telefono":"","fax":"","mail":"","web":"https:\/\/www.museobocanegra.com\/","descripciones":"1.- RECREACION DEL CHECKPOINT-CHARLIE: Puesto fronterizo del Muro de Berl\u00edn (caseta reproducida a escala) y la Friedrichstrasse calle en la que se situaba. CARRO DE COMBATE: M-60 Patton ATTS, \u00fanico visitable en Espa\u00f1a. 2.- CAMPAMENTO AMERICANO EN VIETNAM \u2013 HELIC\u00d3PTERO BELL UH10 3. - EL SILO: Museo ubicado en un silo de almacenamiento de grano,\u00a0conserva toda la maquinaria utilizada en su d\u00eda y est\u00e1 \u00edntegramente restaurado. 4. - LA COLECCI\u00d3N: \u00danico museo civil con esta tem\u00e1tica en Espa\u00f1a. Se presenta una de las cinco colecciones p\u00fablicas de equipos m\u00e1s importante de toda Europa. 5. - LA TRINCHERA: Recreaci\u00f3n de una trinchera de la Primera Guerra Mundial, del lado brit\u00e1nico de hacia 1917: dormitorio, cocina, hospital de campa\u00f1a, puesto de mando, puesto de control y correo. 6. - RECREACI\u00d3N TITANIC: Recreaci\u00f3n de la Sala Marconi y estancias anejas en la cubierta de botes, camarotes de primera clase y ba\u00f1os, sala de generaci\u00f3n el\u00e9ctrica y camarote de radioperadores....","descripcionen":"","galeria":[{"ID":"24059","post_author":"2","post_date":"2025-03-08 03:50:56","post_date_gmt":"2025-03-08 02:50:56","post_content":"","post_title":"foto-997_8380","post_excerpt":"","post_status":"inherit","comment_status":"closed","ping_status":"closed","post_password":"","post_name":"foto-997_8380","to_ping":"","pinged":"","post_modified":"2025-04-22 08:23:59","post_modified_gmt":"2025-04-22 06:23:59","post_content_filtered":"","post_parent":"12022","guid":"https:\/\/spainfilmcommission.com\/wp-content\/uploads\/2025\/03\/foto-997_8380.jpg","menu_order":"0","post_type":"attachment","post_mime_type":"image\/jpeg","comment_count":"0","pod_item_id":"24059"},{"ID":"24061","post_author":"2","post_date":"2025-03-08 03:50:58","post_date_gmt":"2025-03-08 02:50:58","post_content":"","post_title":"foto-997_8381","post_excerpt":"","post_status":"inherit","comment_status":"closed","ping_status":"closed","post_password":"","post_name":"foto-997_8381","to_ping":"","pinged":"","post_modified":"2025-04-22 08:23:59","post_modified_gmt":"2025-04-22 06:23:59","post_content_filtered":"","post_parent":"12022","guid":"https:\/\/spainfilmcommission.com\/wp-content\/uploads\/2025\/03\/foto-997_8381.jpg","menu_order":"0","post_type":"attachment","post_mime_type":"image\/jpeg","comment_count":"0","pod_item_id":"24061"},{"ID":"24063","post_author":"2","post_date":"2025-03-08 03:51:00","post_date_gmt":"2025-03-08 02:51:00","post_content":"","post_title":"foto-997_8382","post_excerpt":"","post_status":"inherit","comment_status":"closed","ping_status":"closed","post_password":"","post_name":"foto-997_8382","to_ping":"","pinged":"","post_modified":"2025-04-22 08:23:59","post_modified_gmt":"2025-04-22 06:23:59","post_content_filtered":"","post_parent":"12022","guid":"https:\/\/spainfilmcommission.com\/wp-content\/uploads\/2025\/03\/foto-997_8382.jpg","menu_order":"0","post_type":"attachment","post_mime_type":"image\/jpeg","comment_count":"0","pod_item_id":"24063"},{"ID":"24065","post_author":"2","post_date":"2025-03-08 03:51:02","post_date_gmt":"2025-03-08 02:51:02","post_content":"","post_title":"foto-997_8383","post_excerpt":"","post_status":"inherit","comment_status":"closed","ping_status":"closed","post_password":"","post_name":"foto-997_8383","to_ping":"","pinged":"","post_modified":"2025-04-22 08:23:59","post_modified_gmt":"2025-04-22 06:23:59","post_content_filtered":"","post_parent":"12022","guid":"https:\/\/spainfilmcommission.com\/wp-content\/uploads\/2025\/03\/foto-997_8383.jpg","menu_order":"0","post_type":"attachment","post_mime_type":"image\/jpeg","comment_count":"0","pod_item_id":"24065"},{"ID":"24067","post_author":"2","post_date":"2025-03-08 03:51:04","post_date_gmt":"2025-03-08 02:51:04","post_content":"","post_title":"foto-997_8384","post_excerpt":"","post_status":"inherit","comment_status":"closed","ping_status":"closed","post_password":"","post_name":"foto-997_8384","to_ping":"","pinged":"","post_modified":"2025-04-22 08:23:59","post_modified_gmt":"2025-04-22 06:23:59","post_content_filtered":"","post_parent":"12022","guid":"https:\/\/spainfilmcommission.com\/wp-content\/uploads\/2025\/03\/foto-997_8384.jpg","menu_order":"0","post_type":"attachment","post_mime_type":"image\/jpeg","comment_count":"0","pod_item_id":"24067"},{"ID":"24069","post_author":"2","post_date":"2025-03-08 03:51:06","post_date_gmt":"2025-03-08 02:51:06","post_content":"","post_title":"foto-997_8385","post_excerpt":"","post_status":"inherit","comment_status":"closed","ping_status":"closed","post_password":"","post_name":"foto-997_8385","to_ping":"","pinged":"","post_modified":"2025-04-22 08:23:59","post_modified_gmt":"2025-04-22 06:23:59","post_content_filtered":"","post_parent":"12022","guid":"https:\/\/spainfilmcommission.com\/wp-content\/uploads\/2025\/03\/foto-997_8385.jpg","menu_order":"0","post_type":"attachment","post_mime_type":"image\/jpeg","comment_count":"0","pod_item_id":"24069"},{"ID":"24071","post_author":"2","post_date":"2025-03-08 03:51:08","post_date_gmt":"2025-03-08 02:51:08","post_content":"","post_title":"foto-997_8386","post_excerpt":"","post_status":"inherit","comment_status":"closed","ping_status":"closed","post_password":"","post_name":"foto-997_8386","to_ping":"","pinged":"","post_modified":"2025-04-22 08:23:59","post_modified_gmt":"2025-04-22 06:23:59","post_content_filtered":"","post_parent":"12022","guid":"https:\/\/spainfilmcommission.com\/wp-content\/uploads\/2025\/03\/foto-997_8386.jpg","menu_order":"0","post_type":"attachment","post_mime_type":"image\/jpeg","comment_count":"0","pod_item_id":"24071"},{"ID":"24073","post_author":"2","post_date":"2025-03-08 03:51:10","post_date_gmt":"2025-03-08 02:51:10","post_content":"","post_title":"foto-997_8387","post_excerpt":"","post_status":"inherit","comment_status":"closed","ping_status":"closed","post_password":"","post_name":"foto-997_8387","to_ping":"","pinged":"","post_modified":"2025-04-22 08:23:59","post_modified_gmt":"2025-04-22 06:23:59","post_content_filtered":"","post_parent":"12022","guid":"https:\/\/spainfilmcommission.com\/wp-content\/uploads\/2025\/03\/foto-997_8387.jpg","menu_order":"0","post_type":"attachment","post_mime_type":"image\/jpeg","comment_count":"0","pod_item_id":"24073"},{"ID":"24075","post_author":"2","post_date":"2025-03-08 03:51:12","post_date_gmt":"2025-03-08 02:51:12","post_content":"","post_title":"foto-997_8388","post_excerpt":"","post_status":"inherit","comment_status":"closed","ping_status":"closed","post_password":"","post_name":"foto-997_8388","to_ping":"","pinged":"","post_modified":"2025-04-22 08:23:59","post_modified_gmt":"2025-04-22 06:23:59","post_content_filtered":"","post_parent":"12022","guid":"https:\/\/spainfilmcommission.com\/wp-content\/uploads\/2025\/03\/foto-997_8388.jpg","menu_order":"0","post_type":"attachment","post_mime_type":"image\/jpeg","comment_count":"0","pod_item_id":"24075"},{"ID":"24077","post_author":"2","post_date":"2025-03-08 03:51:14","post_date_gmt":"2025-03-08 02:51:14","post_content":"","post_title":"foto-997_8389","post_excerpt":"","post_status":"inherit","comment_status":"closed","ping_status":"closed","post_password":"","post_name":"foto-997_8389","to_ping":"","pinged":"","post_modified":"2025-04-22 08:23:59","post_modified_gmt":"2025-04-22 06:23:59","post_content_filtered":"","post_parent":"12022","guid":"https:\/\/spainfilmcommission.com\/wp-content\/uploads\/2025\/03\/foto-997_8389.jpg","menu_order":"0","post_type":"attachment","post_mime_type":"image\/jpeg","comment_count":"0","pod_item_id":"24077"},{"ID":"24079","post_author":"2","post_date":"2025-03-08 03:51:17","post_date_gmt":"2025-03-08 02:51:17","post_content":"","post_title":"foto-997_8390","post_excerpt":"","post_status":"inherit","comment_status":"closed","ping_status":"closed","post_password":"","post_name":"foto-997_8390","to_ping":"","pinged":"","post_modified":"2025-04-22 08:23:59","post_modified_gmt":"2025-04-22 06:23:59","post_content_filtered":"","post_parent":"12022","guid":"https:\/\/spainfilmcommission.com\/wp-content\/uploads\/2025\/03\/foto-997_8390.jpg","menu_order":"0","post_type":"attachment","post_mime_type":"image\/jpeg","comment_count":"0","pod_item_id":"24079"},{"ID":"24081","post_author":"2","post_date":"2025-03-08 03:51:19","post_date_gmt":"2025-03-08 02:51:19","post_content":"","post_title":"foto-997_8391","post_excerpt":"","post_status":"inherit","comment_status":"closed","ping_status":"closed","post_password":"","post_name":"foto-997_8391","to_ping":"","pinged":"","post_modified":"2025-04-22 08:23:59","post_modified_gmt":"2025-04-22 06:23:59","post_content_filtered":"","post_parent":"12022","guid":"https:\/\/spainfilmcommission.com\/wp-content\/uploads\/2025\/03\/foto-997_8391.jpg","menu_order":"0","post_type":"attachment","post_mime_type":"image\/jpeg","comment_count":"0","pod_item_id":"24081"},{"ID":"24083","post_author":"2","post_date":"2025-03-08 03:51:22","post_date_gmt":"2025-03-08 02:51:22","post_content":"","post_title":"foto-997_8392","post_excerpt":"","post_status":"inherit","comment_status":"closed","ping_status":"closed","post_password":"","post_name":"foto-997_8392","to_ping":"","pinged":"","post_modified":"2025-04-22 08:23:59","post_modified_gmt":"2025-04-22 06:23:59","post_content_filtered":"","post_parent":"12022","guid":"https:\/\/spainfilmcommission.com\/wp-content\/uploads\/2025\/03\/foto-997_8392.jpg","menu_order":"0","post_type":"attachment","post_mime_type":"image\/jpeg","comment_count":"0","pod_item_id":"24083"},{"ID":"24085","post_author":"2","post_date":"2025-03-08 03:51:24","post_date_gmt":"2025-03-08 02:51:24","post_content":"","post_title":"foto-997_8393","post_excerpt":"","post_status":"inherit","comment_status":"closed","ping_status":"closed","post_password":"","post_name":"foto-997_8393","to_ping":"","pinged":"","post_modified":"2025-04-22 08:23:59","post_modified_gmt":"2025-04-22 06:23:59","post_content_filtered":"","post_parent":"12022","guid":"https:\/\/spainfilmcommission.com\/wp-content\/uploads\/2025\/03\/foto-997_8393.jpg","menu_order":"0","post_type":"attachment","post_mime_type":"image\/jpeg","comment_count":"0","pod_item_id":"24085"},{"ID":"24087","post_author":"2","post_date":"2025-03-08 03:51:26","post_date_gmt":"2025-03-08 02:51:26","post_content":"","post_title":"foto-997_8394","post_excerpt":"","post_status":"inherit","comment_status":"closed","ping_status":"closed","post_password":"","post_name":"foto-997_8394","to_ping":"","pinged":"","post_modified":"2025-04-22 08:23:59","post_modified_gmt":"2025-04-22 06:23:59","post_content_filtered":"","post_parent":"12022","guid":"https:\/\/spainfilmcommission.com\/wp-content\/uploads\/2025\/03\/foto-997_8394.jpg","menu_order":"0","post_type":"attachment","post_mime_type":"image\/jpeg","comment_count":"0","pod_item_id":"24087"},{"ID":"24089","post_author":"2","post_date":"2025-03-08 03:51:28","post_date_gmt":"2025-03-08 02:51:28","post_content":"","post_title":"foto-997_8395","post_excerpt":"","post_status":"inherit","comment_status":"closed","ping_status":"closed","post_password":"","post_name":"foto-997_8395","to_ping":"","pinged":"","post_modified":"2025-04-22 08:23:59","post_modified_gmt":"2025-04-22 06:23:59","post_content_filtered":"","post_parent":"12022","guid":"https:\/\/spainfilmcommission.com\/wp-content\/uploads\/2025\/03\/foto-997_8395.jpg","menu_order":"0","post_type":"attachment","post_mime_type":"image\/jpeg","comment_count":"0","pod_item_id":"24089"},{"ID":"24091","post_author":"2","post_date":"2025-03-08 03:51:30","post_date_gmt":"2025-03-08 02:51:30","post_content":"","post_title":"foto-997_8396","post_excerpt":"","post_status":"inherit","comment_status":"closed","ping_status":"closed","post_password":"","post_name":"foto-997_8396","to_ping":"","pinged":"","post_modified":"2025-04-22 08:23:59","post_modified_gmt":"2025-04-22 06:23:59","post_content_filtered":"","post_parent":"12022","guid":"https:\/\/spainfilmcommission.com\/wp-content\/uploads\/2025\/03\/foto-997_8396.jpg","menu_order":"0","post_type":"attachment","post_mime_type":"image\/jpeg","comment_count":"0","pod_item_id":"24091"},{"ID":"24093","post_author":"2","post_date":"2025-03-08 03:51:32","post_date_gmt":"2025-03-08 02:51:32","post_content":"","post_title":"foto-997_8397","post_excerpt":"","post_status":"inherit","comment_status":"closed","ping_status":"closed","post_password":"","post_name":"foto-997_8397","to_ping":"","pinged":"","post_modified":"2025-04-22 08:23:59","post_modified_gmt":"2025-04-22 06:23:59","post_content_filtered":"","post_parent":"12022","guid":"https:\/\/spainfilmcommission.com\/wp-content\/uploads\/2025\/03\/foto-997_8397.jpg","menu_order":"0","post_type":"attachment","post_mime_type":"image\/jpeg","comment_count":"0","pod_item_id":"24093"},{"ID":"24095","post_author":"2","post_date":"2025-03-08 03:51:34","post_date_gmt":"2025-03-08 02:51:34","post_content":"","post_title":"foto-997_8398","post_excerpt":"","post_status":"inherit","comment_status":"closed","ping_status":"closed","post_password":"","post_name":"foto-997_8398","to_ping":"","pinged":"","post_modified":"2025-04-22 08:23:59","post_modified_gmt":"2025-04-22 06:23:59","post_content_filtered":"","post_parent":"12022","guid":"https:\/\/spainfilmcommission.com\/wp-content\/uploads\/2025\/03\/foto-997_8398.jpg","menu_order":"0","post_type":"attachment","post_mime_type":"image\/jpeg","comment_count":"0","pod_item_id":"24095"},{"ID":"24097","post_author":"2","post_date":"2025-03-08 03:51:38","post_date_gmt":"2025-03-08 02:51:38","post_content":"","post_title":"foto-997_8399","post_excerpt":"","post_status":"inherit","comment_status":"closed","ping_status":"closed","post_password":"","post_name":"foto-997_8399","to_ping":"","pinged":"","post_modified":"2025-04-22 08:23:59","post_modified_gmt":"2025-04-22 06:23:59","post_content_filtered":"","post_parent":"12022","guid":"https:\/\/spainfilmcommission.com\/wp-content\/uploads\/2025\/03\/foto-997_8399.jpg","menu_order":"0","post_type":"attachment","post_mime_type":"image\/jpeg","comment_count":"0","pod_item_id":"24097"}],"nombrepaginaes":"museo-internacional-de-radiocomunicacion-inocencio-bocanegra","nombrepaginaen":"international-radio-communication-museum-inocencio-bocanegra","latitud_gps":"42\u00ba25'03.4''","longitud_gps":"3\u00ba11'35.0''","adicionaleses":"El Museo es propiedad del Ayuntamiento de Belorado. Respecto al material que se puede encontrar en \u00e9l hay diferentes casos, entre los que destacan: El tanque y el helic\u00f3ptero est\u00e1n cedidos por el Ministerio de Defensa. La colecci\u00f3n de Equipos de Radiocomu","adicionalesen":"","videoes":"","videoen":"","video2es":"","video2en":"","_links":{"self":[{"href":"https:\/\/spainfilmcommission.com\/en\/wp-json\/wp\/v2\/localizaciones\/localizacion\/12022","targetHints":{"allow":["GET"]}}],"collection":[{"href":"https:\/\/spainfilmcommission.com\/en\/wp-json\/wp\/v2\/localizaciones\/localizacion"}],"about":[{"href":"https:\/\/spainfilmcommission.com\/en\/wp-json\/wp\/v2\/types\/localizacion"}],"author":[{"embeddable":true,"href":"https:\/\/spainfilmcommission.com\/en\/wp-json\/wp\/v2\/users\/2"}],"wp:attachment":[{"href":"https:\/\/spainfilmcommission.com\/en\/wp-json\/wp\/v2\/media?parent=12022"}],"curies":[{"name":"wp","href":"https:\/\/api.w.org\/{rel}","templated":true}]}}