{"id":12021,"date":"2025-02-27T19:49:16","date_gmt":"2025-02-27T18:49:16","guid":{"rendered":"https:\/\/spainfilmcommission.com\/?post_type=localizacion&#038;p=12021"},"modified":"2025-04-22T08:37:51","modified_gmt":"2025-04-22T06:37:51","slug":"dehesa-de-hayas-de-puras-de-villafranca","status":"publish","type":"localizacion","link":"https:\/\/spainfilmcommission.com\/en\/ai-locations\/dehesa-de-hayas-de-puras-de-villafranca\/","title":{"rendered":"Dehesa de hayas de Puras de Villafranca"},"content":{"rendered":"","protected":false},"author":2,"template":"","meta":[],"class_list":["post-12021","localizacion","type-localizacion","status-publish","hentry"],"yoast_head":"<!-- This site is optimized with the Yoast SEO plugin v28.3 - https:\/\/yoast.com\/product\/yoast-seo-wordpress\/ -->\n<title>Rodar en Dehesa de hayas de Puras de Villafranca - Spain Film Commission<\/title>\n<meta name=\"description\" content=\"En esta p\u00e1gina encontrar\u00e1s una peque\u00f1a descripci\u00f3n, m\u00e1genes e informaci\u00f3n relevante para que te hagas una idea de c\u00f3mo es rodar en Dehesa de hayas de Puras de Villafranca\" \/>\n<meta name=\"robots\" content=\"index, follow, max-snippet:-1, max-image-preview:large, max-video-preview:-1\" \/>\n<link rel=\"canonical\" href=\"https:\/\/spainfilmcommission.com\/en\/ai-locations\/dehesa-de-hayas-de-puras-de-villafranca\/\" \/>\n<meta property=\"og:locale\" content=\"en_US\" \/>\n<meta property=\"og:type\" content=\"article\" \/>\n<meta property=\"og:title\" content=\"Rodar en Dehesa de hayas de Puras de Villafranca - Spain Film Commission\" \/>\n<meta property=\"og:description\" content=\"En esta p\u00e1gina encontrar\u00e1s una peque\u00f1a descripci\u00f3n, m\u00e1genes e informaci\u00f3n relevante para que te hagas una idea de c\u00f3mo es rodar en Dehesa de hayas de Puras de Villafranca\" \/>\n<meta property=\"og:url\" content=\"https:\/\/spainfilmcommission.com\/en\/ai-locations\/dehesa-de-hayas-de-puras-de-villafranca\/\" \/>\n<meta property=\"og:site_name\" content=\"Spain Film Commission\" \/>\n<meta property=\"article:modified_time\" content=\"2025-04-22T06:37:51+00:00\" \/>\n<meta name=\"twitter:card\" content=\"summary_large_image\" \/>\n<script type=\"application\/ld+json\" class=\"yoast-schema-graph\">{\"@context\":\"https:\\\/\\\/schema.org\",\"@graph\":[{\"@type\":\"WebPage\",\"@id\":\"https:\\\/\\\/spainfilmcommission.com\\\/en\\\/ai-locations\\\/dehesa-de-hayas-de-puras-de-villafranca\\\/\",\"url\":\"https:\\\/\\\/spainfilmcommission.com\\\/en\\\/ai-locations\\\/dehesa-de-hayas-de-puras-de-villafranca\\\/\",\"name\":\"Rodar en Dehesa de hayas de Puras de Villafranca - Spain Film Commission\",\"isPartOf\":{\"@id\":\"https:\\\/\\\/spainfilmcommission.com\\\/en\\\/#website\"},\"datePublished\":\"2025-02-27T18:49:16+00:00\",\"dateModified\":\"2025-04-22T06:37:51+00:00\",\"description\":\"En esta p\u00e1gina encontrar\u00e1s una peque\u00f1a descripci\u00f3n, m\u00e1genes e informaci\u00f3n relevante para que te hagas una idea de c\u00f3mo es rodar en Dehesa de hayas de Puras de Villafranca\",\"breadcrumb\":{\"@id\":\"https:\\\/\\\/spainfilmcommission.com\\\/en\\\/ai-locations\\\/dehesa-de-hayas-de-puras-de-villafranca\\\/#breadcrumb\"},\"inLanguage\":\"en-US\",\"potentialAction\":[{\"@type\":\"ReadAction\",\"target\":[\"https:\\\/\\\/spainfilmcommission.com\\\/en\\\/ai-locations\\\/dehesa-de-hayas-de-puras-de-villafranca\\\/\"]}]},{\"@type\":\"BreadcrumbList\",\"@id\":\"https:\\\/\\\/spainfilmcommission.com\\\/en\\\/ai-locations\\\/dehesa-de-hayas-de-puras-de-villafranca\\\/#breadcrumb\",\"itemListElement\":[{\"@type\":\"ListItem\",\"position\":1,\"name\":\"Portada\",\"item\":\"https:\\\/\\\/spainfilmcommission.com\\\/en\\\/\"},{\"@type\":\"ListItem\",\"position\":2,\"name\":\"Dehesa de hayas de Puras de Villafranca\"}]},{\"@type\":\"WebSite\",\"@id\":\"https:\\\/\\\/spainfilmcommission.com\\\/en\\\/#website\",\"url\":\"https:\\\/\\\/spainfilmcommission.com\\\/en\\\/\",\"name\":\"Spain Film Commission\",\"description\":\"\",\"publisher\":{\"@id\":\"https:\\\/\\\/spainfilmcommission.com\\\/en\\\/#organization\"},\"potentialAction\":[{\"@type\":\"SearchAction\",\"target\":{\"@type\":\"EntryPoint\",\"urlTemplate\":\"https:\\\/\\\/spainfilmcommission.com\\\/en\\\/?s={search_term_string}\"},\"query-input\":{\"@type\":\"PropertyValueSpecification\",\"valueRequired\":true,\"valueName\":\"search_term_string\"}}],\"inLanguage\":\"en-US\"},{\"@type\":\"Organization\",\"@id\":\"https:\\\/\\\/spainfilmcommission.com\\\/en\\\/#organization\",\"name\":\"Spain Film Commission\",\"url\":\"https:\\\/\\\/spainfilmcommission.com\\\/en\\\/\",\"logo\":{\"@type\":\"ImageObject\",\"inLanguage\":\"en-US\",\"@id\":\"https:\\\/\\\/spainfilmcommission.com\\\/en\\\/#\\\/schema\\\/logo\\\/image\\\/\",\"url\":\"https:\\\/\\\/spainfilmcommission.com\\\/wp-content\\\/uploads\\\/2024\\\/07\\\/SPC_COLOR.png\",\"contentUrl\":\"https:\\\/\\\/spainfilmcommission.com\\\/wp-content\\\/uploads\\\/2024\\\/07\\\/SPC_COLOR.png\",\"width\":1665,\"height\":1665,\"caption\":\"Spain Film Commission\"},\"image\":{\"@id\":\"https:\\\/\\\/spainfilmcommission.com\\\/en\\\/#\\\/schema\\\/logo\\\/image\\\/\"}}]}<\/script>\n<!-- \/ Yoast SEO plugin. -->","yoast_head_json":{"title":"Rodar en Dehesa de hayas de Puras de Villafranca - Spain Film Commission","description":"En esta p\u00e1gina encontrar\u00e1s una peque\u00f1a descripci\u00f3n, m\u00e1genes e informaci\u00f3n relevante para que te hagas una idea de c\u00f3mo es rodar en Dehesa de hayas de Puras de Villafranca","robots":{"index":"index","follow":"follow","max-snippet":"max-snippet:-1","max-image-preview":"max-image-preview:large","max-video-preview":"max-video-preview:-1"},"canonical":"https:\/\/spainfilmcommission.com\/en\/ai-locations\/dehesa-de-hayas-de-puras-de-villafranca\/","og_locale":"en_US","og_type":"article","og_title":"Rodar en Dehesa de hayas de Puras de Villafranca - Spain Film Commission","og_description":"En esta p\u00e1gina encontrar\u00e1s una peque\u00f1a descripci\u00f3n, m\u00e1genes e informaci\u00f3n relevante para que te hagas una idea de c\u00f3mo es rodar en Dehesa de hayas de Puras de Villafranca","og_url":"https:\/\/spainfilmcommission.com\/en\/ai-locations\/dehesa-de-hayas-de-puras-de-villafranca\/","og_site_name":"Spain Film Commission","article_modified_time":"2025-04-22T06:37:51+00:00","twitter_card":"summary_large_image","schema":{"@context":"https:\/\/schema.org","@graph":[{"@type":"WebPage","@id":"https:\/\/spainfilmcommission.com\/en\/ai-locations\/dehesa-de-hayas-de-puras-de-villafranca\/","url":"https:\/\/spainfilmcommission.com\/en\/ai-locations\/dehesa-de-hayas-de-puras-de-villafranca\/","name":"Rodar en Dehesa de hayas de Puras de Villafranca - Spain Film Commission","isPartOf":{"@id":"https:\/\/spainfilmcommission.com\/en\/#website"},"datePublished":"2025-02-27T18:49:16+00:00","dateModified":"2025-04-22T06:37:51+00:00","description":"En esta p\u00e1gina encontrar\u00e1s una peque\u00f1a descripci\u00f3n, m\u00e1genes e informaci\u00f3n relevante para que te hagas una idea de c\u00f3mo es rodar en Dehesa de hayas de Puras de Villafranca","breadcrumb":{"@id":"https:\/\/spainfilmcommission.com\/en\/ai-locations\/dehesa-de-hayas-de-puras-de-villafranca\/#breadcrumb"},"inLanguage":"en-US","potentialAction":[{"@type":"ReadAction","target":["https:\/\/spainfilmcommission.com\/en\/ai-locations\/dehesa-de-hayas-de-puras-de-villafranca\/"]}]},{"@type":"BreadcrumbList","@id":"https:\/\/spainfilmcommission.com\/en\/ai-locations\/dehesa-de-hayas-de-puras-de-villafranca\/#breadcrumb","itemListElement":[{"@type":"ListItem","position":1,"name":"Portada","item":"https:\/\/spainfilmcommission.com\/en\/"},{"@type":"ListItem","position":2,"name":"Dehesa de hayas de Puras de Villafranca"}]},{"@type":"WebSite","@id":"https:\/\/spainfilmcommission.com\/en\/#website","url":"https:\/\/spainfilmcommission.com\/en\/","name":"Spain Film Commission","description":"","publisher":{"@id":"https:\/\/spainfilmcommission.com\/en\/#organization"},"potentialAction":[{"@type":"SearchAction","target":{"@type":"EntryPoint","urlTemplate":"https:\/\/spainfilmcommission.com\/en\/?s={search_term_string}"},"query-input":{"@type":"PropertyValueSpecification","valueRequired":true,"valueName":"search_term_string"}}],"inLanguage":"en-US"},{"@type":"Organization","@id":"https:\/\/spainfilmcommission.com\/en\/#organization","name":"Spain Film Commission","url":"https:\/\/spainfilmcommission.com\/en\/","logo":{"@type":"ImageObject","inLanguage":"en-US","@id":"https:\/\/spainfilmcommission.com\/en\/#\/schema\/logo\/image\/","url":"https:\/\/spainfilmcommission.com\/wp-content\/uploads\/2024\/07\/SPC_COLOR.png","contentUrl":"https:\/\/spainfilmcommission.com\/wp-content\/uploads\/2024\/07\/SPC_COLOR.png","width":1665,"height":1665,"caption":"Spain Film Commission"},"image":{"@id":"https:\/\/spainfilmcommission.com\/en\/#\/schema\/logo\/image\/"}}]}},"socio":[{"ID":"28","user_login":"castilla-y-leon-film-commission","user_nicename":"castilla-y-leon-film-commission","display_name":"castilla-y-leon-film-commission","user_pass":"****************","user_email":"kristine.guzman@jcyl.es","user_url":"","user_registered":"2024-12-19 15:53:09","id":28}],"nombrees":"Dehesa de hayas de Puras de Villafranca","nombreen":"Beech pasture of Puras de Villafranca","localidad":"Belorado","provincia":"Burgos","coordenadas_maps":"42.378125, -3.241102","latitud":"42.378125000000","longitud":"-3.241102000000","direcciones":"","direccionen":"","cod_postal":[],"telefono":"","fax":"","mail":"","web":"","descripciones":"La dehesa de Puras de Villafranca\u00a0destaca por ser una de las pocas formaciones forestales compuesta \u00fanicamente por hayas. Se trata de la Dehesa m\u00e1s extensa y la de mayores y m\u00e1s maduros ejemplares existentes en la provincia de Burgos. Por otra parte es imprescindible valorar el n\u00famero de especies animales raras que la habitan: Agateador norte\u00f1o, carbonero palustre y lir\u00f3n gris. Se pueden observar tambi\u00e9n ejemplares de halc\u00f3n, gavil\u00e1n, azor, corzo, jabal\u00ed, gato mont\u00e9s y tej\u00f3n, entre otros. La dehesa de Puras de Villafranca est\u00e1 enclavada en el l\u00edmite donde se solapan los relieves que caracterizan la Sierra de la Demanda y los Montes de Oca. La zona mejor conservada de la dehesa se encuentra en los barrancos que forman la cabecera del arroyo del r\u00edo y en los t\u00e9rminos de Balloca y Langru\u00f1a, donde crecen algunos \u00e1rboles que alcanzan los 30m de altura. En cuanto al uso de la dehesa, era y es utilizada para el pasto del ganado y la madera sobrante de las podas se convert\u00eda en le\u00f1a o en carb\u00f3n vegetal.","descripcionen":"","galeria":[{"ID":"24039","post_author":"2","post_date":"2025-03-08 03:50:31","post_date_gmt":"2025-03-08 02:50:31","post_content":"","post_title":"foto-996_8370","post_excerpt":"","post_status":"inherit","comment_status":"closed","ping_status":"closed","post_password":"","post_name":"foto-996_8370","to_ping":"","pinged":"","post_modified":"2025-04-22 08:37:51","post_modified_gmt":"2025-04-22 06:37:51","post_content_filtered":"","post_parent":"12021","guid":"https:\/\/spainfilmcommission.com\/wp-content\/uploads\/2025\/03\/foto-996_8370.jpg","menu_order":"0","post_type":"attachment","post_mime_type":"image\/jpeg","comment_count":"0","pod_item_id":"24039"},{"ID":"24041","post_author":"2","post_date":"2025-03-08 03:50:34","post_date_gmt":"2025-03-08 02:50:34","post_content":"","post_title":"foto-996_8371","post_excerpt":"","post_status":"inherit","comment_status":"closed","ping_status":"closed","post_password":"","post_name":"foto-996_8371","to_ping":"","pinged":"","post_modified":"2025-04-22 08:37:51","post_modified_gmt":"2025-04-22 06:37:51","post_content_filtered":"","post_parent":"12021","guid":"https:\/\/spainfilmcommission.com\/wp-content\/uploads\/2025\/03\/foto-996_8371.jpg","menu_order":"0","post_type":"attachment","post_mime_type":"image\/jpeg","comment_count":"0","pod_item_id":"24041"},{"ID":"24043","post_author":"2","post_date":"2025-03-08 03:50:37","post_date_gmt":"2025-03-08 02:50:37","post_content":"","post_title":"foto-996_8372","post_excerpt":"","post_status":"inherit","comment_status":"closed","ping_status":"closed","post_password":"","post_name":"foto-996_8372","to_ping":"","pinged":"","post_modified":"2025-04-22 08:37:51","post_modified_gmt":"2025-04-22 06:37:51","post_content_filtered":"","post_parent":"12021","guid":"https:\/\/spainfilmcommission.com\/wp-content\/uploads\/2025\/03\/foto-996_8372.jpg","menu_order":"0","post_type":"attachment","post_mime_type":"image\/jpeg","comment_count":"0","pod_item_id":"24043"},{"ID":"24045","post_author":"2","post_date":"2025-03-08 03:50:39","post_date_gmt":"2025-03-08 02:50:39","post_content":"","post_title":"foto-996_8373","post_excerpt":"","post_status":"inherit","comment_status":"closed","ping_status":"closed","post_password":"","post_name":"foto-996_8373","to_ping":"","pinged":"","post_modified":"2025-04-22 08:37:51","post_modified_gmt":"2025-04-22 06:37:51","post_content_filtered":"","post_parent":"12021","guid":"https:\/\/spainfilmcommission.com\/wp-content\/uploads\/2025\/03\/foto-996_8373.jpg","menu_order":"0","post_type":"attachment","post_mime_type":"image\/jpeg","comment_count":"0","pod_item_id":"24045"},{"ID":"24047","post_author":"2","post_date":"2025-03-08 03:50:42","post_date_gmt":"2025-03-08 02:50:42","post_content":"","post_title":"foto-996_8374","post_excerpt":"","post_status":"inherit","comment_status":"closed","ping_status":"closed","post_password":"","post_name":"foto-996_8374","to_ping":"","pinged":"","post_modified":"2025-04-22 08:37:51","post_modified_gmt":"2025-04-22 06:37:51","post_content_filtered":"","post_parent":"12021","guid":"https:\/\/spainfilmcommission.com\/wp-content\/uploads\/2025\/03\/foto-996_8374.jpg","menu_order":"0","post_type":"attachment","post_mime_type":"image\/jpeg","comment_count":"0","pod_item_id":"24047"},{"ID":"24049","post_author":"2","post_date":"2025-03-08 03:50:44","post_date_gmt":"2025-03-08 02:50:44","post_content":"","post_title":"foto-996_8375","post_excerpt":"","post_status":"inherit","comment_status":"closed","ping_status":"closed","post_password":"","post_name":"foto-996_8375","to_ping":"","pinged":"","post_modified":"2025-04-22 08:37:51","post_modified_gmt":"2025-04-22 06:37:51","post_content_filtered":"","post_parent":"12021","guid":"https:\/\/spainfilmcommission.com\/wp-content\/uploads\/2025\/03\/foto-996_8375.jpg","menu_order":"0","post_type":"attachment","post_mime_type":"image\/jpeg","comment_count":"0","pod_item_id":"24049"},{"ID":"24051","post_author":"2","post_date":"2025-03-08 03:50:46","post_date_gmt":"2025-03-08 02:50:46","post_content":"","post_title":"foto-996_8376","post_excerpt":"","post_status":"inherit","comment_status":"closed","ping_status":"closed","post_password":"","post_name":"foto-996_8376","to_ping":"","pinged":"","post_modified":"2025-04-22 08:37:51","post_modified_gmt":"2025-04-22 06:37:51","post_content_filtered":"","post_parent":"12021","guid":"https:\/\/spainfilmcommission.com\/wp-content\/uploads\/2025\/03\/foto-996_8376.jpg","menu_order":"0","post_type":"attachment","post_mime_type":"image\/jpeg","comment_count":"0","pod_item_id":"24051"},{"ID":"24053","post_author":"2","post_date":"2025-03-08 03:50:48","post_date_gmt":"2025-03-08 02:50:48","post_content":"","post_title":"foto-996_8377","post_excerpt":"","post_status":"inherit","comment_status":"closed","ping_status":"closed","post_password":"","post_name":"foto-996_8377","to_ping":"","pinged":"","post_modified":"2025-04-22 08:37:51","post_modified_gmt":"2025-04-22 06:37:51","post_content_filtered":"","post_parent":"12021","guid":"https:\/\/spainfilmcommission.com\/wp-content\/uploads\/2025\/03\/foto-996_8377.jpg","menu_order":"0","post_type":"attachment","post_mime_type":"image\/jpeg","comment_count":"0","pod_item_id":"24053"},{"ID":"24055","post_author":"2","post_date":"2025-03-08 03:50:50","post_date_gmt":"2025-03-08 02:50:50","post_content":"","post_title":"foto-996_8378","post_excerpt":"","post_status":"inherit","comment_status":"closed","ping_status":"closed","post_password":"","post_name":"foto-996_8378","to_ping":"","pinged":"","post_modified":"2025-04-22 08:37:51","post_modified_gmt":"2025-04-22 06:37:51","post_content_filtered":"","post_parent":"12021","guid":"https:\/\/spainfilmcommission.com\/wp-content\/uploads\/2025\/03\/foto-996_8378.jpg","menu_order":"0","post_type":"attachment","post_mime_type":"image\/jpeg","comment_count":"0","pod_item_id":"24055"},{"ID":"24057","post_author":"2","post_date":"2025-03-08 03:50:52","post_date_gmt":"2025-03-08 02:50:52","post_content":"","post_title":"foto-996_8379","post_excerpt":"","post_status":"inherit","comment_status":"closed","ping_status":"closed","post_password":"","post_name":"foto-996_8379","to_ping":"","pinged":"","post_modified":"2025-04-22 08:37:51","post_modified_gmt":"2025-04-22 06:37:51","post_content_filtered":"","post_parent":"12021","guid":"https:\/\/spainfilmcommission.com\/wp-content\/uploads\/2025\/03\/foto-996_8379.jpg","menu_order":"0","post_type":"attachment","post_mime_type":"image\/jpeg","comment_count":"0","pod_item_id":"24057"}],"nombrepaginaes":"dehesa-de-hayas-de-puras-de-villafranca","nombrepaginaen":"beech-pasture-of-puras-de-villafranca","latitud_gps":"42\u00ba22'41.3''","longitud_gps":"3\u00ba14'28.0''","adicionaleses":"La propiedad de los terrenos es p\u00fablica, correspondiendo al Ayuntamiento de Puras de Villafranca, pedan\u00eda de Belorado (Burgos).","adicionalesen":"","videoes":"","videoen":"","video2es":"","video2en":"","_links":{"self":[{"href":"https:\/\/spainfilmcommission.com\/en\/wp-json\/wp\/v2\/localizaciones\/localizacion\/12021","targetHints":{"allow":["GET"]}}],"collection":[{"href":"https:\/\/spainfilmcommission.com\/en\/wp-json\/wp\/v2\/localizaciones\/localizacion"}],"about":[{"href":"https:\/\/spainfilmcommission.com\/en\/wp-json\/wp\/v2\/types\/localizacion"}],"author":[{"embeddable":true,"href":"https:\/\/spainfilmcommission.com\/en\/wp-json\/wp\/v2\/users\/2"}],"wp:attachment":[{"href":"https:\/\/spainfilmcommission.com\/en\/wp-json\/wp\/v2\/media?parent=12021"}],"curies":[{"name":"wp","href":"https:\/\/api.w.org\/{rel}","templated":true}]}}