{"id":12001,"date":"2025-02-27T19:49:16","date_gmt":"2025-02-27T18:49:16","guid":{"rendered":"https:\/\/spainfilmcommission.com\/?post_type=localizacion&p=12001"},"modified":"-0001-11-30T00:00:00","modified_gmt":"-0001-11-29T22:00:00","slug":"estacion-del-pla-de-vilanoveta","status":"publish","type":"localizacion","link":"https:\/\/spainfilmcommission.com\/en\/ai-locations\/estacion-del-pla-de-vilanoveta\/","title":{"rendered":"Estaci\u00f3n del Pla de Vilanoveta"},"content":{"rendered":"","protected":false},"author":2,"template":"","meta":[],"class_list":["post-12001","localizacion","type-localizacion","status-publish","hentry"],"yoast_head":"<!-- This site is optimized with the Yoast SEO plugin v28.3 - https:\/\/yoast.com\/product\/yoast-seo-wordpress\/ -->\n<title>Rodar en Estaci\u00f3n del Pla de Vilanoveta - Spain Film Commission<\/title>\n<meta name=\"description\" content=\"En esta p\u00e1gina encontrar\u00e1s una peque\u00f1a descripci\u00f3n, m\u00e1genes e informaci\u00f3n relevante para que te hagas una idea de c\u00f3mo es rodar en Estaci\u00f3n del Pla de Vilanoveta\" \/>\n<meta name=\"robots\" content=\"index, follow, max-snippet:-1, max-image-preview:large, max-video-preview:-1\" \/>\n<link rel=\"canonical\" href=\"https:\/\/spainfilmcommission.com\/en\/ai-locations\/estacion-del-pla-de-vilanoveta\/\" \/>\n<meta property=\"og:locale\" content=\"en_US\" \/>\n<meta property=\"og:type\" content=\"article\" \/>\n<meta property=\"og:title\" content=\"Rodar en Estaci\u00f3n del Pla de Vilanoveta - Spain Film Commission\" \/>\n<meta property=\"og:description\" content=\"En esta p\u00e1gina encontrar\u00e1s una peque\u00f1a descripci\u00f3n, m\u00e1genes e informaci\u00f3n relevante para que te hagas una idea de c\u00f3mo es rodar en Estaci\u00f3n del Pla de Vilanoveta\" \/>\n<meta property=\"og:url\" content=\"https:\/\/spainfilmcommission.com\/en\/ai-locations\/estacion-del-pla-de-vilanoveta\/\" \/>\n<meta property=\"og:site_name\" content=\"Spain Film Commission\" \/>\n<meta name=\"twitter:card\" content=\"summary_large_image\" \/>\n<script type=\"application\/ld+json\" class=\"yoast-schema-graph\">{\"@context\":\"https:\\\/\\\/schema.org\",\"@graph\":[{\"@type\":\"WebPage\",\"@id\":\"https:\\\/\\\/spainfilmcommission.com\\\/en\\\/ai-locations\\\/estacion-del-pla-de-vilanoveta\\\/\",\"url\":\"https:\\\/\\\/spainfilmcommission.com\\\/en\\\/ai-locations\\\/estacion-del-pla-de-vilanoveta\\\/\",\"name\":\"Rodar en Estaci\u00f3n del Pla de Vilanoveta - Spain Film Commission\",\"isPartOf\":{\"@id\":\"https:\\\/\\\/spainfilmcommission.com\\\/en\\\/#website\"},\"datePublished\":\"2025-02-27T18:49:16+00:00\",\"description\":\"En esta p\u00e1gina encontrar\u00e1s una peque\u00f1a descripci\u00f3n, m\u00e1genes e informaci\u00f3n relevante para que te hagas una idea de c\u00f3mo es rodar en Estaci\u00f3n del Pla de Vilanoveta\",\"breadcrumb\":{\"@id\":\"https:\\\/\\\/spainfilmcommission.com\\\/en\\\/ai-locations\\\/estacion-del-pla-de-vilanoveta\\\/#breadcrumb\"},\"inLanguage\":\"en-US\",\"potentialAction\":[{\"@type\":\"ReadAction\",\"target\":[\"https:\\\/\\\/spainfilmcommission.com\\\/en\\\/ai-locations\\\/estacion-del-pla-de-vilanoveta\\\/\"]}]},{\"@type\":\"BreadcrumbList\",\"@id\":\"https:\\\/\\\/spainfilmcommission.com\\\/en\\\/ai-locations\\\/estacion-del-pla-de-vilanoveta\\\/#breadcrumb\",\"itemListElement\":[{\"@type\":\"ListItem\",\"position\":1,\"name\":\"Portada\",\"item\":\"https:\\\/\\\/spainfilmcommission.com\\\/en\\\/\"},{\"@type\":\"ListItem\",\"position\":2,\"name\":\"Estaci\u00f3n del Pla de Vilanoveta\"}]},{\"@type\":\"WebSite\",\"@id\":\"https:\\\/\\\/spainfilmcommission.com\\\/en\\\/#website\",\"url\":\"https:\\\/\\\/spainfilmcommission.com\\\/en\\\/\",\"name\":\"Spain Film Commission\",\"description\":\"\",\"publisher\":{\"@id\":\"https:\\\/\\\/spainfilmcommission.com\\\/en\\\/#organization\"},\"potentialAction\":[{\"@type\":\"SearchAction\",\"target\":{\"@type\":\"EntryPoint\",\"urlTemplate\":\"https:\\\/\\\/spainfilmcommission.com\\\/en\\\/?s={search_term_string}\"},\"query-input\":{\"@type\":\"PropertyValueSpecification\",\"valueRequired\":true,\"valueName\":\"search_term_string\"}}],\"inLanguage\":\"en-US\"},{\"@type\":\"Organization\",\"@id\":\"https:\\\/\\\/spainfilmcommission.com\\\/en\\\/#organization\",\"name\":\"Spain Film Commission\",\"url\":\"https:\\\/\\\/spainfilmcommission.com\\\/en\\\/\",\"logo\":{\"@type\":\"ImageObject\",\"inLanguage\":\"en-US\",\"@id\":\"https:\\\/\\\/spainfilmcommission.com\\\/en\\\/#\\\/schema\\\/logo\\\/image\\\/\",\"url\":\"https:\\\/\\\/spainfilmcommission.com\\\/wp-content\\\/uploads\\\/2024\\\/07\\\/SPC_COLOR.png\",\"contentUrl\":\"https:\\\/\\\/spainfilmcommission.com\\\/wp-content\\\/uploads\\\/2024\\\/07\\\/SPC_COLOR.png\",\"width\":1665,\"height\":1665,\"caption\":\"Spain Film Commission\"},\"image\":{\"@id\":\"https:\\\/\\\/spainfilmcommission.com\\\/en\\\/#\\\/schema\\\/logo\\\/image\\\/\"}}]}<\/script>\n<!-- \/ Yoast SEO plugin. -->","yoast_head_json":{"title":"Rodar en Estaci\u00f3n del Pla de Vilanoveta - Spain Film Commission","description":"En esta p\u00e1gina encontrar\u00e1s una peque\u00f1a descripci\u00f3n, m\u00e1genes e informaci\u00f3n relevante para que te hagas una idea de c\u00f3mo es rodar en Estaci\u00f3n del Pla de Vilanoveta","robots":{"index":"index","follow":"follow","max-snippet":"max-snippet:-1","max-image-preview":"max-image-preview:large","max-video-preview":"max-video-preview:-1"},"canonical":"https:\/\/spainfilmcommission.com\/en\/ai-locations\/estacion-del-pla-de-vilanoveta\/","og_locale":"en_US","og_type":"article","og_title":"Rodar en Estaci\u00f3n del Pla de Vilanoveta - Spain Film Commission","og_description":"En esta p\u00e1gina encontrar\u00e1s una peque\u00f1a descripci\u00f3n, m\u00e1genes e informaci\u00f3n relevante para que te hagas una idea de c\u00f3mo es rodar en Estaci\u00f3n del Pla de Vilanoveta","og_url":"https:\/\/spainfilmcommission.com\/en\/ai-locations\/estacion-del-pla-de-vilanoveta\/","og_site_name":"Spain Film Commission","twitter_card":"summary_large_image","schema":{"@context":"https:\/\/schema.org","@graph":[{"@type":"WebPage","@id":"https:\/\/spainfilmcommission.com\/en\/ai-locations\/estacion-del-pla-de-vilanoveta\/","url":"https:\/\/spainfilmcommission.com\/en\/ai-locations\/estacion-del-pla-de-vilanoveta\/","name":"Rodar en Estaci\u00f3n del Pla de Vilanoveta - Spain Film Commission","isPartOf":{"@id":"https:\/\/spainfilmcommission.com\/en\/#website"},"datePublished":"2025-02-27T18:49:16+00:00","description":"En esta p\u00e1gina encontrar\u00e1s una peque\u00f1a descripci\u00f3n, m\u00e1genes e informaci\u00f3n relevante para que te hagas una idea de c\u00f3mo es rodar en Estaci\u00f3n del Pla de Vilanoveta","breadcrumb":{"@id":"https:\/\/spainfilmcommission.com\/en\/ai-locations\/estacion-del-pla-de-vilanoveta\/#breadcrumb"},"inLanguage":"en-US","potentialAction":[{"@type":"ReadAction","target":["https:\/\/spainfilmcommission.com\/en\/ai-locations\/estacion-del-pla-de-vilanoveta\/"]}]},{"@type":"BreadcrumbList","@id":"https:\/\/spainfilmcommission.com\/en\/ai-locations\/estacion-del-pla-de-vilanoveta\/#breadcrumb","itemListElement":[{"@type":"ListItem","position":1,"name":"Portada","item":"https:\/\/spainfilmcommission.com\/en\/"},{"@type":"ListItem","position":2,"name":"Estaci\u00f3n del Pla de Vilanoveta"}]},{"@type":"WebSite","@id":"https:\/\/spainfilmcommission.com\/en\/#website","url":"https:\/\/spainfilmcommission.com\/en\/","name":"Spain Film Commission","description":"","publisher":{"@id":"https:\/\/spainfilmcommission.com\/en\/#organization"},"potentialAction":[{"@type":"SearchAction","target":{"@type":"EntryPoint","urlTemplate":"https:\/\/spainfilmcommission.com\/en\/?s={search_term_string}"},"query-input":{"@type":"PropertyValueSpecification","valueRequired":true,"valueName":"search_term_string"}}],"inLanguage":"en-US"},{"@type":"Organization","@id":"https:\/\/spainfilmcommission.com\/en\/#organization","name":"Spain Film Commission","url":"https:\/\/spainfilmcommission.com\/en\/","logo":{"@type":"ImageObject","inLanguage":"en-US","@id":"https:\/\/spainfilmcommission.com\/en\/#\/schema\/logo\/image\/","url":"https:\/\/spainfilmcommission.com\/wp-content\/uploads\/2024\/07\/SPC_COLOR.png","contentUrl":"https:\/\/spainfilmcommission.com\/wp-content\/uploads\/2024\/07\/SPC_COLOR.png","width":1665,"height":1665,"caption":"Spain Film Commission"},"image":{"@id":"https:\/\/spainfilmcommission.com\/en\/#\/schema\/logo\/image\/"}}]}},"socio":false,"nombrees":"Estaci\u00f3n del Pla de Vilanoveta","nombreen":"Station of the Pla of Vilanoveta","localidad":"Lleida","provincia":"L\u00e9rida","coordenadas_maps":"41.616837, 0.658129","latitud":"41.616837","longitud":"0.658129","direcciones":"","direccionen":"","cod_postal":"","telefono":"","fax":"","mail":"","web":"","descripciones":"La estaci\u00f3n del Pla de Vilanoveta es una terminal ferroviaria de mercancias propiedad de Adif. Antiguamente era una estaci\u00f3n con servicio de viajeros que formaba parte de la inacabada l\u00ednea de Lleida a San Girons. El edificio de viajeros se mantiene en pie, pero su estado es ruinoso. El Pla de Vilanoveta acoge tamb\u00e9n los talleres de la Associaci\u00f3 \u00e8r \u00f1a Reconstrucci\u00f3 de Material Ferroviari Hist\u00f2ric, deidcada a recuperar y restaurar material ferroviario.","descripcionen":"The station of the Pla of Vilanoveta is a commodities railway terminal that is property of Adif. In the past it was a railway station with travellers service that formed part of the unfinished line of Lleida to Saint Girons. The travellers building still stands up, but its state is so dilapidated. The Pla of Vilanoveta also receives workshops of the Reconstruction of Historical Rail Material association, in order to recover and restore rail material.","galeria":[{"ID":"23701","post_author":"2","post_date":"2025-03-08 03:42:01","post_date_gmt":"2025-03-08 02:42:01","post_content":"","post_title":"foto-976_8153","post_excerpt":"","post_status":"inherit","comment_status":"","ping_status":"closed","post_password":"","post_name":"foto-976_8153","to_ping":"","pinged":"","post_modified":"2025-03-08 03:42:01","post_modified_gmt":"2025-03-08 02:42:01","post_content_filtered":"","post_parent":"0","guid":"https:\/\/spainfilmcommission.com\/wp-content\/uploads\/2025\/03\/foto-976_8153.png","menu_order":"0","post_type":"attachment","post_mime_type":"image\/png","comment_count":"0","pod_item_id":"23701"},{"ID":"23703","post_author":"2","post_date":"2025-03-08 03:42:06","post_date_gmt":"2025-03-08 02:42:06","post_content":"","post_title":"foto-976_8154","post_excerpt":"","post_status":"inherit","comment_status":"","ping_status":"closed","post_password":"","post_name":"foto-976_8154","to_ping":"","pinged":"","post_modified":"2025-03-08 03:42:06","post_modified_gmt":"2025-03-08 02:42:06","post_content_filtered":"","post_parent":"0","guid":"https:\/\/spainfilmcommission.com\/wp-content\/uploads\/2025\/03\/foto-976_8154.jpg","menu_order":"0","post_type":"attachment","post_mime_type":"image\/jpeg","comment_count":"0","pod_item_id":"23703"},{"ID":"23705","post_author":"2","post_date":"2025-03-08 03:42:08","post_date_gmt":"2025-03-08 02:42:08","post_content":"","post_title":"foto-976_8155","post_excerpt":"","post_status":"inherit","comment_status":"","ping_status":"closed","post_password":"","post_name":"foto-976_8155","to_ping":"","pinged":"","post_modified":"2025-03-08 03:42:08","post_modified_gmt":"2025-03-08 02:42:08","post_content_filtered":"","post_parent":"0","guid":"https:\/\/spainfilmcommission.com\/wp-content\/uploads\/2025\/03\/foto-976_8155.jpg","menu_order":"0","post_type":"attachment","post_mime_type":"image\/jpeg","comment_count":"0","pod_item_id":"23705"},{"ID":"23707","post_author":"2","post_date":"2025-03-08 03:42:10","post_date_gmt":"2025-03-08 02:42:10","post_content":"","post_title":"foto-976_8156","post_excerpt":"","post_status":"inherit","comment_status":"","ping_status":"closed","post_password":"","post_name":"foto-976_8156","to_ping":"","pinged":"","post_modified":"2025-03-08 03:42:10","post_modified_gmt":"2025-03-08 02:42:10","post_content_filtered":"","post_parent":"0","guid":"https:\/\/spainfilmcommission.com\/wp-content\/uploads\/2025\/03\/foto-976_8156.jpg","menu_order":"0","post_type":"attachment","post_mime_type":"image\/jpeg","comment_count":"0","pod_item_id":"23707"},{"ID":"23709","post_author":"2","post_date":"2025-03-08 03:42:12","post_date_gmt":"2025-03-08 02:42:12","post_content":"","post_title":"foto-976_8157","post_excerpt":"","post_status":"inherit","comment_status":"","ping_status":"closed","post_password":"","post_name":"foto-976_8157","to_ping":"","pinged":"","post_modified":"2025-03-08 03:42:12","post_modified_gmt":"2025-03-08 02:42:12","post_content_filtered":"","post_parent":"0","guid":"https:\/\/spainfilmcommission.com\/wp-content\/uploads\/2025\/03\/foto-976_8157.jpg","menu_order":"0","post_type":"attachment","post_mime_type":"image\/jpeg","comment_count":"0","pod_item_id":"23709"},{"ID":"23711","post_author":"2","post_date":"2025-03-08 03:42:16","post_date_gmt":"2025-03-08 02:42:16","post_content":"","post_title":"foto-976_8158","post_excerpt":"","post_status":"inherit","comment_status":"","ping_status":"closed","post_password":"","post_name":"foto-976_8158","to_ping":"","pinged":"","post_modified":"2025-03-08 03:42:16","post_modified_gmt":"2025-03-08 02:42:16","post_content_filtered":"","post_parent":"0","guid":"https:\/\/spainfilmcommission.com\/wp-content\/uploads\/2025\/03\/foto-976_8158.jpg","menu_order":"0","post_type":"attachment","post_mime_type":"image\/jpeg","comment_count":"0","pod_item_id":"23711"},{"ID":"23713","post_author":"2","post_date":"2025-03-08 03:42:19","post_date_gmt":"2025-03-08 02:42:19","post_content":"","post_title":"foto-976_8159","post_excerpt":"","post_status":"inherit","comment_status":"","ping_status":"closed","post_password":"","post_name":"foto-976_8159","to_ping":"","pinged":"","post_modified":"2025-03-08 03:42:19","post_modified_gmt":"2025-03-08 02:42:19","post_content_filtered":"","post_parent":"0","guid":"https:\/\/spainfilmcommission.com\/wp-content\/uploads\/2025\/03\/foto-976_8159.png","menu_order":"0","post_type":"attachment","post_mime_type":"image\/png","comment_count":"0","pod_item_id":"23713"},{"ID":"23715","post_author":"2","post_date":"2025-03-08 03:42:28","post_date_gmt":"2025-03-08 02:42:28","post_content":"","post_title":"foto-976_8160","post_excerpt":"","post_status":"inherit","comment_status":"","ping_status":"closed","post_password":"","post_name":"foto-976_8160","to_ping":"","pinged":"","post_modified":"2025-03-08 03:42:28","post_modified_gmt":"2025-03-08 02:42:28","post_content_filtered":"","post_parent":"0","guid":"https:\/\/spainfilmcommission.com\/wp-content\/uploads\/2025\/03\/foto-976_8160.png","menu_order":"0","post_type":"attachment","post_mime_type":"image\/png","comment_count":"0","pod_item_id":"23715"},{"ID":"23717","post_author":"2","post_date":"2025-03-08 03:42:34","post_date_gmt":"2025-03-08 02:42:34","post_content":"","post_title":"foto-976_8161","post_excerpt":"","post_status":"inherit","comment_status":"","ping_status":"closed","post_password":"","post_name":"foto-976_8161","to_ping":"","pinged":"","post_modified":"2025-03-08 03:42:34","post_modified_gmt":"2025-03-08 02:42:34","post_content_filtered":"","post_parent":"0","guid":"https:\/\/spainfilmcommission.com\/wp-content\/uploads\/2025\/03\/foto-976_8161.jpg","menu_order":"0","post_type":"attachment","post_mime_type":"image\/jpeg","comment_count":"0","pod_item_id":"23717"},{"ID":"23719","post_author":"2","post_date":"2025-03-08 03:42:38","post_date_gmt":"2025-03-08 02:42:38","post_content":"","post_title":"foto-976_8162","post_excerpt":"","post_status":"inherit","comment_status":"","ping_status":"closed","post_password":"","post_name":"foto-976_8162","to_ping":"","pinged":"","post_modified":"2025-03-08 03:42:38","post_modified_gmt":"2025-03-08 02:42:38","post_content_filtered":"","post_parent":"0","guid":"https:\/\/spainfilmcommission.com\/wp-content\/uploads\/2025\/03\/foto-976_8162.jpg","menu_order":"0","post_type":"attachment","post_mime_type":"image\/jpeg","comment_count":"0","pod_item_id":"23719"},{"ID":"23721","post_author":"2","post_date":"2025-03-08 03:42:40","post_date_gmt":"2025-03-08 02:42:40","post_content":"","post_title":"foto-976_8163","post_excerpt":"","post_status":"inherit","comment_status":"","ping_status":"closed","post_password":"","post_name":"foto-976_8163","to_ping":"","pinged":"","post_modified":"2025-03-08 03:42:40","post_modified_gmt":"2025-03-08 02:42:40","post_content_filtered":"","post_parent":"0","guid":"https:\/\/spainfilmcommission.com\/wp-content\/uploads\/2025\/03\/foto-976_8163.jpg","menu_order":"0","post_type":"attachment","post_mime_type":"image\/jpeg","comment_count":"0","pod_item_id":"23721"},{"ID":"23723","post_author":"2","post_date":"2025-03-08 03:42:42","post_date_gmt":"2025-03-08 02:42:42","post_content":"","post_title":"foto-976_8164","post_excerpt":"","post_status":"inherit","comment_status":"","ping_status":"closed","post_password":"","post_name":"foto-976_8164","to_ping":"","pinged":"","post_modified":"2025-03-08 03:42:42","post_modified_gmt":"2025-03-08 02:42:42","post_content_filtered":"","post_parent":"0","guid":"https:\/\/spainfilmcommission.com\/wp-content\/uploads\/2025\/03\/foto-976_8164.jpg","menu_order":"0","post_type":"attachment","post_mime_type":"image\/jpeg","comment_count":"0","pod_item_id":"23723"},{"ID":"23725","post_author":"2","post_date":"2025-03-08 03:42:45","post_date_gmt":"2025-03-08 02:42:45","post_content":"","post_title":"foto-976_8165","post_excerpt":"","post_status":"inherit","comment_status":"","ping_status":"closed","post_password":"","post_name":"foto-976_8165","to_ping":"","pinged":"","post_modified":"2025-03-08 03:42:45","post_modified_gmt":"2025-03-08 02:42:45","post_content_filtered":"","post_parent":"0","guid":"https:\/\/spainfilmcommission.com\/wp-content\/uploads\/2025\/03\/foto-976_8165.jpg","menu_order":"0","post_type":"attachment","post_mime_type":"image\/jpeg","comment_count":"0","pod_item_id":"23725"},{"ID":"23727","post_author":"2","post_date":"2025-03-08 03:42:47","post_date_gmt":"2025-03-08 02:42:47","post_content":"","post_title":"foto-976_8167","post_excerpt":"","post_status":"inherit","comment_status":"","ping_status":"closed","post_password":"","post_name":"foto-976_8167","to_ping":"","pinged":"","post_modified":"2025-03-08 03:42:47","post_modified_gmt":"2025-03-08 02:42:47","post_content_filtered":"","post_parent":"0","guid":"https:\/\/spainfilmcommission.com\/wp-content\/uploads\/2025\/03\/foto-976_8167.jpg","menu_order":"0","post_type":"attachment","post_mime_type":"image\/jpeg","comment_count":"0","pod_item_id":"23727"}],"nombrepaginaes":"estacion-del-pla-de-vilanoveta","nombrepaginaen":"station-of-the-pla-of-vilanoveta","latitud_gps":"","longitud_gps":"","adicionaleses":"","adicionalesen":"","videoes":"","videoen":"","video2es":"","video2en":"","_links":{"self":[{"href":"https:\/\/spainfilmcommission.com\/en\/wp-json\/wp\/v2\/localizaciones\/localizacion\/12001","targetHints":{"allow":["GET"]}}],"collection":[{"href":"https:\/\/spainfilmcommission.com\/en\/wp-json\/wp\/v2\/localizaciones\/localizacion"}],"about":[{"href":"https:\/\/spainfilmcommission.com\/en\/wp-json\/wp\/v2\/types\/localizacion"}],"author":[{"embeddable":true,"href":"https:\/\/spainfilmcommission.com\/en\/wp-json\/wp\/v2\/users\/2"}],"wp:attachment":[{"href":"https:\/\/spainfilmcommission.com\/en\/wp-json\/wp\/v2\/media?parent=12001"}],"curies":[{"name":"wp","href":"https:\/\/api.w.org\/{rel}","templated":true}]}}