{"id":11999,"date":"2025-02-27T19:49:16","date_gmt":"2025-02-27T18:49:16","guid":{"rendered":"https:\/\/spainfilmcommission.com\/?post_type=localizacion&p=11999"},"modified":"-0001-11-30T00:00:00","modified_gmt":"-0001-11-29T22:00:00","slug":"fortificacion-militar-seu-vella","status":"publish","type":"localizacion","link":"https:\/\/spainfilmcommission.com\/en\/ai-locations\/fortificacion-militar-seu-vella\/","title":{"rendered":"Fortificaci\u00f3n Militar &#8211; Seu Vella"},"content":{"rendered":"","protected":false},"author":2,"template":"","meta":[],"class_list":["post-11999","localizacion","type-localizacion","status-publish","hentry"],"yoast_head":"<!-- This site is optimized with the Yoast SEO plugin v28.3 - https:\/\/yoast.com\/product\/yoast-seo-wordpress\/ -->\n<title>Rodar en Fortificaci\u00f3n Militar - Seu Vella - Spain Film Commission<\/title>\n<meta name=\"description\" content=\"En esta p\u00e1gina encontrar\u00e1s una peque\u00f1a descripci\u00f3n, m\u00e1genes e informaci\u00f3n relevante para que te hagas una idea de c\u00f3mo es rodar en Fortificaci\u00f3n Militar - Seu Vella\" \/>\n<meta name=\"robots\" content=\"index, follow, max-snippet:-1, max-image-preview:large, max-video-preview:-1\" \/>\n<link rel=\"canonical\" href=\"https:\/\/spainfilmcommission.com\/en\/ai-locations\/fortificacion-militar-seu-vella\/\" \/>\n<meta property=\"og:locale\" content=\"en_US\" \/>\n<meta property=\"og:type\" content=\"article\" \/>\n<meta property=\"og:title\" content=\"Rodar en Fortificaci\u00f3n Militar - Seu Vella - Spain Film Commission\" \/>\n<meta property=\"og:description\" content=\"En esta p\u00e1gina encontrar\u00e1s una peque\u00f1a descripci\u00f3n, m\u00e1genes e informaci\u00f3n relevante para que te hagas una idea de c\u00f3mo es rodar en Fortificaci\u00f3n Militar - Seu Vella\" \/>\n<meta property=\"og:url\" content=\"https:\/\/spainfilmcommission.com\/en\/ai-locations\/fortificacion-militar-seu-vella\/\" \/>\n<meta property=\"og:site_name\" content=\"Spain Film Commission\" \/>\n<meta name=\"twitter:card\" content=\"summary_large_image\" \/>\n<script type=\"application\/ld+json\" class=\"yoast-schema-graph\">{\"@context\":\"https:\\\/\\\/schema.org\",\"@graph\":[{\"@type\":\"WebPage\",\"@id\":\"https:\\\/\\\/spainfilmcommission.com\\\/en\\\/ai-locations\\\/fortificacion-militar-seu-vella\\\/\",\"url\":\"https:\\\/\\\/spainfilmcommission.com\\\/en\\\/ai-locations\\\/fortificacion-militar-seu-vella\\\/\",\"name\":\"Rodar en Fortificaci\u00f3n Militar - Seu Vella - Spain Film Commission\",\"isPartOf\":{\"@id\":\"https:\\\/\\\/spainfilmcommission.com\\\/en\\\/#website\"},\"datePublished\":\"2025-02-27T18:49:16+00:00\",\"description\":\"En esta p\u00e1gina encontrar\u00e1s una peque\u00f1a descripci\u00f3n, m\u00e1genes e informaci\u00f3n relevante para que te hagas una idea de c\u00f3mo es rodar en Fortificaci\u00f3n Militar - Seu Vella\",\"breadcrumb\":{\"@id\":\"https:\\\/\\\/spainfilmcommission.com\\\/en\\\/ai-locations\\\/fortificacion-militar-seu-vella\\\/#breadcrumb\"},\"inLanguage\":\"en-US\",\"potentialAction\":[{\"@type\":\"ReadAction\",\"target\":[\"https:\\\/\\\/spainfilmcommission.com\\\/en\\\/ai-locations\\\/fortificacion-militar-seu-vella\\\/\"]}]},{\"@type\":\"BreadcrumbList\",\"@id\":\"https:\\\/\\\/spainfilmcommission.com\\\/en\\\/ai-locations\\\/fortificacion-militar-seu-vella\\\/#breadcrumb\",\"itemListElement\":[{\"@type\":\"ListItem\",\"position\":1,\"name\":\"Portada\",\"item\":\"https:\\\/\\\/spainfilmcommission.com\\\/en\\\/\"},{\"@type\":\"ListItem\",\"position\":2,\"name\":\"Fortificaci\u00f3n Militar &#8211; Seu Vella\"}]},{\"@type\":\"WebSite\",\"@id\":\"https:\\\/\\\/spainfilmcommission.com\\\/en\\\/#website\",\"url\":\"https:\\\/\\\/spainfilmcommission.com\\\/en\\\/\",\"name\":\"Spain Film Commission\",\"description\":\"\",\"publisher\":{\"@id\":\"https:\\\/\\\/spainfilmcommission.com\\\/en\\\/#organization\"},\"potentialAction\":[{\"@type\":\"SearchAction\",\"target\":{\"@type\":\"EntryPoint\",\"urlTemplate\":\"https:\\\/\\\/spainfilmcommission.com\\\/en\\\/?s={search_term_string}\"},\"query-input\":{\"@type\":\"PropertyValueSpecification\",\"valueRequired\":true,\"valueName\":\"search_term_string\"}}],\"inLanguage\":\"en-US\"},{\"@type\":\"Organization\",\"@id\":\"https:\\\/\\\/spainfilmcommission.com\\\/en\\\/#organization\",\"name\":\"Spain Film Commission\",\"url\":\"https:\\\/\\\/spainfilmcommission.com\\\/en\\\/\",\"logo\":{\"@type\":\"ImageObject\",\"inLanguage\":\"en-US\",\"@id\":\"https:\\\/\\\/spainfilmcommission.com\\\/en\\\/#\\\/schema\\\/logo\\\/image\\\/\",\"url\":\"https:\\\/\\\/spainfilmcommission.com\\\/wp-content\\\/uploads\\\/2024\\\/07\\\/SPC_COLOR.png\",\"contentUrl\":\"https:\\\/\\\/spainfilmcommission.com\\\/wp-content\\\/uploads\\\/2024\\\/07\\\/SPC_COLOR.png\",\"width\":1665,\"height\":1665,\"caption\":\"Spain Film Commission\"},\"image\":{\"@id\":\"https:\\\/\\\/spainfilmcommission.com\\\/en\\\/#\\\/schema\\\/logo\\\/image\\\/\"}}]}<\/script>\n<!-- \/ Yoast SEO plugin. -->","yoast_head_json":{"title":"Rodar en Fortificaci\u00f3n Militar - Seu Vella - Spain Film Commission","description":"En esta p\u00e1gina encontrar\u00e1s una peque\u00f1a descripci\u00f3n, m\u00e1genes e informaci\u00f3n relevante para que te hagas una idea de c\u00f3mo es rodar en Fortificaci\u00f3n Militar - Seu Vella","robots":{"index":"index","follow":"follow","max-snippet":"max-snippet:-1","max-image-preview":"max-image-preview:large","max-video-preview":"max-video-preview:-1"},"canonical":"https:\/\/spainfilmcommission.com\/en\/ai-locations\/fortificacion-militar-seu-vella\/","og_locale":"en_US","og_type":"article","og_title":"Rodar en Fortificaci\u00f3n Militar - Seu Vella - Spain Film Commission","og_description":"En esta p\u00e1gina encontrar\u00e1s una peque\u00f1a descripci\u00f3n, m\u00e1genes e informaci\u00f3n relevante para que te hagas una idea de c\u00f3mo es rodar en Fortificaci\u00f3n Militar - Seu Vella","og_url":"https:\/\/spainfilmcommission.com\/en\/ai-locations\/fortificacion-militar-seu-vella\/","og_site_name":"Spain Film Commission","twitter_card":"summary_large_image","schema":{"@context":"https:\/\/schema.org","@graph":[{"@type":"WebPage","@id":"https:\/\/spainfilmcommission.com\/en\/ai-locations\/fortificacion-militar-seu-vella\/","url":"https:\/\/spainfilmcommission.com\/en\/ai-locations\/fortificacion-militar-seu-vella\/","name":"Rodar en Fortificaci\u00f3n Militar - Seu Vella - Spain Film Commission","isPartOf":{"@id":"https:\/\/spainfilmcommission.com\/en\/#website"},"datePublished":"2025-02-27T18:49:16+00:00","description":"En esta p\u00e1gina encontrar\u00e1s una peque\u00f1a descripci\u00f3n, m\u00e1genes e informaci\u00f3n relevante para que te hagas una idea de c\u00f3mo es rodar en Fortificaci\u00f3n Militar - Seu Vella","breadcrumb":{"@id":"https:\/\/spainfilmcommission.com\/en\/ai-locations\/fortificacion-militar-seu-vella\/#breadcrumb"},"inLanguage":"en-US","potentialAction":[{"@type":"ReadAction","target":["https:\/\/spainfilmcommission.com\/en\/ai-locations\/fortificacion-militar-seu-vella\/"]}]},{"@type":"BreadcrumbList","@id":"https:\/\/spainfilmcommission.com\/en\/ai-locations\/fortificacion-militar-seu-vella\/#breadcrumb","itemListElement":[{"@type":"ListItem","position":1,"name":"Portada","item":"https:\/\/spainfilmcommission.com\/en\/"},{"@type":"ListItem","position":2,"name":"Fortificaci\u00f3n Militar &#8211; Seu Vella"}]},{"@type":"WebSite","@id":"https:\/\/spainfilmcommission.com\/en\/#website","url":"https:\/\/spainfilmcommission.com\/en\/","name":"Spain Film Commission","description":"","publisher":{"@id":"https:\/\/spainfilmcommission.com\/en\/#organization"},"potentialAction":[{"@type":"SearchAction","target":{"@type":"EntryPoint","urlTemplate":"https:\/\/spainfilmcommission.com\/en\/?s={search_term_string}"},"query-input":{"@type":"PropertyValueSpecification","valueRequired":true,"valueName":"search_term_string"}}],"inLanguage":"en-US"},{"@type":"Organization","@id":"https:\/\/spainfilmcommission.com\/en\/#organization","name":"Spain Film Commission","url":"https:\/\/spainfilmcommission.com\/en\/","logo":{"@type":"ImageObject","inLanguage":"en-US","@id":"https:\/\/spainfilmcommission.com\/en\/#\/schema\/logo\/image\/","url":"https:\/\/spainfilmcommission.com\/wp-content\/uploads\/2024\/07\/SPC_COLOR.png","contentUrl":"https:\/\/spainfilmcommission.com\/wp-content\/uploads\/2024\/07\/SPC_COLOR.png","width":1665,"height":1665,"caption":"Spain Film Commission"},"image":{"@id":"https:\/\/spainfilmcommission.com\/en\/#\/schema\/logo\/image\/"}}]}},"socio":false,"nombrees":"Fortificaci\u00f3n Militar - Seu Vella","nombreen":"Militar fortification - Seu Vella Hill","localidad":"Lleida","provincia":"L\u00e9rida","coordenadas_maps":"41.618551, 0.625901","latitud":"41.618551","longitud":"0.625901","direcciones":"","direccionen":"","cod_postal":"","telefono":"","fax":"","mail":"","web":"","descripciones":"La fortificaci\u00f3n militar del Tur\u00f3 de la Seu Vella fue construida entre los siglos XVII y XX, si bien la mayor parte de las estructuras defensivas fueron edificadas durante la guerra dels Segadors y la de Sucesi\u00f3n. La fortificaci\u00f3n est\u00e1 configurada por un recinto cuadrangular situado en la parte m\u00e1s alta de la colina.\u00a0 Un potente baluarte preside cada uno de sus v\u00e9rtices. La fortaleza se completa con otros baluartes y contra-baluartes, murallas, t\u00faneles y caminos de ronda.","descripcionen":"The present military fortification at the Tur\u00f3 de la Seu Vella was built between the 17th and 20th centuries, although most of the defensive structures were built during the Catalan Revolt and the War of Spanish Succession. The fortification is configured in a quadrangular enclosure located at the highest part of the hill. A powerful bastion dominates each of its vertices.\u00a0 The fortification is completed with other bastions and counter bastions, walls, tunnels and walkways.","galeria":[{"ID":"23661","post_author":"2","post_date":"2025-03-08 03:40:51","post_date_gmt":"2025-03-08 02:40:51","post_content":"","post_title":"foto-974_8133","post_excerpt":"","post_status":"inherit","comment_status":"","ping_status":"closed","post_password":"","post_name":"foto-974_8133","to_ping":"","pinged":"","post_modified":"2025-03-08 03:40:51","post_modified_gmt":"2025-03-08 02:40:51","post_content_filtered":"","post_parent":"0","guid":"https:\/\/spainfilmcommission.com\/wp-content\/uploads\/2025\/03\/foto-974_8133.png","menu_order":"0","post_type":"attachment","post_mime_type":"image\/png","comment_count":"0","pod_item_id":"23661"},{"ID":"23663","post_author":"2","post_date":"2025-03-08 03:40:56","post_date_gmt":"2025-03-08 02:40:56","post_content":"","post_title":"foto-974_8134","post_excerpt":"","post_status":"inherit","comment_status":"","ping_status":"closed","post_password":"","post_name":"foto-974_8134","to_ping":"","pinged":"","post_modified":"2025-03-08 03:40:56","post_modified_gmt":"2025-03-08 02:40:56","post_content_filtered":"","post_parent":"0","guid":"https:\/\/spainfilmcommission.com\/wp-content\/uploads\/2025\/03\/foto-974_8134.png","menu_order":"0","post_type":"attachment","post_mime_type":"image\/png","comment_count":"0","pod_item_id":"23663"},{"ID":"23665","post_author":"2","post_date":"2025-03-08 03:41:00","post_date_gmt":"2025-03-08 02:41:00","post_content":"","post_title":"foto-974_8135","post_excerpt":"","post_status":"inherit","comment_status":"","ping_status":"closed","post_password":"","post_name":"foto-974_8135","to_ping":"","pinged":"","post_modified":"2025-03-08 03:41:00","post_modified_gmt":"2025-03-08 02:41:00","post_content_filtered":"","post_parent":"0","guid":"https:\/\/spainfilmcommission.com\/wp-content\/uploads\/2025\/03\/foto-974_8135.png","menu_order":"0","post_type":"attachment","post_mime_type":"image\/png","comment_count":"0","pod_item_id":"23665"},{"ID":"23667","post_author":"2","post_date":"2025-03-08 03:41:03","post_date_gmt":"2025-03-08 02:41:03","post_content":"","post_title":"foto-974_8136","post_excerpt":"","post_status":"inherit","comment_status":"","ping_status":"closed","post_password":"","post_name":"foto-974_8136","to_ping":"","pinged":"","post_modified":"2025-03-08 03:41:03","post_modified_gmt":"2025-03-08 02:41:03","post_content_filtered":"","post_parent":"0","guid":"https:\/\/spainfilmcommission.com\/wp-content\/uploads\/2025\/03\/foto-974_8136.png","menu_order":"0","post_type":"attachment","post_mime_type":"image\/png","comment_count":"0","pod_item_id":"23667"},{"ID":"23669","post_author":"2","post_date":"2025-03-08 03:41:05","post_date_gmt":"2025-03-08 02:41:05","post_content":"","post_title":"foto-974_8137","post_excerpt":"","post_status":"inherit","comment_status":"","ping_status":"closed","post_password":"","post_name":"foto-974_8137","to_ping":"","pinged":"","post_modified":"2025-03-08 03:41:05","post_modified_gmt":"2025-03-08 02:41:05","post_content_filtered":"","post_parent":"0","guid":"https:\/\/spainfilmcommission.com\/wp-content\/uploads\/2025\/03\/foto-974_8137.png","menu_order":"0","post_type":"attachment","post_mime_type":"image\/png","comment_count":"0","pod_item_id":"23669"},{"ID":"23671","post_author":"2","post_date":"2025-03-08 03:41:09","post_date_gmt":"2025-03-08 02:41:09","post_content":"","post_title":"foto-974_8138","post_excerpt":"","post_status":"inherit","comment_status":"","ping_status":"closed","post_password":"","post_name":"foto-974_8138","to_ping":"","pinged":"","post_modified":"2025-03-08 03:41:09","post_modified_gmt":"2025-03-08 02:41:09","post_content_filtered":"","post_parent":"0","guid":"https:\/\/spainfilmcommission.com\/wp-content\/uploads\/2025\/03\/foto-974_8138.png","menu_order":"0","post_type":"attachment","post_mime_type":"image\/png","comment_count":"0","pod_item_id":"23671"},{"ID":"23673","post_author":"2","post_date":"2025-03-08 03:41:13","post_date_gmt":"2025-03-08 02:41:13","post_content":"","post_title":"foto-974_8139","post_excerpt":"","post_status":"inherit","comment_status":"","ping_status":"closed","post_password":"","post_name":"foto-974_8139","to_ping":"","pinged":"","post_modified":"2025-03-08 03:41:13","post_modified_gmt":"2025-03-08 02:41:13","post_content_filtered":"","post_parent":"0","guid":"https:\/\/spainfilmcommission.com\/wp-content\/uploads\/2025\/03\/foto-974_8139.png","menu_order":"0","post_type":"attachment","post_mime_type":"image\/png","comment_count":"0","pod_item_id":"23673"},{"ID":"23675","post_author":"2","post_date":"2025-03-08 03:41:15","post_date_gmt":"2025-03-08 02:41:15","post_content":"","post_title":"foto-974_8140","post_excerpt":"","post_status":"inherit","comment_status":"","ping_status":"closed","post_password":"","post_name":"foto-974_8140","to_ping":"","pinged":"","post_modified":"2025-03-08 03:41:15","post_modified_gmt":"2025-03-08 02:41:15","post_content_filtered":"","post_parent":"0","guid":"https:\/\/spainfilmcommission.com\/wp-content\/uploads\/2025\/03\/foto-974_8140.png","menu_order":"0","post_type":"attachment","post_mime_type":"image\/png","comment_count":"0","pod_item_id":"23675"}],"nombrepaginaes":"fortificacion-militar-seu-vella","nombrepaginaen":"militar-fortification-seu-vella-hill","latitud_gps":"","longitud_gps":"","adicionaleses":"","adicionalesen":"","videoes":"","videoen":"","video2es":"","video2en":"","_links":{"self":[{"href":"https:\/\/spainfilmcommission.com\/en\/wp-json\/wp\/v2\/localizaciones\/localizacion\/11999","targetHints":{"allow":["GET"]}}],"collection":[{"href":"https:\/\/spainfilmcommission.com\/en\/wp-json\/wp\/v2\/localizaciones\/localizacion"}],"about":[{"href":"https:\/\/spainfilmcommission.com\/en\/wp-json\/wp\/v2\/types\/localizacion"}],"author":[{"embeddable":true,"href":"https:\/\/spainfilmcommission.com\/en\/wp-json\/wp\/v2\/users\/2"}],"wp:attachment":[{"href":"https:\/\/spainfilmcommission.com\/en\/wp-json\/wp\/v2\/media?parent=11999"}],"curies":[{"name":"wp","href":"https:\/\/api.w.org\/{rel}","templated":true}]}}