{"id":11970,"date":"2025-02-27T19:49:16","date_gmt":"2025-02-27T18:49:16","guid":{"rendered":"https:\/\/spainfilmcommission.com\/?post_type=localizacion&#038;p=11970"},"modified":"2025-04-22T08:45:44","modified_gmt":"2025-04-22T06:45:44","slug":"medialab-prado","status":"publish","type":"localizacion","link":"https:\/\/spainfilmcommission.com\/en\/ai-locations\/medialab-prado\/","title":{"rendered":"Medialab Prado"},"content":{"rendered":"","protected":false},"author":2,"template":"","meta":[],"class_list":["post-11970","localizacion","type-localizacion","status-publish","hentry"],"yoast_head":"<!-- This site is optimized with the Yoast SEO plugin v28.3 - https:\/\/yoast.com\/product\/yoast-seo-wordpress\/ -->\n<title>Rodar en Medialab Prado - Spain Film Commission<\/title>\n<meta name=\"description\" content=\"En esta p\u00e1gina encontrar\u00e1s una peque\u00f1a descripci\u00f3n, m\u00e1genes e informaci\u00f3n relevante para que te hagas una idea de c\u00f3mo es rodar en Medialab Prado\" \/>\n<meta name=\"robots\" content=\"index, follow, max-snippet:-1, max-image-preview:large, max-video-preview:-1\" \/>\n<link rel=\"canonical\" href=\"https:\/\/spainfilmcommission.com\/en\/ai-locations\/medialab-prado\/\" \/>\n<meta property=\"og:locale\" content=\"en_US\" \/>\n<meta property=\"og:type\" content=\"article\" \/>\n<meta property=\"og:title\" content=\"Rodar en Medialab Prado - Spain Film Commission\" \/>\n<meta property=\"og:description\" content=\"En esta p\u00e1gina encontrar\u00e1s una peque\u00f1a descripci\u00f3n, m\u00e1genes e informaci\u00f3n relevante para que te hagas una idea de c\u00f3mo es rodar en Medialab Prado\" \/>\n<meta property=\"og:url\" content=\"https:\/\/spainfilmcommission.com\/en\/ai-locations\/medialab-prado\/\" \/>\n<meta property=\"og:site_name\" content=\"Spain Film Commission\" \/>\n<meta property=\"article:modified_time\" content=\"2025-04-22T06:45:44+00:00\" \/>\n<meta name=\"twitter:card\" content=\"summary_large_image\" \/>\n<script type=\"application\/ld+json\" class=\"yoast-schema-graph\">{\"@context\":\"https:\\\/\\\/schema.org\",\"@graph\":[{\"@type\":\"WebPage\",\"@id\":\"https:\\\/\\\/spainfilmcommission.com\\\/en\\\/ai-locations\\\/medialab-prado\\\/\",\"url\":\"https:\\\/\\\/spainfilmcommission.com\\\/en\\\/ai-locations\\\/medialab-prado\\\/\",\"name\":\"Rodar en Medialab Prado - Spain Film Commission\",\"isPartOf\":{\"@id\":\"https:\\\/\\\/spainfilmcommission.com\\\/en\\\/#website\"},\"datePublished\":\"2025-02-27T18:49:16+00:00\",\"dateModified\":\"2025-04-22T06:45:44+00:00\",\"description\":\"En esta p\u00e1gina encontrar\u00e1s una peque\u00f1a descripci\u00f3n, m\u00e1genes e informaci\u00f3n relevante para que te hagas una idea de c\u00f3mo es rodar en Medialab Prado\",\"breadcrumb\":{\"@id\":\"https:\\\/\\\/spainfilmcommission.com\\\/en\\\/ai-locations\\\/medialab-prado\\\/#breadcrumb\"},\"inLanguage\":\"en-US\",\"potentialAction\":[{\"@type\":\"ReadAction\",\"target\":[\"https:\\\/\\\/spainfilmcommission.com\\\/en\\\/ai-locations\\\/medialab-prado\\\/\"]}]},{\"@type\":\"BreadcrumbList\",\"@id\":\"https:\\\/\\\/spainfilmcommission.com\\\/en\\\/ai-locations\\\/medialab-prado\\\/#breadcrumb\",\"itemListElement\":[{\"@type\":\"ListItem\",\"position\":1,\"name\":\"Portada\",\"item\":\"https:\\\/\\\/spainfilmcommission.com\\\/en\\\/\"},{\"@type\":\"ListItem\",\"position\":2,\"name\":\"Medialab Prado\"}]},{\"@type\":\"WebSite\",\"@id\":\"https:\\\/\\\/spainfilmcommission.com\\\/en\\\/#website\",\"url\":\"https:\\\/\\\/spainfilmcommission.com\\\/en\\\/\",\"name\":\"Spain Film Commission\",\"description\":\"\",\"publisher\":{\"@id\":\"https:\\\/\\\/spainfilmcommission.com\\\/en\\\/#organization\"},\"potentialAction\":[{\"@type\":\"SearchAction\",\"target\":{\"@type\":\"EntryPoint\",\"urlTemplate\":\"https:\\\/\\\/spainfilmcommission.com\\\/en\\\/?s={search_term_string}\"},\"query-input\":{\"@type\":\"PropertyValueSpecification\",\"valueRequired\":true,\"valueName\":\"search_term_string\"}}],\"inLanguage\":\"en-US\"},{\"@type\":\"Organization\",\"@id\":\"https:\\\/\\\/spainfilmcommission.com\\\/en\\\/#organization\",\"name\":\"Spain Film Commission\",\"url\":\"https:\\\/\\\/spainfilmcommission.com\\\/en\\\/\",\"logo\":{\"@type\":\"ImageObject\",\"inLanguage\":\"en-US\",\"@id\":\"https:\\\/\\\/spainfilmcommission.com\\\/en\\\/#\\\/schema\\\/logo\\\/image\\\/\",\"url\":\"https:\\\/\\\/spainfilmcommission.com\\\/wp-content\\\/uploads\\\/2024\\\/07\\\/SPC_COLOR.png\",\"contentUrl\":\"https:\\\/\\\/spainfilmcommission.com\\\/wp-content\\\/uploads\\\/2024\\\/07\\\/SPC_COLOR.png\",\"width\":1665,\"height\":1665,\"caption\":\"Spain Film Commission\"},\"image\":{\"@id\":\"https:\\\/\\\/spainfilmcommission.com\\\/en\\\/#\\\/schema\\\/logo\\\/image\\\/\"}}]}<\/script>\n<!-- \/ Yoast SEO plugin. -->","yoast_head_json":{"title":"Rodar en Medialab Prado - Spain Film Commission","description":"En esta p\u00e1gina encontrar\u00e1s una peque\u00f1a descripci\u00f3n, m\u00e1genes e informaci\u00f3n relevante para que te hagas una idea de c\u00f3mo es rodar en Medialab Prado","robots":{"index":"index","follow":"follow","max-snippet":"max-snippet:-1","max-image-preview":"max-image-preview:large","max-video-preview":"max-video-preview:-1"},"canonical":"https:\/\/spainfilmcommission.com\/en\/ai-locations\/medialab-prado\/","og_locale":"en_US","og_type":"article","og_title":"Rodar en Medialab Prado - Spain Film Commission","og_description":"En esta p\u00e1gina encontrar\u00e1s una peque\u00f1a descripci\u00f3n, m\u00e1genes e informaci\u00f3n relevante para que te hagas una idea de c\u00f3mo es rodar en Medialab Prado","og_url":"https:\/\/spainfilmcommission.com\/en\/ai-locations\/medialab-prado\/","og_site_name":"Spain Film Commission","article_modified_time":"2025-04-22T06:45:44+00:00","twitter_card":"summary_large_image","schema":{"@context":"https:\/\/schema.org","@graph":[{"@type":"WebPage","@id":"https:\/\/spainfilmcommission.com\/en\/ai-locations\/medialab-prado\/","url":"https:\/\/spainfilmcommission.com\/en\/ai-locations\/medialab-prado\/","name":"Rodar en Medialab Prado - Spain Film Commission","isPartOf":{"@id":"https:\/\/spainfilmcommission.com\/en\/#website"},"datePublished":"2025-02-27T18:49:16+00:00","dateModified":"2025-04-22T06:45:44+00:00","description":"En esta p\u00e1gina encontrar\u00e1s una peque\u00f1a descripci\u00f3n, m\u00e1genes e informaci\u00f3n relevante para que te hagas una idea de c\u00f3mo es rodar en Medialab Prado","breadcrumb":{"@id":"https:\/\/spainfilmcommission.com\/en\/ai-locations\/medialab-prado\/#breadcrumb"},"inLanguage":"en-US","potentialAction":[{"@type":"ReadAction","target":["https:\/\/spainfilmcommission.com\/en\/ai-locations\/medialab-prado\/"]}]},{"@type":"BreadcrumbList","@id":"https:\/\/spainfilmcommission.com\/en\/ai-locations\/medialab-prado\/#breadcrumb","itemListElement":[{"@type":"ListItem","position":1,"name":"Portada","item":"https:\/\/spainfilmcommission.com\/en\/"},{"@type":"ListItem","position":2,"name":"Medialab Prado"}]},{"@type":"WebSite","@id":"https:\/\/spainfilmcommission.com\/en\/#website","url":"https:\/\/spainfilmcommission.com\/en\/","name":"Spain Film Commission","description":"","publisher":{"@id":"https:\/\/spainfilmcommission.com\/en\/#organization"},"potentialAction":[{"@type":"SearchAction","target":{"@type":"EntryPoint","urlTemplate":"https:\/\/spainfilmcommission.com\/en\/?s={search_term_string}"},"query-input":{"@type":"PropertyValueSpecification","valueRequired":true,"valueName":"search_term_string"}}],"inLanguage":"en-US"},{"@type":"Organization","@id":"https:\/\/spainfilmcommission.com\/en\/#organization","name":"Spain Film Commission","url":"https:\/\/spainfilmcommission.com\/en\/","logo":{"@type":"ImageObject","inLanguage":"en-US","@id":"https:\/\/spainfilmcommission.com\/en\/#\/schema\/logo\/image\/","url":"https:\/\/spainfilmcommission.com\/wp-content\/uploads\/2024\/07\/SPC_COLOR.png","contentUrl":"https:\/\/spainfilmcommission.com\/wp-content\/uploads\/2024\/07\/SPC_COLOR.png","width":1665,"height":1665,"caption":"Spain Film Commission"},"image":{"@id":"https:\/\/spainfilmcommission.com\/en\/#\/schema\/logo\/image\/"}}]}},"socio":[{"ID":"33","user_login":"madrid-film-office","user_nicename":"madrid-film-office","display_name":"madrid-film-office","user_pass":"****************","user_email":"info@madridfilmoffice.com","user_url":"","user_registered":"2024-12-19 16:08:42","id":33}],"nombrees":"Medialab Prado","nombreen":"Medialab Prado","localidad":"Madrid","provincia":"Madrid","coordenadas_maps":"40.410547, -3.693807","latitud":"40.410547000000","longitud":"-3.693807000000","direcciones":"","direccionen":"","cod_postal":[],"telefono":"","fax":"","mail":"","web":"http:\/\/www.cityofmadridfilmoffice.com\/localizacion\/medialab-prado","descripciones":"Medialab Prado es un espacio cultural que funciona como laboratorio de producci\u00f3n y difusi\u00f3n de proyectos relacionados con las redes digitales e internet. Ubicado en el edificio de la antigua Serrer\u00eda Belga en pleno Barrio de las Letras pr\u00f3ximo al Paseo del Prado, es uno de los escasos ejemplos de arquitectura industrial que quedan en el centro de la ciudad. La rehabilitaci\u00f3n del espacio respet\u00f3 su car\u00e1cter industrial con el uso de hormig\u00f3n armado visto. Se mantuvo la fachada clasicista a\u00f1adiendo una pantalla gigante integrada en el entorno urbano.","descripcionen":"Medialab Prado is a cultural space that works as a production and dissemination laboratory for projects related to the Internet and digital networks. Located in the former building of the Serrer\u00eda Belga (The Belgian Sawmill), right in the heart of the Barrio de las Letras (Literary Quarter) and next to the Paseo del Prado, this is one of the scarce examples of industrial architecture that remain in the city centre. When the space was refurbished, its industrial style was respected by using exposed reinforced concrete. The Classicist fa\u00e7ade was maintained, albeit with the addition of a giant screen integrated into the urban environment.","galeria":[{"ID":"23403","post_author":"2","post_date":"2025-03-08 03:36:20","post_date_gmt":"2025-03-08 02:36:20","post_content":"","post_title":"foto-943_7993","post_excerpt":"","post_status":"inherit","comment_status":"closed","ping_status":"closed","post_password":"","post_name":"foto-943_7993","to_ping":"","pinged":"","post_modified":"2025-04-22 08:45:44","post_modified_gmt":"2025-04-22 06:45:44","post_content_filtered":"","post_parent":"11970","guid":"https:\/\/spainfilmcommission.com\/wp-content\/uploads\/2025\/03\/foto-943_7993.jpg","menu_order":"0","post_type":"attachment","post_mime_type":"image\/jpeg","comment_count":"0","pod_item_id":"23403"},{"ID":"23405","post_author":"2","post_date":"2025-03-08 03:36:22","post_date_gmt":"2025-03-08 02:36:22","post_content":"","post_title":"foto-943_7994","post_excerpt":"","post_status":"inherit","comment_status":"closed","ping_status":"closed","post_password":"","post_name":"foto-943_7994","to_ping":"","pinged":"","post_modified":"2025-04-22 08:45:44","post_modified_gmt":"2025-04-22 06:45:44","post_content_filtered":"","post_parent":"11970","guid":"https:\/\/spainfilmcommission.com\/wp-content\/uploads\/2025\/03\/foto-943_7994.jpg","menu_order":"0","post_type":"attachment","post_mime_type":"image\/jpeg","comment_count":"0","pod_item_id":"23405"},{"ID":"23407","post_author":"2","post_date":"2025-03-08 03:36:24","post_date_gmt":"2025-03-08 02:36:24","post_content":"","post_title":"foto-943_7995","post_excerpt":"","post_status":"inherit","comment_status":"closed","ping_status":"closed","post_password":"","post_name":"foto-943_7995","to_ping":"","pinged":"","post_modified":"2025-04-22 08:45:44","post_modified_gmt":"2025-04-22 06:45:44","post_content_filtered":"","post_parent":"11970","guid":"https:\/\/spainfilmcommission.com\/wp-content\/uploads\/2025\/03\/foto-943_7995.jpg","menu_order":"0","post_type":"attachment","post_mime_type":"image\/jpeg","comment_count":"0","pod_item_id":"23407"},{"ID":"23409","post_author":"2","post_date":"2025-03-08 03:36:26","post_date_gmt":"2025-03-08 02:36:26","post_content":"","post_title":"foto-943_7996","post_excerpt":"","post_status":"inherit","comment_status":"closed","ping_status":"closed","post_password":"","post_name":"foto-943_7996","to_ping":"","pinged":"","post_modified":"2025-04-22 08:45:44","post_modified_gmt":"2025-04-22 06:45:44","post_content_filtered":"","post_parent":"11970","guid":"https:\/\/spainfilmcommission.com\/wp-content\/uploads\/2025\/03\/foto-943_7996.jpg","menu_order":"0","post_type":"attachment","post_mime_type":"image\/jpeg","comment_count":"0","pod_item_id":"23409"},{"ID":"23411","post_author":"2","post_date":"2025-03-08 03:36:28","post_date_gmt":"2025-03-08 02:36:28","post_content":"","post_title":"foto-943_7997","post_excerpt":"","post_status":"inherit","comment_status":"closed","ping_status":"closed","post_password":"","post_name":"foto-943_7997","to_ping":"","pinged":"","post_modified":"2025-04-22 08:45:44","post_modified_gmt":"2025-04-22 06:45:44","post_content_filtered":"","post_parent":"11970","guid":"https:\/\/spainfilmcommission.com\/wp-content\/uploads\/2025\/03\/foto-943_7997.jpg","menu_order":"0","post_type":"attachment","post_mime_type":"image\/jpeg","comment_count":"0","pod_item_id":"23411"},{"ID":"23413","post_author":"2","post_date":"2025-03-08 03:36:30","post_date_gmt":"2025-03-08 02:36:30","post_content":"","post_title":"foto-943_7998","post_excerpt":"","post_status":"inherit","comment_status":"closed","ping_status":"closed","post_password":"","post_name":"foto-943_7998","to_ping":"","pinged":"","post_modified":"2025-04-22 08:45:44","post_modified_gmt":"2025-04-22 06:45:44","post_content_filtered":"","post_parent":"11970","guid":"https:\/\/spainfilmcommission.com\/wp-content\/uploads\/2025\/03\/foto-943_7998.jpg","menu_order":"0","post_type":"attachment","post_mime_type":"image\/jpeg","comment_count":"0","pod_item_id":"23413"},{"ID":"23415","post_author":"2","post_date":"2025-03-08 03:36:32","post_date_gmt":"2025-03-08 02:36:32","post_content":"","post_title":"foto-943_7999","post_excerpt":"","post_status":"inherit","comment_status":"closed","ping_status":"closed","post_password":"","post_name":"foto-943_7999","to_ping":"","pinged":"","post_modified":"2025-04-22 08:45:44","post_modified_gmt":"2025-04-22 06:45:44","post_content_filtered":"","post_parent":"11970","guid":"https:\/\/spainfilmcommission.com\/wp-content\/uploads\/2025\/03\/foto-943_7999.jpg","menu_order":"0","post_type":"attachment","post_mime_type":"image\/jpeg","comment_count":"0","pod_item_id":"23415"},{"ID":"23417","post_author":"2","post_date":"2025-03-08 03:36:35","post_date_gmt":"2025-03-08 02:36:35","post_content":"","post_title":"foto-943_8000","post_excerpt":"","post_status":"inherit","comment_status":"closed","ping_status":"closed","post_password":"","post_name":"foto-943_8000","to_ping":"","pinged":"","post_modified":"2025-04-22 08:45:44","post_modified_gmt":"2025-04-22 06:45:44","post_content_filtered":"","post_parent":"11970","guid":"https:\/\/spainfilmcommission.com\/wp-content\/uploads\/2025\/03\/foto-943_8000.jpg","menu_order":"0","post_type":"attachment","post_mime_type":"image\/jpeg","comment_count":"0","pod_item_id":"23417"},{"ID":"23419","post_author":"2","post_date":"2025-03-08 03:36:38","post_date_gmt":"2025-03-08 02:36:38","post_content":"","post_title":"foto-943_8001","post_excerpt":"","post_status":"inherit","comment_status":"closed","ping_status":"closed","post_password":"","post_name":"foto-943_8001","to_ping":"","pinged":"","post_modified":"2025-04-22 08:45:44","post_modified_gmt":"2025-04-22 06:45:44","post_content_filtered":"","post_parent":"11970","guid":"https:\/\/spainfilmcommission.com\/wp-content\/uploads\/2025\/03\/foto-943_8001.jpg","menu_order":"0","post_type":"attachment","post_mime_type":"image\/jpeg","comment_count":"0","pod_item_id":"23419"},{"ID":"23421","post_author":"2","post_date":"2025-03-08 03:36:40","post_date_gmt":"2025-03-08 02:36:40","post_content":"","post_title":"foto-943_8002","post_excerpt":"","post_status":"inherit","comment_status":"closed","ping_status":"closed","post_password":"","post_name":"foto-943_8002","to_ping":"","pinged":"","post_modified":"2025-04-22 08:45:44","post_modified_gmt":"2025-04-22 06:45:44","post_content_filtered":"","post_parent":"11970","guid":"https:\/\/spainfilmcommission.com\/wp-content\/uploads\/2025\/03\/foto-943_8002.jpg","menu_order":"0","post_type":"attachment","post_mime_type":"image\/jpeg","comment_count":"0","pod_item_id":"23421"},{"ID":"23423","post_author":"2","post_date":"2025-03-08 03:36:41","post_date_gmt":"2025-03-08 02:36:41","post_content":"","post_title":"foto-943_8003","post_excerpt":"","post_status":"inherit","comment_status":"closed","ping_status":"closed","post_password":"","post_name":"foto-943_8003","to_ping":"","pinged":"","post_modified":"2025-04-22 08:45:44","post_modified_gmt":"2025-04-22 06:45:44","post_content_filtered":"","post_parent":"11970","guid":"https:\/\/spainfilmcommission.com\/wp-content\/uploads\/2025\/03\/foto-943_8003.jpg","menu_order":"0","post_type":"attachment","post_mime_type":"image\/jpeg","comment_count":"0","pod_item_id":"23423"},{"ID":"23425","post_author":"2","post_date":"2025-03-08 03:36:43","post_date_gmt":"2025-03-08 02:36:43","post_content":"","post_title":"foto-943_8004","post_excerpt":"","post_status":"inherit","comment_status":"closed","ping_status":"closed","post_password":"","post_name":"foto-943_8004","to_ping":"","pinged":"","post_modified":"2025-04-22 08:45:44","post_modified_gmt":"2025-04-22 06:45:44","post_content_filtered":"","post_parent":"11970","guid":"https:\/\/spainfilmcommission.com\/wp-content\/uploads\/2025\/03\/foto-943_8004.jpg","menu_order":"0","post_type":"attachment","post_mime_type":"image\/jpeg","comment_count":"0","pod_item_id":"23425"},{"ID":"23427","post_author":"2","post_date":"2025-03-08 03:36:46","post_date_gmt":"2025-03-08 02:36:46","post_content":"","post_title":"foto-943_8005","post_excerpt":"","post_status":"inherit","comment_status":"closed","ping_status":"closed","post_password":"","post_name":"foto-943_8005","to_ping":"","pinged":"","post_modified":"2025-04-22 08:45:44","post_modified_gmt":"2025-04-22 06:45:44","post_content_filtered":"","post_parent":"11970","guid":"https:\/\/spainfilmcommission.com\/wp-content\/uploads\/2025\/03\/foto-943_8005.jpg","menu_order":"0","post_type":"attachment","post_mime_type":"image\/jpeg","comment_count":"0","pod_item_id":"23427"},{"ID":"23429","post_author":"2","post_date":"2025-03-08 03:36:48","post_date_gmt":"2025-03-08 02:36:48","post_content":"","post_title":"foto-943_8006","post_excerpt":"","post_status":"inherit","comment_status":"closed","ping_status":"closed","post_password":"","post_name":"foto-943_8006","to_ping":"","pinged":"","post_modified":"2025-04-22 08:45:44","post_modified_gmt":"2025-04-22 06:45:44","post_content_filtered":"","post_parent":"11970","guid":"https:\/\/spainfilmcommission.com\/wp-content\/uploads\/2025\/03\/foto-943_8006.jpg","menu_order":"0","post_type":"attachment","post_mime_type":"image\/jpeg","comment_count":"0","pod_item_id":"23429"},{"ID":"23431","post_author":"2","post_date":"2025-03-08 03:36:50","post_date_gmt":"2025-03-08 02:36:50","post_content":"","post_title":"foto-943_8007","post_excerpt":"","post_status":"inherit","comment_status":"closed","ping_status":"closed","post_password":"","post_name":"foto-943_8007","to_ping":"","pinged":"","post_modified":"2025-04-22 08:45:44","post_modified_gmt":"2025-04-22 06:45:44","post_content_filtered":"","post_parent":"11970","guid":"https:\/\/spainfilmcommission.com\/wp-content\/uploads\/2025\/03\/foto-943_8007.jpg","menu_order":"0","post_type":"attachment","post_mime_type":"image\/jpeg","comment_count":"0","pod_item_id":"23431"},{"ID":"23433","post_author":"2","post_date":"2025-03-08 03:36:52","post_date_gmt":"2025-03-08 02:36:52","post_content":"","post_title":"foto-943_8008","post_excerpt":"","post_status":"inherit","comment_status":"closed","ping_status":"closed","post_password":"","post_name":"foto-943_8008","to_ping":"","pinged":"","post_modified":"2025-04-22 08:45:44","post_modified_gmt":"2025-04-22 06:45:44","post_content_filtered":"","post_parent":"11970","guid":"https:\/\/spainfilmcommission.com\/wp-content\/uploads\/2025\/03\/foto-943_8008.jpg","menu_order":"0","post_type":"attachment","post_mime_type":"image\/jpeg","comment_count":"0","pod_item_id":"23433"},{"ID":"23435","post_author":"2","post_date":"2025-03-08 03:36:55","post_date_gmt":"2025-03-08 02:36:55","post_content":"","post_title":"foto-943_8009","post_excerpt":"","post_status":"inherit","comment_status":"closed","ping_status":"closed","post_password":"","post_name":"foto-943_8009","to_ping":"","pinged":"","post_modified":"2025-04-22 08:45:44","post_modified_gmt":"2025-04-22 06:45:44","post_content_filtered":"","post_parent":"11970","guid":"https:\/\/spainfilmcommission.com\/wp-content\/uploads\/2025\/03\/foto-943_8009.jpg","menu_order":"0","post_type":"attachment","post_mime_type":"image\/jpeg","comment_count":"0","pod_item_id":"23435"}],"nombrepaginaes":"medialab-prado","nombrepaginaen":"medialab-prado","latitud_gps":"","longitud_gps":"","adicionaleses":"","adicionalesen":"","videoes":"","videoen":"","video2es":"","video2en":"","_links":{"self":[{"href":"https:\/\/spainfilmcommission.com\/en\/wp-json\/wp\/v2\/localizaciones\/localizacion\/11970","targetHints":{"allow":["GET"]}}],"collection":[{"href":"https:\/\/spainfilmcommission.com\/en\/wp-json\/wp\/v2\/localizaciones\/localizacion"}],"about":[{"href":"https:\/\/spainfilmcommission.com\/en\/wp-json\/wp\/v2\/types\/localizacion"}],"author":[{"embeddable":true,"href":"https:\/\/spainfilmcommission.com\/en\/wp-json\/wp\/v2\/users\/2"}],"wp:attachment":[{"href":"https:\/\/spainfilmcommission.com\/en\/wp-json\/wp\/v2\/media?parent=11970"}],"curies":[{"name":"wp","href":"https:\/\/api.w.org\/{rel}","templated":true}]}}