{"id":11966,"date":"2025-02-27T19:49:16","date_gmt":"2025-02-27T18:49:16","guid":{"rendered":"https:\/\/spainfilmcommission.com\/?post_type=localizacion&#038;p=11966"},"modified":"2025-04-22T08:18:09","modified_gmt":"2025-04-22T06:18:09","slug":"pabellon-de-cecilio-rodriguez","status":"publish","type":"localizacion","link":"https:\/\/spainfilmcommission.com\/en\/ai-locations\/pabellon-de-cecilio-rodriguez\/","title":{"rendered":"Pabell\u00f3n de Cecilio Rodr\u00edguez"},"content":{"rendered":"","protected":false},"author":2,"template":"","meta":[],"class_list":["post-11966","localizacion","type-localizacion","status-publish","hentry"],"yoast_head":"<!-- This site is optimized with the Yoast SEO plugin v28.3 - https:\/\/yoast.com\/product\/yoast-seo-wordpress\/ -->\n<title>Rodar en Pabell\u00f3n de Cecilio Rodr\u00edguez - Spain Film Commission<\/title>\n<meta name=\"description\" content=\"En esta p\u00e1gina encontrar\u00e1s una peque\u00f1a descripci\u00f3n, m\u00e1genes e informaci\u00f3n relevante para que te hagas una idea de c\u00f3mo es rodar en Pabell\u00f3n de Cecilio Rodr\u00edguez\" \/>\n<meta name=\"robots\" content=\"index, follow, max-snippet:-1, max-image-preview:large, max-video-preview:-1\" \/>\n<link rel=\"canonical\" href=\"https:\/\/spainfilmcommission.com\/en\/ai-locations\/pabellon-de-cecilio-rodriguez\/\" \/>\n<meta property=\"og:locale\" content=\"en_US\" \/>\n<meta property=\"og:type\" content=\"article\" \/>\n<meta property=\"og:title\" content=\"Rodar en Pabell\u00f3n de Cecilio Rodr\u00edguez - Spain Film Commission\" \/>\n<meta property=\"og:description\" content=\"En esta p\u00e1gina encontrar\u00e1s una peque\u00f1a descripci\u00f3n, m\u00e1genes e informaci\u00f3n relevante para que te hagas una idea de c\u00f3mo es rodar en Pabell\u00f3n de Cecilio Rodr\u00edguez\" \/>\n<meta property=\"og:url\" content=\"https:\/\/spainfilmcommission.com\/en\/ai-locations\/pabellon-de-cecilio-rodriguez\/\" \/>\n<meta property=\"og:site_name\" content=\"Spain Film Commission\" \/>\n<meta property=\"article:modified_time\" content=\"2025-04-22T06:18:09+00:00\" \/>\n<meta name=\"twitter:card\" content=\"summary_large_image\" \/>\n<script type=\"application\/ld+json\" class=\"yoast-schema-graph\">{\"@context\":\"https:\\\/\\\/schema.org\",\"@graph\":[{\"@type\":\"WebPage\",\"@id\":\"https:\\\/\\\/spainfilmcommission.com\\\/en\\\/ai-locations\\\/pabellon-de-cecilio-rodriguez\\\/\",\"url\":\"https:\\\/\\\/spainfilmcommission.com\\\/en\\\/ai-locations\\\/pabellon-de-cecilio-rodriguez\\\/\",\"name\":\"Rodar en Pabell\u00f3n de Cecilio Rodr\u00edguez - Spain Film Commission\",\"isPartOf\":{\"@id\":\"https:\\\/\\\/spainfilmcommission.com\\\/en\\\/#website\"},\"datePublished\":\"2025-02-27T18:49:16+00:00\",\"dateModified\":\"2025-04-22T06:18:09+00:00\",\"description\":\"En esta p\u00e1gina encontrar\u00e1s una peque\u00f1a descripci\u00f3n, m\u00e1genes e informaci\u00f3n relevante para que te hagas una idea de c\u00f3mo es rodar en Pabell\u00f3n de Cecilio Rodr\u00edguez\",\"breadcrumb\":{\"@id\":\"https:\\\/\\\/spainfilmcommission.com\\\/en\\\/ai-locations\\\/pabellon-de-cecilio-rodriguez\\\/#breadcrumb\"},\"inLanguage\":\"en-US\",\"potentialAction\":[{\"@type\":\"ReadAction\",\"target\":[\"https:\\\/\\\/spainfilmcommission.com\\\/en\\\/ai-locations\\\/pabellon-de-cecilio-rodriguez\\\/\"]}]},{\"@type\":\"BreadcrumbList\",\"@id\":\"https:\\\/\\\/spainfilmcommission.com\\\/en\\\/ai-locations\\\/pabellon-de-cecilio-rodriguez\\\/#breadcrumb\",\"itemListElement\":[{\"@type\":\"ListItem\",\"position\":1,\"name\":\"Portada\",\"item\":\"https:\\\/\\\/spainfilmcommission.com\\\/en\\\/\"},{\"@type\":\"ListItem\",\"position\":2,\"name\":\"Pabell\u00f3n de Cecilio Rodr\u00edguez\"}]},{\"@type\":\"WebSite\",\"@id\":\"https:\\\/\\\/spainfilmcommission.com\\\/en\\\/#website\",\"url\":\"https:\\\/\\\/spainfilmcommission.com\\\/en\\\/\",\"name\":\"Spain Film Commission\",\"description\":\"\",\"publisher\":{\"@id\":\"https:\\\/\\\/spainfilmcommission.com\\\/en\\\/#organization\"},\"potentialAction\":[{\"@type\":\"SearchAction\",\"target\":{\"@type\":\"EntryPoint\",\"urlTemplate\":\"https:\\\/\\\/spainfilmcommission.com\\\/en\\\/?s={search_term_string}\"},\"query-input\":{\"@type\":\"PropertyValueSpecification\",\"valueRequired\":true,\"valueName\":\"search_term_string\"}}],\"inLanguage\":\"en-US\"},{\"@type\":\"Organization\",\"@id\":\"https:\\\/\\\/spainfilmcommission.com\\\/en\\\/#organization\",\"name\":\"Spain Film Commission\",\"url\":\"https:\\\/\\\/spainfilmcommission.com\\\/en\\\/\",\"logo\":{\"@type\":\"ImageObject\",\"inLanguage\":\"en-US\",\"@id\":\"https:\\\/\\\/spainfilmcommission.com\\\/en\\\/#\\\/schema\\\/logo\\\/image\\\/\",\"url\":\"https:\\\/\\\/spainfilmcommission.com\\\/wp-content\\\/uploads\\\/2024\\\/07\\\/SPC_COLOR.png\",\"contentUrl\":\"https:\\\/\\\/spainfilmcommission.com\\\/wp-content\\\/uploads\\\/2024\\\/07\\\/SPC_COLOR.png\",\"width\":1665,\"height\":1665,\"caption\":\"Spain Film Commission\"},\"image\":{\"@id\":\"https:\\\/\\\/spainfilmcommission.com\\\/en\\\/#\\\/schema\\\/logo\\\/image\\\/\"}}]}<\/script>\n<!-- \/ Yoast SEO plugin. -->","yoast_head_json":{"title":"Rodar en Pabell\u00f3n de Cecilio Rodr\u00edguez - Spain Film Commission","description":"En esta p\u00e1gina encontrar\u00e1s una peque\u00f1a descripci\u00f3n, m\u00e1genes e informaci\u00f3n relevante para que te hagas una idea de c\u00f3mo es rodar en Pabell\u00f3n de Cecilio Rodr\u00edguez","robots":{"index":"index","follow":"follow","max-snippet":"max-snippet:-1","max-image-preview":"max-image-preview:large","max-video-preview":"max-video-preview:-1"},"canonical":"https:\/\/spainfilmcommission.com\/en\/ai-locations\/pabellon-de-cecilio-rodriguez\/","og_locale":"en_US","og_type":"article","og_title":"Rodar en Pabell\u00f3n de Cecilio Rodr\u00edguez - Spain Film Commission","og_description":"En esta p\u00e1gina encontrar\u00e1s una peque\u00f1a descripci\u00f3n, m\u00e1genes e informaci\u00f3n relevante para que te hagas una idea de c\u00f3mo es rodar en Pabell\u00f3n de Cecilio Rodr\u00edguez","og_url":"https:\/\/spainfilmcommission.com\/en\/ai-locations\/pabellon-de-cecilio-rodriguez\/","og_site_name":"Spain Film Commission","article_modified_time":"2025-04-22T06:18:09+00:00","twitter_card":"summary_large_image","schema":{"@context":"https:\/\/schema.org","@graph":[{"@type":"WebPage","@id":"https:\/\/spainfilmcommission.com\/en\/ai-locations\/pabellon-de-cecilio-rodriguez\/","url":"https:\/\/spainfilmcommission.com\/en\/ai-locations\/pabellon-de-cecilio-rodriguez\/","name":"Rodar en Pabell\u00f3n de Cecilio Rodr\u00edguez - Spain Film Commission","isPartOf":{"@id":"https:\/\/spainfilmcommission.com\/en\/#website"},"datePublished":"2025-02-27T18:49:16+00:00","dateModified":"2025-04-22T06:18:09+00:00","description":"En esta p\u00e1gina encontrar\u00e1s una peque\u00f1a descripci\u00f3n, m\u00e1genes e informaci\u00f3n relevante para que te hagas una idea de c\u00f3mo es rodar en Pabell\u00f3n de Cecilio Rodr\u00edguez","breadcrumb":{"@id":"https:\/\/spainfilmcommission.com\/en\/ai-locations\/pabellon-de-cecilio-rodriguez\/#breadcrumb"},"inLanguage":"en-US","potentialAction":[{"@type":"ReadAction","target":["https:\/\/spainfilmcommission.com\/en\/ai-locations\/pabellon-de-cecilio-rodriguez\/"]}]},{"@type":"BreadcrumbList","@id":"https:\/\/spainfilmcommission.com\/en\/ai-locations\/pabellon-de-cecilio-rodriguez\/#breadcrumb","itemListElement":[{"@type":"ListItem","position":1,"name":"Portada","item":"https:\/\/spainfilmcommission.com\/en\/"},{"@type":"ListItem","position":2,"name":"Pabell\u00f3n de Cecilio Rodr\u00edguez"}]},{"@type":"WebSite","@id":"https:\/\/spainfilmcommission.com\/en\/#website","url":"https:\/\/spainfilmcommission.com\/en\/","name":"Spain Film Commission","description":"","publisher":{"@id":"https:\/\/spainfilmcommission.com\/en\/#organization"},"potentialAction":[{"@type":"SearchAction","target":{"@type":"EntryPoint","urlTemplate":"https:\/\/spainfilmcommission.com\/en\/?s={search_term_string}"},"query-input":{"@type":"PropertyValueSpecification","valueRequired":true,"valueName":"search_term_string"}}],"inLanguage":"en-US"},{"@type":"Organization","@id":"https:\/\/spainfilmcommission.com\/en\/#organization","name":"Spain Film Commission","url":"https:\/\/spainfilmcommission.com\/en\/","logo":{"@type":"ImageObject","inLanguage":"en-US","@id":"https:\/\/spainfilmcommission.com\/en\/#\/schema\/logo\/image\/","url":"https:\/\/spainfilmcommission.com\/wp-content\/uploads\/2024\/07\/SPC_COLOR.png","contentUrl":"https:\/\/spainfilmcommission.com\/wp-content\/uploads\/2024\/07\/SPC_COLOR.png","width":1665,"height":1665,"caption":"Spain Film Commission"},"image":{"@id":"https:\/\/spainfilmcommission.com\/en\/#\/schema\/logo\/image\/"}}]}},"socio":[{"ID":"33","user_login":"madrid-film-office","user_nicename":"madrid-film-office","display_name":"madrid-film-office","user_pass":"****************","user_email":"info@madridfilmoffice.com","user_url":"","user_registered":"2024-12-19 16:08:42","id":33}],"nombrees":"Pabell\u00f3n de Cecilio Rodr\u00edguez","nombreen":"Cecilio Rodr\u00edguez Pavilion","localidad":"Madrid","provincia":"Madrid","coordenadas_maps":"40.412631, -3.677045","latitud":"40.412631000000","longitud":"-3.677045000000","direcciones":"","direccionen":"","cod_postal":[],"telefono":"","fax":"","mail":"","web":"http:\/\/www.cityofmadridfilmoffice.com\/localizacion\/pabellon-de-cecilio-rodriguez\/","descripciones":"El Pabell\u00f3n de Cecilio Rodriguez es un moderno y sencillo edificio enmarcado en los Jardines de Cecilio Rodriguez del Parque del Buen Retiro. Un pabell\u00f3n acristalado que funciona como espacio para actos y eventos p\u00fablicos. Dispone de salas di\u00e1fanas de gran luminosidad que se pueden adaptar a diferentes usos. Desde la segunda planta se observa una vista panor\u00e1mica de la simetr\u00eda de los Jardines del mismo nombre. Unos jardines de estilo cl\u00e1sico y geom\u00e9trico que cuentan con estanques centrales rodeados de cipreses de formas perfectas.","descripcionen":"The Cecilio Rodr\u00edguez Pavilion is a simple, modern building located in the Cecilio Rodr\u00edguez Gardens, inside the El Retiro Park. A two-storey glass and red brick pavilion built over a floor of grey and white tiles. Its interior decoration is appropriate for public acts and events, due to the ample luminosity afforded by its large windows and open spaces that can be adapted for many different uses. A panoramic view of the symmetric Gardens of the same name can be appreciated from the second floor. Geometric gardens in a classical style, with central lakes surrounded by perfectly shaped cypress trees.","galeria":[{"ID":"23281","post_author":"2","post_date":"2025-03-08 03:34:20","post_date_gmt":"2025-03-08 02:34:20","post_content":"","post_title":"foto-939_7924","post_excerpt":"","post_status":"inherit","comment_status":"closed","ping_status":"closed","post_password":"","post_name":"foto-939_7924","to_ping":"","pinged":"","post_modified":"2025-04-22 08:18:09","post_modified_gmt":"2025-04-22 06:18:09","post_content_filtered":"","post_parent":"11966","guid":"https:\/\/spainfilmcommission.com\/wp-content\/uploads\/2025\/03\/foto-939_7924.jpg","menu_order":"0","post_type":"attachment","post_mime_type":"image\/jpeg","comment_count":"0","pod_item_id":"23281"},{"ID":"23283","post_author":"2","post_date":"2025-03-08 03:34:22","post_date_gmt":"2025-03-08 02:34:22","post_content":"","post_title":"foto-939_7925","post_excerpt":"","post_status":"inherit","comment_status":"closed","ping_status":"closed","post_password":"","post_name":"foto-939_7925","to_ping":"","pinged":"","post_modified":"2025-04-22 08:18:09","post_modified_gmt":"2025-04-22 06:18:09","post_content_filtered":"","post_parent":"11966","guid":"https:\/\/spainfilmcommission.com\/wp-content\/uploads\/2025\/03\/foto-939_7925.jpg","menu_order":"0","post_type":"attachment","post_mime_type":"image\/jpeg","comment_count":"0","pod_item_id":"23283"},{"ID":"23285","post_author":"2","post_date":"2025-03-08 03:34:24","post_date_gmt":"2025-03-08 02:34:24","post_content":"","post_title":"foto-939_7927","post_excerpt":"","post_status":"inherit","comment_status":"closed","ping_status":"closed","post_password":"","post_name":"foto-939_7927","to_ping":"","pinged":"","post_modified":"2025-04-22 08:18:09","post_modified_gmt":"2025-04-22 06:18:09","post_content_filtered":"","post_parent":"11966","guid":"https:\/\/spainfilmcommission.com\/wp-content\/uploads\/2025\/03\/foto-939_7927.jpg","menu_order":"0","post_type":"attachment","post_mime_type":"image\/jpeg","comment_count":"0","pod_item_id":"23285"},{"ID":"23287","post_author":"2","post_date":"2025-03-08 03:34:26","post_date_gmt":"2025-03-08 02:34:26","post_content":"","post_title":"foto-939_7928","post_excerpt":"","post_status":"inherit","comment_status":"closed","ping_status":"closed","post_password":"","post_name":"foto-939_7928","to_ping":"","pinged":"","post_modified":"2025-04-22 08:18:09","post_modified_gmt":"2025-04-22 06:18:09","post_content_filtered":"","post_parent":"11966","guid":"https:\/\/spainfilmcommission.com\/wp-content\/uploads\/2025\/03\/foto-939_7928.jpg","menu_order":"0","post_type":"attachment","post_mime_type":"image\/jpeg","comment_count":"0","pod_item_id":"23287"},{"ID":"23289","post_author":"2","post_date":"2025-03-08 03:34:28","post_date_gmt":"2025-03-08 02:34:28","post_content":"","post_title":"foto-939_7929","post_excerpt":"","post_status":"inherit","comment_status":"closed","ping_status":"closed","post_password":"","post_name":"foto-939_7929","to_ping":"","pinged":"","post_modified":"2025-04-22 08:18:09","post_modified_gmt":"2025-04-22 06:18:09","post_content_filtered":"","post_parent":"11966","guid":"https:\/\/spainfilmcommission.com\/wp-content\/uploads\/2025\/03\/foto-939_7929.jpg","menu_order":"0","post_type":"attachment","post_mime_type":"image\/jpeg","comment_count":"0","pod_item_id":"23289"},{"ID":"23291","post_author":"2","post_date":"2025-03-08 03:34:30","post_date_gmt":"2025-03-08 02:34:30","post_content":"","post_title":"foto-939_7930","post_excerpt":"","post_status":"inherit","comment_status":"closed","ping_status":"closed","post_password":"","post_name":"foto-939_7930","to_ping":"","pinged":"","post_modified":"2025-04-22 08:18:09","post_modified_gmt":"2025-04-22 06:18:09","post_content_filtered":"","post_parent":"11966","guid":"https:\/\/spainfilmcommission.com\/wp-content\/uploads\/2025\/03\/foto-939_7930.jpg","menu_order":"0","post_type":"attachment","post_mime_type":"image\/jpeg","comment_count":"0","pod_item_id":"23291"},{"ID":"23293","post_author":"2","post_date":"2025-03-08 03:34:32","post_date_gmt":"2025-03-08 02:34:32","post_content":"","post_title":"foto-939_7931","post_excerpt":"","post_status":"inherit","comment_status":"closed","ping_status":"closed","post_password":"","post_name":"foto-939_7931","to_ping":"","pinged":"","post_modified":"2025-04-22 08:18:09","post_modified_gmt":"2025-04-22 06:18:09","post_content_filtered":"","post_parent":"11966","guid":"https:\/\/spainfilmcommission.com\/wp-content\/uploads\/2025\/03\/foto-939_7931.jpg","menu_order":"0","post_type":"attachment","post_mime_type":"image\/jpeg","comment_count":"0","pod_item_id":"23293"},{"ID":"23295","post_author":"2","post_date":"2025-03-08 03:34:34","post_date_gmt":"2025-03-08 02:34:34","post_content":"","post_title":"foto-939_7932","post_excerpt":"","post_status":"inherit","comment_status":"closed","ping_status":"closed","post_password":"","post_name":"foto-939_7932","to_ping":"","pinged":"","post_modified":"2025-04-22 08:18:09","post_modified_gmt":"2025-04-22 06:18:09","post_content_filtered":"","post_parent":"11966","guid":"https:\/\/spainfilmcommission.com\/wp-content\/uploads\/2025\/03\/foto-939_7932.jpg","menu_order":"0","post_type":"attachment","post_mime_type":"image\/jpeg","comment_count":"0","pod_item_id":"23295"},{"ID":"23297","post_author":"2","post_date":"2025-03-08 03:34:36","post_date_gmt":"2025-03-08 02:34:36","post_content":"","post_title":"foto-939_7933","post_excerpt":"","post_status":"inherit","comment_status":"closed","ping_status":"closed","post_password":"","post_name":"foto-939_7933","to_ping":"","pinged":"","post_modified":"2025-04-22 08:18:09","post_modified_gmt":"2025-04-22 06:18:09","post_content_filtered":"","post_parent":"11966","guid":"https:\/\/spainfilmcommission.com\/wp-content\/uploads\/2025\/03\/foto-939_7933.jpg","menu_order":"0","post_type":"attachment","post_mime_type":"image\/jpeg","comment_count":"0","pod_item_id":"23297"},{"ID":"23299","post_author":"2","post_date":"2025-03-08 03:34:38","post_date_gmt":"2025-03-08 02:34:38","post_content":"","post_title":"foto-939_7934","post_excerpt":"","post_status":"inherit","comment_status":"closed","ping_status":"closed","post_password":"","post_name":"foto-939_7934","to_ping":"","pinged":"","post_modified":"2025-04-22 08:18:09","post_modified_gmt":"2025-04-22 06:18:09","post_content_filtered":"","post_parent":"11966","guid":"https:\/\/spainfilmcommission.com\/wp-content\/uploads\/2025\/03\/foto-939_7934.jpg","menu_order":"0","post_type":"attachment","post_mime_type":"image\/jpeg","comment_count":"0","pod_item_id":"23299"},{"ID":"23301","post_author":"2","post_date":"2025-03-08 03:34:40","post_date_gmt":"2025-03-08 02:34:40","post_content":"","post_title":"foto-939_7935","post_excerpt":"","post_status":"inherit","comment_status":"closed","ping_status":"closed","post_password":"","post_name":"foto-939_7935","to_ping":"","pinged":"","post_modified":"2025-04-22 08:18:09","post_modified_gmt":"2025-04-22 06:18:09","post_content_filtered":"","post_parent":"11966","guid":"https:\/\/spainfilmcommission.com\/wp-content\/uploads\/2025\/03\/foto-939_7935.jpg","menu_order":"0","post_type":"attachment","post_mime_type":"image\/jpeg","comment_count":"0","pod_item_id":"23301"},{"ID":"23303","post_author":"2","post_date":"2025-03-08 03:34:41","post_date_gmt":"2025-03-08 02:34:41","post_content":"","post_title":"foto-939_7936","post_excerpt":"","post_status":"inherit","comment_status":"closed","ping_status":"closed","post_password":"","post_name":"foto-939_7936","to_ping":"","pinged":"","post_modified":"2025-04-22 08:18:09","post_modified_gmt":"2025-04-22 06:18:09","post_content_filtered":"","post_parent":"11966","guid":"https:\/\/spainfilmcommission.com\/wp-content\/uploads\/2025\/03\/foto-939_7936.jpg","menu_order":"0","post_type":"attachment","post_mime_type":"image\/jpeg","comment_count":"0","pod_item_id":"23303"}],"nombrepaginaes":"pabellon-de-cecilio-rodriguez","nombrepaginaen":"cecilio-rodriguez-pavilion","latitud_gps":"","longitud_gps":"","adicionaleses":"","adicionalesen":"","videoes":"","videoen":"","video2es":"","video2en":"","_links":{"self":[{"href":"https:\/\/spainfilmcommission.com\/en\/wp-json\/wp\/v2\/localizaciones\/localizacion\/11966","targetHints":{"allow":["GET"]}}],"collection":[{"href":"https:\/\/spainfilmcommission.com\/en\/wp-json\/wp\/v2\/localizaciones\/localizacion"}],"about":[{"href":"https:\/\/spainfilmcommission.com\/en\/wp-json\/wp\/v2\/types\/localizacion"}],"author":[{"embeddable":true,"href":"https:\/\/spainfilmcommission.com\/en\/wp-json\/wp\/v2\/users\/2"}],"wp:attachment":[{"href":"https:\/\/spainfilmcommission.com\/en\/wp-json\/wp\/v2\/media?parent=11966"}],"curies":[{"name":"wp","href":"https:\/\/api.w.org\/{rel}","templated":true}]}}