{"id":11962,"date":"2025-02-27T19:49:16","date_gmt":"2025-02-27T18:49:16","guid":{"rendered":"https:\/\/spainfilmcommission.com\/?post_type=localizacion&#038;p=11962"},"modified":"2025-04-21T13:38:20","modified_gmt":"2025-04-21T11:38:20","slug":"calado","status":"publish","type":"localizacion","link":"https:\/\/spainfilmcommission.com\/en\/ai-locations\/calado\/","title":{"rendered":"CALADO"},"content":{"rendered":"","protected":false},"author":2,"template":"","meta":[],"class_list":["post-11962","localizacion","type-localizacion","status-publish","hentry"],"yoast_head":"<!-- This site is optimized with the Yoast SEO plugin v28.3 - https:\/\/yoast.com\/product\/yoast-seo-wordpress\/ -->\n<title>Rodar en CALADO - Spain Film Commission<\/title>\n<meta name=\"description\" content=\"En esta p\u00e1gina encontrar\u00e1s una peque\u00f1a descripci\u00f3n, m\u00e1genes e informaci\u00f3n relevante para que te hagas una idea de c\u00f3mo es rodar en CALADO\" \/>\n<meta name=\"robots\" content=\"index, follow, max-snippet:-1, max-image-preview:large, max-video-preview:-1\" \/>\n<link rel=\"canonical\" href=\"https:\/\/spainfilmcommission.com\/en\/ai-locations\/calado\/\" \/>\n<meta property=\"og:locale\" content=\"en_US\" \/>\n<meta property=\"og:type\" content=\"article\" \/>\n<meta property=\"og:title\" content=\"Rodar en CALADO - Spain Film Commission\" \/>\n<meta property=\"og:description\" content=\"En esta p\u00e1gina encontrar\u00e1s una peque\u00f1a descripci\u00f3n, m\u00e1genes e informaci\u00f3n relevante para que te hagas una idea de c\u00f3mo es rodar en CALADO\" \/>\n<meta property=\"og:url\" content=\"https:\/\/spainfilmcommission.com\/en\/ai-locations\/calado\/\" \/>\n<meta property=\"og:site_name\" content=\"Spain Film Commission\" \/>\n<meta property=\"article:modified_time\" content=\"2025-04-21T11:38:20+00:00\" \/>\n<meta name=\"twitter:card\" content=\"summary_large_image\" \/>\n<script type=\"application\/ld+json\" class=\"yoast-schema-graph\">{\"@context\":\"https:\\\/\\\/schema.org\",\"@graph\":[{\"@type\":\"WebPage\",\"@id\":\"https:\\\/\\\/spainfilmcommission.com\\\/en\\\/ai-locations\\\/calado\\\/\",\"url\":\"https:\\\/\\\/spainfilmcommission.com\\\/en\\\/ai-locations\\\/calado\\\/\",\"name\":\"Rodar en CALADO - Spain Film Commission\",\"isPartOf\":{\"@id\":\"https:\\\/\\\/spainfilmcommission.com\\\/en\\\/#website\"},\"datePublished\":\"2025-02-27T18:49:16+00:00\",\"dateModified\":\"2025-04-21T11:38:20+00:00\",\"description\":\"En esta p\u00e1gina encontrar\u00e1s una peque\u00f1a descripci\u00f3n, m\u00e1genes e informaci\u00f3n relevante para que te hagas una idea de c\u00f3mo es rodar en CALADO\",\"breadcrumb\":{\"@id\":\"https:\\\/\\\/spainfilmcommission.com\\\/en\\\/ai-locations\\\/calado\\\/#breadcrumb\"},\"inLanguage\":\"en-US\",\"potentialAction\":[{\"@type\":\"ReadAction\",\"target\":[\"https:\\\/\\\/spainfilmcommission.com\\\/en\\\/ai-locations\\\/calado\\\/\"]}]},{\"@type\":\"BreadcrumbList\",\"@id\":\"https:\\\/\\\/spainfilmcommission.com\\\/en\\\/ai-locations\\\/calado\\\/#breadcrumb\",\"itemListElement\":[{\"@type\":\"ListItem\",\"position\":1,\"name\":\"Portada\",\"item\":\"https:\\\/\\\/spainfilmcommission.com\\\/en\\\/\"},{\"@type\":\"ListItem\",\"position\":2,\"name\":\"CALADO\"}]},{\"@type\":\"WebSite\",\"@id\":\"https:\\\/\\\/spainfilmcommission.com\\\/en\\\/#website\",\"url\":\"https:\\\/\\\/spainfilmcommission.com\\\/en\\\/\",\"name\":\"Spain Film Commission\",\"description\":\"\",\"publisher\":{\"@id\":\"https:\\\/\\\/spainfilmcommission.com\\\/en\\\/#organization\"},\"potentialAction\":[{\"@type\":\"SearchAction\",\"target\":{\"@type\":\"EntryPoint\",\"urlTemplate\":\"https:\\\/\\\/spainfilmcommission.com\\\/en\\\/?s={search_term_string}\"},\"query-input\":{\"@type\":\"PropertyValueSpecification\",\"valueRequired\":true,\"valueName\":\"search_term_string\"}}],\"inLanguage\":\"en-US\"},{\"@type\":\"Organization\",\"@id\":\"https:\\\/\\\/spainfilmcommission.com\\\/en\\\/#organization\",\"name\":\"Spain Film Commission\",\"url\":\"https:\\\/\\\/spainfilmcommission.com\\\/en\\\/\",\"logo\":{\"@type\":\"ImageObject\",\"inLanguage\":\"en-US\",\"@id\":\"https:\\\/\\\/spainfilmcommission.com\\\/en\\\/#\\\/schema\\\/logo\\\/image\\\/\",\"url\":\"https:\\\/\\\/spainfilmcommission.com\\\/wp-content\\\/uploads\\\/2024\\\/07\\\/SPC_COLOR.png\",\"contentUrl\":\"https:\\\/\\\/spainfilmcommission.com\\\/wp-content\\\/uploads\\\/2024\\\/07\\\/SPC_COLOR.png\",\"width\":1665,\"height\":1665,\"caption\":\"Spain Film Commission\"},\"image\":{\"@id\":\"https:\\\/\\\/spainfilmcommission.com\\\/en\\\/#\\\/schema\\\/logo\\\/image\\\/\"}}]}<\/script>\n<!-- \/ Yoast SEO plugin. -->","yoast_head_json":{"title":"Rodar en CALADO - Spain Film Commission","description":"En esta p\u00e1gina encontrar\u00e1s una peque\u00f1a descripci\u00f3n, m\u00e1genes e informaci\u00f3n relevante para que te hagas una idea de c\u00f3mo es rodar en CALADO","robots":{"index":"index","follow":"follow","max-snippet":"max-snippet:-1","max-image-preview":"max-image-preview:large","max-video-preview":"max-video-preview:-1"},"canonical":"https:\/\/spainfilmcommission.com\/en\/ai-locations\/calado\/","og_locale":"en_US","og_type":"article","og_title":"Rodar en CALADO - Spain Film Commission","og_description":"En esta p\u00e1gina encontrar\u00e1s una peque\u00f1a descripci\u00f3n, m\u00e1genes e informaci\u00f3n relevante para que te hagas una idea de c\u00f3mo es rodar en CALADO","og_url":"https:\/\/spainfilmcommission.com\/en\/ai-locations\/calado\/","og_site_name":"Spain Film Commission","article_modified_time":"2025-04-21T11:38:20+00:00","twitter_card":"summary_large_image","schema":{"@context":"https:\/\/schema.org","@graph":[{"@type":"WebPage","@id":"https:\/\/spainfilmcommission.com\/en\/ai-locations\/calado\/","url":"https:\/\/spainfilmcommission.com\/en\/ai-locations\/calado\/","name":"Rodar en CALADO - Spain Film Commission","isPartOf":{"@id":"https:\/\/spainfilmcommission.com\/en\/#website"},"datePublished":"2025-02-27T18:49:16+00:00","dateModified":"2025-04-21T11:38:20+00:00","description":"En esta p\u00e1gina encontrar\u00e1s una peque\u00f1a descripci\u00f3n, m\u00e1genes e informaci\u00f3n relevante para que te hagas una idea de c\u00f3mo es rodar en CALADO","breadcrumb":{"@id":"https:\/\/spainfilmcommission.com\/en\/ai-locations\/calado\/#breadcrumb"},"inLanguage":"en-US","potentialAction":[{"@type":"ReadAction","target":["https:\/\/spainfilmcommission.com\/en\/ai-locations\/calado\/"]}]},{"@type":"BreadcrumbList","@id":"https:\/\/spainfilmcommission.com\/en\/ai-locations\/calado\/#breadcrumb","itemListElement":[{"@type":"ListItem","position":1,"name":"Portada","item":"https:\/\/spainfilmcommission.com\/en\/"},{"@type":"ListItem","position":2,"name":"CALADO"}]},{"@type":"WebSite","@id":"https:\/\/spainfilmcommission.com\/en\/#website","url":"https:\/\/spainfilmcommission.com\/en\/","name":"Spain Film Commission","description":"","publisher":{"@id":"https:\/\/spainfilmcommission.com\/en\/#organization"},"potentialAction":[{"@type":"SearchAction","target":{"@type":"EntryPoint","urlTemplate":"https:\/\/spainfilmcommission.com\/en\/?s={search_term_string}"},"query-input":{"@type":"PropertyValueSpecification","valueRequired":true,"valueName":"search_term_string"}}],"inLanguage":"en-US"},{"@type":"Organization","@id":"https:\/\/spainfilmcommission.com\/en\/#organization","name":"Spain Film Commission","url":"https:\/\/spainfilmcommission.com\/en\/","logo":{"@type":"ImageObject","inLanguage":"en-US","@id":"https:\/\/spainfilmcommission.com\/en\/#\/schema\/logo\/image\/","url":"https:\/\/spainfilmcommission.com\/wp-content\/uploads\/2024\/07\/SPC_COLOR.png","contentUrl":"https:\/\/spainfilmcommission.com\/wp-content\/uploads\/2024\/07\/SPC_COLOR.png","width":1665,"height":1665,"caption":"Spain Film Commission"},"image":{"@id":"https:\/\/spainfilmcommission.com\/en\/#\/schema\/logo\/image\/"}}]}},"socio":[{"ID":"47","user_login":"la-rioja-film-commission","user_nicename":"la-rioja-film-commission","display_name":"la-rioja-film-commission","user_pass":"****************","user_email":"lrfc@larioja.org","user_url":"","user_registered":"2024-12-19 18:08:15","id":47}],"nombrees":"CALADO","nombreen":"CALADO","localidad":"LOGRO\u00d1O","provincia":"La Rioja","coordenadas_maps":",","latitud":[],"longitud":[],"direcciones":"","direccionen":"","cod_postal":[],"telefono":"","fax":"","mail":"","web":"https:\/\/calado.es\/","descripciones":"Es la bodega m\u00e1s antigua de Logro\u00f1o con un impresionante calado del siglo XVI. Un espacio muy vers\u00e1til que te permite desarrollar cualquier tipode producci\u00f3n intimista. Cuenta con zona de cocina, ba\u00f1os y amplios espacios para crear distintos decorados. Aseguran independecia, tranquilidad en pleno centro de Logro\u00f1o.","descripcionen":"It is the oldest winery in Logro\u00f1o with an impressive cellar from the 16th century. A very versatile space that allows you to develop any type of intimate production. It has a kitchen area, bathrooms and large spaces to create different sets. They ensure independence, tranquility in the heart of Logro\u00f1o.","galeria":[{"ID":"23241","post_author":"2","post_date":"2025-03-08 03:33:37","post_date_gmt":"2025-03-08 02:33:37","post_content":"","post_title":"foto-935_7888","post_excerpt":"","post_status":"inherit","comment_status":"closed","ping_status":"closed","post_password":"","post_name":"foto-935_7888","to_ping":"","pinged":"","post_modified":"2025-04-21 13:38:20","post_modified_gmt":"2025-04-21 11:38:20","post_content_filtered":"","post_parent":"11962","guid":"https:\/\/spainfilmcommission.com\/wp-content\/uploads\/2025\/03\/foto-935_7888.jpg","menu_order":"0","post_type":"attachment","post_mime_type":"image\/jpeg","comment_count":"0","pod_item_id":"23241"},{"ID":"23243","post_author":"2","post_date":"2025-03-08 03:33:38","post_date_gmt":"2025-03-08 02:33:38","post_content":"","post_title":"foto-935_7889","post_excerpt":"","post_status":"inherit","comment_status":"closed","ping_status":"closed","post_password":"","post_name":"foto-935_7889","to_ping":"","pinged":"","post_modified":"2025-04-21 13:38:20","post_modified_gmt":"2025-04-21 11:38:20","post_content_filtered":"","post_parent":"11962","guid":"https:\/\/spainfilmcommission.com\/wp-content\/uploads\/2025\/03\/foto-935_7889.png","menu_order":"0","post_type":"attachment","post_mime_type":"image\/png","comment_count":"0","pod_item_id":"23243"},{"ID":"23245","post_author":"2","post_date":"2025-03-08 03:33:41","post_date_gmt":"2025-03-08 02:33:41","post_content":"","post_title":"foto-935_7890","post_excerpt":"","post_status":"inherit","comment_status":"closed","ping_status":"closed","post_password":"","post_name":"foto-935_7890","to_ping":"","pinged":"","post_modified":"2025-04-21 13:38:20","post_modified_gmt":"2025-04-21 11:38:20","post_content_filtered":"","post_parent":"11962","guid":"https:\/\/spainfilmcommission.com\/wp-content\/uploads\/2025\/03\/foto-935_7890.png","menu_order":"0","post_type":"attachment","post_mime_type":"image\/png","comment_count":"0","pod_item_id":"23245"},{"ID":"23247","post_author":"2","post_date":"2025-03-08 03:33:46","post_date_gmt":"2025-03-08 02:33:46","post_content":"","post_title":"foto-935_7891","post_excerpt":"","post_status":"inherit","comment_status":"closed","ping_status":"closed","post_password":"","post_name":"foto-935_7891","to_ping":"","pinged":"","post_modified":"2025-04-21 13:38:20","post_modified_gmt":"2025-04-21 11:38:20","post_content_filtered":"","post_parent":"11962","guid":"https:\/\/spainfilmcommission.com\/wp-content\/uploads\/2025\/03\/foto-935_7891.png","menu_order":"0","post_type":"attachment","post_mime_type":"image\/png","comment_count":"0","pod_item_id":"23247"}],"nombrepaginaes":"calado","nombrepaginaen":"calado","latitud_gps":"","longitud_gps":"","adicionaleses":"","adicionalesen":"","videoes":"","videoen":"","video2es":"","video2en":"","_links":{"self":[{"href":"https:\/\/spainfilmcommission.com\/en\/wp-json\/wp\/v2\/localizaciones\/localizacion\/11962","targetHints":{"allow":["GET"]}}],"collection":[{"href":"https:\/\/spainfilmcommission.com\/en\/wp-json\/wp\/v2\/localizaciones\/localizacion"}],"about":[{"href":"https:\/\/spainfilmcommission.com\/en\/wp-json\/wp\/v2\/types\/localizacion"}],"author":[{"embeddable":true,"href":"https:\/\/spainfilmcommission.com\/en\/wp-json\/wp\/v2\/users\/2"}],"wp:attachment":[{"href":"https:\/\/spainfilmcommission.com\/en\/wp-json\/wp\/v2\/media?parent=11962"}],"curies":[{"name":"wp","href":"https:\/\/api.w.org\/{rel}","templated":true}]}}