{"id":11950,"date":"2025-02-27T19:49:16","date_gmt":"2025-02-27T18:49:16","guid":{"rendered":"https:\/\/spainfilmcommission.com\/?post_type=localizacion&#038;p=11950"},"modified":"2025-04-21T13:51:50","modified_gmt":"2025-04-21T11:51:50","slug":"plaza-de-toros-de-valencia","status":"publish","type":"localizacion","link":"https:\/\/spainfilmcommission.com\/en\/ai-locations\/plaza-de-toros-de-valencia\/","title":{"rendered":"Plaza de Toros de Valencia"},"content":{"rendered":"","protected":false},"author":2,"template":"","meta":[],"class_list":["post-11950","localizacion","type-localizacion","status-publish","hentry"],"yoast_head":"<!-- This site is optimized with the Yoast SEO plugin v28.3 - https:\/\/yoast.com\/product\/yoast-seo-wordpress\/ -->\n<title>Rodar en Plaza de Toros de Valencia - Spain Film Commission<\/title>\n<meta name=\"description\" content=\"En esta p\u00e1gina encontrar\u00e1s una peque\u00f1a descripci\u00f3n, m\u00e1genes e informaci\u00f3n relevante para que te hagas una idea de c\u00f3mo es rodar en Plaza de Toros de Valencia\" \/>\n<meta name=\"robots\" content=\"index, follow, max-snippet:-1, max-image-preview:large, max-video-preview:-1\" \/>\n<link rel=\"canonical\" href=\"https:\/\/spainfilmcommission.com\/en\/ai-locations\/plaza-de-toros-de-valencia\/\" \/>\n<meta property=\"og:locale\" content=\"en_US\" \/>\n<meta property=\"og:type\" content=\"article\" \/>\n<meta property=\"og:title\" content=\"Rodar en Plaza de Toros de Valencia - Spain Film Commission\" \/>\n<meta property=\"og:description\" content=\"En esta p\u00e1gina encontrar\u00e1s una peque\u00f1a descripci\u00f3n, m\u00e1genes e informaci\u00f3n relevante para que te hagas una idea de c\u00f3mo es rodar en Plaza de Toros de Valencia\" \/>\n<meta property=\"og:url\" content=\"https:\/\/spainfilmcommission.com\/en\/ai-locations\/plaza-de-toros-de-valencia\/\" \/>\n<meta property=\"og:site_name\" content=\"Spain Film Commission\" \/>\n<meta property=\"article:modified_time\" content=\"2025-04-21T11:51:50+00:00\" \/>\n<meta name=\"twitter:card\" content=\"summary_large_image\" \/>\n<script type=\"application\/ld+json\" class=\"yoast-schema-graph\">{\"@context\":\"https:\\\/\\\/schema.org\",\"@graph\":[{\"@type\":\"WebPage\",\"@id\":\"https:\\\/\\\/spainfilmcommission.com\\\/en\\\/ai-locations\\\/plaza-de-toros-de-valencia\\\/\",\"url\":\"https:\\\/\\\/spainfilmcommission.com\\\/en\\\/ai-locations\\\/plaza-de-toros-de-valencia\\\/\",\"name\":\"Rodar en Plaza de Toros de Valencia - Spain Film Commission\",\"isPartOf\":{\"@id\":\"https:\\\/\\\/spainfilmcommission.com\\\/en\\\/#website\"},\"datePublished\":\"2025-02-27T18:49:16+00:00\",\"dateModified\":\"2025-04-21T11:51:50+00:00\",\"description\":\"En esta p\u00e1gina encontrar\u00e1s una peque\u00f1a descripci\u00f3n, m\u00e1genes e informaci\u00f3n relevante para que te hagas una idea de c\u00f3mo es rodar en Plaza de Toros de Valencia\",\"breadcrumb\":{\"@id\":\"https:\\\/\\\/spainfilmcommission.com\\\/en\\\/ai-locations\\\/plaza-de-toros-de-valencia\\\/#breadcrumb\"},\"inLanguage\":\"en-US\",\"potentialAction\":[{\"@type\":\"ReadAction\",\"target\":[\"https:\\\/\\\/spainfilmcommission.com\\\/en\\\/ai-locations\\\/plaza-de-toros-de-valencia\\\/\"]}]},{\"@type\":\"BreadcrumbList\",\"@id\":\"https:\\\/\\\/spainfilmcommission.com\\\/en\\\/ai-locations\\\/plaza-de-toros-de-valencia\\\/#breadcrumb\",\"itemListElement\":[{\"@type\":\"ListItem\",\"position\":1,\"name\":\"Portada\",\"item\":\"https:\\\/\\\/spainfilmcommission.com\\\/en\\\/\"},{\"@type\":\"ListItem\",\"position\":2,\"name\":\"Plaza de Toros de Valencia\"}]},{\"@type\":\"WebSite\",\"@id\":\"https:\\\/\\\/spainfilmcommission.com\\\/en\\\/#website\",\"url\":\"https:\\\/\\\/spainfilmcommission.com\\\/en\\\/\",\"name\":\"Spain Film Commission\",\"description\":\"\",\"publisher\":{\"@id\":\"https:\\\/\\\/spainfilmcommission.com\\\/en\\\/#organization\"},\"potentialAction\":[{\"@type\":\"SearchAction\",\"target\":{\"@type\":\"EntryPoint\",\"urlTemplate\":\"https:\\\/\\\/spainfilmcommission.com\\\/en\\\/?s={search_term_string}\"},\"query-input\":{\"@type\":\"PropertyValueSpecification\",\"valueRequired\":true,\"valueName\":\"search_term_string\"}}],\"inLanguage\":\"en-US\"},{\"@type\":\"Organization\",\"@id\":\"https:\\\/\\\/spainfilmcommission.com\\\/en\\\/#organization\",\"name\":\"Spain Film Commission\",\"url\":\"https:\\\/\\\/spainfilmcommission.com\\\/en\\\/\",\"logo\":{\"@type\":\"ImageObject\",\"inLanguage\":\"en-US\",\"@id\":\"https:\\\/\\\/spainfilmcommission.com\\\/en\\\/#\\\/schema\\\/logo\\\/image\\\/\",\"url\":\"https:\\\/\\\/spainfilmcommission.com\\\/wp-content\\\/uploads\\\/2024\\\/07\\\/SPC_COLOR.png\",\"contentUrl\":\"https:\\\/\\\/spainfilmcommission.com\\\/wp-content\\\/uploads\\\/2024\\\/07\\\/SPC_COLOR.png\",\"width\":1665,\"height\":1665,\"caption\":\"Spain Film Commission\"},\"image\":{\"@id\":\"https:\\\/\\\/spainfilmcommission.com\\\/en\\\/#\\\/schema\\\/logo\\\/image\\\/\"}}]}<\/script>\n<!-- \/ Yoast SEO plugin. -->","yoast_head_json":{"title":"Rodar en Plaza de Toros de Valencia - Spain Film Commission","description":"En esta p\u00e1gina encontrar\u00e1s una peque\u00f1a descripci\u00f3n, m\u00e1genes e informaci\u00f3n relevante para que te hagas una idea de c\u00f3mo es rodar en Plaza de Toros de Valencia","robots":{"index":"index","follow":"follow","max-snippet":"max-snippet:-1","max-image-preview":"max-image-preview:large","max-video-preview":"max-video-preview:-1"},"canonical":"https:\/\/spainfilmcommission.com\/en\/ai-locations\/plaza-de-toros-de-valencia\/","og_locale":"en_US","og_type":"article","og_title":"Rodar en Plaza de Toros de Valencia - Spain Film Commission","og_description":"En esta p\u00e1gina encontrar\u00e1s una peque\u00f1a descripci\u00f3n, m\u00e1genes e informaci\u00f3n relevante para que te hagas una idea de c\u00f3mo es rodar en Plaza de Toros de Valencia","og_url":"https:\/\/spainfilmcommission.com\/en\/ai-locations\/plaza-de-toros-de-valencia\/","og_site_name":"Spain Film Commission","article_modified_time":"2025-04-21T11:51:50+00:00","twitter_card":"summary_large_image","schema":{"@context":"https:\/\/schema.org","@graph":[{"@type":"WebPage","@id":"https:\/\/spainfilmcommission.com\/en\/ai-locations\/plaza-de-toros-de-valencia\/","url":"https:\/\/spainfilmcommission.com\/en\/ai-locations\/plaza-de-toros-de-valencia\/","name":"Rodar en Plaza de Toros de Valencia - Spain Film Commission","isPartOf":{"@id":"https:\/\/spainfilmcommission.com\/en\/#website"},"datePublished":"2025-02-27T18:49:16+00:00","dateModified":"2025-04-21T11:51:50+00:00","description":"En esta p\u00e1gina encontrar\u00e1s una peque\u00f1a descripci\u00f3n, m\u00e1genes e informaci\u00f3n relevante para que te hagas una idea de c\u00f3mo es rodar en Plaza de Toros de Valencia","breadcrumb":{"@id":"https:\/\/spainfilmcommission.com\/en\/ai-locations\/plaza-de-toros-de-valencia\/#breadcrumb"},"inLanguage":"en-US","potentialAction":[{"@type":"ReadAction","target":["https:\/\/spainfilmcommission.com\/en\/ai-locations\/plaza-de-toros-de-valencia\/"]}]},{"@type":"BreadcrumbList","@id":"https:\/\/spainfilmcommission.com\/en\/ai-locations\/plaza-de-toros-de-valencia\/#breadcrumb","itemListElement":[{"@type":"ListItem","position":1,"name":"Portada","item":"https:\/\/spainfilmcommission.com\/en\/"},{"@type":"ListItem","position":2,"name":"Plaza de Toros de Valencia"}]},{"@type":"WebSite","@id":"https:\/\/spainfilmcommission.com\/en\/#website","url":"https:\/\/spainfilmcommission.com\/en\/","name":"Spain Film Commission","description":"","publisher":{"@id":"https:\/\/spainfilmcommission.com\/en\/#organization"},"potentialAction":[{"@type":"SearchAction","target":{"@type":"EntryPoint","urlTemplate":"https:\/\/spainfilmcommission.com\/en\/?s={search_term_string}"},"query-input":{"@type":"PropertyValueSpecification","valueRequired":true,"valueName":"search_term_string"}}],"inLanguage":"en-US"},{"@type":"Organization","@id":"https:\/\/spainfilmcommission.com\/en\/#organization","name":"Spain Film Commission","url":"https:\/\/spainfilmcommission.com\/en\/","logo":{"@type":"ImageObject","inLanguage":"en-US","@id":"https:\/\/spainfilmcommission.com\/en\/#\/schema\/logo\/image\/","url":"https:\/\/spainfilmcommission.com\/wp-content\/uploads\/2024\/07\/SPC_COLOR.png","contentUrl":"https:\/\/spainfilmcommission.com\/wp-content\/uploads\/2024\/07\/SPC_COLOR.png","width":1665,"height":1665,"caption":"Spain Film Commission"},"image":{"@id":"https:\/\/spainfilmcommission.com\/en\/#\/schema\/logo\/image\/"}}]}},"socio":[{"ID":"19","user_login":"valencia-film-office","user_nicename":"valencia-film-office","display_name":"valencia-film-office","user_pass":"****************","user_email":"valenciafilmoffice@visitvalencia.com","user_url":"","user_registered":"2024-12-19 13:52:04","id":19}],"nombrees":"Plaza de Toros de Valencia","nombreen":"Bullring Valencia","localidad":"Valencia","provincia":"Valencia","coordenadas_maps":"39.466839, -0.376146","latitud":"39.466839000000","longitud":"-0.376146000000","direcciones":"","direccionen":"","cod_postal":[],"telefono":"","fax":"","mail":"","web":"http:\/\/www.simoncasasproduction.com\/","descripciones":"En este enclave y junto a la estaci\u00f3n del ferrocarril del Norte, encontramos este edificio neocl\u00e1sico, obra del arquitecto Sebasti\u00e1n Monle\u00f3n Estell\u00e9s, que se levant\u00f3 entre 1850 y 1860 sobre los solares de una plaza anterior que no lleg\u00f3 a concluirse. El edificio tiene una altura de 17,65 mts. de altura y 52 mts. de di\u00e1metro en el ruedo. Exteriormente, cuenta con cuatro plantas porticadas, con arcos de ladrillo, carpaneles en planta baja, de medio punto en las restantes y balaustradas de piedra. En el interior, presenta un tendido de 24 gradas y sobre \u00e9l, descansan dos galer\u00edas apoyadas sobre pilares de fundici\u00f3n. Las principales corridas tienen lugar durante las Fallas y la Feria de Julio.","descripcionen":"Located next to the North railway station the bullring is a neoclassic design by Sebasti\u00e1n Monle\u00f3n Estell\u00e9s, built between 1850 and 1860 on the site of an unfinished plaza. It is 17.65 metres high and the ring itself is 52 metres in diameter. There are four levels decorated with an array of differing brick arches and wooden balustrades. Inside there are 24 rows in the stands. The main events take place during las Fallas and the July Fair.","galeria":[{"ID":"23081","post_author":"2","post_date":"2025-03-08 03:31:01","post_date_gmt":"2025-03-08 02:31:01","post_content":"","post_title":"foto-923_7793","post_excerpt":"","post_status":"inherit","comment_status":"closed","ping_status":"closed","post_password":"","post_name":"foto-923_7793","to_ping":"","pinged":"","post_modified":"2025-04-21 13:51:30","post_modified_gmt":"2025-04-21 11:51:30","post_content_filtered":"","post_parent":"11950","guid":"https:\/\/spainfilmcommission.com\/wp-content\/uploads\/2025\/03\/foto-923_7793.jpg","menu_order":"0","post_type":"attachment","post_mime_type":"image\/jpeg","comment_count":"0","pod_item_id":"23081"},{"ID":"23083","post_author":"2","post_date":"2025-03-08 03:31:02","post_date_gmt":"2025-03-08 02:31:02","post_content":"","post_title":"foto-923_7794","post_excerpt":"","post_status":"inherit","comment_status":"closed","ping_status":"closed","post_password":"","post_name":"foto-923_7794","to_ping":"","pinged":"","post_modified":"2025-04-21 13:51:30","post_modified_gmt":"2025-04-21 11:51:30","post_content_filtered":"","post_parent":"11950","guid":"https:\/\/spainfilmcommission.com\/wp-content\/uploads\/2025\/03\/foto-923_7794.jpg","menu_order":"0","post_type":"attachment","post_mime_type":"image\/jpeg","comment_count":"0","pod_item_id":"23083"},{"ID":"23085","post_author":"2","post_date":"2025-03-08 03:31:04","post_date_gmt":"2025-03-08 02:31:04","post_content":"","post_title":"foto-923_7795","post_excerpt":"","post_status":"inherit","comment_status":"closed","ping_status":"closed","post_password":"","post_name":"foto-923_7795","to_ping":"","pinged":"","post_modified":"2025-04-21 13:51:30","post_modified_gmt":"2025-04-21 11:51:30","post_content_filtered":"","post_parent":"11950","guid":"https:\/\/spainfilmcommission.com\/wp-content\/uploads\/2025\/03\/foto-923_7795.jpg","menu_order":"0","post_type":"attachment","post_mime_type":"image\/jpeg","comment_count":"0","pod_item_id":"23085"},{"ID":"23087","post_author":"2","post_date":"2025-03-08 03:31:06","post_date_gmt":"2025-03-08 02:31:06","post_content":"","post_title":"foto-923_7796","post_excerpt":"","post_status":"inherit","comment_status":"closed","ping_status":"closed","post_password":"","post_name":"foto-923_7796","to_ping":"","pinged":"","post_modified":"2025-04-21 13:51:30","post_modified_gmt":"2025-04-21 11:51:30","post_content_filtered":"","post_parent":"11950","guid":"https:\/\/spainfilmcommission.com\/wp-content\/uploads\/2025\/03\/foto-923_7796.jpg","menu_order":"0","post_type":"attachment","post_mime_type":"image\/jpeg","comment_count":"0","pod_item_id":"23087"},{"ID":"23089","post_author":"2","post_date":"2025-03-08 03:31:08","post_date_gmt":"2025-03-08 02:31:08","post_content":"","post_title":"foto-923_7797","post_excerpt":"","post_status":"inherit","comment_status":"closed","ping_status":"closed","post_password":"","post_name":"foto-923_7797","to_ping":"","pinged":"","post_modified":"2025-04-21 13:51:30","post_modified_gmt":"2025-04-21 11:51:30","post_content_filtered":"","post_parent":"11950","guid":"https:\/\/spainfilmcommission.com\/wp-content\/uploads\/2025\/03\/foto-923_7797.jpg","menu_order":"0","post_type":"attachment","post_mime_type":"image\/jpeg","comment_count":"0","pod_item_id":"23089"},{"ID":"23091","post_author":"2","post_date":"2025-03-08 03:31:10","post_date_gmt":"2025-03-08 02:31:10","post_content":"","post_title":"foto-923_7798","post_excerpt":"","post_status":"inherit","comment_status":"closed","ping_status":"closed","post_password":"","post_name":"foto-923_7798","to_ping":"","pinged":"","post_modified":"2025-04-21 13:51:30","post_modified_gmt":"2025-04-21 11:51:30","post_content_filtered":"","post_parent":"11950","guid":"https:\/\/spainfilmcommission.com\/wp-content\/uploads\/2025\/03\/foto-923_7798.jpg","menu_order":"0","post_type":"attachment","post_mime_type":"image\/jpeg","comment_count":"0","pod_item_id":"23091"},{"ID":"23093","post_author":"2","post_date":"2025-03-08 03:31:11","post_date_gmt":"2025-03-08 02:31:11","post_content":"","post_title":"foto-923_7799","post_excerpt":"","post_status":"inherit","comment_status":"closed","ping_status":"closed","post_password":"","post_name":"foto-923_7799","to_ping":"","pinged":"","post_modified":"2025-04-21 13:51:30","post_modified_gmt":"2025-04-21 11:51:30","post_content_filtered":"","post_parent":"11950","guid":"https:\/\/spainfilmcommission.com\/wp-content\/uploads\/2025\/03\/foto-923_7799.jpg","menu_order":"0","post_type":"attachment","post_mime_type":"image\/jpeg","comment_count":"0","pod_item_id":"23093"},{"ID":"23095","post_author":"2","post_date":"2025-03-08 03:31:13","post_date_gmt":"2025-03-08 02:31:13","post_content":"","post_title":"foto-923_7800","post_excerpt":"","post_status":"inherit","comment_status":"closed","ping_status":"closed","post_password":"","post_name":"foto-923_7800","to_ping":"","pinged":"","post_modified":"2025-04-21 13:51:30","post_modified_gmt":"2025-04-21 11:51:30","post_content_filtered":"","post_parent":"11950","guid":"https:\/\/spainfilmcommission.com\/wp-content\/uploads\/2025\/03\/foto-923_7800.jpg","menu_order":"0","post_type":"attachment","post_mime_type":"image\/jpeg","comment_count":"0","pod_item_id":"23095"},{"ID":"23097","post_author":"2","post_date":"2025-03-08 03:31:15","post_date_gmt":"2025-03-08 02:31:15","post_content":"","post_title":"foto-923_7801","post_excerpt":"","post_status":"inherit","comment_status":"closed","ping_status":"closed","post_password":"","post_name":"foto-923_7801","to_ping":"","pinged":"","post_modified":"2025-04-21 13:51:30","post_modified_gmt":"2025-04-21 11:51:30","post_content_filtered":"","post_parent":"11950","guid":"https:\/\/spainfilmcommission.com\/wp-content\/uploads\/2025\/03\/foto-923_7801.jpg","menu_order":"0","post_type":"attachment","post_mime_type":"image\/jpeg","comment_count":"0","pod_item_id":"23097"}],"nombrepaginaes":"plaza-de-toros-de-valencia","nombrepaginaen":"bullring-valencia","latitud_gps":"","longitud_gps":"","adicionaleses":"","adicionalesen":"","videoes":"","videoen":"","video2es":"","video2en":"","_links":{"self":[{"href":"https:\/\/spainfilmcommission.com\/en\/wp-json\/wp\/v2\/localizaciones\/localizacion\/11950","targetHints":{"allow":["GET"]}}],"collection":[{"href":"https:\/\/spainfilmcommission.com\/en\/wp-json\/wp\/v2\/localizaciones\/localizacion"}],"about":[{"href":"https:\/\/spainfilmcommission.com\/en\/wp-json\/wp\/v2\/types\/localizacion"}],"author":[{"embeddable":true,"href":"https:\/\/spainfilmcommission.com\/en\/wp-json\/wp\/v2\/users\/2"}],"wp:attachment":[{"href":"https:\/\/spainfilmcommission.com\/en\/wp-json\/wp\/v2\/media?parent=11950"}],"curies":[{"name":"wp","href":"https:\/\/api.w.org\/{rel}","templated":true}]}}