{"id":11932,"date":"2025-02-27T19:49:16","date_gmt":"2025-02-27T18:49:16","guid":{"rendered":"https:\/\/spainfilmcommission.com\/?post_type=localizacion&#038;p=11932"},"modified":"2025-04-21T13:33:40","modified_gmt":"2025-04-21T11:33:40","slug":"valle-del-pecenescal-parque-natural-de-jandia","status":"publish","type":"localizacion","link":"https:\/\/spainfilmcommission.com\/en\/ai-locations\/valle-del-pecenescal-parque-natural-de-jandia\/","title":{"rendered":"VALLE DEL PECENESCAL PARQUE NATURAL DE JAND\u00cdA"},"content":{"rendered":"","protected":false},"author":2,"template":"","meta":[],"class_list":["post-11932","localizacion","type-localizacion","status-publish","hentry"],"yoast_head":"<!-- This site is optimized with the Yoast SEO plugin v28.3 - https:\/\/yoast.com\/product\/yoast-seo-wordpress\/ -->\n<title>Rodar en VALLE DEL PECENESCAL PARQUE NATURAL DE JAND\u00cdA - Spain Film Commission<\/title>\n<meta name=\"description\" content=\"En esta p\u00e1gina encontrar\u00e1s una peque\u00f1a descripci\u00f3n, m\u00e1genes e informaci\u00f3n relevante para que te hagas una idea de c\u00f3mo es rodar en VALLE DEL PECENESCAL PARQUE NATURAL DE JAND\u00cdA\" \/>\n<meta name=\"robots\" content=\"index, follow, max-snippet:-1, max-image-preview:large, max-video-preview:-1\" \/>\n<link rel=\"canonical\" href=\"https:\/\/spainfilmcommission.com\/en\/ai-locations\/valle-del-pecenescal-parque-natural-de-jandia\/\" \/>\n<meta property=\"og:locale\" content=\"en_US\" \/>\n<meta property=\"og:type\" content=\"article\" \/>\n<meta property=\"og:title\" content=\"Rodar en VALLE DEL PECENESCAL PARQUE NATURAL DE JAND\u00cdA - Spain Film Commission\" \/>\n<meta property=\"og:description\" content=\"En esta p\u00e1gina encontrar\u00e1s una peque\u00f1a descripci\u00f3n, m\u00e1genes e informaci\u00f3n relevante para que te hagas una idea de c\u00f3mo es rodar en VALLE DEL PECENESCAL PARQUE NATURAL DE JAND\u00cdA\" \/>\n<meta property=\"og:url\" content=\"https:\/\/spainfilmcommission.com\/en\/ai-locations\/valle-del-pecenescal-parque-natural-de-jandia\/\" \/>\n<meta property=\"og:site_name\" content=\"Spain Film Commission\" \/>\n<meta property=\"article:modified_time\" content=\"2025-04-21T11:33:40+00:00\" \/>\n<meta name=\"twitter:card\" content=\"summary_large_image\" \/>\n<script type=\"application\/ld+json\" class=\"yoast-schema-graph\">{\"@context\":\"https:\\\/\\\/schema.org\",\"@graph\":[{\"@type\":\"WebPage\",\"@id\":\"https:\\\/\\\/spainfilmcommission.com\\\/en\\\/ai-locations\\\/valle-del-pecenescal-parque-natural-de-jandia\\\/\",\"url\":\"https:\\\/\\\/spainfilmcommission.com\\\/en\\\/ai-locations\\\/valle-del-pecenescal-parque-natural-de-jandia\\\/\",\"name\":\"Rodar en VALLE DEL PECENESCAL PARQUE NATURAL DE JAND\u00cdA - Spain Film Commission\",\"isPartOf\":{\"@id\":\"https:\\\/\\\/spainfilmcommission.com\\\/en\\\/#website\"},\"datePublished\":\"2025-02-27T18:49:16+00:00\",\"dateModified\":\"2025-04-21T11:33:40+00:00\",\"description\":\"En esta p\u00e1gina encontrar\u00e1s una peque\u00f1a descripci\u00f3n, m\u00e1genes e informaci\u00f3n relevante para que te hagas una idea de c\u00f3mo es rodar en VALLE DEL PECENESCAL PARQUE NATURAL DE JAND\u00cdA\",\"breadcrumb\":{\"@id\":\"https:\\\/\\\/spainfilmcommission.com\\\/en\\\/ai-locations\\\/valle-del-pecenescal-parque-natural-de-jandia\\\/#breadcrumb\"},\"inLanguage\":\"en-US\",\"potentialAction\":[{\"@type\":\"ReadAction\",\"target\":[\"https:\\\/\\\/spainfilmcommission.com\\\/en\\\/ai-locations\\\/valle-del-pecenescal-parque-natural-de-jandia\\\/\"]}]},{\"@type\":\"BreadcrumbList\",\"@id\":\"https:\\\/\\\/spainfilmcommission.com\\\/en\\\/ai-locations\\\/valle-del-pecenescal-parque-natural-de-jandia\\\/#breadcrumb\",\"itemListElement\":[{\"@type\":\"ListItem\",\"position\":1,\"name\":\"Portada\",\"item\":\"https:\\\/\\\/spainfilmcommission.com\\\/en\\\/\"},{\"@type\":\"ListItem\",\"position\":2,\"name\":\"VALLE DEL PECENESCAL PARQUE NATURAL DE JAND\u00cdA\"}]},{\"@type\":\"WebSite\",\"@id\":\"https:\\\/\\\/spainfilmcommission.com\\\/en\\\/#website\",\"url\":\"https:\\\/\\\/spainfilmcommission.com\\\/en\\\/\",\"name\":\"Spain Film Commission\",\"description\":\"\",\"publisher\":{\"@id\":\"https:\\\/\\\/spainfilmcommission.com\\\/en\\\/#organization\"},\"potentialAction\":[{\"@type\":\"SearchAction\",\"target\":{\"@type\":\"EntryPoint\",\"urlTemplate\":\"https:\\\/\\\/spainfilmcommission.com\\\/en\\\/?s={search_term_string}\"},\"query-input\":{\"@type\":\"PropertyValueSpecification\",\"valueRequired\":true,\"valueName\":\"search_term_string\"}}],\"inLanguage\":\"en-US\"},{\"@type\":\"Organization\",\"@id\":\"https:\\\/\\\/spainfilmcommission.com\\\/en\\\/#organization\",\"name\":\"Spain Film Commission\",\"url\":\"https:\\\/\\\/spainfilmcommission.com\\\/en\\\/\",\"logo\":{\"@type\":\"ImageObject\",\"inLanguage\":\"en-US\",\"@id\":\"https:\\\/\\\/spainfilmcommission.com\\\/en\\\/#\\\/schema\\\/logo\\\/image\\\/\",\"url\":\"https:\\\/\\\/spainfilmcommission.com\\\/wp-content\\\/uploads\\\/2024\\\/07\\\/SPC_COLOR.png\",\"contentUrl\":\"https:\\\/\\\/spainfilmcommission.com\\\/wp-content\\\/uploads\\\/2024\\\/07\\\/SPC_COLOR.png\",\"width\":1665,\"height\":1665,\"caption\":\"Spain Film Commission\"},\"image\":{\"@id\":\"https:\\\/\\\/spainfilmcommission.com\\\/en\\\/#\\\/schema\\\/logo\\\/image\\\/\"}}]}<\/script>\n<!-- \/ Yoast SEO plugin. -->","yoast_head_json":{"title":"Rodar en VALLE DEL PECENESCAL PARQUE NATURAL DE JAND\u00cdA - Spain Film Commission","description":"En esta p\u00e1gina encontrar\u00e1s una peque\u00f1a descripci\u00f3n, m\u00e1genes e informaci\u00f3n relevante para que te hagas una idea de c\u00f3mo es rodar en VALLE DEL PECENESCAL PARQUE NATURAL DE JAND\u00cdA","robots":{"index":"index","follow":"follow","max-snippet":"max-snippet:-1","max-image-preview":"max-image-preview:large","max-video-preview":"max-video-preview:-1"},"canonical":"https:\/\/spainfilmcommission.com\/en\/ai-locations\/valle-del-pecenescal-parque-natural-de-jandia\/","og_locale":"en_US","og_type":"article","og_title":"Rodar en VALLE DEL PECENESCAL PARQUE NATURAL DE JAND\u00cdA - Spain Film Commission","og_description":"En esta p\u00e1gina encontrar\u00e1s una peque\u00f1a descripci\u00f3n, m\u00e1genes e informaci\u00f3n relevante para que te hagas una idea de c\u00f3mo es rodar en VALLE DEL PECENESCAL PARQUE NATURAL DE JAND\u00cdA","og_url":"https:\/\/spainfilmcommission.com\/en\/ai-locations\/valle-del-pecenescal-parque-natural-de-jandia\/","og_site_name":"Spain Film Commission","article_modified_time":"2025-04-21T11:33:40+00:00","twitter_card":"summary_large_image","schema":{"@context":"https:\/\/schema.org","@graph":[{"@type":"WebPage","@id":"https:\/\/spainfilmcommission.com\/en\/ai-locations\/valle-del-pecenescal-parque-natural-de-jandia\/","url":"https:\/\/spainfilmcommission.com\/en\/ai-locations\/valle-del-pecenescal-parque-natural-de-jandia\/","name":"Rodar en VALLE DEL PECENESCAL PARQUE NATURAL DE JAND\u00cdA - Spain Film Commission","isPartOf":{"@id":"https:\/\/spainfilmcommission.com\/en\/#website"},"datePublished":"2025-02-27T18:49:16+00:00","dateModified":"2025-04-21T11:33:40+00:00","description":"En esta p\u00e1gina encontrar\u00e1s una peque\u00f1a descripci\u00f3n, m\u00e1genes e informaci\u00f3n relevante para que te hagas una idea de c\u00f3mo es rodar en VALLE DEL PECENESCAL PARQUE NATURAL DE JAND\u00cdA","breadcrumb":{"@id":"https:\/\/spainfilmcommission.com\/en\/ai-locations\/valle-del-pecenescal-parque-natural-de-jandia\/#breadcrumb"},"inLanguage":"en-US","potentialAction":[{"@type":"ReadAction","target":["https:\/\/spainfilmcommission.com\/en\/ai-locations\/valle-del-pecenescal-parque-natural-de-jandia\/"]}]},{"@type":"BreadcrumbList","@id":"https:\/\/spainfilmcommission.com\/en\/ai-locations\/valle-del-pecenescal-parque-natural-de-jandia\/#breadcrumb","itemListElement":[{"@type":"ListItem","position":1,"name":"Portada","item":"https:\/\/spainfilmcommission.com\/en\/"},{"@type":"ListItem","position":2,"name":"VALLE DEL PECENESCAL PARQUE NATURAL DE JAND\u00cdA"}]},{"@type":"WebSite","@id":"https:\/\/spainfilmcommission.com\/en\/#website","url":"https:\/\/spainfilmcommission.com\/en\/","name":"Spain Film Commission","description":"","publisher":{"@id":"https:\/\/spainfilmcommission.com\/en\/#organization"},"potentialAction":[{"@type":"SearchAction","target":{"@type":"EntryPoint","urlTemplate":"https:\/\/spainfilmcommission.com\/en\/?s={search_term_string}"},"query-input":{"@type":"PropertyValueSpecification","valueRequired":true,"valueName":"search_term_string"}}],"inLanguage":"en-US"},{"@type":"Organization","@id":"https:\/\/spainfilmcommission.com\/en\/#organization","name":"Spain Film Commission","url":"https:\/\/spainfilmcommission.com\/en\/","logo":{"@type":"ImageObject","inLanguage":"en-US","@id":"https:\/\/spainfilmcommission.com\/en\/#\/schema\/logo\/image\/","url":"https:\/\/spainfilmcommission.com\/wp-content\/uploads\/2024\/07\/SPC_COLOR.png","contentUrl":"https:\/\/spainfilmcommission.com\/wp-content\/uploads\/2024\/07\/SPC_COLOR.png","width":1665,"height":1665,"caption":"Spain Film Commission"},"image":{"@id":"https:\/\/spainfilmcommission.com\/en\/#\/schema\/logo\/image\/"}}]}},"socio":[{"ID":"46","user_login":"canary-island-film","user_nicename":"canary-island-film","display_name":"canary-island-film","user_pass":"****************","user_email":"hello@canaryislandsfilm.com","user_url":"","user_registered":"2024-12-19 18:02:01","id":46}],"nombrees":"VALLE DEL PECENESCAL, PARQUE NATURAL DE JAND\u00cdA","nombreen":"PECENESCAL VALLEY, JANDIA NATURAL PARK","localidad":"FUERTEVENTURA","provincia":"Las Palmas","coordenadas_maps":",","latitud":[],"longitud":[],"direcciones":"","direccionen":"","cod_postal":[],"telefono":"","fax":"","mail":"","web":"http:\/\/www.canaryislandsfilm.com\/","descripciones":"El Valle del Pecenescal, en el Parque Natural de Jand\u00eda, con una extensi\u00f3n de casi 15.000 hect\u00e1reas, acoge la mayor\u00eda de la flora end\u00e9mica de la isla; especies catalogadas bajo el nivel de amenadas o protegidas. Lo m\u00e1s impresionante de la zona son sus paisajes v\u00edrgenes, como la majestuosa Playa del Cofete, la cual representa uno de los m\u00e1s valiosos ejemplos de la naturaleza de las Islas Canarias. Adem\u00e1s, es una Zona de Especial Protecci\u00f3n para las Aves.","descripcionen":"Nearly 15,000 hectares of surface area, which hold the majority of the island\u2019s endemic vegetation, species that are listed in catalogues under the level of threatened or protected. But the most unique things are its virgin landscapes, such as the majestic spectacularly beautiful Cofete Beach, which represents one of the most valuable and specific examples of Canary island nature. It is a Special Protection Area for Birds (ZEPA).","galeria":[{"ID":"22945","post_author":"2","post_date":"2025-03-08 03:28:39","post_date_gmt":"2025-03-08 02:28:39","post_content":"","post_title":"foto-904_7720","post_excerpt":"","post_status":"inherit","comment_status":"closed","ping_status":"closed","post_password":"","post_name":"foto-904_7720","to_ping":"","pinged":"","post_modified":"2025-04-21 13:33:40","post_modified_gmt":"2025-04-21 11:33:40","post_content_filtered":"","post_parent":"11932","guid":"https:\/\/spainfilmcommission.com\/wp-content\/uploads\/2025\/03\/foto-904_7720.jpg","menu_order":"0","post_type":"attachment","post_mime_type":"image\/jpeg","comment_count":"0","pod_item_id":"22945"},{"ID":"22947","post_author":"2","post_date":"2025-03-08 03:28:41","post_date_gmt":"2025-03-08 02:28:41","post_content":"","post_title":"foto-904_7726","post_excerpt":"","post_status":"inherit","comment_status":"closed","ping_status":"closed","post_password":"","post_name":"foto-904_7726","to_ping":"","pinged":"","post_modified":"2025-04-21 13:33:40","post_modified_gmt":"2025-04-21 11:33:40","post_content_filtered":"","post_parent":"11932","guid":"https:\/\/spainfilmcommission.com\/wp-content\/uploads\/2025\/03\/foto-904_7726.jpg","menu_order":"0","post_type":"attachment","post_mime_type":"image\/jpeg","comment_count":"0","pod_item_id":"22947"}],"nombrepaginaes":"valle-del-pecenescal-parque-natural-de-jandia","nombrepaginaen":"pecenescal-valley-jandia-natural-park","latitud_gps":"","longitud_gps":"","adicionaleses":"","adicionalesen":"","videoes":"","videoen":"","video2es":"","video2en":"","_links":{"self":[{"href":"https:\/\/spainfilmcommission.com\/en\/wp-json\/wp\/v2\/localizaciones\/localizacion\/11932","targetHints":{"allow":["GET"]}}],"collection":[{"href":"https:\/\/spainfilmcommission.com\/en\/wp-json\/wp\/v2\/localizaciones\/localizacion"}],"about":[{"href":"https:\/\/spainfilmcommission.com\/en\/wp-json\/wp\/v2\/types\/localizacion"}],"author":[{"embeddable":true,"href":"https:\/\/spainfilmcommission.com\/en\/wp-json\/wp\/v2\/users\/2"}],"wp:attachment":[{"href":"https:\/\/spainfilmcommission.com\/en\/wp-json\/wp\/v2\/media?parent=11932"}],"curies":[{"name":"wp","href":"https:\/\/api.w.org\/{rel}","templated":true}]}}