{"id":11929,"date":"2025-02-27T19:49:16","date_gmt":"2025-02-27T18:49:16","guid":{"rendered":"https:\/\/spainfilmcommission.com\/?post_type=localizacion&#038;p=11929"},"modified":"2025-04-21T14:47:12","modified_gmt":"2025-04-21T12:47:12","slug":"parques-y-jardines-de-malaga","status":"publish","type":"localizacion","link":"https:\/\/spainfilmcommission.com\/en\/ai-locations\/parques-y-jardines-de-malaga\/","title":{"rendered":"Parques y Jardines de M\u00e1laga"},"content":{"rendered":"","protected":false},"author":2,"template":"","meta":[],"class_list":["post-11929","localizacion","type-localizacion","status-publish","hentry"],"yoast_head":"<!-- This site is optimized with the Yoast SEO plugin v28.3 - https:\/\/yoast.com\/product\/yoast-seo-wordpress\/ -->\n<title>Rodar en Parques y Jardines de M\u00e1laga - Spain Film Commission<\/title>\n<meta name=\"description\" content=\"En esta p\u00e1gina encontrar\u00e1s una peque\u00f1a descripci\u00f3n, m\u00e1genes e informaci\u00f3n relevante para que te hagas una idea de c\u00f3mo es rodar en Parques y Jardines de M\u00e1laga\" \/>\n<meta name=\"robots\" content=\"index, follow, max-snippet:-1, max-image-preview:large, max-video-preview:-1\" \/>\n<link rel=\"canonical\" href=\"https:\/\/spainfilmcommission.com\/en\/ai-locations\/parques-y-jardines-de-malaga\/\" \/>\n<meta property=\"og:locale\" content=\"en_US\" \/>\n<meta property=\"og:type\" content=\"article\" \/>\n<meta property=\"og:title\" content=\"Rodar en Parques y Jardines de M\u00e1laga - Spain Film Commission\" \/>\n<meta property=\"og:description\" content=\"En esta p\u00e1gina encontrar\u00e1s una peque\u00f1a descripci\u00f3n, m\u00e1genes e informaci\u00f3n relevante para que te hagas una idea de c\u00f3mo es rodar en Parques y Jardines de M\u00e1laga\" \/>\n<meta property=\"og:url\" content=\"https:\/\/spainfilmcommission.com\/en\/ai-locations\/parques-y-jardines-de-malaga\/\" \/>\n<meta property=\"og:site_name\" content=\"Spain Film Commission\" \/>\n<meta property=\"article:modified_time\" content=\"2025-04-21T12:47:12+00:00\" \/>\n<meta name=\"twitter:card\" content=\"summary_large_image\" \/>\n<script type=\"application\/ld+json\" class=\"yoast-schema-graph\">{\"@context\":\"https:\\\/\\\/schema.org\",\"@graph\":[{\"@type\":\"WebPage\",\"@id\":\"https:\\\/\\\/spainfilmcommission.com\\\/en\\\/ai-locations\\\/parques-y-jardines-de-malaga\\\/\",\"url\":\"https:\\\/\\\/spainfilmcommission.com\\\/en\\\/ai-locations\\\/parques-y-jardines-de-malaga\\\/\",\"name\":\"Rodar en Parques y Jardines de M\u00e1laga - Spain Film Commission\",\"isPartOf\":{\"@id\":\"https:\\\/\\\/spainfilmcommission.com\\\/en\\\/#website\"},\"datePublished\":\"2025-02-27T18:49:16+00:00\",\"dateModified\":\"2025-04-21T12:47:12+00:00\",\"description\":\"En esta p\u00e1gina encontrar\u00e1s una peque\u00f1a descripci\u00f3n, m\u00e1genes e informaci\u00f3n relevante para que te hagas una idea de c\u00f3mo es rodar en Parques y Jardines de M\u00e1laga\",\"breadcrumb\":{\"@id\":\"https:\\\/\\\/spainfilmcommission.com\\\/en\\\/ai-locations\\\/parques-y-jardines-de-malaga\\\/#breadcrumb\"},\"inLanguage\":\"en-US\",\"potentialAction\":[{\"@type\":\"ReadAction\",\"target\":[\"https:\\\/\\\/spainfilmcommission.com\\\/en\\\/ai-locations\\\/parques-y-jardines-de-malaga\\\/\"]}]},{\"@type\":\"BreadcrumbList\",\"@id\":\"https:\\\/\\\/spainfilmcommission.com\\\/en\\\/ai-locations\\\/parques-y-jardines-de-malaga\\\/#breadcrumb\",\"itemListElement\":[{\"@type\":\"ListItem\",\"position\":1,\"name\":\"Portada\",\"item\":\"https:\\\/\\\/spainfilmcommission.com\\\/en\\\/\"},{\"@type\":\"ListItem\",\"position\":2,\"name\":\"Parques y Jardines de M\u00e1laga\"}]},{\"@type\":\"WebSite\",\"@id\":\"https:\\\/\\\/spainfilmcommission.com\\\/en\\\/#website\",\"url\":\"https:\\\/\\\/spainfilmcommission.com\\\/en\\\/\",\"name\":\"Spain Film Commission\",\"description\":\"\",\"publisher\":{\"@id\":\"https:\\\/\\\/spainfilmcommission.com\\\/en\\\/#organization\"},\"potentialAction\":[{\"@type\":\"SearchAction\",\"target\":{\"@type\":\"EntryPoint\",\"urlTemplate\":\"https:\\\/\\\/spainfilmcommission.com\\\/en\\\/?s={search_term_string}\"},\"query-input\":{\"@type\":\"PropertyValueSpecification\",\"valueRequired\":true,\"valueName\":\"search_term_string\"}}],\"inLanguage\":\"en-US\"},{\"@type\":\"Organization\",\"@id\":\"https:\\\/\\\/spainfilmcommission.com\\\/en\\\/#organization\",\"name\":\"Spain Film Commission\",\"url\":\"https:\\\/\\\/spainfilmcommission.com\\\/en\\\/\",\"logo\":{\"@type\":\"ImageObject\",\"inLanguage\":\"en-US\",\"@id\":\"https:\\\/\\\/spainfilmcommission.com\\\/en\\\/#\\\/schema\\\/logo\\\/image\\\/\",\"url\":\"https:\\\/\\\/spainfilmcommission.com\\\/wp-content\\\/uploads\\\/2024\\\/07\\\/SPC_COLOR.png\",\"contentUrl\":\"https:\\\/\\\/spainfilmcommission.com\\\/wp-content\\\/uploads\\\/2024\\\/07\\\/SPC_COLOR.png\",\"width\":1665,\"height\":1665,\"caption\":\"Spain Film Commission\"},\"image\":{\"@id\":\"https:\\\/\\\/spainfilmcommission.com\\\/en\\\/#\\\/schema\\\/logo\\\/image\\\/\"}}]}<\/script>\n<!-- \/ Yoast SEO plugin. -->","yoast_head_json":{"title":"Rodar en Parques y Jardines de M\u00e1laga - Spain Film Commission","description":"En esta p\u00e1gina encontrar\u00e1s una peque\u00f1a descripci\u00f3n, m\u00e1genes e informaci\u00f3n relevante para que te hagas una idea de c\u00f3mo es rodar en Parques y Jardines de M\u00e1laga","robots":{"index":"index","follow":"follow","max-snippet":"max-snippet:-1","max-image-preview":"max-image-preview:large","max-video-preview":"max-video-preview:-1"},"canonical":"https:\/\/spainfilmcommission.com\/en\/ai-locations\/parques-y-jardines-de-malaga\/","og_locale":"en_US","og_type":"article","og_title":"Rodar en Parques y Jardines de M\u00e1laga - Spain Film Commission","og_description":"En esta p\u00e1gina encontrar\u00e1s una peque\u00f1a descripci\u00f3n, m\u00e1genes e informaci\u00f3n relevante para que te hagas una idea de c\u00f3mo es rodar en Parques y Jardines de M\u00e1laga","og_url":"https:\/\/spainfilmcommission.com\/en\/ai-locations\/parques-y-jardines-de-malaga\/","og_site_name":"Spain Film Commission","article_modified_time":"2025-04-21T12:47:12+00:00","twitter_card":"summary_large_image","schema":{"@context":"https:\/\/schema.org","@graph":[{"@type":"WebPage","@id":"https:\/\/spainfilmcommission.com\/en\/ai-locations\/parques-y-jardines-de-malaga\/","url":"https:\/\/spainfilmcommission.com\/en\/ai-locations\/parques-y-jardines-de-malaga\/","name":"Rodar en Parques y Jardines de M\u00e1laga - Spain Film Commission","isPartOf":{"@id":"https:\/\/spainfilmcommission.com\/en\/#website"},"datePublished":"2025-02-27T18:49:16+00:00","dateModified":"2025-04-21T12:47:12+00:00","description":"En esta p\u00e1gina encontrar\u00e1s una peque\u00f1a descripci\u00f3n, m\u00e1genes e informaci\u00f3n relevante para que te hagas una idea de c\u00f3mo es rodar en Parques y Jardines de M\u00e1laga","breadcrumb":{"@id":"https:\/\/spainfilmcommission.com\/en\/ai-locations\/parques-y-jardines-de-malaga\/#breadcrumb"},"inLanguage":"en-US","potentialAction":[{"@type":"ReadAction","target":["https:\/\/spainfilmcommission.com\/en\/ai-locations\/parques-y-jardines-de-malaga\/"]}]},{"@type":"BreadcrumbList","@id":"https:\/\/spainfilmcommission.com\/en\/ai-locations\/parques-y-jardines-de-malaga\/#breadcrumb","itemListElement":[{"@type":"ListItem","position":1,"name":"Portada","item":"https:\/\/spainfilmcommission.com\/en\/"},{"@type":"ListItem","position":2,"name":"Parques y Jardines de M\u00e1laga"}]},{"@type":"WebSite","@id":"https:\/\/spainfilmcommission.com\/en\/#website","url":"https:\/\/spainfilmcommission.com\/en\/","name":"Spain Film Commission","description":"","publisher":{"@id":"https:\/\/spainfilmcommission.com\/en\/#organization"},"potentialAction":[{"@type":"SearchAction","target":{"@type":"EntryPoint","urlTemplate":"https:\/\/spainfilmcommission.com\/en\/?s={search_term_string}"},"query-input":{"@type":"PropertyValueSpecification","valueRequired":true,"valueName":"search_term_string"}}],"inLanguage":"en-US"},{"@type":"Organization","@id":"https:\/\/spainfilmcommission.com\/en\/#organization","name":"Spain Film Commission","url":"https:\/\/spainfilmcommission.com\/en\/","logo":{"@type":"ImageObject","inLanguage":"en-US","@id":"https:\/\/spainfilmcommission.com\/en\/#\/schema\/logo\/image\/","url":"https:\/\/spainfilmcommission.com\/wp-content\/uploads\/2024\/07\/SPC_COLOR.png","contentUrl":"https:\/\/spainfilmcommission.com\/wp-content\/uploads\/2024\/07\/SPC_COLOR.png","width":1665,"height":1665,"caption":"Spain Film Commission"},"image":{"@id":"https:\/\/spainfilmcommission.com\/en\/#\/schema\/logo\/image\/"}}]}},"socio":[{"ID":"24","user_login":"malaga-film-office","user_nicename":"malaga-film-office","display_name":"malaga-film-office","user_pass":"****************","user_email":"malagafilmoffice@malagaprocultura.com","user_url":"","user_registered":"2024-12-19 15:38:41","id":24}],"nombrees":"Parques y Jardines de M\u00e1laga","nombreen":"Parks & Gardens in Malaga","localidad":"M\u00e1laga","provincia":"M\u00e1laga","coordenadas_maps":"36.7182857, -4.4842863","latitud":"36.718285700000","longitud":"-4.484286300000","direcciones":"","direccionen":"","cod_postal":[],"telefono":"","fax":"","mail":"","web":"http:\/\/parquesyjardines.malaga.eu\/","descripciones":"En el casco urbano de la ciudad de M\u00e1laga existen diferentes zonas verdes. El m\u00e1s conocido es el Parque de M\u00e1laga, que se extiende a lo largo de un agradable paseo que va desde la Plaza del General Torrijos a la Plaza de la Marina. Fue proyectado a finales del siglo XIX y muestra, adem\u00e1s de diferentes monumentos, fuentes y el Auditorio Eduardo Oc\u00f3n, numerosas y diversas especies bot\u00e1nicas tropicales y subtropicales. Muy cerca del parque, en la avenida de Cervantes, a los pies de la Alcazaba, se encuentran los Jardines de Puerta Oscura, donde se pueden contemplar jacarandas, cipreses y otras especies bot\u00e1nicas. En la misma zona, junto al Ayuntamiento, est\u00e1n los Jardines de Pedro Lu\u00eds Alonso, t\u00edpico jard\u00edn p\u00fablico del siglo XIX. En la avenida de Andaluc\u00eda se halla otro de los pulmones verdes de la ciudad: los Jardines de Picasso, que fueron inaugurados en 1981 con motivo del centenario del genial artista malague\u00f1o. Entre sus ficus centenerios, plantas tropicales y jacarandas se pueden contemplar diversas esculturas modernas.","descripcionen":"Within the urban area of \u00e2\u20ac\u2039\u00e2\u20ac\u2039the city of M\u00e1laga there are different green areas. The best known is the Parque de M\u00e1laga, which extends along a pleasant walk that goes from the Plaza del General Torrijos to the Plaza de la Marina. It was projected at the end of the 19th century and boasts, in addition to different monuments, fountains and the Eduardo Oc\u00f3n Auditorium, numerous and diverse tropical and subtropical botanical species. Directly across from this park, on Cervantes Avenue and at the foot of the Alcazaba, are the Gardens of Puerta Oscura, where you can see jacarandas, cypresses and other botanical species. In the same area, next to the Town Hall, are the Gardens of Pedro Lu\u00eds Alonso, a typical 19th century public garden. Last but not least on the Avenue of Andalusia is another of the green lungs of the city: the Gardens of Picasso, which were inaugurated in 1981 as a centennial memory of the great artist from Malaga. Among its centenary ficus', tropical plants and jacarandas, various modern sculptures can also be found.","galeria":[{"ID":"22833","post_author":"2","post_date":"2025-03-08 03:26:50","post_date_gmt":"2025-03-08 02:26:50","post_content":"","post_title":"foto-901_7639","post_excerpt":"","post_status":"inherit","comment_status":"closed","ping_status":"closed","post_password":"","post_name":"foto-901_7639","to_ping":"","pinged":"","post_modified":"2025-04-21 14:47:12","post_modified_gmt":"2025-04-21 12:47:12","post_content_filtered":"","post_parent":"11929","guid":"https:\/\/spainfilmcommission.com\/wp-content\/uploads\/2025\/03\/foto-901_7639.jpg","menu_order":"0","post_type":"attachment","post_mime_type":"image\/jpeg","comment_count":"0","pod_item_id":"22833"},{"ID":"22835","post_author":"2","post_date":"2025-03-08 03:26:52","post_date_gmt":"2025-03-08 02:26:52","post_content":"","post_title":"foto-901_7640","post_excerpt":"","post_status":"inherit","comment_status":"closed","ping_status":"closed","post_password":"","post_name":"foto-901_7640","to_ping":"","pinged":"","post_modified":"2025-04-21 14:47:12","post_modified_gmt":"2025-04-21 12:47:12","post_content_filtered":"","post_parent":"11929","guid":"https:\/\/spainfilmcommission.com\/wp-content\/uploads\/2025\/03\/foto-901_7640.jpg","menu_order":"0","post_type":"attachment","post_mime_type":"image\/jpeg","comment_count":"0","pod_item_id":"22835"},{"ID":"22837","post_author":"2","post_date":"2025-03-08 03:26:54","post_date_gmt":"2025-03-08 02:26:54","post_content":"","post_title":"foto-901_7641","post_excerpt":"","post_status":"inherit","comment_status":"closed","ping_status":"closed","post_password":"","post_name":"foto-901_7641","to_ping":"","pinged":"","post_modified":"2025-04-21 14:47:12","post_modified_gmt":"2025-04-21 12:47:12","post_content_filtered":"","post_parent":"11929","guid":"https:\/\/spainfilmcommission.com\/wp-content\/uploads\/2025\/03\/foto-901_7641.jpg","menu_order":"0","post_type":"attachment","post_mime_type":"image\/jpeg","comment_count":"0","pod_item_id":"22837"},{"ID":"22839","post_author":"2","post_date":"2025-03-08 03:26:56","post_date_gmt":"2025-03-08 02:26:56","post_content":"","post_title":"foto-901_7642","post_excerpt":"","post_status":"inherit","comment_status":"closed","ping_status":"closed","post_password":"","post_name":"foto-901_7642","to_ping":"","pinged":"","post_modified":"2025-04-21 14:47:12","post_modified_gmt":"2025-04-21 12:47:12","post_content_filtered":"","post_parent":"11929","guid":"https:\/\/spainfilmcommission.com\/wp-content\/uploads\/2025\/03\/foto-901_7642.jpg","menu_order":"0","post_type":"attachment","post_mime_type":"image\/jpeg","comment_count":"0","pod_item_id":"22839"},{"ID":"22841","post_author":"2","post_date":"2025-03-08 03:26:57","post_date_gmt":"2025-03-08 02:26:57","post_content":"","post_title":"foto-901_7643","post_excerpt":"","post_status":"inherit","comment_status":"closed","ping_status":"closed","post_password":"","post_name":"foto-901_7643","to_ping":"","pinged":"","post_modified":"2025-04-21 14:47:12","post_modified_gmt":"2025-04-21 12:47:12","post_content_filtered":"","post_parent":"11929","guid":"https:\/\/spainfilmcommission.com\/wp-content\/uploads\/2025\/03\/foto-901_7643.jpg","menu_order":"0","post_type":"attachment","post_mime_type":"image\/jpeg","comment_count":"0","pod_item_id":"22841"},{"ID":"22843","post_author":"2","post_date":"2025-03-08 03:26:59","post_date_gmt":"2025-03-08 02:26:59","post_content":"","post_title":"foto-901_7644","post_excerpt":"","post_status":"inherit","comment_status":"closed","ping_status":"closed","post_password":"","post_name":"foto-901_7644","to_ping":"","pinged":"","post_modified":"2025-04-21 14:47:12","post_modified_gmt":"2025-04-21 12:47:12","post_content_filtered":"","post_parent":"11929","guid":"https:\/\/spainfilmcommission.com\/wp-content\/uploads\/2025\/03\/foto-901_7644.jpg","menu_order":"0","post_type":"attachment","post_mime_type":"image\/jpeg","comment_count":"0","pod_item_id":"22843"},{"ID":"22845","post_author":"2","post_date":"2025-03-08 03:27:03","post_date_gmt":"2025-03-08 02:27:03","post_content":"","post_title":"foto-901_7645","post_excerpt":"","post_status":"inherit","comment_status":"closed","ping_status":"closed","post_password":"","post_name":"foto-901_7645","to_ping":"","pinged":"","post_modified":"2025-04-21 14:47:12","post_modified_gmt":"2025-04-21 12:47:12","post_content_filtered":"","post_parent":"11929","guid":"https:\/\/spainfilmcommission.com\/wp-content\/uploads\/2025\/03\/foto-901_7645.jpg","menu_order":"0","post_type":"attachment","post_mime_type":"image\/jpeg","comment_count":"0","pod_item_id":"22845"},{"ID":"22847","post_author":"2","post_date":"2025-03-08 03:27:05","post_date_gmt":"2025-03-08 02:27:05","post_content":"","post_title":"foto-901_7646","post_excerpt":"","post_status":"inherit","comment_status":"closed","ping_status":"closed","post_password":"","post_name":"foto-901_7646","to_ping":"","pinged":"","post_modified":"2025-04-21 14:47:12","post_modified_gmt":"2025-04-21 12:47:12","post_content_filtered":"","post_parent":"11929","guid":"https:\/\/spainfilmcommission.com\/wp-content\/uploads\/2025\/03\/foto-901_7646.jpg","menu_order":"0","post_type":"attachment","post_mime_type":"image\/jpeg","comment_count":"0","pod_item_id":"22847"},{"ID":"22849","post_author":"2","post_date":"2025-03-08 03:27:07","post_date_gmt":"2025-03-08 02:27:07","post_content":"","post_title":"foto-901_7647","post_excerpt":"","post_status":"inherit","comment_status":"closed","ping_status":"closed","post_password":"","post_name":"foto-901_7647","to_ping":"","pinged":"","post_modified":"2025-04-21 14:47:12","post_modified_gmt":"2025-04-21 12:47:12","post_content_filtered":"","post_parent":"11929","guid":"https:\/\/spainfilmcommission.com\/wp-content\/uploads\/2025\/03\/foto-901_7647.jpg","menu_order":"0","post_type":"attachment","post_mime_type":"image\/jpeg","comment_count":"0","pod_item_id":"22849"},{"ID":"22851","post_author":"2","post_date":"2025-03-08 03:27:09","post_date_gmt":"2025-03-08 02:27:09","post_content":"","post_title":"foto-901_7648","post_excerpt":"","post_status":"inherit","comment_status":"closed","ping_status":"closed","post_password":"","post_name":"foto-901_7648","to_ping":"","pinged":"","post_modified":"2025-04-21 14:47:12","post_modified_gmt":"2025-04-21 12:47:12","post_content_filtered":"","post_parent":"11929","guid":"https:\/\/spainfilmcommission.com\/wp-content\/uploads\/2025\/03\/foto-901_7648.jpg","menu_order":"0","post_type":"attachment","post_mime_type":"image\/jpeg","comment_count":"0","pod_item_id":"22851"},{"ID":"22853","post_author":"2","post_date":"2025-03-08 03:27:10","post_date_gmt":"2025-03-08 02:27:10","post_content":"","post_title":"foto-901_7649","post_excerpt":"","post_status":"inherit","comment_status":"closed","ping_status":"closed","post_password":"","post_name":"foto-901_7649","to_ping":"","pinged":"","post_modified":"2025-04-21 14:47:12","post_modified_gmt":"2025-04-21 12:47:12","post_content_filtered":"","post_parent":"11929","guid":"https:\/\/spainfilmcommission.com\/wp-content\/uploads\/2025\/03\/foto-901_7649.jpg","menu_order":"0","post_type":"attachment","post_mime_type":"image\/jpeg","comment_count":"0","pod_item_id":"22853"},{"ID":"22855","post_author":"2","post_date":"2025-03-08 03:27:12","post_date_gmt":"2025-03-08 02:27:12","post_content":"","post_title":"foto-901_7650","post_excerpt":"","post_status":"inherit","comment_status":"closed","ping_status":"closed","post_password":"","post_name":"foto-901_7650","to_ping":"","pinged":"","post_modified":"2025-04-21 14:47:12","post_modified_gmt":"2025-04-21 12:47:12","post_content_filtered":"","post_parent":"11929","guid":"https:\/\/spainfilmcommission.com\/wp-content\/uploads\/2025\/03\/foto-901_7650.jpg","menu_order":"0","post_type":"attachment","post_mime_type":"image\/jpeg","comment_count":"0","pod_item_id":"22855"},{"ID":"22857","post_author":"2","post_date":"2025-03-08 03:27:14","post_date_gmt":"2025-03-08 02:27:14","post_content":"","post_title":"foto-901_7651","post_excerpt":"","post_status":"inherit","comment_status":"closed","ping_status":"closed","post_password":"","post_name":"foto-901_7651","to_ping":"","pinged":"","post_modified":"2025-04-21 14:47:12","post_modified_gmt":"2025-04-21 12:47:12","post_content_filtered":"","post_parent":"11929","guid":"https:\/\/spainfilmcommission.com\/wp-content\/uploads\/2025\/03\/foto-901_7651.jpg","menu_order":"0","post_type":"attachment","post_mime_type":"image\/jpeg","comment_count":"0","pod_item_id":"22857"},{"ID":"22859","post_author":"2","post_date":"2025-03-08 03:27:16","post_date_gmt":"2025-03-08 02:27:16","post_content":"","post_title":"foto-901_7652","post_excerpt":"","post_status":"inherit","comment_status":"closed","ping_status":"closed","post_password":"","post_name":"foto-901_7652","to_ping":"","pinged":"","post_modified":"2025-04-21 14:47:12","post_modified_gmt":"2025-04-21 12:47:12","post_content_filtered":"","post_parent":"11929","guid":"https:\/\/spainfilmcommission.com\/wp-content\/uploads\/2025\/03\/foto-901_7652.jpg","menu_order":"0","post_type":"attachment","post_mime_type":"image\/jpeg","comment_count":"0","pod_item_id":"22859"},{"ID":"22861","post_author":"2","post_date":"2025-03-08 03:27:18","post_date_gmt":"2025-03-08 02:27:18","post_content":"","post_title":"foto-901_7653","post_excerpt":"","post_status":"inherit","comment_status":"closed","ping_status":"closed","post_password":"","post_name":"foto-901_7653","to_ping":"","pinged":"","post_modified":"2025-04-21 14:47:12","post_modified_gmt":"2025-04-21 12:47:12","post_content_filtered":"","post_parent":"11929","guid":"https:\/\/spainfilmcommission.com\/wp-content\/uploads\/2025\/03\/foto-901_7653.jpg","menu_order":"0","post_type":"attachment","post_mime_type":"image\/jpeg","comment_count":"0","pod_item_id":"22861"},{"ID":"22863","post_author":"2","post_date":"2025-03-08 03:27:19","post_date_gmt":"2025-03-08 02:27:19","post_content":"","post_title":"foto-901_7654","post_excerpt":"","post_status":"inherit","comment_status":"closed","ping_status":"closed","post_password":"","post_name":"foto-901_7654","to_ping":"","pinged":"","post_modified":"2025-04-21 14:47:12","post_modified_gmt":"2025-04-21 12:47:12","post_content_filtered":"","post_parent":"11929","guid":"https:\/\/spainfilmcommission.com\/wp-content\/uploads\/2025\/03\/foto-901_7654.jpg","menu_order":"0","post_type":"attachment","post_mime_type":"image\/jpeg","comment_count":"0","pod_item_id":"22863"},{"ID":"22865","post_author":"2","post_date":"2025-03-08 03:27:21","post_date_gmt":"2025-03-08 02:27:21","post_content":"","post_title":"foto-901_7655","post_excerpt":"","post_status":"inherit","comment_status":"closed","ping_status":"closed","post_password":"","post_name":"foto-901_7655","to_ping":"","pinged":"","post_modified":"2025-04-21 14:47:12","post_modified_gmt":"2025-04-21 12:47:12","post_content_filtered":"","post_parent":"11929","guid":"https:\/\/spainfilmcommission.com\/wp-content\/uploads\/2025\/03\/foto-901_7655.jpg","menu_order":"0","post_type":"attachment","post_mime_type":"image\/jpeg","comment_count":"0","pod_item_id":"22865"},{"ID":"22867","post_author":"2","post_date":"2025-03-08 03:27:24","post_date_gmt":"2025-03-08 02:27:24","post_content":"","post_title":"foto-901_7656","post_excerpt":"","post_status":"inherit","comment_status":"closed","ping_status":"closed","post_password":"","post_name":"foto-901_7656","to_ping":"","pinged":"","post_modified":"2025-04-21 14:47:12","post_modified_gmt":"2025-04-21 12:47:12","post_content_filtered":"","post_parent":"11929","guid":"https:\/\/spainfilmcommission.com\/wp-content\/uploads\/2025\/03\/foto-901_7656.jpg","menu_order":"0","post_type":"attachment","post_mime_type":"image\/jpeg","comment_count":"0","pod_item_id":"22867"},{"ID":"22869","post_author":"2","post_date":"2025-03-08 03:27:26","post_date_gmt":"2025-03-08 02:27:26","post_content":"","post_title":"foto-901_7657","post_excerpt":"","post_status":"inherit","comment_status":"closed","ping_status":"closed","post_password":"","post_name":"foto-901_7657","to_ping":"","pinged":"","post_modified":"2025-04-21 14:47:12","post_modified_gmt":"2025-04-21 12:47:12","post_content_filtered":"","post_parent":"11929","guid":"https:\/\/spainfilmcommission.com\/wp-content\/uploads\/2025\/03\/foto-901_7657.jpg","menu_order":"0","post_type":"attachment","post_mime_type":"image\/jpeg","comment_count":"0","pod_item_id":"22869"},{"ID":"22871","post_author":"2","post_date":"2025-03-08 03:27:28","post_date_gmt":"2025-03-08 02:27:28","post_content":"","post_title":"foto-901_7658","post_excerpt":"","post_status":"inherit","comment_status":"closed","ping_status":"closed","post_password":"","post_name":"foto-901_7658","to_ping":"","pinged":"","post_modified":"2025-04-21 14:47:12","post_modified_gmt":"2025-04-21 12:47:12","post_content_filtered":"","post_parent":"11929","guid":"https:\/\/spainfilmcommission.com\/wp-content\/uploads\/2025\/03\/foto-901_7658.jpg","menu_order":"0","post_type":"attachment","post_mime_type":"image\/jpeg","comment_count":"0","pod_item_id":"22871"},{"ID":"22873","post_author":"2","post_date":"2025-03-08 03:27:30","post_date_gmt":"2025-03-08 02:27:30","post_content":"","post_title":"foto-901_7659","post_excerpt":"","post_status":"inherit","comment_status":"closed","ping_status":"closed","post_password":"","post_name":"foto-901_7659","to_ping":"","pinged":"","post_modified":"2025-04-21 14:47:12","post_modified_gmt":"2025-04-21 12:47:12","post_content_filtered":"","post_parent":"11929","guid":"https:\/\/spainfilmcommission.com\/wp-content\/uploads\/2025\/03\/foto-901_7659.jpg","menu_order":"0","post_type":"attachment","post_mime_type":"image\/jpeg","comment_count":"0","pod_item_id":"22873"},{"ID":"22875","post_author":"2","post_date":"2025-03-08 03:27:32","post_date_gmt":"2025-03-08 02:27:32","post_content":"","post_title":"foto-901_7660","post_excerpt":"","post_status":"inherit","comment_status":"closed","ping_status":"closed","post_password":"","post_name":"foto-901_7660","to_ping":"","pinged":"","post_modified":"2025-04-21 14:47:12","post_modified_gmt":"2025-04-21 12:47:12","post_content_filtered":"","post_parent":"11929","guid":"https:\/\/spainfilmcommission.com\/wp-content\/uploads\/2025\/03\/foto-901_7660.jpg","menu_order":"0","post_type":"attachment","post_mime_type":"image\/jpeg","comment_count":"0","pod_item_id":"22875"},{"ID":"22877","post_author":"2","post_date":"2025-03-08 03:27:33","post_date_gmt":"2025-03-08 02:27:33","post_content":"","post_title":"foto-901_7661","post_excerpt":"","post_status":"inherit","comment_status":"closed","ping_status":"closed","post_password":"","post_name":"foto-901_7661","to_ping":"","pinged":"","post_modified":"2025-04-21 14:47:12","post_modified_gmt":"2025-04-21 12:47:12","post_content_filtered":"","post_parent":"11929","guid":"https:\/\/spainfilmcommission.com\/wp-content\/uploads\/2025\/03\/foto-901_7661.jpg","menu_order":"0","post_type":"attachment","post_mime_type":"image\/jpeg","comment_count":"0","pod_item_id":"22877"},{"ID":"22879","post_author":"2","post_date":"2025-03-08 03:27:35","post_date_gmt":"2025-03-08 02:27:35","post_content":"","post_title":"foto-901_7662","post_excerpt":"","post_status":"inherit","comment_status":"closed","ping_status":"closed","post_password":"","post_name":"foto-901_7662","to_ping":"","pinged":"","post_modified":"2025-04-21 14:47:12","post_modified_gmt":"2025-04-21 12:47:12","post_content_filtered":"","post_parent":"11929","guid":"https:\/\/spainfilmcommission.com\/wp-content\/uploads\/2025\/03\/foto-901_7662.jpg","menu_order":"0","post_type":"attachment","post_mime_type":"image\/jpeg","comment_count":"0","pod_item_id":"22879"},{"ID":"22881","post_author":"2","post_date":"2025-03-08 03:27:38","post_date_gmt":"2025-03-08 02:27:38","post_content":"","post_title":"foto-901_7663","post_excerpt":"","post_status":"inherit","comment_status":"closed","ping_status":"closed","post_password":"","post_name":"foto-901_7663","to_ping":"","pinged":"","post_modified":"2025-04-21 14:47:12","post_modified_gmt":"2025-04-21 12:47:12","post_content_filtered":"","post_parent":"11929","guid":"https:\/\/spainfilmcommission.com\/wp-content\/uploads\/2025\/03\/foto-901_7663.jpg","menu_order":"0","post_type":"attachment","post_mime_type":"image\/jpeg","comment_count":"0","pod_item_id":"22881"},{"ID":"22883","post_author":"2","post_date":"2025-03-08 03:27:40","post_date_gmt":"2025-03-08 02:27:40","post_content":"","post_title":"foto-901_7664","post_excerpt":"","post_status":"inherit","comment_status":"closed","ping_status":"closed","post_password":"","post_name":"foto-901_7664","to_ping":"","pinged":"","post_modified":"2025-04-21 14:47:12","post_modified_gmt":"2025-04-21 12:47:12","post_content_filtered":"","post_parent":"11929","guid":"https:\/\/spainfilmcommission.com\/wp-content\/uploads\/2025\/03\/foto-901_7664.jpg","menu_order":"0","post_type":"attachment","post_mime_type":"image\/jpeg","comment_count":"0","pod_item_id":"22883"},{"ID":"22885","post_author":"2","post_date":"2025-03-08 03:27:41","post_date_gmt":"2025-03-08 02:27:41","post_content":"","post_title":"foto-901_7665","post_excerpt":"","post_status":"inherit","comment_status":"closed","ping_status":"closed","post_password":"","post_name":"foto-901_7665","to_ping":"","pinged":"","post_modified":"2025-04-21 14:47:12","post_modified_gmt":"2025-04-21 12:47:12","post_content_filtered":"","post_parent":"11929","guid":"https:\/\/spainfilmcommission.com\/wp-content\/uploads\/2025\/03\/foto-901_7665.jpg","menu_order":"0","post_type":"attachment","post_mime_type":"image\/jpeg","comment_count":"0","pod_item_id":"22885"},{"ID":"22887","post_author":"2","post_date":"2025-03-08 03:27:43","post_date_gmt":"2025-03-08 02:27:43","post_content":"","post_title":"foto-901_7666","post_excerpt":"","post_status":"inherit","comment_status":"closed","ping_status":"closed","post_password":"","post_name":"foto-901_7666","to_ping":"","pinged":"","post_modified":"2025-04-21 14:47:12","post_modified_gmt":"2025-04-21 12:47:12","post_content_filtered":"","post_parent":"11929","guid":"https:\/\/spainfilmcommission.com\/wp-content\/uploads\/2025\/03\/foto-901_7666.jpg","menu_order":"0","post_type":"attachment","post_mime_type":"image\/jpeg","comment_count":"0","pod_item_id":"22887"},{"ID":"22889","post_author":"2","post_date":"2025-03-08 03:27:45","post_date_gmt":"2025-03-08 02:27:45","post_content":"","post_title":"foto-901_7667","post_excerpt":"","post_status":"inherit","comment_status":"closed","ping_status":"closed","post_password":"","post_name":"foto-901_7667","to_ping":"","pinged":"","post_modified":"2025-04-21 14:47:12","post_modified_gmt":"2025-04-21 12:47:12","post_content_filtered":"","post_parent":"11929","guid":"https:\/\/spainfilmcommission.com\/wp-content\/uploads\/2025\/03\/foto-901_7667.jpg","menu_order":"0","post_type":"attachment","post_mime_type":"image\/jpeg","comment_count":"0","pod_item_id":"22889"},{"ID":"22891","post_author":"2","post_date":"2025-03-08 03:27:47","post_date_gmt":"2025-03-08 02:27:47","post_content":"","post_title":"foto-901_7668","post_excerpt":"","post_status":"inherit","comment_status":"closed","ping_status":"closed","post_password":"","post_name":"foto-901_7668","to_ping":"","pinged":"","post_modified":"2025-04-21 14:47:12","post_modified_gmt":"2025-04-21 12:47:12","post_content_filtered":"","post_parent":"11929","guid":"https:\/\/spainfilmcommission.com\/wp-content\/uploads\/2025\/03\/foto-901_7668.jpg","menu_order":"0","post_type":"attachment","post_mime_type":"image\/jpeg","comment_count":"0","pod_item_id":"22891"},{"ID":"22893","post_author":"2","post_date":"2025-03-08 03:27:49","post_date_gmt":"2025-03-08 02:27:49","post_content":"","post_title":"foto-901_7669","post_excerpt":"","post_status":"inherit","comment_status":"closed","ping_status":"closed","post_password":"","post_name":"foto-901_7669","to_ping":"","pinged":"","post_modified":"2025-04-21 14:47:12","post_modified_gmt":"2025-04-21 12:47:12","post_content_filtered":"","post_parent":"11929","guid":"https:\/\/spainfilmcommission.com\/wp-content\/uploads\/2025\/03\/foto-901_7669.jpg","menu_order":"0","post_type":"attachment","post_mime_type":"image\/jpeg","comment_count":"0","pod_item_id":"22893"},{"ID":"22895","post_author":"2","post_date":"2025-03-08 03:27:51","post_date_gmt":"2025-03-08 02:27:51","post_content":"","post_title":"foto-901_7670","post_excerpt":"","post_status":"inherit","comment_status":"closed","ping_status":"closed","post_password":"","post_name":"foto-901_7670","to_ping":"","pinged":"","post_modified":"2025-04-21 14:47:12","post_modified_gmt":"2025-04-21 12:47:12","post_content_filtered":"","post_parent":"11929","guid":"https:\/\/spainfilmcommission.com\/wp-content\/uploads\/2025\/03\/foto-901_7670.jpg","menu_order":"0","post_type":"attachment","post_mime_type":"image\/jpeg","comment_count":"0","pod_item_id":"22895"},{"ID":"22897","post_author":"2","post_date":"2025-03-08 03:27:52","post_date_gmt":"2025-03-08 02:27:52","post_content":"","post_title":"foto-901_7671","post_excerpt":"","post_status":"inherit","comment_status":"closed","ping_status":"closed","post_password":"","post_name":"foto-901_7671","to_ping":"","pinged":"","post_modified":"2025-04-21 14:47:12","post_modified_gmt":"2025-04-21 12:47:12","post_content_filtered":"","post_parent":"11929","guid":"https:\/\/spainfilmcommission.com\/wp-content\/uploads\/2025\/03\/foto-901_7671.jpg","menu_order":"0","post_type":"attachment","post_mime_type":"image\/jpeg","comment_count":"0","pod_item_id":"22897"},{"ID":"22899","post_author":"2","post_date":"2025-03-08 03:27:54","post_date_gmt":"2025-03-08 02:27:54","post_content":"","post_title":"foto-901_7672","post_excerpt":"","post_status":"inherit","comment_status":"closed","ping_status":"closed","post_password":"","post_name":"foto-901_7672","to_ping":"","pinged":"","post_modified":"2025-04-21 14:47:12","post_modified_gmt":"2025-04-21 12:47:12","post_content_filtered":"","post_parent":"11929","guid":"https:\/\/spainfilmcommission.com\/wp-content\/uploads\/2025\/03\/foto-901_7672.jpg","menu_order":"0","post_type":"attachment","post_mime_type":"image\/jpeg","comment_count":"0","pod_item_id":"22899"},{"ID":"22901","post_author":"2","post_date":"2025-03-08 03:27:56","post_date_gmt":"2025-03-08 02:27:56","post_content":"","post_title":"foto-901_7673","post_excerpt":"","post_status":"inherit","comment_status":"closed","ping_status":"closed","post_password":"","post_name":"foto-901_7673","to_ping":"","pinged":"","post_modified":"2025-04-21 14:47:12","post_modified_gmt":"2025-04-21 12:47:12","post_content_filtered":"","post_parent":"11929","guid":"https:\/\/spainfilmcommission.com\/wp-content\/uploads\/2025\/03\/foto-901_7673.jpg","menu_order":"0","post_type":"attachment","post_mime_type":"image\/jpeg","comment_count":"0","pod_item_id":"22901"},{"ID":"22903","post_author":"2","post_date":"2025-03-08 03:27:57","post_date_gmt":"2025-03-08 02:27:57","post_content":"","post_title":"foto-901_7674","post_excerpt":"","post_status":"inherit","comment_status":"closed","ping_status":"closed","post_password":"","post_name":"foto-901_7674","to_ping":"","pinged":"","post_modified":"2025-04-21 14:47:12","post_modified_gmt":"2025-04-21 12:47:12","post_content_filtered":"","post_parent":"11929","guid":"https:\/\/spainfilmcommission.com\/wp-content\/uploads\/2025\/03\/foto-901_7674.jpg","menu_order":"0","post_type":"attachment","post_mime_type":"image\/jpeg","comment_count":"0","pod_item_id":"22903"},{"ID":"22905","post_author":"2","post_date":"2025-03-08 03:27:59","post_date_gmt":"2025-03-08 02:27:59","post_content":"","post_title":"foto-901_7675","post_excerpt":"","post_status":"inherit","comment_status":"closed","ping_status":"closed","post_password":"","post_name":"foto-901_7675","to_ping":"","pinged":"","post_modified":"2025-04-21 14:47:12","post_modified_gmt":"2025-04-21 12:47:12","post_content_filtered":"","post_parent":"11929","guid":"https:\/\/spainfilmcommission.com\/wp-content\/uploads\/2025\/03\/foto-901_7675.jpg","menu_order":"0","post_type":"attachment","post_mime_type":"image\/jpeg","comment_count":"0","pod_item_id":"22905"},{"ID":"22907","post_author":"2","post_date":"2025-03-08 03:28:01","post_date_gmt":"2025-03-08 02:28:01","post_content":"","post_title":"foto-901_7676","post_excerpt":"","post_status":"inherit","comment_status":"closed","ping_status":"closed","post_password":"","post_name":"foto-901_7676","to_ping":"","pinged":"","post_modified":"2025-04-21 14:47:12","post_modified_gmt":"2025-04-21 12:47:12","post_content_filtered":"","post_parent":"11929","guid":"https:\/\/spainfilmcommission.com\/wp-content\/uploads\/2025\/03\/foto-901_7676.jpg","menu_order":"0","post_type":"attachment","post_mime_type":"image\/jpeg","comment_count":"0","pod_item_id":"22907"},{"ID":"22909","post_author":"2","post_date":"2025-03-08 03:28:03","post_date_gmt":"2025-03-08 02:28:03","post_content":"","post_title":"foto-901_7677","post_excerpt":"","post_status":"inherit","comment_status":"closed","ping_status":"closed","post_password":"","post_name":"foto-901_7677","to_ping":"","pinged":"","post_modified":"2025-04-21 14:47:12","post_modified_gmt":"2025-04-21 12:47:12","post_content_filtered":"","post_parent":"11929","guid":"https:\/\/spainfilmcommission.com\/wp-content\/uploads\/2025\/03\/foto-901_7677.jpg","menu_order":"0","post_type":"attachment","post_mime_type":"image\/jpeg","comment_count":"0","pod_item_id":"22909"},{"ID":"22911","post_author":"2","post_date":"2025-03-08 03:28:05","post_date_gmt":"2025-03-08 02:28:05","post_content":"","post_title":"foto-901_7678","post_excerpt":"","post_status":"inherit","comment_status":"closed","ping_status":"closed","post_password":"","post_name":"foto-901_7678","to_ping":"","pinged":"","post_modified":"2025-04-21 14:47:12","post_modified_gmt":"2025-04-21 12:47:12","post_content_filtered":"","post_parent":"11929","guid":"https:\/\/spainfilmcommission.com\/wp-content\/uploads\/2025\/03\/foto-901_7678.jpg","menu_order":"0","post_type":"attachment","post_mime_type":"image\/jpeg","comment_count":"0","pod_item_id":"22911"}],"nombrepaginaes":"parques-y-jardines-de-malaga","nombrepaginaen":"parks-gardens-in-malaga","latitud_gps":"367.182.857","longitud_gps":"-44.842.863","adicionaleses":"","adicionalesen":"","videoes":"","videoen":"","video2es":"","video2en":"","_links":{"self":[{"href":"https:\/\/spainfilmcommission.com\/en\/wp-json\/wp\/v2\/localizaciones\/localizacion\/11929","targetHints":{"allow":["GET"]}}],"collection":[{"href":"https:\/\/spainfilmcommission.com\/en\/wp-json\/wp\/v2\/localizaciones\/localizacion"}],"about":[{"href":"https:\/\/spainfilmcommission.com\/en\/wp-json\/wp\/v2\/types\/localizacion"}],"author":[{"embeddable":true,"href":"https:\/\/spainfilmcommission.com\/en\/wp-json\/wp\/v2\/users\/2"}],"wp:attachment":[{"href":"https:\/\/spainfilmcommission.com\/en\/wp-json\/wp\/v2\/media?parent=11929"}],"curies":[{"name":"wp","href":"https:\/\/api.w.org\/{rel}","templated":true}]}}