{"id":11856,"date":"2025-02-27T19:47:41","date_gmt":"2025-02-27T18:47:41","guid":{"rendered":"https:\/\/spainfilmcommission.com\/?post_type=localizacion&#038;p=11856"},"modified":"2025-04-21T12:54:50","modified_gmt":"2025-04-21T10:54:50","slug":"base-militar-pico-villuercas","status":"publish","type":"localizacion","link":"https:\/\/spainfilmcommission.com\/en\/ai-locations\/base-militar-pico-villuercas\/","title":{"rendered":"Base Militar Pico Villuercas"},"content":{"rendered":"","protected":false},"author":2,"template":"","meta":[],"class_list":["post-11856","localizacion","type-localizacion","status-publish","hentry"],"yoast_head":"<!-- This site is optimized with the Yoast SEO plugin v28.3 - https:\/\/yoast.com\/product\/yoast-seo-wordpress\/ -->\n<title>Rodar en Base Militar Pico Villuercas - Spain Film Commission<\/title>\n<meta name=\"description\" content=\"En esta p\u00e1gina encontrar\u00e1s una peque\u00f1a descripci\u00f3n, m\u00e1genes e informaci\u00f3n relevante para que te hagas una idea de c\u00f3mo es rodar en Base Militar Pico Villuercas\" \/>\n<meta name=\"robots\" content=\"index, follow, max-snippet:-1, max-image-preview:large, max-video-preview:-1\" \/>\n<link rel=\"canonical\" href=\"https:\/\/spainfilmcommission.com\/en\/ai-locations\/base-militar-pico-villuercas\/\" \/>\n<meta property=\"og:locale\" content=\"en_US\" \/>\n<meta property=\"og:type\" content=\"article\" \/>\n<meta property=\"og:title\" content=\"Rodar en Base Militar Pico Villuercas - Spain Film Commission\" \/>\n<meta property=\"og:description\" content=\"En esta p\u00e1gina encontrar\u00e1s una peque\u00f1a descripci\u00f3n, m\u00e1genes e informaci\u00f3n relevante para que te hagas una idea de c\u00f3mo es rodar en Base Militar Pico Villuercas\" \/>\n<meta property=\"og:url\" content=\"https:\/\/spainfilmcommission.com\/en\/ai-locations\/base-militar-pico-villuercas\/\" \/>\n<meta property=\"og:site_name\" content=\"Spain Film Commission\" \/>\n<meta property=\"article:modified_time\" content=\"2025-04-21T10:54:50+00:00\" \/>\n<meta name=\"twitter:card\" content=\"summary_large_image\" \/>\n<script type=\"application\/ld+json\" class=\"yoast-schema-graph\">{\"@context\":\"https:\\\/\\\/schema.org\",\"@graph\":[{\"@type\":\"WebPage\",\"@id\":\"https:\\\/\\\/spainfilmcommission.com\\\/en\\\/ai-locations\\\/base-militar-pico-villuercas\\\/\",\"url\":\"https:\\\/\\\/spainfilmcommission.com\\\/en\\\/ai-locations\\\/base-militar-pico-villuercas\\\/\",\"name\":\"Rodar en Base Militar Pico Villuercas - Spain Film Commission\",\"isPartOf\":{\"@id\":\"https:\\\/\\\/spainfilmcommission.com\\\/en\\\/#website\"},\"datePublished\":\"2025-02-27T18:47:41+00:00\",\"dateModified\":\"2025-04-21T10:54:50+00:00\",\"description\":\"En esta p\u00e1gina encontrar\u00e1s una peque\u00f1a descripci\u00f3n, m\u00e1genes e informaci\u00f3n relevante para que te hagas una idea de c\u00f3mo es rodar en Base Militar Pico Villuercas\",\"breadcrumb\":{\"@id\":\"https:\\\/\\\/spainfilmcommission.com\\\/en\\\/ai-locations\\\/base-militar-pico-villuercas\\\/#breadcrumb\"},\"inLanguage\":\"en-US\",\"potentialAction\":[{\"@type\":\"ReadAction\",\"target\":[\"https:\\\/\\\/spainfilmcommission.com\\\/en\\\/ai-locations\\\/base-militar-pico-villuercas\\\/\"]}]},{\"@type\":\"BreadcrumbList\",\"@id\":\"https:\\\/\\\/spainfilmcommission.com\\\/en\\\/ai-locations\\\/base-militar-pico-villuercas\\\/#breadcrumb\",\"itemListElement\":[{\"@type\":\"ListItem\",\"position\":1,\"name\":\"Portada\",\"item\":\"https:\\\/\\\/spainfilmcommission.com\\\/en\\\/\"},{\"@type\":\"ListItem\",\"position\":2,\"name\":\"Base Militar Pico Villuercas\"}]},{\"@type\":\"WebSite\",\"@id\":\"https:\\\/\\\/spainfilmcommission.com\\\/en\\\/#website\",\"url\":\"https:\\\/\\\/spainfilmcommission.com\\\/en\\\/\",\"name\":\"Spain Film Commission\",\"description\":\"\",\"publisher\":{\"@id\":\"https:\\\/\\\/spainfilmcommission.com\\\/en\\\/#organization\"},\"potentialAction\":[{\"@type\":\"SearchAction\",\"target\":{\"@type\":\"EntryPoint\",\"urlTemplate\":\"https:\\\/\\\/spainfilmcommission.com\\\/en\\\/?s={search_term_string}\"},\"query-input\":{\"@type\":\"PropertyValueSpecification\",\"valueRequired\":true,\"valueName\":\"search_term_string\"}}],\"inLanguage\":\"en-US\"},{\"@type\":\"Organization\",\"@id\":\"https:\\\/\\\/spainfilmcommission.com\\\/en\\\/#organization\",\"name\":\"Spain Film Commission\",\"url\":\"https:\\\/\\\/spainfilmcommission.com\\\/en\\\/\",\"logo\":{\"@type\":\"ImageObject\",\"inLanguage\":\"en-US\",\"@id\":\"https:\\\/\\\/spainfilmcommission.com\\\/en\\\/#\\\/schema\\\/logo\\\/image\\\/\",\"url\":\"https:\\\/\\\/spainfilmcommission.com\\\/wp-content\\\/uploads\\\/2024\\\/07\\\/SPC_COLOR.png\",\"contentUrl\":\"https:\\\/\\\/spainfilmcommission.com\\\/wp-content\\\/uploads\\\/2024\\\/07\\\/SPC_COLOR.png\",\"width\":1665,\"height\":1665,\"caption\":\"Spain Film Commission\"},\"image\":{\"@id\":\"https:\\\/\\\/spainfilmcommission.com\\\/en\\\/#\\\/schema\\\/logo\\\/image\\\/\"}}]}<\/script>\n<!-- \/ Yoast SEO plugin. -->","yoast_head_json":{"title":"Rodar en Base Militar Pico Villuercas - Spain Film Commission","description":"En esta p\u00e1gina encontrar\u00e1s una peque\u00f1a descripci\u00f3n, m\u00e1genes e informaci\u00f3n relevante para que te hagas una idea de c\u00f3mo es rodar en Base Militar Pico Villuercas","robots":{"index":"index","follow":"follow","max-snippet":"max-snippet:-1","max-image-preview":"max-image-preview:large","max-video-preview":"max-video-preview:-1"},"canonical":"https:\/\/spainfilmcommission.com\/en\/ai-locations\/base-militar-pico-villuercas\/","og_locale":"en_US","og_type":"article","og_title":"Rodar en Base Militar Pico Villuercas - Spain Film Commission","og_description":"En esta p\u00e1gina encontrar\u00e1s una peque\u00f1a descripci\u00f3n, m\u00e1genes e informaci\u00f3n relevante para que te hagas una idea de c\u00f3mo es rodar en Base Militar Pico Villuercas","og_url":"https:\/\/spainfilmcommission.com\/en\/ai-locations\/base-militar-pico-villuercas\/","og_site_name":"Spain Film Commission","article_modified_time":"2025-04-21T10:54:50+00:00","twitter_card":"summary_large_image","schema":{"@context":"https:\/\/schema.org","@graph":[{"@type":"WebPage","@id":"https:\/\/spainfilmcommission.com\/en\/ai-locations\/base-militar-pico-villuercas\/","url":"https:\/\/spainfilmcommission.com\/en\/ai-locations\/base-militar-pico-villuercas\/","name":"Rodar en Base Militar Pico Villuercas - Spain Film Commission","isPartOf":{"@id":"https:\/\/spainfilmcommission.com\/en\/#website"},"datePublished":"2025-02-27T18:47:41+00:00","dateModified":"2025-04-21T10:54:50+00:00","description":"En esta p\u00e1gina encontrar\u00e1s una peque\u00f1a descripci\u00f3n, m\u00e1genes e informaci\u00f3n relevante para que te hagas una idea de c\u00f3mo es rodar en Base Militar Pico Villuercas","breadcrumb":{"@id":"https:\/\/spainfilmcommission.com\/en\/ai-locations\/base-militar-pico-villuercas\/#breadcrumb"},"inLanguage":"en-US","potentialAction":[{"@type":"ReadAction","target":["https:\/\/spainfilmcommission.com\/en\/ai-locations\/base-militar-pico-villuercas\/"]}]},{"@type":"BreadcrumbList","@id":"https:\/\/spainfilmcommission.com\/en\/ai-locations\/base-militar-pico-villuercas\/#breadcrumb","itemListElement":[{"@type":"ListItem","position":1,"name":"Portada","item":"https:\/\/spainfilmcommission.com\/en\/"},{"@type":"ListItem","position":2,"name":"Base Militar Pico Villuercas"}]},{"@type":"WebSite","@id":"https:\/\/spainfilmcommission.com\/en\/#website","url":"https:\/\/spainfilmcommission.com\/en\/","name":"Spain Film Commission","description":"","publisher":{"@id":"https:\/\/spainfilmcommission.com\/en\/#organization"},"potentialAction":[{"@type":"SearchAction","target":{"@type":"EntryPoint","urlTemplate":"https:\/\/spainfilmcommission.com\/en\/?s={search_term_string}"},"query-input":{"@type":"PropertyValueSpecification","valueRequired":true,"valueName":"search_term_string"}}],"inLanguage":"en-US"},{"@type":"Organization","@id":"https:\/\/spainfilmcommission.com\/en\/#organization","name":"Spain Film Commission","url":"https:\/\/spainfilmcommission.com\/en\/","logo":{"@type":"ImageObject","inLanguage":"en-US","@id":"https:\/\/spainfilmcommission.com\/en\/#\/schema\/logo\/image\/","url":"https:\/\/spainfilmcommission.com\/wp-content\/uploads\/2024\/07\/SPC_COLOR.png","contentUrl":"https:\/\/spainfilmcommission.com\/wp-content\/uploads\/2024\/07\/SPC_COLOR.png","width":1665,"height":1665,"caption":"Spain Film Commission"},"image":{"@id":"https:\/\/spainfilmcommission.com\/en\/#\/schema\/logo\/image\/"}}]}},"socio":[{"ID":"40","user_login":"extremadura-film-commission","user_nicename":"extremadura-film-commission","display_name":"extremadura-film-commission","user_pass":"****************","user_email":"filmcommission@extremaduraaudiovisual.com","user_url":"","user_registered":"2024-12-19 17:36:42","id":40}],"nombrees":"Base Militar Pico Villuercas","nombreen":"Base Militar Pico Villuercas","localidad":"Navezuelas","provincia":"C\u00e1ceres","coordenadas_maps":"39.469125, -5.401561","latitud":"39.469125000000","longitud":"-5.401561000000","direcciones":"","direccionen":"","cod_postal":[],"telefono":"","fax":"","mail":"","web":"http:\/\/extremadurafc.org\/","descripciones":"Se encuentra ubicada en la cima de las Villuercas (Montes de Toledo), en concreto en el \u201cRisco de La Villuerca\u201d, risco de cuarcita de mayor altura de los Montes de Toledo a poco m\u00e1s de 1.600 metros. Esta cadena monta\u00f1osa separa las cuencas de los r\u00edos Tajo y Guadiana y desde sus cumbres se domina buena parte de la submeseta sur. Actualmente esta base militar se encuentra vallada, dentro posee un peque\u00f1o centro de transmisiones que a\u00fan hoy se encuentra operativo y est\u00e1 video vigilado, el resto de edificios se encuentra en un estado de completo abandono. En sus deterioradas instalaciones a\u00fan podemos encontrar algunas edificaciones como garitas, una pista de aterrizaje para helic\u00f3pteros y otros edificios de uso civil-militar. Se puede acceder a la base de dos formas, desde Navezuelas tomando una pista de hormig\u00f3n que tiene fuertes pendientes y \u00a0por la pista que sube junto al Humilladero de Guadalupe. COMARCA: Villuercas-Ibores-Jara \/ Fuente: Extremadura Misteriosa \/ Fotograf\u00edas: Marino Scandurra","descripcionen":"","galeria":[{"ID":"22003","post_author":"2","post_date":"2025-03-08 03:11:37","post_date_gmt":"2025-03-08 02:11:37","post_content":"","post_title":"foto-827_7178","post_excerpt":"","post_status":"inherit","comment_status":"closed","ping_status":"closed","post_password":"","post_name":"foto-827_7178","to_ping":"","pinged":"","post_modified":"2025-04-21 12:54:50","post_modified_gmt":"2025-04-21 10:54:50","post_content_filtered":"","post_parent":"11856","guid":"https:\/\/spainfilmcommission.com\/wp-content\/uploads\/2025\/03\/foto-827_7178.jpg","menu_order":"0","post_type":"attachment","post_mime_type":"image\/jpeg","comment_count":"0","pod_item_id":"22003"},{"ID":"22005","post_author":"2","post_date":"2025-03-08 03:11:41","post_date_gmt":"2025-03-08 02:11:41","post_content":"","post_title":"foto-827_7179","post_excerpt":"","post_status":"inherit","comment_status":"closed","ping_status":"closed","post_password":"","post_name":"foto-827_7179","to_ping":"","pinged":"","post_modified":"2025-04-21 12:54:50","post_modified_gmt":"2025-04-21 10:54:50","post_content_filtered":"","post_parent":"11856","guid":"https:\/\/spainfilmcommission.com\/wp-content\/uploads\/2025\/03\/foto-827_7179.jpg","menu_order":"0","post_type":"attachment","post_mime_type":"image\/jpeg","comment_count":"0","pod_item_id":"22005"},{"ID":"22007","post_author":"2","post_date":"2025-03-08 03:11:43","post_date_gmt":"2025-03-08 02:11:43","post_content":"","post_title":"foto-827_7180","post_excerpt":"","post_status":"inherit","comment_status":"closed","ping_status":"closed","post_password":"","post_name":"foto-827_7180","to_ping":"","pinged":"","post_modified":"2025-04-21 12:54:50","post_modified_gmt":"2025-04-21 10:54:50","post_content_filtered":"","post_parent":"11856","guid":"https:\/\/spainfilmcommission.com\/wp-content\/uploads\/2025\/03\/foto-827_7180.jpg","menu_order":"0","post_type":"attachment","post_mime_type":"image\/jpeg","comment_count":"0","pod_item_id":"22007"},{"ID":"22009","post_author":"2","post_date":"2025-03-08 03:11:45","post_date_gmt":"2025-03-08 02:11:45","post_content":"","post_title":"foto-827_7181","post_excerpt":"","post_status":"inherit","comment_status":"closed","ping_status":"closed","post_password":"","post_name":"foto-827_7181","to_ping":"","pinged":"","post_modified":"2025-04-21 12:54:50","post_modified_gmt":"2025-04-21 10:54:50","post_content_filtered":"","post_parent":"11856","guid":"https:\/\/spainfilmcommission.com\/wp-content\/uploads\/2025\/03\/foto-827_7181.jpg","menu_order":"0","post_type":"attachment","post_mime_type":"image\/jpeg","comment_count":"0","pod_item_id":"22009"},{"ID":"22011","post_author":"2","post_date":"2025-03-08 03:11:47","post_date_gmt":"2025-03-08 02:11:47","post_content":"","post_title":"foto-827_7182","post_excerpt":"","post_status":"inherit","comment_status":"closed","ping_status":"closed","post_password":"","post_name":"foto-827_7182","to_ping":"","pinged":"","post_modified":"2025-04-21 12:54:50","post_modified_gmt":"2025-04-21 10:54:50","post_content_filtered":"","post_parent":"11856","guid":"https:\/\/spainfilmcommission.com\/wp-content\/uploads\/2025\/03\/foto-827_7182.jpg","menu_order":"0","post_type":"attachment","post_mime_type":"image\/jpeg","comment_count":"0","pod_item_id":"22011"},{"ID":"22013","post_author":"2","post_date":"2025-03-08 03:11:49","post_date_gmt":"2025-03-08 02:11:49","post_content":"","post_title":"foto-827_7183","post_excerpt":"","post_status":"inherit","comment_status":"closed","ping_status":"closed","post_password":"","post_name":"foto-827_7183","to_ping":"","pinged":"","post_modified":"2025-04-21 12:54:50","post_modified_gmt":"2025-04-21 10:54:50","post_content_filtered":"","post_parent":"11856","guid":"https:\/\/spainfilmcommission.com\/wp-content\/uploads\/2025\/03\/foto-827_7183.jpg","menu_order":"0","post_type":"attachment","post_mime_type":"image\/jpeg","comment_count":"0","pod_item_id":"22013"},{"ID":"22015","post_author":"2","post_date":"2025-03-08 03:11:51","post_date_gmt":"2025-03-08 02:11:51","post_content":"","post_title":"foto-827_7184","post_excerpt":"","post_status":"inherit","comment_status":"closed","ping_status":"closed","post_password":"","post_name":"foto-827_7184","to_ping":"","pinged":"","post_modified":"2025-04-21 12:54:50","post_modified_gmt":"2025-04-21 10:54:50","post_content_filtered":"","post_parent":"11856","guid":"https:\/\/spainfilmcommission.com\/wp-content\/uploads\/2025\/03\/foto-827_7184.jpg","menu_order":"0","post_type":"attachment","post_mime_type":"image\/jpeg","comment_count":"0","pod_item_id":"22015"},{"ID":"22017","post_author":"2","post_date":"2025-03-08 03:11:54","post_date_gmt":"2025-03-08 02:11:54","post_content":"","post_title":"foto-827_7185","post_excerpt":"","post_status":"inherit","comment_status":"closed","ping_status":"closed","post_password":"","post_name":"foto-827_7185","to_ping":"","pinged":"","post_modified":"2025-04-21 12:54:50","post_modified_gmt":"2025-04-21 10:54:50","post_content_filtered":"","post_parent":"11856","guid":"https:\/\/spainfilmcommission.com\/wp-content\/uploads\/2025\/03\/foto-827_7185.jpg","menu_order":"0","post_type":"attachment","post_mime_type":"image\/jpeg","comment_count":"0","pod_item_id":"22017"},{"ID":"22019","post_author":"2","post_date":"2025-03-08 03:11:56","post_date_gmt":"2025-03-08 02:11:56","post_content":"","post_title":"foto-827_7186","post_excerpt":"","post_status":"inherit","comment_status":"closed","ping_status":"closed","post_password":"","post_name":"foto-827_7186","to_ping":"","pinged":"","post_modified":"2025-04-21 12:54:50","post_modified_gmt":"2025-04-21 10:54:50","post_content_filtered":"","post_parent":"11856","guid":"https:\/\/spainfilmcommission.com\/wp-content\/uploads\/2025\/03\/foto-827_7186.jpg","menu_order":"0","post_type":"attachment","post_mime_type":"image\/jpeg","comment_count":"0","pod_item_id":"22019"},{"ID":"22021","post_author":"2","post_date":"2025-03-08 03:11:58","post_date_gmt":"2025-03-08 02:11:58","post_content":"","post_title":"foto-827_7187","post_excerpt":"","post_status":"inherit","comment_status":"closed","ping_status":"closed","post_password":"","post_name":"foto-827_7187","to_ping":"","pinged":"","post_modified":"2025-04-21 12:54:50","post_modified_gmt":"2025-04-21 10:54:50","post_content_filtered":"","post_parent":"11856","guid":"https:\/\/spainfilmcommission.com\/wp-content\/uploads\/2025\/03\/foto-827_7187.jpg","menu_order":"0","post_type":"attachment","post_mime_type":"image\/jpeg","comment_count":"0","pod_item_id":"22021"},{"ID":"22023","post_author":"2","post_date":"2025-03-08 03:12:01","post_date_gmt":"2025-03-08 02:12:01","post_content":"","post_title":"foto-827_7188","post_excerpt":"","post_status":"inherit","comment_status":"closed","ping_status":"closed","post_password":"","post_name":"foto-827_7188","to_ping":"","pinged":"","post_modified":"2025-04-21 12:54:50","post_modified_gmt":"2025-04-21 10:54:50","post_content_filtered":"","post_parent":"11856","guid":"https:\/\/spainfilmcommission.com\/wp-content\/uploads\/2025\/03\/foto-827_7188.jpg","menu_order":"0","post_type":"attachment","post_mime_type":"image\/jpeg","comment_count":"0","pod_item_id":"22023"}],"nombrepaginaes":"base-militar-pico-villuercas","nombrepaginaen":"base-militar-pico-villuercas","latitud_gps":"39\u00b028'08.9","longitud_gps":"5\u00b024'05.6","adicionaleses":"","adicionalesen":"","videoes":"","videoen":"","video2es":"","video2en":"","_links":{"self":[{"href":"https:\/\/spainfilmcommission.com\/en\/wp-json\/wp\/v2\/localizaciones\/localizacion\/11856","targetHints":{"allow":["GET"]}}],"collection":[{"href":"https:\/\/spainfilmcommission.com\/en\/wp-json\/wp\/v2\/localizaciones\/localizacion"}],"about":[{"href":"https:\/\/spainfilmcommission.com\/en\/wp-json\/wp\/v2\/types\/localizacion"}],"author":[{"embeddable":true,"href":"https:\/\/spainfilmcommission.com\/en\/wp-json\/wp\/v2\/users\/2"}],"wp:attachment":[{"href":"https:\/\/spainfilmcommission.com\/en\/wp-json\/wp\/v2\/media?parent=11856"}],"curies":[{"name":"wp","href":"https:\/\/api.w.org\/{rel}","templated":true}]}}