{"id":11829,"date":"2025-02-27T19:47:41","date_gmt":"2025-02-27T18:47:41","guid":{"rendered":"https:\/\/spainfilmcommission.com\/?post_type=localizacion&#038;p=11829"},"modified":"2025-04-21T12:58:04","modified_gmt":"2025-04-21T10:58:04","slug":"basilica-de-santa-teresa","status":"publish","type":"localizacion","link":"https:\/\/spainfilmcommission.com\/en\/ai-locations\/basilica-de-santa-teresa\/","title":{"rendered":"Bas\u00edlica de Santa Teresa"},"content":{"rendered":"","protected":false},"author":2,"template":"","meta":[],"class_list":["post-11829","localizacion","type-localizacion","status-publish","hentry"],"yoast_head":"<!-- This site is optimized with the Yoast SEO plugin v28.3 - https:\/\/yoast.com\/product\/yoast-seo-wordpress\/ -->\n<title>Rodar en Bas\u00edlica de Santa Teresa - Spain Film Commission<\/title>\n<meta name=\"description\" content=\"En esta p\u00e1gina encontrar\u00e1s una peque\u00f1a descripci\u00f3n, m\u00e1genes e informaci\u00f3n relevante para que te hagas una idea de c\u00f3mo es rodar en Bas\u00edlica de Santa Teresa\" \/>\n<meta name=\"robots\" content=\"index, follow, max-snippet:-1, max-image-preview:large, max-video-preview:-1\" \/>\n<link rel=\"canonical\" href=\"https:\/\/spainfilmcommission.com\/en\/ai-locations\/basilica-de-santa-teresa\/\" \/>\n<meta property=\"og:locale\" content=\"en_US\" \/>\n<meta property=\"og:type\" content=\"article\" \/>\n<meta property=\"og:title\" content=\"Rodar en Bas\u00edlica de Santa Teresa - Spain Film Commission\" \/>\n<meta property=\"og:description\" content=\"En esta p\u00e1gina encontrar\u00e1s una peque\u00f1a descripci\u00f3n, m\u00e1genes e informaci\u00f3n relevante para que te hagas una idea de c\u00f3mo es rodar en Bas\u00edlica de Santa Teresa\" \/>\n<meta property=\"og:url\" content=\"https:\/\/spainfilmcommission.com\/en\/ai-locations\/basilica-de-santa-teresa\/\" \/>\n<meta property=\"og:site_name\" content=\"Spain Film Commission\" \/>\n<meta property=\"article:modified_time\" content=\"2025-04-21T10:58:04+00:00\" \/>\n<meta name=\"twitter:card\" content=\"summary_large_image\" \/>\n<script type=\"application\/ld+json\" class=\"yoast-schema-graph\">{\"@context\":\"https:\\\/\\\/schema.org\",\"@graph\":[{\"@type\":\"WebPage\",\"@id\":\"https:\\\/\\\/spainfilmcommission.com\\\/en\\\/ai-locations\\\/basilica-de-santa-teresa\\\/\",\"url\":\"https:\\\/\\\/spainfilmcommission.com\\\/en\\\/ai-locations\\\/basilica-de-santa-teresa\\\/\",\"name\":\"Rodar en Bas\u00edlica de Santa Teresa - Spain Film Commission\",\"isPartOf\":{\"@id\":\"https:\\\/\\\/spainfilmcommission.com\\\/en\\\/#website\"},\"datePublished\":\"2025-02-27T18:47:41+00:00\",\"dateModified\":\"2025-04-21T10:58:04+00:00\",\"description\":\"En esta p\u00e1gina encontrar\u00e1s una peque\u00f1a descripci\u00f3n, m\u00e1genes e informaci\u00f3n relevante para que te hagas una idea de c\u00f3mo es rodar en Bas\u00edlica de Santa Teresa\",\"breadcrumb\":{\"@id\":\"https:\\\/\\\/spainfilmcommission.com\\\/en\\\/ai-locations\\\/basilica-de-santa-teresa\\\/#breadcrumb\"},\"inLanguage\":\"en-US\",\"potentialAction\":[{\"@type\":\"ReadAction\",\"target\":[\"https:\\\/\\\/spainfilmcommission.com\\\/en\\\/ai-locations\\\/basilica-de-santa-teresa\\\/\"]}]},{\"@type\":\"BreadcrumbList\",\"@id\":\"https:\\\/\\\/spainfilmcommission.com\\\/en\\\/ai-locations\\\/basilica-de-santa-teresa\\\/#breadcrumb\",\"itemListElement\":[{\"@type\":\"ListItem\",\"position\":1,\"name\":\"Portada\",\"item\":\"https:\\\/\\\/spainfilmcommission.com\\\/en\\\/\"},{\"@type\":\"ListItem\",\"position\":2,\"name\":\"Bas\u00edlica de Santa Teresa\"}]},{\"@type\":\"WebSite\",\"@id\":\"https:\\\/\\\/spainfilmcommission.com\\\/en\\\/#website\",\"url\":\"https:\\\/\\\/spainfilmcommission.com\\\/en\\\/\",\"name\":\"Spain Film Commission\",\"description\":\"\",\"publisher\":{\"@id\":\"https:\\\/\\\/spainfilmcommission.com\\\/en\\\/#organization\"},\"potentialAction\":[{\"@type\":\"SearchAction\",\"target\":{\"@type\":\"EntryPoint\",\"urlTemplate\":\"https:\\\/\\\/spainfilmcommission.com\\\/en\\\/?s={search_term_string}\"},\"query-input\":{\"@type\":\"PropertyValueSpecification\",\"valueRequired\":true,\"valueName\":\"search_term_string\"}}],\"inLanguage\":\"en-US\"},{\"@type\":\"Organization\",\"@id\":\"https:\\\/\\\/spainfilmcommission.com\\\/en\\\/#organization\",\"name\":\"Spain Film Commission\",\"url\":\"https:\\\/\\\/spainfilmcommission.com\\\/en\\\/\",\"logo\":{\"@type\":\"ImageObject\",\"inLanguage\":\"en-US\",\"@id\":\"https:\\\/\\\/spainfilmcommission.com\\\/en\\\/#\\\/schema\\\/logo\\\/image\\\/\",\"url\":\"https:\\\/\\\/spainfilmcommission.com\\\/wp-content\\\/uploads\\\/2024\\\/07\\\/SPC_COLOR.png\",\"contentUrl\":\"https:\\\/\\\/spainfilmcommission.com\\\/wp-content\\\/uploads\\\/2024\\\/07\\\/SPC_COLOR.png\",\"width\":1665,\"height\":1665,\"caption\":\"Spain Film Commission\"},\"image\":{\"@id\":\"https:\\\/\\\/spainfilmcommission.com\\\/en\\\/#\\\/schema\\\/logo\\\/image\\\/\"}}]}<\/script>\n<!-- \/ Yoast SEO plugin. -->","yoast_head_json":{"title":"Rodar en Bas\u00edlica de Santa Teresa - Spain Film Commission","description":"En esta p\u00e1gina encontrar\u00e1s una peque\u00f1a descripci\u00f3n, m\u00e1genes e informaci\u00f3n relevante para que te hagas una idea de c\u00f3mo es rodar en Bas\u00edlica de Santa Teresa","robots":{"index":"index","follow":"follow","max-snippet":"max-snippet:-1","max-image-preview":"max-image-preview:large","max-video-preview":"max-video-preview:-1"},"canonical":"https:\/\/spainfilmcommission.com\/en\/ai-locations\/basilica-de-santa-teresa\/","og_locale":"en_US","og_type":"article","og_title":"Rodar en Bas\u00edlica de Santa Teresa - Spain Film Commission","og_description":"En esta p\u00e1gina encontrar\u00e1s una peque\u00f1a descripci\u00f3n, m\u00e1genes e informaci\u00f3n relevante para que te hagas una idea de c\u00f3mo es rodar en Bas\u00edlica de Santa Teresa","og_url":"https:\/\/spainfilmcommission.com\/en\/ai-locations\/basilica-de-santa-teresa\/","og_site_name":"Spain Film Commission","article_modified_time":"2025-04-21T10:58:04+00:00","twitter_card":"summary_large_image","schema":{"@context":"https:\/\/schema.org","@graph":[{"@type":"WebPage","@id":"https:\/\/spainfilmcommission.com\/en\/ai-locations\/basilica-de-santa-teresa\/","url":"https:\/\/spainfilmcommission.com\/en\/ai-locations\/basilica-de-santa-teresa\/","name":"Rodar en Bas\u00edlica de Santa Teresa - Spain Film Commission","isPartOf":{"@id":"https:\/\/spainfilmcommission.com\/en\/#website"},"datePublished":"2025-02-27T18:47:41+00:00","dateModified":"2025-04-21T10:58:04+00:00","description":"En esta p\u00e1gina encontrar\u00e1s una peque\u00f1a descripci\u00f3n, m\u00e1genes e informaci\u00f3n relevante para que te hagas una idea de c\u00f3mo es rodar en Bas\u00edlica de Santa Teresa","breadcrumb":{"@id":"https:\/\/spainfilmcommission.com\/en\/ai-locations\/basilica-de-santa-teresa\/#breadcrumb"},"inLanguage":"en-US","potentialAction":[{"@type":"ReadAction","target":["https:\/\/spainfilmcommission.com\/en\/ai-locations\/basilica-de-santa-teresa\/"]}]},{"@type":"BreadcrumbList","@id":"https:\/\/spainfilmcommission.com\/en\/ai-locations\/basilica-de-santa-teresa\/#breadcrumb","itemListElement":[{"@type":"ListItem","position":1,"name":"Portada","item":"https:\/\/spainfilmcommission.com\/en\/"},{"@type":"ListItem","position":2,"name":"Bas\u00edlica de Santa Teresa"}]},{"@type":"WebSite","@id":"https:\/\/spainfilmcommission.com\/en\/#website","url":"https:\/\/spainfilmcommission.com\/en\/","name":"Spain Film Commission","description":"","publisher":{"@id":"https:\/\/spainfilmcommission.com\/en\/#organization"},"potentialAction":[{"@type":"SearchAction","target":{"@type":"EntryPoint","urlTemplate":"https:\/\/spainfilmcommission.com\/en\/?s={search_term_string}"},"query-input":{"@type":"PropertyValueSpecification","valueRequired":true,"valueName":"search_term_string"}}],"inLanguage":"en-US"},{"@type":"Organization","@id":"https:\/\/spainfilmcommission.com\/en\/#organization","name":"Spain Film Commission","url":"https:\/\/spainfilmcommission.com\/en\/","logo":{"@type":"ImageObject","inLanguage":"en-US","@id":"https:\/\/spainfilmcommission.com\/en\/#\/schema\/logo\/image\/","url":"https:\/\/spainfilmcommission.com\/wp-content\/uploads\/2024\/07\/SPC_COLOR.png","contentUrl":"https:\/\/spainfilmcommission.com\/wp-content\/uploads\/2024\/07\/SPC_COLOR.png","width":1665,"height":1665,"caption":"Spain Film Commission"},"image":{"@id":"https:\/\/spainfilmcommission.com\/en\/#\/schema\/logo\/image\/"}}]}},"socio":[{"ID":"37","user_login":"salamanca-film-commission","user_nicename":"salamanca-film-commission","display_name":"salamanca-film-commission","user_pass":"****************","user_email":"sfc@salamancafilmcommission.com","user_url":"","user_registered":"2024-12-19 16:38:43","id":37}],"nombrees":"Bas\u00edlica de Santa Teresa","nombreen":"Basilica of Saint Teresa","localidad":"Alba de Tormes","provincia":"Salamanca","coordenadas_maps":"40.826461, -5.515308","latitud":"40.826461000000","longitud":"-5.515308000000","direcciones":"","direccionen":"","cod_postal":[],"telefono":"","fax":"","mail":"","web":"","descripciones":"La Bas\u00edlica de Santa Teresa de Jes\u00fas es un templo religioso de la villa ducal de Alba de Tormes, (Salamanca). Templo inacabado de estilo neog\u00f3tico. Fue concebida por Enrique Mar\u00eda Repull\u00e9s y Vargas para albergar los restos de Santa Teresa de Jes\u00fas y acoger a los miles de peregrinos que acuden a visitarlos. Las obras comenzaron oficialmente el 1 de mayo de 1898. Impuls\u00f3 el proyecto el obispo Tom\u00e1s C\u00e1mara, que consigui\u00f3 movilizar a la sociedad salmantina con una carta pastoral titulada \u00abSanta Teresa nos pide una bas\u00edlica\u00bb. A pesar de que en el momento de las obras se contaba con una financiaci\u00f3n que cubr\u00eda pr\u00e1cticamente el presupuesto del templo, las grandes dificultades del terreno, situado junto al r\u00edo Tormes, multiplicaron los gastos de cimentaci\u00f3n, limitando el desarrollo futuro de la obra. Durante la II Rep\u00fablica, en el a\u00f1o 1933, las obras se interrumpen de forma definitiva; un proyecto grandioso del arquitecto Repull\u00e9s, de traza neog\u00f3tica con m\u00e1s de 3100 m\u00b2 de extensi\u00f3n, naves de once metros de altura con numerosas capillas laterales.","descripcionen":"The Basilica of Santa Teresa de Jesus is a religious temple of the ducal town of Alba de Tormes, (Salamanca). Unfinished temple of neo-Gothic style. It was conceived by Enrique Mar\u00eda Repull\u00e9s y Vargas to house the remains of Saint Teresa of Jesus and welcome the thousands of pilgrims who come to visit them. The works officially began on May 1, 1898. The project was promoted by Bishop Tom\u00e1s C\u00e1mara, who managed to mobilize the society of Salamanca with a pastoral letter entitled \"Saint Teresa asks us for a basilica\". Despite the fact that at the time of the works there was a financing that covered practically the budget of the temple, the great difficulties of the land, located next to the River Tormes, multiplied the costs of foundations, limiting the future development of the work. During the Second Republic, in 1933, the works are permanently interrupted; a grandiose project by the architect Repull\u00e9s, of neo-Gothic design with more than 3100 m\u00b2 of extension, ships of eleven meters high with many side chapels.","galeria":[{"ID":"21403","post_author":"2","post_date":"2025-03-08 02:59:58","post_date_gmt":"2025-03-08 01:59:58","post_content":"","post_title":"foto-800_6838","post_excerpt":"","post_status":"inherit","comment_status":"closed","ping_status":"closed","post_password":"","post_name":"foto-800_6838","to_ping":"","pinged":"","post_modified":"2025-04-21 12:58:04","post_modified_gmt":"2025-04-21 10:58:04","post_content_filtered":"","post_parent":"11829","guid":"https:\/\/spainfilmcommission.com\/wp-content\/uploads\/2025\/03\/foto-800_6838.jpg","menu_order":"0","post_type":"attachment","post_mime_type":"image\/jpeg","comment_count":"0","pod_item_id":"21403"},{"ID":"21405","post_author":"2","post_date":"2025-03-08 02:59:59","post_date_gmt":"2025-03-08 01:59:59","post_content":"","post_title":"foto-800_6839","post_excerpt":"","post_status":"inherit","comment_status":"closed","ping_status":"closed","post_password":"","post_name":"foto-800_6839","to_ping":"","pinged":"","post_modified":"2025-04-21 12:58:04","post_modified_gmt":"2025-04-21 10:58:04","post_content_filtered":"","post_parent":"11829","guid":"https:\/\/spainfilmcommission.com\/wp-content\/uploads\/2025\/03\/foto-800_6839.jpg","menu_order":"0","post_type":"attachment","post_mime_type":"image\/jpeg","comment_count":"0","pod_item_id":"21405"},{"ID":"21407","post_author":"2","post_date":"2025-03-08 03:00:01","post_date_gmt":"2025-03-08 02:00:01","post_content":"","post_title":"foto-800_6840","post_excerpt":"","post_status":"inherit","comment_status":"closed","ping_status":"closed","post_password":"","post_name":"foto-800_6840","to_ping":"","pinged":"","post_modified":"2025-04-21 12:58:04","post_modified_gmt":"2025-04-21 10:58:04","post_content_filtered":"","post_parent":"11829","guid":"https:\/\/spainfilmcommission.com\/wp-content\/uploads\/2025\/03\/foto-800_6840.jpg","menu_order":"0","post_type":"attachment","post_mime_type":"image\/jpeg","comment_count":"0","pod_item_id":"21407"},{"ID":"21409","post_author":"2","post_date":"2025-03-08 03:00:03","post_date_gmt":"2025-03-08 02:00:03","post_content":"","post_title":"foto-800_6841","post_excerpt":"","post_status":"inherit","comment_status":"closed","ping_status":"closed","post_password":"","post_name":"foto-800_6841","to_ping":"","pinged":"","post_modified":"2025-04-21 12:58:04","post_modified_gmt":"2025-04-21 10:58:04","post_content_filtered":"","post_parent":"11829","guid":"https:\/\/spainfilmcommission.com\/wp-content\/uploads\/2025\/03\/foto-800_6841.jpg","menu_order":"0","post_type":"attachment","post_mime_type":"image\/jpeg","comment_count":"0","pod_item_id":"21409"},{"ID":"21411","post_author":"2","post_date":"2025-03-08 03:00:05","post_date_gmt":"2025-03-08 02:00:05","post_content":"","post_title":"foto-800_6843","post_excerpt":"","post_status":"inherit","comment_status":"closed","ping_status":"closed","post_password":"","post_name":"foto-800_6843","to_ping":"","pinged":"","post_modified":"2025-04-21 12:58:04","post_modified_gmt":"2025-04-21 10:58:04","post_content_filtered":"","post_parent":"11829","guid":"https:\/\/spainfilmcommission.com\/wp-content\/uploads\/2025\/03\/foto-800_6843.jpg","menu_order":"0","post_type":"attachment","post_mime_type":"image\/jpeg","comment_count":"0","pod_item_id":"21411"},{"ID":"21413","post_author":"2","post_date":"2025-03-08 03:00:07","post_date_gmt":"2025-03-08 02:00:07","post_content":"","post_title":"foto-800_6845","post_excerpt":"","post_status":"inherit","comment_status":"closed","ping_status":"closed","post_password":"","post_name":"foto-800_6845","to_ping":"","pinged":"","post_modified":"2025-04-21 12:58:04","post_modified_gmt":"2025-04-21 10:58:04","post_content_filtered":"","post_parent":"11829","guid":"https:\/\/spainfilmcommission.com\/wp-content\/uploads\/2025\/03\/foto-800_6845.jpg","menu_order":"0","post_type":"attachment","post_mime_type":"image\/jpeg","comment_count":"0","pod_item_id":"21413"},{"ID":"21415","post_author":"2","post_date":"2025-03-08 03:00:08","post_date_gmt":"2025-03-08 02:00:08","post_content":"","post_title":"foto-800_6847","post_excerpt":"","post_status":"inherit","comment_status":"closed","ping_status":"closed","post_password":"","post_name":"foto-800_6847","to_ping":"","pinged":"","post_modified":"2025-04-21 12:58:04","post_modified_gmt":"2025-04-21 10:58:04","post_content_filtered":"","post_parent":"11829","guid":"https:\/\/spainfilmcommission.com\/wp-content\/uploads\/2025\/03\/foto-800_6847.jpg","menu_order":"0","post_type":"attachment","post_mime_type":"image\/jpeg","comment_count":"0","pod_item_id":"21415"},{"ID":"21417","post_author":"2","post_date":"2025-03-08 03:00:10","post_date_gmt":"2025-03-08 02:00:10","post_content":"","post_title":"foto-800_6857","post_excerpt":"","post_status":"inherit","comment_status":"closed","ping_status":"closed","post_password":"","post_name":"foto-800_6857","to_ping":"","pinged":"","post_modified":"2025-04-21 12:58:04","post_modified_gmt":"2025-04-21 10:58:04","post_content_filtered":"","post_parent":"11829","guid":"https:\/\/spainfilmcommission.com\/wp-content\/uploads\/2025\/03\/foto-800_6857.jpg","menu_order":"0","post_type":"attachment","post_mime_type":"image\/jpeg","comment_count":"0","pod_item_id":"21417"}],"nombrepaginaes":"basilica-de-santa-teresa","nombrepaginaen":"basilica-of-saint-teresa","latitud_gps":"40\u00b0 49\" 35.26\"","longitud_gps":"5\u00b0 30\" 55.11\"","adicionaleses":"","adicionalesen":"","videoes":"https:\/\/www.youtube.com\/watch?v=5_cOB5vj1SM","videoen":"","video2es":"","video2en":"","_links":{"self":[{"href":"https:\/\/spainfilmcommission.com\/en\/wp-json\/wp\/v2\/localizaciones\/localizacion\/11829","targetHints":{"allow":["GET"]}}],"collection":[{"href":"https:\/\/spainfilmcommission.com\/en\/wp-json\/wp\/v2\/localizaciones\/localizacion"}],"about":[{"href":"https:\/\/spainfilmcommission.com\/en\/wp-json\/wp\/v2\/types\/localizacion"}],"author":[{"embeddable":true,"href":"https:\/\/spainfilmcommission.com\/en\/wp-json\/wp\/v2\/users\/2"}],"wp:attachment":[{"href":"https:\/\/spainfilmcommission.com\/en\/wp-json\/wp\/v2\/media?parent=11829"}],"curies":[{"name":"wp","href":"https:\/\/api.w.org\/{rel}","templated":true}]}}