{"id":11828,"date":"2025-02-27T19:47:41","date_gmt":"2025-02-27T18:47:41","guid":{"rendered":"https:\/\/spainfilmcommission.com\/?post_type=localizacion&#038;p=11828"},"modified":"2025-04-21T18:56:29","modified_gmt":"2025-04-21T16:56:29","slug":"casa-de-los-deanes-museo-provincial","status":"publish","type":"localizacion","link":"https:\/\/spainfilmcommission.com\/en\/ai-locations\/casa-de-los-deanes-museo-provincial\/","title":{"rendered":"Casa de los Deanes &#8211; Museo Provincial"},"content":{"rendered":"","protected":false},"author":2,"template":"","meta":[],"class_list":["post-11828","localizacion","type-localizacion","status-publish","hentry"],"yoast_head":"<!-- This site is optimized with the Yoast SEO plugin v28.3 - https:\/\/yoast.com\/product\/yoast-seo-wordpress\/ -->\n<title>Rodar en Casa de los Deanes - Museo Provincial - Spain Film Commission<\/title>\n<meta name=\"description\" content=\"En esta p\u00e1gina encontrar\u00e1s una peque\u00f1a descripci\u00f3n, m\u00e1genes e informaci\u00f3n relevante para que te hagas una idea de c\u00f3mo es rodar en Casa de los Deanes - Museo Provincial\" \/>\n<meta name=\"robots\" content=\"index, follow, max-snippet:-1, max-image-preview:large, max-video-preview:-1\" \/>\n<link rel=\"canonical\" href=\"https:\/\/spainfilmcommission.com\/en\/ai-locations\/casa-de-los-deanes-museo-provincial\/\" \/>\n<meta property=\"og:locale\" content=\"en_US\" \/>\n<meta property=\"og:type\" content=\"article\" \/>\n<meta property=\"og:title\" content=\"Rodar en Casa de los Deanes - Museo Provincial - Spain Film Commission\" \/>\n<meta property=\"og:description\" content=\"En esta p\u00e1gina encontrar\u00e1s una peque\u00f1a descripci\u00f3n, m\u00e1genes e informaci\u00f3n relevante para que te hagas una idea de c\u00f3mo es rodar en Casa de los Deanes - Museo Provincial\" \/>\n<meta property=\"og:url\" content=\"https:\/\/spainfilmcommission.com\/en\/ai-locations\/casa-de-los-deanes-museo-provincial\/\" \/>\n<meta property=\"og:site_name\" content=\"Spain Film Commission\" \/>\n<meta property=\"article:modified_time\" content=\"2025-04-21T16:56:29+00:00\" \/>\n<meta name=\"twitter:card\" content=\"summary_large_image\" \/>\n<script type=\"application\/ld+json\" class=\"yoast-schema-graph\">{\"@context\":\"https:\\\/\\\/schema.org\",\"@graph\":[{\"@type\":\"WebPage\",\"@id\":\"https:\\\/\\\/spainfilmcommission.com\\\/en\\\/ai-locations\\\/casa-de-los-deanes-museo-provincial\\\/\",\"url\":\"https:\\\/\\\/spainfilmcommission.com\\\/en\\\/ai-locations\\\/casa-de-los-deanes-museo-provincial\\\/\",\"name\":\"Rodar en Casa de los Deanes - Museo Provincial - Spain Film Commission\",\"isPartOf\":{\"@id\":\"https:\\\/\\\/spainfilmcommission.com\\\/en\\\/#website\"},\"datePublished\":\"2025-02-27T18:47:41+00:00\",\"dateModified\":\"2025-04-21T16:56:29+00:00\",\"description\":\"En esta p\u00e1gina encontrar\u00e1s una peque\u00f1a descripci\u00f3n, m\u00e1genes e informaci\u00f3n relevante para que te hagas una idea de c\u00f3mo es rodar en Casa de los Deanes - Museo Provincial\",\"breadcrumb\":{\"@id\":\"https:\\\/\\\/spainfilmcommission.com\\\/en\\\/ai-locations\\\/casa-de-los-deanes-museo-provincial\\\/#breadcrumb\"},\"inLanguage\":\"en-US\",\"potentialAction\":[{\"@type\":\"ReadAction\",\"target\":[\"https:\\\/\\\/spainfilmcommission.com\\\/en\\\/ai-locations\\\/casa-de-los-deanes-museo-provincial\\\/\"]}]},{\"@type\":\"BreadcrumbList\",\"@id\":\"https:\\\/\\\/spainfilmcommission.com\\\/en\\\/ai-locations\\\/casa-de-los-deanes-museo-provincial\\\/#breadcrumb\",\"itemListElement\":[{\"@type\":\"ListItem\",\"position\":1,\"name\":\"Portada\",\"item\":\"https:\\\/\\\/spainfilmcommission.com\\\/en\\\/\"},{\"@type\":\"ListItem\",\"position\":2,\"name\":\"Casa de los Deanes &#8211; Museo Provincial\"}]},{\"@type\":\"WebSite\",\"@id\":\"https:\\\/\\\/spainfilmcommission.com\\\/en\\\/#website\",\"url\":\"https:\\\/\\\/spainfilmcommission.com\\\/en\\\/\",\"name\":\"Spain Film Commission\",\"description\":\"\",\"publisher\":{\"@id\":\"https:\\\/\\\/spainfilmcommission.com\\\/en\\\/#organization\"},\"potentialAction\":[{\"@type\":\"SearchAction\",\"target\":{\"@type\":\"EntryPoint\",\"urlTemplate\":\"https:\\\/\\\/spainfilmcommission.com\\\/en\\\/?s={search_term_string}\"},\"query-input\":{\"@type\":\"PropertyValueSpecification\",\"valueRequired\":true,\"valueName\":\"search_term_string\"}}],\"inLanguage\":\"en-US\"},{\"@type\":\"Organization\",\"@id\":\"https:\\\/\\\/spainfilmcommission.com\\\/en\\\/#organization\",\"name\":\"Spain Film Commission\",\"url\":\"https:\\\/\\\/spainfilmcommission.com\\\/en\\\/\",\"logo\":{\"@type\":\"ImageObject\",\"inLanguage\":\"en-US\",\"@id\":\"https:\\\/\\\/spainfilmcommission.com\\\/en\\\/#\\\/schema\\\/logo\\\/image\\\/\",\"url\":\"https:\\\/\\\/spainfilmcommission.com\\\/wp-content\\\/uploads\\\/2024\\\/07\\\/SPC_COLOR.png\",\"contentUrl\":\"https:\\\/\\\/spainfilmcommission.com\\\/wp-content\\\/uploads\\\/2024\\\/07\\\/SPC_COLOR.png\",\"width\":1665,\"height\":1665,\"caption\":\"Spain Film Commission\"},\"image\":{\"@id\":\"https:\\\/\\\/spainfilmcommission.com\\\/en\\\/#\\\/schema\\\/logo\\\/image\\\/\"}}]}<\/script>\n<!-- \/ Yoast SEO plugin. -->","yoast_head_json":{"title":"Rodar en Casa de los Deanes - Museo Provincial - Spain Film Commission","description":"En esta p\u00e1gina encontrar\u00e1s una peque\u00f1a descripci\u00f3n, m\u00e1genes e informaci\u00f3n relevante para que te hagas una idea de c\u00f3mo es rodar en Casa de los Deanes - Museo Provincial","robots":{"index":"index","follow":"follow","max-snippet":"max-snippet:-1","max-image-preview":"max-image-preview:large","max-video-preview":"max-video-preview:-1"},"canonical":"https:\/\/spainfilmcommission.com\/en\/ai-locations\/casa-de-los-deanes-museo-provincial\/","og_locale":"en_US","og_type":"article","og_title":"Rodar en Casa de los Deanes - Museo Provincial - Spain Film Commission","og_description":"En esta p\u00e1gina encontrar\u00e1s una peque\u00f1a descripci\u00f3n, m\u00e1genes e informaci\u00f3n relevante para que te hagas una idea de c\u00f3mo es rodar en Casa de los Deanes - Museo Provincial","og_url":"https:\/\/spainfilmcommission.com\/en\/ai-locations\/casa-de-los-deanes-museo-provincial\/","og_site_name":"Spain Film Commission","article_modified_time":"2025-04-21T16:56:29+00:00","twitter_card":"summary_large_image","schema":{"@context":"https:\/\/schema.org","@graph":[{"@type":"WebPage","@id":"https:\/\/spainfilmcommission.com\/en\/ai-locations\/casa-de-los-deanes-museo-provincial\/","url":"https:\/\/spainfilmcommission.com\/en\/ai-locations\/casa-de-los-deanes-museo-provincial\/","name":"Rodar en Casa de los Deanes - Museo Provincial - Spain Film Commission","isPartOf":{"@id":"https:\/\/spainfilmcommission.com\/en\/#website"},"datePublished":"2025-02-27T18:47:41+00:00","dateModified":"2025-04-21T16:56:29+00:00","description":"En esta p\u00e1gina encontrar\u00e1s una peque\u00f1a descripci\u00f3n, m\u00e1genes e informaci\u00f3n relevante para que te hagas una idea de c\u00f3mo es rodar en Casa de los Deanes - Museo Provincial","breadcrumb":{"@id":"https:\/\/spainfilmcommission.com\/en\/ai-locations\/casa-de-los-deanes-museo-provincial\/#breadcrumb"},"inLanguage":"en-US","potentialAction":[{"@type":"ReadAction","target":["https:\/\/spainfilmcommission.com\/en\/ai-locations\/casa-de-los-deanes-museo-provincial\/"]}]},{"@type":"BreadcrumbList","@id":"https:\/\/spainfilmcommission.com\/en\/ai-locations\/casa-de-los-deanes-museo-provincial\/#breadcrumb","itemListElement":[{"@type":"ListItem","position":1,"name":"Portada","item":"https:\/\/spainfilmcommission.com\/en\/"},{"@type":"ListItem","position":2,"name":"Casa de los Deanes &#8211; Museo Provincial"}]},{"@type":"WebSite","@id":"https:\/\/spainfilmcommission.com\/en\/#website","url":"https:\/\/spainfilmcommission.com\/en\/","name":"Spain Film Commission","description":"","publisher":{"@id":"https:\/\/spainfilmcommission.com\/en\/#organization"},"potentialAction":[{"@type":"SearchAction","target":{"@type":"EntryPoint","urlTemplate":"https:\/\/spainfilmcommission.com\/en\/?s={search_term_string}"},"query-input":{"@type":"PropertyValueSpecification","valueRequired":true,"valueName":"search_term_string"}}],"inLanguage":"en-US"},{"@type":"Organization","@id":"https:\/\/spainfilmcommission.com\/en\/#organization","name":"Spain Film Commission","url":"https:\/\/spainfilmcommission.com\/en\/","logo":{"@type":"ImageObject","inLanguage":"en-US","@id":"https:\/\/spainfilmcommission.com\/en\/#\/schema\/logo\/image\/","url":"https:\/\/spainfilmcommission.com\/wp-content\/uploads\/2024\/07\/SPC_COLOR.png","contentUrl":"https:\/\/spainfilmcommission.com\/wp-content\/uploads\/2024\/07\/SPC_COLOR.png","width":1665,"height":1665,"caption":"Spain Film Commission"},"image":{"@id":"https:\/\/spainfilmcommission.com\/en\/#\/schema\/logo\/image\/"}}]}},"socio":[{"ID":"28","user_login":"castilla-y-leon-film-commission","user_nicename":"castilla-y-leon-film-commission","display_name":"castilla-y-leon-film-commission","user_pass":"****************","user_email":"kristine.guzman@jcyl.es","user_url":"","user_registered":"2024-12-19 15:53:09","id":28}],"nombrees":"Casa de los Deanes - Museo Provincial","nombreen":"House of the deans - Provincial Museum","localidad":"\u00c1vila","provincia":"\u00c1vila","coordenadas_maps":"40.656548, -4.695620","latitud":"40.656548000000","longitud":"-4.695620000000","direcciones":"","direccionen":"","cod_postal":[],"telefono":"","fax":"","mail":"","web":"","descripciones":"Mansi\u00f3n se\u00f1orial antigua residencia de los deanes, m\u00e1xima dignidad del Cabildo catedralicio. Consta de dos edificios con fachada plateresca. Es una t\u00edpica edificaci\u00f3n castellana del siglo XVI de dos plantas excelentemente conservada, que consta de un edificio principal y otros auxiliares que constituyen las caballerizas. Destaca la fachada principal con columnas y que luce los escudos de diferentes cabildos, coronada con pin\u00e1culos barrocos y medallones platerescos. Tiene dos plantas separadas por saliente cornisa; verticalmente se divide en cinco calles distribuidas sim\u00e9tricamente y separadas en ambas alturas por columnas con capitel. El eje central lo ocupa la portada de acceso con arco escarzano, con balc\u00f3n encima y ventana rectangular de mayor anchura que las laterales para resaltar el centro con un t\u00edmpano circular decorado con relieve. Las calles laterales se organizan con ventana cuadrada y enrejada en la planta baja y con balc\u00f3n volado en la superior. El patio interior tiene dos galer\u00edas de arcos a dos alturas sostenidas por columnas de granito.","descripcionen":"","galeria":[{"ID":"21367","post_author":"2","post_date":"2025-03-08 02:59:24","post_date_gmt":"2025-03-08 01:59:24","post_content":"","post_title":"foto-799_7380","post_excerpt":"","post_status":"inherit","comment_status":"closed","ping_status":"closed","post_password":"","post_name":"foto-799_7380","to_ping":"","pinged":"","post_modified":"2025-04-21 18:56:29","post_modified_gmt":"2025-04-21 16:56:29","post_content_filtered":"","post_parent":"11828","guid":"https:\/\/spainfilmcommission.com\/wp-content\/uploads\/2025\/03\/foto-799_7380.jpg","menu_order":"0","post_type":"attachment","post_mime_type":"image\/jpeg","comment_count":"0","pod_item_id":"21367"},{"ID":"21369","post_author":"2","post_date":"2025-03-08 02:59:26","post_date_gmt":"2025-03-08 01:59:26","post_content":"","post_title":"foto-799_7381","post_excerpt":"","post_status":"inherit","comment_status":"closed","ping_status":"closed","post_password":"","post_name":"foto-799_7381","to_ping":"","pinged":"","post_modified":"2025-04-21 18:56:29","post_modified_gmt":"2025-04-21 16:56:29","post_content_filtered":"","post_parent":"11828","guid":"https:\/\/spainfilmcommission.com\/wp-content\/uploads\/2025\/03\/foto-799_7381.jpg","menu_order":"0","post_type":"attachment","post_mime_type":"image\/jpeg","comment_count":"0","pod_item_id":"21369"},{"ID":"21371","post_author":"2","post_date":"2025-03-08 02:59:28","post_date_gmt":"2025-03-08 01:59:28","post_content":"","post_title":"foto-799_7382","post_excerpt":"","post_status":"inherit","comment_status":"closed","ping_status":"closed","post_password":"","post_name":"foto-799_7382","to_ping":"","pinged":"","post_modified":"2025-04-21 18:56:29","post_modified_gmt":"2025-04-21 16:56:29","post_content_filtered":"","post_parent":"11828","guid":"https:\/\/spainfilmcommission.com\/wp-content\/uploads\/2025\/03\/foto-799_7382.jpg","menu_order":"0","post_type":"attachment","post_mime_type":"image\/jpeg","comment_count":"0","pod_item_id":"21371"},{"ID":"21373","post_author":"2","post_date":"2025-03-08 02:59:29","post_date_gmt":"2025-03-08 01:59:29","post_content":"","post_title":"foto-799_7383","post_excerpt":"","post_status":"inherit","comment_status":"closed","ping_status":"closed","post_password":"","post_name":"foto-799_7383","to_ping":"","pinged":"","post_modified":"2025-04-21 18:56:29","post_modified_gmt":"2025-04-21 16:56:29","post_content_filtered":"","post_parent":"11828","guid":"https:\/\/spainfilmcommission.com\/wp-content\/uploads\/2025\/03\/foto-799_7383.jpg","menu_order":"0","post_type":"attachment","post_mime_type":"image\/jpeg","comment_count":"0","pod_item_id":"21373"},{"ID":"21375","post_author":"2","post_date":"2025-03-08 02:59:31","post_date_gmt":"2025-03-08 01:59:31","post_content":"","post_title":"foto-799_7384","post_excerpt":"","post_status":"inherit","comment_status":"closed","ping_status":"closed","post_password":"","post_name":"foto-799_7384","to_ping":"","pinged":"","post_modified":"2025-04-21 18:56:29","post_modified_gmt":"2025-04-21 16:56:29","post_content_filtered":"","post_parent":"11828","guid":"https:\/\/spainfilmcommission.com\/wp-content\/uploads\/2025\/03\/foto-799_7384.jpg","menu_order":"0","post_type":"attachment","post_mime_type":"image\/jpeg","comment_count":"0","pod_item_id":"21375"},{"ID":"21377","post_author":"2","post_date":"2025-03-08 02:59:33","post_date_gmt":"2025-03-08 01:59:33","post_content":"","post_title":"foto-799_7385","post_excerpt":"","post_status":"inherit","comment_status":"closed","ping_status":"closed","post_password":"","post_name":"foto-799_7385","to_ping":"","pinged":"","post_modified":"2025-04-21 18:56:29","post_modified_gmt":"2025-04-21 16:56:29","post_content_filtered":"","post_parent":"11828","guid":"https:\/\/spainfilmcommission.com\/wp-content\/uploads\/2025\/03\/foto-799_7385.jpg","menu_order":"0","post_type":"attachment","post_mime_type":"image\/jpeg","comment_count":"0","pod_item_id":"21377"},{"ID":"21379","post_author":"2","post_date":"2025-03-08 02:59:36","post_date_gmt":"2025-03-08 01:59:36","post_content":"","post_title":"foto-799_7386","post_excerpt":"","post_status":"inherit","comment_status":"closed","ping_status":"closed","post_password":"","post_name":"foto-799_7386","to_ping":"","pinged":"","post_modified":"2025-04-21 18:56:29","post_modified_gmt":"2025-04-21 16:56:29","post_content_filtered":"","post_parent":"11828","guid":"https:\/\/spainfilmcommission.com\/wp-content\/uploads\/2025\/03\/foto-799_7386.jpg","menu_order":"0","post_type":"attachment","post_mime_type":"image\/jpeg","comment_count":"0","pod_item_id":"21379"},{"ID":"21381","post_author":"2","post_date":"2025-03-08 02:59:38","post_date_gmt":"2025-03-08 01:59:38","post_content":"","post_title":"foto-799_7387","post_excerpt":"","post_status":"inherit","comment_status":"closed","ping_status":"closed","post_password":"","post_name":"foto-799_7387","to_ping":"","pinged":"","post_modified":"2025-04-21 18:56:29","post_modified_gmt":"2025-04-21 16:56:29","post_content_filtered":"","post_parent":"11828","guid":"https:\/\/spainfilmcommission.com\/wp-content\/uploads\/2025\/03\/foto-799_7387.jpg","menu_order":"0","post_type":"attachment","post_mime_type":"image\/jpeg","comment_count":"0","pod_item_id":"21381"},{"ID":"21383","post_author":"2","post_date":"2025-03-08 02:59:39","post_date_gmt":"2025-03-08 01:59:39","post_content":"","post_title":"foto-799_7388","post_excerpt":"","post_status":"inherit","comment_status":"closed","ping_status":"closed","post_password":"","post_name":"foto-799_7388","to_ping":"","pinged":"","post_modified":"2025-04-21 18:56:29","post_modified_gmt":"2025-04-21 16:56:29","post_content_filtered":"","post_parent":"11828","guid":"https:\/\/spainfilmcommission.com\/wp-content\/uploads\/2025\/03\/foto-799_7388.jpg","menu_order":"0","post_type":"attachment","post_mime_type":"image\/jpeg","comment_count":"0","pod_item_id":"21383"},{"ID":"21385","post_author":"2","post_date":"2025-03-08 02:59:41","post_date_gmt":"2025-03-08 01:59:41","post_content":"","post_title":"foto-799_7389","post_excerpt":"","post_status":"inherit","comment_status":"closed","ping_status":"closed","post_password":"","post_name":"foto-799_7389","to_ping":"","pinged":"","post_modified":"2025-04-21 18:56:29","post_modified_gmt":"2025-04-21 16:56:29","post_content_filtered":"","post_parent":"11828","guid":"https:\/\/spainfilmcommission.com\/wp-content\/uploads\/2025\/03\/foto-799_7389.jpg","menu_order":"0","post_type":"attachment","post_mime_type":"image\/jpeg","comment_count":"0","pod_item_id":"21385"},{"ID":"21387","post_author":"2","post_date":"2025-03-08 02:59:43","post_date_gmt":"2025-03-08 01:59:43","post_content":"","post_title":"foto-799_7390","post_excerpt":"","post_status":"inherit","comment_status":"closed","ping_status":"closed","post_password":"","post_name":"foto-799_7390","to_ping":"","pinged":"","post_modified":"2025-04-21 18:56:29","post_modified_gmt":"2025-04-21 16:56:29","post_content_filtered":"","post_parent":"11828","guid":"https:\/\/spainfilmcommission.com\/wp-content\/uploads\/2025\/03\/foto-799_7390.jpg","menu_order":"0","post_type":"attachment","post_mime_type":"image\/jpeg","comment_count":"0","pod_item_id":"21387"},{"ID":"21389","post_author":"2","post_date":"2025-03-08 02:59:44","post_date_gmt":"2025-03-08 01:59:44","post_content":"","post_title":"foto-799_7391","post_excerpt":"","post_status":"inherit","comment_status":"closed","ping_status":"closed","post_password":"","post_name":"foto-799_7391","to_ping":"","pinged":"","post_modified":"2025-04-21 18:56:29","post_modified_gmt":"2025-04-21 16:56:29","post_content_filtered":"","post_parent":"11828","guid":"https:\/\/spainfilmcommission.com\/wp-content\/uploads\/2025\/03\/foto-799_7391.jpg","menu_order":"0","post_type":"attachment","post_mime_type":"image\/jpeg","comment_count":"0","pod_item_id":"21389"},{"ID":"21391","post_author":"2","post_date":"2025-03-08 02:59:46","post_date_gmt":"2025-03-08 01:59:46","post_content":"","post_title":"foto-799_7392","post_excerpt":"","post_status":"inherit","comment_status":"closed","ping_status":"closed","post_password":"","post_name":"foto-799_7392","to_ping":"","pinged":"","post_modified":"2025-04-21 18:56:29","post_modified_gmt":"2025-04-21 16:56:29","post_content_filtered":"","post_parent":"11828","guid":"https:\/\/spainfilmcommission.com\/wp-content\/uploads\/2025\/03\/foto-799_7392.jpg","menu_order":"0","post_type":"attachment","post_mime_type":"image\/jpeg","comment_count":"0","pod_item_id":"21391"},{"ID":"21393","post_author":"2","post_date":"2025-03-08 02:59:48","post_date_gmt":"2025-03-08 01:59:48","post_content":"","post_title":"foto-799_7393","post_excerpt":"","post_status":"inherit","comment_status":"closed","ping_status":"closed","post_password":"","post_name":"foto-799_7393","to_ping":"","pinged":"","post_modified":"2025-04-21 18:56:29","post_modified_gmt":"2025-04-21 16:56:29","post_content_filtered":"","post_parent":"11828","guid":"https:\/\/spainfilmcommission.com\/wp-content\/uploads\/2025\/03\/foto-799_7393.jpg","menu_order":"0","post_type":"attachment","post_mime_type":"image\/jpeg","comment_count":"0","pod_item_id":"21393"},{"ID":"21395","post_author":"2","post_date":"2025-03-08 02:59:49","post_date_gmt":"2025-03-08 01:59:49","post_content":"","post_title":"foto-799_7394","post_excerpt":"","post_status":"inherit","comment_status":"closed","ping_status":"closed","post_password":"","post_name":"foto-799_7394","to_ping":"","pinged":"","post_modified":"2025-04-21 18:56:29","post_modified_gmt":"2025-04-21 16:56:29","post_content_filtered":"","post_parent":"11828","guid":"https:\/\/spainfilmcommission.com\/wp-content\/uploads\/2025\/03\/foto-799_7394.jpg","menu_order":"0","post_type":"attachment","post_mime_type":"image\/jpeg","comment_count":"0","pod_item_id":"21395"},{"ID":"21397","post_author":"2","post_date":"2025-03-08 02:59:51","post_date_gmt":"2025-03-08 01:59:51","post_content":"","post_title":"foto-799_7395","post_excerpt":"","post_status":"inherit","comment_status":"closed","ping_status":"closed","post_password":"","post_name":"foto-799_7395","to_ping":"","pinged":"","post_modified":"2025-04-21 18:56:29","post_modified_gmt":"2025-04-21 16:56:29","post_content_filtered":"","post_parent":"11828","guid":"https:\/\/spainfilmcommission.com\/wp-content\/uploads\/2025\/03\/foto-799_7395.jpg","menu_order":"0","post_type":"attachment","post_mime_type":"image\/jpeg","comment_count":"0","pod_item_id":"21397"},{"ID":"21399","post_author":"2","post_date":"2025-03-08 02:59:53","post_date_gmt":"2025-03-08 01:59:53","post_content":"","post_title":"foto-799_7396","post_excerpt":"","post_status":"inherit","comment_status":"closed","ping_status":"closed","post_password":"","post_name":"foto-799_7396","to_ping":"","pinged":"","post_modified":"2025-04-21 18:56:29","post_modified_gmt":"2025-04-21 16:56:29","post_content_filtered":"","post_parent":"11828","guid":"https:\/\/spainfilmcommission.com\/wp-content\/uploads\/2025\/03\/foto-799_7396.jpg","menu_order":"0","post_type":"attachment","post_mime_type":"image\/jpeg","comment_count":"0","pod_item_id":"21399"},{"ID":"21401","post_author":"2","post_date":"2025-03-08 02:59:54","post_date_gmt":"2025-03-08 01:59:54","post_content":"","post_title":"foto-799_7397","post_excerpt":"","post_status":"inherit","comment_status":"closed","ping_status":"closed","post_password":"","post_name":"foto-799_7397","to_ping":"","pinged":"","post_modified":"2025-04-21 18:56:29","post_modified_gmt":"2025-04-21 16:56:29","post_content_filtered":"","post_parent":"11828","guid":"https:\/\/spainfilmcommission.com\/wp-content\/uploads\/2025\/03\/foto-799_7397.jpg","menu_order":"0","post_type":"attachment","post_mime_type":"image\/jpeg","comment_count":"0","pod_item_id":"21401"}],"nombrepaginaes":"casa-de-los-deanes-museo-provincial","nombrepaginaen":"house-of-the-deans-provincial-museum","latitud_gps":"40\u00ba39'23.7","longitud_gps":"4\u00ba41'44.3","adicionaleses":"","adicionalesen":"","videoes":"","videoen":"","video2es":"","video2en":"","_links":{"self":[{"href":"https:\/\/spainfilmcommission.com\/en\/wp-json\/wp\/v2\/localizaciones\/localizacion\/11828","targetHints":{"allow":["GET"]}}],"collection":[{"href":"https:\/\/spainfilmcommission.com\/en\/wp-json\/wp\/v2\/localizaciones\/localizacion"}],"about":[{"href":"https:\/\/spainfilmcommission.com\/en\/wp-json\/wp\/v2\/types\/localizacion"}],"author":[{"embeddable":true,"href":"https:\/\/spainfilmcommission.com\/en\/wp-json\/wp\/v2\/users\/2"}],"wp:attachment":[{"href":"https:\/\/spainfilmcommission.com\/en\/wp-json\/wp\/v2\/media?parent=11828"}],"curies":[{"name":"wp","href":"https:\/\/api.w.org\/{rel}","templated":true}]}}