{"id":11826,"date":"2025-02-27T19:47:41","date_gmt":"2025-02-27T18:47:41","guid":{"rendered":"https:\/\/spainfilmcommission.com\/?post_type=localizacion&#038;p=11826"},"modified":"2025-04-21T20:28:38","modified_gmt":"2025-04-21T18:28:38","slug":"centro-conde-duque","status":"publish","type":"localizacion","link":"https:\/\/spainfilmcommission.com\/en\/ai-locations\/centro-conde-duque\/","title":{"rendered":"Centro Conde Duque"},"content":{"rendered":"","protected":false},"author":2,"template":"","meta":[],"class_list":["post-11826","localizacion","type-localizacion","status-publish","hentry"],"yoast_head":"<!-- This site is optimized with the Yoast SEO plugin v28.3 - https:\/\/yoast.com\/product\/yoast-seo-wordpress\/ -->\n<title>Rodar en Centro Conde Duque - Spain Film Commission<\/title>\n<meta name=\"description\" content=\"En esta p\u00e1gina encontrar\u00e1s una peque\u00f1a descripci\u00f3n, m\u00e1genes e informaci\u00f3n relevante para que te hagas una idea de c\u00f3mo es rodar en Centro Conde Duque\" \/>\n<meta name=\"robots\" content=\"index, follow, max-snippet:-1, max-image-preview:large, max-video-preview:-1\" \/>\n<link rel=\"canonical\" href=\"https:\/\/spainfilmcommission.com\/en\/ai-locations\/centro-conde-duque\/\" \/>\n<meta property=\"og:locale\" content=\"en_US\" \/>\n<meta property=\"og:type\" content=\"article\" \/>\n<meta property=\"og:title\" content=\"Rodar en Centro Conde Duque - Spain Film Commission\" \/>\n<meta property=\"og:description\" content=\"En esta p\u00e1gina encontrar\u00e1s una peque\u00f1a descripci\u00f3n, m\u00e1genes e informaci\u00f3n relevante para que te hagas una idea de c\u00f3mo es rodar en Centro Conde Duque\" \/>\n<meta property=\"og:url\" content=\"https:\/\/spainfilmcommission.com\/en\/ai-locations\/centro-conde-duque\/\" \/>\n<meta property=\"og:site_name\" content=\"Spain Film Commission\" \/>\n<meta property=\"article:modified_time\" content=\"2025-04-21T18:28:38+00:00\" \/>\n<meta name=\"twitter:card\" content=\"summary_large_image\" \/>\n<script type=\"application\/ld+json\" class=\"yoast-schema-graph\">{\"@context\":\"https:\\\/\\\/schema.org\",\"@graph\":[{\"@type\":\"WebPage\",\"@id\":\"https:\\\/\\\/spainfilmcommission.com\\\/en\\\/ai-locations\\\/centro-conde-duque\\\/\",\"url\":\"https:\\\/\\\/spainfilmcommission.com\\\/en\\\/ai-locations\\\/centro-conde-duque\\\/\",\"name\":\"Rodar en Centro Conde Duque - Spain Film Commission\",\"isPartOf\":{\"@id\":\"https:\\\/\\\/spainfilmcommission.com\\\/en\\\/#website\"},\"datePublished\":\"2025-02-27T18:47:41+00:00\",\"dateModified\":\"2025-04-21T18:28:38+00:00\",\"description\":\"En esta p\u00e1gina encontrar\u00e1s una peque\u00f1a descripci\u00f3n, m\u00e1genes e informaci\u00f3n relevante para que te hagas una idea de c\u00f3mo es rodar en Centro Conde Duque\",\"breadcrumb\":{\"@id\":\"https:\\\/\\\/spainfilmcommission.com\\\/en\\\/ai-locations\\\/centro-conde-duque\\\/#breadcrumb\"},\"inLanguage\":\"en-US\",\"potentialAction\":[{\"@type\":\"ReadAction\",\"target\":[\"https:\\\/\\\/spainfilmcommission.com\\\/en\\\/ai-locations\\\/centro-conde-duque\\\/\"]}]},{\"@type\":\"BreadcrumbList\",\"@id\":\"https:\\\/\\\/spainfilmcommission.com\\\/en\\\/ai-locations\\\/centro-conde-duque\\\/#breadcrumb\",\"itemListElement\":[{\"@type\":\"ListItem\",\"position\":1,\"name\":\"Portada\",\"item\":\"https:\\\/\\\/spainfilmcommission.com\\\/en\\\/\"},{\"@type\":\"ListItem\",\"position\":2,\"name\":\"Centro Conde Duque\"}]},{\"@type\":\"WebSite\",\"@id\":\"https:\\\/\\\/spainfilmcommission.com\\\/en\\\/#website\",\"url\":\"https:\\\/\\\/spainfilmcommission.com\\\/en\\\/\",\"name\":\"Spain Film Commission\",\"description\":\"\",\"publisher\":{\"@id\":\"https:\\\/\\\/spainfilmcommission.com\\\/en\\\/#organization\"},\"potentialAction\":[{\"@type\":\"SearchAction\",\"target\":{\"@type\":\"EntryPoint\",\"urlTemplate\":\"https:\\\/\\\/spainfilmcommission.com\\\/en\\\/?s={search_term_string}\"},\"query-input\":{\"@type\":\"PropertyValueSpecification\",\"valueRequired\":true,\"valueName\":\"search_term_string\"}}],\"inLanguage\":\"en-US\"},{\"@type\":\"Organization\",\"@id\":\"https:\\\/\\\/spainfilmcommission.com\\\/en\\\/#organization\",\"name\":\"Spain Film Commission\",\"url\":\"https:\\\/\\\/spainfilmcommission.com\\\/en\\\/\",\"logo\":{\"@type\":\"ImageObject\",\"inLanguage\":\"en-US\",\"@id\":\"https:\\\/\\\/spainfilmcommission.com\\\/en\\\/#\\\/schema\\\/logo\\\/image\\\/\",\"url\":\"https:\\\/\\\/spainfilmcommission.com\\\/wp-content\\\/uploads\\\/2024\\\/07\\\/SPC_COLOR.png\",\"contentUrl\":\"https:\\\/\\\/spainfilmcommission.com\\\/wp-content\\\/uploads\\\/2024\\\/07\\\/SPC_COLOR.png\",\"width\":1665,\"height\":1665,\"caption\":\"Spain Film Commission\"},\"image\":{\"@id\":\"https:\\\/\\\/spainfilmcommission.com\\\/en\\\/#\\\/schema\\\/logo\\\/image\\\/\"}}]}<\/script>\n<!-- \/ Yoast SEO plugin. -->","yoast_head_json":{"title":"Rodar en Centro Conde Duque - Spain Film Commission","description":"En esta p\u00e1gina encontrar\u00e1s una peque\u00f1a descripci\u00f3n, m\u00e1genes e informaci\u00f3n relevante para que te hagas una idea de c\u00f3mo es rodar en Centro Conde Duque","robots":{"index":"index","follow":"follow","max-snippet":"max-snippet:-1","max-image-preview":"max-image-preview:large","max-video-preview":"max-video-preview:-1"},"canonical":"https:\/\/spainfilmcommission.com\/en\/ai-locations\/centro-conde-duque\/","og_locale":"en_US","og_type":"article","og_title":"Rodar en Centro Conde Duque - Spain Film Commission","og_description":"En esta p\u00e1gina encontrar\u00e1s una peque\u00f1a descripci\u00f3n, m\u00e1genes e informaci\u00f3n relevante para que te hagas una idea de c\u00f3mo es rodar en Centro Conde Duque","og_url":"https:\/\/spainfilmcommission.com\/en\/ai-locations\/centro-conde-duque\/","og_site_name":"Spain Film Commission","article_modified_time":"2025-04-21T18:28:38+00:00","twitter_card":"summary_large_image","schema":{"@context":"https:\/\/schema.org","@graph":[{"@type":"WebPage","@id":"https:\/\/spainfilmcommission.com\/en\/ai-locations\/centro-conde-duque\/","url":"https:\/\/spainfilmcommission.com\/en\/ai-locations\/centro-conde-duque\/","name":"Rodar en Centro Conde Duque - Spain Film Commission","isPartOf":{"@id":"https:\/\/spainfilmcommission.com\/en\/#website"},"datePublished":"2025-02-27T18:47:41+00:00","dateModified":"2025-04-21T18:28:38+00:00","description":"En esta p\u00e1gina encontrar\u00e1s una peque\u00f1a descripci\u00f3n, m\u00e1genes e informaci\u00f3n relevante para que te hagas una idea de c\u00f3mo es rodar en Centro Conde Duque","breadcrumb":{"@id":"https:\/\/spainfilmcommission.com\/en\/ai-locations\/centro-conde-duque\/#breadcrumb"},"inLanguage":"en-US","potentialAction":[{"@type":"ReadAction","target":["https:\/\/spainfilmcommission.com\/en\/ai-locations\/centro-conde-duque\/"]}]},{"@type":"BreadcrumbList","@id":"https:\/\/spainfilmcommission.com\/en\/ai-locations\/centro-conde-duque\/#breadcrumb","itemListElement":[{"@type":"ListItem","position":1,"name":"Portada","item":"https:\/\/spainfilmcommission.com\/en\/"},{"@type":"ListItem","position":2,"name":"Centro Conde Duque"}]},{"@type":"WebSite","@id":"https:\/\/spainfilmcommission.com\/en\/#website","url":"https:\/\/spainfilmcommission.com\/en\/","name":"Spain Film Commission","description":"","publisher":{"@id":"https:\/\/spainfilmcommission.com\/en\/#organization"},"potentialAction":[{"@type":"SearchAction","target":{"@type":"EntryPoint","urlTemplate":"https:\/\/spainfilmcommission.com\/en\/?s={search_term_string}"},"query-input":{"@type":"PropertyValueSpecification","valueRequired":true,"valueName":"search_term_string"}}],"inLanguage":"en-US"},{"@type":"Organization","@id":"https:\/\/spainfilmcommission.com\/en\/#organization","name":"Spain Film Commission","url":"https:\/\/spainfilmcommission.com\/en\/","logo":{"@type":"ImageObject","inLanguage":"en-US","@id":"https:\/\/spainfilmcommission.com\/en\/#\/schema\/logo\/image\/","url":"https:\/\/spainfilmcommission.com\/wp-content\/uploads\/2024\/07\/SPC_COLOR.png","contentUrl":"https:\/\/spainfilmcommission.com\/wp-content\/uploads\/2024\/07\/SPC_COLOR.png","width":1665,"height":1665,"caption":"Spain Film Commission"},"image":{"@id":"https:\/\/spainfilmcommission.com\/en\/#\/schema\/logo\/image\/"}}]}},"socio":[{"ID":"33","user_login":"madrid-film-office","user_nicename":"madrid-film-office","display_name":"madrid-film-office","user_pass":"****************","user_email":"info@madridfilmoffice.com","user_url":"","user_registered":"2024-12-19 16:08:42","id":33}],"nombrees":"Centro Conde Duque","nombreen":"Centro Conde Duque","localidad":"Madrid","provincia":"Madrid","coordenadas_maps":"40.427473, -3.710731","latitud":"40.427473000000","longitud":"-3.710731000000","direcciones":"","direccionen":"","cod_postal":[],"telefono":"","fax":"","mail":"","web":"http:\/\/www.condeduquemadrid.es\/","descripciones":"Centro Conde Duque es un espacio cultural ubicado en el antiguo cuartel del Conde-Duque, uno de los grandes ejemplos de la arquitectura madrile\u00f1a del siglo XVIII con su imponente fachada rosada. Sus espacios est\u00e1n organizados en torno a un gran patio central y dos patios laterales, acogiendo eventos en sus tres patios, disponiendo de galer\u00edas y pasillos que mezclan vestigios hist\u00f3ricos y est\u00e9tica contempor\u00e1nea.","descripcionen":"Conde Duque Cultural Centre is a cultural space ensconced in the former Conde-Duque barracks; with its impressive pink fa\u00e7ade it is one of the finest examples of 18th-century Madrid architecture. Its spaces are organised around a great central courtyard and two side courtyards. The Conde Duque Cultural Centre holds events in its three courtyards, and it has other galleries and corridors that combine historical remains and contemporary aesthetics.","galeria":[{"ID":"21309","post_author":"2","post_date":"2025-03-08 02:58:29","post_date_gmt":"2025-03-08 01:58:29","post_content":"","post_title":"foto-797_6797","post_excerpt":"","post_status":"inherit","comment_status":"closed","ping_status":"closed","post_password":"","post_name":"foto-797_6797","to_ping":"","pinged":"","post_modified":"2025-04-21 20:28:38","post_modified_gmt":"2025-04-21 18:28:38","post_content_filtered":"","post_parent":"11826","guid":"https:\/\/spainfilmcommission.com\/wp-content\/uploads\/2025\/03\/foto-797_6797.jpg","menu_order":"0","post_type":"attachment","post_mime_type":"image\/jpeg","comment_count":"0","pod_item_id":"21309"},{"ID":"21311","post_author":"2","post_date":"2025-03-08 02:58:31","post_date_gmt":"2025-03-08 01:58:31","post_content":"","post_title":"foto-797_6816","post_excerpt":"","post_status":"inherit","comment_status":"closed","ping_status":"closed","post_password":"","post_name":"foto-797_6816","to_ping":"","pinged":"","post_modified":"2025-04-21 20:28:38","post_modified_gmt":"2025-04-21 18:28:38","post_content_filtered":"","post_parent":"11826","guid":"https:\/\/spainfilmcommission.com\/wp-content\/uploads\/2025\/03\/foto-797_6816.jpg","menu_order":"0","post_type":"attachment","post_mime_type":"image\/jpeg","comment_count":"0","pod_item_id":"21311"},{"ID":"21313","post_author":"2","post_date":"2025-03-08 02:58:33","post_date_gmt":"2025-03-08 01:58:33","post_content":"","post_title":"foto-797_6817","post_excerpt":"","post_status":"inherit","comment_status":"closed","ping_status":"closed","post_password":"","post_name":"foto-797_6817","to_ping":"","pinged":"","post_modified":"2025-04-21 20:28:38","post_modified_gmt":"2025-04-21 18:28:38","post_content_filtered":"","post_parent":"11826","guid":"https:\/\/spainfilmcommission.com\/wp-content\/uploads\/2025\/03\/foto-797_6817.jpg","menu_order":"0","post_type":"attachment","post_mime_type":"image\/jpeg","comment_count":"0","pod_item_id":"21313"},{"ID":"21315","post_author":"2","post_date":"2025-03-08 02:58:34","post_date_gmt":"2025-03-08 01:58:34","post_content":"","post_title":"foto-797_6818","post_excerpt":"","post_status":"inherit","comment_status":"closed","ping_status":"closed","post_password":"","post_name":"foto-797_6818","to_ping":"","pinged":"","post_modified":"2025-04-21 20:28:38","post_modified_gmt":"2025-04-21 18:28:38","post_content_filtered":"","post_parent":"11826","guid":"https:\/\/spainfilmcommission.com\/wp-content\/uploads\/2025\/03\/foto-797_6818.jpg","menu_order":"0","post_type":"attachment","post_mime_type":"image\/jpeg","comment_count":"0","pod_item_id":"21315"},{"ID":"21317","post_author":"2","post_date":"2025-03-08 02:58:36","post_date_gmt":"2025-03-08 01:58:36","post_content":"","post_title":"foto-797_6819","post_excerpt":"","post_status":"inherit","comment_status":"closed","ping_status":"closed","post_password":"","post_name":"foto-797_6819","to_ping":"","pinged":"","post_modified":"2025-04-21 20:28:38","post_modified_gmt":"2025-04-21 18:28:38","post_content_filtered":"","post_parent":"11826","guid":"https:\/\/spainfilmcommission.com\/wp-content\/uploads\/2025\/03\/foto-797_6819.jpg","menu_order":"0","post_type":"attachment","post_mime_type":"image\/jpeg","comment_count":"0","pod_item_id":"21317"},{"ID":"21319","post_author":"2","post_date":"2025-03-08 02:58:39","post_date_gmt":"2025-03-08 01:58:39","post_content":"","post_title":"foto-797_6820","post_excerpt":"","post_status":"inherit","comment_status":"closed","ping_status":"closed","post_password":"","post_name":"foto-797_6820","to_ping":"","pinged":"","post_modified":"2025-04-21 20:28:38","post_modified_gmt":"2025-04-21 18:28:38","post_content_filtered":"","post_parent":"11826","guid":"https:\/\/spainfilmcommission.com\/wp-content\/uploads\/2025\/03\/foto-797_6820.jpg","menu_order":"0","post_type":"attachment","post_mime_type":"image\/jpeg","comment_count":"0","pod_item_id":"21319"},{"ID":"21321","post_author":"2","post_date":"2025-03-08 02:58:40","post_date_gmt":"2025-03-08 01:58:40","post_content":"","post_title":"foto-797_6821","post_excerpt":"","post_status":"inherit","comment_status":"closed","ping_status":"closed","post_password":"","post_name":"foto-797_6821","to_ping":"","pinged":"","post_modified":"2025-04-21 20:28:38","post_modified_gmt":"2025-04-21 18:28:38","post_content_filtered":"","post_parent":"11826","guid":"https:\/\/spainfilmcommission.com\/wp-content\/uploads\/2025\/03\/foto-797_6821.jpg","menu_order":"0","post_type":"attachment","post_mime_type":"image\/jpeg","comment_count":"0","pod_item_id":"21321"},{"ID":"21323","post_author":"2","post_date":"2025-03-08 02:58:42","post_date_gmt":"2025-03-08 01:58:42","post_content":"","post_title":"foto-797_6822","post_excerpt":"","post_status":"inherit","comment_status":"closed","ping_status":"closed","post_password":"","post_name":"foto-797_6822","to_ping":"","pinged":"","post_modified":"2025-04-21 20:28:38","post_modified_gmt":"2025-04-21 18:28:38","post_content_filtered":"","post_parent":"11826","guid":"https:\/\/spainfilmcommission.com\/wp-content\/uploads\/2025\/03\/foto-797_6822.jpg","menu_order":"0","post_type":"attachment","post_mime_type":"image\/jpeg","comment_count":"0","pod_item_id":"21323"},{"ID":"21325","post_author":"2","post_date":"2025-03-08 02:58:44","post_date_gmt":"2025-03-08 01:58:44","post_content":"","post_title":"foto-797_6823","post_excerpt":"","post_status":"inherit","comment_status":"closed","ping_status":"closed","post_password":"","post_name":"foto-797_6823","to_ping":"","pinged":"","post_modified":"2025-04-21 20:28:38","post_modified_gmt":"2025-04-21 18:28:38","post_content_filtered":"","post_parent":"11826","guid":"https:\/\/spainfilmcommission.com\/wp-content\/uploads\/2025\/03\/foto-797_6823.jpg","menu_order":"0","post_type":"attachment","post_mime_type":"image\/jpeg","comment_count":"0","pod_item_id":"21325"},{"ID":"21327","post_author":"2","post_date":"2025-03-08 02:58:46","post_date_gmt":"2025-03-08 01:58:46","post_content":"","post_title":"foto-797_6824","post_excerpt":"","post_status":"inherit","comment_status":"closed","ping_status":"closed","post_password":"","post_name":"foto-797_6824","to_ping":"","pinged":"","post_modified":"2025-04-21 20:28:38","post_modified_gmt":"2025-04-21 18:28:38","post_content_filtered":"","post_parent":"11826","guid":"https:\/\/spainfilmcommission.com\/wp-content\/uploads\/2025\/03\/foto-797_6824.jpg","menu_order":"0","post_type":"attachment","post_mime_type":"image\/jpeg","comment_count":"0","pod_item_id":"21327"},{"ID":"21329","post_author":"2","post_date":"2025-03-08 02:58:48","post_date_gmt":"2025-03-08 01:58:48","post_content":"","post_title":"foto-797_6825","post_excerpt":"","post_status":"inherit","comment_status":"closed","ping_status":"closed","post_password":"","post_name":"foto-797_6825","to_ping":"","pinged":"","post_modified":"2025-04-21 20:28:38","post_modified_gmt":"2025-04-21 18:28:38","post_content_filtered":"","post_parent":"11826","guid":"https:\/\/spainfilmcommission.com\/wp-content\/uploads\/2025\/03\/foto-797_6825.jpg","menu_order":"0","post_type":"attachment","post_mime_type":"image\/jpeg","comment_count":"0","pod_item_id":"21329"},{"ID":"21331","post_author":"2","post_date":"2025-03-08 02:58:50","post_date_gmt":"2025-03-08 01:58:50","post_content":"","post_title":"foto-797_6826","post_excerpt":"","post_status":"inherit","comment_status":"closed","ping_status":"closed","post_password":"","post_name":"foto-797_6826","to_ping":"","pinged":"","post_modified":"2025-04-21 20:28:38","post_modified_gmt":"2025-04-21 18:28:38","post_content_filtered":"","post_parent":"11826","guid":"https:\/\/spainfilmcommission.com\/wp-content\/uploads\/2025\/03\/foto-797_6826.jpg","menu_order":"0","post_type":"attachment","post_mime_type":"image\/jpeg","comment_count":"0","pod_item_id":"21331"},{"ID":"21333","post_author":"2","post_date":"2025-03-08 02:58:52","post_date_gmt":"2025-03-08 01:58:52","post_content":"","post_title":"foto-797_6827","post_excerpt":"","post_status":"inherit","comment_status":"closed","ping_status":"closed","post_password":"","post_name":"foto-797_6827","to_ping":"","pinged":"","post_modified":"2025-04-21 20:28:38","post_modified_gmt":"2025-04-21 18:28:38","post_content_filtered":"","post_parent":"11826","guid":"https:\/\/spainfilmcommission.com\/wp-content\/uploads\/2025\/03\/foto-797_6827.jpg","menu_order":"0","post_type":"attachment","post_mime_type":"image\/jpeg","comment_count":"0","pod_item_id":"21333"},{"ID":"21335","post_author":"2","post_date":"2025-03-08 02:58:54","post_date_gmt":"2025-03-08 01:58:54","post_content":"","post_title":"foto-797_6828","post_excerpt":"","post_status":"inherit","comment_status":"closed","ping_status":"closed","post_password":"","post_name":"foto-797_6828","to_ping":"","pinged":"","post_modified":"2025-04-21 20:28:38","post_modified_gmt":"2025-04-21 18:28:38","post_content_filtered":"","post_parent":"11826","guid":"https:\/\/spainfilmcommission.com\/wp-content\/uploads\/2025\/03\/foto-797_6828.jpg","menu_order":"0","post_type":"attachment","post_mime_type":"image\/jpeg","comment_count":"0","pod_item_id":"21335"},{"ID":"21337","post_author":"2","post_date":"2025-03-08 02:58:56","post_date_gmt":"2025-03-08 01:58:56","post_content":"","post_title":"foto-797_6829","post_excerpt":"","post_status":"inherit","comment_status":"closed","ping_status":"closed","post_password":"","post_name":"foto-797_6829","to_ping":"","pinged":"","post_modified":"2025-04-21 20:28:38","post_modified_gmt":"2025-04-21 18:28:38","post_content_filtered":"","post_parent":"11826","guid":"https:\/\/spainfilmcommission.com\/wp-content\/uploads\/2025\/03\/foto-797_6829.jpg","menu_order":"0","post_type":"attachment","post_mime_type":"image\/jpeg","comment_count":"0","pod_item_id":"21337"},{"ID":"21339","post_author":"2","post_date":"2025-03-08 02:58:58","post_date_gmt":"2025-03-08 01:58:58","post_content":"","post_title":"foto-797_6830","post_excerpt":"","post_status":"inherit","comment_status":"closed","ping_status":"closed","post_password":"","post_name":"foto-797_6830","to_ping":"","pinged":"","post_modified":"2025-04-21 20:28:38","post_modified_gmt":"2025-04-21 18:28:38","post_content_filtered":"","post_parent":"11826","guid":"https:\/\/spainfilmcommission.com\/wp-content\/uploads\/2025\/03\/foto-797_6830.jpg","menu_order":"0","post_type":"attachment","post_mime_type":"image\/jpeg","comment_count":"0","pod_item_id":"21339"},{"ID":"21341","post_author":"2","post_date":"2025-03-08 02:59:00","post_date_gmt":"2025-03-08 01:59:00","post_content":"","post_title":"foto-797_6831","post_excerpt":"","post_status":"inherit","comment_status":"closed","ping_status":"closed","post_password":"","post_name":"foto-797_6831","to_ping":"","pinged":"","post_modified":"2025-04-21 20:28:38","post_modified_gmt":"2025-04-21 18:28:38","post_content_filtered":"","post_parent":"11826","guid":"https:\/\/spainfilmcommission.com\/wp-content\/uploads\/2025\/03\/foto-797_6831.jpg","menu_order":"0","post_type":"attachment","post_mime_type":"image\/jpeg","comment_count":"0","pod_item_id":"21341"},{"ID":"21343","post_author":"2","post_date":"2025-03-08 02:59:02","post_date_gmt":"2025-03-08 01:59:02","post_content":"","post_title":"foto-797_6832","post_excerpt":"","post_status":"inherit","comment_status":"closed","ping_status":"closed","post_password":"","post_name":"foto-797_6832","to_ping":"","pinged":"","post_modified":"2025-04-21 20:28:38","post_modified_gmt":"2025-04-21 18:28:38","post_content_filtered":"","post_parent":"11826","guid":"https:\/\/spainfilmcommission.com\/wp-content\/uploads\/2025\/03\/foto-797_6832.jpg","menu_order":"0","post_type":"attachment","post_mime_type":"image\/jpeg","comment_count":"0","pod_item_id":"21343"},{"ID":"21345","post_author":"2","post_date":"2025-03-08 02:59:04","post_date_gmt":"2025-03-08 01:59:04","post_content":"","post_title":"foto-797_6836","post_excerpt":"","post_status":"inherit","comment_status":"closed","ping_status":"closed","post_password":"","post_name":"foto-797_6836","to_ping":"","pinged":"","post_modified":"2025-04-21 20:28:38","post_modified_gmt":"2025-04-21 18:28:38","post_content_filtered":"","post_parent":"11826","guid":"https:\/\/spainfilmcommission.com\/wp-content\/uploads\/2025\/03\/foto-797_6836.jpg","menu_order":"0","post_type":"attachment","post_mime_type":"image\/jpeg","comment_count":"0","pod_item_id":"21345"},{"ID":"21347","post_author":"2","post_date":"2025-03-08 02:59:05","post_date_gmt":"2025-03-08 01:59:05","post_content":"","post_title":"foto-797_6837","post_excerpt":"","post_status":"inherit","comment_status":"closed","ping_status":"closed","post_password":"","post_name":"foto-797_6837","to_ping":"","pinged":"","post_modified":"2025-04-21 20:28:38","post_modified_gmt":"2025-04-21 18:28:38","post_content_filtered":"","post_parent":"11826","guid":"https:\/\/spainfilmcommission.com\/wp-content\/uploads\/2025\/03\/foto-797_6837.jpg","menu_order":"0","post_type":"attachment","post_mime_type":"image\/jpeg","comment_count":"0","pod_item_id":"21347"}],"nombrepaginaes":"centro-conde-duque","nombrepaginaen":"centro-conde-duque","latitud_gps":"","longitud_gps":"","adicionaleses":"","adicionalesen":"\u00a0 \u00a0","videoes":"","videoen":"","video2es":"","video2en":"","_links":{"self":[{"href":"https:\/\/spainfilmcommission.com\/en\/wp-json\/wp\/v2\/localizaciones\/localizacion\/11826","targetHints":{"allow":["GET"]}}],"collection":[{"href":"https:\/\/spainfilmcommission.com\/en\/wp-json\/wp\/v2\/localizaciones\/localizacion"}],"about":[{"href":"https:\/\/spainfilmcommission.com\/en\/wp-json\/wp\/v2\/types\/localizacion"}],"author":[{"embeddable":true,"href":"https:\/\/spainfilmcommission.com\/en\/wp-json\/wp\/v2\/users\/2"}],"wp:attachment":[{"href":"https:\/\/spainfilmcommission.com\/en\/wp-json\/wp\/v2\/media?parent=11826"}],"curies":[{"name":"wp","href":"https:\/\/api.w.org\/{rel}","templated":true}]}}