{"id":11821,"date":"2025-02-27T19:47:41","date_gmt":"2025-02-27T18:47:41","guid":{"rendered":"https:\/\/spainfilmcommission.com\/?post_type=localizacion&#038;p=11821"},"modified":"2025-04-22T09:29:47","modified_gmt":"2025-04-22T07:29:47","slug":"jardin-historico-el-capricho","status":"publish","type":"localizacion","link":"https:\/\/spainfilmcommission.com\/en\/ai-locations\/jardin-historico-el-capricho\/","title":{"rendered":"Jard\u00edn Hist\u00f3rico El Capricho"},"content":{"rendered":"","protected":false},"author":2,"template":"","meta":[],"class_list":["post-11821","localizacion","type-localizacion","status-publish","hentry"],"yoast_head":"<!-- This site is optimized with the Yoast SEO plugin v28.3 - https:\/\/yoast.com\/product\/yoast-seo-wordpress\/ -->\n<title>Rodar en Jard\u00edn Hist\u00f3rico El Capricho - Spain Film Commission<\/title>\n<meta name=\"description\" content=\"En esta p\u00e1gina encontrar\u00e1s una peque\u00f1a descripci\u00f3n, m\u00e1genes e informaci\u00f3n relevante para que te hagas una idea de c\u00f3mo es rodar en Jard\u00edn Hist\u00f3rico El Capricho\" \/>\n<meta name=\"robots\" content=\"index, follow, max-snippet:-1, max-image-preview:large, max-video-preview:-1\" \/>\n<link rel=\"canonical\" href=\"https:\/\/spainfilmcommission.com\/en\/ai-locations\/jardin-historico-el-capricho\/\" \/>\n<meta property=\"og:locale\" content=\"en_US\" \/>\n<meta property=\"og:type\" content=\"article\" \/>\n<meta property=\"og:title\" content=\"Rodar en Jard\u00edn Hist\u00f3rico El Capricho - Spain Film Commission\" \/>\n<meta property=\"og:description\" content=\"En esta p\u00e1gina encontrar\u00e1s una peque\u00f1a descripci\u00f3n, m\u00e1genes e informaci\u00f3n relevante para que te hagas una idea de c\u00f3mo es rodar en Jard\u00edn Hist\u00f3rico El Capricho\" \/>\n<meta property=\"og:url\" content=\"https:\/\/spainfilmcommission.com\/en\/ai-locations\/jardin-historico-el-capricho\/\" \/>\n<meta property=\"og:site_name\" content=\"Spain Film Commission\" \/>\n<meta property=\"article:modified_time\" content=\"2025-04-22T07:29:47+00:00\" \/>\n<meta name=\"twitter:card\" content=\"summary_large_image\" \/>\n<script type=\"application\/ld+json\" class=\"yoast-schema-graph\">{\"@context\":\"https:\\\/\\\/schema.org\",\"@graph\":[{\"@type\":\"WebPage\",\"@id\":\"https:\\\/\\\/spainfilmcommission.com\\\/en\\\/ai-locations\\\/jardin-historico-el-capricho\\\/\",\"url\":\"https:\\\/\\\/spainfilmcommission.com\\\/en\\\/ai-locations\\\/jardin-historico-el-capricho\\\/\",\"name\":\"Rodar en Jard\u00edn Hist\u00f3rico El Capricho - Spain Film Commission\",\"isPartOf\":{\"@id\":\"https:\\\/\\\/spainfilmcommission.com\\\/en\\\/#website\"},\"datePublished\":\"2025-02-27T18:47:41+00:00\",\"dateModified\":\"2025-04-22T07:29:47+00:00\",\"description\":\"En esta p\u00e1gina encontrar\u00e1s una peque\u00f1a descripci\u00f3n, m\u00e1genes e informaci\u00f3n relevante para que te hagas una idea de c\u00f3mo es rodar en Jard\u00edn Hist\u00f3rico El Capricho\",\"breadcrumb\":{\"@id\":\"https:\\\/\\\/spainfilmcommission.com\\\/en\\\/ai-locations\\\/jardin-historico-el-capricho\\\/#breadcrumb\"},\"inLanguage\":\"en-US\",\"potentialAction\":[{\"@type\":\"ReadAction\",\"target\":[\"https:\\\/\\\/spainfilmcommission.com\\\/en\\\/ai-locations\\\/jardin-historico-el-capricho\\\/\"]}]},{\"@type\":\"BreadcrumbList\",\"@id\":\"https:\\\/\\\/spainfilmcommission.com\\\/en\\\/ai-locations\\\/jardin-historico-el-capricho\\\/#breadcrumb\",\"itemListElement\":[{\"@type\":\"ListItem\",\"position\":1,\"name\":\"Portada\",\"item\":\"https:\\\/\\\/spainfilmcommission.com\\\/en\\\/\"},{\"@type\":\"ListItem\",\"position\":2,\"name\":\"Jard\u00edn Hist\u00f3rico El Capricho\"}]},{\"@type\":\"WebSite\",\"@id\":\"https:\\\/\\\/spainfilmcommission.com\\\/en\\\/#website\",\"url\":\"https:\\\/\\\/spainfilmcommission.com\\\/en\\\/\",\"name\":\"Spain Film Commission\",\"description\":\"\",\"publisher\":{\"@id\":\"https:\\\/\\\/spainfilmcommission.com\\\/en\\\/#organization\"},\"potentialAction\":[{\"@type\":\"SearchAction\",\"target\":{\"@type\":\"EntryPoint\",\"urlTemplate\":\"https:\\\/\\\/spainfilmcommission.com\\\/en\\\/?s={search_term_string}\"},\"query-input\":{\"@type\":\"PropertyValueSpecification\",\"valueRequired\":true,\"valueName\":\"search_term_string\"}}],\"inLanguage\":\"en-US\"},{\"@type\":\"Organization\",\"@id\":\"https:\\\/\\\/spainfilmcommission.com\\\/en\\\/#organization\",\"name\":\"Spain Film Commission\",\"url\":\"https:\\\/\\\/spainfilmcommission.com\\\/en\\\/\",\"logo\":{\"@type\":\"ImageObject\",\"inLanguage\":\"en-US\",\"@id\":\"https:\\\/\\\/spainfilmcommission.com\\\/en\\\/#\\\/schema\\\/logo\\\/image\\\/\",\"url\":\"https:\\\/\\\/spainfilmcommission.com\\\/wp-content\\\/uploads\\\/2024\\\/07\\\/SPC_COLOR.png\",\"contentUrl\":\"https:\\\/\\\/spainfilmcommission.com\\\/wp-content\\\/uploads\\\/2024\\\/07\\\/SPC_COLOR.png\",\"width\":1665,\"height\":1665,\"caption\":\"Spain Film Commission\"},\"image\":{\"@id\":\"https:\\\/\\\/spainfilmcommission.com\\\/en\\\/#\\\/schema\\\/logo\\\/image\\\/\"}}]}<\/script>\n<!-- \/ Yoast SEO plugin. -->","yoast_head_json":{"title":"Rodar en Jard\u00edn Hist\u00f3rico El Capricho - Spain Film Commission","description":"En esta p\u00e1gina encontrar\u00e1s una peque\u00f1a descripci\u00f3n, m\u00e1genes e informaci\u00f3n relevante para que te hagas una idea de c\u00f3mo es rodar en Jard\u00edn Hist\u00f3rico El Capricho","robots":{"index":"index","follow":"follow","max-snippet":"max-snippet:-1","max-image-preview":"max-image-preview:large","max-video-preview":"max-video-preview:-1"},"canonical":"https:\/\/spainfilmcommission.com\/en\/ai-locations\/jardin-historico-el-capricho\/","og_locale":"en_US","og_type":"article","og_title":"Rodar en Jard\u00edn Hist\u00f3rico El Capricho - Spain Film Commission","og_description":"En esta p\u00e1gina encontrar\u00e1s una peque\u00f1a descripci\u00f3n, m\u00e1genes e informaci\u00f3n relevante para que te hagas una idea de c\u00f3mo es rodar en Jard\u00edn Hist\u00f3rico El Capricho","og_url":"https:\/\/spainfilmcommission.com\/en\/ai-locations\/jardin-historico-el-capricho\/","og_site_name":"Spain Film Commission","article_modified_time":"2025-04-22T07:29:47+00:00","twitter_card":"summary_large_image","schema":{"@context":"https:\/\/schema.org","@graph":[{"@type":"WebPage","@id":"https:\/\/spainfilmcommission.com\/en\/ai-locations\/jardin-historico-el-capricho\/","url":"https:\/\/spainfilmcommission.com\/en\/ai-locations\/jardin-historico-el-capricho\/","name":"Rodar en Jard\u00edn Hist\u00f3rico El Capricho - Spain Film Commission","isPartOf":{"@id":"https:\/\/spainfilmcommission.com\/en\/#website"},"datePublished":"2025-02-27T18:47:41+00:00","dateModified":"2025-04-22T07:29:47+00:00","description":"En esta p\u00e1gina encontrar\u00e1s una peque\u00f1a descripci\u00f3n, m\u00e1genes e informaci\u00f3n relevante para que te hagas una idea de c\u00f3mo es rodar en Jard\u00edn Hist\u00f3rico El Capricho","breadcrumb":{"@id":"https:\/\/spainfilmcommission.com\/en\/ai-locations\/jardin-historico-el-capricho\/#breadcrumb"},"inLanguage":"en-US","potentialAction":[{"@type":"ReadAction","target":["https:\/\/spainfilmcommission.com\/en\/ai-locations\/jardin-historico-el-capricho\/"]}]},{"@type":"BreadcrumbList","@id":"https:\/\/spainfilmcommission.com\/en\/ai-locations\/jardin-historico-el-capricho\/#breadcrumb","itemListElement":[{"@type":"ListItem","position":1,"name":"Portada","item":"https:\/\/spainfilmcommission.com\/en\/"},{"@type":"ListItem","position":2,"name":"Jard\u00edn Hist\u00f3rico El Capricho"}]},{"@type":"WebSite","@id":"https:\/\/spainfilmcommission.com\/en\/#website","url":"https:\/\/spainfilmcommission.com\/en\/","name":"Spain Film Commission","description":"","publisher":{"@id":"https:\/\/spainfilmcommission.com\/en\/#organization"},"potentialAction":[{"@type":"SearchAction","target":{"@type":"EntryPoint","urlTemplate":"https:\/\/spainfilmcommission.com\/en\/?s={search_term_string}"},"query-input":{"@type":"PropertyValueSpecification","valueRequired":true,"valueName":"search_term_string"}}],"inLanguage":"en-US"},{"@type":"Organization","@id":"https:\/\/spainfilmcommission.com\/en\/#organization","name":"Spain Film Commission","url":"https:\/\/spainfilmcommission.com\/en\/","logo":{"@type":"ImageObject","inLanguage":"en-US","@id":"https:\/\/spainfilmcommission.com\/en\/#\/schema\/logo\/image\/","url":"https:\/\/spainfilmcommission.com\/wp-content\/uploads\/2024\/07\/SPC_COLOR.png","contentUrl":"https:\/\/spainfilmcommission.com\/wp-content\/uploads\/2024\/07\/SPC_COLOR.png","width":1665,"height":1665,"caption":"Spain Film Commission"},"image":{"@id":"https:\/\/spainfilmcommission.com\/en\/#\/schema\/logo\/image\/"}}]}},"socio":[{"ID":"33","user_login":"madrid-film-office","user_nicename":"madrid-film-office","display_name":"madrid-film-office","user_pass":"****************","user_email":"info@madridfilmoffice.com","user_url":"","user_registered":"2024-12-19 16:08:42","id":33}],"nombrees":"Jard\u00edn Hist\u00f3rico El Capricho","nombreen":"El Capricho Park","localidad":"Madrid","provincia":"Madrid","coordenadas_maps":"40.456625, -3.598931","latitud":"40.456625000000","longitud":"-3.598931000000","direcciones":"","direccionen":"","cod_postal":[],"telefono":"","fax":"","mail":"","web":"http:\/\/www.esmadrid.com\/informacion-turistica\/parque-del-capricho","descripciones":"El Jard\u00edn Hist\u00f3rico El Capricho de la Alameda de Osuna fue creado en 1784 por los Duques de Osuna y recuperado por el Ayuntamiento de Madrid en 1974. Conocido como Parque de El Capricho cuenta con un jard\u00edn franc\u00e9s (parterre), un jard\u00edn de estilo giardino italiano y un amplio jard\u00edn paisajista ingl\u00e9s, con \u00e1reas de paseo y rincones escondidos.","descripcionen":"Before us is one of the green spaces that make up the natural artistic heritage of Madrid. It is one of the most beautiful and, paradoxically, one of the least known. The Duke and Duchess of Osuna--especially by the Duchess, Mar\u00eda Josefa de la Soledad Alonso Pimentel, created it in 1784. As a protector of artists, bullfighters, and intellectuals, the Duchess created an authentic natural paradise frequently visited by the most distinguished personalities of the period, and where the most prestigious artists, gardeners, and set designers worked. The parterre lies in front of the west fa\u00e7ade of the p...","galeria":[{"ID":"21143","post_author":"2","post_date":"2025-03-08 02:55:44","post_date_gmt":"2025-03-08 01:55:44","post_content":"","post_title":"foto-792_6698","post_excerpt":"","post_status":"inherit","comment_status":"closed","ping_status":"closed","post_password":"","post_name":"foto-792_6698","to_ping":"","pinged":"","post_modified":"2025-04-22 09:29:15","post_modified_gmt":"2025-04-22 07:29:15","post_content_filtered":"","post_parent":"11821","guid":"https:\/\/spainfilmcommission.com\/wp-content\/uploads\/2025\/03\/foto-792_6698.jpg","menu_order":"0","post_type":"attachment","post_mime_type":"image\/jpeg","comment_count":"0","pod_item_id":"21143"},{"ID":"21145","post_author":"2","post_date":"2025-03-08 02:55:46","post_date_gmt":"2025-03-08 01:55:46","post_content":"","post_title":"foto-792_6699","post_excerpt":"","post_status":"inherit","comment_status":"closed","ping_status":"closed","post_password":"","post_name":"foto-792_6699","to_ping":"","pinged":"","post_modified":"2025-04-22 09:29:15","post_modified_gmt":"2025-04-22 07:29:15","post_content_filtered":"","post_parent":"11821","guid":"https:\/\/spainfilmcommission.com\/wp-content\/uploads\/2025\/03\/foto-792_6699.jpg","menu_order":"0","post_type":"attachment","post_mime_type":"image\/jpeg","comment_count":"0","pod_item_id":"21145"},{"ID":"21147","post_author":"2","post_date":"2025-03-08 02:55:48","post_date_gmt":"2025-03-08 01:55:48","post_content":"","post_title":"foto-792_6700","post_excerpt":"","post_status":"inherit","comment_status":"closed","ping_status":"closed","post_password":"","post_name":"foto-792_6700","to_ping":"","pinged":"","post_modified":"2025-04-22 09:29:15","post_modified_gmt":"2025-04-22 07:29:15","post_content_filtered":"","post_parent":"11821","guid":"https:\/\/spainfilmcommission.com\/wp-content\/uploads\/2025\/03\/foto-792_6700.jpg","menu_order":"0","post_type":"attachment","post_mime_type":"image\/jpeg","comment_count":"0","pod_item_id":"21147"},{"ID":"21149","post_author":"2","post_date":"2025-03-08 02:55:50","post_date_gmt":"2025-03-08 01:55:50","post_content":"","post_title":"foto-792_6701","post_excerpt":"","post_status":"inherit","comment_status":"closed","ping_status":"closed","post_password":"","post_name":"foto-792_6701","to_ping":"","pinged":"","post_modified":"2025-04-22 09:29:15","post_modified_gmt":"2025-04-22 07:29:15","post_content_filtered":"","post_parent":"11821","guid":"https:\/\/spainfilmcommission.com\/wp-content\/uploads\/2025\/03\/foto-792_6701.jpg","menu_order":"0","post_type":"attachment","post_mime_type":"image\/jpeg","comment_count":"0","pod_item_id":"21149"},{"ID":"21151","post_author":"2","post_date":"2025-03-08 02:55:52","post_date_gmt":"2025-03-08 01:55:52","post_content":"","post_title":"foto-792_6702","post_excerpt":"","post_status":"inherit","comment_status":"closed","ping_status":"closed","post_password":"","post_name":"foto-792_6702","to_ping":"","pinged":"","post_modified":"2025-04-22 09:29:15","post_modified_gmt":"2025-04-22 07:29:15","post_content_filtered":"","post_parent":"11821","guid":"https:\/\/spainfilmcommission.com\/wp-content\/uploads\/2025\/03\/foto-792_6702.jpg","menu_order":"0","post_type":"attachment","post_mime_type":"image\/jpeg","comment_count":"0","pod_item_id":"21151"},{"ID":"21153","post_author":"2","post_date":"2025-03-08 02:55:54","post_date_gmt":"2025-03-08 01:55:54","post_content":"","post_title":"foto-792_6703","post_excerpt":"","post_status":"inherit","comment_status":"closed","ping_status":"closed","post_password":"","post_name":"foto-792_6703","to_ping":"","pinged":"","post_modified":"2025-04-22 09:29:15","post_modified_gmt":"2025-04-22 07:29:15","post_content_filtered":"","post_parent":"11821","guid":"https:\/\/spainfilmcommission.com\/wp-content\/uploads\/2025\/03\/foto-792_6703.jpg","menu_order":"0","post_type":"attachment","post_mime_type":"image\/jpeg","comment_count":"0","pod_item_id":"21153"},{"ID":"21155","post_author":"2","post_date":"2025-03-08 02:55:56","post_date_gmt":"2025-03-08 01:55:56","post_content":"","post_title":"foto-792_6704","post_excerpt":"","post_status":"inherit","comment_status":"closed","ping_status":"closed","post_password":"","post_name":"foto-792_6704","to_ping":"","pinged":"","post_modified":"2025-04-22 09:29:15","post_modified_gmt":"2025-04-22 07:29:15","post_content_filtered":"","post_parent":"11821","guid":"https:\/\/spainfilmcommission.com\/wp-content\/uploads\/2025\/03\/foto-792_6704.jpg","menu_order":"0","post_type":"attachment","post_mime_type":"image\/jpeg","comment_count":"0","pod_item_id":"21155"},{"ID":"21157","post_author":"2","post_date":"2025-03-08 02:55:58","post_date_gmt":"2025-03-08 01:55:58","post_content":"","post_title":"foto-792_6705","post_excerpt":"","post_status":"inherit","comment_status":"closed","ping_status":"closed","post_password":"","post_name":"foto-792_6705","to_ping":"","pinged":"","post_modified":"2025-04-22 09:29:15","post_modified_gmt":"2025-04-22 07:29:15","post_content_filtered":"","post_parent":"11821","guid":"https:\/\/spainfilmcommission.com\/wp-content\/uploads\/2025\/03\/foto-792_6705.jpg","menu_order":"0","post_type":"attachment","post_mime_type":"image\/jpeg","comment_count":"0","pod_item_id":"21157"},{"ID":"21159","post_author":"2","post_date":"2025-03-08 02:56:02","post_date_gmt":"2025-03-08 01:56:02","post_content":"","post_title":"foto-792_6706","post_excerpt":"","post_status":"inherit","comment_status":"closed","ping_status":"closed","post_password":"","post_name":"foto-792_6706","to_ping":"","pinged":"","post_modified":"2025-04-22 09:29:15","post_modified_gmt":"2025-04-22 07:29:15","post_content_filtered":"","post_parent":"11821","guid":"https:\/\/spainfilmcommission.com\/wp-content\/uploads\/2025\/03\/foto-792_6706.jpg","menu_order":"0","post_type":"attachment","post_mime_type":"image\/jpeg","comment_count":"0","pod_item_id":"21159"},{"ID":"21161","post_author":"2","post_date":"2025-03-08 02:56:04","post_date_gmt":"2025-03-08 01:56:04","post_content":"","post_title":"foto-792_6707","post_excerpt":"","post_status":"inherit","comment_status":"closed","ping_status":"closed","post_password":"","post_name":"foto-792_6707","to_ping":"","pinged":"","post_modified":"2025-04-22 09:29:15","post_modified_gmt":"2025-04-22 07:29:15","post_content_filtered":"","post_parent":"11821","guid":"https:\/\/spainfilmcommission.com\/wp-content\/uploads\/2025\/03\/foto-792_6707.jpg","menu_order":"0","post_type":"attachment","post_mime_type":"image\/jpeg","comment_count":"0","pod_item_id":"21161"},{"ID":"21163","post_author":"2","post_date":"2025-03-08 02:56:06","post_date_gmt":"2025-03-08 01:56:06","post_content":"","post_title":"foto-792_6708","post_excerpt":"","post_status":"inherit","comment_status":"closed","ping_status":"closed","post_password":"","post_name":"foto-792_6708","to_ping":"","pinged":"","post_modified":"2025-04-22 09:29:15","post_modified_gmt":"2025-04-22 07:29:15","post_content_filtered":"","post_parent":"11821","guid":"https:\/\/spainfilmcommission.com\/wp-content\/uploads\/2025\/03\/foto-792_6708.jpg","menu_order":"0","post_type":"attachment","post_mime_type":"image\/jpeg","comment_count":"0","pod_item_id":"21163"},{"ID":"21165","post_author":"2","post_date":"2025-03-08 02:56:08","post_date_gmt":"2025-03-08 01:56:08","post_content":"","post_title":"foto-792_6709","post_excerpt":"","post_status":"inherit","comment_status":"closed","ping_status":"closed","post_password":"","post_name":"foto-792_6709","to_ping":"","pinged":"","post_modified":"2025-04-22 09:29:15","post_modified_gmt":"2025-04-22 07:29:15","post_content_filtered":"","post_parent":"11821","guid":"https:\/\/spainfilmcommission.com\/wp-content\/uploads\/2025\/03\/foto-792_6709.jpg","menu_order":"0","post_type":"attachment","post_mime_type":"image\/jpeg","comment_count":"0","pod_item_id":"21165"},{"ID":"21167","post_author":"2","post_date":"2025-03-08 02:56:10","post_date_gmt":"2025-03-08 01:56:10","post_content":"","post_title":"foto-792_6710","post_excerpt":"","post_status":"inherit","comment_status":"closed","ping_status":"closed","post_password":"","post_name":"foto-792_6710","to_ping":"","pinged":"","post_modified":"2025-04-22 09:29:15","post_modified_gmt":"2025-04-22 07:29:15","post_content_filtered":"","post_parent":"11821","guid":"https:\/\/spainfilmcommission.com\/wp-content\/uploads\/2025\/03\/foto-792_6710.jpg","menu_order":"0","post_type":"attachment","post_mime_type":"image\/jpeg","comment_count":"0","pod_item_id":"21167"},{"ID":"21169","post_author":"2","post_date":"2025-03-08 02:56:12","post_date_gmt":"2025-03-08 01:56:12","post_content":"","post_title":"foto-792_6711","post_excerpt":"","post_status":"inherit","comment_status":"closed","ping_status":"closed","post_password":"","post_name":"foto-792_6711","to_ping":"","pinged":"","post_modified":"2025-04-22 09:29:15","post_modified_gmt":"2025-04-22 07:29:15","post_content_filtered":"","post_parent":"11821","guid":"https:\/\/spainfilmcommission.com\/wp-content\/uploads\/2025\/03\/foto-792_6711.jpg","menu_order":"0","post_type":"attachment","post_mime_type":"image\/jpeg","comment_count":"0","pod_item_id":"21169"},{"ID":"21171","post_author":"2","post_date":"2025-03-08 02:56:13","post_date_gmt":"2025-03-08 01:56:13","post_content":"","post_title":"foto-792_6712","post_excerpt":"","post_status":"inherit","comment_status":"closed","ping_status":"closed","post_password":"","post_name":"foto-792_6712","to_ping":"","pinged":"","post_modified":"2025-04-22 09:29:15","post_modified_gmt":"2025-04-22 07:29:15","post_content_filtered":"","post_parent":"11821","guid":"https:\/\/spainfilmcommission.com\/wp-content\/uploads\/2025\/03\/foto-792_6712.jpg","menu_order":"0","post_type":"attachment","post_mime_type":"image\/jpeg","comment_count":"0","pod_item_id":"21171"},{"ID":"21173","post_author":"2","post_date":"2025-03-08 02:56:15","post_date_gmt":"2025-03-08 01:56:15","post_content":"","post_title":"foto-792_6713","post_excerpt":"","post_status":"inherit","comment_status":"closed","ping_status":"closed","post_password":"","post_name":"foto-792_6713","to_ping":"","pinged":"","post_modified":"2025-04-22 09:29:15","post_modified_gmt":"2025-04-22 07:29:15","post_content_filtered":"","post_parent":"11821","guid":"https:\/\/spainfilmcommission.com\/wp-content\/uploads\/2025\/03\/foto-792_6713.jpg","menu_order":"0","post_type":"attachment","post_mime_type":"image\/jpeg","comment_count":"0","pod_item_id":"21173"},{"ID":"21175","post_author":"2","post_date":"2025-03-08 02:56:17","post_date_gmt":"2025-03-08 01:56:17","post_content":"","post_title":"foto-792_6714","post_excerpt":"","post_status":"inherit","comment_status":"closed","ping_status":"closed","post_password":"","post_name":"foto-792_6714","to_ping":"","pinged":"","post_modified":"2025-04-22 09:29:15","post_modified_gmt":"2025-04-22 07:29:15","post_content_filtered":"","post_parent":"11821","guid":"https:\/\/spainfilmcommission.com\/wp-content\/uploads\/2025\/03\/foto-792_6714.jpg","menu_order":"0","post_type":"attachment","post_mime_type":"image\/jpeg","comment_count":"0","pod_item_id":"21175"}],"nombrepaginaes":"jardin-historico-el-capricho","nombrepaginaen":"el-capricho-park","latitud_gps":"","longitud_gps":"","adicionaleses":"","adicionalesen":"","videoes":"","videoen":"","video2es":"","video2en":"","_links":{"self":[{"href":"https:\/\/spainfilmcommission.com\/en\/wp-json\/wp\/v2\/localizaciones\/localizacion\/11821","targetHints":{"allow":["GET"]}}],"collection":[{"href":"https:\/\/spainfilmcommission.com\/en\/wp-json\/wp\/v2\/localizaciones\/localizacion"}],"about":[{"href":"https:\/\/spainfilmcommission.com\/en\/wp-json\/wp\/v2\/types\/localizacion"}],"author":[{"embeddable":true,"href":"https:\/\/spainfilmcommission.com\/en\/wp-json\/wp\/v2\/users\/2"}],"wp:attachment":[{"href":"https:\/\/spainfilmcommission.com\/en\/wp-json\/wp\/v2\/media?parent=11821"}],"curies":[{"name":"wp","href":"https:\/\/api.w.org\/{rel}","templated":true}]}}