{"id":11817,"date":"2025-02-27T19:47:41","date_gmt":"2025-02-27T18:47:41","guid":{"rendered":"https:\/\/spainfilmcommission.com\/?post_type=localizacion&#038;p=11817"},"modified":"2025-04-22T07:48:53","modified_gmt":"2025-04-22T05:48:53","slug":"parque-juan-carlos-i","status":"publish","type":"localizacion","link":"https:\/\/spainfilmcommission.com\/en\/ai-locations\/parque-juan-carlos-i\/","title":{"rendered":"Parque Juan Carlos I"},"content":{"rendered":"","protected":false},"author":2,"template":"","meta":[],"class_list":["post-11817","localizacion","type-localizacion","status-publish","hentry"],"yoast_head":"<!-- This site is optimized with the Yoast SEO plugin v28.3 - https:\/\/yoast.com\/product\/yoast-seo-wordpress\/ -->\n<title>Rodar en Parque Juan Carlos I - Spain Film Commission<\/title>\n<meta name=\"description\" content=\"En esta p\u00e1gina encontrar\u00e1s una peque\u00f1a descripci\u00f3n, m\u00e1genes e informaci\u00f3n relevante para que te hagas una idea de c\u00f3mo es rodar en Parque Juan Carlos I\" \/>\n<meta name=\"robots\" content=\"index, follow, max-snippet:-1, max-image-preview:large, max-video-preview:-1\" \/>\n<link rel=\"canonical\" href=\"https:\/\/spainfilmcommission.com\/en\/ai-locations\/parque-juan-carlos-i\/\" \/>\n<meta property=\"og:locale\" content=\"en_US\" \/>\n<meta property=\"og:type\" content=\"article\" \/>\n<meta property=\"og:title\" content=\"Rodar en Parque Juan Carlos I - Spain Film Commission\" \/>\n<meta property=\"og:description\" content=\"En esta p\u00e1gina encontrar\u00e1s una peque\u00f1a descripci\u00f3n, m\u00e1genes e informaci\u00f3n relevante para que te hagas una idea de c\u00f3mo es rodar en Parque Juan Carlos I\" \/>\n<meta property=\"og:url\" content=\"https:\/\/spainfilmcommission.com\/en\/ai-locations\/parque-juan-carlos-i\/\" \/>\n<meta property=\"og:site_name\" content=\"Spain Film Commission\" \/>\n<meta property=\"article:modified_time\" content=\"2025-04-22T05:48:53+00:00\" \/>\n<meta name=\"twitter:card\" content=\"summary_large_image\" \/>\n<script type=\"application\/ld+json\" class=\"yoast-schema-graph\">{\"@context\":\"https:\\\/\\\/schema.org\",\"@graph\":[{\"@type\":\"WebPage\",\"@id\":\"https:\\\/\\\/spainfilmcommission.com\\\/en\\\/ai-locations\\\/parque-juan-carlos-i\\\/\",\"url\":\"https:\\\/\\\/spainfilmcommission.com\\\/en\\\/ai-locations\\\/parque-juan-carlos-i\\\/\",\"name\":\"Rodar en Parque Juan Carlos I - Spain Film Commission\",\"isPartOf\":{\"@id\":\"https:\\\/\\\/spainfilmcommission.com\\\/en\\\/#website\"},\"datePublished\":\"2025-02-27T18:47:41+00:00\",\"dateModified\":\"2025-04-22T05:48:53+00:00\",\"description\":\"En esta p\u00e1gina encontrar\u00e1s una peque\u00f1a descripci\u00f3n, m\u00e1genes e informaci\u00f3n relevante para que te hagas una idea de c\u00f3mo es rodar en Parque Juan Carlos I\",\"breadcrumb\":{\"@id\":\"https:\\\/\\\/spainfilmcommission.com\\\/en\\\/ai-locations\\\/parque-juan-carlos-i\\\/#breadcrumb\"},\"inLanguage\":\"en-US\",\"potentialAction\":[{\"@type\":\"ReadAction\",\"target\":[\"https:\\\/\\\/spainfilmcommission.com\\\/en\\\/ai-locations\\\/parque-juan-carlos-i\\\/\"]}]},{\"@type\":\"BreadcrumbList\",\"@id\":\"https:\\\/\\\/spainfilmcommission.com\\\/en\\\/ai-locations\\\/parque-juan-carlos-i\\\/#breadcrumb\",\"itemListElement\":[{\"@type\":\"ListItem\",\"position\":1,\"name\":\"Portada\",\"item\":\"https:\\\/\\\/spainfilmcommission.com\\\/en\\\/\"},{\"@type\":\"ListItem\",\"position\":2,\"name\":\"Parque Juan Carlos I\"}]},{\"@type\":\"WebSite\",\"@id\":\"https:\\\/\\\/spainfilmcommission.com\\\/en\\\/#website\",\"url\":\"https:\\\/\\\/spainfilmcommission.com\\\/en\\\/\",\"name\":\"Spain Film Commission\",\"description\":\"\",\"publisher\":{\"@id\":\"https:\\\/\\\/spainfilmcommission.com\\\/en\\\/#organization\"},\"potentialAction\":[{\"@type\":\"SearchAction\",\"target\":{\"@type\":\"EntryPoint\",\"urlTemplate\":\"https:\\\/\\\/spainfilmcommission.com\\\/en\\\/?s={search_term_string}\"},\"query-input\":{\"@type\":\"PropertyValueSpecification\",\"valueRequired\":true,\"valueName\":\"search_term_string\"}}],\"inLanguage\":\"en-US\"},{\"@type\":\"Organization\",\"@id\":\"https:\\\/\\\/spainfilmcommission.com\\\/en\\\/#organization\",\"name\":\"Spain Film Commission\",\"url\":\"https:\\\/\\\/spainfilmcommission.com\\\/en\\\/\",\"logo\":{\"@type\":\"ImageObject\",\"inLanguage\":\"en-US\",\"@id\":\"https:\\\/\\\/spainfilmcommission.com\\\/en\\\/#\\\/schema\\\/logo\\\/image\\\/\",\"url\":\"https:\\\/\\\/spainfilmcommission.com\\\/wp-content\\\/uploads\\\/2024\\\/07\\\/SPC_COLOR.png\",\"contentUrl\":\"https:\\\/\\\/spainfilmcommission.com\\\/wp-content\\\/uploads\\\/2024\\\/07\\\/SPC_COLOR.png\",\"width\":1665,\"height\":1665,\"caption\":\"Spain Film Commission\"},\"image\":{\"@id\":\"https:\\\/\\\/spainfilmcommission.com\\\/en\\\/#\\\/schema\\\/logo\\\/image\\\/\"}}]}<\/script>\n<!-- \/ Yoast SEO plugin. -->","yoast_head_json":{"title":"Rodar en Parque Juan Carlos I - Spain Film Commission","description":"En esta p\u00e1gina encontrar\u00e1s una peque\u00f1a descripci\u00f3n, m\u00e1genes e informaci\u00f3n relevante para que te hagas una idea de c\u00f3mo es rodar en Parque Juan Carlos I","robots":{"index":"index","follow":"follow","max-snippet":"max-snippet:-1","max-image-preview":"max-image-preview:large","max-video-preview":"max-video-preview:-1"},"canonical":"https:\/\/spainfilmcommission.com\/en\/ai-locations\/parque-juan-carlos-i\/","og_locale":"en_US","og_type":"article","og_title":"Rodar en Parque Juan Carlos I - Spain Film Commission","og_description":"En esta p\u00e1gina encontrar\u00e1s una peque\u00f1a descripci\u00f3n, m\u00e1genes e informaci\u00f3n relevante para que te hagas una idea de c\u00f3mo es rodar en Parque Juan Carlos I","og_url":"https:\/\/spainfilmcommission.com\/en\/ai-locations\/parque-juan-carlos-i\/","og_site_name":"Spain Film Commission","article_modified_time":"2025-04-22T05:48:53+00:00","twitter_card":"summary_large_image","schema":{"@context":"https:\/\/schema.org","@graph":[{"@type":"WebPage","@id":"https:\/\/spainfilmcommission.com\/en\/ai-locations\/parque-juan-carlos-i\/","url":"https:\/\/spainfilmcommission.com\/en\/ai-locations\/parque-juan-carlos-i\/","name":"Rodar en Parque Juan Carlos I - Spain Film Commission","isPartOf":{"@id":"https:\/\/spainfilmcommission.com\/en\/#website"},"datePublished":"2025-02-27T18:47:41+00:00","dateModified":"2025-04-22T05:48:53+00:00","description":"En esta p\u00e1gina encontrar\u00e1s una peque\u00f1a descripci\u00f3n, m\u00e1genes e informaci\u00f3n relevante para que te hagas una idea de c\u00f3mo es rodar en Parque Juan Carlos I","breadcrumb":{"@id":"https:\/\/spainfilmcommission.com\/en\/ai-locations\/parque-juan-carlos-i\/#breadcrumb"},"inLanguage":"en-US","potentialAction":[{"@type":"ReadAction","target":["https:\/\/spainfilmcommission.com\/en\/ai-locations\/parque-juan-carlos-i\/"]}]},{"@type":"BreadcrumbList","@id":"https:\/\/spainfilmcommission.com\/en\/ai-locations\/parque-juan-carlos-i\/#breadcrumb","itemListElement":[{"@type":"ListItem","position":1,"name":"Portada","item":"https:\/\/spainfilmcommission.com\/en\/"},{"@type":"ListItem","position":2,"name":"Parque Juan Carlos I"}]},{"@type":"WebSite","@id":"https:\/\/spainfilmcommission.com\/en\/#website","url":"https:\/\/spainfilmcommission.com\/en\/","name":"Spain Film Commission","description":"","publisher":{"@id":"https:\/\/spainfilmcommission.com\/en\/#organization"},"potentialAction":[{"@type":"SearchAction","target":{"@type":"EntryPoint","urlTemplate":"https:\/\/spainfilmcommission.com\/en\/?s={search_term_string}"},"query-input":{"@type":"PropertyValueSpecification","valueRequired":true,"valueName":"search_term_string"}}],"inLanguage":"en-US"},{"@type":"Organization","@id":"https:\/\/spainfilmcommission.com\/en\/#organization","name":"Spain Film Commission","url":"https:\/\/spainfilmcommission.com\/en\/","logo":{"@type":"ImageObject","inLanguage":"en-US","@id":"https:\/\/spainfilmcommission.com\/en\/#\/schema\/logo\/image\/","url":"https:\/\/spainfilmcommission.com\/wp-content\/uploads\/2024\/07\/SPC_COLOR.png","contentUrl":"https:\/\/spainfilmcommission.com\/wp-content\/uploads\/2024\/07\/SPC_COLOR.png","width":1665,"height":1665,"caption":"Spain Film Commission"},"image":{"@id":"https:\/\/spainfilmcommission.com\/en\/#\/schema\/logo\/image\/"}}]}},"socio":[{"ID":"33","user_login":"madrid-film-office","user_nicename":"madrid-film-office","display_name":"madrid-film-office","user_pass":"****************","user_email":"info@madridfilmoffice.com","user_url":"","user_registered":"2024-12-19 16:08:42","id":33}],"nombrees":"Parque Juan Carlos I","nombreen":"Juan Carlos I Park","localidad":"Madrid","provincia":"Madrid","coordenadas_maps":"40.461539, -3.615002","latitud":"40.461539000000","longitud":"-3.615002000000","direcciones":"","direccionen":"","cod_postal":[],"telefono":"","fax":"","mail":"","web":"http:\/\/www.cityofmadridfilmoffice.com\/localizacion\/parque-juan-carlos-i","descripciones":"El Parque Juan Carlos I es uno de los parques m\u00e1s extensos de la ciudad con una superficie de 160 hect\u00e1reas ubicado en la zona de la Feria de Madrid (IFEMA). Entre otros espacios alberga un lago, un auditorio, un olivar con m\u00e1s de 2000 ejemplares, una colecci\u00f3n de esculturas al aire libre y un centro de actividades. Destacan tambi\u00e9n el Jard\u00edn de las Tres Culturas y el invernadero Estufa Fr\u00eda. Fue abierto al p\u00fablico en 1992 con motivo de la celebraci\u00f3n de Madrid como capital europea de la cultura y actualmente es un espacio ideal para la pr\u00e1ctica deportiva y recreativa.","descripcionen":"Located in Campo de las Naciones, Juan Carlos I is an immense park covering 160 hectares, in which there is an olive grove with over 2,000 \u00a0specimens of the former Olivar de Hinojosa, a lake, an auditorium, a collection of open-air sculptures and an activity centre. It was opened to the public in 1992 on occasion of the Madrid European Capital of Culture.","galeria":[{"ID":"21035","post_author":"2","post_date":"2025-03-08 02:53:51","post_date_gmt":"2025-03-08 01:53:51","post_content":"","post_title":"foto-788_6642","post_excerpt":"","post_status":"inherit","comment_status":"closed","ping_status":"closed","post_password":"","post_name":"foto-788_6642","to_ping":"","pinged":"","post_modified":"2025-04-22 07:48:53","post_modified_gmt":"2025-04-22 05:48:53","post_content_filtered":"","post_parent":"11817","guid":"https:\/\/spainfilmcommission.com\/wp-content\/uploads\/2025\/03\/foto-788_6642.jpg","menu_order":"0","post_type":"attachment","post_mime_type":"image\/jpeg","comment_count":"0","pod_item_id":"21035"},{"ID":"21037","post_author":"2","post_date":"2025-03-08 02:53:53","post_date_gmt":"2025-03-08 01:53:53","post_content":"","post_title":"foto-788_6643","post_excerpt":"","post_status":"inherit","comment_status":"closed","ping_status":"closed","post_password":"","post_name":"foto-788_6643","to_ping":"","pinged":"","post_modified":"2025-04-22 07:48:53","post_modified_gmt":"2025-04-22 05:48:53","post_content_filtered":"","post_parent":"11817","guid":"https:\/\/spainfilmcommission.com\/wp-content\/uploads\/2025\/03\/foto-788_6643.jpg","menu_order":"0","post_type":"attachment","post_mime_type":"image\/jpeg","comment_count":"0","pod_item_id":"21037"},{"ID":"21039","post_author":"2","post_date":"2025-03-08 02:53:56","post_date_gmt":"2025-03-08 01:53:56","post_content":"","post_title":"foto-788_6644","post_excerpt":"","post_status":"inherit","comment_status":"closed","ping_status":"closed","post_password":"","post_name":"foto-788_6644","to_ping":"","pinged":"","post_modified":"2025-04-22 07:48:53","post_modified_gmt":"2025-04-22 05:48:53","post_content_filtered":"","post_parent":"11817","guid":"https:\/\/spainfilmcommission.com\/wp-content\/uploads\/2025\/03\/foto-788_6644.jpg","menu_order":"0","post_type":"attachment","post_mime_type":"image\/jpeg","comment_count":"0","pod_item_id":"21039"},{"ID":"21041","post_author":"2","post_date":"2025-03-08 02:53:57","post_date_gmt":"2025-03-08 01:53:57","post_content":"","post_title":"foto-788_6645","post_excerpt":"","post_status":"inherit","comment_status":"closed","ping_status":"closed","post_password":"","post_name":"foto-788_6645","to_ping":"","pinged":"","post_modified":"2025-04-22 07:48:53","post_modified_gmt":"2025-04-22 05:48:53","post_content_filtered":"","post_parent":"11817","guid":"https:\/\/spainfilmcommission.com\/wp-content\/uploads\/2025\/03\/foto-788_6645.jpg","menu_order":"0","post_type":"attachment","post_mime_type":"image\/jpeg","comment_count":"0","pod_item_id":"21041"},{"ID":"21043","post_author":"2","post_date":"2025-03-08 02:53:59","post_date_gmt":"2025-03-08 01:53:59","post_content":"","post_title":"foto-788_6646","post_excerpt":"","post_status":"inherit","comment_status":"closed","ping_status":"closed","post_password":"","post_name":"foto-788_6646","to_ping":"","pinged":"","post_modified":"2025-04-22 07:48:53","post_modified_gmt":"2025-04-22 05:48:53","post_content_filtered":"","post_parent":"11817","guid":"https:\/\/spainfilmcommission.com\/wp-content\/uploads\/2025\/03\/foto-788_6646.jpg","menu_order":"0","post_type":"attachment","post_mime_type":"image\/jpeg","comment_count":"0","pod_item_id":"21043"},{"ID":"21045","post_author":"2","post_date":"2025-03-08 02:54:01","post_date_gmt":"2025-03-08 01:54:01","post_content":"","post_title":"foto-788_6647","post_excerpt":"","post_status":"inherit","comment_status":"closed","ping_status":"closed","post_password":"","post_name":"foto-788_6647","to_ping":"","pinged":"","post_modified":"2025-04-22 07:48:53","post_modified_gmt":"2025-04-22 05:48:53","post_content_filtered":"","post_parent":"11817","guid":"https:\/\/spainfilmcommission.com\/wp-content\/uploads\/2025\/03\/foto-788_6647.jpg","menu_order":"0","post_type":"attachment","post_mime_type":"image\/jpeg","comment_count":"0","pod_item_id":"21045"},{"ID":"21047","post_author":"2","post_date":"2025-03-08 02:54:03","post_date_gmt":"2025-03-08 01:54:03","post_content":"","post_title":"foto-788_6648","post_excerpt":"","post_status":"inherit","comment_status":"closed","ping_status":"closed","post_password":"","post_name":"foto-788_6648","to_ping":"","pinged":"","post_modified":"2025-04-22 07:48:53","post_modified_gmt":"2025-04-22 05:48:53","post_content_filtered":"","post_parent":"11817","guid":"https:\/\/spainfilmcommission.com\/wp-content\/uploads\/2025\/03\/foto-788_6648.jpg","menu_order":"0","post_type":"attachment","post_mime_type":"image\/jpeg","comment_count":"0","pod_item_id":"21047"},{"ID":"21049","post_author":"2","post_date":"2025-03-08 02:54:05","post_date_gmt":"2025-03-08 01:54:05","post_content":"","post_title":"foto-788_6649","post_excerpt":"","post_status":"inherit","comment_status":"closed","ping_status":"closed","post_password":"","post_name":"foto-788_6649","to_ping":"","pinged":"","post_modified":"2025-04-22 07:48:53","post_modified_gmt":"2025-04-22 05:48:53","post_content_filtered":"","post_parent":"11817","guid":"https:\/\/spainfilmcommission.com\/wp-content\/uploads\/2025\/03\/foto-788_6649.jpg","menu_order":"0","post_type":"attachment","post_mime_type":"image\/jpeg","comment_count":"0","pod_item_id":"21049"},{"ID":"21051","post_author":"2","post_date":"2025-03-08 02:54:07","post_date_gmt":"2025-03-08 01:54:07","post_content":"","post_title":"foto-788_6650","post_excerpt":"","post_status":"inherit","comment_status":"closed","ping_status":"closed","post_password":"","post_name":"foto-788_6650","to_ping":"","pinged":"","post_modified":"2025-04-22 07:48:53","post_modified_gmt":"2025-04-22 05:48:53","post_content_filtered":"","post_parent":"11817","guid":"https:\/\/spainfilmcommission.com\/wp-content\/uploads\/2025\/03\/foto-788_6650.jpg","menu_order":"0","post_type":"attachment","post_mime_type":"image\/jpeg","comment_count":"0","pod_item_id":"21051"},{"ID":"21053","post_author":"2","post_date":"2025-03-08 02:54:10","post_date_gmt":"2025-03-08 01:54:10","post_content":"","post_title":"foto-788_6651","post_excerpt":"","post_status":"inherit","comment_status":"closed","ping_status":"closed","post_password":"","post_name":"foto-788_6651","to_ping":"","pinged":"","post_modified":"2025-04-22 07:48:53","post_modified_gmt":"2025-04-22 05:48:53","post_content_filtered":"","post_parent":"11817","guid":"https:\/\/spainfilmcommission.com\/wp-content\/uploads\/2025\/03\/foto-788_6651.jpg","menu_order":"0","post_type":"attachment","post_mime_type":"image\/jpeg","comment_count":"0","pod_item_id":"21053"},{"ID":"21055","post_author":"2","post_date":"2025-03-08 02:54:13","post_date_gmt":"2025-03-08 01:54:13","post_content":"","post_title":"foto-788_6652","post_excerpt":"","post_status":"inherit","comment_status":"closed","ping_status":"closed","post_password":"","post_name":"foto-788_6652","to_ping":"","pinged":"","post_modified":"2025-04-22 07:48:53","post_modified_gmt":"2025-04-22 05:48:53","post_content_filtered":"","post_parent":"11817","guid":"https:\/\/spainfilmcommission.com\/wp-content\/uploads\/2025\/03\/foto-788_6652.jpg","menu_order":"0","post_type":"attachment","post_mime_type":"image\/jpeg","comment_count":"0","pod_item_id":"21055"},{"ID":"21057","post_author":"2","post_date":"2025-03-08 02:54:16","post_date_gmt":"2025-03-08 01:54:16","post_content":"","post_title":"foto-788_6653","post_excerpt":"","post_status":"inherit","comment_status":"closed","ping_status":"closed","post_password":"","post_name":"foto-788_6653","to_ping":"","pinged":"","post_modified":"2025-04-22 07:48:53","post_modified_gmt":"2025-04-22 05:48:53","post_content_filtered":"","post_parent":"11817","guid":"https:\/\/spainfilmcommission.com\/wp-content\/uploads\/2025\/03\/foto-788_6653.jpg","menu_order":"0","post_type":"attachment","post_mime_type":"image\/jpeg","comment_count":"0","pod_item_id":"21057"},{"ID":"21059","post_author":"2","post_date":"2025-03-08 02:54:18","post_date_gmt":"2025-03-08 01:54:18","post_content":"","post_title":"foto-788_6654","post_excerpt":"","post_status":"inherit","comment_status":"closed","ping_status":"closed","post_password":"","post_name":"foto-788_6654","to_ping":"","pinged":"","post_modified":"2025-04-22 07:48:53","post_modified_gmt":"2025-04-22 05:48:53","post_content_filtered":"","post_parent":"11817","guid":"https:\/\/spainfilmcommission.com\/wp-content\/uploads\/2025\/03\/foto-788_6654.jpg","menu_order":"0","post_type":"attachment","post_mime_type":"image\/jpeg","comment_count":"0","pod_item_id":"21059"},{"ID":"21061","post_author":"2","post_date":"2025-03-08 02:54:21","post_date_gmt":"2025-03-08 01:54:21","post_content":"","post_title":"foto-788_6655","post_excerpt":"","post_status":"inherit","comment_status":"closed","ping_status":"closed","post_password":"","post_name":"foto-788_6655","to_ping":"","pinged":"","post_modified":"2025-04-22 07:48:54","post_modified_gmt":"2025-04-22 05:48:54","post_content_filtered":"","post_parent":"11817","guid":"https:\/\/spainfilmcommission.com\/wp-content\/uploads\/2025\/03\/foto-788_6655.jpg","menu_order":"0","post_type":"attachment","post_mime_type":"image\/jpeg","comment_count":"0","pod_item_id":"21061"},{"ID":"21063","post_author":"2","post_date":"2025-03-08 02:54:23","post_date_gmt":"2025-03-08 01:54:23","post_content":"","post_title":"foto-788_6656","post_excerpt":"","post_status":"inherit","comment_status":"closed","ping_status":"closed","post_password":"","post_name":"foto-788_6656","to_ping":"","pinged":"","post_modified":"2025-04-22 07:48:54","post_modified_gmt":"2025-04-22 05:48:54","post_content_filtered":"","post_parent":"11817","guid":"https:\/\/spainfilmcommission.com\/wp-content\/uploads\/2025\/03\/foto-788_6656.jpg","menu_order":"0","post_type":"attachment","post_mime_type":"image\/jpeg","comment_count":"0","pod_item_id":"21063"},{"ID":"21065","post_author":"2","post_date":"2025-03-08 02:54:25","post_date_gmt":"2025-03-08 01:54:25","post_content":"","post_title":"foto-788_6657","post_excerpt":"","post_status":"inherit","comment_status":"closed","ping_status":"closed","post_password":"","post_name":"foto-788_6657","to_ping":"","pinged":"","post_modified":"2025-04-22 07:48:54","post_modified_gmt":"2025-04-22 05:48:54","post_content_filtered":"","post_parent":"11817","guid":"https:\/\/spainfilmcommission.com\/wp-content\/uploads\/2025\/03\/foto-788_6657.jpg","menu_order":"0","post_type":"attachment","post_mime_type":"image\/jpeg","comment_count":"0","pod_item_id":"21065"},{"ID":"21067","post_author":"2","post_date":"2025-03-08 02:54:28","post_date_gmt":"2025-03-08 01:54:28","post_content":"","post_title":"foto-788_6658","post_excerpt":"","post_status":"inherit","comment_status":"closed","ping_status":"closed","post_password":"","post_name":"foto-788_6658","to_ping":"","pinged":"","post_modified":"2025-04-22 07:48:54","post_modified_gmt":"2025-04-22 05:48:54","post_content_filtered":"","post_parent":"11817","guid":"https:\/\/spainfilmcommission.com\/wp-content\/uploads\/2025\/03\/foto-788_6658.jpg","menu_order":"0","post_type":"attachment","post_mime_type":"image\/jpeg","comment_count":"0","pod_item_id":"21067"},{"ID":"21069","post_author":"2","post_date":"2025-03-08 02:54:30","post_date_gmt":"2025-03-08 01:54:30","post_content":"","post_title":"foto-788_6659","post_excerpt":"","post_status":"inherit","comment_status":"closed","ping_status":"closed","post_password":"","post_name":"foto-788_6659","to_ping":"","pinged":"","post_modified":"2025-04-22 07:48:54","post_modified_gmt":"2025-04-22 05:48:54","post_content_filtered":"","post_parent":"11817","guid":"https:\/\/spainfilmcommission.com\/wp-content\/uploads\/2025\/03\/foto-788_6659.jpg","menu_order":"0","post_type":"attachment","post_mime_type":"image\/jpeg","comment_count":"0","pod_item_id":"21069"},{"ID":"21071","post_author":"2","post_date":"2025-03-08 02:54:32","post_date_gmt":"2025-03-08 01:54:32","post_content":"","post_title":"foto-788_6660","post_excerpt":"","post_status":"inherit","comment_status":"closed","ping_status":"closed","post_password":"","post_name":"foto-788_6660","to_ping":"","pinged":"","post_modified":"2025-04-22 07:48:54","post_modified_gmt":"2025-04-22 05:48:54","post_content_filtered":"","post_parent":"11817","guid":"https:\/\/spainfilmcommission.com\/wp-content\/uploads\/2025\/03\/foto-788_6660.jpg","menu_order":"0","post_type":"attachment","post_mime_type":"image\/jpeg","comment_count":"0","pod_item_id":"21071"}],"nombrepaginaes":"parque-juan-carlos-i","nombrepaginaen":"juan-carlos-i-park","latitud_gps":"","longitud_gps":"","adicionaleses":"","adicionalesen":"","videoes":"","videoen":"","video2es":"","video2en":"","_links":{"self":[{"href":"https:\/\/spainfilmcommission.com\/en\/wp-json\/wp\/v2\/localizaciones\/localizacion\/11817","targetHints":{"allow":["GET"]}}],"collection":[{"href":"https:\/\/spainfilmcommission.com\/en\/wp-json\/wp\/v2\/localizaciones\/localizacion"}],"about":[{"href":"https:\/\/spainfilmcommission.com\/en\/wp-json\/wp\/v2\/types\/localizacion"}],"author":[{"embeddable":true,"href":"https:\/\/spainfilmcommission.com\/en\/wp-json\/wp\/v2\/users\/2"}],"wp:attachment":[{"href":"https:\/\/spainfilmcommission.com\/en\/wp-json\/wp\/v2\/media?parent=11817"}],"curies":[{"name":"wp","href":"https:\/\/api.w.org\/{rel}","templated":true}]}}