{"id":11815,"date":"2025-02-27T19:47:41","date_gmt":"2025-02-27T18:47:41","guid":{"rendered":"https:\/\/spainfilmcommission.com\/?post_type=localizacion&#038;p=11815"},"modified":"2025-04-21T13:57:36","modified_gmt":"2025-04-21T11:57:36","slug":"plaza-de-oriente","status":"publish","type":"localizacion","link":"https:\/\/spainfilmcommission.com\/en\/ai-locations\/plaza-de-oriente\/","title":{"rendered":"Plaza de Oriente"},"content":{"rendered":"","protected":false},"author":2,"template":"","meta":[],"class_list":["post-11815","localizacion","type-localizacion","status-publish","hentry"],"yoast_head":"<!-- This site is optimized with the Yoast SEO plugin v28.3 - https:\/\/yoast.com\/product\/yoast-seo-wordpress\/ -->\n<title>Rodar en Plaza de Oriente - Spain Film Commission<\/title>\n<meta name=\"description\" content=\"En esta p\u00e1gina encontrar\u00e1s una peque\u00f1a descripci\u00f3n, m\u00e1genes e informaci\u00f3n relevante para que te hagas una idea de c\u00f3mo es rodar en Plaza de Oriente\" \/>\n<meta name=\"robots\" content=\"index, follow, max-snippet:-1, max-image-preview:large, max-video-preview:-1\" \/>\n<link rel=\"canonical\" href=\"https:\/\/spainfilmcommission.com\/en\/ai-locations\/plaza-de-oriente\/\" \/>\n<meta property=\"og:locale\" content=\"en_US\" \/>\n<meta property=\"og:type\" content=\"article\" \/>\n<meta property=\"og:title\" content=\"Rodar en Plaza de Oriente - Spain Film Commission\" \/>\n<meta property=\"og:description\" content=\"En esta p\u00e1gina encontrar\u00e1s una peque\u00f1a descripci\u00f3n, m\u00e1genes e informaci\u00f3n relevante para que te hagas una idea de c\u00f3mo es rodar en Plaza de Oriente\" \/>\n<meta property=\"og:url\" content=\"https:\/\/spainfilmcommission.com\/en\/ai-locations\/plaza-de-oriente\/\" \/>\n<meta property=\"og:site_name\" content=\"Spain Film Commission\" \/>\n<meta property=\"article:modified_time\" content=\"2025-04-21T11:57:36+00:00\" \/>\n<meta name=\"twitter:card\" content=\"summary_large_image\" \/>\n<script type=\"application\/ld+json\" class=\"yoast-schema-graph\">{\"@context\":\"https:\\\/\\\/schema.org\",\"@graph\":[{\"@type\":\"WebPage\",\"@id\":\"https:\\\/\\\/spainfilmcommission.com\\\/en\\\/ai-locations\\\/plaza-de-oriente\\\/\",\"url\":\"https:\\\/\\\/spainfilmcommission.com\\\/en\\\/ai-locations\\\/plaza-de-oriente\\\/\",\"name\":\"Rodar en Plaza de Oriente - Spain Film Commission\",\"isPartOf\":{\"@id\":\"https:\\\/\\\/spainfilmcommission.com\\\/en\\\/#website\"},\"datePublished\":\"2025-02-27T18:47:41+00:00\",\"dateModified\":\"2025-04-21T11:57:36+00:00\",\"description\":\"En esta p\u00e1gina encontrar\u00e1s una peque\u00f1a descripci\u00f3n, m\u00e1genes e informaci\u00f3n relevante para que te hagas una idea de c\u00f3mo es rodar en Plaza de Oriente\",\"breadcrumb\":{\"@id\":\"https:\\\/\\\/spainfilmcommission.com\\\/en\\\/ai-locations\\\/plaza-de-oriente\\\/#breadcrumb\"},\"inLanguage\":\"en-US\",\"potentialAction\":[{\"@type\":\"ReadAction\",\"target\":[\"https:\\\/\\\/spainfilmcommission.com\\\/en\\\/ai-locations\\\/plaza-de-oriente\\\/\"]}]},{\"@type\":\"BreadcrumbList\",\"@id\":\"https:\\\/\\\/spainfilmcommission.com\\\/en\\\/ai-locations\\\/plaza-de-oriente\\\/#breadcrumb\",\"itemListElement\":[{\"@type\":\"ListItem\",\"position\":1,\"name\":\"Portada\",\"item\":\"https:\\\/\\\/spainfilmcommission.com\\\/en\\\/\"},{\"@type\":\"ListItem\",\"position\":2,\"name\":\"Plaza de Oriente\"}]},{\"@type\":\"WebSite\",\"@id\":\"https:\\\/\\\/spainfilmcommission.com\\\/en\\\/#website\",\"url\":\"https:\\\/\\\/spainfilmcommission.com\\\/en\\\/\",\"name\":\"Spain Film Commission\",\"description\":\"\",\"publisher\":{\"@id\":\"https:\\\/\\\/spainfilmcommission.com\\\/en\\\/#organization\"},\"potentialAction\":[{\"@type\":\"SearchAction\",\"target\":{\"@type\":\"EntryPoint\",\"urlTemplate\":\"https:\\\/\\\/spainfilmcommission.com\\\/en\\\/?s={search_term_string}\"},\"query-input\":{\"@type\":\"PropertyValueSpecification\",\"valueRequired\":true,\"valueName\":\"search_term_string\"}}],\"inLanguage\":\"en-US\"},{\"@type\":\"Organization\",\"@id\":\"https:\\\/\\\/spainfilmcommission.com\\\/en\\\/#organization\",\"name\":\"Spain Film Commission\",\"url\":\"https:\\\/\\\/spainfilmcommission.com\\\/en\\\/\",\"logo\":{\"@type\":\"ImageObject\",\"inLanguage\":\"en-US\",\"@id\":\"https:\\\/\\\/spainfilmcommission.com\\\/en\\\/#\\\/schema\\\/logo\\\/image\\\/\",\"url\":\"https:\\\/\\\/spainfilmcommission.com\\\/wp-content\\\/uploads\\\/2024\\\/07\\\/SPC_COLOR.png\",\"contentUrl\":\"https:\\\/\\\/spainfilmcommission.com\\\/wp-content\\\/uploads\\\/2024\\\/07\\\/SPC_COLOR.png\",\"width\":1665,\"height\":1665,\"caption\":\"Spain Film Commission\"},\"image\":{\"@id\":\"https:\\\/\\\/spainfilmcommission.com\\\/en\\\/#\\\/schema\\\/logo\\\/image\\\/\"}}]}<\/script>\n<!-- \/ Yoast SEO plugin. -->","yoast_head_json":{"title":"Rodar en Plaza de Oriente - Spain Film Commission","description":"En esta p\u00e1gina encontrar\u00e1s una peque\u00f1a descripci\u00f3n, m\u00e1genes e informaci\u00f3n relevante para que te hagas una idea de c\u00f3mo es rodar en Plaza de Oriente","robots":{"index":"index","follow":"follow","max-snippet":"max-snippet:-1","max-image-preview":"max-image-preview:large","max-video-preview":"max-video-preview:-1"},"canonical":"https:\/\/spainfilmcommission.com\/en\/ai-locations\/plaza-de-oriente\/","og_locale":"en_US","og_type":"article","og_title":"Rodar en Plaza de Oriente - Spain Film Commission","og_description":"En esta p\u00e1gina encontrar\u00e1s una peque\u00f1a descripci\u00f3n, m\u00e1genes e informaci\u00f3n relevante para que te hagas una idea de c\u00f3mo es rodar en Plaza de Oriente","og_url":"https:\/\/spainfilmcommission.com\/en\/ai-locations\/plaza-de-oriente\/","og_site_name":"Spain Film Commission","article_modified_time":"2025-04-21T11:57:36+00:00","twitter_card":"summary_large_image","schema":{"@context":"https:\/\/schema.org","@graph":[{"@type":"WebPage","@id":"https:\/\/spainfilmcommission.com\/en\/ai-locations\/plaza-de-oriente\/","url":"https:\/\/spainfilmcommission.com\/en\/ai-locations\/plaza-de-oriente\/","name":"Rodar en Plaza de Oriente - Spain Film Commission","isPartOf":{"@id":"https:\/\/spainfilmcommission.com\/en\/#website"},"datePublished":"2025-02-27T18:47:41+00:00","dateModified":"2025-04-21T11:57:36+00:00","description":"En esta p\u00e1gina encontrar\u00e1s una peque\u00f1a descripci\u00f3n, m\u00e1genes e informaci\u00f3n relevante para que te hagas una idea de c\u00f3mo es rodar en Plaza de Oriente","breadcrumb":{"@id":"https:\/\/spainfilmcommission.com\/en\/ai-locations\/plaza-de-oriente\/#breadcrumb"},"inLanguage":"en-US","potentialAction":[{"@type":"ReadAction","target":["https:\/\/spainfilmcommission.com\/en\/ai-locations\/plaza-de-oriente\/"]}]},{"@type":"BreadcrumbList","@id":"https:\/\/spainfilmcommission.com\/en\/ai-locations\/plaza-de-oriente\/#breadcrumb","itemListElement":[{"@type":"ListItem","position":1,"name":"Portada","item":"https:\/\/spainfilmcommission.com\/en\/"},{"@type":"ListItem","position":2,"name":"Plaza de Oriente"}]},{"@type":"WebSite","@id":"https:\/\/spainfilmcommission.com\/en\/#website","url":"https:\/\/spainfilmcommission.com\/en\/","name":"Spain Film Commission","description":"","publisher":{"@id":"https:\/\/spainfilmcommission.com\/en\/#organization"},"potentialAction":[{"@type":"SearchAction","target":{"@type":"EntryPoint","urlTemplate":"https:\/\/spainfilmcommission.com\/en\/?s={search_term_string}"},"query-input":{"@type":"PropertyValueSpecification","valueRequired":true,"valueName":"search_term_string"}}],"inLanguage":"en-US"},{"@type":"Organization","@id":"https:\/\/spainfilmcommission.com\/en\/#organization","name":"Spain Film Commission","url":"https:\/\/spainfilmcommission.com\/en\/","logo":{"@type":"ImageObject","inLanguage":"en-US","@id":"https:\/\/spainfilmcommission.com\/en\/#\/schema\/logo\/image\/","url":"https:\/\/spainfilmcommission.com\/wp-content\/uploads\/2024\/07\/SPC_COLOR.png","contentUrl":"https:\/\/spainfilmcommission.com\/wp-content\/uploads\/2024\/07\/SPC_COLOR.png","width":1665,"height":1665,"caption":"Spain Film Commission"},"image":{"@id":"https:\/\/spainfilmcommission.com\/en\/#\/schema\/logo\/image\/"}}]}},"socio":[{"ID":"33","user_login":"madrid-film-office","user_nicename":"madrid-film-office","display_name":"madrid-film-office","user_pass":"****************","user_email":"info@madridfilmoffice.com","user_url":"","user_registered":"2024-12-19 16:08:42","id":33}],"nombrees":"Plaza de Oriente","nombreen":"Plaza de Oriente","localidad":"Madrid","provincia":"Madrid","coordenadas_maps":"40.418700, -3.712091","latitud":"40.418700000000","longitud":"-3.712091000000","direcciones":"","direccionen":"","cod_postal":[],"telefono":"","fax":"","mail":"","web":"http:\/\/www.esmadrid.com\/informacion-turistica\/jardines-de-la-plaza-de-oriente","descripciones":"La Plaza de Oriente es una c\u00e9ntrica plaza situada frente a la fachada oriental del Palacio Real en un conjunto patrimonial de la ciudad que incluye elementos destacados como el Teatro Real, la Catedral de la Almudena, los Jardines de Sabatini y la Plaza de la Encarnaci\u00f3n. Una plaza de forma rectangular cerrada en hemiciclo, cuyo trazado definitivo responde a un dise\u00f1o de 1844. En el a\u00f1o 1997 finaliza la \u00faltima remodelaci\u00f3n de la plaza que transforma la plaza en un espacio urban\u00edstico de gran calidad convirtiendo la cercana calle Bailen y los laterales en peatonales.","descripcionen":"Plaza de Oriente is a central square located in front of the east fa\u00e7ade of the Royal Palace in one of the city\u2019s patrimonial ensembles that includes such outstanding elements as the Teatro Real Opera House, La Almudena Cathedral, the Sabatini Gardens and Plaza de la Encarnaci\u00f3n. A rectangular square ending in a semi-circle, whose definitive layout was designed by Narciso Pascual y Colomer in 1844. The square was most recently remodelled in 1997 under the guidance of Miguel de Oriol who transformed the square into an urban space of great quality and turned the nearby Calle Bail\u00e9n and other side streets into pedestrian areas. There are three separate spaces: the central parterre which unfolds around the famous equestrian sculptural ensemble of Philip IV, and the gardens of Cabo Noval and of Lepanto, located on both sides.","galeria":[{"ID":"20975","post_author":"2","post_date":"2025-03-08 02:52:52","post_date_gmt":"2025-03-08 01:52:52","post_content":"","post_title":"foto-786_6615","post_excerpt":"","post_status":"inherit","comment_status":"closed","ping_status":"closed","post_password":"","post_name":"foto-786_6615","to_ping":"","pinged":"","post_modified":"2025-04-21 13:57:37","post_modified_gmt":"2025-04-21 11:57:37","post_content_filtered":"","post_parent":"11815","guid":"https:\/\/spainfilmcommission.com\/wp-content\/uploads\/2025\/03\/foto-786_6615.jpg","menu_order":"0","post_type":"attachment","post_mime_type":"image\/jpeg","comment_count":"0","pod_item_id":"20975"},{"ID":"20977","post_author":"2","post_date":"2025-03-08 02:52:54","post_date_gmt":"2025-03-08 01:52:54","post_content":"","post_title":"foto-786_6616","post_excerpt":"","post_status":"inherit","comment_status":"closed","ping_status":"closed","post_password":"","post_name":"foto-786_6616","to_ping":"","pinged":"","post_modified":"2025-04-21 13:57:37","post_modified_gmt":"2025-04-21 11:57:37","post_content_filtered":"","post_parent":"11815","guid":"https:\/\/spainfilmcommission.com\/wp-content\/uploads\/2025\/03\/foto-786_6616.jpg","menu_order":"0","post_type":"attachment","post_mime_type":"image\/jpeg","comment_count":"0","pod_item_id":"20977"},{"ID":"20979","post_author":"2","post_date":"2025-03-08 02:52:55","post_date_gmt":"2025-03-08 01:52:55","post_content":"","post_title":"foto-786_6617","post_excerpt":"","post_status":"inherit","comment_status":"closed","ping_status":"closed","post_password":"","post_name":"foto-786_6617","to_ping":"","pinged":"","post_modified":"2025-04-21 13:57:37","post_modified_gmt":"2025-04-21 11:57:37","post_content_filtered":"","post_parent":"11815","guid":"https:\/\/spainfilmcommission.com\/wp-content\/uploads\/2025\/03\/foto-786_6617.jpg","menu_order":"0","post_type":"attachment","post_mime_type":"image\/jpeg","comment_count":"0","pod_item_id":"20979"},{"ID":"20981","post_author":"2","post_date":"2025-03-08 02:52:57","post_date_gmt":"2025-03-08 01:52:57","post_content":"","post_title":"foto-786_6618","post_excerpt":"","post_status":"inherit","comment_status":"closed","ping_status":"closed","post_password":"","post_name":"foto-786_6618","to_ping":"","pinged":"","post_modified":"2025-04-21 13:57:37","post_modified_gmt":"2025-04-21 11:57:37","post_content_filtered":"","post_parent":"11815","guid":"https:\/\/spainfilmcommission.com\/wp-content\/uploads\/2025\/03\/foto-786_6618.jpg","menu_order":"0","post_type":"attachment","post_mime_type":"image\/jpeg","comment_count":"0","pod_item_id":"20981"},{"ID":"20983","post_author":"2","post_date":"2025-03-08 02:52:59","post_date_gmt":"2025-03-08 01:52:59","post_content":"","post_title":"foto-786_6619","post_excerpt":"","post_status":"inherit","comment_status":"closed","ping_status":"closed","post_password":"","post_name":"foto-786_6619","to_ping":"","pinged":"","post_modified":"2025-04-21 13:57:37","post_modified_gmt":"2025-04-21 11:57:37","post_content_filtered":"","post_parent":"11815","guid":"https:\/\/spainfilmcommission.com\/wp-content\/uploads\/2025\/03\/foto-786_6619.jpg","menu_order":"0","post_type":"attachment","post_mime_type":"image\/jpeg","comment_count":"0","pod_item_id":"20983"},{"ID":"20985","post_author":"2","post_date":"2025-03-08 02:53:01","post_date_gmt":"2025-03-08 01:53:01","post_content":"","post_title":"foto-786_6620","post_excerpt":"","post_status":"inherit","comment_status":"closed","ping_status":"closed","post_password":"","post_name":"foto-786_6620","to_ping":"","pinged":"","post_modified":"2025-04-21 13:57:37","post_modified_gmt":"2025-04-21 11:57:37","post_content_filtered":"","post_parent":"11815","guid":"https:\/\/spainfilmcommission.com\/wp-content\/uploads\/2025\/03\/foto-786_6620.jpg","menu_order":"0","post_type":"attachment","post_mime_type":"image\/jpeg","comment_count":"0","pod_item_id":"20985"},{"ID":"20987","post_author":"2","post_date":"2025-03-08 02:53:03","post_date_gmt":"2025-03-08 01:53:03","post_content":"","post_title":"foto-786_6621","post_excerpt":"","post_status":"inherit","comment_status":"closed","ping_status":"closed","post_password":"","post_name":"foto-786_6621","to_ping":"","pinged":"","post_modified":"2025-04-21 13:57:37","post_modified_gmt":"2025-04-21 11:57:37","post_content_filtered":"","post_parent":"11815","guid":"https:\/\/spainfilmcommission.com\/wp-content\/uploads\/2025\/03\/foto-786_6621.jpg","menu_order":"0","post_type":"attachment","post_mime_type":"image\/jpeg","comment_count":"0","pod_item_id":"20987"},{"ID":"20989","post_author":"2","post_date":"2025-03-08 02:53:05","post_date_gmt":"2025-03-08 01:53:05","post_content":"","post_title":"foto-786_6622","post_excerpt":"","post_status":"inherit","comment_status":"closed","ping_status":"closed","post_password":"","post_name":"foto-786_6622","to_ping":"","pinged":"","post_modified":"2025-04-21 13:57:37","post_modified_gmt":"2025-04-21 11:57:37","post_content_filtered":"","post_parent":"11815","guid":"https:\/\/spainfilmcommission.com\/wp-content\/uploads\/2025\/03\/foto-786_6622.jpg","menu_order":"0","post_type":"attachment","post_mime_type":"image\/jpeg","comment_count":"0","pod_item_id":"20989"},{"ID":"20991","post_author":"2","post_date":"2025-03-08 02:53:06","post_date_gmt":"2025-03-08 01:53:06","post_content":"","post_title":"foto-786_6623","post_excerpt":"","post_status":"inherit","comment_status":"closed","ping_status":"closed","post_password":"","post_name":"foto-786_6623","to_ping":"","pinged":"","post_modified":"2025-04-21 13:57:37","post_modified_gmt":"2025-04-21 11:57:37","post_content_filtered":"","post_parent":"11815","guid":"https:\/\/spainfilmcommission.com\/wp-content\/uploads\/2025\/03\/foto-786_6623.jpg","menu_order":"0","post_type":"attachment","post_mime_type":"image\/jpeg","comment_count":"0","pod_item_id":"20991"},{"ID":"20993","post_author":"2","post_date":"2025-03-08 02:53:08","post_date_gmt":"2025-03-08 01:53:08","post_content":"","post_title":"foto-786_6624","post_excerpt":"","post_status":"inherit","comment_status":"closed","ping_status":"closed","post_password":"","post_name":"foto-786_6624","to_ping":"","pinged":"","post_modified":"2025-04-21 13:57:37","post_modified_gmt":"2025-04-21 11:57:37","post_content_filtered":"","post_parent":"11815","guid":"https:\/\/spainfilmcommission.com\/wp-content\/uploads\/2025\/03\/foto-786_6624.jpg","menu_order":"0","post_type":"attachment","post_mime_type":"image\/jpeg","comment_count":"0","pod_item_id":"20993"},{"ID":"20995","post_author":"2","post_date":"2025-03-08 02:53:10","post_date_gmt":"2025-03-08 01:53:10","post_content":"","post_title":"foto-786_6625","post_excerpt":"","post_status":"inherit","comment_status":"closed","ping_status":"closed","post_password":"","post_name":"foto-786_6625","to_ping":"","pinged":"","post_modified":"2025-04-21 13:57:37","post_modified_gmt":"2025-04-21 11:57:37","post_content_filtered":"","post_parent":"11815","guid":"https:\/\/spainfilmcommission.com\/wp-content\/uploads\/2025\/03\/foto-786_6625.jpg","menu_order":"0","post_type":"attachment","post_mime_type":"image\/jpeg","comment_count":"0","pod_item_id":"20995"},{"ID":"20997","post_author":"2","post_date":"2025-03-08 02:53:14","post_date_gmt":"2025-03-08 01:53:14","post_content":"","post_title":"foto-786_6626","post_excerpt":"","post_status":"inherit","comment_status":"closed","ping_status":"closed","post_password":"","post_name":"foto-786_6626","to_ping":"","pinged":"","post_modified":"2025-04-21 13:57:37","post_modified_gmt":"2025-04-21 11:57:37","post_content_filtered":"","post_parent":"11815","guid":"https:\/\/spainfilmcommission.com\/wp-content\/uploads\/2025\/03\/foto-786_6626.jpg","menu_order":"0","post_type":"attachment","post_mime_type":"image\/jpeg","comment_count":"0","pod_item_id":"20997"},{"ID":"20999","post_author":"2","post_date":"2025-03-08 02:53:16","post_date_gmt":"2025-03-08 01:53:16","post_content":"","post_title":"foto-786_6627","post_excerpt":"","post_status":"inherit","comment_status":"closed","ping_status":"closed","post_password":"","post_name":"foto-786_6627","to_ping":"","pinged":"","post_modified":"2025-04-21 13:57:37","post_modified_gmt":"2025-04-21 11:57:37","post_content_filtered":"","post_parent":"11815","guid":"https:\/\/spainfilmcommission.com\/wp-content\/uploads\/2025\/03\/foto-786_6627.jpg","menu_order":"0","post_type":"attachment","post_mime_type":"image\/jpeg","comment_count":"0","pod_item_id":"20999"},{"ID":"21001","post_author":"2","post_date":"2025-03-08 02:53:18","post_date_gmt":"2025-03-08 01:53:18","post_content":"","post_title":"foto-786_6628","post_excerpt":"","post_status":"inherit","comment_status":"closed","ping_status":"closed","post_password":"","post_name":"foto-786_6628","to_ping":"","pinged":"","post_modified":"2025-04-21 13:57:37","post_modified_gmt":"2025-04-21 11:57:37","post_content_filtered":"","post_parent":"11815","guid":"https:\/\/spainfilmcommission.com\/wp-content\/uploads\/2025\/03\/foto-786_6628.jpg","menu_order":"0","post_type":"attachment","post_mime_type":"image\/jpeg","comment_count":"0","pod_item_id":"21001"},{"ID":"21003","post_author":"2","post_date":"2025-03-08 02:53:20","post_date_gmt":"2025-03-08 01:53:20","post_content":"","post_title":"foto-786_6629","post_excerpt":"","post_status":"inherit","comment_status":"closed","ping_status":"closed","post_password":"","post_name":"foto-786_6629","to_ping":"","pinged":"","post_modified":"2025-04-21 13:57:37","post_modified_gmt":"2025-04-21 11:57:37","post_content_filtered":"","post_parent":"11815","guid":"https:\/\/spainfilmcommission.com\/wp-content\/uploads\/2025\/03\/foto-786_6629.jpg","menu_order":"0","post_type":"attachment","post_mime_type":"image\/jpeg","comment_count":"0","pod_item_id":"21003"},{"ID":"21005","post_author":"2","post_date":"2025-03-08 02:53:22","post_date_gmt":"2025-03-08 01:53:22","post_content":"","post_title":"foto-786_6630","post_excerpt":"","post_status":"inherit","comment_status":"closed","ping_status":"closed","post_password":"","post_name":"foto-786_6630","to_ping":"","pinged":"","post_modified":"2025-04-21 13:57:37","post_modified_gmt":"2025-04-21 11:57:37","post_content_filtered":"","post_parent":"11815","guid":"https:\/\/spainfilmcommission.com\/wp-content\/uploads\/2025\/03\/foto-786_6630.jpg","menu_order":"0","post_type":"attachment","post_mime_type":"image\/jpeg","comment_count":"0","pod_item_id":"21005"},{"ID":"21007","post_author":"2","post_date":"2025-03-08 02:53:24","post_date_gmt":"2025-03-08 01:53:24","post_content":"","post_title":"foto-786_6631","post_excerpt":"","post_status":"inherit","comment_status":"closed","ping_status":"closed","post_password":"","post_name":"foto-786_6631","to_ping":"","pinged":"","post_modified":"2025-04-21 13:57:37","post_modified_gmt":"2025-04-21 11:57:37","post_content_filtered":"","post_parent":"11815","guid":"https:\/\/spainfilmcommission.com\/wp-content\/uploads\/2025\/03\/foto-786_6631.jpg","menu_order":"0","post_type":"attachment","post_mime_type":"image\/jpeg","comment_count":"0","pod_item_id":"21007"},{"ID":"21009","post_author":"2","post_date":"2025-03-08 02:53:25","post_date_gmt":"2025-03-08 01:53:25","post_content":"","post_title":"foto-786_6632","post_excerpt":"","post_status":"inherit","comment_status":"closed","ping_status":"closed","post_password":"","post_name":"foto-786_6632","to_ping":"","pinged":"","post_modified":"2025-04-21 13:57:37","post_modified_gmt":"2025-04-21 11:57:37","post_content_filtered":"","post_parent":"11815","guid":"https:\/\/spainfilmcommission.com\/wp-content\/uploads\/2025\/03\/foto-786_6632.jpg","menu_order":"0","post_type":"attachment","post_mime_type":"image\/jpeg","comment_count":"0","pod_item_id":"21009"}],"nombrepaginaes":"plaza-de-oriente","nombrepaginaen":"plaza-de-oriente","latitud_gps":"","longitud_gps":"","adicionaleses":"","adicionalesen":"","videoes":"","videoen":"","video2es":"","video2en":"","_links":{"self":[{"href":"https:\/\/spainfilmcommission.com\/en\/wp-json\/wp\/v2\/localizaciones\/localizacion\/11815","targetHints":{"allow":["GET"]}}],"collection":[{"href":"https:\/\/spainfilmcommission.com\/en\/wp-json\/wp\/v2\/localizaciones\/localizacion"}],"about":[{"href":"https:\/\/spainfilmcommission.com\/en\/wp-json\/wp\/v2\/types\/localizacion"}],"author":[{"embeddable":true,"href":"https:\/\/spainfilmcommission.com\/en\/wp-json\/wp\/v2\/users\/2"}],"wp:attachment":[{"href":"https:\/\/spainfilmcommission.com\/en\/wp-json\/wp\/v2\/media?parent=11815"}],"curies":[{"name":"wp","href":"https:\/\/api.w.org\/{rel}","templated":true}]}}