{"id":11814,"date":"2025-02-27T19:47:41","date_gmt":"2025-02-27T18:47:41","guid":{"rendered":"https:\/\/spainfilmcommission.com\/?post_type=localizacion&#038;p=11814"},"modified":"2025-04-21T13:58:46","modified_gmt":"2025-04-21T11:58:46","slug":"plaza-de-la-villa","status":"publish","type":"localizacion","link":"https:\/\/spainfilmcommission.com\/en\/ai-locations\/plaza-de-la-villa\/","title":{"rendered":"Plaza de la Villa"},"content":{"rendered":"","protected":false},"author":2,"template":"","meta":[],"class_list":["post-11814","localizacion","type-localizacion","status-publish","hentry"],"yoast_head":"<!-- This site is optimized with the Yoast SEO plugin v28.3 - https:\/\/yoast.com\/product\/yoast-seo-wordpress\/ -->\n<title>Rodar en Plaza de la Villa - Spain Film Commission<\/title>\n<meta name=\"description\" content=\"En esta p\u00e1gina encontrar\u00e1s una peque\u00f1a descripci\u00f3n, m\u00e1genes e informaci\u00f3n relevante para que te hagas una idea de c\u00f3mo es rodar en Plaza de la Villa\" \/>\n<meta name=\"robots\" content=\"index, follow, max-snippet:-1, max-image-preview:large, max-video-preview:-1\" \/>\n<link rel=\"canonical\" href=\"https:\/\/spainfilmcommission.com\/en\/ai-locations\/plaza-de-la-villa\/\" \/>\n<meta property=\"og:locale\" content=\"en_US\" \/>\n<meta property=\"og:type\" content=\"article\" \/>\n<meta property=\"og:title\" content=\"Rodar en Plaza de la Villa - Spain Film Commission\" \/>\n<meta property=\"og:description\" content=\"En esta p\u00e1gina encontrar\u00e1s una peque\u00f1a descripci\u00f3n, m\u00e1genes e informaci\u00f3n relevante para que te hagas una idea de c\u00f3mo es rodar en Plaza de la Villa\" \/>\n<meta property=\"og:url\" content=\"https:\/\/spainfilmcommission.com\/en\/ai-locations\/plaza-de-la-villa\/\" \/>\n<meta property=\"og:site_name\" content=\"Spain Film Commission\" \/>\n<meta property=\"article:modified_time\" content=\"2025-04-21T11:58:46+00:00\" \/>\n<meta name=\"twitter:card\" content=\"summary_large_image\" \/>\n<script type=\"application\/ld+json\" class=\"yoast-schema-graph\">{\"@context\":\"https:\\\/\\\/schema.org\",\"@graph\":[{\"@type\":\"WebPage\",\"@id\":\"https:\\\/\\\/spainfilmcommission.com\\\/en\\\/ai-locations\\\/plaza-de-la-villa\\\/\",\"url\":\"https:\\\/\\\/spainfilmcommission.com\\\/en\\\/ai-locations\\\/plaza-de-la-villa\\\/\",\"name\":\"Rodar en Plaza de la Villa - Spain Film Commission\",\"isPartOf\":{\"@id\":\"https:\\\/\\\/spainfilmcommission.com\\\/en\\\/#website\"},\"datePublished\":\"2025-02-27T18:47:41+00:00\",\"dateModified\":\"2025-04-21T11:58:46+00:00\",\"description\":\"En esta p\u00e1gina encontrar\u00e1s una peque\u00f1a descripci\u00f3n, m\u00e1genes e informaci\u00f3n relevante para que te hagas una idea de c\u00f3mo es rodar en Plaza de la Villa\",\"breadcrumb\":{\"@id\":\"https:\\\/\\\/spainfilmcommission.com\\\/en\\\/ai-locations\\\/plaza-de-la-villa\\\/#breadcrumb\"},\"inLanguage\":\"en-US\",\"potentialAction\":[{\"@type\":\"ReadAction\",\"target\":[\"https:\\\/\\\/spainfilmcommission.com\\\/en\\\/ai-locations\\\/plaza-de-la-villa\\\/\"]}]},{\"@type\":\"BreadcrumbList\",\"@id\":\"https:\\\/\\\/spainfilmcommission.com\\\/en\\\/ai-locations\\\/plaza-de-la-villa\\\/#breadcrumb\",\"itemListElement\":[{\"@type\":\"ListItem\",\"position\":1,\"name\":\"Portada\",\"item\":\"https:\\\/\\\/spainfilmcommission.com\\\/en\\\/\"},{\"@type\":\"ListItem\",\"position\":2,\"name\":\"Plaza de la Villa\"}]},{\"@type\":\"WebSite\",\"@id\":\"https:\\\/\\\/spainfilmcommission.com\\\/en\\\/#website\",\"url\":\"https:\\\/\\\/spainfilmcommission.com\\\/en\\\/\",\"name\":\"Spain Film Commission\",\"description\":\"\",\"publisher\":{\"@id\":\"https:\\\/\\\/spainfilmcommission.com\\\/en\\\/#organization\"},\"potentialAction\":[{\"@type\":\"SearchAction\",\"target\":{\"@type\":\"EntryPoint\",\"urlTemplate\":\"https:\\\/\\\/spainfilmcommission.com\\\/en\\\/?s={search_term_string}\"},\"query-input\":{\"@type\":\"PropertyValueSpecification\",\"valueRequired\":true,\"valueName\":\"search_term_string\"}}],\"inLanguage\":\"en-US\"},{\"@type\":\"Organization\",\"@id\":\"https:\\\/\\\/spainfilmcommission.com\\\/en\\\/#organization\",\"name\":\"Spain Film Commission\",\"url\":\"https:\\\/\\\/spainfilmcommission.com\\\/en\\\/\",\"logo\":{\"@type\":\"ImageObject\",\"inLanguage\":\"en-US\",\"@id\":\"https:\\\/\\\/spainfilmcommission.com\\\/en\\\/#\\\/schema\\\/logo\\\/image\\\/\",\"url\":\"https:\\\/\\\/spainfilmcommission.com\\\/wp-content\\\/uploads\\\/2024\\\/07\\\/SPC_COLOR.png\",\"contentUrl\":\"https:\\\/\\\/spainfilmcommission.com\\\/wp-content\\\/uploads\\\/2024\\\/07\\\/SPC_COLOR.png\",\"width\":1665,\"height\":1665,\"caption\":\"Spain Film Commission\"},\"image\":{\"@id\":\"https:\\\/\\\/spainfilmcommission.com\\\/en\\\/#\\\/schema\\\/logo\\\/image\\\/\"}}]}<\/script>\n<!-- \/ Yoast SEO plugin. -->","yoast_head_json":{"title":"Rodar en Plaza de la Villa - Spain Film Commission","description":"En esta p\u00e1gina encontrar\u00e1s una peque\u00f1a descripci\u00f3n, m\u00e1genes e informaci\u00f3n relevante para que te hagas una idea de c\u00f3mo es rodar en Plaza de la Villa","robots":{"index":"index","follow":"follow","max-snippet":"max-snippet:-1","max-image-preview":"max-image-preview:large","max-video-preview":"max-video-preview:-1"},"canonical":"https:\/\/spainfilmcommission.com\/en\/ai-locations\/plaza-de-la-villa\/","og_locale":"en_US","og_type":"article","og_title":"Rodar en Plaza de la Villa - Spain Film Commission","og_description":"En esta p\u00e1gina encontrar\u00e1s una peque\u00f1a descripci\u00f3n, m\u00e1genes e informaci\u00f3n relevante para que te hagas una idea de c\u00f3mo es rodar en Plaza de la Villa","og_url":"https:\/\/spainfilmcommission.com\/en\/ai-locations\/plaza-de-la-villa\/","og_site_name":"Spain Film Commission","article_modified_time":"2025-04-21T11:58:46+00:00","twitter_card":"summary_large_image","schema":{"@context":"https:\/\/schema.org","@graph":[{"@type":"WebPage","@id":"https:\/\/spainfilmcommission.com\/en\/ai-locations\/plaza-de-la-villa\/","url":"https:\/\/spainfilmcommission.com\/en\/ai-locations\/plaza-de-la-villa\/","name":"Rodar en Plaza de la Villa - Spain Film Commission","isPartOf":{"@id":"https:\/\/spainfilmcommission.com\/en\/#website"},"datePublished":"2025-02-27T18:47:41+00:00","dateModified":"2025-04-21T11:58:46+00:00","description":"En esta p\u00e1gina encontrar\u00e1s una peque\u00f1a descripci\u00f3n, m\u00e1genes e informaci\u00f3n relevante para que te hagas una idea de c\u00f3mo es rodar en Plaza de la Villa","breadcrumb":{"@id":"https:\/\/spainfilmcommission.com\/en\/ai-locations\/plaza-de-la-villa\/#breadcrumb"},"inLanguage":"en-US","potentialAction":[{"@type":"ReadAction","target":["https:\/\/spainfilmcommission.com\/en\/ai-locations\/plaza-de-la-villa\/"]}]},{"@type":"BreadcrumbList","@id":"https:\/\/spainfilmcommission.com\/en\/ai-locations\/plaza-de-la-villa\/#breadcrumb","itemListElement":[{"@type":"ListItem","position":1,"name":"Portada","item":"https:\/\/spainfilmcommission.com\/en\/"},{"@type":"ListItem","position":2,"name":"Plaza de la Villa"}]},{"@type":"WebSite","@id":"https:\/\/spainfilmcommission.com\/en\/#website","url":"https:\/\/spainfilmcommission.com\/en\/","name":"Spain Film Commission","description":"","publisher":{"@id":"https:\/\/spainfilmcommission.com\/en\/#organization"},"potentialAction":[{"@type":"SearchAction","target":{"@type":"EntryPoint","urlTemplate":"https:\/\/spainfilmcommission.com\/en\/?s={search_term_string}"},"query-input":{"@type":"PropertyValueSpecification","valueRequired":true,"valueName":"search_term_string"}}],"inLanguage":"en-US"},{"@type":"Organization","@id":"https:\/\/spainfilmcommission.com\/en\/#organization","name":"Spain Film Commission","url":"https:\/\/spainfilmcommission.com\/en\/","logo":{"@type":"ImageObject","inLanguage":"en-US","@id":"https:\/\/spainfilmcommission.com\/en\/#\/schema\/logo\/image\/","url":"https:\/\/spainfilmcommission.com\/wp-content\/uploads\/2024\/07\/SPC_COLOR.png","contentUrl":"https:\/\/spainfilmcommission.com\/wp-content\/uploads\/2024\/07\/SPC_COLOR.png","width":1665,"height":1665,"caption":"Spain Film Commission"},"image":{"@id":"https:\/\/spainfilmcommission.com\/en\/#\/schema\/logo\/image\/"}}]}},"socio":[{"ID":"33","user_login":"madrid-film-office","user_nicename":"madrid-film-office","display_name":"madrid-film-office","user_pass":"****************","user_email":"info@madridfilmoffice.com","user_url":"","user_registered":"2024-12-19 16:08:42","id":33}],"nombrees":"Plaza de la Villa","nombreen":"Plaza de la Villa","localidad":"Madrid","provincia":"Madrid","coordenadas_maps":",","latitud":[],"longitud":[],"direcciones":"","direccionen":"","cod_postal":[],"telefono":"","fax":"","mail":"","web":"http:\/\/www.esmadrid.com\/informacion-turistica\/plaza-de-la-villa","descripciones":"La Plaza de la Villa es uno de los conjuntos monumentales mejor conservados de Madrid. Situada en el casco hist\u00f3rico, fue uno de los principales n\u00facleos del Madrid medieval, comunic\u00e1ndose con varias calles que mantienen el primitivo trazado de la ciudad. En su contorno se encuentran las fachadas principales de tres edificios de gran valor hist\u00f3rico y art\u00edstico: la Casa de los Lujanes (siglo XV), de estilo g\u00f3tico-mud\u00e9jar, la Casa de Cisnero (siglo XVI) y la Casa de la Villa (siglo XVII) de estilo barroco.","descripcionen":"Plaza de la Villa is one of medieval Madrid\u2019s best preserved architectural and monumental ensembles. Located in the historical centre, close to Puerta del Sol and accessible from Calle Mayor, three small streets start here which follow the medieval layout of the city: Calle del Codo, Calle del Cord\u00f3n and Calle de Madrid. The square adopted its current name in the 15th century when the city was granted the title \u201cNoble and Loyal\u201d. The square contains the main fa\u00e7ades of three buildings of great historical and artistic value that were built in different historical periods:the Lujanes House and Tower (15th century),\u00a0The Casa de Cisneros building (16th century) and the Baroque-style Casa de la Villa building (17th century).","galeria":[{"ID":"20953","post_author":"2","post_date":"2025-03-08 02:52:30","post_date_gmt":"2025-03-08 01:52:30","post_content":"","post_title":"foto-785_6603","post_excerpt":"","post_status":"inherit","comment_status":"closed","ping_status":"closed","post_password":"","post_name":"foto-785_6603","to_ping":"","pinged":"","post_modified":"2025-04-21 13:58:46","post_modified_gmt":"2025-04-21 11:58:46","post_content_filtered":"","post_parent":"11814","guid":"https:\/\/spainfilmcommission.com\/wp-content\/uploads\/2025\/03\/foto-785_6603.jpg","menu_order":"0","post_type":"attachment","post_mime_type":"image\/jpeg","comment_count":"0","pod_item_id":"20953"},{"ID":"20955","post_author":"2","post_date":"2025-03-08 02:52:32","post_date_gmt":"2025-03-08 01:52:32","post_content":"","post_title":"foto-785_6604","post_excerpt":"","post_status":"inherit","comment_status":"closed","ping_status":"closed","post_password":"","post_name":"foto-785_6604","to_ping":"","pinged":"","post_modified":"2025-04-21 13:58:46","post_modified_gmt":"2025-04-21 11:58:46","post_content_filtered":"","post_parent":"11814","guid":"https:\/\/spainfilmcommission.com\/wp-content\/uploads\/2025\/03\/foto-785_6604.jpg","menu_order":"0","post_type":"attachment","post_mime_type":"image\/jpeg","comment_count":"0","pod_item_id":"20955"},{"ID":"20957","post_author":"2","post_date":"2025-03-08 02:52:34","post_date_gmt":"2025-03-08 01:52:34","post_content":"","post_title":"foto-785_6605","post_excerpt":"","post_status":"inherit","comment_status":"closed","ping_status":"closed","post_password":"","post_name":"foto-785_6605","to_ping":"","pinged":"","post_modified":"2025-04-21 13:58:46","post_modified_gmt":"2025-04-21 11:58:46","post_content_filtered":"","post_parent":"11814","guid":"https:\/\/spainfilmcommission.com\/wp-content\/uploads\/2025\/03\/foto-785_6605.jpg","menu_order":"0","post_type":"attachment","post_mime_type":"image\/jpeg","comment_count":"0","pod_item_id":"20957"},{"ID":"20959","post_author":"2","post_date":"2025-03-08 02:52:36","post_date_gmt":"2025-03-08 01:52:36","post_content":"","post_title":"foto-785_6606","post_excerpt":"","post_status":"inherit","comment_status":"closed","ping_status":"closed","post_password":"","post_name":"foto-785_6606","to_ping":"","pinged":"","post_modified":"2025-04-21 13:58:46","post_modified_gmt":"2025-04-21 11:58:46","post_content_filtered":"","post_parent":"11814","guid":"https:\/\/spainfilmcommission.com\/wp-content\/uploads\/2025\/03\/foto-785_6606.jpg","menu_order":"0","post_type":"attachment","post_mime_type":"image\/jpeg","comment_count":"0","pod_item_id":"20959"},{"ID":"20961","post_author":"2","post_date":"2025-03-08 02:52:38","post_date_gmt":"2025-03-08 01:52:38","post_content":"","post_title":"foto-785_6607","post_excerpt":"","post_status":"inherit","comment_status":"closed","ping_status":"closed","post_password":"","post_name":"foto-785_6607","to_ping":"","pinged":"","post_modified":"2025-04-21 13:58:46","post_modified_gmt":"2025-04-21 11:58:46","post_content_filtered":"","post_parent":"11814","guid":"https:\/\/spainfilmcommission.com\/wp-content\/uploads\/2025\/03\/foto-785_6607.jpg","menu_order":"0","post_type":"attachment","post_mime_type":"image\/jpeg","comment_count":"0","pod_item_id":"20961"},{"ID":"20963","post_author":"2","post_date":"2025-03-08 02:52:40","post_date_gmt":"2025-03-08 01:52:40","post_content":"","post_title":"foto-785_6608","post_excerpt":"","post_status":"inherit","comment_status":"closed","ping_status":"closed","post_password":"","post_name":"foto-785_6608","to_ping":"","pinged":"","post_modified":"2025-04-21 13:58:46","post_modified_gmt":"2025-04-21 11:58:46","post_content_filtered":"","post_parent":"11814","guid":"https:\/\/spainfilmcommission.com\/wp-content\/uploads\/2025\/03\/foto-785_6608.jpg","menu_order":"0","post_type":"attachment","post_mime_type":"image\/jpeg","comment_count":"0","pod_item_id":"20963"},{"ID":"20965","post_author":"2","post_date":"2025-03-08 02:52:42","post_date_gmt":"2025-03-08 01:52:42","post_content":"","post_title":"foto-785_6609","post_excerpt":"","post_status":"inherit","comment_status":"closed","ping_status":"closed","post_password":"","post_name":"foto-785_6609","to_ping":"","pinged":"","post_modified":"2025-04-21 13:58:46","post_modified_gmt":"2025-04-21 11:58:46","post_content_filtered":"","post_parent":"11814","guid":"https:\/\/spainfilmcommission.com\/wp-content\/uploads\/2025\/03\/foto-785_6609.jpg","menu_order":"0","post_type":"attachment","post_mime_type":"image\/jpeg","comment_count":"0","pod_item_id":"20965"},{"ID":"20967","post_author":"2","post_date":"2025-03-08 02:52:44","post_date_gmt":"2025-03-08 01:52:44","post_content":"","post_title":"foto-785_6610","post_excerpt":"","post_status":"inherit","comment_status":"closed","ping_status":"closed","post_password":"","post_name":"foto-785_6610","to_ping":"","pinged":"","post_modified":"2025-04-21 13:58:46","post_modified_gmt":"2025-04-21 11:58:46","post_content_filtered":"","post_parent":"11814","guid":"https:\/\/spainfilmcommission.com\/wp-content\/uploads\/2025\/03\/foto-785_6610.jpg","menu_order":"0","post_type":"attachment","post_mime_type":"image\/jpeg","comment_count":"0","pod_item_id":"20967"},{"ID":"20969","post_author":"2","post_date":"2025-03-08 02:52:46","post_date_gmt":"2025-03-08 01:52:46","post_content":"","post_title":"foto-785_6611","post_excerpt":"","post_status":"inherit","comment_status":"closed","ping_status":"closed","post_password":"","post_name":"foto-785_6611","to_ping":"","pinged":"","post_modified":"2025-04-21 13:58:46","post_modified_gmt":"2025-04-21 11:58:46","post_content_filtered":"","post_parent":"11814","guid":"https:\/\/spainfilmcommission.com\/wp-content\/uploads\/2025\/03\/foto-785_6611.jpg","menu_order":"0","post_type":"attachment","post_mime_type":"image\/jpeg","comment_count":"0","pod_item_id":"20969"},{"ID":"20971","post_author":"2","post_date":"2025-03-08 02:52:47","post_date_gmt":"2025-03-08 01:52:47","post_content":"","post_title":"foto-785_6612","post_excerpt":"","post_status":"inherit","comment_status":"closed","ping_status":"closed","post_password":"","post_name":"foto-785_6612","to_ping":"","pinged":"","post_modified":"2025-04-21 13:58:46","post_modified_gmt":"2025-04-21 11:58:46","post_content_filtered":"","post_parent":"11814","guid":"https:\/\/spainfilmcommission.com\/wp-content\/uploads\/2025\/03\/foto-785_6612.jpg","menu_order":"0","post_type":"attachment","post_mime_type":"image\/jpeg","comment_count":"0","pod_item_id":"20971"},{"ID":"20973","post_author":"2","post_date":"2025-03-08 02:52:49","post_date_gmt":"2025-03-08 01:52:49","post_content":"","post_title":"foto-785_6613","post_excerpt":"","post_status":"inherit","comment_status":"closed","ping_status":"closed","post_password":"","post_name":"foto-785_6613","to_ping":"","pinged":"","post_modified":"2025-04-21 13:58:46","post_modified_gmt":"2025-04-21 11:58:46","post_content_filtered":"","post_parent":"11814","guid":"https:\/\/spainfilmcommission.com\/wp-content\/uploads\/2025\/03\/foto-785_6613.jpg","menu_order":"0","post_type":"attachment","post_mime_type":"image\/jpeg","comment_count":"0","pod_item_id":"20973"}],"nombrepaginaes":"plaza-de-la-villa","nombrepaginaen":"plaza-de-la-villa","latitud_gps":"","longitud_gps":"","adicionaleses":"","adicionalesen":"","videoes":"","videoen":"","video2es":"","video2en":"","_links":{"self":[{"href":"https:\/\/spainfilmcommission.com\/en\/wp-json\/wp\/v2\/localizaciones\/localizacion\/11814","targetHints":{"allow":["GET"]}}],"collection":[{"href":"https:\/\/spainfilmcommission.com\/en\/wp-json\/wp\/v2\/localizaciones\/localizacion"}],"about":[{"href":"https:\/\/spainfilmcommission.com\/en\/wp-json\/wp\/v2\/types\/localizacion"}],"author":[{"embeddable":true,"href":"https:\/\/spainfilmcommission.com\/en\/wp-json\/wp\/v2\/users\/2"}],"wp:attachment":[{"href":"https:\/\/spainfilmcommission.com\/en\/wp-json\/wp\/v2\/media?parent=11814"}],"curies":[{"name":"wp","href":"https:\/\/api.w.org\/{rel}","templated":true}]}}