{"id":11800,"date":"2025-02-27T19:47:41","date_gmt":"2025-02-27T18:47:41","guid":{"rendered":"https:\/\/spainfilmcommission.com\/?post_type=localizacion&#038;p=11800"},"modified":"2025-04-21T13:20:47","modified_gmt":"2025-04-21T11:20:47","slug":"trevejo","status":"publish","type":"localizacion","link":"https:\/\/spainfilmcommission.com\/en\/ai-locations\/trevejo\/","title":{"rendered":"Trevejo"},"content":{"rendered":"","protected":false},"author":2,"template":"","meta":[],"class_list":["post-11800","localizacion","type-localizacion","status-publish","hentry"],"yoast_head":"<!-- This site is optimized with the Yoast SEO plugin v28.3 - https:\/\/yoast.com\/product\/yoast-seo-wordpress\/ -->\n<title>Rodar en Trevejo - Spain Film Commission<\/title>\n<meta name=\"description\" content=\"En esta p\u00e1gina encontrar\u00e1s una peque\u00f1a descripci\u00f3n, m\u00e1genes e informaci\u00f3n relevante para que te hagas una idea de c\u00f3mo es rodar en Trevejo\" \/>\n<meta name=\"robots\" content=\"index, follow, max-snippet:-1, max-image-preview:large, max-video-preview:-1\" \/>\n<link rel=\"canonical\" href=\"https:\/\/spainfilmcommission.com\/en\/ai-locations\/trevejo\/\" \/>\n<meta property=\"og:locale\" content=\"en_US\" \/>\n<meta property=\"og:type\" content=\"article\" \/>\n<meta property=\"og:title\" content=\"Rodar en Trevejo - Spain Film Commission\" \/>\n<meta property=\"og:description\" content=\"En esta p\u00e1gina encontrar\u00e1s una peque\u00f1a descripci\u00f3n, m\u00e1genes e informaci\u00f3n relevante para que te hagas una idea de c\u00f3mo es rodar en Trevejo\" \/>\n<meta property=\"og:url\" content=\"https:\/\/spainfilmcommission.com\/en\/ai-locations\/trevejo\/\" \/>\n<meta property=\"og:site_name\" content=\"Spain Film Commission\" \/>\n<meta property=\"article:modified_time\" content=\"2025-04-21T11:20:47+00:00\" \/>\n<meta name=\"twitter:card\" content=\"summary_large_image\" \/>\n<script type=\"application\/ld+json\" class=\"yoast-schema-graph\">{\"@context\":\"https:\\\/\\\/schema.org\",\"@graph\":[{\"@type\":\"WebPage\",\"@id\":\"https:\\\/\\\/spainfilmcommission.com\\\/en\\\/ai-locations\\\/trevejo\\\/\",\"url\":\"https:\\\/\\\/spainfilmcommission.com\\\/en\\\/ai-locations\\\/trevejo\\\/\",\"name\":\"Rodar en Trevejo - Spain Film Commission\",\"isPartOf\":{\"@id\":\"https:\\\/\\\/spainfilmcommission.com\\\/en\\\/#website\"},\"datePublished\":\"2025-02-27T18:47:41+00:00\",\"dateModified\":\"2025-04-21T11:20:47+00:00\",\"description\":\"En esta p\u00e1gina encontrar\u00e1s una peque\u00f1a descripci\u00f3n, m\u00e1genes e informaci\u00f3n relevante para que te hagas una idea de c\u00f3mo es rodar en Trevejo\",\"breadcrumb\":{\"@id\":\"https:\\\/\\\/spainfilmcommission.com\\\/en\\\/ai-locations\\\/trevejo\\\/#breadcrumb\"},\"inLanguage\":\"en-US\",\"potentialAction\":[{\"@type\":\"ReadAction\",\"target\":[\"https:\\\/\\\/spainfilmcommission.com\\\/en\\\/ai-locations\\\/trevejo\\\/\"]}]},{\"@type\":\"BreadcrumbList\",\"@id\":\"https:\\\/\\\/spainfilmcommission.com\\\/en\\\/ai-locations\\\/trevejo\\\/#breadcrumb\",\"itemListElement\":[{\"@type\":\"ListItem\",\"position\":1,\"name\":\"Portada\",\"item\":\"https:\\\/\\\/spainfilmcommission.com\\\/en\\\/\"},{\"@type\":\"ListItem\",\"position\":2,\"name\":\"Trevejo\"}]},{\"@type\":\"WebSite\",\"@id\":\"https:\\\/\\\/spainfilmcommission.com\\\/en\\\/#website\",\"url\":\"https:\\\/\\\/spainfilmcommission.com\\\/en\\\/\",\"name\":\"Spain Film Commission\",\"description\":\"\",\"publisher\":{\"@id\":\"https:\\\/\\\/spainfilmcommission.com\\\/en\\\/#organization\"},\"potentialAction\":[{\"@type\":\"SearchAction\",\"target\":{\"@type\":\"EntryPoint\",\"urlTemplate\":\"https:\\\/\\\/spainfilmcommission.com\\\/en\\\/?s={search_term_string}\"},\"query-input\":{\"@type\":\"PropertyValueSpecification\",\"valueRequired\":true,\"valueName\":\"search_term_string\"}}],\"inLanguage\":\"en-US\"},{\"@type\":\"Organization\",\"@id\":\"https:\\\/\\\/spainfilmcommission.com\\\/en\\\/#organization\",\"name\":\"Spain Film Commission\",\"url\":\"https:\\\/\\\/spainfilmcommission.com\\\/en\\\/\",\"logo\":{\"@type\":\"ImageObject\",\"inLanguage\":\"en-US\",\"@id\":\"https:\\\/\\\/spainfilmcommission.com\\\/en\\\/#\\\/schema\\\/logo\\\/image\\\/\",\"url\":\"https:\\\/\\\/spainfilmcommission.com\\\/wp-content\\\/uploads\\\/2024\\\/07\\\/SPC_COLOR.png\",\"contentUrl\":\"https:\\\/\\\/spainfilmcommission.com\\\/wp-content\\\/uploads\\\/2024\\\/07\\\/SPC_COLOR.png\",\"width\":1665,\"height\":1665,\"caption\":\"Spain Film Commission\"},\"image\":{\"@id\":\"https:\\\/\\\/spainfilmcommission.com\\\/en\\\/#\\\/schema\\\/logo\\\/image\\\/\"}}]}<\/script>\n<!-- \/ Yoast SEO plugin. -->","yoast_head_json":{"title":"Rodar en Trevejo - Spain Film Commission","description":"En esta p\u00e1gina encontrar\u00e1s una peque\u00f1a descripci\u00f3n, m\u00e1genes e informaci\u00f3n relevante para que te hagas una idea de c\u00f3mo es rodar en Trevejo","robots":{"index":"index","follow":"follow","max-snippet":"max-snippet:-1","max-image-preview":"max-image-preview:large","max-video-preview":"max-video-preview:-1"},"canonical":"https:\/\/spainfilmcommission.com\/en\/ai-locations\/trevejo\/","og_locale":"en_US","og_type":"article","og_title":"Rodar en Trevejo - Spain Film Commission","og_description":"En esta p\u00e1gina encontrar\u00e1s una peque\u00f1a descripci\u00f3n, m\u00e1genes e informaci\u00f3n relevante para que te hagas una idea de c\u00f3mo es rodar en Trevejo","og_url":"https:\/\/spainfilmcommission.com\/en\/ai-locations\/trevejo\/","og_site_name":"Spain Film Commission","article_modified_time":"2025-04-21T11:20:47+00:00","twitter_card":"summary_large_image","schema":{"@context":"https:\/\/schema.org","@graph":[{"@type":"WebPage","@id":"https:\/\/spainfilmcommission.com\/en\/ai-locations\/trevejo\/","url":"https:\/\/spainfilmcommission.com\/en\/ai-locations\/trevejo\/","name":"Rodar en Trevejo - Spain Film Commission","isPartOf":{"@id":"https:\/\/spainfilmcommission.com\/en\/#website"},"datePublished":"2025-02-27T18:47:41+00:00","dateModified":"2025-04-21T11:20:47+00:00","description":"En esta p\u00e1gina encontrar\u00e1s una peque\u00f1a descripci\u00f3n, m\u00e1genes e informaci\u00f3n relevante para que te hagas una idea de c\u00f3mo es rodar en Trevejo","breadcrumb":{"@id":"https:\/\/spainfilmcommission.com\/en\/ai-locations\/trevejo\/#breadcrumb"},"inLanguage":"en-US","potentialAction":[{"@type":"ReadAction","target":["https:\/\/spainfilmcommission.com\/en\/ai-locations\/trevejo\/"]}]},{"@type":"BreadcrumbList","@id":"https:\/\/spainfilmcommission.com\/en\/ai-locations\/trevejo\/#breadcrumb","itemListElement":[{"@type":"ListItem","position":1,"name":"Portada","item":"https:\/\/spainfilmcommission.com\/en\/"},{"@type":"ListItem","position":2,"name":"Trevejo"}]},{"@type":"WebSite","@id":"https:\/\/spainfilmcommission.com\/en\/#website","url":"https:\/\/spainfilmcommission.com\/en\/","name":"Spain Film Commission","description":"","publisher":{"@id":"https:\/\/spainfilmcommission.com\/en\/#organization"},"potentialAction":[{"@type":"SearchAction","target":{"@type":"EntryPoint","urlTemplate":"https:\/\/spainfilmcommission.com\/en\/?s={search_term_string}"},"query-input":{"@type":"PropertyValueSpecification","valueRequired":true,"valueName":"search_term_string"}}],"inLanguage":"en-US"},{"@type":"Organization","@id":"https:\/\/spainfilmcommission.com\/en\/#organization","name":"Spain Film Commission","url":"https:\/\/spainfilmcommission.com\/en\/","logo":{"@type":"ImageObject","inLanguage":"en-US","@id":"https:\/\/spainfilmcommission.com\/en\/#\/schema\/logo\/image\/","url":"https:\/\/spainfilmcommission.com\/wp-content\/uploads\/2024\/07\/SPC_COLOR.png","contentUrl":"https:\/\/spainfilmcommission.com\/wp-content\/uploads\/2024\/07\/SPC_COLOR.png","width":1665,"height":1665,"caption":"Spain Film Commission"},"image":{"@id":"https:\/\/spainfilmcommission.com\/en\/#\/schema\/logo\/image\/"}}]}},"socio":[{"ID":"40","user_login":"extremadura-film-commission","user_nicename":"extremadura-film-commission","display_name":"extremadura-film-commission","user_pass":"****************","user_email":"filmcommission@extremaduraaudiovisual.com","user_url":"","user_registered":"2024-12-19 17:36:42","id":40}],"nombrees":"Trevejo","nombreen":"Trevejo","localidad":"Trevejo","provincia":"C\u00e1ceres","coordenadas_maps":"40.173004, -6.779149","latitud":"40.173004000000","longitud":"-6.779149000000","direcciones":"","direccionen":"","cod_postal":[],"telefono":"","fax":"","mail":"","web":"http:\/\/extremadurafc.org\/","descripciones":"Dentro del municipio de Villamiel se ubica la localidad cacere\u00f1a de Trevejo, que es considerada la esencia de Sierra de Gata. En el pasado fue ocupada por musulmanes y cristianos debido a su ubicaci\u00f3n estrat\u00e9gica, ya que desde ella se contempla toda la comarca y las Sierras de Gardu\u00f1o, Albilla, San Pedro y Cachaza. La huella que dejaron estos pueblos es a\u00fan visible en el patrimonio hist\u00f3rico conservado de Villamiel, entre el que destacan su arquitectura t\u00edpica, el castillo de Trevejo, construido en el siglo XV; y la iglesia de San Juan, que posee tumbas antropom\u00f3rficas excavadas en roca gran\u00edtica. Riqueza patrimonial en una inigualable localizaci\u00f3n que representa un remanso de paz en plena naturaleza. COMARCA: Sierra de Gata \/ Fotograf\u00edas: Marino Scandurra","descripcionen":"","galeria":[{"ID":"20747","post_author":"2","post_date":"2025-03-08 02:49:06","post_date_gmt":"2025-03-08 01:49:06","post_content":"","post_title":"foto-771_6491","post_excerpt":"","post_status":"inherit","comment_status":"closed","ping_status":"closed","post_password":"","post_name":"foto-771_6491","to_ping":"","pinged":"","post_modified":"2025-04-21 13:20:48","post_modified_gmt":"2025-04-21 11:20:48","post_content_filtered":"","post_parent":"11800","guid":"https:\/\/spainfilmcommission.com\/wp-content\/uploads\/2025\/03\/foto-771_6491.jpg","menu_order":"0","post_type":"attachment","post_mime_type":"image\/jpeg","comment_count":"0","pod_item_id":"20747"},{"ID":"20749","post_author":"2","post_date":"2025-03-08 02:49:07","post_date_gmt":"2025-03-08 01:49:07","post_content":"","post_title":"foto-771_6492","post_excerpt":"","post_status":"inherit","comment_status":"closed","ping_status":"closed","post_password":"","post_name":"foto-771_6492","to_ping":"","pinged":"","post_modified":"2025-04-21 13:20:48","post_modified_gmt":"2025-04-21 11:20:48","post_content_filtered":"","post_parent":"11800","guid":"https:\/\/spainfilmcommission.com\/wp-content\/uploads\/2025\/03\/foto-771_6492.jpg","menu_order":"0","post_type":"attachment","post_mime_type":"image\/jpeg","comment_count":"0","pod_item_id":"20749"},{"ID":"20751","post_author":"2","post_date":"2025-03-08 02:49:09","post_date_gmt":"2025-03-08 01:49:09","post_content":"","post_title":"foto-771_6493","post_excerpt":"","post_status":"inherit","comment_status":"closed","ping_status":"closed","post_password":"","post_name":"foto-771_6493","to_ping":"","pinged":"","post_modified":"2025-04-21 13:20:48","post_modified_gmt":"2025-04-21 11:20:48","post_content_filtered":"","post_parent":"11800","guid":"https:\/\/spainfilmcommission.com\/wp-content\/uploads\/2025\/03\/foto-771_6493.jpg","menu_order":"0","post_type":"attachment","post_mime_type":"image\/jpeg","comment_count":"0","pod_item_id":"20751"},{"ID":"20753","post_author":"2","post_date":"2025-03-08 02:49:11","post_date_gmt":"2025-03-08 01:49:11","post_content":"","post_title":"foto-771_6494","post_excerpt":"","post_status":"inherit","comment_status":"closed","ping_status":"closed","post_password":"","post_name":"foto-771_6494","to_ping":"","pinged":"","post_modified":"2025-04-21 13:20:48","post_modified_gmt":"2025-04-21 11:20:48","post_content_filtered":"","post_parent":"11800","guid":"https:\/\/spainfilmcommission.com\/wp-content\/uploads\/2025\/03\/foto-771_6494.jpg","menu_order":"0","post_type":"attachment","post_mime_type":"image\/jpeg","comment_count":"0","pod_item_id":"20753"},{"ID":"20755","post_author":"2","post_date":"2025-03-08 02:49:13","post_date_gmt":"2025-03-08 01:49:13","post_content":"","post_title":"foto-771_6495","post_excerpt":"","post_status":"inherit","comment_status":"closed","ping_status":"closed","post_password":"","post_name":"foto-771_6495","to_ping":"","pinged":"","post_modified":"2025-04-21 13:20:48","post_modified_gmt":"2025-04-21 11:20:48","post_content_filtered":"","post_parent":"11800","guid":"https:\/\/spainfilmcommission.com\/wp-content\/uploads\/2025\/03\/foto-771_6495.jpg","menu_order":"0","post_type":"attachment","post_mime_type":"image\/jpeg","comment_count":"0","pod_item_id":"20755"},{"ID":"20757","post_author":"2","post_date":"2025-03-08 02:49:17","post_date_gmt":"2025-03-08 01:49:17","post_content":"","post_title":"foto-771_6496","post_excerpt":"","post_status":"inherit","comment_status":"closed","ping_status":"closed","post_password":"","post_name":"foto-771_6496","to_ping":"","pinged":"","post_modified":"2025-04-21 13:20:48","post_modified_gmt":"2025-04-21 11:20:48","post_content_filtered":"","post_parent":"11800","guid":"https:\/\/spainfilmcommission.com\/wp-content\/uploads\/2025\/03\/foto-771_6496.jpg","menu_order":"0","post_type":"attachment","post_mime_type":"image\/jpeg","comment_count":"0","pod_item_id":"20757"},{"ID":"20759","post_author":"2","post_date":"2025-03-08 02:49:19","post_date_gmt":"2025-03-08 01:49:19","post_content":"","post_title":"foto-771_6497","post_excerpt":"","post_status":"inherit","comment_status":"closed","ping_status":"closed","post_password":"","post_name":"foto-771_6497","to_ping":"","pinged":"","post_modified":"2025-04-21 13:20:48","post_modified_gmt":"2025-04-21 11:20:48","post_content_filtered":"","post_parent":"11800","guid":"https:\/\/spainfilmcommission.com\/wp-content\/uploads\/2025\/03\/foto-771_6497.jpg","menu_order":"0","post_type":"attachment","post_mime_type":"image\/jpeg","comment_count":"0","pod_item_id":"20759"},{"ID":"20761","post_author":"2","post_date":"2025-03-08 02:49:21","post_date_gmt":"2025-03-08 01:49:21","post_content":"","post_title":"foto-771_6498","post_excerpt":"","post_status":"inherit","comment_status":"closed","ping_status":"closed","post_password":"","post_name":"foto-771_6498","to_ping":"","pinged":"","post_modified":"2025-04-21 13:20:48","post_modified_gmt":"2025-04-21 11:20:48","post_content_filtered":"","post_parent":"11800","guid":"https:\/\/spainfilmcommission.com\/wp-content\/uploads\/2025\/03\/foto-771_6498.jpg","menu_order":"0","post_type":"attachment","post_mime_type":"image\/jpeg","comment_count":"0","pod_item_id":"20761"},{"ID":"20763","post_author":"2","post_date":"2025-03-08 02:49:23","post_date_gmt":"2025-03-08 01:49:23","post_content":"","post_title":"foto-771_6499","post_excerpt":"","post_status":"inherit","comment_status":"closed","ping_status":"closed","post_password":"","post_name":"foto-771_6499","to_ping":"","pinged":"","post_modified":"2025-04-21 13:20:48","post_modified_gmt":"2025-04-21 11:20:48","post_content_filtered":"","post_parent":"11800","guid":"https:\/\/spainfilmcommission.com\/wp-content\/uploads\/2025\/03\/foto-771_6499.jpg","menu_order":"0","post_type":"attachment","post_mime_type":"image\/jpeg","comment_count":"0","pod_item_id":"20763"},{"ID":"20765","post_author":"2","post_date":"2025-03-08 02:49:24","post_date_gmt":"2025-03-08 01:49:24","post_content":"","post_title":"foto-771_6500","post_excerpt":"","post_status":"inherit","comment_status":"closed","ping_status":"closed","post_password":"","post_name":"foto-771_6500","to_ping":"","pinged":"","post_modified":"2025-04-21 13:20:48","post_modified_gmt":"2025-04-21 11:20:48","post_content_filtered":"","post_parent":"11800","guid":"https:\/\/spainfilmcommission.com\/wp-content\/uploads\/2025\/03\/foto-771_6500.jpg","menu_order":"0","post_type":"attachment","post_mime_type":"image\/jpeg","comment_count":"0","pod_item_id":"20765"}],"nombrepaginaes":"trevejo","nombrepaginaen":"trevejo","latitud_gps":"40\u00b010'22.8\"N","longitud_gps":"6\u00b046'44.9\"W","adicionaleses":"","adicionalesen":"","videoes":"","videoen":"","video2es":"","video2en":"","_links":{"self":[{"href":"https:\/\/spainfilmcommission.com\/en\/wp-json\/wp\/v2\/localizaciones\/localizacion\/11800","targetHints":{"allow":["GET"]}}],"collection":[{"href":"https:\/\/spainfilmcommission.com\/en\/wp-json\/wp\/v2\/localizaciones\/localizacion"}],"about":[{"href":"https:\/\/spainfilmcommission.com\/en\/wp-json\/wp\/v2\/types\/localizacion"}],"author":[{"embeddable":true,"href":"https:\/\/spainfilmcommission.com\/en\/wp-json\/wp\/v2\/users\/2"}],"wp:attachment":[{"href":"https:\/\/spainfilmcommission.com\/en\/wp-json\/wp\/v2\/media?parent=11800"}],"curies":[{"name":"wp","href":"https:\/\/api.w.org\/{rel}","templated":true}]}}