{"id":11795,"date":"2025-02-27T19:47:41","date_gmt":"2025-02-27T18:47:41","guid":{"rendered":"https:\/\/spainfilmcommission.com\/?post_type=localizacion&#038;p=11795"},"modified":"2025-04-22T08:42:10","modified_gmt":"2025-04-22T06:42:10","slug":"mina-de-la-jayona","status":"publish","type":"localizacion","link":"https:\/\/spainfilmcommission.com\/en\/ai-locations\/mina-de-la-jayona\/","title":{"rendered":"Mina de la Jayona"},"content":{"rendered":"","protected":false},"author":2,"template":"","meta":[],"class_list":["post-11795","localizacion","type-localizacion","status-publish","hentry"],"yoast_head":"<!-- This site is optimized with the Yoast SEO plugin v28.3 - https:\/\/yoast.com\/product\/yoast-seo-wordpress\/ -->\n<title>Rodar en Mina de la Jayona - Spain Film Commission<\/title>\n<meta name=\"description\" content=\"En esta p\u00e1gina encontrar\u00e1s una peque\u00f1a descripci\u00f3n, m\u00e1genes e informaci\u00f3n relevante para que te hagas una idea de c\u00f3mo es rodar en Mina de la Jayona\" \/>\n<meta name=\"robots\" content=\"index, follow, max-snippet:-1, max-image-preview:large, max-video-preview:-1\" \/>\n<link rel=\"canonical\" href=\"https:\/\/spainfilmcommission.com\/en\/ai-locations\/mina-de-la-jayona\/\" \/>\n<meta property=\"og:locale\" content=\"en_US\" \/>\n<meta property=\"og:type\" content=\"article\" \/>\n<meta property=\"og:title\" content=\"Rodar en Mina de la Jayona - Spain Film Commission\" \/>\n<meta property=\"og:description\" content=\"En esta p\u00e1gina encontrar\u00e1s una peque\u00f1a descripci\u00f3n, m\u00e1genes e informaci\u00f3n relevante para que te hagas una idea de c\u00f3mo es rodar en Mina de la Jayona\" \/>\n<meta property=\"og:url\" content=\"https:\/\/spainfilmcommission.com\/en\/ai-locations\/mina-de-la-jayona\/\" \/>\n<meta property=\"og:site_name\" content=\"Spain Film Commission\" \/>\n<meta property=\"article:modified_time\" content=\"2025-04-22T06:42:10+00:00\" \/>\n<meta name=\"twitter:card\" content=\"summary_large_image\" \/>\n<script type=\"application\/ld+json\" class=\"yoast-schema-graph\">{\"@context\":\"https:\\\/\\\/schema.org\",\"@graph\":[{\"@type\":\"WebPage\",\"@id\":\"https:\\\/\\\/spainfilmcommission.com\\\/en\\\/ai-locations\\\/mina-de-la-jayona\\\/\",\"url\":\"https:\\\/\\\/spainfilmcommission.com\\\/en\\\/ai-locations\\\/mina-de-la-jayona\\\/\",\"name\":\"Rodar en Mina de la Jayona - Spain Film Commission\",\"isPartOf\":{\"@id\":\"https:\\\/\\\/spainfilmcommission.com\\\/en\\\/#website\"},\"datePublished\":\"2025-02-27T18:47:41+00:00\",\"dateModified\":\"2025-04-22T06:42:10+00:00\",\"description\":\"En esta p\u00e1gina encontrar\u00e1s una peque\u00f1a descripci\u00f3n, m\u00e1genes e informaci\u00f3n relevante para que te hagas una idea de c\u00f3mo es rodar en Mina de la Jayona\",\"breadcrumb\":{\"@id\":\"https:\\\/\\\/spainfilmcommission.com\\\/en\\\/ai-locations\\\/mina-de-la-jayona\\\/#breadcrumb\"},\"inLanguage\":\"en-US\",\"potentialAction\":[{\"@type\":\"ReadAction\",\"target\":[\"https:\\\/\\\/spainfilmcommission.com\\\/en\\\/ai-locations\\\/mina-de-la-jayona\\\/\"]}]},{\"@type\":\"BreadcrumbList\",\"@id\":\"https:\\\/\\\/spainfilmcommission.com\\\/en\\\/ai-locations\\\/mina-de-la-jayona\\\/#breadcrumb\",\"itemListElement\":[{\"@type\":\"ListItem\",\"position\":1,\"name\":\"Portada\",\"item\":\"https:\\\/\\\/spainfilmcommission.com\\\/en\\\/\"},{\"@type\":\"ListItem\",\"position\":2,\"name\":\"Mina de la Jayona\"}]},{\"@type\":\"WebSite\",\"@id\":\"https:\\\/\\\/spainfilmcommission.com\\\/en\\\/#website\",\"url\":\"https:\\\/\\\/spainfilmcommission.com\\\/en\\\/\",\"name\":\"Spain Film Commission\",\"description\":\"\",\"publisher\":{\"@id\":\"https:\\\/\\\/spainfilmcommission.com\\\/en\\\/#organization\"},\"potentialAction\":[{\"@type\":\"SearchAction\",\"target\":{\"@type\":\"EntryPoint\",\"urlTemplate\":\"https:\\\/\\\/spainfilmcommission.com\\\/en\\\/?s={search_term_string}\"},\"query-input\":{\"@type\":\"PropertyValueSpecification\",\"valueRequired\":true,\"valueName\":\"search_term_string\"}}],\"inLanguage\":\"en-US\"},{\"@type\":\"Organization\",\"@id\":\"https:\\\/\\\/spainfilmcommission.com\\\/en\\\/#organization\",\"name\":\"Spain Film Commission\",\"url\":\"https:\\\/\\\/spainfilmcommission.com\\\/en\\\/\",\"logo\":{\"@type\":\"ImageObject\",\"inLanguage\":\"en-US\",\"@id\":\"https:\\\/\\\/spainfilmcommission.com\\\/en\\\/#\\\/schema\\\/logo\\\/image\\\/\",\"url\":\"https:\\\/\\\/spainfilmcommission.com\\\/wp-content\\\/uploads\\\/2024\\\/07\\\/SPC_COLOR.png\",\"contentUrl\":\"https:\\\/\\\/spainfilmcommission.com\\\/wp-content\\\/uploads\\\/2024\\\/07\\\/SPC_COLOR.png\",\"width\":1665,\"height\":1665,\"caption\":\"Spain Film Commission\"},\"image\":{\"@id\":\"https:\\\/\\\/spainfilmcommission.com\\\/en\\\/#\\\/schema\\\/logo\\\/image\\\/\"}}]}<\/script>\n<!-- \/ Yoast SEO plugin. -->","yoast_head_json":{"title":"Rodar en Mina de la Jayona - Spain Film Commission","description":"En esta p\u00e1gina encontrar\u00e1s una peque\u00f1a descripci\u00f3n, m\u00e1genes e informaci\u00f3n relevante para que te hagas una idea de c\u00f3mo es rodar en Mina de la Jayona","robots":{"index":"index","follow":"follow","max-snippet":"max-snippet:-1","max-image-preview":"max-image-preview:large","max-video-preview":"max-video-preview:-1"},"canonical":"https:\/\/spainfilmcommission.com\/en\/ai-locations\/mina-de-la-jayona\/","og_locale":"en_US","og_type":"article","og_title":"Rodar en Mina de la Jayona - Spain Film Commission","og_description":"En esta p\u00e1gina encontrar\u00e1s una peque\u00f1a descripci\u00f3n, m\u00e1genes e informaci\u00f3n relevante para que te hagas una idea de c\u00f3mo es rodar en Mina de la Jayona","og_url":"https:\/\/spainfilmcommission.com\/en\/ai-locations\/mina-de-la-jayona\/","og_site_name":"Spain Film Commission","article_modified_time":"2025-04-22T06:42:10+00:00","twitter_card":"summary_large_image","schema":{"@context":"https:\/\/schema.org","@graph":[{"@type":"WebPage","@id":"https:\/\/spainfilmcommission.com\/en\/ai-locations\/mina-de-la-jayona\/","url":"https:\/\/spainfilmcommission.com\/en\/ai-locations\/mina-de-la-jayona\/","name":"Rodar en Mina de la Jayona - Spain Film Commission","isPartOf":{"@id":"https:\/\/spainfilmcommission.com\/en\/#website"},"datePublished":"2025-02-27T18:47:41+00:00","dateModified":"2025-04-22T06:42:10+00:00","description":"En esta p\u00e1gina encontrar\u00e1s una peque\u00f1a descripci\u00f3n, m\u00e1genes e informaci\u00f3n relevante para que te hagas una idea de c\u00f3mo es rodar en Mina de la Jayona","breadcrumb":{"@id":"https:\/\/spainfilmcommission.com\/en\/ai-locations\/mina-de-la-jayona\/#breadcrumb"},"inLanguage":"en-US","potentialAction":[{"@type":"ReadAction","target":["https:\/\/spainfilmcommission.com\/en\/ai-locations\/mina-de-la-jayona\/"]}]},{"@type":"BreadcrumbList","@id":"https:\/\/spainfilmcommission.com\/en\/ai-locations\/mina-de-la-jayona\/#breadcrumb","itemListElement":[{"@type":"ListItem","position":1,"name":"Portada","item":"https:\/\/spainfilmcommission.com\/en\/"},{"@type":"ListItem","position":2,"name":"Mina de la Jayona"}]},{"@type":"WebSite","@id":"https:\/\/spainfilmcommission.com\/en\/#website","url":"https:\/\/spainfilmcommission.com\/en\/","name":"Spain Film Commission","description":"","publisher":{"@id":"https:\/\/spainfilmcommission.com\/en\/#organization"},"potentialAction":[{"@type":"SearchAction","target":{"@type":"EntryPoint","urlTemplate":"https:\/\/spainfilmcommission.com\/en\/?s={search_term_string}"},"query-input":{"@type":"PropertyValueSpecification","valueRequired":true,"valueName":"search_term_string"}}],"inLanguage":"en-US"},{"@type":"Organization","@id":"https:\/\/spainfilmcommission.com\/en\/#organization","name":"Spain Film Commission","url":"https:\/\/spainfilmcommission.com\/en\/","logo":{"@type":"ImageObject","inLanguage":"en-US","@id":"https:\/\/spainfilmcommission.com\/en\/#\/schema\/logo\/image\/","url":"https:\/\/spainfilmcommission.com\/wp-content\/uploads\/2024\/07\/SPC_COLOR.png","contentUrl":"https:\/\/spainfilmcommission.com\/wp-content\/uploads\/2024\/07\/SPC_COLOR.png","width":1665,"height":1665,"caption":"Spain Film Commission"},"image":{"@id":"https:\/\/spainfilmcommission.com\/en\/#\/schema\/logo\/image\/"}}]}},"socio":[{"ID":"40","user_login":"extremadura-film-commission","user_nicename":"extremadura-film-commission","display_name":"extremadura-film-commission","user_pass":"****************","user_email":"filmcommission@extremaduraaudiovisual.com","user_url":"","user_registered":"2024-12-19 17:36:42","id":40}],"nombrees":"Mina de la Jayona","nombreen":"Mina de la Jayona","localidad":"Fuente del Arco","provincia":"Badajoz","coordenadas_maps":"38.120501, -5.927521","latitud":"38.120501000000","longitud":"-5.927521000000","direcciones":"","direccionen":"","cod_postal":[],"telefono":"","fax":"","mail":"","web":"http:\/\/extremadurafc.org\/","descripciones":"Es una antigua mina de hierro situada en la sierra del mismo nombre en el municipio de Fuente del Arco, al sureste de la provincia de Badajoz. Su recuperaci\u00f3n ambiental ha generado un h\u00e1bitat de enorme belleza con unas vistas impresionantes. Sin parecerse a nada conocido, la mina de La Jayona re\u00fane las caracter\u00edsticas propias de los roquedos verticalizados.\u00a0Desde principios de siglo hasta pasados los a\u00f1os 20, pozos, socavones y galer\u00edas fueron dando forma a lo que hoy se presenta como un espectacular vaciado. La mina est\u00e1 dividida en cuatro niveles, tres de ellos por debajo del nivel de superficie y formados a su vez por pasadizos y galer\u00edas, alrededor del hueco central en el que se pueden apreciar restos de las construcciones utilizadas por los mineros. COMARCA: Campi\u00f1a Sur \/\u00a0Fuente: Turismo Extremadura \/ Fotograf\u00edas: Marino Scandurra","descripcionen":"","galeria":[{"ID":"20685","post_author":"2","post_date":"2025-03-08 02:48:02","post_date_gmt":"2025-03-08 01:48:02","post_content":"","post_title":"foto-766_6460","post_excerpt":"","post_status":"inherit","comment_status":"closed","ping_status":"closed","post_password":"","post_name":"foto-766_6460","to_ping":"","pinged":"","post_modified":"2025-04-22 08:42:10","post_modified_gmt":"2025-04-22 06:42:10","post_content_filtered":"","post_parent":"11795","guid":"https:\/\/spainfilmcommission.com\/wp-content\/uploads\/2025\/03\/foto-766_6460.jpg","menu_order":"0","post_type":"attachment","post_mime_type":"image\/jpeg","comment_count":"0","pod_item_id":"20685"},{"ID":"20687","post_author":"2","post_date":"2025-03-08 02:48:04","post_date_gmt":"2025-03-08 01:48:04","post_content":"","post_title":"foto-766_6461","post_excerpt":"","post_status":"inherit","comment_status":"closed","ping_status":"closed","post_password":"","post_name":"foto-766_6461","to_ping":"","pinged":"","post_modified":"2025-04-22 08:42:10","post_modified_gmt":"2025-04-22 06:42:10","post_content_filtered":"","post_parent":"11795","guid":"https:\/\/spainfilmcommission.com\/wp-content\/uploads\/2025\/03\/foto-766_6461.jpg","menu_order":"0","post_type":"attachment","post_mime_type":"image\/jpeg","comment_count":"0","pod_item_id":"20687"},{"ID":"20689","post_author":"2","post_date":"2025-03-08 02:48:06","post_date_gmt":"2025-03-08 01:48:06","post_content":"","post_title":"foto-766_6462","post_excerpt":"","post_status":"inherit","comment_status":"closed","ping_status":"closed","post_password":"","post_name":"foto-766_6462","to_ping":"","pinged":"","post_modified":"2025-04-22 08:42:10","post_modified_gmt":"2025-04-22 06:42:10","post_content_filtered":"","post_parent":"11795","guid":"https:\/\/spainfilmcommission.com\/wp-content\/uploads\/2025\/03\/foto-766_6462.jpg","menu_order":"0","post_type":"attachment","post_mime_type":"image\/jpeg","comment_count":"0","pod_item_id":"20689"},{"ID":"20691","post_author":"2","post_date":"2025-03-08 02:48:08","post_date_gmt":"2025-03-08 01:48:08","post_content":"","post_title":"foto-766_6463","post_excerpt":"","post_status":"inherit","comment_status":"closed","ping_status":"closed","post_password":"","post_name":"foto-766_6463","to_ping":"","pinged":"","post_modified":"2025-04-22 08:42:10","post_modified_gmt":"2025-04-22 06:42:10","post_content_filtered":"","post_parent":"11795","guid":"https:\/\/spainfilmcommission.com\/wp-content\/uploads\/2025\/03\/foto-766_6463.jpg","menu_order":"0","post_type":"attachment","post_mime_type":"image\/jpeg","comment_count":"0","pod_item_id":"20691"},{"ID":"20693","post_author":"2","post_date":"2025-03-08 02:48:10","post_date_gmt":"2025-03-08 01:48:10","post_content":"","post_title":"foto-766_6464","post_excerpt":"","post_status":"inherit","comment_status":"closed","ping_status":"closed","post_password":"","post_name":"foto-766_6464","to_ping":"","pinged":"","post_modified":"2025-04-22 08:42:10","post_modified_gmt":"2025-04-22 06:42:10","post_content_filtered":"","post_parent":"11795","guid":"https:\/\/spainfilmcommission.com\/wp-content\/uploads\/2025\/03\/foto-766_6464.jpg","menu_order":"0","post_type":"attachment","post_mime_type":"image\/jpeg","comment_count":"0","pod_item_id":"20693"},{"ID":"20695","post_author":"2","post_date":"2025-03-08 02:48:13","post_date_gmt":"2025-03-08 01:48:13","post_content":"","post_title":"foto-766_6465","post_excerpt":"","post_status":"inherit","comment_status":"closed","ping_status":"closed","post_password":"","post_name":"foto-766_6465","to_ping":"","pinged":"","post_modified":"2025-04-22 08:42:10","post_modified_gmt":"2025-04-22 06:42:10","post_content_filtered":"","post_parent":"11795","guid":"https:\/\/spainfilmcommission.com\/wp-content\/uploads\/2025\/03\/foto-766_6465.jpg","menu_order":"0","post_type":"attachment","post_mime_type":"image\/jpeg","comment_count":"0","pod_item_id":"20695"},{"ID":"20697","post_author":"2","post_date":"2025-03-08 02:48:15","post_date_gmt":"2025-03-08 01:48:15","post_content":"","post_title":"foto-766_6466","post_excerpt":"","post_status":"inherit","comment_status":"closed","ping_status":"closed","post_password":"","post_name":"foto-766_6466","to_ping":"","pinged":"","post_modified":"2025-04-22 08:42:10","post_modified_gmt":"2025-04-22 06:42:10","post_content_filtered":"","post_parent":"11795","guid":"https:\/\/spainfilmcommission.com\/wp-content\/uploads\/2025\/03\/foto-766_6466.jpg","menu_order":"0","post_type":"attachment","post_mime_type":"image\/jpeg","comment_count":"0","pod_item_id":"20697"},{"ID":"20699","post_author":"2","post_date":"2025-03-08 02:48:17","post_date_gmt":"2025-03-08 01:48:17","post_content":"","post_title":"foto-766_6467","post_excerpt":"","post_status":"inherit","comment_status":"closed","ping_status":"closed","post_password":"","post_name":"foto-766_6467","to_ping":"","pinged":"","post_modified":"2025-04-22 08:42:10","post_modified_gmt":"2025-04-22 06:42:10","post_content_filtered":"","post_parent":"11795","guid":"https:\/\/spainfilmcommission.com\/wp-content\/uploads\/2025\/03\/foto-766_6467.jpg","menu_order":"0","post_type":"attachment","post_mime_type":"image\/jpeg","comment_count":"0","pod_item_id":"20699"}],"nombrepaginaes":"mina-de-la-jayona","nombrepaginaen":"mina-de-la-jayona","latitud_gps":"38\u00b007'13.8\"N","longitud_gps":"5\u00b055'39.1\"W","adicionaleses":"","adicionalesen":"","videoes":"","videoen":"","video2es":"","video2en":"","_links":{"self":[{"href":"https:\/\/spainfilmcommission.com\/en\/wp-json\/wp\/v2\/localizaciones\/localizacion\/11795","targetHints":{"allow":["GET"]}}],"collection":[{"href":"https:\/\/spainfilmcommission.com\/en\/wp-json\/wp\/v2\/localizaciones\/localizacion"}],"about":[{"href":"https:\/\/spainfilmcommission.com\/en\/wp-json\/wp\/v2\/types\/localizacion"}],"author":[{"embeddable":true,"href":"https:\/\/spainfilmcommission.com\/en\/wp-json\/wp\/v2\/users\/2"}],"wp:attachment":[{"href":"https:\/\/spainfilmcommission.com\/en\/wp-json\/wp\/v2\/media?parent=11795"}],"curies":[{"name":"wp","href":"https:\/\/api.w.org\/{rel}","templated":true}]}}