{"id":11794,"date":"2025-02-27T19:47:41","date_gmt":"2025-02-27T18:47:41","guid":{"rendered":"https:\/\/spainfilmcommission.com\/?post_type=localizacion&#038;p=11794"},"modified":"2025-04-22T08:52:29","modified_gmt":"2025-04-22T06:52:29","slug":"ermita-de-nuestra-senora-de-ara","status":"publish","type":"localizacion","link":"https:\/\/spainfilmcommission.com\/en\/ai-locations\/ermita-de-nuestra-senora-de-ara\/","title":{"rendered":"Ermita de nuestra Se\u00f1ora de Ara"},"content":{"rendered":"","protected":false},"author":2,"template":"","meta":[],"class_list":["post-11794","localizacion","type-localizacion","status-publish","hentry"],"yoast_head":"<!-- This site is optimized with the Yoast SEO plugin v28.3 - https:\/\/yoast.com\/product\/yoast-seo-wordpress\/ -->\n<title>Rodar en Ermita de nuestra Se\u00f1ora de Ara - Spain Film Commission<\/title>\n<meta name=\"description\" content=\"En esta p\u00e1gina encontrar\u00e1s una peque\u00f1a descripci\u00f3n, m\u00e1genes e informaci\u00f3n relevante para que te hagas una idea de c\u00f3mo es rodar en Ermita de nuestra Se\u00f1ora de Ara\" \/>\n<meta name=\"robots\" content=\"index, follow, max-snippet:-1, max-image-preview:large, max-video-preview:-1\" \/>\n<link rel=\"canonical\" href=\"https:\/\/spainfilmcommission.com\/en\/ai-locations\/ermita-de-nuestra-senora-de-ara\/\" \/>\n<meta property=\"og:locale\" content=\"en_US\" \/>\n<meta property=\"og:type\" content=\"article\" \/>\n<meta property=\"og:title\" content=\"Rodar en Ermita de nuestra Se\u00f1ora de Ara - Spain Film Commission\" \/>\n<meta property=\"og:description\" content=\"En esta p\u00e1gina encontrar\u00e1s una peque\u00f1a descripci\u00f3n, m\u00e1genes e informaci\u00f3n relevante para que te hagas una idea de c\u00f3mo es rodar en Ermita de nuestra Se\u00f1ora de Ara\" \/>\n<meta property=\"og:url\" content=\"https:\/\/spainfilmcommission.com\/en\/ai-locations\/ermita-de-nuestra-senora-de-ara\/\" \/>\n<meta property=\"og:site_name\" content=\"Spain Film Commission\" \/>\n<meta property=\"article:modified_time\" content=\"2025-04-22T06:52:29+00:00\" \/>\n<meta name=\"twitter:card\" content=\"summary_large_image\" \/>\n<script type=\"application\/ld+json\" class=\"yoast-schema-graph\">{\"@context\":\"https:\\\/\\\/schema.org\",\"@graph\":[{\"@type\":\"WebPage\",\"@id\":\"https:\\\/\\\/spainfilmcommission.com\\\/en\\\/ai-locations\\\/ermita-de-nuestra-senora-de-ara\\\/\",\"url\":\"https:\\\/\\\/spainfilmcommission.com\\\/en\\\/ai-locations\\\/ermita-de-nuestra-senora-de-ara\\\/\",\"name\":\"Rodar en Ermita de nuestra Se\u00f1ora de Ara - Spain Film Commission\",\"isPartOf\":{\"@id\":\"https:\\\/\\\/spainfilmcommission.com\\\/en\\\/#website\"},\"datePublished\":\"2025-02-27T18:47:41+00:00\",\"dateModified\":\"2025-04-22T06:52:29+00:00\",\"description\":\"En esta p\u00e1gina encontrar\u00e1s una peque\u00f1a descripci\u00f3n, m\u00e1genes e informaci\u00f3n relevante para que te hagas una idea de c\u00f3mo es rodar en Ermita de nuestra Se\u00f1ora de Ara\",\"breadcrumb\":{\"@id\":\"https:\\\/\\\/spainfilmcommission.com\\\/en\\\/ai-locations\\\/ermita-de-nuestra-senora-de-ara\\\/#breadcrumb\"},\"inLanguage\":\"en-US\",\"potentialAction\":[{\"@type\":\"ReadAction\",\"target\":[\"https:\\\/\\\/spainfilmcommission.com\\\/en\\\/ai-locations\\\/ermita-de-nuestra-senora-de-ara\\\/\"]}]},{\"@type\":\"BreadcrumbList\",\"@id\":\"https:\\\/\\\/spainfilmcommission.com\\\/en\\\/ai-locations\\\/ermita-de-nuestra-senora-de-ara\\\/#breadcrumb\",\"itemListElement\":[{\"@type\":\"ListItem\",\"position\":1,\"name\":\"Portada\",\"item\":\"https:\\\/\\\/spainfilmcommission.com\\\/en\\\/\"},{\"@type\":\"ListItem\",\"position\":2,\"name\":\"Ermita de nuestra Se\u00f1ora de Ara\"}]},{\"@type\":\"WebSite\",\"@id\":\"https:\\\/\\\/spainfilmcommission.com\\\/en\\\/#website\",\"url\":\"https:\\\/\\\/spainfilmcommission.com\\\/en\\\/\",\"name\":\"Spain Film Commission\",\"description\":\"\",\"publisher\":{\"@id\":\"https:\\\/\\\/spainfilmcommission.com\\\/en\\\/#organization\"},\"potentialAction\":[{\"@type\":\"SearchAction\",\"target\":{\"@type\":\"EntryPoint\",\"urlTemplate\":\"https:\\\/\\\/spainfilmcommission.com\\\/en\\\/?s={search_term_string}\"},\"query-input\":{\"@type\":\"PropertyValueSpecification\",\"valueRequired\":true,\"valueName\":\"search_term_string\"}}],\"inLanguage\":\"en-US\"},{\"@type\":\"Organization\",\"@id\":\"https:\\\/\\\/spainfilmcommission.com\\\/en\\\/#organization\",\"name\":\"Spain Film Commission\",\"url\":\"https:\\\/\\\/spainfilmcommission.com\\\/en\\\/\",\"logo\":{\"@type\":\"ImageObject\",\"inLanguage\":\"en-US\",\"@id\":\"https:\\\/\\\/spainfilmcommission.com\\\/en\\\/#\\\/schema\\\/logo\\\/image\\\/\",\"url\":\"https:\\\/\\\/spainfilmcommission.com\\\/wp-content\\\/uploads\\\/2024\\\/07\\\/SPC_COLOR.png\",\"contentUrl\":\"https:\\\/\\\/spainfilmcommission.com\\\/wp-content\\\/uploads\\\/2024\\\/07\\\/SPC_COLOR.png\",\"width\":1665,\"height\":1665,\"caption\":\"Spain Film Commission\"},\"image\":{\"@id\":\"https:\\\/\\\/spainfilmcommission.com\\\/en\\\/#\\\/schema\\\/logo\\\/image\\\/\"}}]}<\/script>\n<!-- \/ Yoast SEO plugin. -->","yoast_head_json":{"title":"Rodar en Ermita de nuestra Se\u00f1ora de Ara - Spain Film Commission","description":"En esta p\u00e1gina encontrar\u00e1s una peque\u00f1a descripci\u00f3n, m\u00e1genes e informaci\u00f3n relevante para que te hagas una idea de c\u00f3mo es rodar en Ermita de nuestra Se\u00f1ora de Ara","robots":{"index":"index","follow":"follow","max-snippet":"max-snippet:-1","max-image-preview":"max-image-preview:large","max-video-preview":"max-video-preview:-1"},"canonical":"https:\/\/spainfilmcommission.com\/en\/ai-locations\/ermita-de-nuestra-senora-de-ara\/","og_locale":"en_US","og_type":"article","og_title":"Rodar en Ermita de nuestra Se\u00f1ora de Ara - Spain Film Commission","og_description":"En esta p\u00e1gina encontrar\u00e1s una peque\u00f1a descripci\u00f3n, m\u00e1genes e informaci\u00f3n relevante para que te hagas una idea de c\u00f3mo es rodar en Ermita de nuestra Se\u00f1ora de Ara","og_url":"https:\/\/spainfilmcommission.com\/en\/ai-locations\/ermita-de-nuestra-senora-de-ara\/","og_site_name":"Spain Film Commission","article_modified_time":"2025-04-22T06:52:29+00:00","twitter_card":"summary_large_image","schema":{"@context":"https:\/\/schema.org","@graph":[{"@type":"WebPage","@id":"https:\/\/spainfilmcommission.com\/en\/ai-locations\/ermita-de-nuestra-senora-de-ara\/","url":"https:\/\/spainfilmcommission.com\/en\/ai-locations\/ermita-de-nuestra-senora-de-ara\/","name":"Rodar en Ermita de nuestra Se\u00f1ora de Ara - Spain Film Commission","isPartOf":{"@id":"https:\/\/spainfilmcommission.com\/en\/#website"},"datePublished":"2025-02-27T18:47:41+00:00","dateModified":"2025-04-22T06:52:29+00:00","description":"En esta p\u00e1gina encontrar\u00e1s una peque\u00f1a descripci\u00f3n, m\u00e1genes e informaci\u00f3n relevante para que te hagas una idea de c\u00f3mo es rodar en Ermita de nuestra Se\u00f1ora de Ara","breadcrumb":{"@id":"https:\/\/spainfilmcommission.com\/en\/ai-locations\/ermita-de-nuestra-senora-de-ara\/#breadcrumb"},"inLanguage":"en-US","potentialAction":[{"@type":"ReadAction","target":["https:\/\/spainfilmcommission.com\/en\/ai-locations\/ermita-de-nuestra-senora-de-ara\/"]}]},{"@type":"BreadcrumbList","@id":"https:\/\/spainfilmcommission.com\/en\/ai-locations\/ermita-de-nuestra-senora-de-ara\/#breadcrumb","itemListElement":[{"@type":"ListItem","position":1,"name":"Portada","item":"https:\/\/spainfilmcommission.com\/en\/"},{"@type":"ListItem","position":2,"name":"Ermita de nuestra Se\u00f1ora de Ara"}]},{"@type":"WebSite","@id":"https:\/\/spainfilmcommission.com\/en\/#website","url":"https:\/\/spainfilmcommission.com\/en\/","name":"Spain Film Commission","description":"","publisher":{"@id":"https:\/\/spainfilmcommission.com\/en\/#organization"},"potentialAction":[{"@type":"SearchAction","target":{"@type":"EntryPoint","urlTemplate":"https:\/\/spainfilmcommission.com\/en\/?s={search_term_string}"},"query-input":{"@type":"PropertyValueSpecification","valueRequired":true,"valueName":"search_term_string"}}],"inLanguage":"en-US"},{"@type":"Organization","@id":"https:\/\/spainfilmcommission.com\/en\/#organization","name":"Spain Film Commission","url":"https:\/\/spainfilmcommission.com\/en\/","logo":{"@type":"ImageObject","inLanguage":"en-US","@id":"https:\/\/spainfilmcommission.com\/en\/#\/schema\/logo\/image\/","url":"https:\/\/spainfilmcommission.com\/wp-content\/uploads\/2024\/07\/SPC_COLOR.png","contentUrl":"https:\/\/spainfilmcommission.com\/wp-content\/uploads\/2024\/07\/SPC_COLOR.png","width":1665,"height":1665,"caption":"Spain Film Commission"},"image":{"@id":"https:\/\/spainfilmcommission.com\/en\/#\/schema\/logo\/image\/"}}]}},"socio":[{"ID":"40","user_login":"extremadura-film-commission","user_nicename":"extremadura-film-commission","display_name":"extremadura-film-commission","user_pass":"****************","user_email":"filmcommission@extremaduraaudiovisual.com","user_url":"","user_registered":"2024-12-19 17:36:42","id":40}],"nombrees":"Ermita de nuestra Se\u00f1ora de Ara","nombreen":"Ermita de nuestra Se\u00f1ora de Ara","localidad":"Fuente de Arco","provincia":"Badajoz","coordenadas_maps":"38.131693, -5.940287","latitud":"38.131693000000","longitud":"-5.940287000000","direcciones":"","direccionen":"","cod_postal":[],"telefono":"","fax":"","mail":"","web":"http:\/\/extremadurafc.org\/","descripciones":"La construcci\u00f3n, de estilo mud\u00e9jar, data de finales del siglo XIV principios del XV, y en un principio no exist\u00eda nada m\u00e1s que la iglesia sin espada\u00f1a ni camar\u00edn, y unas construcciones anexas de las que aun hoy quedan restos. La arquer\u00eda de la fachada sur de la Iglesia,\u00a0est\u00e1\u00a0compuesta por arcos muy peraltados que se apoyan sobre pilares poligonales (los \u00fanicos que hoy permanecen al descubierto), los de oeste y norte fueron cegados al levantar las construcciones anexas. Tras la arquer\u00eda observamos una puerta de acceso al interior del templo con arco de herradura enmarcado en alfiz, donde aparecen restos de columnas romanas. A finales del siglo XVI la iglesia era la misma que ahora contemplamos, salvo que no contaba con la espada\u00f1a (campanario), ni con el camar\u00edn. Se debi\u00f3 contar con alg\u00fan peque\u00f1o campanil sobre el arco toral, ya que encima de dicho arco, hasta 1494 se encontraba una esquila y en 1603 se compr\u00f3 la campana de la ermita de Ntra. Sra. del Ara. Es conocida como la Capilla Sixtina Extreme\u00f1a COMARCA: Campi\u00f1a Sur \/\u00a0Fuente: Ayuntamiento Fuente del Arco \/ Fotograf\u00edas: M...","descripcionen":"","galeria":[{"ID":"20669","post_author":"2","post_date":"2025-03-08 02:47:46","post_date_gmt":"2025-03-08 01:47:46","post_content":"","post_title":"foto-765_6452","post_excerpt":"","post_status":"inherit","comment_status":"closed","ping_status":"closed","post_password":"","post_name":"foto-765_6452","to_ping":"","pinged":"","post_modified":"2025-04-22 08:52:29","post_modified_gmt":"2025-04-22 06:52:29","post_content_filtered":"","post_parent":"11794","guid":"https:\/\/spainfilmcommission.com\/wp-content\/uploads\/2025\/03\/foto-765_6452.jpg","menu_order":"0","post_type":"attachment","post_mime_type":"image\/jpeg","comment_count":"0","pod_item_id":"20669"},{"ID":"20671","post_author":"2","post_date":"2025-03-08 02:47:48","post_date_gmt":"2025-03-08 01:47:48","post_content":"","post_title":"foto-765_6453","post_excerpt":"","post_status":"inherit","comment_status":"closed","ping_status":"closed","post_password":"","post_name":"foto-765_6453","to_ping":"","pinged":"","post_modified":"2025-04-22 08:52:29","post_modified_gmt":"2025-04-22 06:52:29","post_content_filtered":"","post_parent":"11794","guid":"https:\/\/spainfilmcommission.com\/wp-content\/uploads\/2025\/03\/foto-765_6453.jpg","menu_order":"0","post_type":"attachment","post_mime_type":"image\/jpeg","comment_count":"0","pod_item_id":"20671"},{"ID":"20673","post_author":"2","post_date":"2025-03-08 02:47:50","post_date_gmt":"2025-03-08 01:47:50","post_content":"","post_title":"foto-765_6454","post_excerpt":"","post_status":"inherit","comment_status":"closed","ping_status":"closed","post_password":"","post_name":"foto-765_6454","to_ping":"","pinged":"","post_modified":"2025-04-22 08:52:29","post_modified_gmt":"2025-04-22 06:52:29","post_content_filtered":"","post_parent":"11794","guid":"https:\/\/spainfilmcommission.com\/wp-content\/uploads\/2025\/03\/foto-765_6454.jpg","menu_order":"0","post_type":"attachment","post_mime_type":"image\/jpeg","comment_count":"0","pod_item_id":"20673"},{"ID":"20675","post_author":"2","post_date":"2025-03-08 02:47:52","post_date_gmt":"2025-03-08 01:47:52","post_content":"","post_title":"foto-765_6455","post_excerpt":"","post_status":"inherit","comment_status":"closed","ping_status":"closed","post_password":"","post_name":"foto-765_6455","to_ping":"","pinged":"","post_modified":"2025-04-22 08:52:29","post_modified_gmt":"2025-04-22 06:52:29","post_content_filtered":"","post_parent":"11794","guid":"https:\/\/spainfilmcommission.com\/wp-content\/uploads\/2025\/03\/foto-765_6455.jpg","menu_order":"0","post_type":"attachment","post_mime_type":"image\/jpeg","comment_count":"0","pod_item_id":"20675"},{"ID":"20677","post_author":"2","post_date":"2025-03-08 02:47:54","post_date_gmt":"2025-03-08 01:47:54","post_content":"","post_title":"foto-765_6456","post_excerpt":"","post_status":"inherit","comment_status":"closed","ping_status":"closed","post_password":"","post_name":"foto-765_6456","to_ping":"","pinged":"","post_modified":"2025-04-22 08:52:29","post_modified_gmt":"2025-04-22 06:52:29","post_content_filtered":"","post_parent":"11794","guid":"https:\/\/spainfilmcommission.com\/wp-content\/uploads\/2025\/03\/foto-765_6456.jpg","menu_order":"0","post_type":"attachment","post_mime_type":"image\/jpeg","comment_count":"0","pod_item_id":"20677"},{"ID":"20679","post_author":"2","post_date":"2025-03-08 02:47:56","post_date_gmt":"2025-03-08 01:47:56","post_content":"","post_title":"foto-765_6457","post_excerpt":"","post_status":"inherit","comment_status":"closed","ping_status":"closed","post_password":"","post_name":"foto-765_6457","to_ping":"","pinged":"","post_modified":"2025-04-22 08:52:29","post_modified_gmt":"2025-04-22 06:52:29","post_content_filtered":"","post_parent":"11794","guid":"https:\/\/spainfilmcommission.com\/wp-content\/uploads\/2025\/03\/foto-765_6457.jpg","menu_order":"0","post_type":"attachment","post_mime_type":"image\/jpeg","comment_count":"0","pod_item_id":"20679"},{"ID":"20681","post_author":"2","post_date":"2025-03-08 02:47:58","post_date_gmt":"2025-03-08 01:47:58","post_content":"","post_title":"foto-765_6458","post_excerpt":"","post_status":"inherit","comment_status":"closed","ping_status":"closed","post_password":"","post_name":"foto-765_6458","to_ping":"","pinged":"","post_modified":"2025-04-22 08:52:29","post_modified_gmt":"2025-04-22 06:52:29","post_content_filtered":"","post_parent":"11794","guid":"https:\/\/spainfilmcommission.com\/wp-content\/uploads\/2025\/03\/foto-765_6458.jpg","menu_order":"0","post_type":"attachment","post_mime_type":"image\/jpeg","comment_count":"0","pod_item_id":"20681"},{"ID":"20683","post_author":"2","post_date":"2025-03-08 02:48:00","post_date_gmt":"2025-03-08 01:48:00","post_content":"","post_title":"foto-765_6459","post_excerpt":"","post_status":"inherit","comment_status":"closed","ping_status":"closed","post_password":"","post_name":"foto-765_6459","to_ping":"","pinged":"","post_modified":"2025-04-22 08:52:29","post_modified_gmt":"2025-04-22 06:52:29","post_content_filtered":"","post_parent":"11794","guid":"https:\/\/spainfilmcommission.com\/wp-content\/uploads\/2025\/03\/foto-765_6459.jpg","menu_order":"0","post_type":"attachment","post_mime_type":"image\/jpeg","comment_count":"0","pod_item_id":"20683"}],"nombrepaginaes":"ermita-de-nuestra-senora-de-ara","nombrepaginaen":"ermita-de-nuestra-senora-de-ara","latitud_gps":"38\u00b007'54.1","longitud_gps":"5\u00b056'25.0","adicionaleses":"","adicionalesen":"","videoes":"","videoen":"","video2es":"","video2en":"","_links":{"self":[{"href":"https:\/\/spainfilmcommission.com\/en\/wp-json\/wp\/v2\/localizaciones\/localizacion\/11794","targetHints":{"allow":["GET"]}}],"collection":[{"href":"https:\/\/spainfilmcommission.com\/en\/wp-json\/wp\/v2\/localizaciones\/localizacion"}],"about":[{"href":"https:\/\/spainfilmcommission.com\/en\/wp-json\/wp\/v2\/types\/localizacion"}],"author":[{"embeddable":true,"href":"https:\/\/spainfilmcommission.com\/en\/wp-json\/wp\/v2\/users\/2"}],"wp:attachment":[{"href":"https:\/\/spainfilmcommission.com\/en\/wp-json\/wp\/v2\/media?parent=11794"}],"curies":[{"name":"wp","href":"https:\/\/api.w.org\/{rel}","templated":true}]}}