{"id":11729,"date":"2025-02-27T19:46:30","date_gmt":"2025-02-27T18:46:30","guid":{"rendered":"https:\/\/spainfilmcommission.com\/?post_type=localizacion&#038;p=11729"},"modified":"2025-04-21T20:37:54","modified_gmt":"2025-04-21T18:37:54","slug":"convento-de-los-escolapios","status":"publish","type":"localizacion","link":"https:\/\/spainfilmcommission.com\/en\/ai-locations\/convento-de-los-escolapios\/","title":{"rendered":"CONVENTO DE LOS ESCOLAPIOS"},"content":{"rendered":"","protected":false},"author":2,"template":"","meta":[],"class_list":["post-11729","localizacion","type-localizacion","status-publish","hentry"],"yoast_head":"<!-- This site is optimized with the Yoast SEO plugin v28.3 - https:\/\/yoast.com\/product\/yoast-seo-wordpress\/ -->\n<title>Rodar en CONVENTO DE LOS ESCOLAPIOS - Spain Film Commission<\/title>\n<meta name=\"description\" content=\"En esta p\u00e1gina encontrar\u00e1s una peque\u00f1a descripci\u00f3n, m\u00e1genes e informaci\u00f3n relevante para que te hagas una idea de c\u00f3mo es rodar en CONVENTO DE LOS ESCOLAPIOS\" \/>\n<meta name=\"robots\" content=\"index, follow, max-snippet:-1, max-image-preview:large, max-video-preview:-1\" \/>\n<link rel=\"canonical\" href=\"https:\/\/spainfilmcommission.com\/en\/ai-locations\/convento-de-los-escolapios\/\" \/>\n<meta property=\"og:locale\" content=\"en_US\" \/>\n<meta property=\"og:type\" content=\"article\" \/>\n<meta property=\"og:title\" content=\"Rodar en CONVENTO DE LOS ESCOLAPIOS - Spain Film Commission\" \/>\n<meta property=\"og:description\" content=\"En esta p\u00e1gina encontrar\u00e1s una peque\u00f1a descripci\u00f3n, m\u00e1genes e informaci\u00f3n relevante para que te hagas una idea de c\u00f3mo es rodar en CONVENTO DE LOS ESCOLAPIOS\" \/>\n<meta property=\"og:url\" content=\"https:\/\/spainfilmcommission.com\/en\/ai-locations\/convento-de-los-escolapios\/\" \/>\n<meta property=\"og:site_name\" content=\"Spain Film Commission\" \/>\n<meta property=\"article:modified_time\" content=\"2025-04-21T18:37:54+00:00\" \/>\n<meta name=\"twitter:card\" content=\"summary_large_image\" \/>\n<script type=\"application\/ld+json\" class=\"yoast-schema-graph\">{\"@context\":\"https:\\\/\\\/schema.org\",\"@graph\":[{\"@type\":\"WebPage\",\"@id\":\"https:\\\/\\\/spainfilmcommission.com\\\/en\\\/ai-locations\\\/convento-de-los-escolapios\\\/\",\"url\":\"https:\\\/\\\/spainfilmcommission.com\\\/en\\\/ai-locations\\\/convento-de-los-escolapios\\\/\",\"name\":\"Rodar en CONVENTO DE LOS ESCOLAPIOS - Spain Film Commission\",\"isPartOf\":{\"@id\":\"https:\\\/\\\/spainfilmcommission.com\\\/en\\\/#website\"},\"datePublished\":\"2025-02-27T18:46:30+00:00\",\"dateModified\":\"2025-04-21T18:37:54+00:00\",\"description\":\"En esta p\u00e1gina encontrar\u00e1s una peque\u00f1a descripci\u00f3n, m\u00e1genes e informaci\u00f3n relevante para que te hagas una idea de c\u00f3mo es rodar en CONVENTO DE LOS ESCOLAPIOS\",\"breadcrumb\":{\"@id\":\"https:\\\/\\\/spainfilmcommission.com\\\/en\\\/ai-locations\\\/convento-de-los-escolapios\\\/#breadcrumb\"},\"inLanguage\":\"en-US\",\"potentialAction\":[{\"@type\":\"ReadAction\",\"target\":[\"https:\\\/\\\/spainfilmcommission.com\\\/en\\\/ai-locations\\\/convento-de-los-escolapios\\\/\"]}]},{\"@type\":\"BreadcrumbList\",\"@id\":\"https:\\\/\\\/spainfilmcommission.com\\\/en\\\/ai-locations\\\/convento-de-los-escolapios\\\/#breadcrumb\",\"itemListElement\":[{\"@type\":\"ListItem\",\"position\":1,\"name\":\"Portada\",\"item\":\"https:\\\/\\\/spainfilmcommission.com\\\/en\\\/\"},{\"@type\":\"ListItem\",\"position\":2,\"name\":\"CONVENTO DE LOS ESCOLAPIOS\"}]},{\"@type\":\"WebSite\",\"@id\":\"https:\\\/\\\/spainfilmcommission.com\\\/en\\\/#website\",\"url\":\"https:\\\/\\\/spainfilmcommission.com\\\/en\\\/\",\"name\":\"Spain Film Commission\",\"description\":\"\",\"publisher\":{\"@id\":\"https:\\\/\\\/spainfilmcommission.com\\\/en\\\/#organization\"},\"potentialAction\":[{\"@type\":\"SearchAction\",\"target\":{\"@type\":\"EntryPoint\",\"urlTemplate\":\"https:\\\/\\\/spainfilmcommission.com\\\/en\\\/?s={search_term_string}\"},\"query-input\":{\"@type\":\"PropertyValueSpecification\",\"valueRequired\":true,\"valueName\":\"search_term_string\"}}],\"inLanguage\":\"en-US\"},{\"@type\":\"Organization\",\"@id\":\"https:\\\/\\\/spainfilmcommission.com\\\/en\\\/#organization\",\"name\":\"Spain Film Commission\",\"url\":\"https:\\\/\\\/spainfilmcommission.com\\\/en\\\/\",\"logo\":{\"@type\":\"ImageObject\",\"inLanguage\":\"en-US\",\"@id\":\"https:\\\/\\\/spainfilmcommission.com\\\/en\\\/#\\\/schema\\\/logo\\\/image\\\/\",\"url\":\"https:\\\/\\\/spainfilmcommission.com\\\/wp-content\\\/uploads\\\/2024\\\/07\\\/SPC_COLOR.png\",\"contentUrl\":\"https:\\\/\\\/spainfilmcommission.com\\\/wp-content\\\/uploads\\\/2024\\\/07\\\/SPC_COLOR.png\",\"width\":1665,\"height\":1665,\"caption\":\"Spain Film Commission\"},\"image\":{\"@id\":\"https:\\\/\\\/spainfilmcommission.com\\\/en\\\/#\\\/schema\\\/logo\\\/image\\\/\"}}]}<\/script>\n<!-- \/ Yoast SEO plugin. -->","yoast_head_json":{"title":"Rodar en CONVENTO DE LOS ESCOLAPIOS - Spain Film Commission","description":"En esta p\u00e1gina encontrar\u00e1s una peque\u00f1a descripci\u00f3n, m\u00e1genes e informaci\u00f3n relevante para que te hagas una idea de c\u00f3mo es rodar en CONVENTO DE LOS ESCOLAPIOS","robots":{"index":"index","follow":"follow","max-snippet":"max-snippet:-1","max-image-preview":"max-image-preview:large","max-video-preview":"max-video-preview:-1"},"canonical":"https:\/\/spainfilmcommission.com\/en\/ai-locations\/convento-de-los-escolapios\/","og_locale":"en_US","og_type":"article","og_title":"Rodar en CONVENTO DE LOS ESCOLAPIOS - Spain Film Commission","og_description":"En esta p\u00e1gina encontrar\u00e1s una peque\u00f1a descripci\u00f3n, m\u00e1genes e informaci\u00f3n relevante para que te hagas una idea de c\u00f3mo es rodar en CONVENTO DE LOS ESCOLAPIOS","og_url":"https:\/\/spainfilmcommission.com\/en\/ai-locations\/convento-de-los-escolapios\/","og_site_name":"Spain Film Commission","article_modified_time":"2025-04-21T18:37:54+00:00","twitter_card":"summary_large_image","schema":{"@context":"https:\/\/schema.org","@graph":[{"@type":"WebPage","@id":"https:\/\/spainfilmcommission.com\/en\/ai-locations\/convento-de-los-escolapios\/","url":"https:\/\/spainfilmcommission.com\/en\/ai-locations\/convento-de-los-escolapios\/","name":"Rodar en CONVENTO DE LOS ESCOLAPIOS - Spain Film Commission","isPartOf":{"@id":"https:\/\/spainfilmcommission.com\/en\/#website"},"datePublished":"2025-02-27T18:46:30+00:00","dateModified":"2025-04-21T18:37:54+00:00","description":"En esta p\u00e1gina encontrar\u00e1s una peque\u00f1a descripci\u00f3n, m\u00e1genes e informaci\u00f3n relevante para que te hagas una idea de c\u00f3mo es rodar en CONVENTO DE LOS ESCOLAPIOS","breadcrumb":{"@id":"https:\/\/spainfilmcommission.com\/en\/ai-locations\/convento-de-los-escolapios\/#breadcrumb"},"inLanguage":"en-US","potentialAction":[{"@type":"ReadAction","target":["https:\/\/spainfilmcommission.com\/en\/ai-locations\/convento-de-los-escolapios\/"]}]},{"@type":"BreadcrumbList","@id":"https:\/\/spainfilmcommission.com\/en\/ai-locations\/convento-de-los-escolapios\/#breadcrumb","itemListElement":[{"@type":"ListItem","position":1,"name":"Portada","item":"https:\/\/spainfilmcommission.com\/en\/"},{"@type":"ListItem","position":2,"name":"CONVENTO DE LOS ESCOLAPIOS"}]},{"@type":"WebSite","@id":"https:\/\/spainfilmcommission.com\/en\/#website","url":"https:\/\/spainfilmcommission.com\/en\/","name":"Spain Film Commission","description":"","publisher":{"@id":"https:\/\/spainfilmcommission.com\/en\/#organization"},"potentialAction":[{"@type":"SearchAction","target":{"@type":"EntryPoint","urlTemplate":"https:\/\/spainfilmcommission.com\/en\/?s={search_term_string}"},"query-input":{"@type":"PropertyValueSpecification","valueRequired":true,"valueName":"search_term_string"}}],"inLanguage":"en-US"},{"@type":"Organization","@id":"https:\/\/spainfilmcommission.com\/en\/#organization","name":"Spain Film Commission","url":"https:\/\/spainfilmcommission.com\/en\/","logo":{"@type":"ImageObject","inLanguage":"en-US","@id":"https:\/\/spainfilmcommission.com\/en\/#\/schema\/logo\/image\/","url":"https:\/\/spainfilmcommission.com\/wp-content\/uploads\/2024\/07\/SPC_COLOR.png","contentUrl":"https:\/\/spainfilmcommission.com\/wp-content\/uploads\/2024\/07\/SPC_COLOR.png","width":1665,"height":1665,"caption":"Spain Film Commission"},"image":{"@id":"https:\/\/spainfilmcommission.com\/en\/#\/schema\/logo\/image\/"}}]}},"socio":[{"ID":"47","user_login":"la-rioja-film-commission","user_nicename":"la-rioja-film-commission","display_name":"la-rioja-film-commission","user_pass":"****************","user_email":"lrfc@larioja.org","user_url":"","user_registered":"2024-12-19 18:08:15","id":47}],"nombrees":"CONVENTO DE LOS ESCOLAPIOS","nombreen":"CONVENT OF THE ESCOLAPIOS","localidad":"ALBELDA DE IREGUA","provincia":"La Rioja","coordenadas_maps":",","latitud":[],"longitud":[],"direcciones":"","direccionen":"","cod_postal":[],"telefono":"","fax":"","mail":"","web":"http:\/\/www.albelda.org\/index.php\/el-convento-de-los-escolapios","descripciones":"Edificio que durante varios a\u00f1os fu\u00e9 Universidad de los Padres Escolapios. Est\u00e1 situado en el t\u00e9rmino de Albelda denominado las \"Vi\u00f1uelas\" al lado del r\u00edo Iregua, por lo que era conocido como \"Universidad de Padres Escolapios de las Vi\u00f1uelas\". El Edificio tiene unos 75 a\u00f1os de antig\u00fcedad. Cuando se construy\u00f3 trajo mucho movimiento de personal al pueblo. A finales de los a\u00f1os 60\u00b4s del pasado siglo, los Padres Escolapios abandonaron el lugar y pas\u00f3 a pertenecer al Ministerio de Defensa. Desde hace ocho a\u00f1os el edificio ha pasado a manos privadas.","descripcionen":"Building that during several years was University of the Escolapios Parents. It is located in the term of Albelda called the \"Vi\u00f1uelas\" next to the Iregua river, for what was known as \"University of Padres Escolapios de las Vi\u00f1uelas\". The building is about 75 years old. When it was built it brought a lot of personnel movement to the town. At the end of the 60's of the last century, the Escolapios Fathers left the place and happened to belong to the Ministry of Defense. For eight years the building has gone into private hands.","galeria":[{"ID":"19441","post_author":"2","post_date":"2025-03-08 02:24:32","post_date_gmt":"2025-03-08 01:24:32","post_content":"","post_title":"foto-699_5768","post_excerpt":"","post_status":"inherit","comment_status":"closed","ping_status":"closed","post_password":"","post_name":"foto-699_5768","to_ping":"","pinged":"","post_modified":"2025-04-21 20:37:54","post_modified_gmt":"2025-04-21 18:37:54","post_content_filtered":"","post_parent":"11729","guid":"https:\/\/spainfilmcommission.com\/wp-content\/uploads\/2025\/03\/foto-699_5768.jpg","menu_order":"0","post_type":"attachment","post_mime_type":"image\/jpeg","comment_count":"0","pod_item_id":"19441"},{"ID":"19443","post_author":"2","post_date":"2025-03-08 02:24:34","post_date_gmt":"2025-03-08 01:24:34","post_content":"","post_title":"foto-699_5769","post_excerpt":"","post_status":"inherit","comment_status":"closed","ping_status":"closed","post_password":"","post_name":"foto-699_5769","to_ping":"","pinged":"","post_modified":"2025-04-21 20:37:54","post_modified_gmt":"2025-04-21 18:37:54","post_content_filtered":"","post_parent":"11729","guid":"https:\/\/spainfilmcommission.com\/wp-content\/uploads\/2025\/03\/foto-699_5769.jpg","menu_order":"0","post_type":"attachment","post_mime_type":"image\/jpeg","comment_count":"0","pod_item_id":"19443"},{"ID":"19445","post_author":"2","post_date":"2025-03-08 02:24:35","post_date_gmt":"2025-03-08 01:24:35","post_content":"","post_title":"foto-699_5770","post_excerpt":"","post_status":"inherit","comment_status":"closed","ping_status":"closed","post_password":"","post_name":"foto-699_5770","to_ping":"","pinged":"","post_modified":"2025-04-21 20:37:54","post_modified_gmt":"2025-04-21 18:37:54","post_content_filtered":"","post_parent":"11729","guid":"https:\/\/spainfilmcommission.com\/wp-content\/uploads\/2025\/03\/foto-699_5770.jpg","menu_order":"0","post_type":"attachment","post_mime_type":"image\/jpeg","comment_count":"0","pod_item_id":"19445"},{"ID":"19447","post_author":"2","post_date":"2025-03-08 02:24:37","post_date_gmt":"2025-03-08 01:24:37","post_content":"","post_title":"foto-699_5771","post_excerpt":"","post_status":"inherit","comment_status":"closed","ping_status":"closed","post_password":"","post_name":"foto-699_5771","to_ping":"","pinged":"","post_modified":"2025-04-21 20:37:54","post_modified_gmt":"2025-04-21 18:37:54","post_content_filtered":"","post_parent":"11729","guid":"https:\/\/spainfilmcommission.com\/wp-content\/uploads\/2025\/03\/foto-699_5771.jpg","menu_order":"0","post_type":"attachment","post_mime_type":"image\/jpeg","comment_count":"0","pod_item_id":"19447"},{"ID":"19449","post_author":"2","post_date":"2025-03-08 02:24:41","post_date_gmt":"2025-03-08 01:24:41","post_content":"","post_title":"foto-699_5772","post_excerpt":"","post_status":"inherit","comment_status":"closed","ping_status":"closed","post_password":"","post_name":"foto-699_5772","to_ping":"","pinged":"","post_modified":"2025-04-21 20:37:54","post_modified_gmt":"2025-04-21 18:37:54","post_content_filtered":"","post_parent":"11729","guid":"https:\/\/spainfilmcommission.com\/wp-content\/uploads\/2025\/03\/foto-699_5772.jpg","menu_order":"0","post_type":"attachment","post_mime_type":"image\/jpeg","comment_count":"0","pod_item_id":"19449"},{"ID":"19451","post_author":"2","post_date":"2025-03-08 02:24:42","post_date_gmt":"2025-03-08 01:24:42","post_content":"","post_title":"foto-699_5773","post_excerpt":"","post_status":"inherit","comment_status":"closed","ping_status":"closed","post_password":"","post_name":"foto-699_5773","to_ping":"","pinged":"","post_modified":"2025-04-21 20:37:54","post_modified_gmt":"2025-04-21 18:37:54","post_content_filtered":"","post_parent":"11729","guid":"https:\/\/spainfilmcommission.com\/wp-content\/uploads\/2025\/03\/foto-699_5773.jpg","menu_order":"0","post_type":"attachment","post_mime_type":"image\/jpeg","comment_count":"0","pod_item_id":"19451"},{"ID":"19453","post_author":"2","post_date":"2025-03-08 02:24:44","post_date_gmt":"2025-03-08 01:24:44","post_content":"","post_title":"foto-699_5774","post_excerpt":"","post_status":"inherit","comment_status":"closed","ping_status":"closed","post_password":"","post_name":"foto-699_5774","to_ping":"","pinged":"","post_modified":"2025-04-21 20:37:54","post_modified_gmt":"2025-04-21 18:37:54","post_content_filtered":"","post_parent":"11729","guid":"https:\/\/spainfilmcommission.com\/wp-content\/uploads\/2025\/03\/foto-699_5774.jpg","menu_order":"0","post_type":"attachment","post_mime_type":"image\/jpeg","comment_count":"0","pod_item_id":"19453"},{"ID":"19455","post_author":"2","post_date":"2025-03-08 02:24:46","post_date_gmt":"2025-03-08 01:24:46","post_content":"","post_title":"foto-699_5775","post_excerpt":"","post_status":"inherit","comment_status":"closed","ping_status":"closed","post_password":"","post_name":"foto-699_5775","to_ping":"","pinged":"","post_modified":"2025-04-21 20:37:54","post_modified_gmt":"2025-04-21 18:37:54","post_content_filtered":"","post_parent":"11729","guid":"https:\/\/spainfilmcommission.com\/wp-content\/uploads\/2025\/03\/foto-699_5775.jpg","menu_order":"0","post_type":"attachment","post_mime_type":"image\/jpeg","comment_count":"0","pod_item_id":"19455"},{"ID":"19457","post_author":"2","post_date":"2025-03-08 02:24:48","post_date_gmt":"2025-03-08 01:24:48","post_content":"","post_title":"foto-699_5776","post_excerpt":"","post_status":"inherit","comment_status":"closed","ping_status":"closed","post_password":"","post_name":"foto-699_5776","to_ping":"","pinged":"","post_modified":"2025-04-21 20:37:54","post_modified_gmt":"2025-04-21 18:37:54","post_content_filtered":"","post_parent":"11729","guid":"https:\/\/spainfilmcommission.com\/wp-content\/uploads\/2025\/03\/foto-699_5776.jpg","menu_order":"0","post_type":"attachment","post_mime_type":"image\/jpeg","comment_count":"0","pod_item_id":"19457"}],"nombrepaginaes":"convento-de-los-escolapios","nombrepaginaen":"convent-of-the-escolapios","latitud_gps":"","longitud_gps":"","adicionaleses":"","adicionalesen":"","videoes":"","videoen":"","video2es":"","video2en":"","_links":{"self":[{"href":"https:\/\/spainfilmcommission.com\/en\/wp-json\/wp\/v2\/localizaciones\/localizacion\/11729","targetHints":{"allow":["GET"]}}],"collection":[{"href":"https:\/\/spainfilmcommission.com\/en\/wp-json\/wp\/v2\/localizaciones\/localizacion"}],"about":[{"href":"https:\/\/spainfilmcommission.com\/en\/wp-json\/wp\/v2\/types\/localizacion"}],"author":[{"embeddable":true,"href":"https:\/\/spainfilmcommission.com\/en\/wp-json\/wp\/v2\/users\/2"}],"wp:attachment":[{"href":"https:\/\/spainfilmcommission.com\/en\/wp-json\/wp\/v2\/media?parent=11729"}],"curies":[{"name":"wp","href":"https:\/\/api.w.org\/{rel}","templated":true}]}}