{"id":11712,"date":"2025-02-27T19:46:30","date_gmt":"2025-02-27T18:46:30","guid":{"rendered":"https:\/\/spainfilmcommission.com\/?post_type=localizacion&#038;p=11712"},"modified":"2025-04-21T13:22:03","modified_gmt":"2025-04-21T11:22:03","slug":"tudela","status":"publish","type":"localizacion","link":"https:\/\/spainfilmcommission.com\/en\/ai-locations\/tudela\/","title":{"rendered":"Tudela"},"content":{"rendered":"","protected":false},"author":2,"template":"","meta":[],"class_list":["post-11712","localizacion","type-localizacion","status-publish","hentry"],"yoast_head":"<!-- This site is optimized with the Yoast SEO plugin v28.3 - https:\/\/yoast.com\/product\/yoast-seo-wordpress\/ -->\n<title>Rodar en Tudela - Spain Film Commission<\/title>\n<meta name=\"description\" content=\"En esta p\u00e1gina encontrar\u00e1s una peque\u00f1a descripci\u00f3n, m\u00e1genes e informaci\u00f3n relevante para que te hagas una idea de c\u00f3mo es rodar en Tudela\" \/>\n<meta name=\"robots\" content=\"index, follow, max-snippet:-1, max-image-preview:large, max-video-preview:-1\" \/>\n<link rel=\"canonical\" href=\"https:\/\/spainfilmcommission.com\/en\/ai-locations\/tudela\/\" \/>\n<meta property=\"og:locale\" content=\"en_US\" \/>\n<meta property=\"og:type\" content=\"article\" \/>\n<meta property=\"og:title\" content=\"Rodar en Tudela - Spain Film Commission\" \/>\n<meta property=\"og:description\" content=\"En esta p\u00e1gina encontrar\u00e1s una peque\u00f1a descripci\u00f3n, m\u00e1genes e informaci\u00f3n relevante para que te hagas una idea de c\u00f3mo es rodar en Tudela\" \/>\n<meta property=\"og:url\" content=\"https:\/\/spainfilmcommission.com\/en\/ai-locations\/tudela\/\" \/>\n<meta property=\"og:site_name\" content=\"Spain Film Commission\" \/>\n<meta property=\"article:modified_time\" content=\"2025-04-21T11:22:03+00:00\" \/>\n<meta name=\"twitter:card\" content=\"summary_large_image\" \/>\n<script type=\"application\/ld+json\" class=\"yoast-schema-graph\">{\"@context\":\"https:\\\/\\\/schema.org\",\"@graph\":[{\"@type\":\"WebPage\",\"@id\":\"https:\\\/\\\/spainfilmcommission.com\\\/en\\\/ai-locations\\\/tudela\\\/\",\"url\":\"https:\\\/\\\/spainfilmcommission.com\\\/en\\\/ai-locations\\\/tudela\\\/\",\"name\":\"Rodar en Tudela - Spain Film Commission\",\"isPartOf\":{\"@id\":\"https:\\\/\\\/spainfilmcommission.com\\\/en\\\/#website\"},\"datePublished\":\"2025-02-27T18:46:30+00:00\",\"dateModified\":\"2025-04-21T11:22:03+00:00\",\"description\":\"En esta p\u00e1gina encontrar\u00e1s una peque\u00f1a descripci\u00f3n, m\u00e1genes e informaci\u00f3n relevante para que te hagas una idea de c\u00f3mo es rodar en Tudela\",\"breadcrumb\":{\"@id\":\"https:\\\/\\\/spainfilmcommission.com\\\/en\\\/ai-locations\\\/tudela\\\/#breadcrumb\"},\"inLanguage\":\"en-US\",\"potentialAction\":[{\"@type\":\"ReadAction\",\"target\":[\"https:\\\/\\\/spainfilmcommission.com\\\/en\\\/ai-locations\\\/tudela\\\/\"]}]},{\"@type\":\"BreadcrumbList\",\"@id\":\"https:\\\/\\\/spainfilmcommission.com\\\/en\\\/ai-locations\\\/tudela\\\/#breadcrumb\",\"itemListElement\":[{\"@type\":\"ListItem\",\"position\":1,\"name\":\"Portada\",\"item\":\"https:\\\/\\\/spainfilmcommission.com\\\/en\\\/\"},{\"@type\":\"ListItem\",\"position\":2,\"name\":\"Tudela\"}]},{\"@type\":\"WebSite\",\"@id\":\"https:\\\/\\\/spainfilmcommission.com\\\/en\\\/#website\",\"url\":\"https:\\\/\\\/spainfilmcommission.com\\\/en\\\/\",\"name\":\"Spain Film Commission\",\"description\":\"\",\"publisher\":{\"@id\":\"https:\\\/\\\/spainfilmcommission.com\\\/en\\\/#organization\"},\"potentialAction\":[{\"@type\":\"SearchAction\",\"target\":{\"@type\":\"EntryPoint\",\"urlTemplate\":\"https:\\\/\\\/spainfilmcommission.com\\\/en\\\/?s={search_term_string}\"},\"query-input\":{\"@type\":\"PropertyValueSpecification\",\"valueRequired\":true,\"valueName\":\"search_term_string\"}}],\"inLanguage\":\"en-US\"},{\"@type\":\"Organization\",\"@id\":\"https:\\\/\\\/spainfilmcommission.com\\\/en\\\/#organization\",\"name\":\"Spain Film Commission\",\"url\":\"https:\\\/\\\/spainfilmcommission.com\\\/en\\\/\",\"logo\":{\"@type\":\"ImageObject\",\"inLanguage\":\"en-US\",\"@id\":\"https:\\\/\\\/spainfilmcommission.com\\\/en\\\/#\\\/schema\\\/logo\\\/image\\\/\",\"url\":\"https:\\\/\\\/spainfilmcommission.com\\\/wp-content\\\/uploads\\\/2024\\\/07\\\/SPC_COLOR.png\",\"contentUrl\":\"https:\\\/\\\/spainfilmcommission.com\\\/wp-content\\\/uploads\\\/2024\\\/07\\\/SPC_COLOR.png\",\"width\":1665,\"height\":1665,\"caption\":\"Spain Film Commission\"},\"image\":{\"@id\":\"https:\\\/\\\/spainfilmcommission.com\\\/en\\\/#\\\/schema\\\/logo\\\/image\\\/\"}}]}<\/script>\n<!-- \/ Yoast SEO plugin. -->","yoast_head_json":{"title":"Rodar en Tudela - Spain Film Commission","description":"En esta p\u00e1gina encontrar\u00e1s una peque\u00f1a descripci\u00f3n, m\u00e1genes e informaci\u00f3n relevante para que te hagas una idea de c\u00f3mo es rodar en Tudela","robots":{"index":"index","follow":"follow","max-snippet":"max-snippet:-1","max-image-preview":"max-image-preview:large","max-video-preview":"max-video-preview:-1"},"canonical":"https:\/\/spainfilmcommission.com\/en\/ai-locations\/tudela\/","og_locale":"en_US","og_type":"article","og_title":"Rodar en Tudela - Spain Film Commission","og_description":"En esta p\u00e1gina encontrar\u00e1s una peque\u00f1a descripci\u00f3n, m\u00e1genes e informaci\u00f3n relevante para que te hagas una idea de c\u00f3mo es rodar en Tudela","og_url":"https:\/\/spainfilmcommission.com\/en\/ai-locations\/tudela\/","og_site_name":"Spain Film Commission","article_modified_time":"2025-04-21T11:22:03+00:00","twitter_card":"summary_large_image","schema":{"@context":"https:\/\/schema.org","@graph":[{"@type":"WebPage","@id":"https:\/\/spainfilmcommission.com\/en\/ai-locations\/tudela\/","url":"https:\/\/spainfilmcommission.com\/en\/ai-locations\/tudela\/","name":"Rodar en Tudela - Spain Film Commission","isPartOf":{"@id":"https:\/\/spainfilmcommission.com\/en\/#website"},"datePublished":"2025-02-27T18:46:30+00:00","dateModified":"2025-04-21T11:22:03+00:00","description":"En esta p\u00e1gina encontrar\u00e1s una peque\u00f1a descripci\u00f3n, m\u00e1genes e informaci\u00f3n relevante para que te hagas una idea de c\u00f3mo es rodar en Tudela","breadcrumb":{"@id":"https:\/\/spainfilmcommission.com\/en\/ai-locations\/tudela\/#breadcrumb"},"inLanguage":"en-US","potentialAction":[{"@type":"ReadAction","target":["https:\/\/spainfilmcommission.com\/en\/ai-locations\/tudela\/"]}]},{"@type":"BreadcrumbList","@id":"https:\/\/spainfilmcommission.com\/en\/ai-locations\/tudela\/#breadcrumb","itemListElement":[{"@type":"ListItem","position":1,"name":"Portada","item":"https:\/\/spainfilmcommission.com\/en\/"},{"@type":"ListItem","position":2,"name":"Tudela"}]},{"@type":"WebSite","@id":"https:\/\/spainfilmcommission.com\/en\/#website","url":"https:\/\/spainfilmcommission.com\/en\/","name":"Spain Film Commission","description":"","publisher":{"@id":"https:\/\/spainfilmcommission.com\/en\/#organization"},"potentialAction":[{"@type":"SearchAction","target":{"@type":"EntryPoint","urlTemplate":"https:\/\/spainfilmcommission.com\/en\/?s={search_term_string}"},"query-input":{"@type":"PropertyValueSpecification","valueRequired":true,"valueName":"search_term_string"}}],"inLanguage":"en-US"},{"@type":"Organization","@id":"https:\/\/spainfilmcommission.com\/en\/#organization","name":"Spain Film Commission","url":"https:\/\/spainfilmcommission.com\/en\/","logo":{"@type":"ImageObject","inLanguage":"en-US","@id":"https:\/\/spainfilmcommission.com\/en\/#\/schema\/logo\/image\/","url":"https:\/\/spainfilmcommission.com\/wp-content\/uploads\/2024\/07\/SPC_COLOR.png","contentUrl":"https:\/\/spainfilmcommission.com\/wp-content\/uploads\/2024\/07\/SPC_COLOR.png","width":1665,"height":1665,"caption":"Spain Film Commission"},"image":{"@id":"https:\/\/spainfilmcommission.com\/en\/#\/schema\/logo\/image\/"}}]}},"socio":[{"ID":"43","user_login":"navarra-film-commission","user_nicename":"navarra-film-commission","display_name":"Navarra Film Commission","user_pass":"****************","user_email":"s.sevilla@nicdo.es","user_url":"","user_registered":"2024-12-19 17:48:02","id":43}],"nombrees":"Tudela","nombreen":"Tudela","localidad":"Tudela","provincia":"Navarra","coordenadas_maps":"42.061581, -1.605690","latitud":"42.061581000000","longitud":"-1.605690000000","direcciones":"","direccionen":"","cod_postal":[],"telefono":"","fax":"","mail":"","web":"","descripciones":"Al sur de Navarra se encuentra Tudela, la segunda ciudad en extensi\u00f3n e importancia del territorio foral. Fundada en el a\u00f1o 802 por Amrus ibn Yusuf al-Muwalad bajo mandato del rey Al Hakan I, es una de las ciudades de origen isl\u00e1mico m\u00e1s importantes de Espa\u00f1a y de Europa. En ella convivieron, durante m\u00e1s de 400 a\u00f1os, musulmanes, jud\u00edos y moz\u00e1rabes. La joya art\u00edstica de la ciudad es la catedral de Santa Mar\u00eda, construida hacia 1180 sobre los restos de una antigua mezquita. La exposici\u00f3n internacional de muralismo contempor\u00e1neo Avant Garde Tudela \u2018Arte urbano Espacio humano\u2019 es una exposici\u00f3n internacional de muralismo contempor\u00e1neo organizada por el Departamento de Cultura del Ayuntamiento de Tudela: EPEL Castel Ruiz.","descripcionen":"To the south of Navarre lies Tudela, the second city in Navarre in terms of both size and importance. Founded in 802 by Amrus ibn Yusuf al-Muwalad, for more than 400 years, Muslims, Jews and Mozarabs coexisted. The architectural gem of the city is the cathedral of Santa Maria, built around 1180 over the remains of an old mosque. The International exhibition of contemporary muralism Avant Garde Tudela \u2018Arte urbano Espacio humano\u2019 is an international exhibition of contemporary muralism that was organized by the Department of Culture of the City Council of Tudela \u2013 EPEL Castel Ruiz.","galeria":[{"ID":"19145","post_author":"2","post_date":"2025-03-08 02:19:42","post_date_gmt":"2025-03-08 01:19:42","post_content":"","post_title":"foto-682_5543","post_excerpt":"","post_status":"inherit","comment_status":"closed","ping_status":"closed","post_password":"","post_name":"foto-682_5543","to_ping":"","pinged":"","post_modified":"2025-04-21 13:22:04","post_modified_gmt":"2025-04-21 11:22:04","post_content_filtered":"","post_parent":"11712","guid":"https:\/\/spainfilmcommission.com\/wp-content\/uploads\/2025\/03\/foto-682_5543.jpg","menu_order":"0","post_type":"attachment","post_mime_type":"image\/jpeg","comment_count":"0","pod_item_id":"19145"},{"ID":"19147","post_author":"2","post_date":"2025-03-08 02:19:44","post_date_gmt":"2025-03-08 01:19:44","post_content":"","post_title":"foto-682_5544","post_excerpt":"","post_status":"inherit","comment_status":"closed","ping_status":"closed","post_password":"","post_name":"foto-682_5544","to_ping":"","pinged":"","post_modified":"2025-04-21 13:22:04","post_modified_gmt":"2025-04-21 11:22:04","post_content_filtered":"","post_parent":"11712","guid":"https:\/\/spainfilmcommission.com\/wp-content\/uploads\/2025\/03\/foto-682_5544.jpg","menu_order":"0","post_type":"attachment","post_mime_type":"image\/jpeg","comment_count":"0","pod_item_id":"19147"},{"ID":"19149","post_author":"2","post_date":"2025-03-08 02:19:46","post_date_gmt":"2025-03-08 01:19:46","post_content":"","post_title":"foto-682_5545","post_excerpt":"","post_status":"inherit","comment_status":"closed","ping_status":"closed","post_password":"","post_name":"foto-682_5545","to_ping":"","pinged":"","post_modified":"2025-04-21 13:22:04","post_modified_gmt":"2025-04-21 11:22:04","post_content_filtered":"","post_parent":"11712","guid":"https:\/\/spainfilmcommission.com\/wp-content\/uploads\/2025\/03\/foto-682_5545.jpg","menu_order":"0","post_type":"attachment","post_mime_type":"image\/jpeg","comment_count":"0","pod_item_id":"19149"},{"ID":"19151","post_author":"2","post_date":"2025-03-08 02:19:47","post_date_gmt":"2025-03-08 01:19:47","post_content":"","post_title":"foto-682_5546","post_excerpt":"","post_status":"inherit","comment_status":"closed","ping_status":"closed","post_password":"","post_name":"foto-682_5546","to_ping":"","pinged":"","post_modified":"2025-04-21 13:22:04","post_modified_gmt":"2025-04-21 11:22:04","post_content_filtered":"","post_parent":"11712","guid":"https:\/\/spainfilmcommission.com\/wp-content\/uploads\/2025\/03\/foto-682_5546.jpg","menu_order":"0","post_type":"attachment","post_mime_type":"image\/jpeg","comment_count":"0","pod_item_id":"19151"},{"ID":"19153","post_author":"2","post_date":"2025-03-08 02:19:49","post_date_gmt":"2025-03-08 01:19:49","post_content":"","post_title":"foto-682_5547","post_excerpt":"","post_status":"inherit","comment_status":"closed","ping_status":"closed","post_password":"","post_name":"foto-682_5547","to_ping":"","pinged":"","post_modified":"2025-04-21 13:22:04","post_modified_gmt":"2025-04-21 11:22:04","post_content_filtered":"","post_parent":"11712","guid":"https:\/\/spainfilmcommission.com\/wp-content\/uploads\/2025\/03\/foto-682_5547.jpg","menu_order":"0","post_type":"attachment","post_mime_type":"image\/jpeg","comment_count":"0","pod_item_id":"19153"},{"ID":"19155","post_author":"2","post_date":"2025-03-08 02:19:51","post_date_gmt":"2025-03-08 01:19:51","post_content":"","post_title":"foto-682_5548","post_excerpt":"","post_status":"inherit","comment_status":"closed","ping_status":"closed","post_password":"","post_name":"foto-682_5548","to_ping":"","pinged":"","post_modified":"2025-04-21 13:22:04","post_modified_gmt":"2025-04-21 11:22:04","post_content_filtered":"","post_parent":"11712","guid":"https:\/\/spainfilmcommission.com\/wp-content\/uploads\/2025\/03\/foto-682_5548.jpg","menu_order":"0","post_type":"attachment","post_mime_type":"image\/jpeg","comment_count":"0","pod_item_id":"19155"},{"ID":"19157","post_author":"2","post_date":"2025-03-08 02:19:53","post_date_gmt":"2025-03-08 01:19:53","post_content":"","post_title":"foto-682_5549","post_excerpt":"","post_status":"inherit","comment_status":"closed","ping_status":"closed","post_password":"","post_name":"foto-682_5549","to_ping":"","pinged":"","post_modified":"2025-04-21 13:22:04","post_modified_gmt":"2025-04-21 11:22:04","post_content_filtered":"","post_parent":"11712","guid":"https:\/\/spainfilmcommission.com\/wp-content\/uploads\/2025\/03\/foto-682_5549.jpg","menu_order":"0","post_type":"attachment","post_mime_type":"image\/jpeg","comment_count":"0","pod_item_id":"19157"},{"ID":"19159","post_author":"2","post_date":"2025-03-08 02:19:55","post_date_gmt":"2025-03-08 01:19:55","post_content":"","post_title":"foto-682_5550","post_excerpt":"","post_status":"inherit","comment_status":"closed","ping_status":"closed","post_password":"","post_name":"foto-682_5550","to_ping":"","pinged":"","post_modified":"2025-04-21 13:22:04","post_modified_gmt":"2025-04-21 11:22:04","post_content_filtered":"","post_parent":"11712","guid":"https:\/\/spainfilmcommission.com\/wp-content\/uploads\/2025\/03\/foto-682_5550.jpg","menu_order":"0","post_type":"attachment","post_mime_type":"image\/jpeg","comment_count":"0","pod_item_id":"19159"},{"ID":"19161","post_author":"2","post_date":"2025-03-08 02:19:56","post_date_gmt":"2025-03-08 01:19:56","post_content":"","post_title":"foto-682_5551","post_excerpt":"","post_status":"inherit","comment_status":"closed","ping_status":"closed","post_password":"","post_name":"foto-682_5551","to_ping":"","pinged":"","post_modified":"2025-04-21 13:22:04","post_modified_gmt":"2025-04-21 11:22:04","post_content_filtered":"","post_parent":"11712","guid":"https:\/\/spainfilmcommission.com\/wp-content\/uploads\/2025\/03\/foto-682_5551.jpg","menu_order":"0","post_type":"attachment","post_mime_type":"image\/jpeg","comment_count":"0","pod_item_id":"19161"},{"ID":"19163","post_author":"2","post_date":"2025-03-08 02:19:58","post_date_gmt":"2025-03-08 01:19:58","post_content":"","post_title":"foto-682_5552","post_excerpt":"","post_status":"inherit","comment_status":"closed","ping_status":"closed","post_password":"","post_name":"foto-682_5552","to_ping":"","pinged":"","post_modified":"2025-04-21 13:22:04","post_modified_gmt":"2025-04-21 11:22:04","post_content_filtered":"","post_parent":"11712","guid":"https:\/\/spainfilmcommission.com\/wp-content\/uploads\/2025\/03\/foto-682_5552.jpg","menu_order":"0","post_type":"attachment","post_mime_type":"image\/jpeg","comment_count":"0","pod_item_id":"19163"},{"ID":"19165","post_author":"2","post_date":"2025-03-08 02:20:00","post_date_gmt":"2025-03-08 01:20:00","post_content":"","post_title":"foto-682_5553","post_excerpt":"","post_status":"inherit","comment_status":"closed","ping_status":"closed","post_password":"","post_name":"foto-682_5553","to_ping":"","pinged":"","post_modified":"2025-04-21 13:22:04","post_modified_gmt":"2025-04-21 11:22:04","post_content_filtered":"","post_parent":"11712","guid":"https:\/\/spainfilmcommission.com\/wp-content\/uploads\/2025\/03\/foto-682_5553.jpg","menu_order":"0","post_type":"attachment","post_mime_type":"image\/jpeg","comment_count":"0","pod_item_id":"19165"},{"ID":"19167","post_author":"2","post_date":"2025-03-08 02:20:02","post_date_gmt":"2025-03-08 01:20:02","post_content":"","post_title":"foto-682_5554","post_excerpt":"","post_status":"inherit","comment_status":"closed","ping_status":"closed","post_password":"","post_name":"foto-682_5554","to_ping":"","pinged":"","post_modified":"2025-04-21 13:22:04","post_modified_gmt":"2025-04-21 11:22:04","post_content_filtered":"","post_parent":"11712","guid":"https:\/\/spainfilmcommission.com\/wp-content\/uploads\/2025\/03\/foto-682_5554.jpg","menu_order":"0","post_type":"attachment","post_mime_type":"image\/jpeg","comment_count":"0","pod_item_id":"19167"},{"ID":"19169","post_author":"2","post_date":"2025-03-08 02:20:04","post_date_gmt":"2025-03-08 01:20:04","post_content":"","post_title":"foto-682_5555","post_excerpt":"","post_status":"inherit","comment_status":"closed","ping_status":"closed","post_password":"","post_name":"foto-682_5555","to_ping":"","pinged":"","post_modified":"2025-04-21 13:22:04","post_modified_gmt":"2025-04-21 11:22:04","post_content_filtered":"","post_parent":"11712","guid":"https:\/\/spainfilmcommission.com\/wp-content\/uploads\/2025\/03\/foto-682_5555.jpg","menu_order":"0","post_type":"attachment","post_mime_type":"image\/jpeg","comment_count":"0","pod_item_id":"19169"},{"ID":"19171","post_author":"2","post_date":"2025-03-08 02:20:06","post_date_gmt":"2025-03-08 01:20:06","post_content":"","post_title":"foto-682_5556","post_excerpt":"","post_status":"inherit","comment_status":"closed","ping_status":"closed","post_password":"","post_name":"foto-682_5556","to_ping":"","pinged":"","post_modified":"2025-04-21 13:22:04","post_modified_gmt":"2025-04-21 11:22:04","post_content_filtered":"","post_parent":"11712","guid":"https:\/\/spainfilmcommission.com\/wp-content\/uploads\/2025\/03\/foto-682_5556.jpg","menu_order":"0","post_type":"attachment","post_mime_type":"image\/jpeg","comment_count":"0","pod_item_id":"19171"},{"ID":"19173","post_author":"2","post_date":"2025-03-08 02:20:07","post_date_gmt":"2025-03-08 01:20:07","post_content":"","post_title":"foto-682_5557","post_excerpt":"","post_status":"inherit","comment_status":"closed","ping_status":"closed","post_password":"","post_name":"foto-682_5557","to_ping":"","pinged":"","post_modified":"2025-04-21 13:22:04","post_modified_gmt":"2025-04-21 11:22:04","post_content_filtered":"","post_parent":"11712","guid":"https:\/\/spainfilmcommission.com\/wp-content\/uploads\/2025\/03\/foto-682_5557.jpg","menu_order":"0","post_type":"attachment","post_mime_type":"image\/jpeg","comment_count":"0","pod_item_id":"19173"}],"nombrepaginaes":"tudela","nombrepaginaen":"tudela","latitud_gps":"42\u00b003'41.7","longitud_gps":"1\u00b036'20.5","adicionaleses":"http:\/\/www.turismo.navarra.es\/esp\/organice-viaje\/recurso\/Localidad\/2606\/Tudela.htm http:\/\/www.tudela.es\/ http:\/\/www.avantgardetudela.com\/","adicionalesen":"http:\/\/www.turismo.navarra.es\/eng\/organice-viaje\/recurso.aspx?o=2606& http:\/\/www.tudela.es\/ http:\/\/www.avantgardetudela.com\/?language=en","videoes":"","videoen":"","video2es":"","video2en":"","_links":{"self":[{"href":"https:\/\/spainfilmcommission.com\/en\/wp-json\/wp\/v2\/localizaciones\/localizacion\/11712","targetHints":{"allow":["GET"]}}],"collection":[{"href":"https:\/\/spainfilmcommission.com\/en\/wp-json\/wp\/v2\/localizaciones\/localizacion"}],"about":[{"href":"https:\/\/spainfilmcommission.com\/en\/wp-json\/wp\/v2\/types\/localizacion"}],"author":[{"embeddable":true,"href":"https:\/\/spainfilmcommission.com\/en\/wp-json\/wp\/v2\/users\/2"}],"wp:attachment":[{"href":"https:\/\/spainfilmcommission.com\/en\/wp-json\/wp\/v2\/media?parent=11712"}],"curies":[{"name":"wp","href":"https:\/\/api.w.org\/{rel}","templated":true}]}}