{"id":11696,"date":"2025-02-27T19:46:30","date_gmt":"2025-02-27T18:46:30","guid":{"rendered":"https:\/\/spainfilmcommission.com\/?post_type=localizacion&#038;p=11696"},"modified":"2025-04-22T07:46:00","modified_gmt":"2025-04-22T05:46:00","slug":"parque-nacional-y-natural-de-donana","status":"publish","type":"localizacion","link":"https:\/\/spainfilmcommission.com\/en\/ai-locations\/parque-nacional-y-natural-de-donana\/","title":{"rendered":"Parque Nacional y Natural de Do\u00f1ana"},"content":{"rendered":"","protected":false},"author":2,"template":"","meta":[],"class_list":["post-11696","localizacion","type-localizacion","status-publish","hentry"],"yoast_head":"<!-- This site is optimized with the Yoast SEO plugin v28.3 - https:\/\/yoast.com\/product\/yoast-seo-wordpress\/ -->\n<title>Rodar en Parque Nacional y Natural de Do\u00f1ana - Spain Film Commission<\/title>\n<meta name=\"description\" content=\"En esta p\u00e1gina encontrar\u00e1s una peque\u00f1a descripci\u00f3n, m\u00e1genes e informaci\u00f3n relevante para que te hagas una idea de c\u00f3mo es rodar en Parque Nacional y Natural de Do\u00f1ana\" \/>\n<meta name=\"robots\" content=\"index, follow, max-snippet:-1, max-image-preview:large, max-video-preview:-1\" \/>\n<link rel=\"canonical\" href=\"https:\/\/spainfilmcommission.com\/en\/ai-locations\/parque-nacional-y-natural-de-donana\/\" \/>\n<meta property=\"og:locale\" content=\"en_US\" \/>\n<meta property=\"og:type\" content=\"article\" \/>\n<meta property=\"og:title\" content=\"Rodar en Parque Nacional y Natural de Do\u00f1ana - Spain Film Commission\" \/>\n<meta property=\"og:description\" content=\"En esta p\u00e1gina encontrar\u00e1s una peque\u00f1a descripci\u00f3n, m\u00e1genes e informaci\u00f3n relevante para que te hagas una idea de c\u00f3mo es rodar en Parque Nacional y Natural de Do\u00f1ana\" \/>\n<meta property=\"og:url\" content=\"https:\/\/spainfilmcommission.com\/en\/ai-locations\/parque-nacional-y-natural-de-donana\/\" \/>\n<meta property=\"og:site_name\" content=\"Spain Film Commission\" \/>\n<meta property=\"article:modified_time\" content=\"2025-04-22T05:46:00+00:00\" \/>\n<meta name=\"twitter:card\" content=\"summary_large_image\" \/>\n<script type=\"application\/ld+json\" class=\"yoast-schema-graph\">{\"@context\":\"https:\\\/\\\/schema.org\",\"@graph\":[{\"@type\":\"WebPage\",\"@id\":\"https:\\\/\\\/spainfilmcommission.com\\\/en\\\/ai-locations\\\/parque-nacional-y-natural-de-donana\\\/\",\"url\":\"https:\\\/\\\/spainfilmcommission.com\\\/en\\\/ai-locations\\\/parque-nacional-y-natural-de-donana\\\/\",\"name\":\"Rodar en Parque Nacional y Natural de Do\u00f1ana - Spain Film Commission\",\"isPartOf\":{\"@id\":\"https:\\\/\\\/spainfilmcommission.com\\\/en\\\/#website\"},\"datePublished\":\"2025-02-27T18:46:30+00:00\",\"dateModified\":\"2025-04-22T05:46:00+00:00\",\"description\":\"En esta p\u00e1gina encontrar\u00e1s una peque\u00f1a descripci\u00f3n, m\u00e1genes e informaci\u00f3n relevante para que te hagas una idea de c\u00f3mo es rodar en Parque Nacional y Natural de Do\u00f1ana\",\"breadcrumb\":{\"@id\":\"https:\\\/\\\/spainfilmcommission.com\\\/en\\\/ai-locations\\\/parque-nacional-y-natural-de-donana\\\/#breadcrumb\"},\"inLanguage\":\"en-US\",\"potentialAction\":[{\"@type\":\"ReadAction\",\"target\":[\"https:\\\/\\\/spainfilmcommission.com\\\/en\\\/ai-locations\\\/parque-nacional-y-natural-de-donana\\\/\"]}]},{\"@type\":\"BreadcrumbList\",\"@id\":\"https:\\\/\\\/spainfilmcommission.com\\\/en\\\/ai-locations\\\/parque-nacional-y-natural-de-donana\\\/#breadcrumb\",\"itemListElement\":[{\"@type\":\"ListItem\",\"position\":1,\"name\":\"Portada\",\"item\":\"https:\\\/\\\/spainfilmcommission.com\\\/en\\\/\"},{\"@type\":\"ListItem\",\"position\":2,\"name\":\"Parque Nacional y Natural de Do\u00f1ana\"}]},{\"@type\":\"WebSite\",\"@id\":\"https:\\\/\\\/spainfilmcommission.com\\\/en\\\/#website\",\"url\":\"https:\\\/\\\/spainfilmcommission.com\\\/en\\\/\",\"name\":\"Spain Film Commission\",\"description\":\"\",\"publisher\":{\"@id\":\"https:\\\/\\\/spainfilmcommission.com\\\/en\\\/#organization\"},\"potentialAction\":[{\"@type\":\"SearchAction\",\"target\":{\"@type\":\"EntryPoint\",\"urlTemplate\":\"https:\\\/\\\/spainfilmcommission.com\\\/en\\\/?s={search_term_string}\"},\"query-input\":{\"@type\":\"PropertyValueSpecification\",\"valueRequired\":true,\"valueName\":\"search_term_string\"}}],\"inLanguage\":\"en-US\"},{\"@type\":\"Organization\",\"@id\":\"https:\\\/\\\/spainfilmcommission.com\\\/en\\\/#organization\",\"name\":\"Spain Film Commission\",\"url\":\"https:\\\/\\\/spainfilmcommission.com\\\/en\\\/\",\"logo\":{\"@type\":\"ImageObject\",\"inLanguage\":\"en-US\",\"@id\":\"https:\\\/\\\/spainfilmcommission.com\\\/en\\\/#\\\/schema\\\/logo\\\/image\\\/\",\"url\":\"https:\\\/\\\/spainfilmcommission.com\\\/wp-content\\\/uploads\\\/2024\\\/07\\\/SPC_COLOR.png\",\"contentUrl\":\"https:\\\/\\\/spainfilmcommission.com\\\/wp-content\\\/uploads\\\/2024\\\/07\\\/SPC_COLOR.png\",\"width\":1665,\"height\":1665,\"caption\":\"Spain Film Commission\"},\"image\":{\"@id\":\"https:\\\/\\\/spainfilmcommission.com\\\/en\\\/#\\\/schema\\\/logo\\\/image\\\/\"}}]}<\/script>\n<!-- \/ Yoast SEO plugin. -->","yoast_head_json":{"title":"Rodar en Parque Nacional y Natural de Do\u00f1ana - Spain Film Commission","description":"En esta p\u00e1gina encontrar\u00e1s una peque\u00f1a descripci\u00f3n, m\u00e1genes e informaci\u00f3n relevante para que te hagas una idea de c\u00f3mo es rodar en Parque Nacional y Natural de Do\u00f1ana","robots":{"index":"index","follow":"follow","max-snippet":"max-snippet:-1","max-image-preview":"max-image-preview:large","max-video-preview":"max-video-preview:-1"},"canonical":"https:\/\/spainfilmcommission.com\/en\/ai-locations\/parque-nacional-y-natural-de-donana\/","og_locale":"en_US","og_type":"article","og_title":"Rodar en Parque Nacional y Natural de Do\u00f1ana - Spain Film Commission","og_description":"En esta p\u00e1gina encontrar\u00e1s una peque\u00f1a descripci\u00f3n, m\u00e1genes e informaci\u00f3n relevante para que te hagas una idea de c\u00f3mo es rodar en Parque Nacional y Natural de Do\u00f1ana","og_url":"https:\/\/spainfilmcommission.com\/en\/ai-locations\/parque-nacional-y-natural-de-donana\/","og_site_name":"Spain Film Commission","article_modified_time":"2025-04-22T05:46:00+00:00","twitter_card":"summary_large_image","schema":{"@context":"https:\/\/schema.org","@graph":[{"@type":"WebPage","@id":"https:\/\/spainfilmcommission.com\/en\/ai-locations\/parque-nacional-y-natural-de-donana\/","url":"https:\/\/spainfilmcommission.com\/en\/ai-locations\/parque-nacional-y-natural-de-donana\/","name":"Rodar en Parque Nacional y Natural de Do\u00f1ana - Spain Film Commission","isPartOf":{"@id":"https:\/\/spainfilmcommission.com\/en\/#website"},"datePublished":"2025-02-27T18:46:30+00:00","dateModified":"2025-04-22T05:46:00+00:00","description":"En esta p\u00e1gina encontrar\u00e1s una peque\u00f1a descripci\u00f3n, m\u00e1genes e informaci\u00f3n relevante para que te hagas una idea de c\u00f3mo es rodar en Parque Nacional y Natural de Do\u00f1ana","breadcrumb":{"@id":"https:\/\/spainfilmcommission.com\/en\/ai-locations\/parque-nacional-y-natural-de-donana\/#breadcrumb"},"inLanguage":"en-US","potentialAction":[{"@type":"ReadAction","target":["https:\/\/spainfilmcommission.com\/en\/ai-locations\/parque-nacional-y-natural-de-donana\/"]}]},{"@type":"BreadcrumbList","@id":"https:\/\/spainfilmcommission.com\/en\/ai-locations\/parque-nacional-y-natural-de-donana\/#breadcrumb","itemListElement":[{"@type":"ListItem","position":1,"name":"Portada","item":"https:\/\/spainfilmcommission.com\/en\/"},{"@type":"ListItem","position":2,"name":"Parque Nacional y Natural de Do\u00f1ana"}]},{"@type":"WebSite","@id":"https:\/\/spainfilmcommission.com\/en\/#website","url":"https:\/\/spainfilmcommission.com\/en\/","name":"Spain Film Commission","description":"","publisher":{"@id":"https:\/\/spainfilmcommission.com\/en\/#organization"},"potentialAction":[{"@type":"SearchAction","target":{"@type":"EntryPoint","urlTemplate":"https:\/\/spainfilmcommission.com\/en\/?s={search_term_string}"},"query-input":{"@type":"PropertyValueSpecification","valueRequired":true,"valueName":"search_term_string"}}],"inLanguage":"en-US"},{"@type":"Organization","@id":"https:\/\/spainfilmcommission.com\/en\/#organization","name":"Spain Film Commission","url":"https:\/\/spainfilmcommission.com\/en\/","logo":{"@type":"ImageObject","inLanguage":"en-US","@id":"https:\/\/spainfilmcommission.com\/en\/#\/schema\/logo\/image\/","url":"https:\/\/spainfilmcommission.com\/wp-content\/uploads\/2024\/07\/SPC_COLOR.png","contentUrl":"https:\/\/spainfilmcommission.com\/wp-content\/uploads\/2024\/07\/SPC_COLOR.png","width":1665,"height":1665,"caption":"Spain Film Commission"},"image":{"@id":"https:\/\/spainfilmcommission.com\/en\/#\/schema\/logo\/image\/"}}]}},"socio":[{"ID":"10","user_login":"andalucia-film-commission","user_nicename":"andalucia-film-commission","display_name":"andalucia-film-commission","user_pass":"****************","user_email":"info@andaluciafilm.com","user_url":"","user_registered":"2024-12-19 07:26:16","id":10}],"nombrees":"Parque Nacional y Natural de Do\u00f1ana","nombreen":"Do\u00f1ana National and Natural Park","localidad":"Parque Nacional y Natural de Do\u00f1ana","provincia":"Huelva","coordenadas_maps":"37.043876, -6.432215","latitud":"37.043876000000","longitud":"-6.432215000000","direcciones":"","direccionen":"","cod_postal":[],"telefono":"","fax":"","mail":"","web":"","descripciones":"Este espacio natural protegido, de m\u00e1s de 100.000 hect\u00e1reas, est\u00e1 ubicado entre las provincias de Huelva, Sevilla y C\u00e1diz. Es el humedal m\u00e1s importante de Europa pues all\u00ed desemboca el r\u00edo Guadalquivir. Su gran extensi\u00f3n de marismas es el h\u00e1bitat perfecto para numerosas aves acu\u00e1ticas. Considerado la mayor reserva ecol\u00f3gica de Europa, este vergel para m\u00faltiples especies animales y vegetales fue declarado Patrimonio de la Humanidad por la Unesco en 1984.","descripcionen":"This protected nature reserve, extending through more than 250,000 acres, is located within the provinces of Huelva, Sevilla and C\u00e1diz. It is the most important wetland in Europe, since the Guadalquivir river flows into it. Its large marshland area is the perfect habitat for numerous aquatic birds. Considered the largest ecological reserve in Europe, this paradise for multiple animal and vegetal species was declared a World Heritage Site by the UNESCO in 1984.","galeria":[{"ID":"18911","post_author":"2","post_date":"2025-03-08 02:15:07","post_date_gmt":"2025-03-08 01:15:07","post_content":"","post_title":"foto-666_5396","post_excerpt":"","post_status":"inherit","comment_status":"closed","ping_status":"closed","post_password":"","post_name":"foto-666_5396","to_ping":"","pinged":"","post_modified":"2025-04-22 07:46:00","post_modified_gmt":"2025-04-22 05:46:00","post_content_filtered":"","post_parent":"11696","guid":"https:\/\/spainfilmcommission.com\/wp-content\/uploads\/2025\/03\/foto-666_5396.jpg","menu_order":"0","post_type":"attachment","post_mime_type":"image\/jpeg","comment_count":"0","pod_item_id":"18911"},{"ID":"18913","post_author":"2","post_date":"2025-03-08 02:15:09","post_date_gmt":"2025-03-08 01:15:09","post_content":"","post_title":"foto-666_5397","post_excerpt":"","post_status":"inherit","comment_status":"closed","ping_status":"closed","post_password":"","post_name":"foto-666_5397","to_ping":"","pinged":"","post_modified":"2025-04-22 07:46:00","post_modified_gmt":"2025-04-22 05:46:00","post_content_filtered":"","post_parent":"11696","guid":"https:\/\/spainfilmcommission.com\/wp-content\/uploads\/2025\/03\/foto-666_5397.jpg","menu_order":"0","post_type":"attachment","post_mime_type":"image\/jpeg","comment_count":"0","pod_item_id":"18913"},{"ID":"18915","post_author":"2","post_date":"2025-03-08 02:15:11","post_date_gmt":"2025-03-08 01:15:11","post_content":"","post_title":"foto-666_5398","post_excerpt":"","post_status":"inherit","comment_status":"closed","ping_status":"closed","post_password":"","post_name":"foto-666_5398","to_ping":"","pinged":"","post_modified":"2025-04-22 07:46:00","post_modified_gmt":"2025-04-22 05:46:00","post_content_filtered":"","post_parent":"11696","guid":"https:\/\/spainfilmcommission.com\/wp-content\/uploads\/2025\/03\/foto-666_5398.jpg","menu_order":"0","post_type":"attachment","post_mime_type":"image\/jpeg","comment_count":"0","pod_item_id":"18915"},{"ID":"18917","post_author":"2","post_date":"2025-03-08 02:15:13","post_date_gmt":"2025-03-08 01:15:13","post_content":"","post_title":"foto-666_5399","post_excerpt":"","post_status":"inherit","comment_status":"closed","ping_status":"closed","post_password":"","post_name":"foto-666_5399","to_ping":"","pinged":"","post_modified":"2025-04-22 07:46:00","post_modified_gmt":"2025-04-22 05:46:00","post_content_filtered":"","post_parent":"11696","guid":"https:\/\/spainfilmcommission.com\/wp-content\/uploads\/2025\/03\/foto-666_5399.jpg","menu_order":"0","post_type":"attachment","post_mime_type":"image\/jpeg","comment_count":"0","pod_item_id":"18917"},{"ID":"18919","post_author":"2","post_date":"2025-03-08 02:15:15","post_date_gmt":"2025-03-08 01:15:15","post_content":"","post_title":"foto-666_5400","post_excerpt":"","post_status":"inherit","comment_status":"closed","ping_status":"closed","post_password":"","post_name":"foto-666_5400","to_ping":"","pinged":"","post_modified":"2025-04-22 07:46:00","post_modified_gmt":"2025-04-22 05:46:00","post_content_filtered":"","post_parent":"11696","guid":"https:\/\/spainfilmcommission.com\/wp-content\/uploads\/2025\/03\/foto-666_5400.jpg","menu_order":"0","post_type":"attachment","post_mime_type":"image\/jpeg","comment_count":"0","pod_item_id":"18919"}],"nombrepaginaes":"parque-nacional-y-natural-de-donana","nombrepaginaen":"donana-national-and-natural-park","latitud_gps":"","longitud_gps":"","adicionaleses":"","adicionalesen":"","videoes":"","videoen":"","video2es":"","video2en":"","_links":{"self":[{"href":"https:\/\/spainfilmcommission.com\/en\/wp-json\/wp\/v2\/localizaciones\/localizacion\/11696","targetHints":{"allow":["GET"]}}],"collection":[{"href":"https:\/\/spainfilmcommission.com\/en\/wp-json\/wp\/v2\/localizaciones\/localizacion"}],"about":[{"href":"https:\/\/spainfilmcommission.com\/en\/wp-json\/wp\/v2\/types\/localizacion"}],"author":[{"embeddable":true,"href":"https:\/\/spainfilmcommission.com\/en\/wp-json\/wp\/v2\/users\/2"}],"wp:attachment":[{"href":"https:\/\/spainfilmcommission.com\/en\/wp-json\/wp\/v2\/media?parent=11696"}],"curies":[{"name":"wp","href":"https:\/\/api.w.org\/{rel}","templated":true}]}}