{"id":11695,"date":"2025-02-27T19:46:30","date_gmt":"2025-02-27T18:46:30","guid":{"rendered":"https:\/\/spainfilmcommission.com\/?post_type=localizacion&#038;p=11695"},"modified":"2025-04-21T11:34:02","modified_gmt":"2025-04-21T09:34:02","slug":"abadia-monasterio-de-iranzu","status":"publish","type":"localizacion","link":"https:\/\/spainfilmcommission.com\/en\/ai-locations\/abadia-monasterio-de-iranzu\/","title":{"rendered":"Abad\u00eda Monasterio de Iranzu"},"content":{"rendered":"","protected":false},"author":2,"template":"","meta":[],"class_list":["post-11695","localizacion","type-localizacion","status-publish","hentry"],"yoast_head":"<!-- This site is optimized with the Yoast SEO plugin v28.3 - https:\/\/yoast.com\/product\/yoast-seo-wordpress\/ -->\n<title>Rodar en Abad\u00eda Monasterio de Iranzu - Spain Film Commission<\/title>\n<meta name=\"description\" content=\"En esta p\u00e1gina encontrar\u00e1s una peque\u00f1a descripci\u00f3n, m\u00e1genes e informaci\u00f3n relevante para que te hagas una idea de c\u00f3mo es rodar en Abad\u00eda Monasterio de Iranzu\" \/>\n<meta name=\"robots\" content=\"index, follow, max-snippet:-1, max-image-preview:large, max-video-preview:-1\" \/>\n<link rel=\"canonical\" href=\"https:\/\/spainfilmcommission.com\/en\/ai-locations\/abadia-monasterio-de-iranzu\/\" \/>\n<meta property=\"og:locale\" content=\"en_US\" \/>\n<meta property=\"og:type\" content=\"article\" \/>\n<meta property=\"og:title\" content=\"Rodar en Abad\u00eda Monasterio de Iranzu - Spain Film Commission\" \/>\n<meta property=\"og:description\" content=\"En esta p\u00e1gina encontrar\u00e1s una peque\u00f1a descripci\u00f3n, m\u00e1genes e informaci\u00f3n relevante para que te hagas una idea de c\u00f3mo es rodar en Abad\u00eda Monasterio de Iranzu\" \/>\n<meta property=\"og:url\" content=\"https:\/\/spainfilmcommission.com\/en\/ai-locations\/abadia-monasterio-de-iranzu\/\" \/>\n<meta property=\"og:site_name\" content=\"Spain Film Commission\" \/>\n<meta property=\"article:modified_time\" content=\"2025-04-21T09:34:02+00:00\" \/>\n<meta name=\"twitter:card\" content=\"summary_large_image\" \/>\n<script type=\"application\/ld+json\" class=\"yoast-schema-graph\">{\"@context\":\"https:\\\/\\\/schema.org\",\"@graph\":[{\"@type\":\"WebPage\",\"@id\":\"https:\\\/\\\/spainfilmcommission.com\\\/en\\\/ai-locations\\\/abadia-monasterio-de-iranzu\\\/\",\"url\":\"https:\\\/\\\/spainfilmcommission.com\\\/en\\\/ai-locations\\\/abadia-monasterio-de-iranzu\\\/\",\"name\":\"Rodar en Abad\u00eda Monasterio de Iranzu - Spain Film Commission\",\"isPartOf\":{\"@id\":\"https:\\\/\\\/spainfilmcommission.com\\\/en\\\/#website\"},\"datePublished\":\"2025-02-27T18:46:30+00:00\",\"dateModified\":\"2025-04-21T09:34:02+00:00\",\"description\":\"En esta p\u00e1gina encontrar\u00e1s una peque\u00f1a descripci\u00f3n, m\u00e1genes e informaci\u00f3n relevante para que te hagas una idea de c\u00f3mo es rodar en Abad\u00eda Monasterio de Iranzu\",\"breadcrumb\":{\"@id\":\"https:\\\/\\\/spainfilmcommission.com\\\/en\\\/ai-locations\\\/abadia-monasterio-de-iranzu\\\/#breadcrumb\"},\"inLanguage\":\"en-US\",\"potentialAction\":[{\"@type\":\"ReadAction\",\"target\":[\"https:\\\/\\\/spainfilmcommission.com\\\/en\\\/ai-locations\\\/abadia-monasterio-de-iranzu\\\/\"]}]},{\"@type\":\"BreadcrumbList\",\"@id\":\"https:\\\/\\\/spainfilmcommission.com\\\/en\\\/ai-locations\\\/abadia-monasterio-de-iranzu\\\/#breadcrumb\",\"itemListElement\":[{\"@type\":\"ListItem\",\"position\":1,\"name\":\"Portada\",\"item\":\"https:\\\/\\\/spainfilmcommission.com\\\/en\\\/\"},{\"@type\":\"ListItem\",\"position\":2,\"name\":\"Abad\u00eda Monasterio de Iranzu\"}]},{\"@type\":\"WebSite\",\"@id\":\"https:\\\/\\\/spainfilmcommission.com\\\/en\\\/#website\",\"url\":\"https:\\\/\\\/spainfilmcommission.com\\\/en\\\/\",\"name\":\"Spain Film Commission\",\"description\":\"\",\"publisher\":{\"@id\":\"https:\\\/\\\/spainfilmcommission.com\\\/en\\\/#organization\"},\"potentialAction\":[{\"@type\":\"SearchAction\",\"target\":{\"@type\":\"EntryPoint\",\"urlTemplate\":\"https:\\\/\\\/spainfilmcommission.com\\\/en\\\/?s={search_term_string}\"},\"query-input\":{\"@type\":\"PropertyValueSpecification\",\"valueRequired\":true,\"valueName\":\"search_term_string\"}}],\"inLanguage\":\"en-US\"},{\"@type\":\"Organization\",\"@id\":\"https:\\\/\\\/spainfilmcommission.com\\\/en\\\/#organization\",\"name\":\"Spain Film Commission\",\"url\":\"https:\\\/\\\/spainfilmcommission.com\\\/en\\\/\",\"logo\":{\"@type\":\"ImageObject\",\"inLanguage\":\"en-US\",\"@id\":\"https:\\\/\\\/spainfilmcommission.com\\\/en\\\/#\\\/schema\\\/logo\\\/image\\\/\",\"url\":\"https:\\\/\\\/spainfilmcommission.com\\\/wp-content\\\/uploads\\\/2024\\\/07\\\/SPC_COLOR.png\",\"contentUrl\":\"https:\\\/\\\/spainfilmcommission.com\\\/wp-content\\\/uploads\\\/2024\\\/07\\\/SPC_COLOR.png\",\"width\":1665,\"height\":1665,\"caption\":\"Spain Film Commission\"},\"image\":{\"@id\":\"https:\\\/\\\/spainfilmcommission.com\\\/en\\\/#\\\/schema\\\/logo\\\/image\\\/\"}}]}<\/script>\n<!-- \/ Yoast SEO plugin. -->","yoast_head_json":{"title":"Rodar en Abad\u00eda Monasterio de Iranzu - Spain Film Commission","description":"En esta p\u00e1gina encontrar\u00e1s una peque\u00f1a descripci\u00f3n, m\u00e1genes e informaci\u00f3n relevante para que te hagas una idea de c\u00f3mo es rodar en Abad\u00eda Monasterio de Iranzu","robots":{"index":"index","follow":"follow","max-snippet":"max-snippet:-1","max-image-preview":"max-image-preview:large","max-video-preview":"max-video-preview:-1"},"canonical":"https:\/\/spainfilmcommission.com\/en\/ai-locations\/abadia-monasterio-de-iranzu\/","og_locale":"en_US","og_type":"article","og_title":"Rodar en Abad\u00eda Monasterio de Iranzu - Spain Film Commission","og_description":"En esta p\u00e1gina encontrar\u00e1s una peque\u00f1a descripci\u00f3n, m\u00e1genes e informaci\u00f3n relevante para que te hagas una idea de c\u00f3mo es rodar en Abad\u00eda Monasterio de Iranzu","og_url":"https:\/\/spainfilmcommission.com\/en\/ai-locations\/abadia-monasterio-de-iranzu\/","og_site_name":"Spain Film Commission","article_modified_time":"2025-04-21T09:34:02+00:00","twitter_card":"summary_large_image","schema":{"@context":"https:\/\/schema.org","@graph":[{"@type":"WebPage","@id":"https:\/\/spainfilmcommission.com\/en\/ai-locations\/abadia-monasterio-de-iranzu\/","url":"https:\/\/spainfilmcommission.com\/en\/ai-locations\/abadia-monasterio-de-iranzu\/","name":"Rodar en Abad\u00eda Monasterio de Iranzu - Spain Film Commission","isPartOf":{"@id":"https:\/\/spainfilmcommission.com\/en\/#website"},"datePublished":"2025-02-27T18:46:30+00:00","dateModified":"2025-04-21T09:34:02+00:00","description":"En esta p\u00e1gina encontrar\u00e1s una peque\u00f1a descripci\u00f3n, m\u00e1genes e informaci\u00f3n relevante para que te hagas una idea de c\u00f3mo es rodar en Abad\u00eda Monasterio de Iranzu","breadcrumb":{"@id":"https:\/\/spainfilmcommission.com\/en\/ai-locations\/abadia-monasterio-de-iranzu\/#breadcrumb"},"inLanguage":"en-US","potentialAction":[{"@type":"ReadAction","target":["https:\/\/spainfilmcommission.com\/en\/ai-locations\/abadia-monasterio-de-iranzu\/"]}]},{"@type":"BreadcrumbList","@id":"https:\/\/spainfilmcommission.com\/en\/ai-locations\/abadia-monasterio-de-iranzu\/#breadcrumb","itemListElement":[{"@type":"ListItem","position":1,"name":"Portada","item":"https:\/\/spainfilmcommission.com\/en\/"},{"@type":"ListItem","position":2,"name":"Abad\u00eda Monasterio de Iranzu"}]},{"@type":"WebSite","@id":"https:\/\/spainfilmcommission.com\/en\/#website","url":"https:\/\/spainfilmcommission.com\/en\/","name":"Spain Film Commission","description":"","publisher":{"@id":"https:\/\/spainfilmcommission.com\/en\/#organization"},"potentialAction":[{"@type":"SearchAction","target":{"@type":"EntryPoint","urlTemplate":"https:\/\/spainfilmcommission.com\/en\/?s={search_term_string}"},"query-input":{"@type":"PropertyValueSpecification","valueRequired":true,"valueName":"search_term_string"}}],"inLanguage":"en-US"},{"@type":"Organization","@id":"https:\/\/spainfilmcommission.com\/en\/#organization","name":"Spain Film Commission","url":"https:\/\/spainfilmcommission.com\/en\/","logo":{"@type":"ImageObject","inLanguage":"en-US","@id":"https:\/\/spainfilmcommission.com\/en\/#\/schema\/logo\/image\/","url":"https:\/\/spainfilmcommission.com\/wp-content\/uploads\/2024\/07\/SPC_COLOR.png","contentUrl":"https:\/\/spainfilmcommission.com\/wp-content\/uploads\/2024\/07\/SPC_COLOR.png","width":1665,"height":1665,"caption":"Spain Film Commission"},"image":{"@id":"https:\/\/spainfilmcommission.com\/en\/#\/schema\/logo\/image\/"}}]}},"socio":[{"ID":"43","user_login":"navarra-film-commission","user_nicename":"navarra-film-commission","display_name":"Navarra Film Commission","user_pass":"****************","user_email":"s.sevilla@nicdo.es","user_url":"","user_registered":"2024-12-19 17:48:02","id":43}],"nombrees":"Abad\u00eda Monasterio de Iranzu","nombreen":"Abbey Monastery of Iranzu","localidad":"Ab\u00e1rzuza","provincia":"Navarra","coordenadas_maps":"42.750857, -2.038948","latitud":"42.750857000000","longitud":"-2.038948000000","direcciones":"","direccionen":"","cod_postal":[],"telefono":"","fax":"","mail":"","web":"","descripciones":"Muy cerca de Estella-Lizarra, a 3 kil\u00f3metros de Ab\u00e1rzuza, entre los verdes valles que forman las monta\u00f1as de Yerri se levanta el monasterio de Irantzu que cumple perfectamente las condiciones que dirigieron su construcci\u00f3n \"en el fondo de un valle cerrado, cerca de un r\u00edo en el que el agua fluya generosamente y, como horizonte, el cielo para estar m\u00e1s cerca de Dios\". Los monjes cistercienses se establecieron en este cenobio en 1176 y aunque durante la Desamortizaci\u00f3n de 1835 permanecieron protegidos por los carlistas, en 1839 tuvieron que abandonar el monasterio que pas\u00f3 a ser propiedad del Estado. El edificio permaneci\u00f3 abandonado hasta 1942, cuando se inici\u00f3 su reconstrucci\u00f3n. Un a\u00f1o m\u00e1s tarde se establecieron en Irantzu los padres teatinos, actuales moradores del monasterio que tradicionalmente fue benedictino.","descripcionen":"Very close to Estella-Lizarra, three kilometres from Ab\u00e1rzuza between the green valleys that make up the Yerri mountains, stands the monastery of Irantzu. It perfectly fulfils the conditions established for its construction \"\u2026 at the bottom of an enclosed valley, close to a river where the water flows abundantly and with the sky as a horizon, in order to be closer to God\". The Cistercian monks established the monastery in 1176 and although they were protected by the Carlists during the Desamortizaci\u00f3n (confiscation of church property) of 1835 they had to abandon it in 1839 when it became the property of the State. The building remained empty until 1942 when its reconstruction started, and a year later the Teatine fathers settled in Irantzu. They are the current inhabitants of the monastery, although it had traditionally been Benedictine.","galeria":[{"ID":"18879","post_author":"2","post_date":"2025-03-08 02:14:36","post_date_gmt":"2025-03-08 01:14:36","post_content":"","post_title":"foto-665_5379","post_excerpt":"","post_status":"inherit","comment_status":"closed","ping_status":"closed","post_password":"","post_name":"foto-665_5379","to_ping":"","pinged":"","post_modified":"2025-04-21 11:34:02","post_modified_gmt":"2025-04-21 09:34:02","post_content_filtered":"","post_parent":"11695","guid":"https:\/\/spainfilmcommission.com\/wp-content\/uploads\/2025\/03\/foto-665_5379.jpg","menu_order":"0","post_type":"attachment","post_mime_type":"image\/jpeg","comment_count":"0","pod_item_id":"18879"},{"ID":"18881","post_author":"2","post_date":"2025-03-08 02:14:39","post_date_gmt":"2025-03-08 01:14:39","post_content":"","post_title":"foto-665_5381","post_excerpt":"","post_status":"inherit","comment_status":"closed","ping_status":"closed","post_password":"","post_name":"foto-665_5381","to_ping":"","pinged":"","post_modified":"2025-04-21 11:34:02","post_modified_gmt":"2025-04-21 09:34:02","post_content_filtered":"","post_parent":"11695","guid":"https:\/\/spainfilmcommission.com\/wp-content\/uploads\/2025\/03\/foto-665_5381.jpg","menu_order":"0","post_type":"attachment","post_mime_type":"image\/jpeg","comment_count":"0","pod_item_id":"18881"},{"ID":"18883","post_author":"2","post_date":"2025-03-08 02:14:41","post_date_gmt":"2025-03-08 01:14:41","post_content":"","post_title":"foto-665_5382","post_excerpt":"","post_status":"inherit","comment_status":"closed","ping_status":"closed","post_password":"","post_name":"foto-665_5382","to_ping":"","pinged":"","post_modified":"2025-04-21 11:34:02","post_modified_gmt":"2025-04-21 09:34:02","post_content_filtered":"","post_parent":"11695","guid":"https:\/\/spainfilmcommission.com\/wp-content\/uploads\/2025\/03\/foto-665_5382.jpg","menu_order":"0","post_type":"attachment","post_mime_type":"image\/jpeg","comment_count":"0","pod_item_id":"18883"},{"ID":"18885","post_author":"2","post_date":"2025-03-08 02:14:43","post_date_gmt":"2025-03-08 01:14:43","post_content":"","post_title":"foto-665_5383","post_excerpt":"","post_status":"inherit","comment_status":"closed","ping_status":"closed","post_password":"","post_name":"foto-665_5383","to_ping":"","pinged":"","post_modified":"2025-04-21 11:34:02","post_modified_gmt":"2025-04-21 09:34:02","post_content_filtered":"","post_parent":"11695","guid":"https:\/\/spainfilmcommission.com\/wp-content\/uploads\/2025\/03\/foto-665_5383.jpg","menu_order":"0","post_type":"attachment","post_mime_type":"image\/jpeg","comment_count":"0","pod_item_id":"18885"},{"ID":"18887","post_author":"2","post_date":"2025-03-08 02:14:45","post_date_gmt":"2025-03-08 01:14:45","post_content":"","post_title":"foto-665_5384","post_excerpt":"","post_status":"inherit","comment_status":"closed","ping_status":"closed","post_password":"","post_name":"foto-665_5384","to_ping":"","pinged":"","post_modified":"2025-04-21 11:34:02","post_modified_gmt":"2025-04-21 09:34:02","post_content_filtered":"","post_parent":"11695","guid":"https:\/\/spainfilmcommission.com\/wp-content\/uploads\/2025\/03\/foto-665_5384.jpeg","menu_order":"0","post_type":"attachment","post_mime_type":"image\/jpeg","comment_count":"0","pod_item_id":"18887"},{"ID":"18889","post_author":"2","post_date":"2025-03-08 02:14:47","post_date_gmt":"2025-03-08 01:14:47","post_content":"","post_title":"foto-665_5385","post_excerpt":"","post_status":"inherit","comment_status":"closed","ping_status":"closed","post_password":"","post_name":"foto-665_5385","to_ping":"","pinged":"","post_modified":"2025-04-21 11:34:02","post_modified_gmt":"2025-04-21 09:34:02","post_content_filtered":"","post_parent":"11695","guid":"https:\/\/spainfilmcommission.com\/wp-content\/uploads\/2025\/03\/foto-665_5385.jpg","menu_order":"0","post_type":"attachment","post_mime_type":"image\/jpeg","comment_count":"0","pod_item_id":"18889"},{"ID":"18891","post_author":"2","post_date":"2025-03-08 02:14:49","post_date_gmt":"2025-03-08 01:14:49","post_content":"","post_title":"foto-665_5386","post_excerpt":"","post_status":"inherit","comment_status":"closed","ping_status":"closed","post_password":"","post_name":"foto-665_5386","to_ping":"","pinged":"","post_modified":"2025-04-21 11:34:02","post_modified_gmt":"2025-04-21 09:34:02","post_content_filtered":"","post_parent":"11695","guid":"https:\/\/spainfilmcommission.com\/wp-content\/uploads\/2025\/03\/foto-665_5386.jpg","menu_order":"0","post_type":"attachment","post_mime_type":"image\/jpeg","comment_count":"0","pod_item_id":"18891"},{"ID":"18893","post_author":"2","post_date":"2025-03-08 02:14:51","post_date_gmt":"2025-03-08 01:14:51","post_content":"","post_title":"foto-665_5387","post_excerpt":"","post_status":"inherit","comment_status":"closed","ping_status":"closed","post_password":"","post_name":"foto-665_5387","to_ping":"","pinged":"","post_modified":"2025-04-21 11:34:02","post_modified_gmt":"2025-04-21 09:34:02","post_content_filtered":"","post_parent":"11695","guid":"https:\/\/spainfilmcommission.com\/wp-content\/uploads\/2025\/03\/foto-665_5387.jpg","menu_order":"0","post_type":"attachment","post_mime_type":"image\/jpeg","comment_count":"0","pod_item_id":"18893"},{"ID":"18895","post_author":"2","post_date":"2025-03-08 02:14:52","post_date_gmt":"2025-03-08 01:14:52","post_content":"","post_title":"foto-665_5388","post_excerpt":"","post_status":"inherit","comment_status":"closed","ping_status":"closed","post_password":"","post_name":"foto-665_5388","to_ping":"","pinged":"","post_modified":"2025-04-21 11:34:02","post_modified_gmt":"2025-04-21 09:34:02","post_content_filtered":"","post_parent":"11695","guid":"https:\/\/spainfilmcommission.com\/wp-content\/uploads\/2025\/03\/foto-665_5388.jpg","menu_order":"0","post_type":"attachment","post_mime_type":"image\/jpeg","comment_count":"0","pod_item_id":"18895"},{"ID":"18897","post_author":"2","post_date":"2025-03-08 02:14:54","post_date_gmt":"2025-03-08 01:14:54","post_content":"","post_title":"foto-665_5389","post_excerpt":"","post_status":"inherit","comment_status":"closed","ping_status":"closed","post_password":"","post_name":"foto-665_5389","to_ping":"","pinged":"","post_modified":"2025-04-21 11:34:02","post_modified_gmt":"2025-04-21 09:34:02","post_content_filtered":"","post_parent":"11695","guid":"https:\/\/spainfilmcommission.com\/wp-content\/uploads\/2025\/03\/foto-665_5389.jpg","menu_order":"0","post_type":"attachment","post_mime_type":"image\/jpeg","comment_count":"0","pod_item_id":"18897"},{"ID":"18899","post_author":"2","post_date":"2025-03-08 02:14:56","post_date_gmt":"2025-03-08 01:14:56","post_content":"","post_title":"foto-665_5390","post_excerpt":"","post_status":"inherit","comment_status":"closed","ping_status":"closed","post_password":"","post_name":"foto-665_5390","to_ping":"","pinged":"","post_modified":"2025-04-21 11:34:02","post_modified_gmt":"2025-04-21 09:34:02","post_content_filtered":"","post_parent":"11695","guid":"https:\/\/spainfilmcommission.com\/wp-content\/uploads\/2025\/03\/foto-665_5390.jpg","menu_order":"0","post_type":"attachment","post_mime_type":"image\/jpeg","comment_count":"0","pod_item_id":"18899"},{"ID":"18901","post_author":"2","post_date":"2025-03-08 02:14:58","post_date_gmt":"2025-03-08 01:14:58","post_content":"","post_title":"foto-665_5391","post_excerpt":"","post_status":"inherit","comment_status":"closed","ping_status":"closed","post_password":"","post_name":"foto-665_5391","to_ping":"","pinged":"","post_modified":"2025-04-21 11:34:02","post_modified_gmt":"2025-04-21 09:34:02","post_content_filtered":"","post_parent":"11695","guid":"https:\/\/spainfilmcommission.com\/wp-content\/uploads\/2025\/03\/foto-665_5391.jpg","menu_order":"0","post_type":"attachment","post_mime_type":"image\/jpeg","comment_count":"0","pod_item_id":"18901"},{"ID":"18903","post_author":"2","post_date":"2025-03-08 02:15:00","post_date_gmt":"2025-03-08 01:15:00","post_content":"","post_title":"foto-665_5392","post_excerpt":"","post_status":"inherit","comment_status":"closed","ping_status":"closed","post_password":"","post_name":"foto-665_5392","to_ping":"","pinged":"","post_modified":"2025-04-21 11:34:02","post_modified_gmt":"2025-04-21 09:34:02","post_content_filtered":"","post_parent":"11695","guid":"https:\/\/spainfilmcommission.com\/wp-content\/uploads\/2025\/03\/foto-665_5392.jpg","menu_order":"0","post_type":"attachment","post_mime_type":"image\/jpeg","comment_count":"0","pod_item_id":"18903"},{"ID":"18905","post_author":"2","post_date":"2025-03-08 02:15:02","post_date_gmt":"2025-03-08 01:15:02","post_content":"","post_title":"foto-665_5394","post_excerpt":"","post_status":"inherit","comment_status":"closed","ping_status":"closed","post_password":"","post_name":"foto-665_5394","to_ping":"","pinged":"","post_modified":"2025-04-21 11:34:02","post_modified_gmt":"2025-04-21 09:34:02","post_content_filtered":"","post_parent":"11695","guid":"https:\/\/spainfilmcommission.com\/wp-content\/uploads\/2025\/03\/foto-665_5394.jpg","menu_order":"0","post_type":"attachment","post_mime_type":"image\/jpeg","comment_count":"0","pod_item_id":"18905"},{"ID":"18907","post_author":"2","post_date":"2025-03-08 02:15:04","post_date_gmt":"2025-03-08 01:15:04","post_content":"","post_title":"foto-665_5395","post_excerpt":"","post_status":"inherit","comment_status":"closed","ping_status":"closed","post_password":"","post_name":"foto-665_5395","to_ping":"","pinged":"","post_modified":"2025-04-21 11:34:02","post_modified_gmt":"2025-04-21 09:34:02","post_content_filtered":"","post_parent":"11695","guid":"https:\/\/spainfilmcommission.com\/wp-content\/uploads\/2025\/03\/foto-665_5395.jpg","menu_order":"0","post_type":"attachment","post_mime_type":"image\/jpeg","comment_count":"0","pod_item_id":"18907"},{"ID":"18909","post_author":"2","post_date":"2025-03-08 02:15:05","post_date_gmt":"2025-03-08 01:15:05","post_content":"","post_title":"foto-665_8125","post_excerpt":"","post_status":"inherit","comment_status":"closed","ping_status":"closed","post_password":"","post_name":"foto-665_8125","to_ping":"","pinged":"","post_modified":"2025-04-21 11:34:02","post_modified_gmt":"2025-04-21 09:34:02","post_content_filtered":"","post_parent":"11695","guid":"https:\/\/spainfilmcommission.com\/wp-content\/uploads\/2025\/03\/foto-665_8125.jpg","menu_order":"0","post_type":"attachment","post_mime_type":"image\/jpeg","comment_count":"0","pod_item_id":"18909"}],"nombrepaginaes":"abadia-monasterio-de-iranzu","nombrepaginaen":"abbey-monastery-of-iranzu","latitud_gps":"42\u00b045'03.1","longitud_gps":"2\u00b002'20.2","adicionaleses":"http:\/\/www.turismo.navarra.es\/esp\/organice-viaje\/recurso\/Patrimonio\/3151\/Monasterio-de-Santa-Maria-de-Irantzu.htm http:\/\/www.monasteriodeiranzu.com\/","adicionalesen":"http:\/\/www.turismo.navarra.es\/eng\/organice-viaje\/recurso.aspx?o=3151& \u00a0","videoes":"","videoen":"","video2es":"","video2en":"","_links":{"self":[{"href":"https:\/\/spainfilmcommission.com\/en\/wp-json\/wp\/v2\/localizaciones\/localizacion\/11695","targetHints":{"allow":["GET"]}}],"collection":[{"href":"https:\/\/spainfilmcommission.com\/en\/wp-json\/wp\/v2\/localizaciones\/localizacion"}],"about":[{"href":"https:\/\/spainfilmcommission.com\/en\/wp-json\/wp\/v2\/types\/localizacion"}],"author":[{"embeddable":true,"href":"https:\/\/spainfilmcommission.com\/en\/wp-json\/wp\/v2\/users\/2"}],"wp:attachment":[{"href":"https:\/\/spainfilmcommission.com\/en\/wp-json\/wp\/v2\/media?parent=11695"}],"curies":[{"name":"wp","href":"https:\/\/api.w.org\/{rel}","templated":true}]}}