{"id":11692,"date":"2025-02-27T19:46:30","date_gmt":"2025-02-27T18:46:30","guid":{"rendered":"https:\/\/spainfilmcommission.com\/?post_type=localizacion&#038;p=11692"},"modified":"2025-04-21T11:37:21","modified_gmt":"2025-04-21T09:37:21","slug":"abadia-monasterio","status":"publish","type":"localizacion","link":"https:\/\/spainfilmcommission.com\/en\/ai-locations\/abadia-monasterio\/","title":{"rendered":"Abad\u00eda Monasterio"},"content":{"rendered":"","protected":false},"author":2,"template":"","meta":[],"class_list":["post-11692","localizacion","type-localizacion","status-publish","hentry"],"yoast_head":"<!-- This site is optimized with the Yoast SEO plugin v28.3 - https:\/\/yoast.com\/product\/yoast-seo-wordpress\/ -->\n<title>Rodar en Abad\u00eda Monasterio - Spain Film Commission<\/title>\n<meta name=\"description\" content=\"En esta p\u00e1gina encontrar\u00e1s una peque\u00f1a descripci\u00f3n, m\u00e1genes e informaci\u00f3n relevante para que te hagas una idea de c\u00f3mo es rodar en Abad\u00eda Monasterio\" \/>\n<meta name=\"robots\" content=\"index, follow, max-snippet:-1, max-image-preview:large, max-video-preview:-1\" \/>\n<link rel=\"canonical\" href=\"https:\/\/spainfilmcommission.com\/en\/ai-locations\/abadia-monasterio\/\" \/>\n<meta property=\"og:locale\" content=\"en_US\" \/>\n<meta property=\"og:type\" content=\"article\" \/>\n<meta property=\"og:title\" content=\"Rodar en Abad\u00eda Monasterio - Spain Film Commission\" \/>\n<meta property=\"og:description\" content=\"En esta p\u00e1gina encontrar\u00e1s una peque\u00f1a descripci\u00f3n, m\u00e1genes e informaci\u00f3n relevante para que te hagas una idea de c\u00f3mo es rodar en Abad\u00eda Monasterio\" \/>\n<meta property=\"og:url\" content=\"https:\/\/spainfilmcommission.com\/en\/ai-locations\/abadia-monasterio\/\" \/>\n<meta property=\"og:site_name\" content=\"Spain Film Commission\" \/>\n<meta property=\"article:modified_time\" content=\"2025-04-21T09:37:21+00:00\" \/>\n<meta name=\"twitter:card\" content=\"summary_large_image\" \/>\n<script type=\"application\/ld+json\" class=\"yoast-schema-graph\">{\"@context\":\"https:\\\/\\\/schema.org\",\"@graph\":[{\"@type\":\"WebPage\",\"@id\":\"https:\\\/\\\/spainfilmcommission.com\\\/en\\\/ai-locations\\\/abadia-monasterio\\\/\",\"url\":\"https:\\\/\\\/spainfilmcommission.com\\\/en\\\/ai-locations\\\/abadia-monasterio\\\/\",\"name\":\"Rodar en Abad\u00eda Monasterio - Spain Film Commission\",\"isPartOf\":{\"@id\":\"https:\\\/\\\/spainfilmcommission.com\\\/en\\\/#website\"},\"datePublished\":\"2025-02-27T18:46:30+00:00\",\"dateModified\":\"2025-04-21T09:37:21+00:00\",\"description\":\"En esta p\u00e1gina encontrar\u00e1s una peque\u00f1a descripci\u00f3n, m\u00e1genes e informaci\u00f3n relevante para que te hagas una idea de c\u00f3mo es rodar en Abad\u00eda Monasterio\",\"breadcrumb\":{\"@id\":\"https:\\\/\\\/spainfilmcommission.com\\\/en\\\/ai-locations\\\/abadia-monasterio\\\/#breadcrumb\"},\"inLanguage\":\"en-US\",\"potentialAction\":[{\"@type\":\"ReadAction\",\"target\":[\"https:\\\/\\\/spainfilmcommission.com\\\/en\\\/ai-locations\\\/abadia-monasterio\\\/\"]}]},{\"@type\":\"BreadcrumbList\",\"@id\":\"https:\\\/\\\/spainfilmcommission.com\\\/en\\\/ai-locations\\\/abadia-monasterio\\\/#breadcrumb\",\"itemListElement\":[{\"@type\":\"ListItem\",\"position\":1,\"name\":\"Portada\",\"item\":\"https:\\\/\\\/spainfilmcommission.com\\\/en\\\/\"},{\"@type\":\"ListItem\",\"position\":2,\"name\":\"Abad\u00eda Monasterio\"}]},{\"@type\":\"WebSite\",\"@id\":\"https:\\\/\\\/spainfilmcommission.com\\\/en\\\/#website\",\"url\":\"https:\\\/\\\/spainfilmcommission.com\\\/en\\\/\",\"name\":\"Spain Film Commission\",\"description\":\"\",\"publisher\":{\"@id\":\"https:\\\/\\\/spainfilmcommission.com\\\/en\\\/#organization\"},\"potentialAction\":[{\"@type\":\"SearchAction\",\"target\":{\"@type\":\"EntryPoint\",\"urlTemplate\":\"https:\\\/\\\/spainfilmcommission.com\\\/en\\\/?s={search_term_string}\"},\"query-input\":{\"@type\":\"PropertyValueSpecification\",\"valueRequired\":true,\"valueName\":\"search_term_string\"}}],\"inLanguage\":\"en-US\"},{\"@type\":\"Organization\",\"@id\":\"https:\\\/\\\/spainfilmcommission.com\\\/en\\\/#organization\",\"name\":\"Spain Film Commission\",\"url\":\"https:\\\/\\\/spainfilmcommission.com\\\/en\\\/\",\"logo\":{\"@type\":\"ImageObject\",\"inLanguage\":\"en-US\",\"@id\":\"https:\\\/\\\/spainfilmcommission.com\\\/en\\\/#\\\/schema\\\/logo\\\/image\\\/\",\"url\":\"https:\\\/\\\/spainfilmcommission.com\\\/wp-content\\\/uploads\\\/2024\\\/07\\\/SPC_COLOR.png\",\"contentUrl\":\"https:\\\/\\\/spainfilmcommission.com\\\/wp-content\\\/uploads\\\/2024\\\/07\\\/SPC_COLOR.png\",\"width\":1665,\"height\":1665,\"caption\":\"Spain Film Commission\"},\"image\":{\"@id\":\"https:\\\/\\\/spainfilmcommission.com\\\/en\\\/#\\\/schema\\\/logo\\\/image\\\/\"}}]}<\/script>\n<!-- \/ Yoast SEO plugin. -->","yoast_head_json":{"title":"Rodar en Abad\u00eda Monasterio - Spain Film Commission","description":"En esta p\u00e1gina encontrar\u00e1s una peque\u00f1a descripci\u00f3n, m\u00e1genes e informaci\u00f3n relevante para que te hagas una idea de c\u00f3mo es rodar en Abad\u00eda Monasterio","robots":{"index":"index","follow":"follow","max-snippet":"max-snippet:-1","max-image-preview":"max-image-preview:large","max-video-preview":"max-video-preview:-1"},"canonical":"https:\/\/spainfilmcommission.com\/en\/ai-locations\/abadia-monasterio\/","og_locale":"en_US","og_type":"article","og_title":"Rodar en Abad\u00eda Monasterio - Spain Film Commission","og_description":"En esta p\u00e1gina encontrar\u00e1s una peque\u00f1a descripci\u00f3n, m\u00e1genes e informaci\u00f3n relevante para que te hagas una idea de c\u00f3mo es rodar en Abad\u00eda Monasterio","og_url":"https:\/\/spainfilmcommission.com\/en\/ai-locations\/abadia-monasterio\/","og_site_name":"Spain Film Commission","article_modified_time":"2025-04-21T09:37:21+00:00","twitter_card":"summary_large_image","schema":{"@context":"https:\/\/schema.org","@graph":[{"@type":"WebPage","@id":"https:\/\/spainfilmcommission.com\/en\/ai-locations\/abadia-monasterio\/","url":"https:\/\/spainfilmcommission.com\/en\/ai-locations\/abadia-monasterio\/","name":"Rodar en Abad\u00eda Monasterio - Spain Film Commission","isPartOf":{"@id":"https:\/\/spainfilmcommission.com\/en\/#website"},"datePublished":"2025-02-27T18:46:30+00:00","dateModified":"2025-04-21T09:37:21+00:00","description":"En esta p\u00e1gina encontrar\u00e1s una peque\u00f1a descripci\u00f3n, m\u00e1genes e informaci\u00f3n relevante para que te hagas una idea de c\u00f3mo es rodar en Abad\u00eda Monasterio","breadcrumb":{"@id":"https:\/\/spainfilmcommission.com\/en\/ai-locations\/abadia-monasterio\/#breadcrumb"},"inLanguage":"en-US","potentialAction":[{"@type":"ReadAction","target":["https:\/\/spainfilmcommission.com\/en\/ai-locations\/abadia-monasterio\/"]}]},{"@type":"BreadcrumbList","@id":"https:\/\/spainfilmcommission.com\/en\/ai-locations\/abadia-monasterio\/#breadcrumb","itemListElement":[{"@type":"ListItem","position":1,"name":"Portada","item":"https:\/\/spainfilmcommission.com\/en\/"},{"@type":"ListItem","position":2,"name":"Abad\u00eda Monasterio"}]},{"@type":"WebSite","@id":"https:\/\/spainfilmcommission.com\/en\/#website","url":"https:\/\/spainfilmcommission.com\/en\/","name":"Spain Film Commission","description":"","publisher":{"@id":"https:\/\/spainfilmcommission.com\/en\/#organization"},"potentialAction":[{"@type":"SearchAction","target":{"@type":"EntryPoint","urlTemplate":"https:\/\/spainfilmcommission.com\/en\/?s={search_term_string}"},"query-input":{"@type":"PropertyValueSpecification","valueRequired":true,"valueName":"search_term_string"}}],"inLanguage":"en-US"},{"@type":"Organization","@id":"https:\/\/spainfilmcommission.com\/en\/#organization","name":"Spain Film Commission","url":"https:\/\/spainfilmcommission.com\/en\/","logo":{"@type":"ImageObject","inLanguage":"en-US","@id":"https:\/\/spainfilmcommission.com\/en\/#\/schema\/logo\/image\/","url":"https:\/\/spainfilmcommission.com\/wp-content\/uploads\/2024\/07\/SPC_COLOR.png","contentUrl":"https:\/\/spainfilmcommission.com\/wp-content\/uploads\/2024\/07\/SPC_COLOR.png","width":1665,"height":1665,"caption":"Spain Film Commission"},"image":{"@id":"https:\/\/spainfilmcommission.com\/en\/#\/schema\/logo\/image\/"}}]}},"socio":[{"ID":"43","user_login":"navarra-film-commission","user_nicename":"navarra-film-commission","display_name":"Navarra Film Commission","user_pass":"****************","user_email":"s.sevilla@nicdo.es","user_url":"","user_registered":"2024-12-19 17:48:02","id":43}],"nombrees":"Abad\u00eda Monasterio","nombreen":"Abbey Monastery","localidad":"Fitero","provincia":"Navarra","coordenadas_maps":"42.055971, -1.857353","latitud":"42.055971000000","longitud":"-1.857353000000","direcciones":"","direccionen":"","cod_postal":[],"telefono":"","fax":"","mail":"","web":"","descripciones":"\u00bfTe gustar\u00eda conocer el primer monasterio que la Orden del C\u00edster construy\u00f3 en la Pen\u00ednsula Ib\u00e9rica? Est\u00e1 en Fitero, un peque\u00f1o pueblo de la Ribera navarra que casi linda con La Rioja y es monumento nacional desde 1931. El cenobio, joya arquitect\u00f3nica de la Edad Media, te sorprender\u00e1 por su grandiosidad.\u00a0 Su iglesia abacial es una de las m\u00e1s importantes de la orden del C\u00edster en Europa. El reci\u00e9n renovado claustro renacentista consta de dos pisos: el claustro bajo edificado en el S. XVI, aunque los muros perimetrales son anteriores, y el sobreclaustro cuya construcci\u00f3n finaliz\u00f3 en 1614 en estilo herreriano. La puerta que comunica el claustro con la iglesia posee un interesante crism\u00f3n.","descripcionen":"Would you like to get to know the first monastery that the Cistercians built in the Iberian Peninsula?\u00a0 It is in Fitero, a small town in the southwest of Navarre almost on the border with La Rioja. It was declared a National Monument in 1931. The grandiose dimensions of the monastery, an architectural jewel of the Middle Ages, will surprise the visitor. Its abbey church is one of the most important of the Cistercian Order in Europe. The recently renovated Renaissance cloister has two levels: the 16th-century lower cloister (the perimeter walls are older), and the Herreran-style area above the cloister which was finished in 1614. The doorway connecting the cloister to the church has an interesting Christogram.","galeria":[{"ID":"18795","post_author":"2","post_date":"2025-03-08 02:13:12","post_date_gmt":"2025-03-08 01:13:12","post_content":"","post_title":"foto-662_5337","post_excerpt":"","post_status":"inherit","comment_status":"closed","ping_status":"closed","post_password":"","post_name":"foto-662_5337","to_ping":"","pinged":"","post_modified":"2025-04-21 11:34:07","post_modified_gmt":"2025-04-21 09:34:07","post_content_filtered":"","post_parent":"11692","guid":"https:\/\/spainfilmcommission.com\/wp-content\/uploads\/2025\/03\/foto-662_5337.jpg","menu_order":"0","post_type":"attachment","post_mime_type":"image\/jpeg","comment_count":"0","pod_item_id":"18795"},{"ID":"18797","post_author":"2","post_date":"2025-03-08 02:13:14","post_date_gmt":"2025-03-08 01:13:14","post_content":"","post_title":"foto-662_5338","post_excerpt":"","post_status":"inherit","comment_status":"closed","ping_status":"closed","post_password":"","post_name":"foto-662_5338","to_ping":"","pinged":"","post_modified":"2025-04-21 11:34:07","post_modified_gmt":"2025-04-21 09:34:07","post_content_filtered":"","post_parent":"11692","guid":"https:\/\/spainfilmcommission.com\/wp-content\/uploads\/2025\/03\/foto-662_5338.jpg","menu_order":"0","post_type":"attachment","post_mime_type":"image\/jpeg","comment_count":"0","pod_item_id":"18797"},{"ID":"18799","post_author":"2","post_date":"2025-03-08 02:13:15","post_date_gmt":"2025-03-08 01:13:15","post_content":"","post_title":"foto-662_5339","post_excerpt":"","post_status":"inherit","comment_status":"closed","ping_status":"closed","post_password":"","post_name":"foto-662_5339","to_ping":"","pinged":"","post_modified":"2025-04-21 11:34:07","post_modified_gmt":"2025-04-21 09:34:07","post_content_filtered":"","post_parent":"11692","guid":"https:\/\/spainfilmcommission.com\/wp-content\/uploads\/2025\/03\/foto-662_5339.jpg","menu_order":"0","post_type":"attachment","post_mime_type":"image\/jpeg","comment_count":"0","pod_item_id":"18799"},{"ID":"18801","post_author":"2","post_date":"2025-03-08 02:13:17","post_date_gmt":"2025-03-08 01:13:17","post_content":"","post_title":"foto-662_5340","post_excerpt":"","post_status":"inherit","comment_status":"closed","ping_status":"closed","post_password":"","post_name":"foto-662_5340","to_ping":"","pinged":"","post_modified":"2025-04-21 11:34:07","post_modified_gmt":"2025-04-21 09:34:07","post_content_filtered":"","post_parent":"11692","guid":"https:\/\/spainfilmcommission.com\/wp-content\/uploads\/2025\/03\/foto-662_5340.jpg","menu_order":"0","post_type":"attachment","post_mime_type":"image\/jpeg","comment_count":"0","pod_item_id":"18801"},{"ID":"18803","post_author":"2","post_date":"2025-03-08 02:13:19","post_date_gmt":"2025-03-08 01:13:19","post_content":"","post_title":"foto-662_5341","post_excerpt":"","post_status":"inherit","comment_status":"closed","ping_status":"closed","post_password":"","post_name":"foto-662_5341","to_ping":"","pinged":"","post_modified":"2025-04-21 11:34:07","post_modified_gmt":"2025-04-21 09:34:07","post_content_filtered":"","post_parent":"11692","guid":"https:\/\/spainfilmcommission.com\/wp-content\/uploads\/2025\/03\/foto-662_5341.jpg","menu_order":"0","post_type":"attachment","post_mime_type":"image\/jpeg","comment_count":"0","pod_item_id":"18803"},{"ID":"18805","post_author":"2","post_date":"2025-03-08 02:13:21","post_date_gmt":"2025-03-08 01:13:21","post_content":"","post_title":"foto-662_5342","post_excerpt":"","post_status":"inherit","comment_status":"closed","ping_status":"closed","post_password":"","post_name":"foto-662_5342","to_ping":"","pinged":"","post_modified":"2025-04-21 11:34:07","post_modified_gmt":"2025-04-21 09:34:07","post_content_filtered":"","post_parent":"11692","guid":"https:\/\/spainfilmcommission.com\/wp-content\/uploads\/2025\/03\/foto-662_5342.jpg","menu_order":"0","post_type":"attachment","post_mime_type":"image\/jpeg","comment_count":"0","pod_item_id":"18805"},{"ID":"18807","post_author":"2","post_date":"2025-03-08 02:13:23","post_date_gmt":"2025-03-08 01:13:23","post_content":"","post_title":"foto-662_5343","post_excerpt":"","post_status":"inherit","comment_status":"closed","ping_status":"closed","post_password":"","post_name":"foto-662_5343","to_ping":"","pinged":"","post_modified":"2025-04-21 11:34:07","post_modified_gmt":"2025-04-21 09:34:07","post_content_filtered":"","post_parent":"11692","guid":"https:\/\/spainfilmcommission.com\/wp-content\/uploads\/2025\/03\/foto-662_5343.jpg","menu_order":"0","post_type":"attachment","post_mime_type":"image\/jpeg","comment_count":"0","pod_item_id":"18807"},{"ID":"18809","post_author":"2","post_date":"2025-03-08 02:13:24","post_date_gmt":"2025-03-08 01:13:24","post_content":"","post_title":"foto-662_5344","post_excerpt":"","post_status":"inherit","comment_status":"closed","ping_status":"closed","post_password":"","post_name":"foto-662_5344","to_ping":"","pinged":"","post_modified":"2025-04-21 11:34:07","post_modified_gmt":"2025-04-21 09:34:07","post_content_filtered":"","post_parent":"11692","guid":"https:\/\/spainfilmcommission.com\/wp-content\/uploads\/2025\/03\/foto-662_5344.jpg","menu_order":"0","post_type":"attachment","post_mime_type":"image\/jpeg","comment_count":"0","pod_item_id":"18809"},{"ID":"18811","post_author":"2","post_date":"2025-03-08 02:13:26","post_date_gmt":"2025-03-08 01:13:26","post_content":"","post_title":"foto-662_5345","post_excerpt":"","post_status":"inherit","comment_status":"closed","ping_status":"closed","post_password":"","post_name":"foto-662_5345","to_ping":"","pinged":"","post_modified":"2025-04-21 11:34:07","post_modified_gmt":"2025-04-21 09:34:07","post_content_filtered":"","post_parent":"11692","guid":"https:\/\/spainfilmcommission.com\/wp-content\/uploads\/2025\/03\/foto-662_5345.jpg","menu_order":"0","post_type":"attachment","post_mime_type":"image\/jpeg","comment_count":"0","pod_item_id":"18811"},{"ID":"18813","post_author":"2","post_date":"2025-03-08 02:13:28","post_date_gmt":"2025-03-08 01:13:28","post_content":"","post_title":"foto-662_5346","post_excerpt":"","post_status":"inherit","comment_status":"closed","ping_status":"closed","post_password":"","post_name":"foto-662_5346","to_ping":"","pinged":"","post_modified":"2025-04-21 11:34:07","post_modified_gmt":"2025-04-21 09:34:07","post_content_filtered":"","post_parent":"11692","guid":"https:\/\/spainfilmcommission.com\/wp-content\/uploads\/2025\/03\/foto-662_5346.jpg","menu_order":"0","post_type":"attachment","post_mime_type":"image\/jpeg","comment_count":"0","pod_item_id":"18813"},{"ID":"18815","post_author":"2","post_date":"2025-03-08 02:13:29","post_date_gmt":"2025-03-08 01:13:29","post_content":"","post_title":"foto-662_5347","post_excerpt":"","post_status":"inherit","comment_status":"closed","ping_status":"closed","post_password":"","post_name":"foto-662_5347","to_ping":"","pinged":"","post_modified":"2025-04-21 11:34:07","post_modified_gmt":"2025-04-21 09:34:07","post_content_filtered":"","post_parent":"11692","guid":"https:\/\/spainfilmcommission.com\/wp-content\/uploads\/2025\/03\/foto-662_5347.jpg","menu_order":"0","post_type":"attachment","post_mime_type":"image\/jpeg","comment_count":"0","pod_item_id":"18815"},{"ID":"18817","post_author":"2","post_date":"2025-03-08 02:13:33","post_date_gmt":"2025-03-08 01:13:33","post_content":"","post_title":"foto-662_5348","post_excerpt":"","post_status":"inherit","comment_status":"closed","ping_status":"closed","post_password":"","post_name":"foto-662_5348","to_ping":"","pinged":"","post_modified":"2025-04-21 11:34:07","post_modified_gmt":"2025-04-21 09:34:07","post_content_filtered":"","post_parent":"11692","guid":"https:\/\/spainfilmcommission.com\/wp-content\/uploads\/2025\/03\/foto-662_5348.jpg","menu_order":"0","post_type":"attachment","post_mime_type":"image\/jpeg","comment_count":"0","pod_item_id":"18817"}],"nombrepaginaes":"abadia-monasterio","nombrepaginaen":"abbey-monastery","latitud_gps":"42\u00b003'21.5","longitud_gps":"1\u00b051'26.5","adicionaleses":"http:\/\/www.turismo.navarra.es\/esp\/organice-viaje\/recurso\/Patrimonio\/3028\/Monasterio-de-Fitero.htm https:\/\/turismofitero.com\/","adicionalesen":"http:\/\/www.turismo.navarra.es\/eng\/organice-viaje\/recurso.aspx?o=3028& https:\/\/turismofitero.com\/","videoes":"https:\/\/youtu.be\/9CHYOxgPxZM","videoen":"https:\/\/youtu.be\/9CHYOxgPxZM","video2es":"https:\/\/youtu.be\/S1NwTE6CW6k","video2en":"https:\/\/youtu.be\/S1NwTE6CW6k","_links":{"self":[{"href":"https:\/\/spainfilmcommission.com\/en\/wp-json\/wp\/v2\/localizaciones\/localizacion\/11692","targetHints":{"allow":["GET"]}}],"collection":[{"href":"https:\/\/spainfilmcommission.com\/en\/wp-json\/wp\/v2\/localizaciones\/localizacion"}],"about":[{"href":"https:\/\/spainfilmcommission.com\/en\/wp-json\/wp\/v2\/types\/localizacion"}],"author":[{"embeddable":true,"href":"https:\/\/spainfilmcommission.com\/en\/wp-json\/wp\/v2\/users\/2"}],"wp:attachment":[{"href":"https:\/\/spainfilmcommission.com\/en\/wp-json\/wp\/v2\/media?parent=11692"}],"curies":[{"name":"wp","href":"https:\/\/api.w.org\/{rel}","templated":true}]}}