{"id":11675,"date":"2025-02-27T19:46:30","date_gmt":"2025-02-27T18:46:30","guid":{"rendered":"https:\/\/spainfilmcommission.com\/?post_type=localizacion&#038;p=11675"},"modified":"2025-04-22T08:36:56","modified_gmt":"2025-04-22T06:36:56","slug":"cuevas-vivienda","status":"publish","type":"localizacion","link":"https:\/\/spainfilmcommission.com\/en\/ai-locations\/cuevas-vivienda\/","title":{"rendered":"Cuevas vivienda"},"content":{"rendered":"","protected":false},"author":2,"template":"","meta":[],"class_list":["post-11675","localizacion","type-localizacion","status-publish","hentry"],"yoast_head":"<!-- This site is optimized with the Yoast SEO plugin v28.3 - https:\/\/yoast.com\/product\/yoast-seo-wordpress\/ -->\n<title>Rodar en Cuevas vivienda - Spain Film Commission<\/title>\n<meta name=\"description\" content=\"En esta p\u00e1gina encontrar\u00e1s una peque\u00f1a descripci\u00f3n, m\u00e1genes e informaci\u00f3n relevante para que te hagas una idea de c\u00f3mo es rodar en Cuevas vivienda\" \/>\n<meta name=\"robots\" content=\"index, follow, max-snippet:-1, max-image-preview:large, max-video-preview:-1\" \/>\n<link rel=\"canonical\" href=\"https:\/\/spainfilmcommission.com\/en\/ai-locations\/cuevas-vivienda\/\" \/>\n<meta property=\"og:locale\" content=\"en_US\" \/>\n<meta property=\"og:type\" content=\"article\" \/>\n<meta property=\"og:title\" content=\"Rodar en Cuevas vivienda - Spain Film Commission\" \/>\n<meta property=\"og:description\" content=\"En esta p\u00e1gina encontrar\u00e1s una peque\u00f1a descripci\u00f3n, m\u00e1genes e informaci\u00f3n relevante para que te hagas una idea de c\u00f3mo es rodar en Cuevas vivienda\" \/>\n<meta property=\"og:url\" content=\"https:\/\/spainfilmcommission.com\/en\/ai-locations\/cuevas-vivienda\/\" \/>\n<meta property=\"og:site_name\" content=\"Spain Film Commission\" \/>\n<meta property=\"article:modified_time\" content=\"2025-04-22T06:36:56+00:00\" \/>\n<meta name=\"twitter:card\" content=\"summary_large_image\" \/>\n<script type=\"application\/ld+json\" class=\"yoast-schema-graph\">{\"@context\":\"https:\\\/\\\/schema.org\",\"@graph\":[{\"@type\":\"WebPage\",\"@id\":\"https:\\\/\\\/spainfilmcommission.com\\\/en\\\/ai-locations\\\/cuevas-vivienda\\\/\",\"url\":\"https:\\\/\\\/spainfilmcommission.com\\\/en\\\/ai-locations\\\/cuevas-vivienda\\\/\",\"name\":\"Rodar en Cuevas vivienda - Spain Film Commission\",\"isPartOf\":{\"@id\":\"https:\\\/\\\/spainfilmcommission.com\\\/en\\\/#website\"},\"datePublished\":\"2025-02-27T18:46:30+00:00\",\"dateModified\":\"2025-04-22T06:36:56+00:00\",\"description\":\"En esta p\u00e1gina encontrar\u00e1s una peque\u00f1a descripci\u00f3n, m\u00e1genes e informaci\u00f3n relevante para que te hagas una idea de c\u00f3mo es rodar en Cuevas vivienda\",\"breadcrumb\":{\"@id\":\"https:\\\/\\\/spainfilmcommission.com\\\/en\\\/ai-locations\\\/cuevas-vivienda\\\/#breadcrumb\"},\"inLanguage\":\"en-US\",\"potentialAction\":[{\"@type\":\"ReadAction\",\"target\":[\"https:\\\/\\\/spainfilmcommission.com\\\/en\\\/ai-locations\\\/cuevas-vivienda\\\/\"]}]},{\"@type\":\"BreadcrumbList\",\"@id\":\"https:\\\/\\\/spainfilmcommission.com\\\/en\\\/ai-locations\\\/cuevas-vivienda\\\/#breadcrumb\",\"itemListElement\":[{\"@type\":\"ListItem\",\"position\":1,\"name\":\"Portada\",\"item\":\"https:\\\/\\\/spainfilmcommission.com\\\/en\\\/\"},{\"@type\":\"ListItem\",\"position\":2,\"name\":\"Cuevas vivienda\"}]},{\"@type\":\"WebSite\",\"@id\":\"https:\\\/\\\/spainfilmcommission.com\\\/en\\\/#website\",\"url\":\"https:\\\/\\\/spainfilmcommission.com\\\/en\\\/\",\"name\":\"Spain Film Commission\",\"description\":\"\",\"publisher\":{\"@id\":\"https:\\\/\\\/spainfilmcommission.com\\\/en\\\/#organization\"},\"potentialAction\":[{\"@type\":\"SearchAction\",\"target\":{\"@type\":\"EntryPoint\",\"urlTemplate\":\"https:\\\/\\\/spainfilmcommission.com\\\/en\\\/?s={search_term_string}\"},\"query-input\":{\"@type\":\"PropertyValueSpecification\",\"valueRequired\":true,\"valueName\":\"search_term_string\"}}],\"inLanguage\":\"en-US\"},{\"@type\":\"Organization\",\"@id\":\"https:\\\/\\\/spainfilmcommission.com\\\/en\\\/#organization\",\"name\":\"Spain Film Commission\",\"url\":\"https:\\\/\\\/spainfilmcommission.com\\\/en\\\/\",\"logo\":{\"@type\":\"ImageObject\",\"inLanguage\":\"en-US\",\"@id\":\"https:\\\/\\\/spainfilmcommission.com\\\/en\\\/#\\\/schema\\\/logo\\\/image\\\/\",\"url\":\"https:\\\/\\\/spainfilmcommission.com\\\/wp-content\\\/uploads\\\/2024\\\/07\\\/SPC_COLOR.png\",\"contentUrl\":\"https:\\\/\\\/spainfilmcommission.com\\\/wp-content\\\/uploads\\\/2024\\\/07\\\/SPC_COLOR.png\",\"width\":1665,\"height\":1665,\"caption\":\"Spain Film Commission\"},\"image\":{\"@id\":\"https:\\\/\\\/spainfilmcommission.com\\\/en\\\/#\\\/schema\\\/logo\\\/image\\\/\"}}]}<\/script>\n<!-- \/ Yoast SEO plugin. -->","yoast_head_json":{"title":"Rodar en Cuevas vivienda - Spain Film Commission","description":"En esta p\u00e1gina encontrar\u00e1s una peque\u00f1a descripci\u00f3n, m\u00e1genes e informaci\u00f3n relevante para que te hagas una idea de c\u00f3mo es rodar en Cuevas vivienda","robots":{"index":"index","follow":"follow","max-snippet":"max-snippet:-1","max-image-preview":"max-image-preview:large","max-video-preview":"max-video-preview:-1"},"canonical":"https:\/\/spainfilmcommission.com\/en\/ai-locations\/cuevas-vivienda\/","og_locale":"en_US","og_type":"article","og_title":"Rodar en Cuevas vivienda - Spain Film Commission","og_description":"En esta p\u00e1gina encontrar\u00e1s una peque\u00f1a descripci\u00f3n, m\u00e1genes e informaci\u00f3n relevante para que te hagas una idea de c\u00f3mo es rodar en Cuevas vivienda","og_url":"https:\/\/spainfilmcommission.com\/en\/ai-locations\/cuevas-vivienda\/","og_site_name":"Spain Film Commission","article_modified_time":"2025-04-22T06:36:56+00:00","twitter_card":"summary_large_image","schema":{"@context":"https:\/\/schema.org","@graph":[{"@type":"WebPage","@id":"https:\/\/spainfilmcommission.com\/en\/ai-locations\/cuevas-vivienda\/","url":"https:\/\/spainfilmcommission.com\/en\/ai-locations\/cuevas-vivienda\/","name":"Rodar en Cuevas vivienda - Spain Film Commission","isPartOf":{"@id":"https:\/\/spainfilmcommission.com\/en\/#website"},"datePublished":"2025-02-27T18:46:30+00:00","dateModified":"2025-04-22T06:36:56+00:00","description":"En esta p\u00e1gina encontrar\u00e1s una peque\u00f1a descripci\u00f3n, m\u00e1genes e informaci\u00f3n relevante para que te hagas una idea de c\u00f3mo es rodar en Cuevas vivienda","breadcrumb":{"@id":"https:\/\/spainfilmcommission.com\/en\/ai-locations\/cuevas-vivienda\/#breadcrumb"},"inLanguage":"en-US","potentialAction":[{"@type":"ReadAction","target":["https:\/\/spainfilmcommission.com\/en\/ai-locations\/cuevas-vivienda\/"]}]},{"@type":"BreadcrumbList","@id":"https:\/\/spainfilmcommission.com\/en\/ai-locations\/cuevas-vivienda\/#breadcrumb","itemListElement":[{"@type":"ListItem","position":1,"name":"Portada","item":"https:\/\/spainfilmcommission.com\/en\/"},{"@type":"ListItem","position":2,"name":"Cuevas vivienda"}]},{"@type":"WebSite","@id":"https:\/\/spainfilmcommission.com\/en\/#website","url":"https:\/\/spainfilmcommission.com\/en\/","name":"Spain Film Commission","description":"","publisher":{"@id":"https:\/\/spainfilmcommission.com\/en\/#organization"},"potentialAction":[{"@type":"SearchAction","target":{"@type":"EntryPoint","urlTemplate":"https:\/\/spainfilmcommission.com\/en\/?s={search_term_string}"},"query-input":{"@type":"PropertyValueSpecification","valueRequired":true,"valueName":"search_term_string"}}],"inLanguage":"en-US"},{"@type":"Organization","@id":"https:\/\/spainfilmcommission.com\/en\/#organization","name":"Spain Film Commission","url":"https:\/\/spainfilmcommission.com\/en\/","logo":{"@type":"ImageObject","inLanguage":"en-US","@id":"https:\/\/spainfilmcommission.com\/en\/#\/schema\/logo\/image\/","url":"https:\/\/spainfilmcommission.com\/wp-content\/uploads\/2024\/07\/SPC_COLOR.png","contentUrl":"https:\/\/spainfilmcommission.com\/wp-content\/uploads\/2024\/07\/SPC_COLOR.png","width":1665,"height":1665,"caption":"Spain Film Commission"},"image":{"@id":"https:\/\/spainfilmcommission.com\/en\/#\/schema\/logo\/image\/"}}]}},"socio":[{"ID":"43","user_login":"navarra-film-commission","user_nicename":"navarra-film-commission","display_name":"Navarra Film Commission","user_pass":"****************","user_email":"s.sevilla@nicdo.es","user_url":"","user_registered":"2024-12-19 17:48:02","id":43}],"nombrees":"Cuevas vivienda","nombreen":"Housing caves","localidad":"Arguedas y Valtierra","provincia":"Navarra","coordenadas_maps":"42.184815, -1.613849","latitud":"42.184815000000","longitud":"-1.613849000000","direcciones":"","direccionen":"","cod_postal":[],"telefono":"","fax":"","mail":"","web":"","descripciones":"Las cuevas de Arguedas y Valtierra surgieron a finales del siglo XIX con el fin de convertirse en el hogar de los que no pod\u00edan permitirse adquirir una vivienda. La orograf\u00eda del terreno posibilit\u00f3 excavar en la roca estos habit\u00e1culos que se dispon\u00edan a lo largo de la fachada para aprovechar la luz natural, pues s\u00f3lo los m\u00e1s privilegiados ten\u00edan suministro el\u00e9ctrico. No exist\u00edan los pasillos y se pasaba de una dependencia a otra directamente. Y muchas de las casas contaban con granero y corral, ya que la mayor\u00eda de sus propietarios eran agricultores. Estos alojamientos naturales y bioclim\u00e1ticos se mantienen a una temperatura constante durante todo el a\u00f1o de\u00a0entre 18 y 22 grados. Hoy en d\u00eda algunas de estas cuevas se han convertido en apartamentos tur\u00edsticos.","descripcionen":"The caves of Arguedas and Valtierra emerged towards the end of the 19th century as places that could serve as homes for local people who could not afford to buy somewhere to live. The lay of the land meant that these caves could be dug in the rock, along the front of the rock face to make use of natural light, as only the better-off had electricity supplies in their homes. There were no corridors and you passed directly from one room to another. Many of the homes had a grain store and a yard, as the majority of their owners were small farmers. These natural, bioclimatic shelters remain at a steady temperature between 18\u00ba and 22\u00baC all year round. Nowadays some of these caves have been converted into tourist apartments.","galeria":[{"ID":"18545","post_author":"2","post_date":"2025-03-08 00:29:27","post_date_gmt":"2025-03-07 23:29:27","post_content":"","post_title":"foto-644_5206","post_excerpt":"","post_status":"inherit","comment_status":"closed","ping_status":"closed","post_password":"","post_name":"foto-644_5206","to_ping":"","pinged":"","post_modified":"2025-04-22 08:36:57","post_modified_gmt":"2025-04-22 06:36:57","post_content_filtered":"","post_parent":"11675","guid":"https:\/\/spainfilmcommission.com\/wp-content\/uploads\/2025\/03\/foto-644_5206.jpg","menu_order":"0","post_type":"attachment","post_mime_type":"image\/jpeg","comment_count":"0","pod_item_id":"18545"},{"ID":"18547","post_author":"2","post_date":"2025-03-08 00:29:29","post_date_gmt":"2025-03-07 23:29:29","post_content":"","post_title":"foto-644_5207","post_excerpt":"","post_status":"inherit","comment_status":"closed","ping_status":"closed","post_password":"","post_name":"foto-644_5207","to_ping":"","pinged":"","post_modified":"2025-04-22 08:36:57","post_modified_gmt":"2025-04-22 06:36:57","post_content_filtered":"","post_parent":"11675","guid":"https:\/\/spainfilmcommission.com\/wp-content\/uploads\/2025\/03\/foto-644_5207.jpg","menu_order":"0","post_type":"attachment","post_mime_type":"image\/jpeg","comment_count":"0","pod_item_id":"18547"},{"ID":"18549","post_author":"2","post_date":"2025-03-08 00:29:32","post_date_gmt":"2025-03-07 23:29:32","post_content":"","post_title":"foto-644_5208","post_excerpt":"","post_status":"inherit","comment_status":"closed","ping_status":"closed","post_password":"","post_name":"foto-644_5208","to_ping":"","pinged":"","post_modified":"2025-04-22 08:36:57","post_modified_gmt":"2025-04-22 06:36:57","post_content_filtered":"","post_parent":"11675","guid":"https:\/\/spainfilmcommission.com\/wp-content\/uploads\/2025\/03\/foto-644_5208.jpg","menu_order":"0","post_type":"attachment","post_mime_type":"image\/jpeg","comment_count":"0","pod_item_id":"18549"},{"ID":"18551","post_author":"2","post_date":"2025-03-08 00:29:34","post_date_gmt":"2025-03-07 23:29:34","post_content":"","post_title":"foto-644_5209","post_excerpt":"","post_status":"inherit","comment_status":"closed","ping_status":"closed","post_password":"","post_name":"foto-644_5209","to_ping":"","pinged":"","post_modified":"2025-04-22 08:36:57","post_modified_gmt":"2025-04-22 06:36:57","post_content_filtered":"","post_parent":"11675","guid":"https:\/\/spainfilmcommission.com\/wp-content\/uploads\/2025\/03\/foto-644_5209.jpg","menu_order":"0","post_type":"attachment","post_mime_type":"image\/jpeg","comment_count":"0","pod_item_id":"18551"},{"ID":"18553","post_author":"2","post_date":"2025-03-08 00:29:36","post_date_gmt":"2025-03-07 23:29:36","post_content":"","post_title":"foto-644_5210","post_excerpt":"","post_status":"inherit","comment_status":"closed","ping_status":"closed","post_password":"","post_name":"foto-644_5210","to_ping":"","pinged":"","post_modified":"2025-04-22 08:36:57","post_modified_gmt":"2025-04-22 06:36:57","post_content_filtered":"","post_parent":"11675","guid":"https:\/\/spainfilmcommission.com\/wp-content\/uploads\/2025\/03\/foto-644_5210.jpg","menu_order":"0","post_type":"attachment","post_mime_type":"image\/jpeg","comment_count":"0","pod_item_id":"18553"},{"ID":"18555","post_author":"2","post_date":"2025-03-08 00:29:38","post_date_gmt":"2025-03-07 23:29:38","post_content":"","post_title":"foto-644_5211","post_excerpt":"","post_status":"inherit","comment_status":"closed","ping_status":"closed","post_password":"","post_name":"foto-644_5211","to_ping":"","pinged":"","post_modified":"2025-04-22 08:36:57","post_modified_gmt":"2025-04-22 06:36:57","post_content_filtered":"","post_parent":"11675","guid":"https:\/\/spainfilmcommission.com\/wp-content\/uploads\/2025\/03\/foto-644_5211.jpg","menu_order":"0","post_type":"attachment","post_mime_type":"image\/jpeg","comment_count":"0","pod_item_id":"18555"},{"ID":"18557","post_author":"2","post_date":"2025-03-08 00:29:40","post_date_gmt":"2025-03-07 23:29:40","post_content":"","post_title":"foto-644_5212","post_excerpt":"","post_status":"inherit","comment_status":"closed","ping_status":"closed","post_password":"","post_name":"foto-644_5212","to_ping":"","pinged":"","post_modified":"2025-04-22 08:36:57","post_modified_gmt":"2025-04-22 06:36:57","post_content_filtered":"","post_parent":"11675","guid":"https:\/\/spainfilmcommission.com\/wp-content\/uploads\/2025\/03\/foto-644_5212.jpg","menu_order":"0","post_type":"attachment","post_mime_type":"image\/jpeg","comment_count":"0","pod_item_id":"18557"},{"ID":"18559","post_author":"2","post_date":"2025-03-08 00:29:42","post_date_gmt":"2025-03-07 23:29:42","post_content":"","post_title":"foto-644_5213","post_excerpt":"","post_status":"inherit","comment_status":"closed","ping_status":"closed","post_password":"","post_name":"foto-644_5213","to_ping":"","pinged":"","post_modified":"2025-04-22 08:36:57","post_modified_gmt":"2025-04-22 06:36:57","post_content_filtered":"","post_parent":"11675","guid":"https:\/\/spainfilmcommission.com\/wp-content\/uploads\/2025\/03\/foto-644_5213.jpg","menu_order":"0","post_type":"attachment","post_mime_type":"image\/jpeg","comment_count":"0","pod_item_id":"18559"},{"ID":"18561","post_author":"2","post_date":"2025-03-08 00:29:44","post_date_gmt":"2025-03-07 23:29:44","post_content":"","post_title":"foto-644_5214","post_excerpt":"","post_status":"inherit","comment_status":"closed","ping_status":"closed","post_password":"","post_name":"foto-644_5214","to_ping":"","pinged":"","post_modified":"2025-04-22 08:36:57","post_modified_gmt":"2025-04-22 06:36:57","post_content_filtered":"","post_parent":"11675","guid":"https:\/\/spainfilmcommission.com\/wp-content\/uploads\/2025\/03\/foto-644_5214.jpg","menu_order":"0","post_type":"attachment","post_mime_type":"image\/jpeg","comment_count":"0","pod_item_id":"18561"},{"ID":"18563","post_author":"2","post_date":"2025-03-08 00:29:46","post_date_gmt":"2025-03-07 23:29:46","post_content":"","post_title":"foto-644_5215","post_excerpt":"","post_status":"inherit","comment_status":"closed","ping_status":"closed","post_password":"","post_name":"foto-644_5215","to_ping":"","pinged":"","post_modified":"2025-04-22 08:36:57","post_modified_gmt":"2025-04-22 06:36:57","post_content_filtered":"","post_parent":"11675","guid":"https:\/\/spainfilmcommission.com\/wp-content\/uploads\/2025\/03\/foto-644_5215.jpg","menu_order":"0","post_type":"attachment","post_mime_type":"image\/jpeg","comment_count":"0","pod_item_id":"18563"},{"ID":"18565","post_author":"2","post_date":"2025-03-08 00:29:47","post_date_gmt":"2025-03-07 23:29:47","post_content":"","post_title":"foto-644_5216","post_excerpt":"","post_status":"inherit","comment_status":"closed","ping_status":"closed","post_password":"","post_name":"foto-644_5216","to_ping":"","pinged":"","post_modified":"2025-04-22 08:36:57","post_modified_gmt":"2025-04-22 06:36:57","post_content_filtered":"","post_parent":"11675","guid":"https:\/\/spainfilmcommission.com\/wp-content\/uploads\/2025\/03\/foto-644_5216.jpg","menu_order":"0","post_type":"attachment","post_mime_type":"image\/jpeg","comment_count":"0","pod_item_id":"18565"}],"nombrepaginaes":"cuevas-vivienda","nombrepaginaen":"housing-caves","latitud_gps":"42\u00b011'05.3","longitud_gps":"1\u00b036'49.9","adicionaleses":"http:\/\/www.turismo.navarra.es\/esp\/organice-viaje\/recurso.aspx?o=940& http:\/\/www.turismo.navarra.es\/esp\/organice-viaje\/recurso.aspx?o=6590&","adicionalesen":"http:\/\/www.turismo.navarra.es\/eng\/organice-viaje\/recurso.aspx?o=6590& http:\/\/www.turismo.navarra.es\/esp\/organice-viaje\/recurso.aspx?o=940&","videoes":"","videoen":"","video2es":"","video2en":"","_links":{"self":[{"href":"https:\/\/spainfilmcommission.com\/en\/wp-json\/wp\/v2\/localizaciones\/localizacion\/11675","targetHints":{"allow":["GET"]}}],"collection":[{"href":"https:\/\/spainfilmcommission.com\/en\/wp-json\/wp\/v2\/localizaciones\/localizacion"}],"about":[{"href":"https:\/\/spainfilmcommission.com\/en\/wp-json\/wp\/v2\/types\/localizacion"}],"author":[{"embeddable":true,"href":"https:\/\/spainfilmcommission.com\/en\/wp-json\/wp\/v2\/users\/2"}],"wp:attachment":[{"href":"https:\/\/spainfilmcommission.com\/en\/wp-json\/wp\/v2\/media?parent=11675"}],"curies":[{"name":"wp","href":"https:\/\/api.w.org\/{rel}","templated":true}]}}