{"id":11673,"date":"2025-02-27T19:46:30","date_gmt":"2025-02-27T18:46:30","guid":{"rendered":"https:\/\/spainfilmcommission.com\/?post_type=localizacion&#038;p=11673"},"modified":"2025-04-22T08:04:42","modified_gmt":"2025-04-22T06:04:42","slug":"castillo-de-marcilla","status":"publish","type":"localizacion","link":"https:\/\/spainfilmcommission.com\/en\/ai-locations\/castillo-de-marcilla\/","title":{"rendered":"Castillo de Marcilla"},"content":{"rendered":"","protected":false},"author":2,"template":"","meta":[],"class_list":["post-11673","localizacion","type-localizacion","status-publish","hentry"],"yoast_head":"<!-- This site is optimized with the Yoast SEO plugin v28.3 - https:\/\/yoast.com\/product\/yoast-seo-wordpress\/ -->\n<title>Rodar en Castillo de Marcilla - Spain Film Commission<\/title>\n<meta name=\"description\" content=\"En esta p\u00e1gina encontrar\u00e1s una peque\u00f1a descripci\u00f3n, m\u00e1genes e informaci\u00f3n relevante para que te hagas una idea de c\u00f3mo es rodar en Castillo de Marcilla\" \/>\n<meta name=\"robots\" content=\"index, follow, max-snippet:-1, max-image-preview:large, max-video-preview:-1\" \/>\n<link rel=\"canonical\" href=\"https:\/\/spainfilmcommission.com\/en\/ai-locations\/castillo-de-marcilla\/\" \/>\n<meta property=\"og:locale\" content=\"en_US\" \/>\n<meta property=\"og:type\" content=\"article\" \/>\n<meta property=\"og:title\" content=\"Rodar en Castillo de Marcilla - Spain Film Commission\" \/>\n<meta property=\"og:description\" content=\"En esta p\u00e1gina encontrar\u00e1s una peque\u00f1a descripci\u00f3n, m\u00e1genes e informaci\u00f3n relevante para que te hagas una idea de c\u00f3mo es rodar en Castillo de Marcilla\" \/>\n<meta property=\"og:url\" content=\"https:\/\/spainfilmcommission.com\/en\/ai-locations\/castillo-de-marcilla\/\" \/>\n<meta property=\"og:site_name\" content=\"Spain Film Commission\" \/>\n<meta property=\"article:modified_time\" content=\"2025-04-22T06:04:42+00:00\" \/>\n<meta name=\"twitter:card\" content=\"summary_large_image\" \/>\n<script type=\"application\/ld+json\" class=\"yoast-schema-graph\">{\"@context\":\"https:\\\/\\\/schema.org\",\"@graph\":[{\"@type\":\"WebPage\",\"@id\":\"https:\\\/\\\/spainfilmcommission.com\\\/en\\\/ai-locations\\\/castillo-de-marcilla\\\/\",\"url\":\"https:\\\/\\\/spainfilmcommission.com\\\/en\\\/ai-locations\\\/castillo-de-marcilla\\\/\",\"name\":\"Rodar en Castillo de Marcilla - Spain Film Commission\",\"isPartOf\":{\"@id\":\"https:\\\/\\\/spainfilmcommission.com\\\/en\\\/#website\"},\"datePublished\":\"2025-02-27T18:46:30+00:00\",\"dateModified\":\"2025-04-22T06:04:42+00:00\",\"description\":\"En esta p\u00e1gina encontrar\u00e1s una peque\u00f1a descripci\u00f3n, m\u00e1genes e informaci\u00f3n relevante para que te hagas una idea de c\u00f3mo es rodar en Castillo de Marcilla\",\"breadcrumb\":{\"@id\":\"https:\\\/\\\/spainfilmcommission.com\\\/en\\\/ai-locations\\\/castillo-de-marcilla\\\/#breadcrumb\"},\"inLanguage\":\"en-US\",\"potentialAction\":[{\"@type\":\"ReadAction\",\"target\":[\"https:\\\/\\\/spainfilmcommission.com\\\/en\\\/ai-locations\\\/castillo-de-marcilla\\\/\"]}]},{\"@type\":\"BreadcrumbList\",\"@id\":\"https:\\\/\\\/spainfilmcommission.com\\\/en\\\/ai-locations\\\/castillo-de-marcilla\\\/#breadcrumb\",\"itemListElement\":[{\"@type\":\"ListItem\",\"position\":1,\"name\":\"Portada\",\"item\":\"https:\\\/\\\/spainfilmcommission.com\\\/en\\\/\"},{\"@type\":\"ListItem\",\"position\":2,\"name\":\"Castillo de Marcilla\"}]},{\"@type\":\"WebSite\",\"@id\":\"https:\\\/\\\/spainfilmcommission.com\\\/en\\\/#website\",\"url\":\"https:\\\/\\\/spainfilmcommission.com\\\/en\\\/\",\"name\":\"Spain Film Commission\",\"description\":\"\",\"publisher\":{\"@id\":\"https:\\\/\\\/spainfilmcommission.com\\\/en\\\/#organization\"},\"potentialAction\":[{\"@type\":\"SearchAction\",\"target\":{\"@type\":\"EntryPoint\",\"urlTemplate\":\"https:\\\/\\\/spainfilmcommission.com\\\/en\\\/?s={search_term_string}\"},\"query-input\":{\"@type\":\"PropertyValueSpecification\",\"valueRequired\":true,\"valueName\":\"search_term_string\"}}],\"inLanguage\":\"en-US\"},{\"@type\":\"Organization\",\"@id\":\"https:\\\/\\\/spainfilmcommission.com\\\/en\\\/#organization\",\"name\":\"Spain Film Commission\",\"url\":\"https:\\\/\\\/spainfilmcommission.com\\\/en\\\/\",\"logo\":{\"@type\":\"ImageObject\",\"inLanguage\":\"en-US\",\"@id\":\"https:\\\/\\\/spainfilmcommission.com\\\/en\\\/#\\\/schema\\\/logo\\\/image\\\/\",\"url\":\"https:\\\/\\\/spainfilmcommission.com\\\/wp-content\\\/uploads\\\/2024\\\/07\\\/SPC_COLOR.png\",\"contentUrl\":\"https:\\\/\\\/spainfilmcommission.com\\\/wp-content\\\/uploads\\\/2024\\\/07\\\/SPC_COLOR.png\",\"width\":1665,\"height\":1665,\"caption\":\"Spain Film Commission\"},\"image\":{\"@id\":\"https:\\\/\\\/spainfilmcommission.com\\\/en\\\/#\\\/schema\\\/logo\\\/image\\\/\"}}]}<\/script>\n<!-- \/ Yoast SEO plugin. -->","yoast_head_json":{"title":"Rodar en Castillo de Marcilla - Spain Film Commission","description":"En esta p\u00e1gina encontrar\u00e1s una peque\u00f1a descripci\u00f3n, m\u00e1genes e informaci\u00f3n relevante para que te hagas una idea de c\u00f3mo es rodar en Castillo de Marcilla","robots":{"index":"index","follow":"follow","max-snippet":"max-snippet:-1","max-image-preview":"max-image-preview:large","max-video-preview":"max-video-preview:-1"},"canonical":"https:\/\/spainfilmcommission.com\/en\/ai-locations\/castillo-de-marcilla\/","og_locale":"en_US","og_type":"article","og_title":"Rodar en Castillo de Marcilla - Spain Film Commission","og_description":"En esta p\u00e1gina encontrar\u00e1s una peque\u00f1a descripci\u00f3n, m\u00e1genes e informaci\u00f3n relevante para que te hagas una idea de c\u00f3mo es rodar en Castillo de Marcilla","og_url":"https:\/\/spainfilmcommission.com\/en\/ai-locations\/castillo-de-marcilla\/","og_site_name":"Spain Film Commission","article_modified_time":"2025-04-22T06:04:42+00:00","twitter_card":"summary_large_image","schema":{"@context":"https:\/\/schema.org","@graph":[{"@type":"WebPage","@id":"https:\/\/spainfilmcommission.com\/en\/ai-locations\/castillo-de-marcilla\/","url":"https:\/\/spainfilmcommission.com\/en\/ai-locations\/castillo-de-marcilla\/","name":"Rodar en Castillo de Marcilla - Spain Film Commission","isPartOf":{"@id":"https:\/\/spainfilmcommission.com\/en\/#website"},"datePublished":"2025-02-27T18:46:30+00:00","dateModified":"2025-04-22T06:04:42+00:00","description":"En esta p\u00e1gina encontrar\u00e1s una peque\u00f1a descripci\u00f3n, m\u00e1genes e informaci\u00f3n relevante para que te hagas una idea de c\u00f3mo es rodar en Castillo de Marcilla","breadcrumb":{"@id":"https:\/\/spainfilmcommission.com\/en\/ai-locations\/castillo-de-marcilla\/#breadcrumb"},"inLanguage":"en-US","potentialAction":[{"@type":"ReadAction","target":["https:\/\/spainfilmcommission.com\/en\/ai-locations\/castillo-de-marcilla\/"]}]},{"@type":"BreadcrumbList","@id":"https:\/\/spainfilmcommission.com\/en\/ai-locations\/castillo-de-marcilla\/#breadcrumb","itemListElement":[{"@type":"ListItem","position":1,"name":"Portada","item":"https:\/\/spainfilmcommission.com\/en\/"},{"@type":"ListItem","position":2,"name":"Castillo de Marcilla"}]},{"@type":"WebSite","@id":"https:\/\/spainfilmcommission.com\/en\/#website","url":"https:\/\/spainfilmcommission.com\/en\/","name":"Spain Film Commission","description":"","publisher":{"@id":"https:\/\/spainfilmcommission.com\/en\/#organization"},"potentialAction":[{"@type":"SearchAction","target":{"@type":"EntryPoint","urlTemplate":"https:\/\/spainfilmcommission.com\/en\/?s={search_term_string}"},"query-input":{"@type":"PropertyValueSpecification","valueRequired":true,"valueName":"search_term_string"}}],"inLanguage":"en-US"},{"@type":"Organization","@id":"https:\/\/spainfilmcommission.com\/en\/#organization","name":"Spain Film Commission","url":"https:\/\/spainfilmcommission.com\/en\/","logo":{"@type":"ImageObject","inLanguage":"en-US","@id":"https:\/\/spainfilmcommission.com\/en\/#\/schema\/logo\/image\/","url":"https:\/\/spainfilmcommission.com\/wp-content\/uploads\/2024\/07\/SPC_COLOR.png","contentUrl":"https:\/\/spainfilmcommission.com\/wp-content\/uploads\/2024\/07\/SPC_COLOR.png","width":1665,"height":1665,"caption":"Spain Film Commission"},"image":{"@id":"https:\/\/spainfilmcommission.com\/en\/#\/schema\/logo\/image\/"}}]}},"socio":[{"ID":"43","user_login":"navarra-film-commission","user_nicename":"navarra-film-commission","display_name":"Navarra Film Commission","user_pass":"****************","user_email":"s.sevilla@nicdo.es","user_url":"","user_registered":"2024-12-19 17:48:02","id":43}],"nombrees":"Castillo de Marcilla","nombreen":"Castle of Marcilla","localidad":"Marcilla","provincia":"Navarra","coordenadas_maps":"42.326866, -1.738455","latitud":"42.326866000000","longitud":"-1.738455000000","direcciones":"","direccionen":"","cod_postal":[],"telefono":"","fax":"","mail":"","web":"","descripciones":"Se trata de una fortaleza se\u00f1orial g\u00f3tica de ladrillo, sobre taludes de piedra, construida por el noble mos\u00e9n Pierres de Peralta hacia 1420, en los \u00faltimos a\u00f1os del reinado de Carlos III el Noble. Los fosos refuerzan su car\u00e1cter de fortaleza, si bien desde que en el a\u00f1o 1513 Fernando el Cat\u00f3lico instituyera el marquesado de Falces y el castillo se convirtiera en n\u00facleo y cabeza de dicho marquesado, perdi\u00f3 parte de su car\u00e1cter guerrero y se transform\u00f3 en un castillo-palacio de tipo residencial. El edificio, declarado Bien de Inter\u00e9s Cultural, es una construcci\u00f3n de planta cuadrada con basamento de siller\u00eda en talud y el resto de ladrillo. En los cuatro \u00e1ngulos se alzan unos fuertes torreones prism\u00e1ticos, que se completan con otros intermedios, entre los que destaca, en la fachada principal, la torre del homenaje.","descripcionen":"A noble Gothic fortress made of brick standing on a Stone embankment, it was built by Mos\u00e9n Pierres de Peralta around 1420, towards the end of the reign of Carlos III 'the Noble'. The moat highlights its fortress nature, although it lost part of its warlike character and became a residential castle-palace after 1513 when Ferdinand the Catholic constituted the marquisate of Falces and the castle became its seat. The building, declared a Cultural Interest Site, has a square loor layout with ashlar stone foundations in the terreplein and brick in the rest. At the four corners there are strong prismatic towers that are complemented by other (smaller) towers, including a keep on the main fa\u00e7ade.","galeria":[{"ID":"18503","post_author":"2","post_date":"2025-03-08 00:28:44","post_date_gmt":"2025-03-07 23:28:44","post_content":"","post_title":"foto-641_5184","post_excerpt":"","post_status":"inherit","comment_status":"closed","ping_status":"closed","post_password":"","post_name":"foto-641_5184","to_ping":"","pinged":"","post_modified":"2025-04-22 08:04:42","post_modified_gmt":"2025-04-22 06:04:42","post_content_filtered":"","post_parent":"11673","guid":"https:\/\/spainfilmcommission.com\/wp-content\/uploads\/2025\/03\/foto-641_5184.jpg","menu_order":"0","post_type":"attachment","post_mime_type":"image\/jpeg","comment_count":"0","pod_item_id":"18503"},{"ID":"18505","post_author":"2","post_date":"2025-03-08 00:28:46","post_date_gmt":"2025-03-07 23:28:46","post_content":"","post_title":"foto-641_5185","post_excerpt":"","post_status":"inherit","comment_status":"closed","ping_status":"closed","post_password":"","post_name":"foto-641_5185","to_ping":"","pinged":"","post_modified":"2025-04-22 08:04:42","post_modified_gmt":"2025-04-22 06:04:42","post_content_filtered":"","post_parent":"11673","guid":"https:\/\/spainfilmcommission.com\/wp-content\/uploads\/2025\/03\/foto-641_5185.jpg","menu_order":"0","post_type":"attachment","post_mime_type":"image\/jpeg","comment_count":"0","pod_item_id":"18505"},{"ID":"18507","post_author":"2","post_date":"2025-03-08 00:28:49","post_date_gmt":"2025-03-07 23:28:49","post_content":"","post_title":"foto-641_5186","post_excerpt":"","post_status":"inherit","comment_status":"closed","ping_status":"closed","post_password":"","post_name":"foto-641_5186","to_ping":"","pinged":"","post_modified":"2025-04-22 08:04:42","post_modified_gmt":"2025-04-22 06:04:42","post_content_filtered":"","post_parent":"11673","guid":"https:\/\/spainfilmcommission.com\/wp-content\/uploads\/2025\/03\/foto-641_5186.jpg","menu_order":"0","post_type":"attachment","post_mime_type":"image\/jpeg","comment_count":"0","pod_item_id":"18507"},{"ID":"18509","post_author":"2","post_date":"2025-03-08 00:28:51","post_date_gmt":"2025-03-07 23:28:51","post_content":"","post_title":"foto-641_5187","post_excerpt":"","post_status":"inherit","comment_status":"closed","ping_status":"closed","post_password":"","post_name":"foto-641_5187","to_ping":"","pinged":"","post_modified":"2025-04-22 08:04:42","post_modified_gmt":"2025-04-22 06:04:42","post_content_filtered":"","post_parent":"11673","guid":"https:\/\/spainfilmcommission.com\/wp-content\/uploads\/2025\/03\/foto-641_5187.jpg","menu_order":"0","post_type":"attachment","post_mime_type":"image\/jpeg","comment_count":"0","pod_item_id":"18509"},{"ID":"18511","post_author":"2","post_date":"2025-03-08 00:28:53","post_date_gmt":"2025-03-07 23:28:53","post_content":"","post_title":"foto-641_5189","post_excerpt":"","post_status":"inherit","comment_status":"closed","ping_status":"closed","post_password":"","post_name":"foto-641_5189","to_ping":"","pinged":"","post_modified":"2025-04-22 08:04:42","post_modified_gmt":"2025-04-22 06:04:42","post_content_filtered":"","post_parent":"11673","guid":"https:\/\/spainfilmcommission.com\/wp-content\/uploads\/2025\/03\/foto-641_5189.jpg","menu_order":"0","post_type":"attachment","post_mime_type":"image\/jpeg","comment_count":"0","pod_item_id":"18511"},{"ID":"18513","post_author":"2","post_date":"2025-03-08 00:28:55","post_date_gmt":"2025-03-07 23:28:55","post_content":"","post_title":"foto-641_5190","post_excerpt":"","post_status":"inherit","comment_status":"closed","ping_status":"closed","post_password":"","post_name":"foto-641_5190","to_ping":"","pinged":"","post_modified":"2025-04-22 08:04:42","post_modified_gmt":"2025-04-22 06:04:42","post_content_filtered":"","post_parent":"11673","guid":"https:\/\/spainfilmcommission.com\/wp-content\/uploads\/2025\/03\/foto-641_5190.jpg","menu_order":"0","post_type":"attachment","post_mime_type":"image\/jpeg","comment_count":"0","pod_item_id":"18513"},{"ID":"18515","post_author":"2","post_date":"2025-03-08 00:28:57","post_date_gmt":"2025-03-07 23:28:57","post_content":"","post_title":"foto-641_5191","post_excerpt":"","post_status":"inherit","comment_status":"closed","ping_status":"closed","post_password":"","post_name":"foto-641_5191","to_ping":"","pinged":"","post_modified":"2025-04-22 08:04:42","post_modified_gmt":"2025-04-22 06:04:42","post_content_filtered":"","post_parent":"11673","guid":"https:\/\/spainfilmcommission.com\/wp-content\/uploads\/2025\/03\/foto-641_5191.jpg","menu_order":"0","post_type":"attachment","post_mime_type":"image\/jpeg","comment_count":"0","pod_item_id":"18515"},{"ID":"18517","post_author":"2","post_date":"2025-03-08 00:28:59","post_date_gmt":"2025-03-07 23:28:59","post_content":"","post_title":"foto-641_5192","post_excerpt":"","post_status":"inherit","comment_status":"closed","ping_status":"closed","post_password":"","post_name":"foto-641_5192","to_ping":"","pinged":"","post_modified":"2025-04-22 08:04:42","post_modified_gmt":"2025-04-22 06:04:42","post_content_filtered":"","post_parent":"11673","guid":"https:\/\/spainfilmcommission.com\/wp-content\/uploads\/2025\/03\/foto-641_5192.jpg","menu_order":"0","post_type":"attachment","post_mime_type":"image\/jpeg","comment_count":"0","pod_item_id":"18517"},{"ID":"18519","post_author":"2","post_date":"2025-03-08 00:29:01","post_date_gmt":"2025-03-07 23:29:01","post_content":"","post_title":"foto-641_5193","post_excerpt":"","post_status":"inherit","comment_status":"closed","ping_status":"closed","post_password":"","post_name":"foto-641_5193","to_ping":"","pinged":"","post_modified":"2025-04-22 08:04:42","post_modified_gmt":"2025-04-22 06:04:42","post_content_filtered":"","post_parent":"11673","guid":"https:\/\/spainfilmcommission.com\/wp-content\/uploads\/2025\/03\/foto-641_5193.jpg","menu_order":"0","post_type":"attachment","post_mime_type":"image\/jpeg","comment_count":"0","pod_item_id":"18519"}],"nombrepaginaes":"castillo-de-marcilla","nombrepaginaen":"castle-of-marcilla","latitud_gps":"42\u00b019'36.7","longitud_gps":"1\u00b044'18.4","adicionaleses":"http:\/\/www.turismo.navarra.es\/esp\/organice-viaje\/recurso\/Patrimonio\/6050\/Castillo-de-Marcilla.htm http:\/\/www.marcillaturismo.es \u00a0 \u00a0 \u00a0","adicionalesen":"http:\/\/www.turismo.navarra.es\/eng\/organice-viaje\/recurso.aspx?o=6050& http:\/\/www.marcillaturismo.es \u00a0 \u00a0","videoes":"","videoen":"","video2es":"","video2en":"","_links":{"self":[{"href":"https:\/\/spainfilmcommission.com\/en\/wp-json\/wp\/v2\/localizaciones\/localizacion\/11673","targetHints":{"allow":["GET"]}}],"collection":[{"href":"https:\/\/spainfilmcommission.com\/en\/wp-json\/wp\/v2\/localizaciones\/localizacion"}],"about":[{"href":"https:\/\/spainfilmcommission.com\/en\/wp-json\/wp\/v2\/types\/localizacion"}],"author":[{"embeddable":true,"href":"https:\/\/spainfilmcommission.com\/en\/wp-json\/wp\/v2\/users\/2"}],"wp:attachment":[{"href":"https:\/\/spainfilmcommission.com\/en\/wp-json\/wp\/v2\/media?parent=11673"}],"curies":[{"name":"wp","href":"https:\/\/api.w.org\/{rel}","templated":true}]}}