{"id":11668,"date":"2025-02-27T19:46:30","date_gmt":"2025-02-27T18:46:30","guid":{"rendered":"https:\/\/spainfilmcommission.com\/?post_type=localizacion&#038;p=11668"},"modified":"2025-04-21T12:50:23","modified_gmt":"2025-04-21T10:50:23","slug":"sierra-de-aralar","status":"publish","type":"localizacion","link":"https:\/\/spainfilmcommission.com\/en\/ai-locations\/sierra-de-aralar\/","title":{"rendered":"Sierra de Aralar"},"content":{"rendered":"","protected":false},"author":2,"template":"","meta":[],"class_list":["post-11668","localizacion","type-localizacion","status-publish","hentry"],"yoast_head":"<!-- This site is optimized with the Yoast SEO plugin v28.3 - https:\/\/yoast.com\/product\/yoast-seo-wordpress\/ -->\n<title>Rodar en Sierra de Aralar - Spain Film Commission<\/title>\n<meta name=\"description\" content=\"En esta p\u00e1gina encontrar\u00e1s una peque\u00f1a descripci\u00f3n, m\u00e1genes e informaci\u00f3n relevante para que te hagas una idea de c\u00f3mo es rodar en Sierra de Aralar\" \/>\n<meta name=\"robots\" content=\"index, follow, max-snippet:-1, max-image-preview:large, max-video-preview:-1\" \/>\n<link rel=\"canonical\" href=\"https:\/\/spainfilmcommission.com\/en\/ai-locations\/sierra-de-aralar\/\" \/>\n<meta property=\"og:locale\" content=\"en_US\" \/>\n<meta property=\"og:type\" content=\"article\" \/>\n<meta property=\"og:title\" content=\"Rodar en Sierra de Aralar - Spain Film Commission\" \/>\n<meta property=\"og:description\" content=\"En esta p\u00e1gina encontrar\u00e1s una peque\u00f1a descripci\u00f3n, m\u00e1genes e informaci\u00f3n relevante para que te hagas una idea de c\u00f3mo es rodar en Sierra de Aralar\" \/>\n<meta property=\"og:url\" content=\"https:\/\/spainfilmcommission.com\/en\/ai-locations\/sierra-de-aralar\/\" \/>\n<meta property=\"og:site_name\" content=\"Spain Film Commission\" \/>\n<meta property=\"article:modified_time\" content=\"2025-04-21T10:50:23+00:00\" \/>\n<meta name=\"twitter:card\" content=\"summary_large_image\" \/>\n<script type=\"application\/ld+json\" class=\"yoast-schema-graph\">{\"@context\":\"https:\\\/\\\/schema.org\",\"@graph\":[{\"@type\":\"WebPage\",\"@id\":\"https:\\\/\\\/spainfilmcommission.com\\\/en\\\/ai-locations\\\/sierra-de-aralar\\\/\",\"url\":\"https:\\\/\\\/spainfilmcommission.com\\\/en\\\/ai-locations\\\/sierra-de-aralar\\\/\",\"name\":\"Rodar en Sierra de Aralar - Spain Film Commission\",\"isPartOf\":{\"@id\":\"https:\\\/\\\/spainfilmcommission.com\\\/en\\\/#website\"},\"datePublished\":\"2025-02-27T18:46:30+00:00\",\"dateModified\":\"2025-04-21T10:50:23+00:00\",\"description\":\"En esta p\u00e1gina encontrar\u00e1s una peque\u00f1a descripci\u00f3n, m\u00e1genes e informaci\u00f3n relevante para que te hagas una idea de c\u00f3mo es rodar en Sierra de Aralar\",\"breadcrumb\":{\"@id\":\"https:\\\/\\\/spainfilmcommission.com\\\/en\\\/ai-locations\\\/sierra-de-aralar\\\/#breadcrumb\"},\"inLanguage\":\"en-US\",\"potentialAction\":[{\"@type\":\"ReadAction\",\"target\":[\"https:\\\/\\\/spainfilmcommission.com\\\/en\\\/ai-locations\\\/sierra-de-aralar\\\/\"]}]},{\"@type\":\"BreadcrumbList\",\"@id\":\"https:\\\/\\\/spainfilmcommission.com\\\/en\\\/ai-locations\\\/sierra-de-aralar\\\/#breadcrumb\",\"itemListElement\":[{\"@type\":\"ListItem\",\"position\":1,\"name\":\"Portada\",\"item\":\"https:\\\/\\\/spainfilmcommission.com\\\/en\\\/\"},{\"@type\":\"ListItem\",\"position\":2,\"name\":\"Sierra de Aralar\"}]},{\"@type\":\"WebSite\",\"@id\":\"https:\\\/\\\/spainfilmcommission.com\\\/en\\\/#website\",\"url\":\"https:\\\/\\\/spainfilmcommission.com\\\/en\\\/\",\"name\":\"Spain Film Commission\",\"description\":\"\",\"publisher\":{\"@id\":\"https:\\\/\\\/spainfilmcommission.com\\\/en\\\/#organization\"},\"potentialAction\":[{\"@type\":\"SearchAction\",\"target\":{\"@type\":\"EntryPoint\",\"urlTemplate\":\"https:\\\/\\\/spainfilmcommission.com\\\/en\\\/?s={search_term_string}\"},\"query-input\":{\"@type\":\"PropertyValueSpecification\",\"valueRequired\":true,\"valueName\":\"search_term_string\"}}],\"inLanguage\":\"en-US\"},{\"@type\":\"Organization\",\"@id\":\"https:\\\/\\\/spainfilmcommission.com\\\/en\\\/#organization\",\"name\":\"Spain Film Commission\",\"url\":\"https:\\\/\\\/spainfilmcommission.com\\\/en\\\/\",\"logo\":{\"@type\":\"ImageObject\",\"inLanguage\":\"en-US\",\"@id\":\"https:\\\/\\\/spainfilmcommission.com\\\/en\\\/#\\\/schema\\\/logo\\\/image\\\/\",\"url\":\"https:\\\/\\\/spainfilmcommission.com\\\/wp-content\\\/uploads\\\/2024\\\/07\\\/SPC_COLOR.png\",\"contentUrl\":\"https:\\\/\\\/spainfilmcommission.com\\\/wp-content\\\/uploads\\\/2024\\\/07\\\/SPC_COLOR.png\",\"width\":1665,\"height\":1665,\"caption\":\"Spain Film Commission\"},\"image\":{\"@id\":\"https:\\\/\\\/spainfilmcommission.com\\\/en\\\/#\\\/schema\\\/logo\\\/image\\\/\"}}]}<\/script>\n<!-- \/ Yoast SEO plugin. -->","yoast_head_json":{"title":"Rodar en Sierra de Aralar - Spain Film Commission","description":"En esta p\u00e1gina encontrar\u00e1s una peque\u00f1a descripci\u00f3n, m\u00e1genes e informaci\u00f3n relevante para que te hagas una idea de c\u00f3mo es rodar en Sierra de Aralar","robots":{"index":"index","follow":"follow","max-snippet":"max-snippet:-1","max-image-preview":"max-image-preview:large","max-video-preview":"max-video-preview:-1"},"canonical":"https:\/\/spainfilmcommission.com\/en\/ai-locations\/sierra-de-aralar\/","og_locale":"en_US","og_type":"article","og_title":"Rodar en Sierra de Aralar - Spain Film Commission","og_description":"En esta p\u00e1gina encontrar\u00e1s una peque\u00f1a descripci\u00f3n, m\u00e1genes e informaci\u00f3n relevante para que te hagas una idea de c\u00f3mo es rodar en Sierra de Aralar","og_url":"https:\/\/spainfilmcommission.com\/en\/ai-locations\/sierra-de-aralar\/","og_site_name":"Spain Film Commission","article_modified_time":"2025-04-21T10:50:23+00:00","twitter_card":"summary_large_image","schema":{"@context":"https:\/\/schema.org","@graph":[{"@type":"WebPage","@id":"https:\/\/spainfilmcommission.com\/en\/ai-locations\/sierra-de-aralar\/","url":"https:\/\/spainfilmcommission.com\/en\/ai-locations\/sierra-de-aralar\/","name":"Rodar en Sierra de Aralar - Spain Film Commission","isPartOf":{"@id":"https:\/\/spainfilmcommission.com\/en\/#website"},"datePublished":"2025-02-27T18:46:30+00:00","dateModified":"2025-04-21T10:50:23+00:00","description":"En esta p\u00e1gina encontrar\u00e1s una peque\u00f1a descripci\u00f3n, m\u00e1genes e informaci\u00f3n relevante para que te hagas una idea de c\u00f3mo es rodar en Sierra de Aralar","breadcrumb":{"@id":"https:\/\/spainfilmcommission.com\/en\/ai-locations\/sierra-de-aralar\/#breadcrumb"},"inLanguage":"en-US","potentialAction":[{"@type":"ReadAction","target":["https:\/\/spainfilmcommission.com\/en\/ai-locations\/sierra-de-aralar\/"]}]},{"@type":"BreadcrumbList","@id":"https:\/\/spainfilmcommission.com\/en\/ai-locations\/sierra-de-aralar\/#breadcrumb","itemListElement":[{"@type":"ListItem","position":1,"name":"Portada","item":"https:\/\/spainfilmcommission.com\/en\/"},{"@type":"ListItem","position":2,"name":"Sierra de Aralar"}]},{"@type":"WebSite","@id":"https:\/\/spainfilmcommission.com\/en\/#website","url":"https:\/\/spainfilmcommission.com\/en\/","name":"Spain Film Commission","description":"","publisher":{"@id":"https:\/\/spainfilmcommission.com\/en\/#organization"},"potentialAction":[{"@type":"SearchAction","target":{"@type":"EntryPoint","urlTemplate":"https:\/\/spainfilmcommission.com\/en\/?s={search_term_string}"},"query-input":{"@type":"PropertyValueSpecification","valueRequired":true,"valueName":"search_term_string"}}],"inLanguage":"en-US"},{"@type":"Organization","@id":"https:\/\/spainfilmcommission.com\/en\/#organization","name":"Spain Film Commission","url":"https:\/\/spainfilmcommission.com\/en\/","logo":{"@type":"ImageObject","inLanguage":"en-US","@id":"https:\/\/spainfilmcommission.com\/en\/#\/schema\/logo\/image\/","url":"https:\/\/spainfilmcommission.com\/wp-content\/uploads\/2024\/07\/SPC_COLOR.png","contentUrl":"https:\/\/spainfilmcommission.com\/wp-content\/uploads\/2024\/07\/SPC_COLOR.png","width":1665,"height":1665,"caption":"Spain Film Commission"},"image":{"@id":"https:\/\/spainfilmcommission.com\/en\/#\/schema\/logo\/image\/"}}]}},"socio":[{"ID":"43","user_login":"navarra-film-commission","user_nicename":"navarra-film-commission","display_name":"Navarra Film Commission","user_pass":"****************","user_email":"s.sevilla@nicdo.es","user_url":"","user_registered":"2024-12-19 17:48:02","id":43}],"nombrees":"Sierra de Aralar","nombreen":"The Sierra of Aralar","localidad":"Aralar","provincia":"Navarra","coordenadas_maps":"42.949238, -1.968225","latitud":"42.949238000000","longitud":"-1.968225000000","direcciones":"","direccionen":"","cod_postal":[],"telefono":"","fax":"","mail":"","web":"","descripciones":"Los hermosos bosques de Aralar y las zonas de pastos hacen que esta sierra tenga un gran valor natural\u00edstico: hayas, robles y avellanos se levantan junto a pastizales por los que deambulan ovejas latxas, yeguas y caballos. Aunque la naturaleza es la protagonista en la sierra de Aralar, la piedra tambi\u00e9n juega un papel importante. Nos ha dejado multitud de d\u00f3lmenes diseminados por toda la sierra, bellos caserones como los de Madotz, Astitz o Baraibar, molinos como el de Aitzarrateta o ermitas como la de Santiago de Itxasperri. Aunque, sin duda, el monumento m\u00e1s destacado es el santuario medieval de San Miguel de Aralar. Lugar emblem\u00e1tico en cuyo interior se conservan las cadenas que seg\u00fan la leyenda llevaba Teodosio de Go\u00f1i como penitencia por haber matado a sus suegros, v\u00edctima de un enga\u00f1o del diablo y de las que se vio liberado al invocar a San Miguel venciendo as\u00ed al drag\u00f3n de Aralar.","descripcionen":"The beautiful woods and meadows in Aralar give the mountain range an extremely high ecological value. Beech, oak and hazelnut trees stand alongside pasturelands across which dairy sheep and horses roam. And although nature is the main protagonist here, stone also plays an important role. It has also left us a multitude of dolmens scattered across the whole range, beautiful farmhouses such as those at Madotz, Astitz and Baraibar, mills such as the one at Aitzarrateta and chapels such as Santiago de Itxasperri. Undoubtedly, however, the most notable monument is the medieval sanctuary of St. Michael of Aralar. An emblematic location inside which the chains that - according to legend - were worn by Teodosio de Go\u00f1i as penitence for having killed his parents-in-law after being tricked by the Devil. He was freed after invoking San Miguel (St Michael) and thus defeating the dragon of Aralar.","galeria":[{"ID":"18417","post_author":"2","post_date":"2025-03-08 00:27:06","post_date_gmt":"2025-03-07 23:27:06","post_content":"","post_title":"foto-636_5139","post_excerpt":"","post_status":"inherit","comment_status":"closed","ping_status":"closed","post_password":"","post_name":"foto-636_5139","to_ping":"","pinged":"","post_modified":"2025-04-21 12:50:23","post_modified_gmt":"2025-04-21 10:50:23","post_content_filtered":"","post_parent":"11668","guid":"https:\/\/spainfilmcommission.com\/wp-content\/uploads\/2025\/03\/foto-636_5139.jpg","menu_order":"0","post_type":"attachment","post_mime_type":"image\/jpeg","comment_count":"0","pod_item_id":"18417"},{"ID":"18419","post_author":"2","post_date":"2025-03-08 00:27:08","post_date_gmt":"2025-03-07 23:27:08","post_content":"","post_title":"foto-636_5140","post_excerpt":"","post_status":"inherit","comment_status":"closed","ping_status":"closed","post_password":"","post_name":"foto-636_5140","to_ping":"","pinged":"","post_modified":"2025-04-21 12:50:23","post_modified_gmt":"2025-04-21 10:50:23","post_content_filtered":"","post_parent":"11668","guid":"https:\/\/spainfilmcommission.com\/wp-content\/uploads\/2025\/03\/foto-636_5140.jpg","menu_order":"0","post_type":"attachment","post_mime_type":"image\/jpeg","comment_count":"0","pod_item_id":"18419"},{"ID":"18421","post_author":"2","post_date":"2025-03-08 00:27:10","post_date_gmt":"2025-03-07 23:27:10","post_content":"","post_title":"foto-636_5141","post_excerpt":"","post_status":"inherit","comment_status":"closed","ping_status":"closed","post_password":"","post_name":"foto-636_5141","to_ping":"","pinged":"","post_modified":"2025-04-21 12:50:23","post_modified_gmt":"2025-04-21 10:50:23","post_content_filtered":"","post_parent":"11668","guid":"https:\/\/spainfilmcommission.com\/wp-content\/uploads\/2025\/03\/foto-636_5141.jpg","menu_order":"0","post_type":"attachment","post_mime_type":"image\/jpeg","comment_count":"0","pod_item_id":"18421"},{"ID":"18423","post_author":"2","post_date":"2025-03-08 00:27:13","post_date_gmt":"2025-03-07 23:27:13","post_content":"","post_title":"foto-636_5142","post_excerpt":"","post_status":"inherit","comment_status":"closed","ping_status":"closed","post_password":"","post_name":"foto-636_5142","to_ping":"","pinged":"","post_modified":"2025-04-21 12:50:23","post_modified_gmt":"2025-04-21 10:50:23","post_content_filtered":"","post_parent":"11668","guid":"https:\/\/spainfilmcommission.com\/wp-content\/uploads\/2025\/03\/foto-636_5142.jpg","menu_order":"0","post_type":"attachment","post_mime_type":"image\/jpeg","comment_count":"0","pod_item_id":"18423"},{"ID":"18425","post_author":"2","post_date":"2025-03-08 00:27:15","post_date_gmt":"2025-03-07 23:27:15","post_content":"","post_title":"foto-636_5143","post_excerpt":"","post_status":"inherit","comment_status":"closed","ping_status":"closed","post_password":"","post_name":"foto-636_5143","to_ping":"","pinged":"","post_modified":"2025-04-21 12:50:23","post_modified_gmt":"2025-04-21 10:50:23","post_content_filtered":"","post_parent":"11668","guid":"https:\/\/spainfilmcommission.com\/wp-content\/uploads\/2025\/03\/foto-636_5143.jpg","menu_order":"0","post_type":"attachment","post_mime_type":"image\/jpeg","comment_count":"0","pod_item_id":"18425"},{"ID":"18427","post_author":"2","post_date":"2025-03-08 00:27:22","post_date_gmt":"2025-03-07 23:27:22","post_content":"","post_title":"foto-636_5144","post_excerpt":"","post_status":"inherit","comment_status":"closed","ping_status":"closed","post_password":"","post_name":"foto-636_5144","to_ping":"","pinged":"","post_modified":"2025-04-21 12:50:23","post_modified_gmt":"2025-04-21 10:50:23","post_content_filtered":"","post_parent":"11668","guid":"https:\/\/spainfilmcommission.com\/wp-content\/uploads\/2025\/03\/foto-636_5144.jpg","menu_order":"0","post_type":"attachment","post_mime_type":"image\/jpeg","comment_count":"0","pod_item_id":"18427"},{"ID":"18429","post_author":"2","post_date":"2025-03-08 00:27:24","post_date_gmt":"2025-03-07 23:27:24","post_content":"","post_title":"foto-636_5145","post_excerpt":"","post_status":"inherit","comment_status":"closed","ping_status":"closed","post_password":"","post_name":"foto-636_5145","to_ping":"","pinged":"","post_modified":"2025-04-21 12:50:23","post_modified_gmt":"2025-04-21 10:50:23","post_content_filtered":"","post_parent":"11668","guid":"https:\/\/spainfilmcommission.com\/wp-content\/uploads\/2025\/03\/foto-636_5145.jpg","menu_order":"0","post_type":"attachment","post_mime_type":"image\/jpeg","comment_count":"0","pod_item_id":"18429"},{"ID":"18431","post_author":"2","post_date":"2025-03-08 00:27:26","post_date_gmt":"2025-03-07 23:27:26","post_content":"","post_title":"foto-636_5146","post_excerpt":"","post_status":"inherit","comment_status":"closed","ping_status":"closed","post_password":"","post_name":"foto-636_5146","to_ping":"","pinged":"","post_modified":"2025-04-21 12:50:23","post_modified_gmt":"2025-04-21 10:50:23","post_content_filtered":"","post_parent":"11668","guid":"https:\/\/spainfilmcommission.com\/wp-content\/uploads\/2025\/03\/foto-636_5146.jpg","menu_order":"0","post_type":"attachment","post_mime_type":"image\/jpeg","comment_count":"0","pod_item_id":"18431"},{"ID":"18433","post_author":"2","post_date":"2025-03-08 00:27:28","post_date_gmt":"2025-03-07 23:27:28","post_content":"","post_title":"foto-636_5147","post_excerpt":"","post_status":"inherit","comment_status":"closed","ping_status":"closed","post_password":"","post_name":"foto-636_5147","to_ping":"","pinged":"","post_modified":"2025-04-21 12:50:24","post_modified_gmt":"2025-04-21 10:50:24","post_content_filtered":"","post_parent":"11668","guid":"https:\/\/spainfilmcommission.com\/wp-content\/uploads\/2025\/03\/foto-636_5147.jpg","menu_order":"0","post_type":"attachment","post_mime_type":"image\/jpeg","comment_count":"0","pod_item_id":"18433"},{"ID":"18435","post_author":"2","post_date":"2025-03-08 00:27:31","post_date_gmt":"2025-03-07 23:27:31","post_content":"","post_title":"foto-636_5148","post_excerpt":"","post_status":"inherit","comment_status":"closed","ping_status":"closed","post_password":"","post_name":"foto-636_5148","to_ping":"","pinged":"","post_modified":"2025-04-21 12:50:24","post_modified_gmt":"2025-04-21 10:50:24","post_content_filtered":"","post_parent":"11668","guid":"https:\/\/spainfilmcommission.com\/wp-content\/uploads\/2025\/03\/foto-636_5148.jpg","menu_order":"0","post_type":"attachment","post_mime_type":"image\/jpeg","comment_count":"0","pod_item_id":"18435"},{"ID":"18437","post_author":"2","post_date":"2025-03-08 00:27:33","post_date_gmt":"2025-03-07 23:27:33","post_content":"","post_title":"foto-636_5149","post_excerpt":"","post_status":"inherit","comment_status":"closed","ping_status":"closed","post_password":"","post_name":"foto-636_5149","to_ping":"","pinged":"","post_modified":"2025-04-21 12:50:24","post_modified_gmt":"2025-04-21 10:50:24","post_content_filtered":"","post_parent":"11668","guid":"https:\/\/spainfilmcommission.com\/wp-content\/uploads\/2025\/03\/foto-636_5149.jpg","menu_order":"0","post_type":"attachment","post_mime_type":"image\/jpeg","comment_count":"0","pod_item_id":"18437"},{"ID":"18439","post_author":"2","post_date":"2025-03-08 00:27:35","post_date_gmt":"2025-03-07 23:27:35","post_content":"","post_title":"foto-636_5150","post_excerpt":"","post_status":"inherit","comment_status":"closed","ping_status":"closed","post_password":"","post_name":"foto-636_5150","to_ping":"","pinged":"","post_modified":"2025-04-21 12:50:24","post_modified_gmt":"2025-04-21 10:50:24","post_content_filtered":"","post_parent":"11668","guid":"https:\/\/spainfilmcommission.com\/wp-content\/uploads\/2025\/03\/foto-636_5150.jpg","menu_order":"0","post_type":"attachment","post_mime_type":"image\/jpeg","comment_count":"0","pod_item_id":"18439"}],"nombrepaginaes":"sierra-de-aralar","nombrepaginaen":"the-sierra-of-aralar","latitud_gps":"42\u00b056'57.3","longitud_gps":"1\u00b058'05.6","adicionaleses":"http:\/\/www.turismo.navarra.es\/esp\/organice-viaje\/recurso\/Patrimonio\/3064\/Sierra-de-Aralar.htm","adicionalesen":"http:\/\/www.turismo.navarra.es\/eng\/organice-viaje\/recurso.aspx?o=3064&","videoes":"","videoen":"","video2es":"","video2en":"","_links":{"self":[{"href":"https:\/\/spainfilmcommission.com\/en\/wp-json\/wp\/v2\/localizaciones\/localizacion\/11668","targetHints":{"allow":["GET"]}}],"collection":[{"href":"https:\/\/spainfilmcommission.com\/en\/wp-json\/wp\/v2\/localizaciones\/localizacion"}],"about":[{"href":"https:\/\/spainfilmcommission.com\/en\/wp-json\/wp\/v2\/types\/localizacion"}],"author":[{"embeddable":true,"href":"https:\/\/spainfilmcommission.com\/en\/wp-json\/wp\/v2\/users\/2"}],"wp:attachment":[{"href":"https:\/\/spainfilmcommission.com\/en\/wp-json\/wp\/v2\/media?parent=11668"}],"curies":[{"name":"wp","href":"https:\/\/api.w.org\/{rel}","templated":true}]}}