{"id":11614,"date":"2025-02-27T19:46:30","date_gmt":"2025-02-27T18:46:30","guid":{"rendered":"https:\/\/spainfilmcommission.com\/?post_type=localizacion&#038;p=11614"},"modified":"2025-04-22T09:49:57","modified_gmt":"2025-04-22T07:49:57","slug":"faros","status":"publish","type":"localizacion","link":"https:\/\/spainfilmcommission.com\/en\/ai-locations\/faros\/","title":{"rendered":"Faros"},"content":{"rendered":"","protected":false},"author":2,"template":"","meta":[],"class_list":["post-11614","localizacion","type-localizacion","status-publish","hentry"],"yoast_head":"<!-- This site is optimized with the Yoast SEO plugin v28.3 - https:\/\/yoast.com\/product\/yoast-seo-wordpress\/ -->\n<title>Rodar en Faros - Spain Film Commission<\/title>\n<meta name=\"description\" content=\"En esta p\u00e1gina encontrar\u00e1s una peque\u00f1a descripci\u00f3n, m\u00e1genes e informaci\u00f3n relevante para que te hagas una idea de c\u00f3mo es rodar en Faros\" \/>\n<meta name=\"robots\" content=\"index, follow, max-snippet:-1, max-image-preview:large, max-video-preview:-1\" \/>\n<link rel=\"canonical\" href=\"https:\/\/spainfilmcommission.com\/en\/ai-locations\/faros\/\" \/>\n<meta property=\"og:locale\" content=\"en_US\" \/>\n<meta property=\"og:type\" content=\"article\" \/>\n<meta property=\"og:title\" content=\"Rodar en Faros - Spain Film Commission\" \/>\n<meta property=\"og:description\" content=\"En esta p\u00e1gina encontrar\u00e1s una peque\u00f1a descripci\u00f3n, m\u00e1genes e informaci\u00f3n relevante para que te hagas una idea de c\u00f3mo es rodar en Faros\" \/>\n<meta property=\"og:url\" content=\"https:\/\/spainfilmcommission.com\/en\/ai-locations\/faros\/\" \/>\n<meta property=\"og:site_name\" content=\"Spain Film Commission\" \/>\n<meta property=\"article:modified_time\" content=\"2025-04-22T07:49:57+00:00\" \/>\n<meta name=\"twitter:card\" content=\"summary_large_image\" \/>\n<script type=\"application\/ld+json\" class=\"yoast-schema-graph\">{\"@context\":\"https:\\\/\\\/schema.org\",\"@graph\":[{\"@type\":\"WebPage\",\"@id\":\"https:\\\/\\\/spainfilmcommission.com\\\/en\\\/ai-locations\\\/faros\\\/\",\"url\":\"https:\\\/\\\/spainfilmcommission.com\\\/en\\\/ai-locations\\\/faros\\\/\",\"name\":\"Rodar en Faros - Spain Film Commission\",\"isPartOf\":{\"@id\":\"https:\\\/\\\/spainfilmcommission.com\\\/en\\\/#website\"},\"datePublished\":\"2025-02-27T18:46:30+00:00\",\"dateModified\":\"2025-04-22T07:49:57+00:00\",\"description\":\"En esta p\u00e1gina encontrar\u00e1s una peque\u00f1a descripci\u00f3n, m\u00e1genes e informaci\u00f3n relevante para que te hagas una idea de c\u00f3mo es rodar en Faros\",\"breadcrumb\":{\"@id\":\"https:\\\/\\\/spainfilmcommission.com\\\/en\\\/ai-locations\\\/faros\\\/#breadcrumb\"},\"inLanguage\":\"en-US\",\"potentialAction\":[{\"@type\":\"ReadAction\",\"target\":[\"https:\\\/\\\/spainfilmcommission.com\\\/en\\\/ai-locations\\\/faros\\\/\"]}]},{\"@type\":\"BreadcrumbList\",\"@id\":\"https:\\\/\\\/spainfilmcommission.com\\\/en\\\/ai-locations\\\/faros\\\/#breadcrumb\",\"itemListElement\":[{\"@type\":\"ListItem\",\"position\":1,\"name\":\"Portada\",\"item\":\"https:\\\/\\\/spainfilmcommission.com\\\/en\\\/\"},{\"@type\":\"ListItem\",\"position\":2,\"name\":\"Faros\"}]},{\"@type\":\"WebSite\",\"@id\":\"https:\\\/\\\/spainfilmcommission.com\\\/en\\\/#website\",\"url\":\"https:\\\/\\\/spainfilmcommission.com\\\/en\\\/\",\"name\":\"Spain Film Commission\",\"description\":\"\",\"publisher\":{\"@id\":\"https:\\\/\\\/spainfilmcommission.com\\\/en\\\/#organization\"},\"potentialAction\":[{\"@type\":\"SearchAction\",\"target\":{\"@type\":\"EntryPoint\",\"urlTemplate\":\"https:\\\/\\\/spainfilmcommission.com\\\/en\\\/?s={search_term_string}\"},\"query-input\":{\"@type\":\"PropertyValueSpecification\",\"valueRequired\":true,\"valueName\":\"search_term_string\"}}],\"inLanguage\":\"en-US\"},{\"@type\":\"Organization\",\"@id\":\"https:\\\/\\\/spainfilmcommission.com\\\/en\\\/#organization\",\"name\":\"Spain Film Commission\",\"url\":\"https:\\\/\\\/spainfilmcommission.com\\\/en\\\/\",\"logo\":{\"@type\":\"ImageObject\",\"inLanguage\":\"en-US\",\"@id\":\"https:\\\/\\\/spainfilmcommission.com\\\/en\\\/#\\\/schema\\\/logo\\\/image\\\/\",\"url\":\"https:\\\/\\\/spainfilmcommission.com\\\/wp-content\\\/uploads\\\/2024\\\/07\\\/SPC_COLOR.png\",\"contentUrl\":\"https:\\\/\\\/spainfilmcommission.com\\\/wp-content\\\/uploads\\\/2024\\\/07\\\/SPC_COLOR.png\",\"width\":1665,\"height\":1665,\"caption\":\"Spain Film Commission\"},\"image\":{\"@id\":\"https:\\\/\\\/spainfilmcommission.com\\\/en\\\/#\\\/schema\\\/logo\\\/image\\\/\"}}]}<\/script>\n<!-- \/ Yoast SEO plugin. -->","yoast_head_json":{"title":"Rodar en Faros - Spain Film Commission","description":"En esta p\u00e1gina encontrar\u00e1s una peque\u00f1a descripci\u00f3n, m\u00e1genes e informaci\u00f3n relevante para que te hagas una idea de c\u00f3mo es rodar en Faros","robots":{"index":"index","follow":"follow","max-snippet":"max-snippet:-1","max-image-preview":"max-image-preview:large","max-video-preview":"max-video-preview:-1"},"canonical":"https:\/\/spainfilmcommission.com\/en\/ai-locations\/faros\/","og_locale":"en_US","og_type":"article","og_title":"Rodar en Faros - Spain Film Commission","og_description":"En esta p\u00e1gina encontrar\u00e1s una peque\u00f1a descripci\u00f3n, m\u00e1genes e informaci\u00f3n relevante para que te hagas una idea de c\u00f3mo es rodar en Faros","og_url":"https:\/\/spainfilmcommission.com\/en\/ai-locations\/faros\/","og_site_name":"Spain Film Commission","article_modified_time":"2025-04-22T07:49:57+00:00","twitter_card":"summary_large_image","schema":{"@context":"https:\/\/schema.org","@graph":[{"@type":"WebPage","@id":"https:\/\/spainfilmcommission.com\/en\/ai-locations\/faros\/","url":"https:\/\/spainfilmcommission.com\/en\/ai-locations\/faros\/","name":"Rodar en Faros - Spain Film Commission","isPartOf":{"@id":"https:\/\/spainfilmcommission.com\/en\/#website"},"datePublished":"2025-02-27T18:46:30+00:00","dateModified":"2025-04-22T07:49:57+00:00","description":"En esta p\u00e1gina encontrar\u00e1s una peque\u00f1a descripci\u00f3n, m\u00e1genes e informaci\u00f3n relevante para que te hagas una idea de c\u00f3mo es rodar en Faros","breadcrumb":{"@id":"https:\/\/spainfilmcommission.com\/en\/ai-locations\/faros\/#breadcrumb"},"inLanguage":"en-US","potentialAction":[{"@type":"ReadAction","target":["https:\/\/spainfilmcommission.com\/en\/ai-locations\/faros\/"]}]},{"@type":"BreadcrumbList","@id":"https:\/\/spainfilmcommission.com\/en\/ai-locations\/faros\/#breadcrumb","itemListElement":[{"@type":"ListItem","position":1,"name":"Portada","item":"https:\/\/spainfilmcommission.com\/en\/"},{"@type":"ListItem","position":2,"name":"Faros"}]},{"@type":"WebSite","@id":"https:\/\/spainfilmcommission.com\/en\/#website","url":"https:\/\/spainfilmcommission.com\/en\/","name":"Spain Film Commission","description":"","publisher":{"@id":"https:\/\/spainfilmcommission.com\/en\/#organization"},"potentialAction":[{"@type":"SearchAction","target":{"@type":"EntryPoint","urlTemplate":"https:\/\/spainfilmcommission.com\/en\/?s={search_term_string}"},"query-input":{"@type":"PropertyValueSpecification","valueRequired":true,"valueName":"search_term_string"}}],"inLanguage":"en-US"},{"@type":"Organization","@id":"https:\/\/spainfilmcommission.com\/en\/#organization","name":"Spain Film Commission","url":"https:\/\/spainfilmcommission.com\/en\/","logo":{"@type":"ImageObject","inLanguage":"en-US","@id":"https:\/\/spainfilmcommission.com\/en\/#\/schema\/logo\/image\/","url":"https:\/\/spainfilmcommission.com\/wp-content\/uploads\/2024\/07\/SPC_COLOR.png","contentUrl":"https:\/\/spainfilmcommission.com\/wp-content\/uploads\/2024\/07\/SPC_COLOR.png","width":1665,"height":1665,"caption":"Spain Film Commission"},"image":{"@id":"https:\/\/spainfilmcommission.com\/en\/#\/schema\/logo\/image\/"}}]}},"socio":[{"ID":"39","user_login":"bilbao-bizkaia-film-commission","user_nicename":"bilbao-bizkaia-film-commission","display_name":"bilbao-bizkaia-film-commission","user_pass":"****************","user_email":"info@bifilmcommission.com","user_url":"","user_registered":"2024-12-19 17:33:51","id":39}],"nombrees":"Faros","nombreen":"Lighthouses","localidad":"Bizkaia","provincia":"Vizcaya","coordenadas_maps":",","latitud":[],"longitud":[],"direcciones":"","direccionen":"","cod_postal":[],"telefono":"","fax":"","mail":"","web":"","descripciones":"","descripcionen":"","galeria":[{"ID":"17631","post_author":"2","post_date":"2025-03-08 00:12:30","post_date_gmt":"2025-03-07 23:12:30","post_content":"","post_title":"foto-578_4409","post_excerpt":"","post_status":"inherit","comment_status":"closed","ping_status":"closed","post_password":"","post_name":"foto-578_4409","to_ping":"","pinged":"","post_modified":"2025-04-22 09:49:58","post_modified_gmt":"2025-04-22 07:49:58","post_content_filtered":"","post_parent":"11614","guid":"https:\/\/spainfilmcommission.com\/wp-content\/uploads\/2025\/03\/foto-578_4409.jpg","menu_order":"0","post_type":"attachment","post_mime_type":"image\/jpeg","comment_count":"0","pod_item_id":"17631"},{"ID":"17633","post_author":"2","post_date":"2025-03-08 00:12:32","post_date_gmt":"2025-03-07 23:12:32","post_content":"","post_title":"foto-578_4410","post_excerpt":"","post_status":"inherit","comment_status":"closed","ping_status":"closed","post_password":"","post_name":"foto-578_4410","to_ping":"","pinged":"","post_modified":"2025-04-22 09:49:58","post_modified_gmt":"2025-04-22 07:49:58","post_content_filtered":"","post_parent":"11614","guid":"https:\/\/spainfilmcommission.com\/wp-content\/uploads\/2025\/03\/foto-578_4410.jpg","menu_order":"0","post_type":"attachment","post_mime_type":"image\/jpeg","comment_count":"0","pod_item_id":"17633"},{"ID":"17635","post_author":"2","post_date":"2025-03-08 00:12:34","post_date_gmt":"2025-03-07 23:12:34","post_content":"","post_title":"foto-578_4411","post_excerpt":"","post_status":"inherit","comment_status":"closed","ping_status":"closed","post_password":"","post_name":"foto-578_4411","to_ping":"","pinged":"","post_modified":"2025-04-22 09:49:58","post_modified_gmt":"2025-04-22 07:49:58","post_content_filtered":"","post_parent":"11614","guid":"https:\/\/spainfilmcommission.com\/wp-content\/uploads\/2025\/03\/foto-578_4411.jpg","menu_order":"0","post_type":"attachment","post_mime_type":"image\/jpeg","comment_count":"0","pod_item_id":"17635"},{"ID":"17637","post_author":"2","post_date":"2025-03-08 00:12:35","post_date_gmt":"2025-03-07 23:12:35","post_content":"","post_title":"foto-578_4412","post_excerpt":"","post_status":"inherit","comment_status":"closed","ping_status":"closed","post_password":"","post_name":"foto-578_4412","to_ping":"","pinged":"","post_modified":"2025-04-22 09:49:58","post_modified_gmt":"2025-04-22 07:49:58","post_content_filtered":"","post_parent":"11614","guid":"https:\/\/spainfilmcommission.com\/wp-content\/uploads\/2025\/03\/foto-578_4412.jpg","menu_order":"0","post_type":"attachment","post_mime_type":"image\/jpeg","comment_count":"0","pod_item_id":"17637"},{"ID":"17639","post_author":"2","post_date":"2025-03-08 00:12:37","post_date_gmt":"2025-03-07 23:12:37","post_content":"","post_title":"foto-578_4413","post_excerpt":"","post_status":"inherit","comment_status":"closed","ping_status":"closed","post_password":"","post_name":"foto-578_4413","to_ping":"","pinged":"","post_modified":"2025-04-22 09:49:58","post_modified_gmt":"2025-04-22 07:49:58","post_content_filtered":"","post_parent":"11614","guid":"https:\/\/spainfilmcommission.com\/wp-content\/uploads\/2025\/03\/foto-578_4413.jpg","menu_order":"0","post_type":"attachment","post_mime_type":"image\/jpeg","comment_count":"0","pod_item_id":"17639"},{"ID":"17641","post_author":"2","post_date":"2025-03-08 00:12:39","post_date_gmt":"2025-03-07 23:12:39","post_content":"","post_title":"foto-578_4414","post_excerpt":"","post_status":"inherit","comment_status":"closed","ping_status":"closed","post_password":"","post_name":"foto-578_4414","to_ping":"","pinged":"","post_modified":"2025-04-22 09:49:58","post_modified_gmt":"2025-04-22 07:49:58","post_content_filtered":"","post_parent":"11614","guid":"https:\/\/spainfilmcommission.com\/wp-content\/uploads\/2025\/03\/foto-578_4414.jpg","menu_order":"0","post_type":"attachment","post_mime_type":"image\/jpeg","comment_count":"0","pod_item_id":"17641"},{"ID":"17643","post_author":"2","post_date":"2025-03-08 00:12:41","post_date_gmt":"2025-03-07 23:12:41","post_content":"","post_title":"foto-578_4415","post_excerpt":"","post_status":"inherit","comment_status":"closed","ping_status":"closed","post_password":"","post_name":"foto-578_4415","to_ping":"","pinged":"","post_modified":"2025-04-22 09:49:58","post_modified_gmt":"2025-04-22 07:49:58","post_content_filtered":"","post_parent":"11614","guid":"https:\/\/spainfilmcommission.com\/wp-content\/uploads\/2025\/03\/foto-578_4415.jpg","menu_order":"0","post_type":"attachment","post_mime_type":"image\/jpeg","comment_count":"0","pod_item_id":"17643"},{"ID":"17645","post_author":"2","post_date":"2025-03-08 00:12:43","post_date_gmt":"2025-03-07 23:12:43","post_content":"","post_title":"foto-578_4416","post_excerpt":"","post_status":"inherit","comment_status":"closed","ping_status":"closed","post_password":"","post_name":"foto-578_4416","to_ping":"","pinged":"","post_modified":"2025-04-22 09:49:58","post_modified_gmt":"2025-04-22 07:49:58","post_content_filtered":"","post_parent":"11614","guid":"https:\/\/spainfilmcommission.com\/wp-content\/uploads\/2025\/03\/foto-578_4416.jpg","menu_order":"0","post_type":"attachment","post_mime_type":"image\/jpeg","comment_count":"0","pod_item_id":"17645"},{"ID":"17647","post_author":"2","post_date":"2025-03-08 00:12:47","post_date_gmt":"2025-03-07 23:12:47","post_content":"","post_title":"foto-578_4417","post_excerpt":"","post_status":"inherit","comment_status":"closed","ping_status":"closed","post_password":"","post_name":"foto-578_4417","to_ping":"","pinged":"","post_modified":"2025-04-22 09:49:58","post_modified_gmt":"2025-04-22 07:49:58","post_content_filtered":"","post_parent":"11614","guid":"https:\/\/spainfilmcommission.com\/wp-content\/uploads\/2025\/03\/foto-578_4417.jpg","menu_order":"0","post_type":"attachment","post_mime_type":"image\/jpeg","comment_count":"0","pod_item_id":"17647"},{"ID":"17649","post_author":"2","post_date":"2025-03-08 00:12:49","post_date_gmt":"2025-03-07 23:12:49","post_content":"","post_title":"foto-578_4418","post_excerpt":"","post_status":"inherit","comment_status":"closed","ping_status":"closed","post_password":"","post_name":"foto-578_4418","to_ping":"","pinged":"","post_modified":"2025-04-22 09:49:58","post_modified_gmt":"2025-04-22 07:49:58","post_content_filtered":"","post_parent":"11614","guid":"https:\/\/spainfilmcommission.com\/wp-content\/uploads\/2025\/03\/foto-578_4418.jpg","menu_order":"0","post_type":"attachment","post_mime_type":"image\/jpeg","comment_count":"0","pod_item_id":"17649"}],"nombrepaginaes":"faros","nombrepaginaen":"lighthouses","latitud_gps":"","longitud_gps":"","adicionaleses":"","adicionalesen":"","videoes":"","videoen":"","video2es":"","video2en":"","_links":{"self":[{"href":"https:\/\/spainfilmcommission.com\/en\/wp-json\/wp\/v2\/localizaciones\/localizacion\/11614","targetHints":{"allow":["GET"]}}],"collection":[{"href":"https:\/\/spainfilmcommission.com\/en\/wp-json\/wp\/v2\/localizaciones\/localizacion"}],"about":[{"href":"https:\/\/spainfilmcommission.com\/en\/wp-json\/wp\/v2\/types\/localizacion"}],"author":[{"embeddable":true,"href":"https:\/\/spainfilmcommission.com\/en\/wp-json\/wp\/v2\/users\/2"}],"wp:attachment":[{"href":"https:\/\/spainfilmcommission.com\/en\/wp-json\/wp\/v2\/media?parent=11614"}],"curies":[{"name":"wp","href":"https:\/\/api.w.org\/{rel}","templated":true}]}}