{"id":11563,"date":"2025-02-27T18:37:19","date_gmt":"2025-02-27T17:37:19","guid":{"rendered":"https:\/\/spainfilmcommission.com\/?post_type=localizacion&#038;p=11563"},"modified":"2025-04-22T08:08:45","modified_gmt":"2025-04-22T06:08:45","slug":"palacio-del-infantado","status":"publish","type":"localizacion","link":"https:\/\/spainfilmcommission.com\/en\/ai-locations\/palacio-del-infantado\/","title":{"rendered":"Palacio del Infantado"},"content":{"rendered":"","protected":false},"author":2,"template":"","meta":[],"class_list":["post-11563","localizacion","type-localizacion","status-publish","hentry"],"yoast_head":"<!-- This site is optimized with the Yoast SEO plugin v28.3 - https:\/\/yoast.com\/product\/yoast-seo-wordpress\/ -->\n<title>Rodar en Palacio del Infantado - Spain Film Commission<\/title>\n<meta name=\"description\" content=\"En esta p\u00e1gina encontrar\u00e1s una peque\u00f1a descripci\u00f3n, m\u00e1genes e informaci\u00f3n relevante para que te hagas una idea de c\u00f3mo es rodar en Palacio del Infantado\" \/>\n<meta name=\"robots\" content=\"index, follow, max-snippet:-1, max-image-preview:large, max-video-preview:-1\" \/>\n<link rel=\"canonical\" href=\"https:\/\/spainfilmcommission.com\/en\/ai-locations\/palacio-del-infantado\/\" \/>\n<meta property=\"og:locale\" content=\"en_US\" \/>\n<meta property=\"og:type\" content=\"article\" \/>\n<meta property=\"og:title\" content=\"Rodar en Palacio del Infantado - Spain Film Commission\" \/>\n<meta property=\"og:description\" content=\"En esta p\u00e1gina encontrar\u00e1s una peque\u00f1a descripci\u00f3n, m\u00e1genes e informaci\u00f3n relevante para que te hagas una idea de c\u00f3mo es rodar en Palacio del Infantado\" \/>\n<meta property=\"og:url\" content=\"https:\/\/spainfilmcommission.com\/en\/ai-locations\/palacio-del-infantado\/\" \/>\n<meta property=\"og:site_name\" content=\"Spain Film Commission\" \/>\n<meta property=\"article:modified_time\" content=\"2025-04-22T06:08:45+00:00\" \/>\n<meta name=\"twitter:card\" content=\"summary_large_image\" \/>\n<script type=\"application\/ld+json\" class=\"yoast-schema-graph\">{\"@context\":\"https:\\\/\\\/schema.org\",\"@graph\":[{\"@type\":\"WebPage\",\"@id\":\"https:\\\/\\\/spainfilmcommission.com\\\/en\\\/ai-locations\\\/palacio-del-infantado\\\/\",\"url\":\"https:\\\/\\\/spainfilmcommission.com\\\/en\\\/ai-locations\\\/palacio-del-infantado\\\/\",\"name\":\"Rodar en Palacio del Infantado - Spain Film Commission\",\"isPartOf\":{\"@id\":\"https:\\\/\\\/spainfilmcommission.com\\\/en\\\/#website\"},\"datePublished\":\"2025-02-27T17:37:19+00:00\",\"dateModified\":\"2025-04-22T06:08:45+00:00\",\"description\":\"En esta p\u00e1gina encontrar\u00e1s una peque\u00f1a descripci\u00f3n, m\u00e1genes e informaci\u00f3n relevante para que te hagas una idea de c\u00f3mo es rodar en Palacio del Infantado\",\"breadcrumb\":{\"@id\":\"https:\\\/\\\/spainfilmcommission.com\\\/en\\\/ai-locations\\\/palacio-del-infantado\\\/#breadcrumb\"},\"inLanguage\":\"en-US\",\"potentialAction\":[{\"@type\":\"ReadAction\",\"target\":[\"https:\\\/\\\/spainfilmcommission.com\\\/en\\\/ai-locations\\\/palacio-del-infantado\\\/\"]}]},{\"@type\":\"BreadcrumbList\",\"@id\":\"https:\\\/\\\/spainfilmcommission.com\\\/en\\\/ai-locations\\\/palacio-del-infantado\\\/#breadcrumb\",\"itemListElement\":[{\"@type\":\"ListItem\",\"position\":1,\"name\":\"Portada\",\"item\":\"https:\\\/\\\/spainfilmcommission.com\\\/en\\\/\"},{\"@type\":\"ListItem\",\"position\":2,\"name\":\"Palacio del Infantado\"}]},{\"@type\":\"WebSite\",\"@id\":\"https:\\\/\\\/spainfilmcommission.com\\\/en\\\/#website\",\"url\":\"https:\\\/\\\/spainfilmcommission.com\\\/en\\\/\",\"name\":\"Spain Film Commission\",\"description\":\"\",\"publisher\":{\"@id\":\"https:\\\/\\\/spainfilmcommission.com\\\/en\\\/#organization\"},\"potentialAction\":[{\"@type\":\"SearchAction\",\"target\":{\"@type\":\"EntryPoint\",\"urlTemplate\":\"https:\\\/\\\/spainfilmcommission.com\\\/en\\\/?s={search_term_string}\"},\"query-input\":{\"@type\":\"PropertyValueSpecification\",\"valueRequired\":true,\"valueName\":\"search_term_string\"}}],\"inLanguage\":\"en-US\"},{\"@type\":\"Organization\",\"@id\":\"https:\\\/\\\/spainfilmcommission.com\\\/en\\\/#organization\",\"name\":\"Spain Film Commission\",\"url\":\"https:\\\/\\\/spainfilmcommission.com\\\/en\\\/\",\"logo\":{\"@type\":\"ImageObject\",\"inLanguage\":\"en-US\",\"@id\":\"https:\\\/\\\/spainfilmcommission.com\\\/en\\\/#\\\/schema\\\/logo\\\/image\\\/\",\"url\":\"https:\\\/\\\/spainfilmcommission.com\\\/wp-content\\\/uploads\\\/2024\\\/07\\\/SPC_COLOR.png\",\"contentUrl\":\"https:\\\/\\\/spainfilmcommission.com\\\/wp-content\\\/uploads\\\/2024\\\/07\\\/SPC_COLOR.png\",\"width\":1665,\"height\":1665,\"caption\":\"Spain Film Commission\"},\"image\":{\"@id\":\"https:\\\/\\\/spainfilmcommission.com\\\/en\\\/#\\\/schema\\\/logo\\\/image\\\/\"}}]}<\/script>\n<!-- \/ Yoast SEO plugin. -->","yoast_head_json":{"title":"Rodar en Palacio del Infantado - Spain Film Commission","description":"En esta p\u00e1gina encontrar\u00e1s una peque\u00f1a descripci\u00f3n, m\u00e1genes e informaci\u00f3n relevante para que te hagas una idea de c\u00f3mo es rodar en Palacio del Infantado","robots":{"index":"index","follow":"follow","max-snippet":"max-snippet:-1","max-image-preview":"max-image-preview:large","max-video-preview":"max-video-preview:-1"},"canonical":"https:\/\/spainfilmcommission.com\/en\/ai-locations\/palacio-del-infantado\/","og_locale":"en_US","og_type":"article","og_title":"Rodar en Palacio del Infantado - Spain Film Commission","og_description":"En esta p\u00e1gina encontrar\u00e1s una peque\u00f1a descripci\u00f3n, m\u00e1genes e informaci\u00f3n relevante para que te hagas una idea de c\u00f3mo es rodar en Palacio del Infantado","og_url":"https:\/\/spainfilmcommission.com\/en\/ai-locations\/palacio-del-infantado\/","og_site_name":"Spain Film Commission","article_modified_time":"2025-04-22T06:08:45+00:00","twitter_card":"summary_large_image","schema":{"@context":"https:\/\/schema.org","@graph":[{"@type":"WebPage","@id":"https:\/\/spainfilmcommission.com\/en\/ai-locations\/palacio-del-infantado\/","url":"https:\/\/spainfilmcommission.com\/en\/ai-locations\/palacio-del-infantado\/","name":"Rodar en Palacio del Infantado - Spain Film Commission","isPartOf":{"@id":"https:\/\/spainfilmcommission.com\/en\/#website"},"datePublished":"2025-02-27T17:37:19+00:00","dateModified":"2025-04-22T06:08:45+00:00","description":"En esta p\u00e1gina encontrar\u00e1s una peque\u00f1a descripci\u00f3n, m\u00e1genes e informaci\u00f3n relevante para que te hagas una idea de c\u00f3mo es rodar en Palacio del Infantado","breadcrumb":{"@id":"https:\/\/spainfilmcommission.com\/en\/ai-locations\/palacio-del-infantado\/#breadcrumb"},"inLanguage":"en-US","potentialAction":[{"@type":"ReadAction","target":["https:\/\/spainfilmcommission.com\/en\/ai-locations\/palacio-del-infantado\/"]}]},{"@type":"BreadcrumbList","@id":"https:\/\/spainfilmcommission.com\/en\/ai-locations\/palacio-del-infantado\/#breadcrumb","itemListElement":[{"@type":"ListItem","position":1,"name":"Portada","item":"https:\/\/spainfilmcommission.com\/en\/"},{"@type":"ListItem","position":2,"name":"Palacio del Infantado"}]},{"@type":"WebSite","@id":"https:\/\/spainfilmcommission.com\/en\/#website","url":"https:\/\/spainfilmcommission.com\/en\/","name":"Spain Film Commission","description":"","publisher":{"@id":"https:\/\/spainfilmcommission.com\/en\/#organization"},"potentialAction":[{"@type":"SearchAction","target":{"@type":"EntryPoint","urlTemplate":"https:\/\/spainfilmcommission.com\/en\/?s={search_term_string}"},"query-input":{"@type":"PropertyValueSpecification","valueRequired":true,"valueName":"search_term_string"}}],"inLanguage":"en-US"},{"@type":"Organization","@id":"https:\/\/spainfilmcommission.com\/en\/#organization","name":"Spain Film Commission","url":"https:\/\/spainfilmcommission.com\/en\/","logo":{"@type":"ImageObject","inLanguage":"en-US","@id":"https:\/\/spainfilmcommission.com\/en\/#\/schema\/logo\/image\/","url":"https:\/\/spainfilmcommission.com\/wp-content\/uploads\/2024\/07\/SPC_COLOR.png","contentUrl":"https:\/\/spainfilmcommission.com\/wp-content\/uploads\/2024\/07\/SPC_COLOR.png","width":1665,"height":1665,"caption":"Spain Film Commission"},"image":{"@id":"https:\/\/spainfilmcommission.com\/en\/#\/schema\/logo\/image\/"}}]}},"socio":[{"ID":"54","user_login":"castilla-la-mancha-film-commission","user_nicename":"castilla-la-mancha-film-commission","display_name":"castilla-la-mancha-film-commission","user_pass":"****************","user_email":"info@castillalamanchafilm.com","user_url":"","user_registered":"2024-12-19 18:53:18","id":54}],"nombrees":"Palacio del Infantado","nombreen":"Palacio del Infantado","localidad":"Guadalajara","provincia":"Guadalajara","coordenadas_maps":"40.636296, -3.168467","latitud":"40.636296000000","longitud":"-3.168467000000","direcciones":"","direccionen":"","cod_postal":[],"telefono":"","fax":"","mail":"","web":"http:\/\/www.castillalamanchafilm.com\/menu\/localizaciones\/id22-palacio-del-infantado.html","descripciones":"Este edificio es la mejor representaci\u00f3n del pensamiento de los pr\u00edncipes renacentistas espa\u00f1oles. El duque \u00cd\u00f1igo de Mendoza mand\u00f3 erigirlo como muestra de su poder y su posici\u00f3n. Todo en el edificio respira esplendor, desde su fachada hasta las decoraciones interiores. Cristianos y musulmanes colaboraron en su construcci\u00f3n, dirigidos por el arquitecto Juan Guas, raz\u00f3n por la que est\u00e1n presentes elementos renacentistas, g\u00f3tico del norte de Europa y decoraciones isl\u00e1micas. Su magnificencia es tal que los reyes Felipe II -Austria- y Felipe V -Borb\u00f3n- lo eligieron para celebrar all\u00ed sus bodas.","descripcionen":"This building is the best representation of the thought of the Spanish Renaissance princes. The Duke \u00cd\u00f1igo de Mendoza ordered to erect it as a sign of his power and position. Everything in the building breathes splendor, from its facade to the interior decorations. Christians and Muslims collaborated in its construction, directed by the architect Juan Guas, which is why there are Renaissance, Gothic elements from northern Europe and Islamic decorations. Its magnificence is such that the kings Felipe II -Austria- and Felipe V -Borb\u00f3n- chose it to celebrate their weddings there.","galeria":[{"ID":"16517","post_author":"2","post_date":"2025-03-07 23:51:41","post_date_gmt":"2025-03-07 22:51:41","post_content":"","post_title":"foto-523_3774","post_excerpt":"","post_status":"inherit","comment_status":"closed","ping_status":"closed","post_password":"","post_name":"foto-523_3774","to_ping":"","pinged":"","post_modified":"2025-04-22 08:08:45","post_modified_gmt":"2025-04-22 06:08:45","post_content_filtered":"","post_parent":"11563","guid":"https:\/\/spainfilmcommission.com\/wp-content\/uploads\/2025\/03\/foto-523_3774.jpg","menu_order":"0","post_type":"attachment","post_mime_type":"image\/jpeg","comment_count":"0","pod_item_id":"16517"},{"ID":"16519","post_author":"2","post_date":"2025-03-07 23:51:43","post_date_gmt":"2025-03-07 22:51:43","post_content":"","post_title":"foto-523_3775","post_excerpt":"","post_status":"inherit","comment_status":"closed","ping_status":"closed","post_password":"","post_name":"foto-523_3775","to_ping":"","pinged":"","post_modified":"2025-04-22 08:08:45","post_modified_gmt":"2025-04-22 06:08:45","post_content_filtered":"","post_parent":"11563","guid":"https:\/\/spainfilmcommission.com\/wp-content\/uploads\/2025\/03\/foto-523_3775.jpg","menu_order":"0","post_type":"attachment","post_mime_type":"image\/jpeg","comment_count":"0","pod_item_id":"16519"},{"ID":"16521","post_author":"2","post_date":"2025-03-07 23:51:45","post_date_gmt":"2025-03-07 22:51:45","post_content":"","post_title":"foto-523_3776","post_excerpt":"","post_status":"inherit","comment_status":"closed","ping_status":"closed","post_password":"","post_name":"foto-523_3776","to_ping":"","pinged":"","post_modified":"2025-04-22 08:08:45","post_modified_gmt":"2025-04-22 06:08:45","post_content_filtered":"","post_parent":"11563","guid":"https:\/\/spainfilmcommission.com\/wp-content\/uploads\/2025\/03\/foto-523_3776.jpg","menu_order":"0","post_type":"attachment","post_mime_type":"image\/jpeg","comment_count":"0","pod_item_id":"16521"},{"ID":"16523","post_author":"2","post_date":"2025-03-07 23:51:46","post_date_gmt":"2025-03-07 22:51:46","post_content":"","post_title":"foto-523_3777","post_excerpt":"","post_status":"inherit","comment_status":"closed","ping_status":"closed","post_password":"","post_name":"foto-523_3777","to_ping":"","pinged":"","post_modified":"2025-04-22 08:08:45","post_modified_gmt":"2025-04-22 06:08:45","post_content_filtered":"","post_parent":"11563","guid":"https:\/\/spainfilmcommission.com\/wp-content\/uploads\/2025\/03\/foto-523_3777.jpg","menu_order":"0","post_type":"attachment","post_mime_type":"image\/jpeg","comment_count":"0","pod_item_id":"16523"},{"ID":"16525","post_author":"2","post_date":"2025-03-07 23:51:48","post_date_gmt":"2025-03-07 22:51:48","post_content":"","post_title":"foto-523_3778","post_excerpt":"","post_status":"inherit","comment_status":"closed","ping_status":"closed","post_password":"","post_name":"foto-523_3778","to_ping":"","pinged":"","post_modified":"2025-04-22 08:08:45","post_modified_gmt":"2025-04-22 06:08:45","post_content_filtered":"","post_parent":"11563","guid":"https:\/\/spainfilmcommission.com\/wp-content\/uploads\/2025\/03\/foto-523_3778.jpg","menu_order":"0","post_type":"attachment","post_mime_type":"image\/jpeg","comment_count":"0","pod_item_id":"16525"},{"ID":"16527","post_author":"2","post_date":"2025-03-07 23:51:50","post_date_gmt":"2025-03-07 22:51:50","post_content":"","post_title":"foto-523_3779","post_excerpt":"","post_status":"inherit","comment_status":"closed","ping_status":"closed","post_password":"","post_name":"foto-523_3779","to_ping":"","pinged":"","post_modified":"2025-04-22 08:08:45","post_modified_gmt":"2025-04-22 06:08:45","post_content_filtered":"","post_parent":"11563","guid":"https:\/\/spainfilmcommission.com\/wp-content\/uploads\/2025\/03\/foto-523_3779.jpg","menu_order":"0","post_type":"attachment","post_mime_type":"image\/jpeg","comment_count":"0","pod_item_id":"16527"},{"ID":"16529","post_author":"2","post_date":"2025-03-07 23:51:52","post_date_gmt":"2025-03-07 22:51:52","post_content":"","post_title":"foto-523_3780","post_excerpt":"","post_status":"inherit","comment_status":"closed","ping_status":"closed","post_password":"","post_name":"foto-523_3780","to_ping":"","pinged":"","post_modified":"2025-04-22 08:08:45","post_modified_gmt":"2025-04-22 06:08:45","post_content_filtered":"","post_parent":"11563","guid":"https:\/\/spainfilmcommission.com\/wp-content\/uploads\/2025\/03\/foto-523_3780.jpg","menu_order":"0","post_type":"attachment","post_mime_type":"image\/jpeg","comment_count":"0","pod_item_id":"16529"}],"nombrepaginaes":"palacio-del-infantado","nombrepaginaen":"palacio-del-infantado","latitud_gps":"","longitud_gps":"","adicionaleses":"","adicionalesen":"","videoes":"","videoen":"","video2es":"","video2en":"","_links":{"self":[{"href":"https:\/\/spainfilmcommission.com\/en\/wp-json\/wp\/v2\/localizaciones\/localizacion\/11563","targetHints":{"allow":["GET"]}}],"collection":[{"href":"https:\/\/spainfilmcommission.com\/en\/wp-json\/wp\/v2\/localizaciones\/localizacion"}],"about":[{"href":"https:\/\/spainfilmcommission.com\/en\/wp-json\/wp\/v2\/types\/localizacion"}],"author":[{"embeddable":true,"href":"https:\/\/spainfilmcommission.com\/en\/wp-json\/wp\/v2\/users\/2"}],"wp:attachment":[{"href":"https:\/\/spainfilmcommission.com\/en\/wp-json\/wp\/v2\/media?parent=11563"}],"curies":[{"name":"wp","href":"https:\/\/api.w.org\/{rel}","templated":true}]}}