{"id":11558,"date":"2025-02-27T18:37:19","date_gmt":"2025-02-27T17:37:19","guid":{"rendered":"https:\/\/spainfilmcommission.com\/?post_type=localizacion&#038;p=11558"},"modified":"2025-04-22T09:46:49","modified_gmt":"2025-04-22T07:46:49","slug":"hayedo-de-tejera-negra","status":"publish","type":"localizacion","link":"https:\/\/spainfilmcommission.com\/en\/ai-locations\/hayedo-de-tejera-negra\/","title":{"rendered":"Hayedo de Tejera Negra"},"content":{"rendered":"","protected":false},"author":2,"template":"","meta":[],"class_list":["post-11558","localizacion","type-localizacion","status-publish","hentry"],"yoast_head":"<!-- This site is optimized with the Yoast SEO plugin v28.3 - https:\/\/yoast.com\/product\/yoast-seo-wordpress\/ -->\n<title>Rodar en Hayedo de Tejera Negra - Spain Film Commission<\/title>\n<meta name=\"description\" content=\"En esta p\u00e1gina encontrar\u00e1s una peque\u00f1a descripci\u00f3n, m\u00e1genes e informaci\u00f3n relevante para que te hagas una idea de c\u00f3mo es rodar en Hayedo de Tejera Negra\" \/>\n<meta name=\"robots\" content=\"index, follow, max-snippet:-1, max-image-preview:large, max-video-preview:-1\" \/>\n<link rel=\"canonical\" href=\"https:\/\/spainfilmcommission.com\/en\/ai-locations\/hayedo-de-tejera-negra\/\" \/>\n<meta property=\"og:locale\" content=\"en_US\" \/>\n<meta property=\"og:type\" content=\"article\" \/>\n<meta property=\"og:title\" content=\"Rodar en Hayedo de Tejera Negra - Spain Film Commission\" \/>\n<meta property=\"og:description\" content=\"En esta p\u00e1gina encontrar\u00e1s una peque\u00f1a descripci\u00f3n, m\u00e1genes e informaci\u00f3n relevante para que te hagas una idea de c\u00f3mo es rodar en Hayedo de Tejera Negra\" \/>\n<meta property=\"og:url\" content=\"https:\/\/spainfilmcommission.com\/en\/ai-locations\/hayedo-de-tejera-negra\/\" \/>\n<meta property=\"og:site_name\" content=\"Spain Film Commission\" \/>\n<meta property=\"article:modified_time\" content=\"2025-04-22T07:46:49+00:00\" \/>\n<meta name=\"twitter:card\" content=\"summary_large_image\" \/>\n<script type=\"application\/ld+json\" class=\"yoast-schema-graph\">{\"@context\":\"https:\\\/\\\/schema.org\",\"@graph\":[{\"@type\":\"WebPage\",\"@id\":\"https:\\\/\\\/spainfilmcommission.com\\\/en\\\/ai-locations\\\/hayedo-de-tejera-negra\\\/\",\"url\":\"https:\\\/\\\/spainfilmcommission.com\\\/en\\\/ai-locations\\\/hayedo-de-tejera-negra\\\/\",\"name\":\"Rodar en Hayedo de Tejera Negra - Spain Film Commission\",\"isPartOf\":{\"@id\":\"https:\\\/\\\/spainfilmcommission.com\\\/en\\\/#website\"},\"datePublished\":\"2025-02-27T17:37:19+00:00\",\"dateModified\":\"2025-04-22T07:46:49+00:00\",\"description\":\"En esta p\u00e1gina encontrar\u00e1s una peque\u00f1a descripci\u00f3n, m\u00e1genes e informaci\u00f3n relevante para que te hagas una idea de c\u00f3mo es rodar en Hayedo de Tejera Negra\",\"breadcrumb\":{\"@id\":\"https:\\\/\\\/spainfilmcommission.com\\\/en\\\/ai-locations\\\/hayedo-de-tejera-negra\\\/#breadcrumb\"},\"inLanguage\":\"en-US\",\"potentialAction\":[{\"@type\":\"ReadAction\",\"target\":[\"https:\\\/\\\/spainfilmcommission.com\\\/en\\\/ai-locations\\\/hayedo-de-tejera-negra\\\/\"]}]},{\"@type\":\"BreadcrumbList\",\"@id\":\"https:\\\/\\\/spainfilmcommission.com\\\/en\\\/ai-locations\\\/hayedo-de-tejera-negra\\\/#breadcrumb\",\"itemListElement\":[{\"@type\":\"ListItem\",\"position\":1,\"name\":\"Portada\",\"item\":\"https:\\\/\\\/spainfilmcommission.com\\\/en\\\/\"},{\"@type\":\"ListItem\",\"position\":2,\"name\":\"Hayedo de Tejera Negra\"}]},{\"@type\":\"WebSite\",\"@id\":\"https:\\\/\\\/spainfilmcommission.com\\\/en\\\/#website\",\"url\":\"https:\\\/\\\/spainfilmcommission.com\\\/en\\\/\",\"name\":\"Spain Film Commission\",\"description\":\"\",\"publisher\":{\"@id\":\"https:\\\/\\\/spainfilmcommission.com\\\/en\\\/#organization\"},\"potentialAction\":[{\"@type\":\"SearchAction\",\"target\":{\"@type\":\"EntryPoint\",\"urlTemplate\":\"https:\\\/\\\/spainfilmcommission.com\\\/en\\\/?s={search_term_string}\"},\"query-input\":{\"@type\":\"PropertyValueSpecification\",\"valueRequired\":true,\"valueName\":\"search_term_string\"}}],\"inLanguage\":\"en-US\"},{\"@type\":\"Organization\",\"@id\":\"https:\\\/\\\/spainfilmcommission.com\\\/en\\\/#organization\",\"name\":\"Spain Film Commission\",\"url\":\"https:\\\/\\\/spainfilmcommission.com\\\/en\\\/\",\"logo\":{\"@type\":\"ImageObject\",\"inLanguage\":\"en-US\",\"@id\":\"https:\\\/\\\/spainfilmcommission.com\\\/en\\\/#\\\/schema\\\/logo\\\/image\\\/\",\"url\":\"https:\\\/\\\/spainfilmcommission.com\\\/wp-content\\\/uploads\\\/2024\\\/07\\\/SPC_COLOR.png\",\"contentUrl\":\"https:\\\/\\\/spainfilmcommission.com\\\/wp-content\\\/uploads\\\/2024\\\/07\\\/SPC_COLOR.png\",\"width\":1665,\"height\":1665,\"caption\":\"Spain Film Commission\"},\"image\":{\"@id\":\"https:\\\/\\\/spainfilmcommission.com\\\/en\\\/#\\\/schema\\\/logo\\\/image\\\/\"}}]}<\/script>\n<!-- \/ Yoast SEO plugin. -->","yoast_head_json":{"title":"Rodar en Hayedo de Tejera Negra - Spain Film Commission","description":"En esta p\u00e1gina encontrar\u00e1s una peque\u00f1a descripci\u00f3n, m\u00e1genes e informaci\u00f3n relevante para que te hagas una idea de c\u00f3mo es rodar en Hayedo de Tejera Negra","robots":{"index":"index","follow":"follow","max-snippet":"max-snippet:-1","max-image-preview":"max-image-preview:large","max-video-preview":"max-video-preview:-1"},"canonical":"https:\/\/spainfilmcommission.com\/en\/ai-locations\/hayedo-de-tejera-negra\/","og_locale":"en_US","og_type":"article","og_title":"Rodar en Hayedo de Tejera Negra - Spain Film Commission","og_description":"En esta p\u00e1gina encontrar\u00e1s una peque\u00f1a descripci\u00f3n, m\u00e1genes e informaci\u00f3n relevante para que te hagas una idea de c\u00f3mo es rodar en Hayedo de Tejera Negra","og_url":"https:\/\/spainfilmcommission.com\/en\/ai-locations\/hayedo-de-tejera-negra\/","og_site_name":"Spain Film Commission","article_modified_time":"2025-04-22T07:46:49+00:00","twitter_card":"summary_large_image","schema":{"@context":"https:\/\/schema.org","@graph":[{"@type":"WebPage","@id":"https:\/\/spainfilmcommission.com\/en\/ai-locations\/hayedo-de-tejera-negra\/","url":"https:\/\/spainfilmcommission.com\/en\/ai-locations\/hayedo-de-tejera-negra\/","name":"Rodar en Hayedo de Tejera Negra - Spain Film Commission","isPartOf":{"@id":"https:\/\/spainfilmcommission.com\/en\/#website"},"datePublished":"2025-02-27T17:37:19+00:00","dateModified":"2025-04-22T07:46:49+00:00","description":"En esta p\u00e1gina encontrar\u00e1s una peque\u00f1a descripci\u00f3n, m\u00e1genes e informaci\u00f3n relevante para que te hagas una idea de c\u00f3mo es rodar en Hayedo de Tejera Negra","breadcrumb":{"@id":"https:\/\/spainfilmcommission.com\/en\/ai-locations\/hayedo-de-tejera-negra\/#breadcrumb"},"inLanguage":"en-US","potentialAction":[{"@type":"ReadAction","target":["https:\/\/spainfilmcommission.com\/en\/ai-locations\/hayedo-de-tejera-negra\/"]}]},{"@type":"BreadcrumbList","@id":"https:\/\/spainfilmcommission.com\/en\/ai-locations\/hayedo-de-tejera-negra\/#breadcrumb","itemListElement":[{"@type":"ListItem","position":1,"name":"Portada","item":"https:\/\/spainfilmcommission.com\/en\/"},{"@type":"ListItem","position":2,"name":"Hayedo de Tejera Negra"}]},{"@type":"WebSite","@id":"https:\/\/spainfilmcommission.com\/en\/#website","url":"https:\/\/spainfilmcommission.com\/en\/","name":"Spain Film Commission","description":"","publisher":{"@id":"https:\/\/spainfilmcommission.com\/en\/#organization"},"potentialAction":[{"@type":"SearchAction","target":{"@type":"EntryPoint","urlTemplate":"https:\/\/spainfilmcommission.com\/en\/?s={search_term_string}"},"query-input":{"@type":"PropertyValueSpecification","valueRequired":true,"valueName":"search_term_string"}}],"inLanguage":"en-US"},{"@type":"Organization","@id":"https:\/\/spainfilmcommission.com\/en\/#organization","name":"Spain Film Commission","url":"https:\/\/spainfilmcommission.com\/en\/","logo":{"@type":"ImageObject","inLanguage":"en-US","@id":"https:\/\/spainfilmcommission.com\/en\/#\/schema\/logo\/image\/","url":"https:\/\/spainfilmcommission.com\/wp-content\/uploads\/2024\/07\/SPC_COLOR.png","contentUrl":"https:\/\/spainfilmcommission.com\/wp-content\/uploads\/2024\/07\/SPC_COLOR.png","width":1665,"height":1665,"caption":"Spain Film Commission"},"image":{"@id":"https:\/\/spainfilmcommission.com\/en\/#\/schema\/logo\/image\/"}}]}},"socio":[{"ID":"54","user_login":"castilla-la-mancha-film-commission","user_nicename":"castilla-la-mancha-film-commission","display_name":"castilla-la-mancha-film-commission","user_pass":"****************","user_email":"info@castillalamanchafilm.com","user_url":"","user_registered":"2024-12-19 18:53:18","id":54}],"nombrees":"Hayedo de Tejera negra","nombreen":"Hayedo de Tejera negra","localidad":"Hayedo de Tejera negra","provincia":"Guadalajara","coordenadas_maps":"41.225661, -3.369954","latitud":"41.225661000000","longitud":"-3.369954000000","direcciones":"","direccionen":"","cod_postal":[],"telefono":"","fax":"","mail":"","web":"http:\/\/www.castillalamanchafilm.com\/menu\/localizaciones\/id3-hayedo-tejera-negra.html","descripciones":"El Hayedo de Tejera Negra se encuentra situado al noroeste de la provincia de Guadalajara, en la vertiente este del macizo de Ayll\u00f3n (Sistema Central), limitando con la provincia de Segovia. Se ubica en el t\u00e9rmino municipal de Cantalojas, formando parte del monte 1.027 propiedad de la JCCM. El Hayedo est\u00e1 conservado en un excepcional microclima y comprende el tramo alto de dos valles de t\u00edpico perfil fluvial, el valle del Lillas y el valle del Zarzas, que se disponen paralelos con una \u00fanica orientaci\u00f3n noroeste-sureste. Est\u00e1n flanqueados por altas y afiladas crester\u00edas rocosas. El bosque de hayas, su mayor atractivo, tiene un ambiente de cuento por sus colores, el musgo de sus suel...","descripcionen":"The Hayedo de Tejera Negra is located northwest of the province of Guadalajara, on the eastern slope of the Ayll\u00f3n massif (Sistema Central), bordering the province of Segovia. It is located in the municipality of Cantalojas, forming part of Mt. 1027 owned by the JCCM. The Hayedo is conserved in an exceptional microclimate and includes the upper section of two valleys with a typical fluvial profile, the Lillas valley and the Zarzas valley, which are parallel to each other with a unique northwest-southeast orientation. They are flanked by high and sharp rocky crests. The beech forest, its greatest attraction, has a fairytale atmosphere due to its colors, the moss of its soils an...","galeria":[{"ID":"16435","post_author":"2","post_date":"2025-03-07 23:50:26","post_date_gmt":"2025-03-07 22:50:26","post_content":"","post_title":"foto-518_3733","post_excerpt":"","post_status":"inherit","comment_status":"closed","ping_status":"closed","post_password":"","post_name":"foto-518_3733","to_ping":"","pinged":"","post_modified":"2025-04-22 09:46:09","post_modified_gmt":"2025-04-22 07:46:09","post_content_filtered":"","post_parent":"11558","guid":"https:\/\/spainfilmcommission.com\/wp-content\/uploads\/2025\/03\/foto-518_3733.jpg","menu_order":"0","post_type":"attachment","post_mime_type":"image\/jpeg","comment_count":"0","pod_item_id":"16435"},{"ID":"16437","post_author":"2","post_date":"2025-03-07 23:50:28","post_date_gmt":"2025-03-07 22:50:28","post_content":"","post_title":"foto-518_3734","post_excerpt":"","post_status":"inherit","comment_status":"closed","ping_status":"closed","post_password":"","post_name":"foto-518_3734","to_ping":"","pinged":"","post_modified":"2025-04-22 09:46:09","post_modified_gmt":"2025-04-22 07:46:09","post_content_filtered":"","post_parent":"11558","guid":"https:\/\/spainfilmcommission.com\/wp-content\/uploads\/2025\/03\/foto-518_3734.jpg","menu_order":"0","post_type":"attachment","post_mime_type":"image\/jpeg","comment_count":"0","pod_item_id":"16437"},{"ID":"16439","post_author":"2","post_date":"2025-03-07 23:50:29","post_date_gmt":"2025-03-07 22:50:29","post_content":"","post_title":"foto-518_3735","post_excerpt":"","post_status":"inherit","comment_status":"closed","ping_status":"closed","post_password":"","post_name":"foto-518_3735","to_ping":"","pinged":"","post_modified":"2025-04-22 09:46:09","post_modified_gmt":"2025-04-22 07:46:09","post_content_filtered":"","post_parent":"11558","guid":"https:\/\/spainfilmcommission.com\/wp-content\/uploads\/2025\/03\/foto-518_3735.jpg","menu_order":"0","post_type":"attachment","post_mime_type":"image\/jpeg","comment_count":"0","pod_item_id":"16439"},{"ID":"16441","post_author":"2","post_date":"2025-03-07 23:50:31","post_date_gmt":"2025-03-07 22:50:31","post_content":"","post_title":"foto-518_3736","post_excerpt":"","post_status":"inherit","comment_status":"closed","ping_status":"closed","post_password":"","post_name":"foto-518_3736","to_ping":"","pinged":"","post_modified":"2025-04-22 09:46:09","post_modified_gmt":"2025-04-22 07:46:09","post_content_filtered":"","post_parent":"11558","guid":"https:\/\/spainfilmcommission.com\/wp-content\/uploads\/2025\/03\/foto-518_3736.jpg","menu_order":"0","post_type":"attachment","post_mime_type":"image\/jpeg","comment_count":"0","pod_item_id":"16441"},{"ID":"16443","post_author":"2","post_date":"2025-03-07 23:50:33","post_date_gmt":"2025-03-07 22:50:33","post_content":"","post_title":"foto-518_3737","post_excerpt":"","post_status":"inherit","comment_status":"closed","ping_status":"closed","post_password":"","post_name":"foto-518_3737","to_ping":"","pinged":"","post_modified":"2025-04-22 09:46:09","post_modified_gmt":"2025-04-22 07:46:09","post_content_filtered":"","post_parent":"11558","guid":"https:\/\/spainfilmcommission.com\/wp-content\/uploads\/2025\/03\/foto-518_3737.jpg","menu_order":"0","post_type":"attachment","post_mime_type":"image\/jpeg","comment_count":"0","pod_item_id":"16443"},{"ID":"16445","post_author":"2","post_date":"2025-03-07 23:50:35","post_date_gmt":"2025-03-07 22:50:35","post_content":"","post_title":"foto-518_3738","post_excerpt":"","post_status":"inherit","comment_status":"closed","ping_status":"closed","post_password":"","post_name":"foto-518_3738","to_ping":"","pinged":"","post_modified":"2025-04-22 09:46:09","post_modified_gmt":"2025-04-22 07:46:09","post_content_filtered":"","post_parent":"11558","guid":"https:\/\/spainfilmcommission.com\/wp-content\/uploads\/2025\/03\/foto-518_3738.jpg","menu_order":"0","post_type":"attachment","post_mime_type":"image\/jpeg","comment_count":"0","pod_item_id":"16445"},{"ID":"16447","post_author":"2","post_date":"2025-03-07 23:50:36","post_date_gmt":"2025-03-07 22:50:36","post_content":"","post_title":"foto-518_3739","post_excerpt":"","post_status":"inherit","comment_status":"closed","ping_status":"closed","post_password":"","post_name":"foto-518_3739","to_ping":"","pinged":"","post_modified":"2025-04-22 09:46:09","post_modified_gmt":"2025-04-22 07:46:09","post_content_filtered":"","post_parent":"11558","guid":"https:\/\/spainfilmcommission.com\/wp-content\/uploads\/2025\/03\/foto-518_3739.jpg","menu_order":"0","post_type":"attachment","post_mime_type":"image\/jpeg","comment_count":"0","pod_item_id":"16447"},{"ID":"16449","post_author":"2","post_date":"2025-03-07 23:50:38","post_date_gmt":"2025-03-07 22:50:38","post_content":"","post_title":"foto-518_3740","post_excerpt":"","post_status":"inherit","comment_status":"closed","ping_status":"closed","post_password":"","post_name":"foto-518_3740","to_ping":"","pinged":"","post_modified":"2025-04-22 09:46:09","post_modified_gmt":"2025-04-22 07:46:09","post_content_filtered":"","post_parent":"11558","guid":"https:\/\/spainfilmcommission.com\/wp-content\/uploads\/2025\/03\/foto-518_3740.jpg","menu_order":"0","post_type":"attachment","post_mime_type":"image\/jpeg","comment_count":"0","pod_item_id":"16449"}],"nombrepaginaes":"hayedo-de-tejera-negra","nombrepaginaen":"hayedo-de-tejera-negra","latitud_gps":"","longitud_gps":"","adicionaleses":"","adicionalesen":"","videoes":"","videoen":"","video2es":"","video2en":"","_links":{"self":[{"href":"https:\/\/spainfilmcommission.com\/en\/wp-json\/wp\/v2\/localizaciones\/localizacion\/11558","targetHints":{"allow":["GET"]}}],"collection":[{"href":"https:\/\/spainfilmcommission.com\/en\/wp-json\/wp\/v2\/localizaciones\/localizacion"}],"about":[{"href":"https:\/\/spainfilmcommission.com\/en\/wp-json\/wp\/v2\/types\/localizacion"}],"author":[{"embeddable":true,"href":"https:\/\/spainfilmcommission.com\/en\/wp-json\/wp\/v2\/users\/2"}],"wp:attachment":[{"href":"https:\/\/spainfilmcommission.com\/en\/wp-json\/wp\/v2\/media?parent=11558"}],"curies":[{"name":"wp","href":"https:\/\/api.w.org\/{rel}","templated":true}]}}