{"id":11526,"date":"2025-02-27T18:34:46","date_gmt":"2025-02-27T17:34:46","guid":{"rendered":"https:\/\/spainfilmcommission.com\/?post_type=localizacion&#038;p=11526"},"modified":"2025-04-21T12:40:29","modified_gmt":"2025-04-21T10:40:29","slug":"san-carlos-del-valle-plaza-mayor","status":"publish","type":"localizacion","link":"https:\/\/spainfilmcommission.com\/en\/ai-locations\/san-carlos-del-valle-plaza-mayor\/","title":{"rendered":"San Carlos del Valle Plaza Mayor"},"content":{"rendered":"","protected":false},"author":2,"template":"","meta":[],"class_list":["post-11526","localizacion","type-localizacion","status-publish","hentry"],"yoast_head":"<!-- This site is optimized with the Yoast SEO plugin v28.3 - https:\/\/yoast.com\/product\/yoast-seo-wordpress\/ -->\n<title>Rodar en San Carlos del Valle Plaza Mayor - Spain Film Commission<\/title>\n<meta name=\"description\" content=\"En esta p\u00e1gina encontrar\u00e1s una peque\u00f1a descripci\u00f3n, m\u00e1genes e informaci\u00f3n relevante para que te hagas una idea de c\u00f3mo es rodar en San Carlos del Valle Plaza Mayor\" \/>\n<meta name=\"robots\" content=\"index, follow, max-snippet:-1, max-image-preview:large, max-video-preview:-1\" \/>\n<link rel=\"canonical\" href=\"https:\/\/spainfilmcommission.com\/en\/ai-locations\/san-carlos-del-valle-plaza-mayor\/\" \/>\n<meta property=\"og:locale\" content=\"en_US\" \/>\n<meta property=\"og:type\" content=\"article\" \/>\n<meta property=\"og:title\" content=\"Rodar en San Carlos del Valle Plaza Mayor - Spain Film Commission\" \/>\n<meta property=\"og:description\" content=\"En esta p\u00e1gina encontrar\u00e1s una peque\u00f1a descripci\u00f3n, m\u00e1genes e informaci\u00f3n relevante para que te hagas una idea de c\u00f3mo es rodar en San Carlos del Valle Plaza Mayor\" \/>\n<meta property=\"og:url\" content=\"https:\/\/spainfilmcommission.com\/en\/ai-locations\/san-carlos-del-valle-plaza-mayor\/\" \/>\n<meta property=\"og:site_name\" content=\"Spain Film Commission\" \/>\n<meta property=\"article:modified_time\" content=\"2025-04-21T10:40:29+00:00\" \/>\n<meta name=\"twitter:card\" content=\"summary_large_image\" \/>\n<script type=\"application\/ld+json\" class=\"yoast-schema-graph\">{\"@context\":\"https:\\\/\\\/schema.org\",\"@graph\":[{\"@type\":\"WebPage\",\"@id\":\"https:\\\/\\\/spainfilmcommission.com\\\/en\\\/ai-locations\\\/san-carlos-del-valle-plaza-mayor\\\/\",\"url\":\"https:\\\/\\\/spainfilmcommission.com\\\/en\\\/ai-locations\\\/san-carlos-del-valle-plaza-mayor\\\/\",\"name\":\"Rodar en San Carlos del Valle Plaza Mayor - Spain Film Commission\",\"isPartOf\":{\"@id\":\"https:\\\/\\\/spainfilmcommission.com\\\/en\\\/#website\"},\"datePublished\":\"2025-02-27T17:34:46+00:00\",\"dateModified\":\"2025-04-21T10:40:29+00:00\",\"description\":\"En esta p\u00e1gina encontrar\u00e1s una peque\u00f1a descripci\u00f3n, m\u00e1genes e informaci\u00f3n relevante para que te hagas una idea de c\u00f3mo es rodar en San Carlos del Valle Plaza Mayor\",\"breadcrumb\":{\"@id\":\"https:\\\/\\\/spainfilmcommission.com\\\/en\\\/ai-locations\\\/san-carlos-del-valle-plaza-mayor\\\/#breadcrumb\"},\"inLanguage\":\"en-US\",\"potentialAction\":[{\"@type\":\"ReadAction\",\"target\":[\"https:\\\/\\\/spainfilmcommission.com\\\/en\\\/ai-locations\\\/san-carlos-del-valle-plaza-mayor\\\/\"]}]},{\"@type\":\"BreadcrumbList\",\"@id\":\"https:\\\/\\\/spainfilmcommission.com\\\/en\\\/ai-locations\\\/san-carlos-del-valle-plaza-mayor\\\/#breadcrumb\",\"itemListElement\":[{\"@type\":\"ListItem\",\"position\":1,\"name\":\"Portada\",\"item\":\"https:\\\/\\\/spainfilmcommission.com\\\/en\\\/\"},{\"@type\":\"ListItem\",\"position\":2,\"name\":\"San Carlos del Valle Plaza Mayor\"}]},{\"@type\":\"WebSite\",\"@id\":\"https:\\\/\\\/spainfilmcommission.com\\\/en\\\/#website\",\"url\":\"https:\\\/\\\/spainfilmcommission.com\\\/en\\\/\",\"name\":\"Spain Film Commission\",\"description\":\"\",\"publisher\":{\"@id\":\"https:\\\/\\\/spainfilmcommission.com\\\/en\\\/#organization\"},\"potentialAction\":[{\"@type\":\"SearchAction\",\"target\":{\"@type\":\"EntryPoint\",\"urlTemplate\":\"https:\\\/\\\/spainfilmcommission.com\\\/en\\\/?s={search_term_string}\"},\"query-input\":{\"@type\":\"PropertyValueSpecification\",\"valueRequired\":true,\"valueName\":\"search_term_string\"}}],\"inLanguage\":\"en-US\"},{\"@type\":\"Organization\",\"@id\":\"https:\\\/\\\/spainfilmcommission.com\\\/en\\\/#organization\",\"name\":\"Spain Film Commission\",\"url\":\"https:\\\/\\\/spainfilmcommission.com\\\/en\\\/\",\"logo\":{\"@type\":\"ImageObject\",\"inLanguage\":\"en-US\",\"@id\":\"https:\\\/\\\/spainfilmcommission.com\\\/en\\\/#\\\/schema\\\/logo\\\/image\\\/\",\"url\":\"https:\\\/\\\/spainfilmcommission.com\\\/wp-content\\\/uploads\\\/2024\\\/07\\\/SPC_COLOR.png\",\"contentUrl\":\"https:\\\/\\\/spainfilmcommission.com\\\/wp-content\\\/uploads\\\/2024\\\/07\\\/SPC_COLOR.png\",\"width\":1665,\"height\":1665,\"caption\":\"Spain Film Commission\"},\"image\":{\"@id\":\"https:\\\/\\\/spainfilmcommission.com\\\/en\\\/#\\\/schema\\\/logo\\\/image\\\/\"}}]}<\/script>\n<!-- \/ Yoast SEO plugin. -->","yoast_head_json":{"title":"Rodar en San Carlos del Valle Plaza Mayor - Spain Film Commission","description":"En esta p\u00e1gina encontrar\u00e1s una peque\u00f1a descripci\u00f3n, m\u00e1genes e informaci\u00f3n relevante para que te hagas una idea de c\u00f3mo es rodar en San Carlos del Valle Plaza Mayor","robots":{"index":"index","follow":"follow","max-snippet":"max-snippet:-1","max-image-preview":"max-image-preview:large","max-video-preview":"max-video-preview:-1"},"canonical":"https:\/\/spainfilmcommission.com\/en\/ai-locations\/san-carlos-del-valle-plaza-mayor\/","og_locale":"en_US","og_type":"article","og_title":"Rodar en San Carlos del Valle Plaza Mayor - Spain Film Commission","og_description":"En esta p\u00e1gina encontrar\u00e1s una peque\u00f1a descripci\u00f3n, m\u00e1genes e informaci\u00f3n relevante para que te hagas una idea de c\u00f3mo es rodar en San Carlos del Valle Plaza Mayor","og_url":"https:\/\/spainfilmcommission.com\/en\/ai-locations\/san-carlos-del-valle-plaza-mayor\/","og_site_name":"Spain Film Commission","article_modified_time":"2025-04-21T10:40:29+00:00","twitter_card":"summary_large_image","schema":{"@context":"https:\/\/schema.org","@graph":[{"@type":"WebPage","@id":"https:\/\/spainfilmcommission.com\/en\/ai-locations\/san-carlos-del-valle-plaza-mayor\/","url":"https:\/\/spainfilmcommission.com\/en\/ai-locations\/san-carlos-del-valle-plaza-mayor\/","name":"Rodar en San Carlos del Valle Plaza Mayor - Spain Film Commission","isPartOf":{"@id":"https:\/\/spainfilmcommission.com\/en\/#website"},"datePublished":"2025-02-27T17:34:46+00:00","dateModified":"2025-04-21T10:40:29+00:00","description":"En esta p\u00e1gina encontrar\u00e1s una peque\u00f1a descripci\u00f3n, m\u00e1genes e informaci\u00f3n relevante para que te hagas una idea de c\u00f3mo es rodar en San Carlos del Valle Plaza Mayor","breadcrumb":{"@id":"https:\/\/spainfilmcommission.com\/en\/ai-locations\/san-carlos-del-valle-plaza-mayor\/#breadcrumb"},"inLanguage":"en-US","potentialAction":[{"@type":"ReadAction","target":["https:\/\/spainfilmcommission.com\/en\/ai-locations\/san-carlos-del-valle-plaza-mayor\/"]}]},{"@type":"BreadcrumbList","@id":"https:\/\/spainfilmcommission.com\/en\/ai-locations\/san-carlos-del-valle-plaza-mayor\/#breadcrumb","itemListElement":[{"@type":"ListItem","position":1,"name":"Portada","item":"https:\/\/spainfilmcommission.com\/en\/"},{"@type":"ListItem","position":2,"name":"San Carlos del Valle Plaza Mayor"}]},{"@type":"WebSite","@id":"https:\/\/spainfilmcommission.com\/en\/#website","url":"https:\/\/spainfilmcommission.com\/en\/","name":"Spain Film Commission","description":"","publisher":{"@id":"https:\/\/spainfilmcommission.com\/en\/#organization"},"potentialAction":[{"@type":"SearchAction","target":{"@type":"EntryPoint","urlTemplate":"https:\/\/spainfilmcommission.com\/en\/?s={search_term_string}"},"query-input":{"@type":"PropertyValueSpecification","valueRequired":true,"valueName":"search_term_string"}}],"inLanguage":"en-US"},{"@type":"Organization","@id":"https:\/\/spainfilmcommission.com\/en\/#organization","name":"Spain Film Commission","url":"https:\/\/spainfilmcommission.com\/en\/","logo":{"@type":"ImageObject","inLanguage":"en-US","@id":"https:\/\/spainfilmcommission.com\/en\/#\/schema\/logo\/image\/","url":"https:\/\/spainfilmcommission.com\/wp-content\/uploads\/2024\/07\/SPC_COLOR.png","contentUrl":"https:\/\/spainfilmcommission.com\/wp-content\/uploads\/2024\/07\/SPC_COLOR.png","width":1665,"height":1665,"caption":"Spain Film Commission"},"image":{"@id":"https:\/\/spainfilmcommission.com\/en\/#\/schema\/logo\/image\/"}}]}},"socio":[{"ID":"54","user_login":"castilla-la-mancha-film-commission","user_nicename":"castilla-la-mancha-film-commission","display_name":"castilla-la-mancha-film-commission","user_pass":"****************","user_email":"info@castillalamanchafilm.com","user_url":"","user_registered":"2024-12-19 18:53:18","id":54}],"nombrees":"San Carlos del Valle, Plaza Mayor","nombreen":"San Carlos del Valle, Plaza Mayor","localidad":"San Carlos Del Valle","provincia":"Ciudad Real","coordenadas_maps":"38.844532, -3.241615","latitud":"38.844532000000","longitud":"-3.241615000000","direcciones":"","direccionen":"","cod_postal":[],"telefono":"","fax":"","mail":"","web":"http:\/\/www.castillalamanchafilm.com\/menu\/localizaciones\/id26-plaza-de-san-carlos-del-valle.html","descripciones":"San Carlos del Valle se distribuye en torno a su bell\u00edsima plaza Mayor. Es un enorme rect\u00e1ngulo que mide casi 53 metros de longitud por 21 de ancho. A un lado, el Ayuntamiento, de balc\u00f3n voladizo sobre m\u00e9nsulas de madera; al otro, la Casa Grande de la Hospeder\u00eda, que tiene un patio de carros al que se abren unas galer\u00edas de madera. De sus flancos surgen los arcos de ladrillos que dan paso a calle radiales, amplias y rectas. Dominando todo el conjunto, la iglesia del Sant\u00edsimo Cristo del Valle es una iglesia del barroco tard\u00edo, con ciertos influjos del estilo neocl\u00e1sico, que sobrecoge por su inmensidad: un grandioso cubo con cuatro torres en sus \u00e1ngulos y una enorme c\u00fapula emergen sobre ...","descripcionen":"San Carlos del Valle is distributed around its beautiful Plaza Mayor. It is a huge rectangle that measures almost 53 meters in length by 21 in width. On one side, the Town Hall, with a cantilevered balcony on wooden corbels; on the other, the Casa Grande de la Hospeder\u00eda, which has a car yard to which wooden galleries open. From its flanks arise...","galeria":[{"ID":"15989","post_author":"2","post_date":"2025-03-07 23:43:24","post_date_gmt":"2025-03-07 22:43:24","post_content":"","post_title":"foto-486_3508","post_excerpt":"","post_status":"inherit","comment_status":"closed","ping_status":"closed","post_password":"","post_name":"foto-486_3508","to_ping":"","pinged":"","post_modified":"2025-04-21 12:40:29","post_modified_gmt":"2025-04-21 10:40:29","post_content_filtered":"","post_parent":"11526","guid":"https:\/\/spainfilmcommission.com\/wp-content\/uploads\/2025\/03\/foto-486_3508.jpg","menu_order":"0","post_type":"attachment","post_mime_type":"image\/jpeg","comment_count":"0","pod_item_id":"15989"},{"ID":"15991","post_author":"2","post_date":"2025-03-07 23:43:26","post_date_gmt":"2025-03-07 22:43:26","post_content":"","post_title":"foto-486_3509","post_excerpt":"","post_status":"inherit","comment_status":"closed","ping_status":"closed","post_password":"","post_name":"foto-486_3509","to_ping":"","pinged":"","post_modified":"2025-04-21 12:40:29","post_modified_gmt":"2025-04-21 10:40:29","post_content_filtered":"","post_parent":"11526","guid":"https:\/\/spainfilmcommission.com\/wp-content\/uploads\/2025\/03\/foto-486_3509.jpg","menu_order":"0","post_type":"attachment","post_mime_type":"image\/jpeg","comment_count":"0","pod_item_id":"15991"},{"ID":"15993","post_author":"2","post_date":"2025-03-07 23:43:27","post_date_gmt":"2025-03-07 22:43:27","post_content":"","post_title":"foto-486_3510","post_excerpt":"","post_status":"inherit","comment_status":"closed","ping_status":"closed","post_password":"","post_name":"foto-486_3510","to_ping":"","pinged":"","post_modified":"2025-04-21 12:40:29","post_modified_gmt":"2025-04-21 10:40:29","post_content_filtered":"","post_parent":"11526","guid":"https:\/\/spainfilmcommission.com\/wp-content\/uploads\/2025\/03\/foto-486_3510.jpg","menu_order":"0","post_type":"attachment","post_mime_type":"image\/jpeg","comment_count":"0","pod_item_id":"15993"},{"ID":"15995","post_author":"2","post_date":"2025-03-07 23:43:29","post_date_gmt":"2025-03-07 22:43:29","post_content":"","post_title":"foto-486_3511","post_excerpt":"","post_status":"inherit","comment_status":"closed","ping_status":"closed","post_password":"","post_name":"foto-486_3511","to_ping":"","pinged":"","post_modified":"2025-04-21 12:40:29","post_modified_gmt":"2025-04-21 10:40:29","post_content_filtered":"","post_parent":"11526","guid":"https:\/\/spainfilmcommission.com\/wp-content\/uploads\/2025\/03\/foto-486_3511.jpg","menu_order":"0","post_type":"attachment","post_mime_type":"image\/jpeg","comment_count":"0","pod_item_id":"15995"},{"ID":"15997","post_author":"2","post_date":"2025-03-07 23:43:31","post_date_gmt":"2025-03-07 22:43:31","post_content":"","post_title":"foto-486_3512","post_excerpt":"","post_status":"inherit","comment_status":"closed","ping_status":"closed","post_password":"","post_name":"foto-486_3512","to_ping":"","pinged":"","post_modified":"2025-04-21 12:40:29","post_modified_gmt":"2025-04-21 10:40:29","post_content_filtered":"","post_parent":"11526","guid":"https:\/\/spainfilmcommission.com\/wp-content\/uploads\/2025\/03\/foto-486_3512.jpg","menu_order":"0","post_type":"attachment","post_mime_type":"image\/jpeg","comment_count":"0","pod_item_id":"15997"},{"ID":"15999","post_author":"2","post_date":"2025-03-07 23:43:33","post_date_gmt":"2025-03-07 22:43:33","post_content":"","post_title":"foto-486_3513","post_excerpt":"","post_status":"inherit","comment_status":"closed","ping_status":"closed","post_password":"","post_name":"foto-486_3513","to_ping":"","pinged":"","post_modified":"2025-04-21 12:40:29","post_modified_gmt":"2025-04-21 10:40:29","post_content_filtered":"","post_parent":"11526","guid":"https:\/\/spainfilmcommission.com\/wp-content\/uploads\/2025\/03\/foto-486_3513.jpg","menu_order":"0","post_type":"attachment","post_mime_type":"image\/jpeg","comment_count":"0","pod_item_id":"15999"}],"nombrepaginaes":"san-carlos-del-valle-plaza-mayor","nombrepaginaen":"san-carlos-del-valle-plaza-mayor","latitud_gps":"","longitud_gps":"","adicionaleses":"","adicionalesen":"","videoes":"","videoen":"","video2es":"","video2en":"","_links":{"self":[{"href":"https:\/\/spainfilmcommission.com\/en\/wp-json\/wp\/v2\/localizaciones\/localizacion\/11526","targetHints":{"allow":["GET"]}}],"collection":[{"href":"https:\/\/spainfilmcommission.com\/en\/wp-json\/wp\/v2\/localizaciones\/localizacion"}],"about":[{"href":"https:\/\/spainfilmcommission.com\/en\/wp-json\/wp\/v2\/types\/localizacion"}],"author":[{"embeddable":true,"href":"https:\/\/spainfilmcommission.com\/en\/wp-json\/wp\/v2\/users\/2"}],"wp:attachment":[{"href":"https:\/\/spainfilmcommission.com\/en\/wp-json\/wp\/v2\/media?parent=11526"}],"curies":[{"name":"wp","href":"https:\/\/api.w.org\/{rel}","templated":true}]}}