{"id":11499,"date":"2025-02-27T18:33:51","date_gmt":"2025-02-27T17:33:51","guid":{"rendered":"https:\/\/spainfilmcommission.com\/?post_type=localizacion&#038;p=11499"},"modified":"2025-04-21T13:25:14","modified_gmt":"2025-04-21T11:25:14","slug":"cabo-de-penas","status":"publish","type":"localizacion","link":"https:\/\/spainfilmcommission.com\/en\/ai-locations\/cabo-de-penas\/","title":{"rendered":"Cabo de Pe\u00f1as"},"content":{"rendered":"","protected":false},"author":2,"template":"","meta":[],"class_list":["post-11499","localizacion","type-localizacion","status-publish","hentry"],"yoast_head":"<!-- This site is optimized with the Yoast SEO plugin v28.3 - https:\/\/yoast.com\/product\/yoast-seo-wordpress\/ -->\n<title>Rodar en Cabo de Pe\u00f1as - Spain Film Commission<\/title>\n<meta name=\"description\" content=\"En esta p\u00e1gina encontrar\u00e1s una peque\u00f1a descripci\u00f3n, m\u00e1genes e informaci\u00f3n relevante para que te hagas una idea de c\u00f3mo es rodar en Cabo de Pe\u00f1as\" \/>\n<meta name=\"robots\" content=\"index, follow, max-snippet:-1, max-image-preview:large, max-video-preview:-1\" \/>\n<link rel=\"canonical\" href=\"https:\/\/spainfilmcommission.com\/en\/ai-locations\/cabo-de-penas\/\" \/>\n<meta property=\"og:locale\" content=\"en_US\" \/>\n<meta property=\"og:type\" content=\"article\" \/>\n<meta property=\"og:title\" content=\"Rodar en Cabo de Pe\u00f1as - Spain Film Commission\" \/>\n<meta property=\"og:description\" content=\"En esta p\u00e1gina encontrar\u00e1s una peque\u00f1a descripci\u00f3n, m\u00e1genes e informaci\u00f3n relevante para que te hagas una idea de c\u00f3mo es rodar en Cabo de Pe\u00f1as\" \/>\n<meta property=\"og:url\" content=\"https:\/\/spainfilmcommission.com\/en\/ai-locations\/cabo-de-penas\/\" \/>\n<meta property=\"og:site_name\" content=\"Spain Film Commission\" \/>\n<meta property=\"article:modified_time\" content=\"2025-04-21T11:25:14+00:00\" \/>\n<meta name=\"twitter:card\" content=\"summary_large_image\" \/>\n<script type=\"application\/ld+json\" class=\"yoast-schema-graph\">{\"@context\":\"https:\\\/\\\/schema.org\",\"@graph\":[{\"@type\":\"WebPage\",\"@id\":\"https:\\\/\\\/spainfilmcommission.com\\\/en\\\/ai-locations\\\/cabo-de-penas\\\/\",\"url\":\"https:\\\/\\\/spainfilmcommission.com\\\/en\\\/ai-locations\\\/cabo-de-penas\\\/\",\"name\":\"Rodar en Cabo de Pe\u00f1as - Spain Film Commission\",\"isPartOf\":{\"@id\":\"https:\\\/\\\/spainfilmcommission.com\\\/en\\\/#website\"},\"datePublished\":\"2025-02-27T17:33:51+00:00\",\"dateModified\":\"2025-04-21T11:25:14+00:00\",\"description\":\"En esta p\u00e1gina encontrar\u00e1s una peque\u00f1a descripci\u00f3n, m\u00e1genes e informaci\u00f3n relevante para que te hagas una idea de c\u00f3mo es rodar en Cabo de Pe\u00f1as\",\"breadcrumb\":{\"@id\":\"https:\\\/\\\/spainfilmcommission.com\\\/en\\\/ai-locations\\\/cabo-de-penas\\\/#breadcrumb\"},\"inLanguage\":\"en-US\",\"potentialAction\":[{\"@type\":\"ReadAction\",\"target\":[\"https:\\\/\\\/spainfilmcommission.com\\\/en\\\/ai-locations\\\/cabo-de-penas\\\/\"]}]},{\"@type\":\"BreadcrumbList\",\"@id\":\"https:\\\/\\\/spainfilmcommission.com\\\/en\\\/ai-locations\\\/cabo-de-penas\\\/#breadcrumb\",\"itemListElement\":[{\"@type\":\"ListItem\",\"position\":1,\"name\":\"Portada\",\"item\":\"https:\\\/\\\/spainfilmcommission.com\\\/en\\\/\"},{\"@type\":\"ListItem\",\"position\":2,\"name\":\"Cabo de Pe\u00f1as\"}]},{\"@type\":\"WebSite\",\"@id\":\"https:\\\/\\\/spainfilmcommission.com\\\/en\\\/#website\",\"url\":\"https:\\\/\\\/spainfilmcommission.com\\\/en\\\/\",\"name\":\"Spain Film Commission\",\"description\":\"\",\"publisher\":{\"@id\":\"https:\\\/\\\/spainfilmcommission.com\\\/en\\\/#organization\"},\"potentialAction\":[{\"@type\":\"SearchAction\",\"target\":{\"@type\":\"EntryPoint\",\"urlTemplate\":\"https:\\\/\\\/spainfilmcommission.com\\\/en\\\/?s={search_term_string}\"},\"query-input\":{\"@type\":\"PropertyValueSpecification\",\"valueRequired\":true,\"valueName\":\"search_term_string\"}}],\"inLanguage\":\"en-US\"},{\"@type\":\"Organization\",\"@id\":\"https:\\\/\\\/spainfilmcommission.com\\\/en\\\/#organization\",\"name\":\"Spain Film Commission\",\"url\":\"https:\\\/\\\/spainfilmcommission.com\\\/en\\\/\",\"logo\":{\"@type\":\"ImageObject\",\"inLanguage\":\"en-US\",\"@id\":\"https:\\\/\\\/spainfilmcommission.com\\\/en\\\/#\\\/schema\\\/logo\\\/image\\\/\",\"url\":\"https:\\\/\\\/spainfilmcommission.com\\\/wp-content\\\/uploads\\\/2024\\\/07\\\/SPC_COLOR.png\",\"contentUrl\":\"https:\\\/\\\/spainfilmcommission.com\\\/wp-content\\\/uploads\\\/2024\\\/07\\\/SPC_COLOR.png\",\"width\":1665,\"height\":1665,\"caption\":\"Spain Film Commission\"},\"image\":{\"@id\":\"https:\\\/\\\/spainfilmcommission.com\\\/en\\\/#\\\/schema\\\/logo\\\/image\\\/\"}}]}<\/script>\n<!-- \/ Yoast SEO plugin. -->","yoast_head_json":{"title":"Rodar en Cabo de Pe\u00f1as - Spain Film Commission","description":"En esta p\u00e1gina encontrar\u00e1s una peque\u00f1a descripci\u00f3n, m\u00e1genes e informaci\u00f3n relevante para que te hagas una idea de c\u00f3mo es rodar en Cabo de Pe\u00f1as","robots":{"index":"index","follow":"follow","max-snippet":"max-snippet:-1","max-image-preview":"max-image-preview:large","max-video-preview":"max-video-preview:-1"},"canonical":"https:\/\/spainfilmcommission.com\/en\/ai-locations\/cabo-de-penas\/","og_locale":"en_US","og_type":"article","og_title":"Rodar en Cabo de Pe\u00f1as - Spain Film Commission","og_description":"En esta p\u00e1gina encontrar\u00e1s una peque\u00f1a descripci\u00f3n, m\u00e1genes e informaci\u00f3n relevante para que te hagas una idea de c\u00f3mo es rodar en Cabo de Pe\u00f1as","og_url":"https:\/\/spainfilmcommission.com\/en\/ai-locations\/cabo-de-penas\/","og_site_name":"Spain Film Commission","article_modified_time":"2025-04-21T11:25:14+00:00","twitter_card":"summary_large_image","schema":{"@context":"https:\/\/schema.org","@graph":[{"@type":"WebPage","@id":"https:\/\/spainfilmcommission.com\/en\/ai-locations\/cabo-de-penas\/","url":"https:\/\/spainfilmcommission.com\/en\/ai-locations\/cabo-de-penas\/","name":"Rodar en Cabo de Pe\u00f1as - Spain Film Commission","isPartOf":{"@id":"https:\/\/spainfilmcommission.com\/en\/#website"},"datePublished":"2025-02-27T17:33:51+00:00","dateModified":"2025-04-21T11:25:14+00:00","description":"En esta p\u00e1gina encontrar\u00e1s una peque\u00f1a descripci\u00f3n, m\u00e1genes e informaci\u00f3n relevante para que te hagas una idea de c\u00f3mo es rodar en Cabo de Pe\u00f1as","breadcrumb":{"@id":"https:\/\/spainfilmcommission.com\/en\/ai-locations\/cabo-de-penas\/#breadcrumb"},"inLanguage":"en-US","potentialAction":[{"@type":"ReadAction","target":["https:\/\/spainfilmcommission.com\/en\/ai-locations\/cabo-de-penas\/"]}]},{"@type":"BreadcrumbList","@id":"https:\/\/spainfilmcommission.com\/en\/ai-locations\/cabo-de-penas\/#breadcrumb","itemListElement":[{"@type":"ListItem","position":1,"name":"Portada","item":"https:\/\/spainfilmcommission.com\/en\/"},{"@type":"ListItem","position":2,"name":"Cabo de Pe\u00f1as"}]},{"@type":"WebSite","@id":"https:\/\/spainfilmcommission.com\/en\/#website","url":"https:\/\/spainfilmcommission.com\/en\/","name":"Spain Film Commission","description":"","publisher":{"@id":"https:\/\/spainfilmcommission.com\/en\/#organization"},"potentialAction":[{"@type":"SearchAction","target":{"@type":"EntryPoint","urlTemplate":"https:\/\/spainfilmcommission.com\/en\/?s={search_term_string}"},"query-input":{"@type":"PropertyValueSpecification","valueRequired":true,"valueName":"search_term_string"}}],"inLanguage":"en-US"},{"@type":"Organization","@id":"https:\/\/spainfilmcommission.com\/en\/#organization","name":"Spain Film Commission","url":"https:\/\/spainfilmcommission.com\/en\/","logo":{"@type":"ImageObject","inLanguage":"en-US","@id":"https:\/\/spainfilmcommission.com\/en\/#\/schema\/logo\/image\/","url":"https:\/\/spainfilmcommission.com\/wp-content\/uploads\/2024\/07\/SPC_COLOR.png","contentUrl":"https:\/\/spainfilmcommission.com\/wp-content\/uploads\/2024\/07\/SPC_COLOR.png","width":1665,"height":1665,"caption":"Spain Film Commission"},"image":{"@id":"https:\/\/spainfilmcommission.com\/en\/#\/schema\/logo\/image\/"}}]}},"socio":[{"ID":"16","user_login":"asturias-paraiso-natural-film-commission","user_nicename":"asturias-paraiso-natural-film-commission","display_name":"asturias-paraiso-natural-film-commission","user_pass":"****************","user_email":"filmcommission@turismoycultura.asturias.es","user_url":"","user_registered":"2024-12-19 13:43:43","id":16}],"nombrees":"Cabo de Pe\u00f1as","nombreen":"Pe\u00f1as Cape","localidad":"Goz\u00f3n","provincia":"Asturias","coordenadas_maps":"43.646132, -5.85121","latitud":"43.646132000000","longitud":"-5.851210000000","direcciones":"","direccionen":"","cod_postal":[],"telefono":"","fax":"","mail":"","web":"https:\/\/www.turismoasturias.es\/descubre\/naturaleza\/espacios-protegidos\/cabo-penas","descripciones":"El cabo de Pe\u00f1as es el cabo m\u00e1s septentrional de toda la regi\u00f3n, y est\u00e1 situado en el municipio de Goz\u00f3n (Asturias).\u00a0 El cabo est\u00e1 coronado por el faro de Cabo Pe\u00f1as, que es el m\u00e1s importante y de mayor alcance del litoral asturiano y que desde 1852 es luz y gu\u00eda de marinos. Desde 1995, la rasa costera del Cabo Pe\u00f1as fue declarada Paisaje Protegido.","descripcionen":"Pe\u00f1as Cape\u00a0is the northernmost cape of the entire region, and is located in the municipality of Goz\u00f3n (Asturias).\u00a0The cape is crowned by the lighthouse, which is the most important and far-reaching on the Asturian coast and since 1852 is the guiding light of sailors. Since 1995, the coast\u00a0of Pe\u00f1as Cape\u00a0was declared a Protected Landscape.","galeria":[{"ID":"15585","post_author":"2","post_date":"2025-03-07 23:35:26","post_date_gmt":"2025-03-07 22:35:26","post_content":"","post_title":"foto-458_3278","post_excerpt":"","post_status":"inherit","comment_status":"closed","ping_status":"closed","post_password":"","post_name":"foto-458_3278","to_ping":"","pinged":"","post_modified":"2025-04-21 13:25:14","post_modified_gmt":"2025-04-21 11:25:14","post_content_filtered":"","post_parent":"11499","guid":"https:\/\/spainfilmcommission.com\/wp-content\/uploads\/2025\/03\/foto-458_3278.jpg","menu_order":"0","post_type":"attachment","post_mime_type":"image\/jpeg","comment_count":"0","pod_item_id":"15585"},{"ID":"15587","post_author":"2","post_date":"2025-03-07 23:35:28","post_date_gmt":"2025-03-07 22:35:28","post_content":"","post_title":"foto-458_3279","post_excerpt":"","post_status":"inherit","comment_status":"closed","ping_status":"closed","post_password":"","post_name":"foto-458_3279","to_ping":"","pinged":"","post_modified":"2025-04-21 13:25:14","post_modified_gmt":"2025-04-21 11:25:14","post_content_filtered":"","post_parent":"11499","guid":"https:\/\/spainfilmcommission.com\/wp-content\/uploads\/2025\/03\/foto-458_3279.jpg","menu_order":"0","post_type":"attachment","post_mime_type":"image\/jpeg","comment_count":"0","pod_item_id":"15587"},{"ID":"15589","post_author":"2","post_date":"2025-03-07 23:35:30","post_date_gmt":"2025-03-07 22:35:30","post_content":"","post_title":"foto-458_3280","post_excerpt":"","post_status":"inherit","comment_status":"closed","ping_status":"closed","post_password":"","post_name":"foto-458_3280","to_ping":"","pinged":"","post_modified":"2025-04-21 13:25:14","post_modified_gmt":"2025-04-21 11:25:14","post_content_filtered":"","post_parent":"11499","guid":"https:\/\/spainfilmcommission.com\/wp-content\/uploads\/2025\/03\/foto-458_3280.jpg","menu_order":"0","post_type":"attachment","post_mime_type":"image\/jpeg","comment_count":"0","pod_item_id":"15589"},{"ID":"15591","post_author":"2","post_date":"2025-03-07 23:35:32","post_date_gmt":"2025-03-07 22:35:32","post_content":"","post_title":"foto-458_3281","post_excerpt":"","post_status":"inherit","comment_status":"closed","ping_status":"closed","post_password":"","post_name":"foto-458_3281","to_ping":"","pinged":"","post_modified":"2025-04-21 13:25:14","post_modified_gmt":"2025-04-21 11:25:14","post_content_filtered":"","post_parent":"11499","guid":"https:\/\/spainfilmcommission.com\/wp-content\/uploads\/2025\/03\/foto-458_3281.jpg","menu_order":"0","post_type":"attachment","post_mime_type":"image\/jpeg","comment_count":"0","pod_item_id":"15591"},{"ID":"15593","post_author":"2","post_date":"2025-03-07 23:35:34","post_date_gmt":"2025-03-07 22:35:34","post_content":"","post_title":"foto-458_3282","post_excerpt":"","post_status":"inherit","comment_status":"closed","ping_status":"closed","post_password":"","post_name":"foto-458_3282","to_ping":"","pinged":"","post_modified":"2025-04-21 13:25:14","post_modified_gmt":"2025-04-21 11:25:14","post_content_filtered":"","post_parent":"11499","guid":"https:\/\/spainfilmcommission.com\/wp-content\/uploads\/2025\/03\/foto-458_3282.jpg","menu_order":"0","post_type":"attachment","post_mime_type":"image\/jpeg","comment_count":"0","pod_item_id":"15593"},{"ID":"15595","post_author":"2","post_date":"2025-03-07 23:35:36","post_date_gmt":"2025-03-07 22:35:36","post_content":"","post_title":"foto-458_3284","post_excerpt":"","post_status":"inherit","comment_status":"closed","ping_status":"closed","post_password":"","post_name":"foto-458_3284","to_ping":"","pinged":"","post_modified":"2025-04-21 13:25:14","post_modified_gmt":"2025-04-21 11:25:14","post_content_filtered":"","post_parent":"11499","guid":"https:\/\/spainfilmcommission.com\/wp-content\/uploads\/2025\/03\/foto-458_3284.jpg","menu_order":"0","post_type":"attachment","post_mime_type":"image\/jpeg","comment_count":"0","pod_item_id":"15595"},{"ID":"15597","post_author":"2","post_date":"2025-03-07 23:35:38","post_date_gmt":"2025-03-07 22:35:38","post_content":"","post_title":"foto-458_3360","post_excerpt":"","post_status":"inherit","comment_status":"closed","ping_status":"closed","post_password":"","post_name":"foto-458_3360","to_ping":"","pinged":"","post_modified":"2025-04-21 13:25:14","post_modified_gmt":"2025-04-21 11:25:14","post_content_filtered":"","post_parent":"11499","guid":"https:\/\/spainfilmcommission.com\/wp-content\/uploads\/2025\/03\/foto-458_3360.jpg","menu_order":"0","post_type":"attachment","post_mime_type":"image\/jpeg","comment_count":"0","pod_item_id":"15597"},{"ID":"15599","post_author":"2","post_date":"2025-03-07 23:35:40","post_date_gmt":"2025-03-07 22:35:40","post_content":"","post_title":"foto-458_3361","post_excerpt":"","post_status":"inherit","comment_status":"closed","ping_status":"closed","post_password":"","post_name":"foto-458_3361","to_ping":"","pinged":"","post_modified":"2025-04-21 13:25:14","post_modified_gmt":"2025-04-21 11:25:14","post_content_filtered":"","post_parent":"11499","guid":"https:\/\/spainfilmcommission.com\/wp-content\/uploads\/2025\/03\/foto-458_3361.jpg","menu_order":"0","post_type":"attachment","post_mime_type":"image\/jpeg","comment_count":"0","pod_item_id":"15599"}],"nombrepaginaes":"cabo-de-penas","nombrepaginaen":"penas-cape","latitud_gps":"43.646.132","longitud_gps":"-585.121","adicionaleses":"","adicionalesen":"","videoes":"https:\/\/www.youtube.com\/watch?v=AHuUZlptXYM","videoen":"https:\/\/www.youtube.com\/watch?v=AHuUZlptXYM","video2es":"","video2en":"","_links":{"self":[{"href":"https:\/\/spainfilmcommission.com\/en\/wp-json\/wp\/v2\/localizaciones\/localizacion\/11499","targetHints":{"allow":["GET"]}}],"collection":[{"href":"https:\/\/spainfilmcommission.com\/en\/wp-json\/wp\/v2\/localizaciones\/localizacion"}],"about":[{"href":"https:\/\/spainfilmcommission.com\/en\/wp-json\/wp\/v2\/types\/localizacion"}],"author":[{"embeddable":true,"href":"https:\/\/spainfilmcommission.com\/en\/wp-json\/wp\/v2\/users\/2"}],"wp:attachment":[{"href":"https:\/\/spainfilmcommission.com\/en\/wp-json\/wp\/v2\/media?parent=11499"}],"curies":[{"name":"wp","href":"https:\/\/api.w.org\/{rel}","templated":true}]}}