{"id":11490,"date":"2025-02-27T18:32:36","date_gmt":"2025-02-27T17:32:36","guid":{"rendered":"https:\/\/spainfilmcommission.com\/?post_type=localizacion&#038;p=11490"},"modified":"2025-04-21T13:42:21","modified_gmt":"2025-04-21T11:42:21","slug":"calle-dos-calas","status":"publish","type":"localizacion","link":"https:\/\/spainfilmcommission.com\/en\/ai-locations\/calle-dos-calas\/","title":{"rendered":"Calle Dos Calas"},"content":{"rendered":"","protected":false},"author":2,"template":"","meta":[],"class_list":["post-11490","localizacion","type-localizacion","status-publish","hentry"],"yoast_head":"<!-- This site is optimized with the Yoast SEO plugin v28.3 - https:\/\/yoast.com\/product\/yoast-seo-wordpress\/ -->\n<title>Rodar en Calle Dos Calas - Spain Film Commission<\/title>\n<meta name=\"description\" content=\"En esta p\u00e1gina encontrar\u00e1s una peque\u00f1a descripci\u00f3n, m\u00e1genes e informaci\u00f3n relevante para que te hagas una idea de c\u00f3mo es rodar en Calle Dos Calas\" \/>\n<meta name=\"robots\" content=\"index, follow, max-snippet:-1, max-image-preview:large, max-video-preview:-1\" \/>\n<link rel=\"canonical\" href=\"https:\/\/spainfilmcommission.com\/en\/ai-locations\/calle-dos-calas\/\" \/>\n<meta property=\"og:locale\" content=\"en_US\" \/>\n<meta property=\"og:type\" content=\"article\" \/>\n<meta property=\"og:title\" content=\"Rodar en Calle Dos Calas - Spain Film Commission\" \/>\n<meta property=\"og:description\" content=\"En esta p\u00e1gina encontrar\u00e1s una peque\u00f1a descripci\u00f3n, m\u00e1genes e informaci\u00f3n relevante para que te hagas una idea de c\u00f3mo es rodar en Calle Dos Calas\" \/>\n<meta property=\"og:url\" content=\"https:\/\/spainfilmcommission.com\/en\/ai-locations\/calle-dos-calas\/\" \/>\n<meta property=\"og:site_name\" content=\"Spain Film Commission\" \/>\n<meta property=\"article:modified_time\" content=\"2025-04-21T11:42:21+00:00\" \/>\n<meta name=\"twitter:card\" content=\"summary_large_image\" \/>\n<script type=\"application\/ld+json\" class=\"yoast-schema-graph\">{\"@context\":\"https:\\\/\\\/schema.org\",\"@graph\":[{\"@type\":\"WebPage\",\"@id\":\"https:\\\/\\\/spainfilmcommission.com\\\/en\\\/ai-locations\\\/calle-dos-calas\\\/\",\"url\":\"https:\\\/\\\/spainfilmcommission.com\\\/en\\\/ai-locations\\\/calle-dos-calas\\\/\",\"name\":\"Rodar en Calle Dos Calas - Spain Film Commission\",\"isPartOf\":{\"@id\":\"https:\\\/\\\/spainfilmcommission.com\\\/en\\\/#website\"},\"datePublished\":\"2025-02-27T17:32:36+00:00\",\"dateModified\":\"2025-04-21T11:42:21+00:00\",\"description\":\"En esta p\u00e1gina encontrar\u00e1s una peque\u00f1a descripci\u00f3n, m\u00e1genes e informaci\u00f3n relevante para que te hagas una idea de c\u00f3mo es rodar en Calle Dos Calas\",\"breadcrumb\":{\"@id\":\"https:\\\/\\\/spainfilmcommission.com\\\/en\\\/ai-locations\\\/calle-dos-calas\\\/#breadcrumb\"},\"inLanguage\":\"en-US\",\"potentialAction\":[{\"@type\":\"ReadAction\",\"target\":[\"https:\\\/\\\/spainfilmcommission.com\\\/en\\\/ai-locations\\\/calle-dos-calas\\\/\"]}]},{\"@type\":\"BreadcrumbList\",\"@id\":\"https:\\\/\\\/spainfilmcommission.com\\\/en\\\/ai-locations\\\/calle-dos-calas\\\/#breadcrumb\",\"itemListElement\":[{\"@type\":\"ListItem\",\"position\":1,\"name\":\"Portada\",\"item\":\"https:\\\/\\\/spainfilmcommission.com\\\/en\\\/\"},{\"@type\":\"ListItem\",\"position\":2,\"name\":\"Calle Dos Calas\"}]},{\"@type\":\"WebSite\",\"@id\":\"https:\\\/\\\/spainfilmcommission.com\\\/en\\\/#website\",\"url\":\"https:\\\/\\\/spainfilmcommission.com\\\/en\\\/\",\"name\":\"Spain Film Commission\",\"description\":\"\",\"publisher\":{\"@id\":\"https:\\\/\\\/spainfilmcommission.com\\\/en\\\/#organization\"},\"potentialAction\":[{\"@type\":\"SearchAction\",\"target\":{\"@type\":\"EntryPoint\",\"urlTemplate\":\"https:\\\/\\\/spainfilmcommission.com\\\/en\\\/?s={search_term_string}\"},\"query-input\":{\"@type\":\"PropertyValueSpecification\",\"valueRequired\":true,\"valueName\":\"search_term_string\"}}],\"inLanguage\":\"en-US\"},{\"@type\":\"Organization\",\"@id\":\"https:\\\/\\\/spainfilmcommission.com\\\/en\\\/#organization\",\"name\":\"Spain Film Commission\",\"url\":\"https:\\\/\\\/spainfilmcommission.com\\\/en\\\/\",\"logo\":{\"@type\":\"ImageObject\",\"inLanguage\":\"en-US\",\"@id\":\"https:\\\/\\\/spainfilmcommission.com\\\/en\\\/#\\\/schema\\\/logo\\\/image\\\/\",\"url\":\"https:\\\/\\\/spainfilmcommission.com\\\/wp-content\\\/uploads\\\/2024\\\/07\\\/SPC_COLOR.png\",\"contentUrl\":\"https:\\\/\\\/spainfilmcommission.com\\\/wp-content\\\/uploads\\\/2024\\\/07\\\/SPC_COLOR.png\",\"width\":1665,\"height\":1665,\"caption\":\"Spain Film Commission\"},\"image\":{\"@id\":\"https:\\\/\\\/spainfilmcommission.com\\\/en\\\/#\\\/schema\\\/logo\\\/image\\\/\"}}]}<\/script>\n<!-- \/ Yoast SEO plugin. -->","yoast_head_json":{"title":"Rodar en Calle Dos Calas - Spain Film Commission","description":"En esta p\u00e1gina encontrar\u00e1s una peque\u00f1a descripci\u00f3n, m\u00e1genes e informaci\u00f3n relevante para que te hagas una idea de c\u00f3mo es rodar en Calle Dos Calas","robots":{"index":"index","follow":"follow","max-snippet":"max-snippet:-1","max-image-preview":"max-image-preview:large","max-video-preview":"max-video-preview:-1"},"canonical":"https:\/\/spainfilmcommission.com\/en\/ai-locations\/calle-dos-calas\/","og_locale":"en_US","og_type":"article","og_title":"Rodar en Calle Dos Calas - Spain Film Commission","og_description":"En esta p\u00e1gina encontrar\u00e1s una peque\u00f1a descripci\u00f3n, m\u00e1genes e informaci\u00f3n relevante para que te hagas una idea de c\u00f3mo es rodar en Calle Dos Calas","og_url":"https:\/\/spainfilmcommission.com\/en\/ai-locations\/calle-dos-calas\/","og_site_name":"Spain Film Commission","article_modified_time":"2025-04-21T11:42:21+00:00","twitter_card":"summary_large_image","schema":{"@context":"https:\/\/schema.org","@graph":[{"@type":"WebPage","@id":"https:\/\/spainfilmcommission.com\/en\/ai-locations\/calle-dos-calas\/","url":"https:\/\/spainfilmcommission.com\/en\/ai-locations\/calle-dos-calas\/","name":"Rodar en Calle Dos Calas - Spain Film Commission","isPartOf":{"@id":"https:\/\/spainfilmcommission.com\/en\/#website"},"datePublished":"2025-02-27T17:32:36+00:00","dateModified":"2025-04-21T11:42:21+00:00","description":"En esta p\u00e1gina encontrar\u00e1s una peque\u00f1a descripci\u00f3n, m\u00e1genes e informaci\u00f3n relevante para que te hagas una idea de c\u00f3mo es rodar en Calle Dos Calas","breadcrumb":{"@id":"https:\/\/spainfilmcommission.com\/en\/ai-locations\/calle-dos-calas\/#breadcrumb"},"inLanguage":"en-US","potentialAction":[{"@type":"ReadAction","target":["https:\/\/spainfilmcommission.com\/en\/ai-locations\/calle-dos-calas\/"]}]},{"@type":"BreadcrumbList","@id":"https:\/\/spainfilmcommission.com\/en\/ai-locations\/calle-dos-calas\/#breadcrumb","itemListElement":[{"@type":"ListItem","position":1,"name":"Portada","item":"https:\/\/spainfilmcommission.com\/en\/"},{"@type":"ListItem","position":2,"name":"Calle Dos Calas"}]},{"@type":"WebSite","@id":"https:\/\/spainfilmcommission.com\/en\/#website","url":"https:\/\/spainfilmcommission.com\/en\/","name":"Spain Film Commission","description":"","publisher":{"@id":"https:\/\/spainfilmcommission.com\/en\/#organization"},"potentialAction":[{"@type":"SearchAction","target":{"@type":"EntryPoint","urlTemplate":"https:\/\/spainfilmcommission.com\/en\/?s={search_term_string}"},"query-input":{"@type":"PropertyValueSpecification","valueRequired":true,"valueName":"search_term_string"}}],"inLanguage":"en-US"},{"@type":"Organization","@id":"https:\/\/spainfilmcommission.com\/en\/#organization","name":"Spain Film Commission","url":"https:\/\/spainfilmcommission.com\/en\/","logo":{"@type":"ImageObject","inLanguage":"en-US","@id":"https:\/\/spainfilmcommission.com\/en\/#\/schema\/logo\/image\/","url":"https:\/\/spainfilmcommission.com\/wp-content\/uploads\/2024\/07\/SPC_COLOR.png","contentUrl":"https:\/\/spainfilmcommission.com\/wp-content\/uploads\/2024\/07\/SPC_COLOR.png","width":1665,"height":1665,"caption":"Spain Film Commission"},"image":{"@id":"https:\/\/spainfilmcommission.com\/en\/#\/schema\/logo\/image\/"}}]}},"socio":[{"ID":"22","user_login":"benidorm-film-office","user_nicename":"benidorm-film-office","display_name":"benidorm-film-office","user_pass":"****************","user_email":"filmoffice@benidorm.org","user_url":"","user_registered":"2024-12-19 15:32:15","id":22}],"nombrees":"Calle Dos Calas","nombreen":"Dos Calas Coast Road","localidad":"Benidorm","provincia":"Alicante","coordenadas_maps":"38.529018, -0.104117","latitud":"38.529018000000","longitud":"-0.104117000000","direcciones":"","direccionen":"","cod_postal":[],"telefono":"","fax":"","mail":"","web":"","descripciones":"Carretera de 2.100 metros de longitud en el entorno del Parque Natural de Sierra Helada. Est\u00e1 cortada al tr\u00e1fico por lo que es una localizaci\u00f3n muy atractiva y f\u00e1cil de utilizar. El acceso a la misma es facilitado diretamente por nuestra oficina de rodajes municipal. Gracias a esas caracter\u00edsticas es ideal para grabar o fotografiar veh\u00edculos en movimiento.","descripcionen":"Road of 2.100 meters\u00a0in length in the surroundings of Sierra Helada Natural Park. It is cut to traffic making it a very attractive and easy to use as a shooting location. Access to it is facilitated directly by our municipal film office. Thanks to these features, it is ideal for shoot\u00a0 moving vehicles.","galeria":[{"ID":"15495","post_author":"2","post_date":"2025-03-07 23:33:49","post_date_gmt":"2025-03-07 22:33:49","post_content":"","post_title":"foto-449_3234","post_excerpt":"","post_status":"inherit","comment_status":"closed","ping_status":"closed","post_password":"","post_name":"foto-449_3234","to_ping":"","pinged":"","post_modified":"2025-04-21 13:42:21","post_modified_gmt":"2025-04-21 11:42:21","post_content_filtered":"","post_parent":"11490","guid":"https:\/\/spainfilmcommission.com\/wp-content\/uploads\/2025\/03\/foto-449_3234.jpg","menu_order":"0","post_type":"attachment","post_mime_type":"image\/jpeg","comment_count":"0","pod_item_id":"15495"},{"ID":"15497","post_author":"2","post_date":"2025-03-07 23:33:51","post_date_gmt":"2025-03-07 22:33:51","post_content":"","post_title":"foto-449_3235","post_excerpt":"","post_status":"inherit","comment_status":"closed","ping_status":"closed","post_password":"","post_name":"foto-449_3235","to_ping":"","pinged":"","post_modified":"2025-04-21 13:42:21","post_modified_gmt":"2025-04-21 11:42:21","post_content_filtered":"","post_parent":"11490","guid":"https:\/\/spainfilmcommission.com\/wp-content\/uploads\/2025\/03\/foto-449_3235.jpg","menu_order":"0","post_type":"attachment","post_mime_type":"image\/jpeg","comment_count":"0","pod_item_id":"15497"},{"ID":"15499","post_author":"2","post_date":"2025-03-07 23:33:53","post_date_gmt":"2025-03-07 22:33:53","post_content":"","post_title":"foto-449_3236","post_excerpt":"","post_status":"inherit","comment_status":"closed","ping_status":"closed","post_password":"","post_name":"foto-449_3236","to_ping":"","pinged":"","post_modified":"2025-04-21 13:42:21","post_modified_gmt":"2025-04-21 11:42:21","post_content_filtered":"","post_parent":"11490","guid":"https:\/\/spainfilmcommission.com\/wp-content\/uploads\/2025\/03\/foto-449_3236.jpg","menu_order":"0","post_type":"attachment","post_mime_type":"image\/jpeg","comment_count":"0","pod_item_id":"15499"},{"ID":"15501","post_author":"2","post_date":"2025-03-07 23:33:55","post_date_gmt":"2025-03-07 22:33:55","post_content":"","post_title":"foto-449_6544","post_excerpt":"","post_status":"inherit","comment_status":"closed","ping_status":"closed","post_password":"","post_name":"foto-449_6544","to_ping":"","pinged":"","post_modified":"2025-04-21 13:42:21","post_modified_gmt":"2025-04-21 11:42:21","post_content_filtered":"","post_parent":"11490","guid":"https:\/\/spainfilmcommission.com\/wp-content\/uploads\/2025\/03\/foto-449_6544.jpg","menu_order":"0","post_type":"attachment","post_mime_type":"image\/jpeg","comment_count":"0","pod_item_id":"15501"},{"ID":"15503","post_author":"2","post_date":"2025-03-07 23:33:57","post_date_gmt":"2025-03-07 22:33:57","post_content":"","post_title":"foto-449_6545","post_excerpt":"","post_status":"inherit","comment_status":"closed","ping_status":"closed","post_password":"","post_name":"foto-449_6545","to_ping":"","pinged":"","post_modified":"2025-04-21 13:42:21","post_modified_gmt":"2025-04-21 11:42:21","post_content_filtered":"","post_parent":"11490","guid":"https:\/\/spainfilmcommission.com\/wp-content\/uploads\/2025\/03\/foto-449_6545.jpg","menu_order":"0","post_type":"attachment","post_mime_type":"image\/jpeg","comment_count":"0","pod_item_id":"15503"},{"ID":"15505","post_author":"2","post_date":"2025-03-07 23:33:58","post_date_gmt":"2025-03-07 22:33:58","post_content":"","post_title":"foto-449_6546","post_excerpt":"","post_status":"inherit","comment_status":"closed","ping_status":"closed","post_password":"","post_name":"foto-449_6546","to_ping":"","pinged":"","post_modified":"2025-04-21 13:42:21","post_modified_gmt":"2025-04-21 11:42:21","post_content_filtered":"","post_parent":"11490","guid":"https:\/\/spainfilmcommission.com\/wp-content\/uploads\/2025\/03\/foto-449_6546.jpg","menu_order":"0","post_type":"attachment","post_mime_type":"image\/jpeg","comment_count":"0","pod_item_id":"15505"},{"ID":"15507","post_author":"2","post_date":"2025-03-07 23:34:01","post_date_gmt":"2025-03-07 22:34:01","post_content":"","post_title":"foto-449_6547","post_excerpt":"","post_status":"inherit","comment_status":"closed","ping_status":"closed","post_password":"","post_name":"foto-449_6547","to_ping":"","pinged":"","post_modified":"2025-04-21 13:42:21","post_modified_gmt":"2025-04-21 11:42:21","post_content_filtered":"","post_parent":"11490","guid":"https:\/\/spainfilmcommission.com\/wp-content\/uploads\/2025\/03\/foto-449_6547.png","menu_order":"0","post_type":"attachment","post_mime_type":"image\/png","comment_count":"0","pod_item_id":"15507"},{"ID":"15509","post_author":"2","post_date":"2025-03-07 23:34:08","post_date_gmt":"2025-03-07 22:34:08","post_content":"","post_title":"foto-449_6554","post_excerpt":"","post_status":"inherit","comment_status":"closed","ping_status":"closed","post_password":"","post_name":"foto-449_6554","to_ping":"","pinged":"","post_modified":"2025-04-21 13:42:21","post_modified_gmt":"2025-04-21 11:42:21","post_content_filtered":"","post_parent":"11490","guid":"https:\/\/spainfilmcommission.com\/wp-content\/uploads\/2025\/03\/foto-449_6554.jpg","menu_order":"0","post_type":"attachment","post_mime_type":"image\/jpeg","comment_count":"0","pod_item_id":"15509"},{"ID":"15511","post_author":"2","post_date":"2025-03-07 23:34:10","post_date_gmt":"2025-03-07 22:34:10","post_content":"","post_title":"foto-449_6555","post_excerpt":"","post_status":"inherit","comment_status":"closed","ping_status":"closed","post_password":"","post_name":"foto-449_6555","to_ping":"","pinged":"","post_modified":"2025-04-21 13:42:21","post_modified_gmt":"2025-04-21 11:42:21","post_content_filtered":"","post_parent":"11490","guid":"https:\/\/spainfilmcommission.com\/wp-content\/uploads\/2025\/03\/foto-449_6555.jpg","menu_order":"0","post_type":"attachment","post_mime_type":"image\/jpeg","comment_count":"0","pod_item_id":"15511"},{"ID":"15513","post_author":"2","post_date":"2025-03-07 23:34:12","post_date_gmt":"2025-03-07 22:34:12","post_content":"","post_title":"foto-449_6562","post_excerpt":"","post_status":"inherit","comment_status":"closed","ping_status":"closed","post_password":"","post_name":"foto-449_6562","to_ping":"","pinged":"","post_modified":"2025-04-21 13:42:21","post_modified_gmt":"2025-04-21 11:42:21","post_content_filtered":"","post_parent":"11490","guid":"https:\/\/spainfilmcommission.com\/wp-content\/uploads\/2025\/03\/foto-449_6562.jpg","menu_order":"0","post_type":"attachment","post_mime_type":"image\/jpeg","comment_count":"0","pod_item_id":"15513"},{"ID":"15515","post_author":"2","post_date":"2025-03-07 23:34:14","post_date_gmt":"2025-03-07 22:34:14","post_content":"","post_title":"foto-449_6563","post_excerpt":"","post_status":"inherit","comment_status":"closed","ping_status":"closed","post_password":"","post_name":"foto-449_6563","to_ping":"","pinged":"","post_modified":"2025-04-21 13:42:21","post_modified_gmt":"2025-04-21 11:42:21","post_content_filtered":"","post_parent":"11490","guid":"https:\/\/spainfilmcommission.com\/wp-content\/uploads\/2025\/03\/foto-449_6563.jpg","menu_order":"0","post_type":"attachment","post_mime_type":"image\/jpeg","comment_count":"0","pod_item_id":"15515"},{"ID":"15517","post_author":"2","post_date":"2025-03-07 23:34:16","post_date_gmt":"2025-03-07 22:34:16","post_content":"","post_title":"foto-449_6564","post_excerpt":"","post_status":"inherit","comment_status":"closed","ping_status":"closed","post_password":"","post_name":"foto-449_6564","to_ping":"","pinged":"","post_modified":"2025-04-21 13:42:21","post_modified_gmt":"2025-04-21 11:42:21","post_content_filtered":"","post_parent":"11490","guid":"https:\/\/spainfilmcommission.com\/wp-content\/uploads\/2025\/03\/foto-449_6564.jpg","menu_order":"0","post_type":"attachment","post_mime_type":"image\/jpeg","comment_count":"0","pod_item_id":"15517"}],"nombrepaginaes":"calle-dos-calas","nombrepaginaen":"dos-calas-coast-road","latitud_gps":"","longitud_gps":"","adicionaleses":"","adicionalesen":"","videoes":"https:\/\/www.youtube.com\/watch?v=gRe8C8Id6vY","videoen":"","video2es":"","video2en":"","_links":{"self":[{"href":"https:\/\/spainfilmcommission.com\/en\/wp-json\/wp\/v2\/localizaciones\/localizacion\/11490","targetHints":{"allow":["GET"]}}],"collection":[{"href":"https:\/\/spainfilmcommission.com\/en\/wp-json\/wp\/v2\/localizaciones\/localizacion"}],"about":[{"href":"https:\/\/spainfilmcommission.com\/en\/wp-json\/wp\/v2\/types\/localizacion"}],"author":[{"embeddable":true,"href":"https:\/\/spainfilmcommission.com\/en\/wp-json\/wp\/v2\/users\/2"}],"wp:attachment":[{"href":"https:\/\/spainfilmcommission.com\/en\/wp-json\/wp\/v2\/media?parent=11490"}],"curies":[{"name":"wp","href":"https:\/\/api.w.org\/{rel}","templated":true}]}}