{"id":11488,"date":"2025-02-27T18:32:36","date_gmt":"2025-02-27T17:32:36","guid":{"rendered":"https:\/\/spainfilmcommission.com\/?post_type=localizacion&#038;p=11488"},"modified":"2025-04-22T07:46:38","modified_gmt":"2025-04-22T05:46:38","slug":"parque-nacional-de-picos-de-europa","status":"publish","type":"localizacion","link":"https:\/\/spainfilmcommission.com\/en\/ai-locations\/parque-nacional-de-picos-de-europa\/","title":{"rendered":"Parque Nacional de Picos de Europa"},"content":{"rendered":"","protected":false},"author":2,"template":"","meta":[],"class_list":["post-11488","localizacion","type-localizacion","status-publish","hentry"],"yoast_head":"<!-- This site is optimized with the Yoast SEO plugin v28.3 - https:\/\/yoast.com\/product\/yoast-seo-wordpress\/ -->\n<title>Rodar en Parque Nacional de Picos de Europa - Spain Film Commission<\/title>\n<meta name=\"description\" content=\"En esta p\u00e1gina encontrar\u00e1s una peque\u00f1a descripci\u00f3n, m\u00e1genes e informaci\u00f3n relevante para que te hagas una idea de c\u00f3mo es rodar en Parque Nacional de Picos de Europa\" \/>\n<meta name=\"robots\" content=\"index, follow, max-snippet:-1, max-image-preview:large, max-video-preview:-1\" \/>\n<link rel=\"canonical\" href=\"https:\/\/spainfilmcommission.com\/en\/ai-locations\/parque-nacional-de-picos-de-europa\/\" \/>\n<meta property=\"og:locale\" content=\"en_US\" \/>\n<meta property=\"og:type\" content=\"article\" \/>\n<meta property=\"og:title\" content=\"Rodar en Parque Nacional de Picos de Europa - Spain Film Commission\" \/>\n<meta property=\"og:description\" content=\"En esta p\u00e1gina encontrar\u00e1s una peque\u00f1a descripci\u00f3n, m\u00e1genes e informaci\u00f3n relevante para que te hagas una idea de c\u00f3mo es rodar en Parque Nacional de Picos de Europa\" \/>\n<meta property=\"og:url\" content=\"https:\/\/spainfilmcommission.com\/en\/ai-locations\/parque-nacional-de-picos-de-europa\/\" \/>\n<meta property=\"og:site_name\" content=\"Spain Film Commission\" \/>\n<meta property=\"article:modified_time\" content=\"2025-04-22T05:46:38+00:00\" \/>\n<meta name=\"twitter:card\" content=\"summary_large_image\" \/>\n<script type=\"application\/ld+json\" class=\"yoast-schema-graph\">{\"@context\":\"https:\\\/\\\/schema.org\",\"@graph\":[{\"@type\":\"WebPage\",\"@id\":\"https:\\\/\\\/spainfilmcommission.com\\\/en\\\/ai-locations\\\/parque-nacional-de-picos-de-europa\\\/\",\"url\":\"https:\\\/\\\/spainfilmcommission.com\\\/en\\\/ai-locations\\\/parque-nacional-de-picos-de-europa\\\/\",\"name\":\"Rodar en Parque Nacional de Picos de Europa - Spain Film Commission\",\"isPartOf\":{\"@id\":\"https:\\\/\\\/spainfilmcommission.com\\\/en\\\/#website\"},\"datePublished\":\"2025-02-27T17:32:36+00:00\",\"dateModified\":\"2025-04-22T05:46:38+00:00\",\"description\":\"En esta p\u00e1gina encontrar\u00e1s una peque\u00f1a descripci\u00f3n, m\u00e1genes e informaci\u00f3n relevante para que te hagas una idea de c\u00f3mo es rodar en Parque Nacional de Picos de Europa\",\"breadcrumb\":{\"@id\":\"https:\\\/\\\/spainfilmcommission.com\\\/en\\\/ai-locations\\\/parque-nacional-de-picos-de-europa\\\/#breadcrumb\"},\"inLanguage\":\"en-US\",\"potentialAction\":[{\"@type\":\"ReadAction\",\"target\":[\"https:\\\/\\\/spainfilmcommission.com\\\/en\\\/ai-locations\\\/parque-nacional-de-picos-de-europa\\\/\"]}]},{\"@type\":\"BreadcrumbList\",\"@id\":\"https:\\\/\\\/spainfilmcommission.com\\\/en\\\/ai-locations\\\/parque-nacional-de-picos-de-europa\\\/#breadcrumb\",\"itemListElement\":[{\"@type\":\"ListItem\",\"position\":1,\"name\":\"Portada\",\"item\":\"https:\\\/\\\/spainfilmcommission.com\\\/en\\\/\"},{\"@type\":\"ListItem\",\"position\":2,\"name\":\"Parque Nacional de Picos de Europa\"}]},{\"@type\":\"WebSite\",\"@id\":\"https:\\\/\\\/spainfilmcommission.com\\\/en\\\/#website\",\"url\":\"https:\\\/\\\/spainfilmcommission.com\\\/en\\\/\",\"name\":\"Spain Film Commission\",\"description\":\"\",\"publisher\":{\"@id\":\"https:\\\/\\\/spainfilmcommission.com\\\/en\\\/#organization\"},\"potentialAction\":[{\"@type\":\"SearchAction\",\"target\":{\"@type\":\"EntryPoint\",\"urlTemplate\":\"https:\\\/\\\/spainfilmcommission.com\\\/en\\\/?s={search_term_string}\"},\"query-input\":{\"@type\":\"PropertyValueSpecification\",\"valueRequired\":true,\"valueName\":\"search_term_string\"}}],\"inLanguage\":\"en-US\"},{\"@type\":\"Organization\",\"@id\":\"https:\\\/\\\/spainfilmcommission.com\\\/en\\\/#organization\",\"name\":\"Spain Film Commission\",\"url\":\"https:\\\/\\\/spainfilmcommission.com\\\/en\\\/\",\"logo\":{\"@type\":\"ImageObject\",\"inLanguage\":\"en-US\",\"@id\":\"https:\\\/\\\/spainfilmcommission.com\\\/en\\\/#\\\/schema\\\/logo\\\/image\\\/\",\"url\":\"https:\\\/\\\/spainfilmcommission.com\\\/wp-content\\\/uploads\\\/2024\\\/07\\\/SPC_COLOR.png\",\"contentUrl\":\"https:\\\/\\\/spainfilmcommission.com\\\/wp-content\\\/uploads\\\/2024\\\/07\\\/SPC_COLOR.png\",\"width\":1665,\"height\":1665,\"caption\":\"Spain Film Commission\"},\"image\":{\"@id\":\"https:\\\/\\\/spainfilmcommission.com\\\/en\\\/#\\\/schema\\\/logo\\\/image\\\/\"}}]}<\/script>\n<!-- \/ Yoast SEO plugin. -->","yoast_head_json":{"title":"Rodar en Parque Nacional de Picos de Europa - Spain Film Commission","description":"En esta p\u00e1gina encontrar\u00e1s una peque\u00f1a descripci\u00f3n, m\u00e1genes e informaci\u00f3n relevante para que te hagas una idea de c\u00f3mo es rodar en Parque Nacional de Picos de Europa","robots":{"index":"index","follow":"follow","max-snippet":"max-snippet:-1","max-image-preview":"max-image-preview:large","max-video-preview":"max-video-preview:-1"},"canonical":"https:\/\/spainfilmcommission.com\/en\/ai-locations\/parque-nacional-de-picos-de-europa\/","og_locale":"en_US","og_type":"article","og_title":"Rodar en Parque Nacional de Picos de Europa - Spain Film Commission","og_description":"En esta p\u00e1gina encontrar\u00e1s una peque\u00f1a descripci\u00f3n, m\u00e1genes e informaci\u00f3n relevante para que te hagas una idea de c\u00f3mo es rodar en Parque Nacional de Picos de Europa","og_url":"https:\/\/spainfilmcommission.com\/en\/ai-locations\/parque-nacional-de-picos-de-europa\/","og_site_name":"Spain Film Commission","article_modified_time":"2025-04-22T05:46:38+00:00","twitter_card":"summary_large_image","schema":{"@context":"https:\/\/schema.org","@graph":[{"@type":"WebPage","@id":"https:\/\/spainfilmcommission.com\/en\/ai-locations\/parque-nacional-de-picos-de-europa\/","url":"https:\/\/spainfilmcommission.com\/en\/ai-locations\/parque-nacional-de-picos-de-europa\/","name":"Rodar en Parque Nacional de Picos de Europa - Spain Film Commission","isPartOf":{"@id":"https:\/\/spainfilmcommission.com\/en\/#website"},"datePublished":"2025-02-27T17:32:36+00:00","dateModified":"2025-04-22T05:46:38+00:00","description":"En esta p\u00e1gina encontrar\u00e1s una peque\u00f1a descripci\u00f3n, m\u00e1genes e informaci\u00f3n relevante para que te hagas una idea de c\u00f3mo es rodar en Parque Nacional de Picos de Europa","breadcrumb":{"@id":"https:\/\/spainfilmcommission.com\/en\/ai-locations\/parque-nacional-de-picos-de-europa\/#breadcrumb"},"inLanguage":"en-US","potentialAction":[{"@type":"ReadAction","target":["https:\/\/spainfilmcommission.com\/en\/ai-locations\/parque-nacional-de-picos-de-europa\/"]}]},{"@type":"BreadcrumbList","@id":"https:\/\/spainfilmcommission.com\/en\/ai-locations\/parque-nacional-de-picos-de-europa\/#breadcrumb","itemListElement":[{"@type":"ListItem","position":1,"name":"Portada","item":"https:\/\/spainfilmcommission.com\/en\/"},{"@type":"ListItem","position":2,"name":"Parque Nacional de Picos de Europa"}]},{"@type":"WebSite","@id":"https:\/\/spainfilmcommission.com\/en\/#website","url":"https:\/\/spainfilmcommission.com\/en\/","name":"Spain Film Commission","description":"","publisher":{"@id":"https:\/\/spainfilmcommission.com\/en\/#organization"},"potentialAction":[{"@type":"SearchAction","target":{"@type":"EntryPoint","urlTemplate":"https:\/\/spainfilmcommission.com\/en\/?s={search_term_string}"},"query-input":{"@type":"PropertyValueSpecification","valueRequired":true,"valueName":"search_term_string"}}],"inLanguage":"en-US"},{"@type":"Organization","@id":"https:\/\/spainfilmcommission.com\/en\/#organization","name":"Spain Film Commission","url":"https:\/\/spainfilmcommission.com\/en\/","logo":{"@type":"ImageObject","inLanguage":"en-US","@id":"https:\/\/spainfilmcommission.com\/en\/#\/schema\/logo\/image\/","url":"https:\/\/spainfilmcommission.com\/wp-content\/uploads\/2024\/07\/SPC_COLOR.png","contentUrl":"https:\/\/spainfilmcommission.com\/wp-content\/uploads\/2024\/07\/SPC_COLOR.png","width":1665,"height":1665,"caption":"Spain Film Commission"},"image":{"@id":"https:\/\/spainfilmcommission.com\/en\/#\/schema\/logo\/image\/"}}]}},"socio":[{"ID":"16","user_login":"asturias-paraiso-natural-film-commission","user_nicename":"asturias-paraiso-natural-film-commission","display_name":"asturias-paraiso-natural-film-commission","user_pass":"****************","user_email":"filmcommission@turismoycultura.asturias.es","user_url":"","user_registered":"2024-12-19 13:43:43","id":16}],"nombrees":"Parque Nacional de Picos de Europa","nombreen":"Picos de Europa National Park","localidad":"Amieva, Cabrales, Cangas de On\u00eds, On\u00eds, Pe\u00f1amellera Alta y Pe\u00f1amellera Baja","provincia":"Asturias","coordenadas_maps":"43.186968, -4.871243","latitud":"43.186968000000","longitud":"-4.871243000000","direcciones":"","direccionen":"","cod_postal":[],"telefono":"","fax":"","mail":"","web":"http:\/\/parquenacionalpicoseuropa.es\/","descripciones":"El Parque nacional Picos de Europa es un parque nacional espa\u00f1ol de 67 455 hect\u00e1reas situado en la cordillera Cant\u00e1brica, en las provincias de Asturias (27027 ha), Le\u00f3n (24719 ha) y Cantabria (15381 ha). En su parte asturiana, est\u00e1n comprendidos los municipios de Amieva, Cabrales, Cangas de On\u00eds, On\u00eds, Pe\u00f1amellera Alta y Pe\u00f1amellera Baja. El 2003 la Unesco aprob\u00f3 la propuesta que lo convierte en Reserva de la biosfera y en la actualidad es el tercer parque nacional m\u00e1s visitado de Espa\u00f1a.","descripcionen":"The Picos de Europa National Park is a Spanish national park of 67455 hectares located in the Cantabrian mountain range, in the provinces of Asturias (27027 ha), Le\u00f3n (24719 ha) and Cantabria (15381 ha). In its Asturian part, the municipalities of Amieva, Cabrales, Cangas de Onis, Onis, Pe\u00f1amellera Alta and Pe\u00f1amellera Baja are included. In 2003 Unesco approved the proposal that makes it a Biosphere Reserve and is currently the third most visited national park in Spain.","galeria":[{"ID":"15473","post_author":"2","post_date":"2025-03-07 23:33:25","post_date_gmt":"2025-03-07 22:33:25","post_content":"","post_title":"foto-446_3186","post_excerpt":"","post_status":"inherit","comment_status":"closed","ping_status":"closed","post_password":"","post_name":"foto-446_3186","to_ping":"","pinged":"","post_modified":"2025-04-22 07:46:38","post_modified_gmt":"2025-04-22 05:46:38","post_content_filtered":"","post_parent":"11488","guid":"https:\/\/spainfilmcommission.com\/wp-content\/uploads\/2025\/03\/foto-446_3186.jpg","menu_order":"0","post_type":"attachment","post_mime_type":"image\/jpeg","comment_count":"0","pod_item_id":"15473"},{"ID":"15475","post_author":"2","post_date":"2025-03-07 23:33:27","post_date_gmt":"2025-03-07 22:33:27","post_content":"","post_title":"foto-446_3188","post_excerpt":"","post_status":"inherit","comment_status":"closed","ping_status":"closed","post_password":"","post_name":"foto-446_3188","to_ping":"","pinged":"","post_modified":"2025-04-22 07:46:38","post_modified_gmt":"2025-04-22 05:46:38","post_content_filtered":"","post_parent":"11488","guid":"https:\/\/spainfilmcommission.com\/wp-content\/uploads\/2025\/03\/foto-446_3188.jpg","menu_order":"0","post_type":"attachment","post_mime_type":"image\/jpeg","comment_count":"0","pod_item_id":"15475"},{"ID":"15477","post_author":"2","post_date":"2025-03-07 23:33:29","post_date_gmt":"2025-03-07 22:33:29","post_content":"","post_title":"foto-446_3189","post_excerpt":"","post_status":"inherit","comment_status":"closed","ping_status":"closed","post_password":"","post_name":"foto-446_3189","to_ping":"","pinged":"","post_modified":"2025-04-22 07:46:38","post_modified_gmt":"2025-04-22 05:46:38","post_content_filtered":"","post_parent":"11488","guid":"https:\/\/spainfilmcommission.com\/wp-content\/uploads\/2025\/03\/foto-446_3189.jpg","menu_order":"0","post_type":"attachment","post_mime_type":"image\/jpeg","comment_count":"0","pod_item_id":"15477"},{"ID":"15479","post_author":"2","post_date":"2025-03-07 23:33:31","post_date_gmt":"2025-03-07 22:33:31","post_content":"","post_title":"foto-446_3190","post_excerpt":"","post_status":"inherit","comment_status":"closed","ping_status":"closed","post_password":"","post_name":"foto-446_3190","to_ping":"","pinged":"","post_modified":"2025-04-22 07:46:38","post_modified_gmt":"2025-04-22 05:46:38","post_content_filtered":"","post_parent":"11488","guid":"https:\/\/spainfilmcommission.com\/wp-content\/uploads\/2025\/03\/foto-446_3190.jpg","menu_order":"0","post_type":"attachment","post_mime_type":"image\/jpeg","comment_count":"0","pod_item_id":"15479"},{"ID":"15481","post_author":"2","post_date":"2025-03-07 23:33:33","post_date_gmt":"2025-03-07 22:33:33","post_content":"","post_title":"foto-446_3191","post_excerpt":"","post_status":"inherit","comment_status":"closed","ping_status":"closed","post_password":"","post_name":"foto-446_3191","to_ping":"","pinged":"","post_modified":"2025-04-22 07:46:38","post_modified_gmt":"2025-04-22 05:46:38","post_content_filtered":"","post_parent":"11488","guid":"https:\/\/spainfilmcommission.com\/wp-content\/uploads\/2025\/03\/foto-446_3191.jpg","menu_order":"0","post_type":"attachment","post_mime_type":"image\/jpeg","comment_count":"0","pod_item_id":"15481"},{"ID":"15483","post_author":"2","post_date":"2025-03-07 23:33:35","post_date_gmt":"2025-03-07 22:33:35","post_content":"","post_title":"foto-446_3192","post_excerpt":"","post_status":"inherit","comment_status":"closed","ping_status":"closed","post_password":"","post_name":"foto-446_3192","to_ping":"","pinged":"","post_modified":"2025-04-22 07:46:38","post_modified_gmt":"2025-04-22 05:46:38","post_content_filtered":"","post_parent":"11488","guid":"https:\/\/spainfilmcommission.com\/wp-content\/uploads\/2025\/03\/foto-446_3192.jpg","menu_order":"0","post_type":"attachment","post_mime_type":"image\/jpeg","comment_count":"0","pod_item_id":"15483"},{"ID":"15485","post_author":"2","post_date":"2025-03-07 23:33:37","post_date_gmt":"2025-03-07 22:33:37","post_content":"","post_title":"foto-446_3193","post_excerpt":"","post_status":"inherit","comment_status":"closed","ping_status":"closed","post_password":"","post_name":"foto-446_3193","to_ping":"","pinged":"","post_modified":"2025-04-22 07:46:38","post_modified_gmt":"2025-04-22 05:46:38","post_content_filtered":"","post_parent":"11488","guid":"https:\/\/spainfilmcommission.com\/wp-content\/uploads\/2025\/03\/foto-446_3193.jpg","menu_order":"0","post_type":"attachment","post_mime_type":"image\/jpeg","comment_count":"0","pod_item_id":"15485"},{"ID":"15487","post_author":"2","post_date":"2025-03-07 23:33:39","post_date_gmt":"2025-03-07 22:33:39","post_content":"","post_title":"foto-446_3215","post_excerpt":"","post_status":"inherit","comment_status":"closed","ping_status":"closed","post_password":"","post_name":"foto-446_3215","to_ping":"","pinged":"","post_modified":"2025-04-22 07:46:38","post_modified_gmt":"2025-04-22 05:46:38","post_content_filtered":"","post_parent":"11488","guid":"https:\/\/spainfilmcommission.com\/wp-content\/uploads\/2025\/03\/foto-446_3215.jpg","menu_order":"0","post_type":"attachment","post_mime_type":"image\/jpeg","comment_count":"0","pod_item_id":"15487"}],"nombrepaginaes":"parque-nacional-de-picos-de-europa","nombrepaginaen":"picos-de-europa-national-park","latitud_gps":"43.186.968","longitud_gps":"-4.871.243","adicionaleses":"","adicionalesen":"","videoes":"https:\/\/www.youtube.com\/watch?v=FHgKpk1SyAM","videoen":"https:\/\/www.youtube.com\/watch?v=FHgKpk1SyAM","video2es":"","video2en":"","_links":{"self":[{"href":"https:\/\/spainfilmcommission.com\/en\/wp-json\/wp\/v2\/localizaciones\/localizacion\/11488","targetHints":{"allow":["GET"]}}],"collection":[{"href":"https:\/\/spainfilmcommission.com\/en\/wp-json\/wp\/v2\/localizaciones\/localizacion"}],"about":[{"href":"https:\/\/spainfilmcommission.com\/en\/wp-json\/wp\/v2\/types\/localizacion"}],"author":[{"embeddable":true,"href":"https:\/\/spainfilmcommission.com\/en\/wp-json\/wp\/v2\/users\/2"}],"wp:attachment":[{"href":"https:\/\/spainfilmcommission.com\/en\/wp-json\/wp\/v2\/media?parent=11488"}],"curies":[{"name":"wp","href":"https:\/\/api.w.org\/{rel}","templated":true}]}}