{"id":11484,"date":"2025-02-27T18:32:36","date_gmt":"2025-02-27T17:32:36","guid":{"rendered":"https:\/\/spainfilmcommission.com\/?post_type=localizacion&#038;p=11484"},"modified":"2025-04-21T14:52:53","modified_gmt":"2025-04-21T12:52:53","slug":"parque-natural-de-somiedo","status":"publish","type":"localizacion","link":"https:\/\/spainfilmcommission.com\/en\/ai-locations\/parque-natural-de-somiedo\/","title":{"rendered":"Parque Natural de Somiedo"},"content":{"rendered":"","protected":false},"author":2,"template":"","meta":[],"class_list":["post-11484","localizacion","type-localizacion","status-publish","hentry"],"yoast_head":"<!-- This site is optimized with the Yoast SEO plugin v28.3 - https:\/\/yoast.com\/product\/yoast-seo-wordpress\/ -->\n<title>Rodar en Parque Natural de Somiedo - Spain Film Commission<\/title>\n<meta name=\"description\" content=\"En esta p\u00e1gina encontrar\u00e1s una peque\u00f1a descripci\u00f3n, m\u00e1genes e informaci\u00f3n relevante para que te hagas una idea de c\u00f3mo es rodar en Parque Natural de Somiedo\" \/>\n<meta name=\"robots\" content=\"index, follow, max-snippet:-1, max-image-preview:large, max-video-preview:-1\" \/>\n<link rel=\"canonical\" href=\"https:\/\/spainfilmcommission.com\/en\/ai-locations\/parque-natural-de-somiedo\/\" \/>\n<meta property=\"og:locale\" content=\"en_US\" \/>\n<meta property=\"og:type\" content=\"article\" \/>\n<meta property=\"og:title\" content=\"Rodar en Parque Natural de Somiedo - Spain Film Commission\" \/>\n<meta property=\"og:description\" content=\"En esta p\u00e1gina encontrar\u00e1s una peque\u00f1a descripci\u00f3n, m\u00e1genes e informaci\u00f3n relevante para que te hagas una idea de c\u00f3mo es rodar en Parque Natural de Somiedo\" \/>\n<meta property=\"og:url\" content=\"https:\/\/spainfilmcommission.com\/en\/ai-locations\/parque-natural-de-somiedo\/\" \/>\n<meta property=\"og:site_name\" content=\"Spain Film Commission\" \/>\n<meta property=\"article:modified_time\" content=\"2025-04-21T12:52:53+00:00\" \/>\n<meta name=\"twitter:card\" content=\"summary_large_image\" \/>\n<script type=\"application\/ld+json\" class=\"yoast-schema-graph\">{\"@context\":\"https:\\\/\\\/schema.org\",\"@graph\":[{\"@type\":\"WebPage\",\"@id\":\"https:\\\/\\\/spainfilmcommission.com\\\/en\\\/ai-locations\\\/parque-natural-de-somiedo\\\/\",\"url\":\"https:\\\/\\\/spainfilmcommission.com\\\/en\\\/ai-locations\\\/parque-natural-de-somiedo\\\/\",\"name\":\"Rodar en Parque Natural de Somiedo - Spain Film Commission\",\"isPartOf\":{\"@id\":\"https:\\\/\\\/spainfilmcommission.com\\\/en\\\/#website\"},\"datePublished\":\"2025-02-27T17:32:36+00:00\",\"dateModified\":\"2025-04-21T12:52:53+00:00\",\"description\":\"En esta p\u00e1gina encontrar\u00e1s una peque\u00f1a descripci\u00f3n, m\u00e1genes e informaci\u00f3n relevante para que te hagas una idea de c\u00f3mo es rodar en Parque Natural de Somiedo\",\"breadcrumb\":{\"@id\":\"https:\\\/\\\/spainfilmcommission.com\\\/en\\\/ai-locations\\\/parque-natural-de-somiedo\\\/#breadcrumb\"},\"inLanguage\":\"en-US\",\"potentialAction\":[{\"@type\":\"ReadAction\",\"target\":[\"https:\\\/\\\/spainfilmcommission.com\\\/en\\\/ai-locations\\\/parque-natural-de-somiedo\\\/\"]}]},{\"@type\":\"BreadcrumbList\",\"@id\":\"https:\\\/\\\/spainfilmcommission.com\\\/en\\\/ai-locations\\\/parque-natural-de-somiedo\\\/#breadcrumb\",\"itemListElement\":[{\"@type\":\"ListItem\",\"position\":1,\"name\":\"Portada\",\"item\":\"https:\\\/\\\/spainfilmcommission.com\\\/en\\\/\"},{\"@type\":\"ListItem\",\"position\":2,\"name\":\"Parque Natural de Somiedo\"}]},{\"@type\":\"WebSite\",\"@id\":\"https:\\\/\\\/spainfilmcommission.com\\\/en\\\/#website\",\"url\":\"https:\\\/\\\/spainfilmcommission.com\\\/en\\\/\",\"name\":\"Spain Film Commission\",\"description\":\"\",\"publisher\":{\"@id\":\"https:\\\/\\\/spainfilmcommission.com\\\/en\\\/#organization\"},\"potentialAction\":[{\"@type\":\"SearchAction\",\"target\":{\"@type\":\"EntryPoint\",\"urlTemplate\":\"https:\\\/\\\/spainfilmcommission.com\\\/en\\\/?s={search_term_string}\"},\"query-input\":{\"@type\":\"PropertyValueSpecification\",\"valueRequired\":true,\"valueName\":\"search_term_string\"}}],\"inLanguage\":\"en-US\"},{\"@type\":\"Organization\",\"@id\":\"https:\\\/\\\/spainfilmcommission.com\\\/en\\\/#organization\",\"name\":\"Spain Film Commission\",\"url\":\"https:\\\/\\\/spainfilmcommission.com\\\/en\\\/\",\"logo\":{\"@type\":\"ImageObject\",\"inLanguage\":\"en-US\",\"@id\":\"https:\\\/\\\/spainfilmcommission.com\\\/en\\\/#\\\/schema\\\/logo\\\/image\\\/\",\"url\":\"https:\\\/\\\/spainfilmcommission.com\\\/wp-content\\\/uploads\\\/2024\\\/07\\\/SPC_COLOR.png\",\"contentUrl\":\"https:\\\/\\\/spainfilmcommission.com\\\/wp-content\\\/uploads\\\/2024\\\/07\\\/SPC_COLOR.png\",\"width\":1665,\"height\":1665,\"caption\":\"Spain Film Commission\"},\"image\":{\"@id\":\"https:\\\/\\\/spainfilmcommission.com\\\/en\\\/#\\\/schema\\\/logo\\\/image\\\/\"}}]}<\/script>\n<!-- \/ Yoast SEO plugin. -->","yoast_head_json":{"title":"Rodar en Parque Natural de Somiedo - Spain Film Commission","description":"En esta p\u00e1gina encontrar\u00e1s una peque\u00f1a descripci\u00f3n, m\u00e1genes e informaci\u00f3n relevante para que te hagas una idea de c\u00f3mo es rodar en Parque Natural de Somiedo","robots":{"index":"index","follow":"follow","max-snippet":"max-snippet:-1","max-image-preview":"max-image-preview:large","max-video-preview":"max-video-preview:-1"},"canonical":"https:\/\/spainfilmcommission.com\/en\/ai-locations\/parque-natural-de-somiedo\/","og_locale":"en_US","og_type":"article","og_title":"Rodar en Parque Natural de Somiedo - Spain Film Commission","og_description":"En esta p\u00e1gina encontrar\u00e1s una peque\u00f1a descripci\u00f3n, m\u00e1genes e informaci\u00f3n relevante para que te hagas una idea de c\u00f3mo es rodar en Parque Natural de Somiedo","og_url":"https:\/\/spainfilmcommission.com\/en\/ai-locations\/parque-natural-de-somiedo\/","og_site_name":"Spain Film Commission","article_modified_time":"2025-04-21T12:52:53+00:00","twitter_card":"summary_large_image","schema":{"@context":"https:\/\/schema.org","@graph":[{"@type":"WebPage","@id":"https:\/\/spainfilmcommission.com\/en\/ai-locations\/parque-natural-de-somiedo\/","url":"https:\/\/spainfilmcommission.com\/en\/ai-locations\/parque-natural-de-somiedo\/","name":"Rodar en Parque Natural de Somiedo - Spain Film Commission","isPartOf":{"@id":"https:\/\/spainfilmcommission.com\/en\/#website"},"datePublished":"2025-02-27T17:32:36+00:00","dateModified":"2025-04-21T12:52:53+00:00","description":"En esta p\u00e1gina encontrar\u00e1s una peque\u00f1a descripci\u00f3n, m\u00e1genes e informaci\u00f3n relevante para que te hagas una idea de c\u00f3mo es rodar en Parque Natural de Somiedo","breadcrumb":{"@id":"https:\/\/spainfilmcommission.com\/en\/ai-locations\/parque-natural-de-somiedo\/#breadcrumb"},"inLanguage":"en-US","potentialAction":[{"@type":"ReadAction","target":["https:\/\/spainfilmcommission.com\/en\/ai-locations\/parque-natural-de-somiedo\/"]}]},{"@type":"BreadcrumbList","@id":"https:\/\/spainfilmcommission.com\/en\/ai-locations\/parque-natural-de-somiedo\/#breadcrumb","itemListElement":[{"@type":"ListItem","position":1,"name":"Portada","item":"https:\/\/spainfilmcommission.com\/en\/"},{"@type":"ListItem","position":2,"name":"Parque Natural de Somiedo"}]},{"@type":"WebSite","@id":"https:\/\/spainfilmcommission.com\/en\/#website","url":"https:\/\/spainfilmcommission.com\/en\/","name":"Spain Film Commission","description":"","publisher":{"@id":"https:\/\/spainfilmcommission.com\/en\/#organization"},"potentialAction":[{"@type":"SearchAction","target":{"@type":"EntryPoint","urlTemplate":"https:\/\/spainfilmcommission.com\/en\/?s={search_term_string}"},"query-input":{"@type":"PropertyValueSpecification","valueRequired":true,"valueName":"search_term_string"}}],"inLanguage":"en-US"},{"@type":"Organization","@id":"https:\/\/spainfilmcommission.com\/en\/#organization","name":"Spain Film Commission","url":"https:\/\/spainfilmcommission.com\/en\/","logo":{"@type":"ImageObject","inLanguage":"en-US","@id":"https:\/\/spainfilmcommission.com\/en\/#\/schema\/logo\/image\/","url":"https:\/\/spainfilmcommission.com\/wp-content\/uploads\/2024\/07\/SPC_COLOR.png","contentUrl":"https:\/\/spainfilmcommission.com\/wp-content\/uploads\/2024\/07\/SPC_COLOR.png","width":1665,"height":1665,"caption":"Spain Film Commission"},"image":{"@id":"https:\/\/spainfilmcommission.com\/en\/#\/schema\/logo\/image\/"}}]}},"socio":[{"ID":"16","user_login":"asturias-paraiso-natural-film-commission","user_nicename":"asturias-paraiso-natural-film-commission","display_name":"asturias-paraiso-natural-film-commission","user_pass":"****************","user_email":"filmcommission@turismoycultura.asturias.es","user_url":"","user_registered":"2024-12-19 13:43:43","id":16}],"nombrees":"Parque Natural de Somiedo","nombreen":"Somiedo natural park","localidad":"Somiedo","provincia":"Asturias","coordenadas_maps":"43.118729, -6.280086","latitud":"43.118729000000","longitud":"-6.280086000000","direcciones":"","direccionen":"","cod_postal":[],"telefono":"","fax":"","mail":"","web":"http:\/\/www.parquenaturalsomiedo.com\/","descripciones":"El Parque Natural de Somiedo (Somiedo, Asturias) es uno de los \u00faltimos reductos donde la naturaleza es pura. Sus paisajes, su fauna y flora, su gastronom\u00eda, y sus gentes hacen de este rinc\u00f3n un lugar privilegiado. Sus altas cumbres, sus lagos, sus bosques que se pierden de vista, son refugio de multitud de especies animales como urogallos, ciervos, lobos y osos. El Parque Natural de Somiedo abarca 29.122 hect\u00e1reas y es uno de los espacios protegidos m\u00e1s importantes y mejor conservados de Asturias. Fue el primer espacio asturiano declarado Parque Natural en 1988. Y posteriormente en el a\u00f1o 2.000 como Reserva de la Biosfera.","descripcionen":"The Natural Park of Somiedo (Somiedo, Asturias) is one of the last redoubts where nature is pure. Its landscapes, fauna and flora, gastronomy, and its people make this corner a privileged place. Its high peaks, lakes and forests are a refuge for a multitude of animal species such as grouse, deer, wolves and bears. The Somiedo Natural Park covers 29,122 hectares and is one of the most important and best preserved protected areas in Asturias. It was the first Asturian space declared Natural Park in 1988. And later in the year 2000 as a Biosphere Reserve.","galeria":[{"ID":"15413","post_author":"2","post_date":"2025-03-07 23:32:19","post_date_gmt":"2025-03-07 22:32:19","post_content":"","post_title":"foto-442_3156","post_excerpt":"","post_status":"inherit","comment_status":"closed","ping_status":"closed","post_password":"","post_name":"foto-442_3156","to_ping":"","pinged":"","post_modified":"2025-04-21 14:52:53","post_modified_gmt":"2025-04-21 12:52:53","post_content_filtered":"","post_parent":"11484","guid":"https:\/\/spainfilmcommission.com\/wp-content\/uploads\/2025\/03\/foto-442_3156.jpg","menu_order":"0","post_type":"attachment","post_mime_type":"image\/jpeg","comment_count":"0","pod_item_id":"15413"},{"ID":"15415","post_author":"2","post_date":"2025-03-07 23:32:23","post_date_gmt":"2025-03-07 22:32:23","post_content":"","post_title":"foto-442_3157","post_excerpt":"","post_status":"inherit","comment_status":"closed","ping_status":"closed","post_password":"","post_name":"foto-442_3157","to_ping":"","pinged":"","post_modified":"2025-04-21 14:52:53","post_modified_gmt":"2025-04-21 12:52:53","post_content_filtered":"","post_parent":"11484","guid":"https:\/\/spainfilmcommission.com\/wp-content\/uploads\/2025\/03\/foto-442_3157.jpg","menu_order":"0","post_type":"attachment","post_mime_type":"image\/jpeg","comment_count":"0","pod_item_id":"15415"},{"ID":"15417","post_author":"2","post_date":"2025-03-07 23:32:24","post_date_gmt":"2025-03-07 22:32:24","post_content":"","post_title":"foto-442_3158","post_excerpt":"","post_status":"inherit","comment_status":"closed","ping_status":"closed","post_password":"","post_name":"foto-442_3158","to_ping":"","pinged":"","post_modified":"2025-04-21 14:52:53","post_modified_gmt":"2025-04-21 12:52:53","post_content_filtered":"","post_parent":"11484","guid":"https:\/\/spainfilmcommission.com\/wp-content\/uploads\/2025\/03\/foto-442_3158.jpg","menu_order":"0","post_type":"attachment","post_mime_type":"image\/jpeg","comment_count":"0","pod_item_id":"15417"},{"ID":"15419","post_author":"2","post_date":"2025-03-07 23:32:26","post_date_gmt":"2025-03-07 22:32:26","post_content":"","post_title":"foto-442_3159","post_excerpt":"","post_status":"inherit","comment_status":"closed","ping_status":"closed","post_password":"","post_name":"foto-442_3159","to_ping":"","pinged":"","post_modified":"2025-04-21 14:52:53","post_modified_gmt":"2025-04-21 12:52:53","post_content_filtered":"","post_parent":"11484","guid":"https:\/\/spainfilmcommission.com\/wp-content\/uploads\/2025\/03\/foto-442_3159.jpg","menu_order":"0","post_type":"attachment","post_mime_type":"image\/jpeg","comment_count":"0","pod_item_id":"15419"},{"ID":"15421","post_author":"2","post_date":"2025-03-07 23:32:28","post_date_gmt":"2025-03-07 22:32:28","post_content":"","post_title":"foto-442_3160","post_excerpt":"","post_status":"inherit","comment_status":"closed","ping_status":"closed","post_password":"","post_name":"foto-442_3160","to_ping":"","pinged":"","post_modified":"2025-04-21 14:52:53","post_modified_gmt":"2025-04-21 12:52:53","post_content_filtered":"","post_parent":"11484","guid":"https:\/\/spainfilmcommission.com\/wp-content\/uploads\/2025\/03\/foto-442_3160.jpg","menu_order":"0","post_type":"attachment","post_mime_type":"image\/jpeg","comment_count":"0","pod_item_id":"15421"},{"ID":"15423","post_author":"2","post_date":"2025-03-07 23:32:30","post_date_gmt":"2025-03-07 22:32:30","post_content":"","post_title":"foto-442_3161","post_excerpt":"","post_status":"inherit","comment_status":"closed","ping_status":"closed","post_password":"","post_name":"foto-442_3161","to_ping":"","pinged":"","post_modified":"2025-04-21 14:52:53","post_modified_gmt":"2025-04-21 12:52:53","post_content_filtered":"","post_parent":"11484","guid":"https:\/\/spainfilmcommission.com\/wp-content\/uploads\/2025\/03\/foto-442_3161.jpg","menu_order":"0","post_type":"attachment","post_mime_type":"image\/jpeg","comment_count":"0","pod_item_id":"15423"},{"ID":"15425","post_author":"2","post_date":"2025-03-07 23:32:32","post_date_gmt":"2025-03-07 22:32:32","post_content":"","post_title":"foto-442_3162","post_excerpt":"","post_status":"inherit","comment_status":"closed","ping_status":"closed","post_password":"","post_name":"foto-442_3162","to_ping":"","pinged":"","post_modified":"2025-04-21 14:52:53","post_modified_gmt":"2025-04-21 12:52:53","post_content_filtered":"","post_parent":"11484","guid":"https:\/\/spainfilmcommission.com\/wp-content\/uploads\/2025\/03\/foto-442_3162.jpg","menu_order":"0","post_type":"attachment","post_mime_type":"image\/jpeg","comment_count":"0","pod_item_id":"15425"},{"ID":"15427","post_author":"2","post_date":"2025-03-07 23:32:35","post_date_gmt":"2025-03-07 22:32:35","post_content":"","post_title":"foto-442_3163","post_excerpt":"","post_status":"inherit","comment_status":"closed","ping_status":"closed","post_password":"","post_name":"foto-442_3163","to_ping":"","pinged":"","post_modified":"2025-04-21 14:52:53","post_modified_gmt":"2025-04-21 12:52:53","post_content_filtered":"","post_parent":"11484","guid":"https:\/\/spainfilmcommission.com\/wp-content\/uploads\/2025\/03\/foto-442_3163.jpg","menu_order":"0","post_type":"attachment","post_mime_type":"image\/jpeg","comment_count":"0","pod_item_id":"15427"},{"ID":"15429","post_author":"2","post_date":"2025-03-07 23:32:37","post_date_gmt":"2025-03-07 22:32:37","post_content":"","post_title":"foto-442_3165","post_excerpt":"","post_status":"inherit","comment_status":"closed","ping_status":"closed","post_password":"","post_name":"foto-442_3165","to_ping":"","pinged":"","post_modified":"2025-04-21 14:52:53","post_modified_gmt":"2025-04-21 12:52:53","post_content_filtered":"","post_parent":"11484","guid":"https:\/\/spainfilmcommission.com\/wp-content\/uploads\/2025\/03\/foto-442_3165.jpg","menu_order":"0","post_type":"attachment","post_mime_type":"image\/jpeg","comment_count":"0","pod_item_id":"15429"},{"ID":"15431","post_author":"2","post_date":"2025-03-07 23:32:39","post_date_gmt":"2025-03-07 22:32:39","post_content":"","post_title":"foto-442_3166","post_excerpt":"","post_status":"inherit","comment_status":"closed","ping_status":"closed","post_password":"","post_name":"foto-442_3166","to_ping":"","pinged":"","post_modified":"2025-04-21 14:52:53","post_modified_gmt":"2025-04-21 12:52:53","post_content_filtered":"","post_parent":"11484","guid":"https:\/\/spainfilmcommission.com\/wp-content\/uploads\/2025\/03\/foto-442_3166.jpg","menu_order":"0","post_type":"attachment","post_mime_type":"image\/jpeg","comment_count":"0","pod_item_id":"15431"},{"ID":"15433","post_author":"2","post_date":"2025-03-07 23:32:41","post_date_gmt":"2025-03-07 22:32:41","post_content":"","post_title":"foto-442_3216","post_excerpt":"","post_status":"inherit","comment_status":"closed","ping_status":"closed","post_password":"","post_name":"foto-442_3216","to_ping":"","pinged":"","post_modified":"2025-04-21 14:52:53","post_modified_gmt":"2025-04-21 12:52:53","post_content_filtered":"","post_parent":"11484","guid":"https:\/\/spainfilmcommission.com\/wp-content\/uploads\/2025\/03\/foto-442_3216.jpg","menu_order":"0","post_type":"attachment","post_mime_type":"image\/jpeg","comment_count":"0","pod_item_id":"15433"}],"nombrepaginaes":"parque-natural-de-somiedo","nombrepaginaen":"somiedo-natural-park","latitud_gps":"43.118.729","longitud_gps":"-6.280.086","adicionaleses":"","adicionalesen":"","videoes":"https:\/\/www.youtube.com\/watch?v=9FOX1nBJiFc","videoen":"https:\/\/www.youtube.com\/watch?v=9FOX1nBJiFc","video2es":"","video2en":"","_links":{"self":[{"href":"https:\/\/spainfilmcommission.com\/en\/wp-json\/wp\/v2\/localizaciones\/localizacion\/11484","targetHints":{"allow":["GET"]}}],"collection":[{"href":"https:\/\/spainfilmcommission.com\/en\/wp-json\/wp\/v2\/localizaciones\/localizacion"}],"about":[{"href":"https:\/\/spainfilmcommission.com\/en\/wp-json\/wp\/v2\/types\/localizacion"}],"author":[{"embeddable":true,"href":"https:\/\/spainfilmcommission.com\/en\/wp-json\/wp\/v2\/users\/2"}],"wp:attachment":[{"href":"https:\/\/spainfilmcommission.com\/en\/wp-json\/wp\/v2\/media?parent=11484"}],"curies":[{"name":"wp","href":"https:\/\/api.w.org\/{rel}","templated":true}]}}