{"id":11477,"date":"2025-02-27T18:32:36","date_gmt":"2025-02-27T17:32:36","guid":{"rendered":"https:\/\/spainfilmcommission.com\/?post_type=localizacion&#038;p=11477"},"modified":"2025-04-21T14:02:52","modified_gmt":"2025-04-21T12:02:52","slug":"plaza-de-espana","status":"publish","type":"localizacion","link":"https:\/\/spainfilmcommission.com\/en\/ai-locations\/plaza-de-espana\/","title":{"rendered":"Plaza de Espa\u00f1a"},"content":{"rendered":"","protected":false},"author":2,"template":"","meta":[],"class_list":["post-11477","localizacion","type-localizacion","status-publish","hentry"],"yoast_head":"<!-- This site is optimized with the Yoast SEO plugin v28.3 - https:\/\/yoast.com\/product\/yoast-seo-wordpress\/ -->\n<title>Rodar en Plaza de Espa\u00f1a - Spain Film Commission<\/title>\n<meta name=\"description\" content=\"En esta p\u00e1gina encontrar\u00e1s una peque\u00f1a descripci\u00f3n, m\u00e1genes e informaci\u00f3n relevante para que te hagas una idea de c\u00f3mo es rodar en Plaza de Espa\u00f1a\" \/>\n<meta name=\"robots\" content=\"index, follow, max-snippet:-1, max-image-preview:large, max-video-preview:-1\" \/>\n<link rel=\"canonical\" href=\"https:\/\/spainfilmcommission.com\/en\/ai-locations\/plaza-de-espana\/\" \/>\n<meta property=\"og:locale\" content=\"en_US\" \/>\n<meta property=\"og:type\" content=\"article\" \/>\n<meta property=\"og:title\" content=\"Rodar en Plaza de Espa\u00f1a - Spain Film Commission\" \/>\n<meta property=\"og:description\" content=\"En esta p\u00e1gina encontrar\u00e1s una peque\u00f1a descripci\u00f3n, m\u00e1genes e informaci\u00f3n relevante para que te hagas una idea de c\u00f3mo es rodar en Plaza de Espa\u00f1a\" \/>\n<meta property=\"og:url\" content=\"https:\/\/spainfilmcommission.com\/en\/ai-locations\/plaza-de-espana\/\" \/>\n<meta property=\"og:site_name\" content=\"Spain Film Commission\" \/>\n<meta property=\"article:modified_time\" content=\"2025-04-21T12:02:52+00:00\" \/>\n<meta name=\"twitter:card\" content=\"summary_large_image\" \/>\n<script type=\"application\/ld+json\" class=\"yoast-schema-graph\">{\"@context\":\"https:\\\/\\\/schema.org\",\"@graph\":[{\"@type\":\"WebPage\",\"@id\":\"https:\\\/\\\/spainfilmcommission.com\\\/en\\\/ai-locations\\\/plaza-de-espana\\\/\",\"url\":\"https:\\\/\\\/spainfilmcommission.com\\\/en\\\/ai-locations\\\/plaza-de-espana\\\/\",\"name\":\"Rodar en Plaza de Espa\u00f1a - Spain Film Commission\",\"isPartOf\":{\"@id\":\"https:\\\/\\\/spainfilmcommission.com\\\/en\\\/#website\"},\"datePublished\":\"2025-02-27T17:32:36+00:00\",\"dateModified\":\"2025-04-21T12:02:52+00:00\",\"description\":\"En esta p\u00e1gina encontrar\u00e1s una peque\u00f1a descripci\u00f3n, m\u00e1genes e informaci\u00f3n relevante para que te hagas una idea de c\u00f3mo es rodar en Plaza de Espa\u00f1a\",\"breadcrumb\":{\"@id\":\"https:\\\/\\\/spainfilmcommission.com\\\/en\\\/ai-locations\\\/plaza-de-espana\\\/#breadcrumb\"},\"inLanguage\":\"en-US\",\"potentialAction\":[{\"@type\":\"ReadAction\",\"target\":[\"https:\\\/\\\/spainfilmcommission.com\\\/en\\\/ai-locations\\\/plaza-de-espana\\\/\"]}]},{\"@type\":\"BreadcrumbList\",\"@id\":\"https:\\\/\\\/spainfilmcommission.com\\\/en\\\/ai-locations\\\/plaza-de-espana\\\/#breadcrumb\",\"itemListElement\":[{\"@type\":\"ListItem\",\"position\":1,\"name\":\"Portada\",\"item\":\"https:\\\/\\\/spainfilmcommission.com\\\/en\\\/\"},{\"@type\":\"ListItem\",\"position\":2,\"name\":\"Plaza de Espa\u00f1a\"}]},{\"@type\":\"WebSite\",\"@id\":\"https:\\\/\\\/spainfilmcommission.com\\\/en\\\/#website\",\"url\":\"https:\\\/\\\/spainfilmcommission.com\\\/en\\\/\",\"name\":\"Spain Film Commission\",\"description\":\"\",\"publisher\":{\"@id\":\"https:\\\/\\\/spainfilmcommission.com\\\/en\\\/#organization\"},\"potentialAction\":[{\"@type\":\"SearchAction\",\"target\":{\"@type\":\"EntryPoint\",\"urlTemplate\":\"https:\\\/\\\/spainfilmcommission.com\\\/en\\\/?s={search_term_string}\"},\"query-input\":{\"@type\":\"PropertyValueSpecification\",\"valueRequired\":true,\"valueName\":\"search_term_string\"}}],\"inLanguage\":\"en-US\"},{\"@type\":\"Organization\",\"@id\":\"https:\\\/\\\/spainfilmcommission.com\\\/en\\\/#organization\",\"name\":\"Spain Film Commission\",\"url\":\"https:\\\/\\\/spainfilmcommission.com\\\/en\\\/\",\"logo\":{\"@type\":\"ImageObject\",\"inLanguage\":\"en-US\",\"@id\":\"https:\\\/\\\/spainfilmcommission.com\\\/en\\\/#\\\/schema\\\/logo\\\/image\\\/\",\"url\":\"https:\\\/\\\/spainfilmcommission.com\\\/wp-content\\\/uploads\\\/2024\\\/07\\\/SPC_COLOR.png\",\"contentUrl\":\"https:\\\/\\\/spainfilmcommission.com\\\/wp-content\\\/uploads\\\/2024\\\/07\\\/SPC_COLOR.png\",\"width\":1665,\"height\":1665,\"caption\":\"Spain Film Commission\"},\"image\":{\"@id\":\"https:\\\/\\\/spainfilmcommission.com\\\/en\\\/#\\\/schema\\\/logo\\\/image\\\/\"}}]}<\/script>\n<!-- \/ Yoast SEO plugin. -->","yoast_head_json":{"title":"Rodar en Plaza de Espa\u00f1a - Spain Film Commission","description":"En esta p\u00e1gina encontrar\u00e1s una peque\u00f1a descripci\u00f3n, m\u00e1genes e informaci\u00f3n relevante para que te hagas una idea de c\u00f3mo es rodar en Plaza de Espa\u00f1a","robots":{"index":"index","follow":"follow","max-snippet":"max-snippet:-1","max-image-preview":"max-image-preview:large","max-video-preview":"max-video-preview:-1"},"canonical":"https:\/\/spainfilmcommission.com\/en\/ai-locations\/plaza-de-espana\/","og_locale":"en_US","og_type":"article","og_title":"Rodar en Plaza de Espa\u00f1a - Spain Film Commission","og_description":"En esta p\u00e1gina encontrar\u00e1s una peque\u00f1a descripci\u00f3n, m\u00e1genes e informaci\u00f3n relevante para que te hagas una idea de c\u00f3mo es rodar en Plaza de Espa\u00f1a","og_url":"https:\/\/spainfilmcommission.com\/en\/ai-locations\/plaza-de-espana\/","og_site_name":"Spain Film Commission","article_modified_time":"2025-04-21T12:02:52+00:00","twitter_card":"summary_large_image","schema":{"@context":"https:\/\/schema.org","@graph":[{"@type":"WebPage","@id":"https:\/\/spainfilmcommission.com\/en\/ai-locations\/plaza-de-espana\/","url":"https:\/\/spainfilmcommission.com\/en\/ai-locations\/plaza-de-espana\/","name":"Rodar en Plaza de Espa\u00f1a - Spain Film Commission","isPartOf":{"@id":"https:\/\/spainfilmcommission.com\/en\/#website"},"datePublished":"2025-02-27T17:32:36+00:00","dateModified":"2025-04-21T12:02:52+00:00","description":"En esta p\u00e1gina encontrar\u00e1s una peque\u00f1a descripci\u00f3n, m\u00e1genes e informaci\u00f3n relevante para que te hagas una idea de c\u00f3mo es rodar en Plaza de Espa\u00f1a","breadcrumb":{"@id":"https:\/\/spainfilmcommission.com\/en\/ai-locations\/plaza-de-espana\/#breadcrumb"},"inLanguage":"en-US","potentialAction":[{"@type":"ReadAction","target":["https:\/\/spainfilmcommission.com\/en\/ai-locations\/plaza-de-espana\/"]}]},{"@type":"BreadcrumbList","@id":"https:\/\/spainfilmcommission.com\/en\/ai-locations\/plaza-de-espana\/#breadcrumb","itemListElement":[{"@type":"ListItem","position":1,"name":"Portada","item":"https:\/\/spainfilmcommission.com\/en\/"},{"@type":"ListItem","position":2,"name":"Plaza de Espa\u00f1a"}]},{"@type":"WebSite","@id":"https:\/\/spainfilmcommission.com\/en\/#website","url":"https:\/\/spainfilmcommission.com\/en\/","name":"Spain Film Commission","description":"","publisher":{"@id":"https:\/\/spainfilmcommission.com\/en\/#organization"},"potentialAction":[{"@type":"SearchAction","target":{"@type":"EntryPoint","urlTemplate":"https:\/\/spainfilmcommission.com\/en\/?s={search_term_string}"},"query-input":{"@type":"PropertyValueSpecification","valueRequired":true,"valueName":"search_term_string"}}],"inLanguage":"en-US"},{"@type":"Organization","@id":"https:\/\/spainfilmcommission.com\/en\/#organization","name":"Spain Film Commission","url":"https:\/\/spainfilmcommission.com\/en\/","logo":{"@type":"ImageObject","inLanguage":"en-US","@id":"https:\/\/spainfilmcommission.com\/en\/#\/schema\/logo\/image\/","url":"https:\/\/spainfilmcommission.com\/wp-content\/uploads\/2024\/07\/SPC_COLOR.png","contentUrl":"https:\/\/spainfilmcommission.com\/wp-content\/uploads\/2024\/07\/SPC_COLOR.png","width":1665,"height":1665,"caption":"Spain Film Commission"},"image":{"@id":"https:\/\/spainfilmcommission.com\/en\/#\/schema\/logo\/image\/"}}]}},"socio":[{"ID":"16","user_login":"asturias-paraiso-natural-film-commission","user_nicename":"asturias-paraiso-natural-film-commission","display_name":"asturias-paraiso-natural-film-commission","user_pass":"****************","user_email":"filmcommission@turismoycultura.asturias.es","user_url":"","user_registered":"2024-12-19 13:43:43","id":16}],"nombrees":"Plaza de Espa\u00f1a","nombreen":"Plaza de Espa\u00f1a","localidad":"Avil\u00e9s","provincia":"Asturias","coordenadas_maps":"43.555467, -5.92196","latitud":"43.555467000000","longitud":"-5.921960000000","direcciones":"","direccionen":"","cod_postal":[],"telefono":"","fax":"","mail":"","web":"http:\/\/aviles.es\/web\/turismo","descripciones":"La Plaza de Espa\u00f1a (Avil\u00e9s, Asturias) est\u00e1 situada en pleno casco antiguo y pertenece al denominado Conjunto Hist\u00f3rico Art\u00edstico de Avil\u00e9s, declarado en 1955 y en el que se incluyen calles de renombre, espacios muy valorados y diversas obras de gran valor civil y religioso. En ella se encuentra el Ayuntamiento de Avil\u00e9s.","descripcionen":"Plaza de Espa\u00f1a (Avil\u00e9s, Asturias) is an old square situated in the middle of the old town in Avil\u00e9s and close to famous streets in town, renowned areas and several religious and civil valued works. The City Hall of Avil\u00e9s is in this square.","galeria":[{"ID":"15361","post_author":"2","post_date":"2025-03-07 23:31:25","post_date_gmt":"2025-03-07 22:31:25","post_content":"","post_title":"foto-435_3128","post_excerpt":"","post_status":"inherit","comment_status":"closed","ping_status":"closed","post_password":"","post_name":"foto-435_3128","to_ping":"","pinged":"","post_modified":"2025-04-21 14:02:52","post_modified_gmt":"2025-04-21 12:02:52","post_content_filtered":"","post_parent":"11477","guid":"https:\/\/spainfilmcommission.com\/wp-content\/uploads\/2025\/03\/foto-435_3128.jpg","menu_order":"0","post_type":"attachment","post_mime_type":"image\/jpeg","comment_count":"0","pod_item_id":"15361"},{"ID":"15363","post_author":"2","post_date":"2025-03-07 23:31:27","post_date_gmt":"2025-03-07 22:31:27","post_content":"","post_title":"foto-435_3129","post_excerpt":"","post_status":"inherit","comment_status":"closed","ping_status":"closed","post_password":"","post_name":"foto-435_3129","to_ping":"","pinged":"","post_modified":"2025-04-21 14:02:52","post_modified_gmt":"2025-04-21 12:02:52","post_content_filtered":"","post_parent":"11477","guid":"https:\/\/spainfilmcommission.com\/wp-content\/uploads\/2025\/03\/foto-435_3129.jpg","menu_order":"0","post_type":"attachment","post_mime_type":"image\/jpeg","comment_count":"0","pod_item_id":"15363"},{"ID":"15365","post_author":"2","post_date":"2025-03-07 23:31:29","post_date_gmt":"2025-03-07 22:31:29","post_content":"","post_title":"foto-435_3130","post_excerpt":"","post_status":"inherit","comment_status":"closed","ping_status":"closed","post_password":"","post_name":"foto-435_3130","to_ping":"","pinged":"","post_modified":"2025-04-21 14:02:52","post_modified_gmt":"2025-04-21 12:02:52","post_content_filtered":"","post_parent":"11477","guid":"https:\/\/spainfilmcommission.com\/wp-content\/uploads\/2025\/03\/foto-435_3130.jpg","menu_order":"0","post_type":"attachment","post_mime_type":"image\/jpeg","comment_count":"0","pod_item_id":"15365"},{"ID":"15367","post_author":"2","post_date":"2025-03-07 23:31:31","post_date_gmt":"2025-03-07 22:31:31","post_content":"","post_title":"foto-435_3219","post_excerpt":"","post_status":"inherit","comment_status":"closed","ping_status":"closed","post_password":"","post_name":"foto-435_3219","to_ping":"","pinged":"","post_modified":"2025-04-21 14:02:52","post_modified_gmt":"2025-04-21 12:02:52","post_content_filtered":"","post_parent":"11477","guid":"https:\/\/spainfilmcommission.com\/wp-content\/uploads\/2025\/03\/foto-435_3219.jpg","menu_order":"0","post_type":"attachment","post_mime_type":"image\/jpeg","comment_count":"0","pod_item_id":"15367"}],"nombrepaginaes":"plaza-de-espana","nombrepaginaen":"plaza-de-espana","latitud_gps":"43.555.467","longitud_gps":"-592.196","adicionaleses":"","adicionalesen":"","videoes":"https:\/\/www.youtube.com\/watch?v=zELONlRYsmc","videoen":"https:\/\/www.youtube.com\/watch?v=zELONlRYsmc","video2es":"","video2en":"","_links":{"self":[{"href":"https:\/\/spainfilmcommission.com\/en\/wp-json\/wp\/v2\/localizaciones\/localizacion\/11477","targetHints":{"allow":["GET"]}}],"collection":[{"href":"https:\/\/spainfilmcommission.com\/en\/wp-json\/wp\/v2\/localizaciones\/localizacion"}],"about":[{"href":"https:\/\/spainfilmcommission.com\/en\/wp-json\/wp\/v2\/types\/localizacion"}],"author":[{"embeddable":true,"href":"https:\/\/spainfilmcommission.com\/en\/wp-json\/wp\/v2\/users\/2"}],"wp:attachment":[{"href":"https:\/\/spainfilmcommission.com\/en\/wp-json\/wp\/v2\/media?parent=11477"}],"curies":[{"name":"wp","href":"https:\/\/api.w.org\/{rel}","templated":true}]}}