{"id":11476,"date":"2025-02-27T18:32:36","date_gmt":"2025-02-27T17:32:36","guid":{"rendered":"https:\/\/spainfilmcommission.com\/?post_type=localizacion&#038;p=11476"},"modified":"2025-04-22T09:30:45","modified_gmt":"2025-04-22T07:30:45","slug":"jardin-botanico-atlantico","status":"publish","type":"localizacion","link":"https:\/\/spainfilmcommission.com\/en\/ai-locations\/jardin-botanico-atlantico\/","title":{"rendered":"Jard\u00edn Bot\u00e1nico Atl\u00e1ntico"},"content":{"rendered":"","protected":false},"author":2,"template":"","meta":[],"class_list":["post-11476","localizacion","type-localizacion","status-publish","hentry"],"yoast_head":"<!-- This site is optimized with the Yoast SEO plugin v28.3 - https:\/\/yoast.com\/product\/yoast-seo-wordpress\/ -->\n<title>Rodar en Jard\u00edn Bot\u00e1nico Atl\u00e1ntico - Spain Film Commission<\/title>\n<meta name=\"description\" content=\"En esta p\u00e1gina encontrar\u00e1s una peque\u00f1a descripci\u00f3n, m\u00e1genes e informaci\u00f3n relevante para que te hagas una idea de c\u00f3mo es rodar en Jard\u00edn Bot\u00e1nico Atl\u00e1ntico\" \/>\n<meta name=\"robots\" content=\"index, follow, max-snippet:-1, max-image-preview:large, max-video-preview:-1\" \/>\n<link rel=\"canonical\" href=\"https:\/\/spainfilmcommission.com\/en\/ai-locations\/jardin-botanico-atlantico\/\" \/>\n<meta property=\"og:locale\" content=\"en_US\" \/>\n<meta property=\"og:type\" content=\"article\" \/>\n<meta property=\"og:title\" content=\"Rodar en Jard\u00edn Bot\u00e1nico Atl\u00e1ntico - Spain Film Commission\" \/>\n<meta property=\"og:description\" content=\"En esta p\u00e1gina encontrar\u00e1s una peque\u00f1a descripci\u00f3n, m\u00e1genes e informaci\u00f3n relevante para que te hagas una idea de c\u00f3mo es rodar en Jard\u00edn Bot\u00e1nico Atl\u00e1ntico\" \/>\n<meta property=\"og:url\" content=\"https:\/\/spainfilmcommission.com\/en\/ai-locations\/jardin-botanico-atlantico\/\" \/>\n<meta property=\"og:site_name\" content=\"Spain Film Commission\" \/>\n<meta property=\"article:modified_time\" content=\"2025-04-22T07:30:45+00:00\" \/>\n<meta name=\"twitter:card\" content=\"summary_large_image\" \/>\n<script type=\"application\/ld+json\" class=\"yoast-schema-graph\">{\"@context\":\"https:\\\/\\\/schema.org\",\"@graph\":[{\"@type\":\"WebPage\",\"@id\":\"https:\\\/\\\/spainfilmcommission.com\\\/en\\\/ai-locations\\\/jardin-botanico-atlantico\\\/\",\"url\":\"https:\\\/\\\/spainfilmcommission.com\\\/en\\\/ai-locations\\\/jardin-botanico-atlantico\\\/\",\"name\":\"Rodar en Jard\u00edn Bot\u00e1nico Atl\u00e1ntico - Spain Film Commission\",\"isPartOf\":{\"@id\":\"https:\\\/\\\/spainfilmcommission.com\\\/en\\\/#website\"},\"datePublished\":\"2025-02-27T17:32:36+00:00\",\"dateModified\":\"2025-04-22T07:30:45+00:00\",\"description\":\"En esta p\u00e1gina encontrar\u00e1s una peque\u00f1a descripci\u00f3n, m\u00e1genes e informaci\u00f3n relevante para que te hagas una idea de c\u00f3mo es rodar en Jard\u00edn Bot\u00e1nico Atl\u00e1ntico\",\"breadcrumb\":{\"@id\":\"https:\\\/\\\/spainfilmcommission.com\\\/en\\\/ai-locations\\\/jardin-botanico-atlantico\\\/#breadcrumb\"},\"inLanguage\":\"en-US\",\"potentialAction\":[{\"@type\":\"ReadAction\",\"target\":[\"https:\\\/\\\/spainfilmcommission.com\\\/en\\\/ai-locations\\\/jardin-botanico-atlantico\\\/\"]}]},{\"@type\":\"BreadcrumbList\",\"@id\":\"https:\\\/\\\/spainfilmcommission.com\\\/en\\\/ai-locations\\\/jardin-botanico-atlantico\\\/#breadcrumb\",\"itemListElement\":[{\"@type\":\"ListItem\",\"position\":1,\"name\":\"Portada\",\"item\":\"https:\\\/\\\/spainfilmcommission.com\\\/en\\\/\"},{\"@type\":\"ListItem\",\"position\":2,\"name\":\"Jard\u00edn Bot\u00e1nico Atl\u00e1ntico\"}]},{\"@type\":\"WebSite\",\"@id\":\"https:\\\/\\\/spainfilmcommission.com\\\/en\\\/#website\",\"url\":\"https:\\\/\\\/spainfilmcommission.com\\\/en\\\/\",\"name\":\"Spain Film Commission\",\"description\":\"\",\"publisher\":{\"@id\":\"https:\\\/\\\/spainfilmcommission.com\\\/en\\\/#organization\"},\"potentialAction\":[{\"@type\":\"SearchAction\",\"target\":{\"@type\":\"EntryPoint\",\"urlTemplate\":\"https:\\\/\\\/spainfilmcommission.com\\\/en\\\/?s={search_term_string}\"},\"query-input\":{\"@type\":\"PropertyValueSpecification\",\"valueRequired\":true,\"valueName\":\"search_term_string\"}}],\"inLanguage\":\"en-US\"},{\"@type\":\"Organization\",\"@id\":\"https:\\\/\\\/spainfilmcommission.com\\\/en\\\/#organization\",\"name\":\"Spain Film Commission\",\"url\":\"https:\\\/\\\/spainfilmcommission.com\\\/en\\\/\",\"logo\":{\"@type\":\"ImageObject\",\"inLanguage\":\"en-US\",\"@id\":\"https:\\\/\\\/spainfilmcommission.com\\\/en\\\/#\\\/schema\\\/logo\\\/image\\\/\",\"url\":\"https:\\\/\\\/spainfilmcommission.com\\\/wp-content\\\/uploads\\\/2024\\\/07\\\/SPC_COLOR.png\",\"contentUrl\":\"https:\\\/\\\/spainfilmcommission.com\\\/wp-content\\\/uploads\\\/2024\\\/07\\\/SPC_COLOR.png\",\"width\":1665,\"height\":1665,\"caption\":\"Spain Film Commission\"},\"image\":{\"@id\":\"https:\\\/\\\/spainfilmcommission.com\\\/en\\\/#\\\/schema\\\/logo\\\/image\\\/\"}}]}<\/script>\n<!-- \/ Yoast SEO plugin. -->","yoast_head_json":{"title":"Rodar en Jard\u00edn Bot\u00e1nico Atl\u00e1ntico - Spain Film Commission","description":"En esta p\u00e1gina encontrar\u00e1s una peque\u00f1a descripci\u00f3n, m\u00e1genes e informaci\u00f3n relevante para que te hagas una idea de c\u00f3mo es rodar en Jard\u00edn Bot\u00e1nico Atl\u00e1ntico","robots":{"index":"index","follow":"follow","max-snippet":"max-snippet:-1","max-image-preview":"max-image-preview:large","max-video-preview":"max-video-preview:-1"},"canonical":"https:\/\/spainfilmcommission.com\/en\/ai-locations\/jardin-botanico-atlantico\/","og_locale":"en_US","og_type":"article","og_title":"Rodar en Jard\u00edn Bot\u00e1nico Atl\u00e1ntico - Spain Film Commission","og_description":"En esta p\u00e1gina encontrar\u00e1s una peque\u00f1a descripci\u00f3n, m\u00e1genes e informaci\u00f3n relevante para que te hagas una idea de c\u00f3mo es rodar en Jard\u00edn Bot\u00e1nico Atl\u00e1ntico","og_url":"https:\/\/spainfilmcommission.com\/en\/ai-locations\/jardin-botanico-atlantico\/","og_site_name":"Spain Film Commission","article_modified_time":"2025-04-22T07:30:45+00:00","twitter_card":"summary_large_image","schema":{"@context":"https:\/\/schema.org","@graph":[{"@type":"WebPage","@id":"https:\/\/spainfilmcommission.com\/en\/ai-locations\/jardin-botanico-atlantico\/","url":"https:\/\/spainfilmcommission.com\/en\/ai-locations\/jardin-botanico-atlantico\/","name":"Rodar en Jard\u00edn Bot\u00e1nico Atl\u00e1ntico - Spain Film Commission","isPartOf":{"@id":"https:\/\/spainfilmcommission.com\/en\/#website"},"datePublished":"2025-02-27T17:32:36+00:00","dateModified":"2025-04-22T07:30:45+00:00","description":"En esta p\u00e1gina encontrar\u00e1s una peque\u00f1a descripci\u00f3n, m\u00e1genes e informaci\u00f3n relevante para que te hagas una idea de c\u00f3mo es rodar en Jard\u00edn Bot\u00e1nico Atl\u00e1ntico","breadcrumb":{"@id":"https:\/\/spainfilmcommission.com\/en\/ai-locations\/jardin-botanico-atlantico\/#breadcrumb"},"inLanguage":"en-US","potentialAction":[{"@type":"ReadAction","target":["https:\/\/spainfilmcommission.com\/en\/ai-locations\/jardin-botanico-atlantico\/"]}]},{"@type":"BreadcrumbList","@id":"https:\/\/spainfilmcommission.com\/en\/ai-locations\/jardin-botanico-atlantico\/#breadcrumb","itemListElement":[{"@type":"ListItem","position":1,"name":"Portada","item":"https:\/\/spainfilmcommission.com\/en\/"},{"@type":"ListItem","position":2,"name":"Jard\u00edn Bot\u00e1nico Atl\u00e1ntico"}]},{"@type":"WebSite","@id":"https:\/\/spainfilmcommission.com\/en\/#website","url":"https:\/\/spainfilmcommission.com\/en\/","name":"Spain Film Commission","description":"","publisher":{"@id":"https:\/\/spainfilmcommission.com\/en\/#organization"},"potentialAction":[{"@type":"SearchAction","target":{"@type":"EntryPoint","urlTemplate":"https:\/\/spainfilmcommission.com\/en\/?s={search_term_string}"},"query-input":{"@type":"PropertyValueSpecification","valueRequired":true,"valueName":"search_term_string"}}],"inLanguage":"en-US"},{"@type":"Organization","@id":"https:\/\/spainfilmcommission.com\/en\/#organization","name":"Spain Film Commission","url":"https:\/\/spainfilmcommission.com\/en\/","logo":{"@type":"ImageObject","inLanguage":"en-US","@id":"https:\/\/spainfilmcommission.com\/en\/#\/schema\/logo\/image\/","url":"https:\/\/spainfilmcommission.com\/wp-content\/uploads\/2024\/07\/SPC_COLOR.png","contentUrl":"https:\/\/spainfilmcommission.com\/wp-content\/uploads\/2024\/07\/SPC_COLOR.png","width":1665,"height":1665,"caption":"Spain Film Commission"},"image":{"@id":"https:\/\/spainfilmcommission.com\/en\/#\/schema\/logo\/image\/"}}]}},"socio":[{"ID":"16","user_login":"asturias-paraiso-natural-film-commission","user_nicename":"asturias-paraiso-natural-film-commission","display_name":"asturias-paraiso-natural-film-commission","user_pass":"****************","user_email":"filmcommission@turismoycultura.asturias.es","user_url":"","user_registered":"2024-12-19 13:43:43","id":16}],"nombrees":"Jard\u00edn Bot\u00e1nico Atl\u00e1ntico","nombreen":"Atlantic Botanical Garden","localidad":"Gij\u00f3n","provincia":"Asturias","coordenadas_maps":"43.521585, -5.615882","latitud":"43.521585000000","longitud":"-5.615882000000","direcciones":"","direccionen":"","cod_postal":[],"telefono":"","fax":"","mail":"","web":"https:\/\/botanico.gijon.es\/","descripciones":"El Jard\u00edn Bot\u00e1nico Atl\u00e1ntico de Gij\u00f3n (Gij\u00f3n, Asturias), que se encuentra a dos kil\u00f3metros del centro de la ciudad ha sido el primero de su tipo en el noroeste de Espa\u00f1a y el \u00fanico jard\u00edn bot\u00e1nico en Asturias. Tiene una extensi\u00f3n de 150.000 m\u00b2 aunque est\u00e1 en proyecto su expansi\u00f3n hasta los 250.000 m\u00b2. Dentro de todo este terreno se catalogan alrededor de 30.000 plantas de 2.000 especies distintas. El jard\u00edn est\u00e1 divido en cuatro entornos diferenciados, que son: el entorno Cant\u00e1brico, la factor\u00eda vegetal, el Jard\u00edn hist\u00f3rico de la Isla -de m\u00e1s de 150 a\u00f1os- y el itinerario atl\u00e1ntico. Asimismo incluye el Monumento Natural de la Carbayeda de El Tragam\u00f3n, un bosque natural excepcional con \u00e1rboles de hasta 400 a\u00f1os.","descripcionen":"The Atlantic Botanical Garden of Gij\u00f3n (Gij\u00f3n, Asturias) is situated two kilometres away from town centre and it has been the first one of its kind in northwestern Spain, as well as the only one in Asturias, with a total area of more than 150.000 square meters, although it is planned to grow up to 250.000 square meters. There are more than 30.000 different plants from 2.000 different species. The garden is divided in four specific areas: Cantabrian environment, vegetal factory, historical garden of La Isla -which is 150 years old- and the atlantic itinerary. It also includes the Natural Monument of la Carbayeda (oak grove) de El Tragam\u00f3n, an spectacular forest with 400 years old trees.","galeria":[{"ID":"15353","post_author":"2","post_date":"2025-03-07 23:31:15","post_date_gmt":"2025-03-07 22:31:15","post_content":"","post_title":"foto-434_3124","post_excerpt":"","post_status":"inherit","comment_status":"closed","ping_status":"closed","post_password":"","post_name":"foto-434_3124","to_ping":"","pinged":"","post_modified":"2025-04-22 09:30:45","post_modified_gmt":"2025-04-22 07:30:45","post_content_filtered":"","post_parent":"11476","guid":"https:\/\/spainfilmcommission.com\/wp-content\/uploads\/2025\/03\/foto-434_3124.jpg","menu_order":"0","post_type":"attachment","post_mime_type":"image\/jpeg","comment_count":"0","pod_item_id":"15353"},{"ID":"15355","post_author":"2","post_date":"2025-03-07 23:31:18","post_date_gmt":"2025-03-07 22:31:18","post_content":"","post_title":"foto-434_3125","post_excerpt":"","post_status":"inherit","comment_status":"closed","ping_status":"closed","post_password":"","post_name":"foto-434_3125","to_ping":"","pinged":"","post_modified":"2025-04-22 09:30:45","post_modified_gmt":"2025-04-22 07:30:45","post_content_filtered":"","post_parent":"11476","guid":"https:\/\/spainfilmcommission.com\/wp-content\/uploads\/2025\/03\/foto-434_3125.jpg","menu_order":"0","post_type":"attachment","post_mime_type":"image\/jpeg","comment_count":"0","pod_item_id":"15355"},{"ID":"15357","post_author":"2","post_date":"2025-03-07 23:31:21","post_date_gmt":"2025-03-07 22:31:21","post_content":"","post_title":"foto-434_3126","post_excerpt":"","post_status":"inherit","comment_status":"closed","ping_status":"closed","post_password":"","post_name":"foto-434_3126","to_ping":"","pinged":"","post_modified":"2025-04-22 09:30:45","post_modified_gmt":"2025-04-22 07:30:45","post_content_filtered":"","post_parent":"11476","guid":"https:\/\/spainfilmcommission.com\/wp-content\/uploads\/2025\/03\/foto-434_3126.jpg","menu_order":"0","post_type":"attachment","post_mime_type":"image\/jpeg","comment_count":"0","pod_item_id":"15357"},{"ID":"15359","post_author":"2","post_date":"2025-03-07 23:31:23","post_date_gmt":"2025-03-07 22:31:23","post_content":"","post_title":"foto-434_3212","post_excerpt":"","post_status":"inherit","comment_status":"closed","ping_status":"closed","post_password":"","post_name":"foto-434_3212","to_ping":"","pinged":"","post_modified":"2025-04-22 09:30:45","post_modified_gmt":"2025-04-22 07:30:45","post_content_filtered":"","post_parent":"11476","guid":"https:\/\/spainfilmcommission.com\/wp-content\/uploads\/2025\/03\/foto-434_3212.jpg","menu_order":"0","post_type":"attachment","post_mime_type":"image\/jpeg","comment_count":"0","pod_item_id":"15359"}],"nombrepaginaes":"jardin-botanico-atlantico","nombrepaginaen":"atlantic-botanical-garden","latitud_gps":"43.521.585","longitud_gps":"-5.615.882","adicionaleses":"Sus paisajes han servido como localizaci\u00f3n de campa\u00f1as de moda internacionales para firmas como Zara - en 2013 y 2014-\u00a0o m\u00e1s recientemente -2017-, escenario de rodaje de &#39;Enterrados&#39;, dirigida por Luis Trapiello.","adicionalesen":"The garden landscapes have served as a\u00a0location for international fashion campaigns for companies such as Zara and Zara Home- in 2013 and 2014 - or more recently -2017-, the setting for &#39;Enterrados&#39;, directed by Luis Trapiello.","videoes":"https:\/\/www.youtube.com\/watch?v=CBAcVU14NbY","videoen":"https:\/\/www.youtube.com\/watch?v=CBAcVU14NbY","video2es":"","video2en":"","_links":{"self":[{"href":"https:\/\/spainfilmcommission.com\/en\/wp-json\/wp\/v2\/localizaciones\/localizacion\/11476","targetHints":{"allow":["GET"]}}],"collection":[{"href":"https:\/\/spainfilmcommission.com\/en\/wp-json\/wp\/v2\/localizaciones\/localizacion"}],"about":[{"href":"https:\/\/spainfilmcommission.com\/en\/wp-json\/wp\/v2\/types\/localizacion"}],"author":[{"embeddable":true,"href":"https:\/\/spainfilmcommission.com\/en\/wp-json\/wp\/v2\/users\/2"}],"wp:attachment":[{"href":"https:\/\/spainfilmcommission.com\/en\/wp-json\/wp\/v2\/media?parent=11476"}],"curies":[{"name":"wp","href":"https:\/\/api.w.org\/{rel}","templated":true}]}}