{"id":11469,"date":"2025-02-27T18:32:36","date_gmt":"2025-02-27T17:32:36","guid":{"rendered":"https:\/\/spainfilmcommission.com\/?post_type=localizacion&#038;p=11469"},"modified":"2025-04-22T09:19:22","modified_gmt":"2025-04-22T07:19:22","slug":"laboral-ciudad-de-la-cultura","status":"publish","type":"localizacion","link":"https:\/\/spainfilmcommission.com\/en\/ai-locations\/laboral-ciudad-de-la-cultura\/","title":{"rendered":"Laboral Ciudad de la Cultura"},"content":{"rendered":"","protected":false},"author":2,"template":"","meta":[],"class_list":["post-11469","localizacion","type-localizacion","status-publish","hentry"],"yoast_head":"<!-- This site is optimized with the Yoast SEO plugin v28.3 - https:\/\/yoast.com\/product\/yoast-seo-wordpress\/ -->\n<title>Rodar en Laboral Ciudad de la Cultura - Spain Film Commission<\/title>\n<meta name=\"description\" content=\"En esta p\u00e1gina encontrar\u00e1s una peque\u00f1a descripci\u00f3n, m\u00e1genes e informaci\u00f3n relevante para que te hagas una idea de c\u00f3mo es rodar en Laboral Ciudad de la Cultura\" \/>\n<meta name=\"robots\" content=\"index, follow, max-snippet:-1, max-image-preview:large, max-video-preview:-1\" \/>\n<link rel=\"canonical\" href=\"https:\/\/spainfilmcommission.com\/en\/ai-locations\/laboral-ciudad-de-la-cultura\/\" \/>\n<meta property=\"og:locale\" content=\"en_US\" \/>\n<meta property=\"og:type\" content=\"article\" \/>\n<meta property=\"og:title\" content=\"Rodar en Laboral Ciudad de la Cultura - Spain Film Commission\" \/>\n<meta property=\"og:description\" content=\"En esta p\u00e1gina encontrar\u00e1s una peque\u00f1a descripci\u00f3n, m\u00e1genes e informaci\u00f3n relevante para que te hagas una idea de c\u00f3mo es rodar en Laboral Ciudad de la Cultura\" \/>\n<meta property=\"og:url\" content=\"https:\/\/spainfilmcommission.com\/en\/ai-locations\/laboral-ciudad-de-la-cultura\/\" \/>\n<meta property=\"og:site_name\" content=\"Spain Film Commission\" \/>\n<meta property=\"article:modified_time\" content=\"2025-04-22T07:19:22+00:00\" \/>\n<meta name=\"twitter:card\" content=\"summary_large_image\" \/>\n<script type=\"application\/ld+json\" class=\"yoast-schema-graph\">{\"@context\":\"https:\\\/\\\/schema.org\",\"@graph\":[{\"@type\":\"WebPage\",\"@id\":\"https:\\\/\\\/spainfilmcommission.com\\\/en\\\/ai-locations\\\/laboral-ciudad-de-la-cultura\\\/\",\"url\":\"https:\\\/\\\/spainfilmcommission.com\\\/en\\\/ai-locations\\\/laboral-ciudad-de-la-cultura\\\/\",\"name\":\"Rodar en Laboral Ciudad de la Cultura - Spain Film Commission\",\"isPartOf\":{\"@id\":\"https:\\\/\\\/spainfilmcommission.com\\\/en\\\/#website\"},\"datePublished\":\"2025-02-27T17:32:36+00:00\",\"dateModified\":\"2025-04-22T07:19:22+00:00\",\"description\":\"En esta p\u00e1gina encontrar\u00e1s una peque\u00f1a descripci\u00f3n, m\u00e1genes e informaci\u00f3n relevante para que te hagas una idea de c\u00f3mo es rodar en Laboral Ciudad de la Cultura\",\"breadcrumb\":{\"@id\":\"https:\\\/\\\/spainfilmcommission.com\\\/en\\\/ai-locations\\\/laboral-ciudad-de-la-cultura\\\/#breadcrumb\"},\"inLanguage\":\"en-US\",\"potentialAction\":[{\"@type\":\"ReadAction\",\"target\":[\"https:\\\/\\\/spainfilmcommission.com\\\/en\\\/ai-locations\\\/laboral-ciudad-de-la-cultura\\\/\"]}]},{\"@type\":\"BreadcrumbList\",\"@id\":\"https:\\\/\\\/spainfilmcommission.com\\\/en\\\/ai-locations\\\/laboral-ciudad-de-la-cultura\\\/#breadcrumb\",\"itemListElement\":[{\"@type\":\"ListItem\",\"position\":1,\"name\":\"Portada\",\"item\":\"https:\\\/\\\/spainfilmcommission.com\\\/en\\\/\"},{\"@type\":\"ListItem\",\"position\":2,\"name\":\"Laboral Ciudad de la Cultura\"}]},{\"@type\":\"WebSite\",\"@id\":\"https:\\\/\\\/spainfilmcommission.com\\\/en\\\/#website\",\"url\":\"https:\\\/\\\/spainfilmcommission.com\\\/en\\\/\",\"name\":\"Spain Film Commission\",\"description\":\"\",\"publisher\":{\"@id\":\"https:\\\/\\\/spainfilmcommission.com\\\/en\\\/#organization\"},\"potentialAction\":[{\"@type\":\"SearchAction\",\"target\":{\"@type\":\"EntryPoint\",\"urlTemplate\":\"https:\\\/\\\/spainfilmcommission.com\\\/en\\\/?s={search_term_string}\"},\"query-input\":{\"@type\":\"PropertyValueSpecification\",\"valueRequired\":true,\"valueName\":\"search_term_string\"}}],\"inLanguage\":\"en-US\"},{\"@type\":\"Organization\",\"@id\":\"https:\\\/\\\/spainfilmcommission.com\\\/en\\\/#organization\",\"name\":\"Spain Film Commission\",\"url\":\"https:\\\/\\\/spainfilmcommission.com\\\/en\\\/\",\"logo\":{\"@type\":\"ImageObject\",\"inLanguage\":\"en-US\",\"@id\":\"https:\\\/\\\/spainfilmcommission.com\\\/en\\\/#\\\/schema\\\/logo\\\/image\\\/\",\"url\":\"https:\\\/\\\/spainfilmcommission.com\\\/wp-content\\\/uploads\\\/2024\\\/07\\\/SPC_COLOR.png\",\"contentUrl\":\"https:\\\/\\\/spainfilmcommission.com\\\/wp-content\\\/uploads\\\/2024\\\/07\\\/SPC_COLOR.png\",\"width\":1665,\"height\":1665,\"caption\":\"Spain Film Commission\"},\"image\":{\"@id\":\"https:\\\/\\\/spainfilmcommission.com\\\/en\\\/#\\\/schema\\\/logo\\\/image\\\/\"}}]}<\/script>\n<!-- \/ Yoast SEO plugin. -->","yoast_head_json":{"title":"Rodar en Laboral Ciudad de la Cultura - Spain Film Commission","description":"En esta p\u00e1gina encontrar\u00e1s una peque\u00f1a descripci\u00f3n, m\u00e1genes e informaci\u00f3n relevante para que te hagas una idea de c\u00f3mo es rodar en Laboral Ciudad de la Cultura","robots":{"index":"index","follow":"follow","max-snippet":"max-snippet:-1","max-image-preview":"max-image-preview:large","max-video-preview":"max-video-preview:-1"},"canonical":"https:\/\/spainfilmcommission.com\/en\/ai-locations\/laboral-ciudad-de-la-cultura\/","og_locale":"en_US","og_type":"article","og_title":"Rodar en Laboral Ciudad de la Cultura - Spain Film Commission","og_description":"En esta p\u00e1gina encontrar\u00e1s una peque\u00f1a descripci\u00f3n, m\u00e1genes e informaci\u00f3n relevante para que te hagas una idea de c\u00f3mo es rodar en Laboral Ciudad de la Cultura","og_url":"https:\/\/spainfilmcommission.com\/en\/ai-locations\/laboral-ciudad-de-la-cultura\/","og_site_name":"Spain Film Commission","article_modified_time":"2025-04-22T07:19:22+00:00","twitter_card":"summary_large_image","schema":{"@context":"https:\/\/schema.org","@graph":[{"@type":"WebPage","@id":"https:\/\/spainfilmcommission.com\/en\/ai-locations\/laboral-ciudad-de-la-cultura\/","url":"https:\/\/spainfilmcommission.com\/en\/ai-locations\/laboral-ciudad-de-la-cultura\/","name":"Rodar en Laboral Ciudad de la Cultura - Spain Film Commission","isPartOf":{"@id":"https:\/\/spainfilmcommission.com\/en\/#website"},"datePublished":"2025-02-27T17:32:36+00:00","dateModified":"2025-04-22T07:19:22+00:00","description":"En esta p\u00e1gina encontrar\u00e1s una peque\u00f1a descripci\u00f3n, m\u00e1genes e informaci\u00f3n relevante para que te hagas una idea de c\u00f3mo es rodar en Laboral Ciudad de la Cultura","breadcrumb":{"@id":"https:\/\/spainfilmcommission.com\/en\/ai-locations\/laboral-ciudad-de-la-cultura\/#breadcrumb"},"inLanguage":"en-US","potentialAction":[{"@type":"ReadAction","target":["https:\/\/spainfilmcommission.com\/en\/ai-locations\/laboral-ciudad-de-la-cultura\/"]}]},{"@type":"BreadcrumbList","@id":"https:\/\/spainfilmcommission.com\/en\/ai-locations\/laboral-ciudad-de-la-cultura\/#breadcrumb","itemListElement":[{"@type":"ListItem","position":1,"name":"Portada","item":"https:\/\/spainfilmcommission.com\/en\/"},{"@type":"ListItem","position":2,"name":"Laboral Ciudad de la Cultura"}]},{"@type":"WebSite","@id":"https:\/\/spainfilmcommission.com\/en\/#website","url":"https:\/\/spainfilmcommission.com\/en\/","name":"Spain Film Commission","description":"","publisher":{"@id":"https:\/\/spainfilmcommission.com\/en\/#organization"},"potentialAction":[{"@type":"SearchAction","target":{"@type":"EntryPoint","urlTemplate":"https:\/\/spainfilmcommission.com\/en\/?s={search_term_string}"},"query-input":{"@type":"PropertyValueSpecification","valueRequired":true,"valueName":"search_term_string"}}],"inLanguage":"en-US"},{"@type":"Organization","@id":"https:\/\/spainfilmcommission.com\/en\/#organization","name":"Spain Film Commission","url":"https:\/\/spainfilmcommission.com\/en\/","logo":{"@type":"ImageObject","inLanguage":"en-US","@id":"https:\/\/spainfilmcommission.com\/en\/#\/schema\/logo\/image\/","url":"https:\/\/spainfilmcommission.com\/wp-content\/uploads\/2024\/07\/SPC_COLOR.png","contentUrl":"https:\/\/spainfilmcommission.com\/wp-content\/uploads\/2024\/07\/SPC_COLOR.png","width":1665,"height":1665,"caption":"Spain Film Commission"},"image":{"@id":"https:\/\/spainfilmcommission.com\/en\/#\/schema\/logo\/image\/"}}]}},"socio":[{"ID":"16","user_login":"asturias-paraiso-natural-film-commission","user_nicename":"asturias-paraiso-natural-film-commission","display_name":"asturias-paraiso-natural-film-commission","user_pass":"****************","user_email":"filmcommission@turismoycultura.asturias.es","user_url":"","user_registered":"2024-12-19 13:43:43","id":16}],"nombrees":"Laboral Ciudad de la Cultura","nombreen":"Laboral City of Culture","localidad":"Gij\u00f3n","provincia":"Asturias","coordenadas_maps":"43.524149, -5.614024","latitud":"43.524149000000","longitud":"-5.614024000000","direcciones":"","direccionen":"","cod_postal":[],"telefono":"","fax":"","mail":"","web":"http:\/\/www.laboralciudaddelacultura.com\/","descripciones":"Laboral Ciudad de la Cultura (Gij\u00f3n, Asturias) es el resultado de un proyecto de transformaci\u00f3n que el Gobierno del Principado de Asturias acometi\u00f3 con el fin de dar nueva vida al edificio de la antigua Universidad Laboral de Gij\u00f3n (Asturias), convirti\u00e9ndola en una ciudad cultural del siglo XXI, abierta y plural, en la que hay espacio para todo tipo de espect\u00e1culos y propuestas de ocio. El centro de esta ciudad ideal es la gran plaza central, alrededor de la cual se disponen la magn\u00edfica Iglesia, la Torre, el Teatro y los edificios de direcci\u00f3n. En torno a ese aut\u00e9ntico coraz\u00f3n monumental de la ciudad, se despliegan el resto de dependencias del edificio, que abarca 130.000 metros cuadrados.","descripcionen":"Laboral City of Culture (Gij\u00f3n, Asturias) is the result of a transformation project the Government of the Principality of Asturias undertook in order to give new life to the building of the old Laboral University of Gij\u00f3n (Asturias), transforming it into an open and plural 21st Century cultural city, offering space for all kinds of shows and leisure proposals. Built pursuant to classical architectural principles, the central square was to become the heart of this ideal city, around of which there would be a magnificent church, tower, theatre and management buildings. Around this monumental central area of the city, you will find the rest of the buildings, taking up 130.000 square meters.","galeria":[{"ID":"15273","post_author":"2","post_date":"2025-03-07 23:29:47","post_date_gmt":"2025-03-07 22:29:47","post_content":"","post_title":"foto-426_3198","post_excerpt":"","post_status":"inherit","comment_status":"closed","ping_status":"closed","post_password":"","post_name":"foto-426_3198","to_ping":"","pinged":"","post_modified":"2025-04-22 09:19:22","post_modified_gmt":"2025-04-22 07:19:22","post_content_filtered":"","post_parent":"11469","guid":"https:\/\/spainfilmcommission.com\/wp-content\/uploads\/2025\/03\/foto-426_3198.jpg","menu_order":"0","post_type":"attachment","post_mime_type":"image\/jpeg","comment_count":"0","pod_item_id":"15273"},{"ID":"15275","post_author":"2","post_date":"2025-03-07 23:29:50","post_date_gmt":"2025-03-07 22:29:50","post_content":"","post_title":"foto-426_3199","post_excerpt":"","post_status":"inherit","comment_status":"closed","ping_status":"closed","post_password":"","post_name":"foto-426_3199","to_ping":"","pinged":"","post_modified":"2025-04-22 09:19:22","post_modified_gmt":"2025-04-22 07:19:22","post_content_filtered":"","post_parent":"11469","guid":"https:\/\/spainfilmcommission.com\/wp-content\/uploads\/2025\/03\/foto-426_3199.jpg","menu_order":"0","post_type":"attachment","post_mime_type":"image\/jpeg","comment_count":"0","pod_item_id":"15275"},{"ID":"15277","post_author":"2","post_date":"2025-03-07 23:29:52","post_date_gmt":"2025-03-07 22:29:52","post_content":"","post_title":"foto-426_3200","post_excerpt":"","post_status":"inherit","comment_status":"closed","ping_status":"closed","post_password":"","post_name":"foto-426_3200","to_ping":"","pinged":"","post_modified":"2025-04-22 09:19:22","post_modified_gmt":"2025-04-22 07:19:22","post_content_filtered":"","post_parent":"11469","guid":"https:\/\/spainfilmcommission.com\/wp-content\/uploads\/2025\/03\/foto-426_3200.jpg","menu_order":"0","post_type":"attachment","post_mime_type":"image\/jpeg","comment_count":"0","pod_item_id":"15277"},{"ID":"15279","post_author":"2","post_date":"2025-03-07 23:29:54","post_date_gmt":"2025-03-07 22:29:54","post_content":"","post_title":"foto-426_3202","post_excerpt":"","post_status":"inherit","comment_status":"closed","ping_status":"closed","post_password":"","post_name":"foto-426_3202","to_ping":"","pinged":"","post_modified":"2025-04-22 09:19:22","post_modified_gmt":"2025-04-22 07:19:22","post_content_filtered":"","post_parent":"11469","guid":"https:\/\/spainfilmcommission.com\/wp-content\/uploads\/2025\/03\/foto-426_3202.jpg","menu_order":"0","post_type":"attachment","post_mime_type":"image\/jpeg","comment_count":"0","pod_item_id":"15279"},{"ID":"15281","post_author":"2","post_date":"2025-03-07 23:29:56","post_date_gmt":"2025-03-07 22:29:56","post_content":"","post_title":"foto-426_3203","post_excerpt":"","post_status":"inherit","comment_status":"closed","ping_status":"closed","post_password":"","post_name":"foto-426_3203","to_ping":"","pinged":"","post_modified":"2025-04-22 09:19:22","post_modified_gmt":"2025-04-22 07:19:22","post_content_filtered":"","post_parent":"11469","guid":"https:\/\/spainfilmcommission.com\/wp-content\/uploads\/2025\/03\/foto-426_3203.jpg","menu_order":"0","post_type":"attachment","post_mime_type":"image\/jpeg","comment_count":"0","pod_item_id":"15281"},{"ID":"15283","post_author":"2","post_date":"2025-03-07 23:29:58","post_date_gmt":"2025-03-07 22:29:58","post_content":"","post_title":"foto-426_3204","post_excerpt":"","post_status":"inherit","comment_status":"closed","ping_status":"closed","post_password":"","post_name":"foto-426_3204","to_ping":"","pinged":"","post_modified":"2025-04-22 09:19:22","post_modified_gmt":"2025-04-22 07:19:22","post_content_filtered":"","post_parent":"11469","guid":"https:\/\/spainfilmcommission.com\/wp-content\/uploads\/2025\/03\/foto-426_3204.jpg","menu_order":"0","post_type":"attachment","post_mime_type":"image\/jpeg","comment_count":"0","pod_item_id":"15283"},{"ID":"15285","post_author":"2","post_date":"2025-03-07 23:30:00","post_date_gmt":"2025-03-07 22:30:00","post_content":"","post_title":"foto-426_3205","post_excerpt":"","post_status":"inherit","comment_status":"closed","ping_status":"closed","post_password":"","post_name":"foto-426_3205","to_ping":"","pinged":"","post_modified":"2025-04-22 09:19:22","post_modified_gmt":"2025-04-22 07:19:22","post_content_filtered":"","post_parent":"11469","guid":"https:\/\/spainfilmcommission.com\/wp-content\/uploads\/2025\/03\/foto-426_3205.jpg","menu_order":"0","post_type":"attachment","post_mime_type":"image\/jpeg","comment_count":"0","pod_item_id":"15285"},{"ID":"15289","post_author":"2","post_date":"2025-03-07 23:30:04","post_date_gmt":"2025-03-07 22:30:04","post_content":"","post_title":"foto-426_3208","post_excerpt":"","post_status":"inherit","comment_status":"closed","ping_status":"closed","post_password":"","post_name":"foto-426_3208","to_ping":"","pinged":"","post_modified":"2025-04-22 09:19:22","post_modified_gmt":"2025-04-22 07:19:22","post_content_filtered":"","post_parent":"11469","guid":"https:\/\/spainfilmcommission.com\/wp-content\/uploads\/2025\/03\/foto-426_3208.jpg","menu_order":"0","post_type":"attachment","post_mime_type":"image\/jpeg","comment_count":"0","pod_item_id":"15289"}],"nombrepaginaes":"laboral-ciudad-de-la-cultura","nombrepaginaen":"laboral-city-of-culture","latitud_gps":"43.524.149","longitud_gps":"-5.614.024","adicionaleses":"Su plaza\u00a0monumental y sus impresionantes instalaciones han sido testigos de numerosos rodajes de cine y tv, siendo llevados a la gran pantalla en dos ocasiones: \"La gran aventura de Mortadelo y Filem\u00f3n\" de Javier Fesser en 2002 y \"Fuga de cerebros\" de Fer","adicionalesen":"Its monumental square and its impressive facilities have witnessed numerous film and TV shoots, such as: \"La gran aventura de\u00a0Mortadelo y Filem\u00f3n\" by Javier Fesser in 2002 and \"Fuga de cerebros\" by Fernando Gonz\u00e1lez Molina, in 2008. More recently, in 2017","videoes":"https:\/\/youtu.be\/NmttM1pKqW0","videoen":"https:\/\/youtu.be\/NmttM1pKqW0","video2es":"","video2en":"","_links":{"self":[{"href":"https:\/\/spainfilmcommission.com\/en\/wp-json\/wp\/v2\/localizaciones\/localizacion\/11469","targetHints":{"allow":["GET"]}}],"collection":[{"href":"https:\/\/spainfilmcommission.com\/en\/wp-json\/wp\/v2\/localizaciones\/localizacion"}],"about":[{"href":"https:\/\/spainfilmcommission.com\/en\/wp-json\/wp\/v2\/types\/localizacion"}],"author":[{"embeddable":true,"href":"https:\/\/spainfilmcommission.com\/en\/wp-json\/wp\/v2\/users\/2"}],"wp:attachment":[{"href":"https:\/\/spainfilmcommission.com\/en\/wp-json\/wp\/v2\/media?parent=11469"}],"curies":[{"name":"wp","href":"https:\/\/api.w.org\/{rel}","templated":true}]}}