{"id":11454,"date":"2025-02-27T18:30:33","date_gmt":"2025-02-27T17:30:33","guid":{"rendered":"https:\/\/spainfilmcommission.com\/?post_type=localizacion&#038;p=11454"},"modified":"2025-04-22T09:19:55","modified_gmt":"2025-04-22T07:19:55","slug":"la-seu-catedral","status":"publish","type":"localizacion","link":"https:\/\/spainfilmcommission.com\/en\/ai-locations\/la-seu-catedral\/","title":{"rendered":"La Seu (Catedral)"},"content":{"rendered":"","protected":false},"author":2,"template":"","meta":[],"class_list":["post-11454","localizacion","type-localizacion","status-publish","hentry"],"yoast_head":"<!-- This site is optimized with the Yoast SEO plugin v28.3 - https:\/\/yoast.com\/product\/yoast-seo-wordpress\/ -->\n<title>Rodar en La Seu (Catedral) - Spain Film Commission<\/title>\n<meta name=\"description\" content=\"En esta p\u00e1gina encontrar\u00e1s una peque\u00f1a descripci\u00f3n, m\u00e1genes e informaci\u00f3n relevante para que te hagas una idea de c\u00f3mo es rodar en La Seu (Catedral)\" \/>\n<meta name=\"robots\" content=\"index, follow, max-snippet:-1, max-image-preview:large, max-video-preview:-1\" \/>\n<link rel=\"canonical\" href=\"https:\/\/spainfilmcommission.com\/en\/ai-locations\/la-seu-catedral\/\" \/>\n<meta property=\"og:locale\" content=\"en_US\" \/>\n<meta property=\"og:type\" content=\"article\" \/>\n<meta property=\"og:title\" content=\"Rodar en La Seu (Catedral) - Spain Film Commission\" \/>\n<meta property=\"og:description\" content=\"En esta p\u00e1gina encontrar\u00e1s una peque\u00f1a descripci\u00f3n, m\u00e1genes e informaci\u00f3n relevante para que te hagas una idea de c\u00f3mo es rodar en La Seu (Catedral)\" \/>\n<meta property=\"og:url\" content=\"https:\/\/spainfilmcommission.com\/en\/ai-locations\/la-seu-catedral\/\" \/>\n<meta property=\"og:site_name\" content=\"Spain Film Commission\" \/>\n<meta property=\"article:modified_time\" content=\"2025-04-22T07:19:55+00:00\" \/>\n<meta name=\"twitter:card\" content=\"summary_large_image\" \/>\n<script type=\"application\/ld+json\" class=\"yoast-schema-graph\">{\"@context\":\"https:\\\/\\\/schema.org\",\"@graph\":[{\"@type\":\"WebPage\",\"@id\":\"https:\\\/\\\/spainfilmcommission.com\\\/en\\\/ai-locations\\\/la-seu-catedral\\\/\",\"url\":\"https:\\\/\\\/spainfilmcommission.com\\\/en\\\/ai-locations\\\/la-seu-catedral\\\/\",\"name\":\"Rodar en La Seu (Catedral) - Spain Film Commission\",\"isPartOf\":{\"@id\":\"https:\\\/\\\/spainfilmcommission.com\\\/en\\\/#website\"},\"datePublished\":\"2025-02-27T17:30:33+00:00\",\"dateModified\":\"2025-04-22T07:19:55+00:00\",\"description\":\"En esta p\u00e1gina encontrar\u00e1s una peque\u00f1a descripci\u00f3n, m\u00e1genes e informaci\u00f3n relevante para que te hagas una idea de c\u00f3mo es rodar en La Seu (Catedral)\",\"breadcrumb\":{\"@id\":\"https:\\\/\\\/spainfilmcommission.com\\\/en\\\/ai-locations\\\/la-seu-catedral\\\/#breadcrumb\"},\"inLanguage\":\"en-US\",\"potentialAction\":[{\"@type\":\"ReadAction\",\"target\":[\"https:\\\/\\\/spainfilmcommission.com\\\/en\\\/ai-locations\\\/la-seu-catedral\\\/\"]}]},{\"@type\":\"BreadcrumbList\",\"@id\":\"https:\\\/\\\/spainfilmcommission.com\\\/en\\\/ai-locations\\\/la-seu-catedral\\\/#breadcrumb\",\"itemListElement\":[{\"@type\":\"ListItem\",\"position\":1,\"name\":\"Portada\",\"item\":\"https:\\\/\\\/spainfilmcommission.com\\\/en\\\/\"},{\"@type\":\"ListItem\",\"position\":2,\"name\":\"La Seu (Catedral)\"}]},{\"@type\":\"WebSite\",\"@id\":\"https:\\\/\\\/spainfilmcommission.com\\\/en\\\/#website\",\"url\":\"https:\\\/\\\/spainfilmcommission.com\\\/en\\\/\",\"name\":\"Spain Film Commission\",\"description\":\"\",\"publisher\":{\"@id\":\"https:\\\/\\\/spainfilmcommission.com\\\/en\\\/#organization\"},\"potentialAction\":[{\"@type\":\"SearchAction\",\"target\":{\"@type\":\"EntryPoint\",\"urlTemplate\":\"https:\\\/\\\/spainfilmcommission.com\\\/en\\\/?s={search_term_string}\"},\"query-input\":{\"@type\":\"PropertyValueSpecification\",\"valueRequired\":true,\"valueName\":\"search_term_string\"}}],\"inLanguage\":\"en-US\"},{\"@type\":\"Organization\",\"@id\":\"https:\\\/\\\/spainfilmcommission.com\\\/en\\\/#organization\",\"name\":\"Spain Film Commission\",\"url\":\"https:\\\/\\\/spainfilmcommission.com\\\/en\\\/\",\"logo\":{\"@type\":\"ImageObject\",\"inLanguage\":\"en-US\",\"@id\":\"https:\\\/\\\/spainfilmcommission.com\\\/en\\\/#\\\/schema\\\/logo\\\/image\\\/\",\"url\":\"https:\\\/\\\/spainfilmcommission.com\\\/wp-content\\\/uploads\\\/2024\\\/07\\\/SPC_COLOR.png\",\"contentUrl\":\"https:\\\/\\\/spainfilmcommission.com\\\/wp-content\\\/uploads\\\/2024\\\/07\\\/SPC_COLOR.png\",\"width\":1665,\"height\":1665,\"caption\":\"Spain Film Commission\"},\"image\":{\"@id\":\"https:\\\/\\\/spainfilmcommission.com\\\/en\\\/#\\\/schema\\\/logo\\\/image\\\/\"}}]}<\/script>\n<!-- \/ Yoast SEO plugin. -->","yoast_head_json":{"title":"Rodar en La Seu (Catedral) - Spain Film Commission","description":"En esta p\u00e1gina encontrar\u00e1s una peque\u00f1a descripci\u00f3n, m\u00e1genes e informaci\u00f3n relevante para que te hagas una idea de c\u00f3mo es rodar en La Seu (Catedral)","robots":{"index":"index","follow":"follow","max-snippet":"max-snippet:-1","max-image-preview":"max-image-preview:large","max-video-preview":"max-video-preview:-1"},"canonical":"https:\/\/spainfilmcommission.com\/en\/ai-locations\/la-seu-catedral\/","og_locale":"en_US","og_type":"article","og_title":"Rodar en La Seu (Catedral) - Spain Film Commission","og_description":"En esta p\u00e1gina encontrar\u00e1s una peque\u00f1a descripci\u00f3n, m\u00e1genes e informaci\u00f3n relevante para que te hagas una idea de c\u00f3mo es rodar en La Seu (Catedral)","og_url":"https:\/\/spainfilmcommission.com\/en\/ai-locations\/la-seu-catedral\/","og_site_name":"Spain Film Commission","article_modified_time":"2025-04-22T07:19:55+00:00","twitter_card":"summary_large_image","schema":{"@context":"https:\/\/schema.org","@graph":[{"@type":"WebPage","@id":"https:\/\/spainfilmcommission.com\/en\/ai-locations\/la-seu-catedral\/","url":"https:\/\/spainfilmcommission.com\/en\/ai-locations\/la-seu-catedral\/","name":"Rodar en La Seu (Catedral) - Spain Film Commission","isPartOf":{"@id":"https:\/\/spainfilmcommission.com\/en\/#website"},"datePublished":"2025-02-27T17:30:33+00:00","dateModified":"2025-04-22T07:19:55+00:00","description":"En esta p\u00e1gina encontrar\u00e1s una peque\u00f1a descripci\u00f3n, m\u00e1genes e informaci\u00f3n relevante para que te hagas una idea de c\u00f3mo es rodar en La Seu (Catedral)","breadcrumb":{"@id":"https:\/\/spainfilmcommission.com\/en\/ai-locations\/la-seu-catedral\/#breadcrumb"},"inLanguage":"en-US","potentialAction":[{"@type":"ReadAction","target":["https:\/\/spainfilmcommission.com\/en\/ai-locations\/la-seu-catedral\/"]}]},{"@type":"BreadcrumbList","@id":"https:\/\/spainfilmcommission.com\/en\/ai-locations\/la-seu-catedral\/#breadcrumb","itemListElement":[{"@type":"ListItem","position":1,"name":"Portada","item":"https:\/\/spainfilmcommission.com\/en\/"},{"@type":"ListItem","position":2,"name":"La Seu (Catedral)"}]},{"@type":"WebSite","@id":"https:\/\/spainfilmcommission.com\/en\/#website","url":"https:\/\/spainfilmcommission.com\/en\/","name":"Spain Film Commission","description":"","publisher":{"@id":"https:\/\/spainfilmcommission.com\/en\/#organization"},"potentialAction":[{"@type":"SearchAction","target":{"@type":"EntryPoint","urlTemplate":"https:\/\/spainfilmcommission.com\/en\/?s={search_term_string}"},"query-input":{"@type":"PropertyValueSpecification","valueRequired":true,"valueName":"search_term_string"}}],"inLanguage":"en-US"},{"@type":"Organization","@id":"https:\/\/spainfilmcommission.com\/en\/#organization","name":"Spain Film Commission","url":"https:\/\/spainfilmcommission.com\/en\/","logo":{"@type":"ImageObject","inLanguage":"en-US","@id":"https:\/\/spainfilmcommission.com\/en\/#\/schema\/logo\/image\/","url":"https:\/\/spainfilmcommission.com\/wp-content\/uploads\/2024\/07\/SPC_COLOR.png","contentUrl":"https:\/\/spainfilmcommission.com\/wp-content\/uploads\/2024\/07\/SPC_COLOR.png","width":1665,"height":1665,"caption":"Spain Film Commission"},"image":{"@id":"https:\/\/spainfilmcommission.com\/en\/#\/schema\/logo\/image\/"}}]}},"socio":[{"ID":"29","user_login":"illes-balears-film-commission","user_nicename":"illes-balears-film-commission","display_name":"illes-balears-film-commission","user_pass":"****************","user_email":"info@icib.caib.es","user_url":"","user_registered":"2024-12-19 15:55:53","id":29}],"nombrees":"La Seu (Catedral)","nombreen":"La Seu (Catedral)","localidad":"Palma","provincia":"Islas Baleares","coordenadas_maps":"39.5674, 2.64825","latitud":"39.567400000000","longitud":"2.648250000000","direcciones":"Pla\u00e7a Almoina, s\/n","direccionen":"Pla\u00e7a Almoina, s\/n","cod_postal":"7001","telefono":"971 17 73","fax":"","mail":"mpgarces@mib.caib.es","web":"http:\/\/www.catedraldemallorca.info\/principal\/","descripciones":"Consiste en un templo de estilo g\u00f3tico construido a la orilla de la bah\u00eda de Palma. Se asoma al mar sobre las murallas romana y renacentista que proteg\u00edan a la ciudad, siendo la \u00fanica catedral g\u00f3tica que cumple con esta peculiaridad. En 1931 fue declarada Monumento Hist\u00f3rico-art\u00edstico. Se trata de la catedral con el mayor roset\u00f3n del mundo g\u00f3tico, el mayor roset\u00f3n original de todas las catedrales g\u00f3ticas europeas y tambi\u00e9n una de las que tiene una nave de mayor altura entre las catedrales de estilo g\u00f3tico europeas.","descripcionen":"It is a Gothic temple built on the shore of Palma's Bay. It overlooks to the sea on the Roman and Renaissance walls that protected the city, and it is the only gothic cathedral that complies with this peculiarity. In 1931 it was declared a Historic-Artistic Monument. It is the cathedral with the largest Gothic rosette in the world, the most original rose window of all European Gothic cathedrals and also one that the higher ship height between the European Gothic cathedrals.","galeria":[{"ID":"28627","post_author":"2","post_date":"2025-03-08 12:36:54","post_date_gmt":"2025-03-08 11:36:54","post_content":"","post_title":"la-seu-catedral_411_1","post_excerpt":"","post_status":"inherit","comment_status":"closed","ping_status":"closed","post_password":"","post_name":"la-seu-catedral_411_1","to_ping":"","pinged":"","post_modified":"2025-04-22 09:19:55","post_modified_gmt":"2025-04-22 07:19:55","post_content_filtered":"","post_parent":"11454","guid":"https:\/\/spainfilmcommission.com\/wp-content\/uploads\/2025\/03\/la-seu-catedral_411_1.jpg","menu_order":"0","post_type":"attachment","post_mime_type":"image\/jpeg","comment_count":"0","pod_item_id":"28627"},{"ID":"28629","post_author":"2","post_date":"2025-03-08 12:36:56","post_date_gmt":"2025-03-08 11:36:56","post_content":"","post_title":"la-seu-catedral_411_2","post_excerpt":"","post_status":"inherit","comment_status":"closed","ping_status":"closed","post_password":"","post_name":"la-seu-catedral_411_2","to_ping":"","pinged":"","post_modified":"2025-04-22 09:19:55","post_modified_gmt":"2025-04-22 07:19:55","post_content_filtered":"","post_parent":"11454","guid":"https:\/\/spainfilmcommission.com\/wp-content\/uploads\/2025\/03\/la-seu-catedral_411_2.jpg","menu_order":"0","post_type":"attachment","post_mime_type":"image\/jpeg","comment_count":"0","pod_item_id":"28629"},{"ID":"28631","post_author":"2","post_date":"2025-03-08 12:37:00","post_date_gmt":"2025-03-08 11:37:00","post_content":"","post_title":"la-seu-catedral_411_3","post_excerpt":"","post_status":"inherit","comment_status":"closed","ping_status":"closed","post_password":"","post_name":"la-seu-catedral_411_3","to_ping":"","pinged":"","post_modified":"2025-04-22 09:19:55","post_modified_gmt":"2025-04-22 07:19:55","post_content_filtered":"","post_parent":"11454","guid":"https:\/\/spainfilmcommission.com\/wp-content\/uploads\/2025\/03\/la-seu-catedral_411_3.jpg","menu_order":"0","post_type":"attachment","post_mime_type":"image\/jpeg","comment_count":"0","pod_item_id":"28631"},{"ID":"28633","post_author":"2","post_date":"2025-03-08 12:37:02","post_date_gmt":"2025-03-08 11:37:02","post_content":"","post_title":"la-seu-catedral_411_4","post_excerpt":"","post_status":"inherit","comment_status":"closed","ping_status":"closed","post_password":"","post_name":"la-seu-catedral_411_4","to_ping":"","pinged":"","post_modified":"2025-04-22 09:19:55","post_modified_gmt":"2025-04-22 07:19:55","post_content_filtered":"","post_parent":"11454","guid":"https:\/\/spainfilmcommission.com\/wp-content\/uploads\/2025\/03\/la-seu-catedral_411_4.jpg","menu_order":"0","post_type":"attachment","post_mime_type":"image\/jpeg","comment_count":"0","pod_item_id":"28633"},{"ID":"28635","post_author":"2","post_date":"2025-03-08 12:37:04","post_date_gmt":"2025-03-08 11:37:04","post_content":"","post_title":"la-seu-catedral_411_5","post_excerpt":"","post_status":"inherit","comment_status":"closed","ping_status":"closed","post_password":"","post_name":"la-seu-catedral_411_5","to_ping":"","pinged":"","post_modified":"2025-04-22 09:19:55","post_modified_gmt":"2025-04-22 07:19:55","post_content_filtered":"","post_parent":"11454","guid":"https:\/\/spainfilmcommission.com\/wp-content\/uploads\/2025\/03\/la-seu-catedral_411_5.jpg","menu_order":"0","post_type":"attachment","post_mime_type":"image\/jpeg","comment_count":"0","pod_item_id":"28635"},{"ID":"28637","post_author":"2","post_date":"2025-03-08 12:37:06","post_date_gmt":"2025-03-08 11:37:06","post_content":"","post_title":"la-seu-catedral_411_6","post_excerpt":"","post_status":"inherit","comment_status":"closed","ping_status":"closed","post_password":"","post_name":"la-seu-catedral_411_6","to_ping":"","pinged":"","post_modified":"2025-04-22 09:19:55","post_modified_gmt":"2025-04-22 07:19:55","post_content_filtered":"","post_parent":"11454","guid":"https:\/\/spainfilmcommission.com\/wp-content\/uploads\/2025\/03\/la-seu-catedral_411_6.jpg","menu_order":"0","post_type":"attachment","post_mime_type":"image\/jpeg","comment_count":"0","pod_item_id":"28637"},{"ID":"28639","post_author":"2","post_date":"2025-03-08 12:37:09","post_date_gmt":"2025-03-08 11:37:09","post_content":"","post_title":"la-seu-catedral_411_7","post_excerpt":"","post_status":"inherit","comment_status":"closed","ping_status":"closed","post_password":"","post_name":"la-seu-catedral_411_7","to_ping":"","pinged":"","post_modified":"2025-04-22 09:19:55","post_modified_gmt":"2025-04-22 07:19:55","post_content_filtered":"","post_parent":"11454","guid":"https:\/\/spainfilmcommission.com\/wp-content\/uploads\/2025\/03\/la-seu-catedral_411_7.jpg","menu_order":"0","post_type":"attachment","post_mime_type":"image\/jpeg","comment_count":"0","pod_item_id":"28639"},{"ID":"28641","post_author":"2","post_date":"2025-03-08 12:37:11","post_date_gmt":"2025-03-08 11:37:11","post_content":"","post_title":"la-seu-catedral_411_8","post_excerpt":"","post_status":"inherit","comment_status":"closed","ping_status":"closed","post_password":"","post_name":"la-seu-catedral_411_8","to_ping":"","pinged":"","post_modified":"2025-04-22 09:19:55","post_modified_gmt":"2025-04-22 07:19:55","post_content_filtered":"","post_parent":"11454","guid":"https:\/\/spainfilmcommission.com\/wp-content\/uploads\/2025\/03\/la-seu-catedral_411_8.jpg","menu_order":"0","post_type":"attachment","post_mime_type":"image\/jpeg","comment_count":"0","pod_item_id":"28641"},{"ID":"28643","post_author":"2","post_date":"2025-03-08 12:37:13","post_date_gmt":"2025-03-08 11:37:13","post_content":"","post_title":"la-seu-catedral_411_9","post_excerpt":"","post_status":"inherit","comment_status":"closed","ping_status":"closed","post_password":"","post_name":"la-seu-catedral_411_9","to_ping":"","pinged":"","post_modified":"2025-04-22 09:19:55","post_modified_gmt":"2025-04-22 07:19:55","post_content_filtered":"","post_parent":"11454","guid":"https:\/\/spainfilmcommission.com\/wp-content\/uploads\/2025\/03\/la-seu-catedral_411_9.jpg","menu_order":"0","post_type":"attachment","post_mime_type":"image\/jpeg","comment_count":"0","pod_item_id":"28643"},{"ID":"28645","post_author":"2","post_date":"2025-03-08 12:37:15","post_date_gmt":"2025-03-08 11:37:15","post_content":"","post_title":"la-seu-catedral_411_10","post_excerpt":"","post_status":"inherit","comment_status":"closed","ping_status":"closed","post_password":"","post_name":"la-seu-catedral_411_10","to_ping":"","pinged":"","post_modified":"2025-04-22 09:19:55","post_modified_gmt":"2025-04-22 07:19:55","post_content_filtered":"","post_parent":"11454","guid":"https:\/\/spainfilmcommission.com\/wp-content\/uploads\/2025\/03\/la-seu-catedral_411_10.jpg","menu_order":"0","post_type":"attachment","post_mime_type":"image\/jpeg","comment_count":"0","pod_item_id":"28645"},{"ID":"28647","post_author":"2","post_date":"2025-03-08 12:37:18","post_date_gmt":"2025-03-08 11:37:18","post_content":"","post_title":"la-seu-catedral_411_11","post_excerpt":"","post_status":"inherit","comment_status":"closed","ping_status":"closed","post_password":"","post_name":"la-seu-catedral_411_11","to_ping":"","pinged":"","post_modified":"2025-04-22 09:19:55","post_modified_gmt":"2025-04-22 07:19:55","post_content_filtered":"","post_parent":"11454","guid":"https:\/\/spainfilmcommission.com\/wp-content\/uploads\/2025\/03\/la-seu-catedral_411_11.jpg","menu_order":"0","post_type":"attachment","post_mime_type":"image\/jpeg","comment_count":"0","pod_item_id":"28647"},{"ID":"28649","post_author":"2","post_date":"2025-03-08 12:37:20","post_date_gmt":"2025-03-08 11:37:20","post_content":"","post_title":"la-seu-catedral_411_12","post_excerpt":"","post_status":"inherit","comment_status":"closed","ping_status":"closed","post_password":"","post_name":"la-seu-catedral_411_12","to_ping":"","pinged":"","post_modified":"2025-04-22 09:19:55","post_modified_gmt":"2025-04-22 07:19:55","post_content_filtered":"","post_parent":"11454","guid":"https:\/\/spainfilmcommission.com\/wp-content\/uploads\/2025\/03\/la-seu-catedral_411_12.jpg","menu_order":"0","post_type":"attachment","post_mime_type":"image\/jpeg","comment_count":"0","pod_item_id":"28649"},{"ID":"28651","post_author":"2","post_date":"2025-03-08 12:37:22","post_date_gmt":"2025-03-08 11:37:22","post_content":"","post_title":"la-seu-catedral_411_13","post_excerpt":"","post_status":"inherit","comment_status":"closed","ping_status":"closed","post_password":"","post_name":"la-seu-catedral_411_13","to_ping":"","pinged":"","post_modified":"2025-04-22 09:19:55","post_modified_gmt":"2025-04-22 07:19:55","post_content_filtered":"","post_parent":"11454","guid":"https:\/\/spainfilmcommission.com\/wp-content\/uploads\/2025\/03\/la-seu-catedral_411_13.jpg","menu_order":"0","post_type":"attachment","post_mime_type":"image\/jpeg","comment_count":"0","pod_item_id":"28651"},{"ID":"28653","post_author":"2","post_date":"2025-03-08 12:37:24","post_date_gmt":"2025-03-08 11:37:24","post_content":"","post_title":"la-seu-catedral_411_14","post_excerpt":"","post_status":"inherit","comment_status":"closed","ping_status":"closed","post_password":"","post_name":"la-seu-catedral_411_14","to_ping":"","pinged":"","post_modified":"2025-04-22 09:19:55","post_modified_gmt":"2025-04-22 07:19:55","post_content_filtered":"","post_parent":"11454","guid":"https:\/\/spainfilmcommission.com\/wp-content\/uploads\/2025\/03\/la-seu-catedral_411_14.jpg","menu_order":"0","post_type":"attachment","post_mime_type":"image\/jpeg","comment_count":"0","pod_item_id":"28653"}],"nombrepaginaes":"la-seu-catedral","nombrepaginaen":"la-seu-catedral","latitud_gps":"39\u00b034'2.4'N","longitud_gps":"2\u00b038'54.6'E","adicionaleses":"","adicionalesen":"","videoes":"","videoen":"","video2es":"","video2en":"","_links":{"self":[{"href":"https:\/\/spainfilmcommission.com\/en\/wp-json\/wp\/v2\/localizaciones\/localizacion\/11454","targetHints":{"allow":["GET"]}}],"collection":[{"href":"https:\/\/spainfilmcommission.com\/en\/wp-json\/wp\/v2\/localizaciones\/localizacion"}],"about":[{"href":"https:\/\/spainfilmcommission.com\/en\/wp-json\/wp\/v2\/types\/localizacion"}],"author":[{"embeddable":true,"href":"https:\/\/spainfilmcommission.com\/en\/wp-json\/wp\/v2\/users\/2"}],"wp:attachment":[{"href":"https:\/\/spainfilmcommission.com\/en\/wp-json\/wp\/v2\/media?parent=11454"}],"curies":[{"name":"wp","href":"https:\/\/api.w.org\/{rel}","templated":true}]}}